{"id":111,"date":"2012-11-07T23:28:56","date_gmt":"2012-11-07T23:28:56","guid":{"rendered":"http:\/\/xeb.imer.gob.mx\/wordpress\/?page_id=111"},"modified":"2026-03-27T14:08:31","modified_gmt":"2026-03-27T20:08:31","slug":"series","status":"publish","type":"page","link":"https:\/\/www.imer.mx\/xeb\/series\/","title":{"rendered":"Series"},"content":{"rendered":"<div class=\"wpb-content-wrapper\"><p>[vc_row][vc_column width=&#8221;1\/3&#8243;][vc_single_image image=&#8221;6138&#8243; img_size=&#8221;600&#215;400&#8243;][vc_column_text]<\/p>\n<p style=\"text-align: center;\"><a href=\"https:\/\/www.imer.mx\/xeb\/dt_team\/daniel-banduni\/\"><strong>A MEDIA LUZ<\/strong><\/a><\/p>\n<p>[\/vc_column_text][vc_column_text css=&#8221;&#8221;]<\/p>\n<p style=\"text-align: center;\">El cat\u00e1logo musical integrado por tangos, milongas y valses sudamericanos, conforma la programaci\u00f3n que lleva el t\u00edtulo de un tema emblem\u00e1tico: \u201cA media luz\u201d. Lo mismo incluye viejos fonogramas de Carlos Gardel, que del m\u00fasico vanguardista Astor Piazzola. Tanguistas mexicanos, argentinos y de varios pa\u00edses, ofrecen lo mejor de su repertorio.<\/p>\n<p style=\"text-align: center;\">Lunes a domingo<\/p>\n<p style=\"text-align: center;\"><strong> 00:00 a 01:00 horas.<\/strong><\/p>\n<p style=\"text-align: center;\"><strong> Conduce:<\/strong> Daniel Banduni. Los jueves conduce Rodrigo Gonz\u00e1lez.<\/p>\n<p>[\/vc_column_text][\/vc_column][vc_column width=&#8221;1\/3&#8243;][vc_single_image image=&#8221;6147&#8243; img_size=&#8221;600&#215;400&#8243;][vc_column_text]<\/p>\n<p style=\"text-align: center;\"><a href=\"https:\/\/www.imer.mx\/xeb\/dt_team\/daniel-banduni\/\"><strong>NOCTURNAL<\/strong><\/a><\/p>\n<p>[\/vc_column_text][vc_column_text css=&#8221;&#8221;]<\/p>\n<p style=\"text-align: center;\">Porque la noche siempre es joven y la m\u00fasica de XEB es intemporal, \u201cNocturnal\u201d resulta una experiencia inolvidable a trav\u00e9s de los cantantes rom\u00e1nticos de todas las \u00e9pocas, las danzoneras y los temas bailables m\u00e1s destacados en el \u00e1mbito hispanoamericano, sin faltar aquellas grabaciones de gran valor hist\u00f3rico.<\/p>\n<p style=\"text-align: center;\">Lunes, martes, mi\u00e9rcoles, jueves, viernes y domingo<\/p>\n<p style=\"text-align: center;\"><strong>01:00 a 05:00 horas.<\/strong><\/p>\n<p style=\"text-align: center;\">S\u00e1bados<\/p>\n<p style=\"text-align: center;\"><strong>02:00 a 05:00 horas.<\/strong><\/p>\n<p style=\"text-align: center;\"><strong>Conduce:<\/strong> Daniel Banduni. Los jueves Rodrigo Gonz\u00e1lez.<\/p>\n<p>[\/vc_column_text][\/vc_column][vc_column width=&#8221;1\/3&#8243;][vc_single_image image=&#8221;6140&#8243; img_size=&#8221;600&#215;400&#8243;][vc_column_text]<\/p>\n<p style=\"text-align: center;\"><a href=\"https:\/\/www.imer.mx\/xeb\/dt_team\/omar-mejia\/\"><strong>AMANECE<\/strong><\/a><\/p>\n<p>[\/vc_column_text][vc_column_text css=&#8221;&#8221;]<\/p>\n<p style=\"text-align: center;\">Para comenzar el d\u00eda con buen sabor de boca, todas las ma\u00f1anas la se\u00f1al de La B Grande transmite las armon\u00edas de las guitarras, el mariachi o el grupo norte\u00f1o, al comp\u00e1s de las canciones que reflejan el alma de M\u00e9xico con lo mejor del repertorio de artistas de la talla de Javier Sol\u00eds, Pedro Fern\u00e1ndez, Jos\u00e9 Alfredo Jim\u00e9nez, Lola Beltr\u00e1n, Lucha Villa, Vicente Fern\u00e1ndez y Los alegres de Ter\u00e1n, entre otros muchos int\u00e9rpretes.<\/p>\n<p style=\"text-align: center;\">Lunes a viernes<\/p>\n<p style=\"text-align: center;\"><strong>05:00 a 07:00 horas.<\/strong><\/p>\n<p style=\"text-align: center;\">S\u00e1bado y domingo de<\/p>\n<p style=\"text-align: center;\"><strong>5:00 a 08:00 horas.<\/strong><\/p>\n<p style=\"text-align: center;\"><strong>Conduce:<\/strong>Arturo Cort\u00e9s y Balderas y los s\u00e1bados Rodrigo Gonz\u00e1lez.<\/p>\n<p>[\/vc_column_text][\/vc_column][\/vc_row][vc_row][vc_column width=&#8221;1\/3&#8243;][vc_single_image image=&#8221;7076&#8243; img_size=&#8221;600&#215;400&#8243;][vc_column_text]<\/p>\n<p style=\"text-align: center;\"><a href=\"https:\/\/www.imer.mx\/xeb\/dt_team\/ivonne-castillo\/\"><strong>POR SIEMPRE XEB<\/strong><\/a><\/p>\n<p>[\/vc_column_text][vc_column_text css=&#8221;&#8221;]<\/p>\n<p style=\"text-align: center;\">En este programa se re\u00fane todo el universo musical rom\u00e1ntico del mundo de habla hispana, con lo mejor de las cinco \u00faltimas d\u00e9cadas. Se comparte este caleidoscopio musical y, por si fuera poco, en la \u00abzona de complacencias\u00bb usted elige la canci\u00f3n que quiere escuchar.<\/p>\n<p style=\"text-align: center;\">Lunes a viernes<\/p>\n<p style=\"text-align: center;\"><strong>10:00 a 14:00 horas.<\/strong><\/p>\n<p style=\"text-align: center;\"><strong>Conduce:<\/strong> Ivonne Castillo, los lunes Rodrigo Gonz\u00e1lez.<\/p>\n<p>[\/vc_column_text][\/vc_column][vc_column width=&#8221;1\/3&#8243;][vc_single_image image=&#8221;6149&#8243; img_size=&#8221;600&#215;400&#8243;][vc_column_text]<\/p>\n<p style=\"text-align: center;\"><a href=\"https:\/\/www.imer.mx\/xeb\/dt_team\/modesto-santos\/\"><strong>SONOREANDO<\/strong><\/a><\/p>\n<p>[\/vc_column_text][vc_column_text css=&#8221;&#8221;]<\/p>\n<p style=\"text-align: center;\">Todas las tardes transmitimos uno de los espacios musicales favoritos del cuadrante. Se re\u00fane un vasto repertorio de los g\u00e9neros afroantillanos que han logrado movimientos culturales de importancia: rumba, son montuno, guaracha, cha-cha-ch\u00e1, cumbia, bolero, guapach\u00e1 y salsa rom\u00e1ntica.\u00a0 En este programa, destaca la participaci\u00f3n de las agrupaciones y voces m\u00e1s conocidas: la Sonora Santanera, la Sonora Matancera con sus cantantes, P\u00e9rez Prado, la Sonora Dinamita, Beny Mor\u00e9, la Orquesta Arag\u00f3n, la Sonora Maracaibo y muchas otras.<\/p>\n<p style=\"text-align: center;\">Jueves a Lunes <strong>\u00a015:00 a 17:00 horas. <\/strong><\/p>\n<p style=\"text-align: center;\">Martes <strong>\u00a015:00 a 16:30 horas. <\/strong><\/p>\n<p style=\"text-align: center;\">Mi\u00e9rcoles <strong>\u00a015:00 a 17:00 horas. <\/strong><\/p>\n<p style=\"text-align: center;\">(Los martes concluye a las 16:30 por Las Novedades de Hoy).<\/p>\n<p style=\"text-align: center;\"><strong>Conduce:<\/strong> Modesto Santos y los viernes Rodrigo Gonz\u00e1lez.<\/p>\n<p>[\/vc_column_text][\/vc_column][vc_column width=&#8221;1\/3&#8243;][vc_single_image image=&#8221;7073&#8243; img_size=&#8221;600&#215;400&#8243;][vc_column_text]<\/p>\n<p style=\"text-align: center;\"><a href=\"https:\/\/www.imer.mx\/xeb\/dt_team\/modesto-santos\/\"><b>PERFUME DE GARDENIAS<\/b><\/a><\/p>\n<p>[\/vc_column_text][vc_column_text css=&#8221;&#8221;]<\/p>\n<p style=\"text-align: center;\">El t\u00edtulo de este bolero emblem\u00e1tico identifica a un espacio musical donde se expone el trabajo art\u00edstico de las \u00faltimas cuatro d\u00e9cadas. El repertorio est\u00e1 basado en temas \u00abcl\u00e1sicos\u00bb que abordan el bolero r\u00edtmico, la baladas y las fusiones afroantillanas.<\/p>\n<p style=\"text-align: center;\">Lunes, mi\u00e9rcoles y viernes<br \/>\n<b>17:00 a 18:00 horas<\/b><\/p>\n<p style=\"text-align: center;\">S\u00e1bados y domingos<br \/>\n<b>17:00 a 19:00 horas<\/b><\/p>\n<p style=\"text-align: center;\"><strong>Conducen:<\/strong> Modesto Santos y Rodrigo Gonz\u00e1lez.<\/p>\n<p>[\/vc_column_text][\/vc_column][\/vc_row][vc_row][vc_column width=&#8221;1\/3&#8243;][vc_single_image image=&#8221;7076&#8243; img_size=&#8221;600&#215;400&#8243; alignment=&#8221;center&#8221;][vc_column_text]<\/p>\n<p style=\"text-align: center;\"><a href=\"https:\/\/www.imer.mx\/xeb\/dt_team\/claudia-espinosa\/\"><strong>LAS GRANDES DE LA B<\/strong><\/a><\/p>\n<p>[\/vc_column_text][vc_column_text css=&#8221;&#8221;]<\/p>\n<p style=\"text-align: center;\">Las canciones que viven en la memoria colectiva, son aquellas que se identifican desde sus primeros acordes. Esas son las piezas que integran este programa.<\/p>\n<p style=\"text-align: center;\">Lunes, mi\u00e9rcoles y jueves<b> 19:00 a 23:00 horas<\/b><\/p>\n<p style=\"text-align: center;\">Martes: <strong>19:00 a 22:00 hrs<\/strong><\/p>\n<p style=\"text-align: center;\">Viernes<b>\u00a019:00 a 21:00 y 22:00 a 23:00 horas<\/b><b><br \/>\n<\/b>S\u00e1bado <b>20:00 a 23:00 horas<\/b><b><br \/>\n<\/b>Domingo <b>20:00 a 21:00 horas<\/b><\/p>\n<p style=\"text-align: center;\"><strong>Conduce:<\/strong> Claudia Espinosa y los domingos Rodrigo Gonz\u00e1lez.<\/p>\n<p>[\/vc_column_text][\/vc_column][vc_column width=&#8221;1\/3&#8243;][vc_single_image image=&#8221;6127&#8243; img_size=&#8221;600&#215;400&#8243;][vc_column_text]<\/p>\n<p style=\"text-align: center;\"><a href=\"https:\/\/www.imer.mx\/xeb\/dt_team\/claudia-espinosa\/\"><b>NOCHE DE ESTRELLAS<\/b><\/a><\/p>\n<p>[\/vc_column_text][vc_column_text css=&#8221;&#8221;]<\/p>\n<p style=\"text-align: center;\">Este es un momento musical para terminar el d\u00eda con un toque de romanticismo y bellas canciones. Tr\u00edos, orquestas, solistas y grupos ofrecer\u00e1n su mejor repertorio. Un ambiente amable rodea a este programa, creado para otorgarle compa\u00f1\u00eda antes de que inicie su descanso diario.<\/p>\n<p style=\"text-align: center;\">Lunes a viernes<br \/>\n<strong> 23:00 a 00:00 horas.<\/strong><\/p>\n<p style=\"text-align: center;\"><strong>Conduce:<\/strong> Claudia Espinosa y los domingos, Rodrigo Gonz\u00e1lez.<\/p>\n<p>[\/vc_column_text][\/vc_column][vc_column width=&#8221;1\/3&#8243;][vc_single_image image=&#8221;7080&#8243; img_size=&#8221;600&#215;400&#8243;][vc_column_text]<\/p>\n<p style=\"text-align: center;\"><a href=\"https:\/\/www.imer.mx\/xeb\/dt_team\/daniel-banduni\/\"><strong>78 REVOLUCIONES POR MINUTO<\/strong><\/a><\/p>\n<p>[\/vc_column_text][vc_column_text]<\/p>\n<p style=\"text-align: center;\">Este es un programa \u00fanico en la radio que ofrece documentos sonoros de gran valor emocional e hist\u00f3rico. Re\u00fane todo el quehacer art\u00edstico de la primera mitad del siglo XX en M\u00e9xico y Latinoam\u00e9rica, cuyo soporte es el disco a 78 revoluciones por minuto.<\/p>\n<p style=\"text-align: center;\">S\u00e1bados<br \/>\n<strong> 01:00 a 02:00 horas.<\/strong><\/p>\n<p style=\"text-align: center;\"><strong>Conduce: <\/strong>Daniel Banduni.<\/p>\n<p>[\/vc_column_text][\/vc_column][\/vc_row][vc_row][vc_column width=&#8221;1\/3&#8243;][vc_single_image image=&#8221;6139&#8243; img_size=&#8221;600&#215;400&#8243; alignment=&#8221;center&#8221;][vc_column_text]<\/p>\n<p style=\"text-align: center;\"><a href=\"https:\/\/www.imer.mx\/xeb\/dt_team\/ivonne-castillo\/\"><strong>A TODO VOLUMEN<\/strong><\/a><\/p>\n<p>[\/vc_column_text][vc_column_text]<\/p>\n<p style=\"text-align: center;\">Los g\u00e9neros bailables m\u00e1s destacados durante la segunda mitad del siglo XX integran este espacio musical: rock and roll, swing, balada r\u00edtmica y toda la gama mel\u00f3dica que alegra los fines de semana.<\/p>\n<p style=\"text-align: center;\">S\u00e1bados<br \/>\n<strong> 12:00 a 15:00 horas<\/strong><\/p>\n<p style=\"text-align: center;\">Domingos<br \/>\n<strong>12:00 a 14:00 horas.\u00a0<\/strong><\/p>\n<p style=\"text-align: center;\"><strong>Conducci\u00f3n:<\/strong> Ivonne Castillo y Modesto Santos.<\/p>\n<p>[\/vc_column_text][\/vc_column][vc_column width=&#8221;1\/3&#8243;][vc_single_image image=&#8221;6126&#8243; img_size=&#8221;600&#215;400&#8243;][vc_column_text]<\/p>\n<p style=\"text-align: center;\"><strong>LAS NOVEDADES DE HOY<\/strong><\/p>\n<p>[\/vc_column_text][vc_column_text]<\/p>\n<p style=\"text-align: center;\">Este programa se basa en entrevistas con autoras, autores e int\u00e9rpretes de recientes producciones musicales. La sangre joven de la m\u00fasica rom\u00e1ntica, las nuevas generaciones de creadores tienen un escaparate en este programa.<\/p>\n<p style=\"text-align: center;\">Martes<br \/>\n<strong>16:30 a 17:00 horas.<\/strong><\/p>\n<p style=\"text-align: center;\"><strong>Conduce:<\/strong> Modesto Santos<\/p>\n<p class=\"p1\" style=\"text-align: center;\"><span class=\"s1\">(Programa en colaboraci\u00f3n con la Sociedad de Autores y Compositores de M\u00e9xico, SACM).<\/span><\/p>\n<p>[\/vc_column_text][\/vc_column][vc_column width=&#8221;1\/3&#8243;][vc_single_image image=&#8221;6396&#8243; img_size=&#8221;600&#215;400&#8243;][vc_column_text]<\/p>\n<p style=\"text-align: center;\"><b>VAMOS A PLATICAR<\/b><\/p>\n<p>[\/vc_column_text][vc_column_text css=&#8221;&#8221;]<\/p>\n<p class=\"p1\" style=\"text-align: center;\"><span class=\"s1\">La conversaci\u00f3n, cercana y en confianza, con los compositores mexicanos o con sus familiares y amigos, nos permite compartir con nuestro p\u00fablico las an\u00e9cdotas e historias que est\u00e1n en el origen de sus grandes creaciones. <\/span><\/p>\n<p style=\"text-align: center;\">Viernes <strong>17:00 a 18:00 horas.<\/strong><\/p>\n<p style=\"text-align: center;\"><strong>Conduce:<\/strong> Rodrigo Gonz\u00e1lez<\/p>\n<p class=\"p1\" style=\"text-align: center;\"><span class=\"s1\">(Programa en colaboraci\u00f3n con la Sociedad de Autores y Compositores de M\u00e9xico, SACM).<\/span><\/p>\n<p>[\/vc_column_text][\/vc_column][\/vc_row][vc_row][vc_column width=&#8221;1\/3&#8243;][vc_single_image image=&#8221;6141&#8243; img_size=&#8221;600&#215;400&#8243; alignment=&#8221;center&#8221;][vc_column_text]<\/p>\n<p style=\"text-align: center;\"><b>CANCIONERO MEXICANO<\/b><\/p>\n<p>[\/vc_column_text][vc_column_text css=&#8221;&#8221;]<\/p>\n<p class=\"p1\"><span class=\"s1\">Programas especiales para destacar la labor de los grandes creadores de la m\u00fasica de M\u00e9xico. Cada mes se eligen dos temas a partir de acontecimientos relevantes y efem\u00e9rides.<\/span><\/p>\n<p style=\"text-align: center;\">Lunes <strong>22:00 a 23:00 horas.<\/strong><\/p>\n<p style=\"text-align: center;\">Jueves <strong>01:00 a 02:00 horas (repeticion).<\/strong><\/p>\n<p>[\/vc_column_text][\/vc_column][vc_column width=&#8221;1\/3&#8243;][vc_single_image image=&#8221;6142&#8243; img_size=&#8221;600&#215;400&#8243;][vc_column_text]<\/p>\n<p style=\"text-align: center;\"><strong>CORTE Y SUENA<\/strong><\/p>\n<p style=\"text-align: center;\">Riqueza que atesora el cine mexicano en ocho d\u00e9cadas de actividades, se muestra en este programa a trav\u00e9s de bandas sonoras, acetatos y grabaciones de estudio. Cada emisi\u00f3n tiene un contenido tem\u00e1tico distinto; los comentarios alternan con la m\u00fasica que siempre tendr\u00e1 muchas sorpresas para usted.<\/p>\n<p style=\"text-align: center;\">Viernes<\/p>\n<p style=\"text-align: center;\"><strong>21:00 a 22:00 horas.<\/strong><\/p>\n<p style=\"text-align: center;\"><strong>Conduce:\u00a0<\/strong>Claudia Espinosa<\/p>\n<p style=\"text-align: center;\"><strong>Realizaci\u00f3n:\u00a0<\/strong>Carlos Oceguera<\/p>\n<p>[\/vc_column_text][\/vc_column][vc_column width=&#8221;1\/3&#8243;][vc_single_image image=&#8221;6194&#8243; img_size=&#8221;600&#215;400&#8243; onclick=&#8221;custom_link&#8221; img_link_target=&#8221;_blank&#8221; link=&#8221;https:\/\/noticias.imer.mx\/&#8221;][vc_column_text]<\/p>\n<p style=\"text-align: center;\"><a href=\"https:\/\/noticias.imer.mx\/\" target=\"_blank\" rel=\"noopener\"><b>IMER NOTICIAS<\/b><\/a><\/p>\n<p>[\/vc_column_text][vc_column_text css=&#8221;&#8221;]<\/p>\n<p style=\"text-align: center;\">Ent\u00e9rate de las noticias m\u00e1s importantes.<\/p>\n<p style=\"text-align: center;\"><strong>Entre L\u00edneas: <\/strong>07:00 a 10:00 horas.<\/p>\n<p style=\"text-align: center;\"><strong>El Acento:\u00a0<\/strong>13:00 a 15:00 horas.<\/p>\n<p style=\"text-align: center;\"><strong>SPR Informa:\u00a0<\/strong>18:00 a 19:00 horas.<\/p>\n<p>[\/vc_column_text][\/vc_column][\/vc_row][vc_row][vc_column width=&#8221;1\/3&#8243;][vc_single_image image=&#8221;7130&#8243; img_size=&#8221;600&#215;400&#8243;][vc_column_text]<\/p>\n<p style=\"text-align: center;\"><b>ZONA B<\/b><\/p>\n<p>[\/vc_column_text][vc_column_text css=&#8221;&#8221;]<\/p>\n<p style=\"text-align: center;\">Programa de radio donde hay charlas y consejos para vivir mejor.<\/p>\n<p style=\"text-align: center;\">Mi\u00e9rcoles<\/p>\n<p style=\"text-align: center;\"><strong>11:00 a 11:30 horas.<\/strong><\/p>\n<p style=\"text-align: center;\"><strong>Conduce: <\/strong>Ivonne Castillo<\/p>\n<p style=\"text-align: center;\"><strong>Producci\u00f3n: <\/strong>Gloria Bazet<\/p>\n<p>[\/vc_column_text][\/vc_column][vc_column width=&#8221;1\/3&#8243;][vc_single_image image=&#8221;7076&#8243; img_size=&#8221;600&#215;400&#8243;][vc_column_text]<\/p>\n<p style=\"text-align: center;\"><b>DESAYUNO MUSICAL<\/b><\/p>\n<p>[\/vc_column_text][vc_column_text css=&#8221;&#8221;]<\/p>\n<p class=\"p1\" style=\"text-align: center;\">Despierta con la voz y el estilo inconfundible de grandes artistas<\/p>\n<p style=\"text-align: center;\"><strong>S\u00e1bado 09:00 a 10:00 horas.<\/strong><\/p>\n<p style=\"text-align: center;\"><strong>Conduce: <\/strong>Rodrigo Gonz\u00e1lez<\/p>\n<p>[\/vc_column_text][\/vc_column][vc_column width=&#8221;1\/3&#8243;][vc_single_image image=&#8221;6935&#8243; img_size=&#8221;600&#215;400&#8243; onclick=&#8221;custom_link&#8221; link=&#8221;https:\/\/www.imer.mx\/la-pandilla\/&#8221;][vc_column_text css=&#8221;&#8221;]<\/p>\n<p style=\"text-align: center;\"><strong>LA PANDILLA TE ACOMPA\u00d1A<\/strong><\/p>\n<p style=\"text-align: center;\">Programa de radio donde las y los ni\u00f1os tienen la palabra. A trav\u00e9s de noticias, reportajes, c\u00e1psulas, entrevistas y m\u00fasica.<\/p>\n<p style=\"text-align: center;\">Domingo<\/p>\n<p style=\"text-align: center;\"><strong>08:30 a 09:00 horas.<\/strong><\/p>\n<p style=\"text-align: center;\"><strong>Conduce: <\/strong>Nacho Casas<\/p>\n<p style=\"text-align: center;\"><strong>Realizaci\u00f3n: <\/strong>Erendira Hern\u00e1ndez M\u00e1rquez<\/p>\n<p>[\/vc_column_text][\/vc_column][\/vc_row][vc_row][vc_column width=&#8221;1\/3&#8243;][vc_single_image image=&#8221;7202&#8243; img_size=&#8221;600&#215;400&#8243;][vc_column_text]<\/p>\n<p style=\"text-align: center;\"><b>BOLEROS CON B GRANDE<\/b><\/p>\n<p>[\/vc_column_text][vc_column_text css=&#8221;&#8221;]<\/p>\n<p class=\"p1\" style=\"text-align: center;\">Una selecci\u00f3n musical de boleros y g\u00e9neros afines.<\/p>\n<p style=\"text-align: center;\"><strong>Viernes<\/strong><\/p>\n<p style=\"text-align: center;\"><strong>01:00 y 11:00 horas.<\/strong><\/p>\n<p style=\"text-align: center;\"><strong>Mi\u00e9rcoles<\/strong><\/p>\n<p style=\"text-align: center;\"><strong>01:00 horas.<\/strong><\/p>\n<p>[\/vc_column_text][\/vc_column][vc_column width=&#8221;1\/3&#8243;][vc_single_image image=&#8221;7076&#8243; img_size=&#8221;600&#215;400&#8243; alignment=&#8221;center&#8221; onclick=&#8221;custom_link&#8221; img_link_target=&#8221;_blank&#8221; link=&#8221;https:\/\/www.imer.mx\/micrositios\/mas-curioso-que-un-gato\/&#8221;][vc_column_text]<\/p>\n<p style=\"text-align: center;\"><b>AMOR ETERNO<\/b><\/p>\n<p>[\/vc_column_text][vc_column_text css=&#8221;&#8221;]<\/p>\n<p style=\"text-align: center;\">Una hora con las canciones de Juan Gabriel, disfruten su voz.<\/p>\n<p style=\"text-align: center;\">Domingo<\/p>\n<p style=\"text-align: center;\"><strong>14:00 a 15:00 horas.<\/strong><\/p>\n<p style=\"text-align: center;\"><strong>Conduce:<\/strong> Modesto Santos<\/p>\n<p>[\/vc_column_text][\/vc_column][vc_column width=&#8221;1\/3&#8243;][vc_single_image image=&#8221;7206&#8243; img_size=&#8221;600&#215;400&#8243; onclick=&#8221;custom_link&#8221; link=&#8221;https:\/\/www.imer.mx\/la-pandilla\/&#8221;][vc_column_text]<\/p>\n<p style=\"text-align: center;\"><strong>YO OPINO<\/strong><\/p>\n<p>[\/vc_column_text][vc_column_text css=&#8221;&#8221;]<\/p>\n<p style=\"text-align: center;\">Martes y Jueves<\/p>\n<p style=\"text-align: center;\"><strong>17:00 a 18:00 horas.<\/strong><\/p>\n<p style=\"text-align: center;\"><strong>Conduce:<\/strong> Modesto Santos<\/p>\n<p style=\"text-align: center;\"><strong>Producci\u00f3n:<\/strong> Alejandra Fern\u00e1ndez<\/p>\n<p>[\/vc_column_text][\/vc_column][\/vc_row][vc_row][vc_column width=&#8221;1\/3&#8243;][vc_single_image image=&#8221;7237&#8243; img_size=&#8221;600&#215;400&#8243; alignment=&#8221;center&#8221; onclick=&#8221;custom_link&#8221; img_link_target=&#8221;_blank&#8221;][vc_column_text]<\/p>\n<p style=\"text-align: center;\"><b>DICEN QUE POR LAS NOCHES<\/b><\/p>\n<p>[\/vc_column_text][vc_column_text css=&#8221;&#8221;]<\/p>\n<p class=\"p1\" style=\"text-align: center;\">Disfruten la charla de Claudia Espinosa y el experto de la Fonoteca Nacional Fernando Eslava, y sorpr\u00e9ndanse con las piezas musicales que les tienen preparadas.<\/p>\n<p style=\"text-align: center;\"><strong>Martes<\/strong><\/p>\n<p style=\"text-align: center;\"><strong>22:00 a 23:00 horas.<\/strong><\/p>\n<p style=\"text-align: center;\"><strong>Conduce:\u00a0<\/strong>Claudia Espinosa y Fernando Eslava<\/p>\n<p>[\/vc_column_text][\/vc_column][vc_column width=&#8221;1\/3&#8243;][\/vc_column][vc_column width=&#8221;1\/3&#8243;][\/vc_column][\/vc_row][vc_row][vc_column width=&#8221;1\/3&#8243;][\/vc_column][vc_column width=&#8221;1\/3&#8243;][\/vc_column][vc_column width=&#8221;1\/3&#8243;][\/vc_column][\/vc_row][vc_row type=&#8221;vc_default&#8221; full_width=&#8221;stretch_row&#8221; parallax=&#8221;content-moving-fade&#8221; parallax_image=&#8221;6453&#8243; parallax_speed_bg=&#8221;2.5&#8243;][vc_column][vc_column_text][\/vc_column_text][vc_empty_space height=&#8221;200px&#8221;][\/vc_column][\/vc_row][vc_row type=&#8221;vc_default&#8221; disable_element=&#8221;yes&#8221;][vc_column width=&#8221;1\/3&#8243;][vc_single_image image=&#8221;7243&#8243; img_size=&#8221;600&#215;400&#8243; alignment=&#8221;center&#8221; onclick=&#8221;custom_link&#8221; img_link_target=&#8221;_blank&#8221; link=&#8221;https:\/\/www.imer.mx\/micrositios\/mas-curioso-que-un-gato\/&#8221;][vc_column_text]<\/p>\n<p style=\"text-align: center;\"><b>M\u00c1S CURIOSO QUE UN GATO<\/b><\/p>\n<p>[\/vc_column_text][vc_column_text]<\/p>\n<p class=\"p1\" style=\"text-align: center;\">Si eres muy curioso y a menudo piensas &#8220;Mmmmm&#8230; aqu\u00ed hay gato encerrado&#8221;, este espacio es para ti. M\u00e1s curioso que un gato es un programa radiof\u00f3nico alrededor de la curiosidad y la ciencia en donde podr\u00e1s plantear preguntas, encontrar respuestas o tal vez&#8230; encontrar m\u00e1s preguntas. Lo realizamos ni\u00f1os, ni\u00f1as, adultos y adultas que siempre queremos saber m\u00e1s. Te invitamos a curiosear con nosotros<\/p>\n<p style=\"text-align: center;\">Domingo<\/p>\n<p style=\"text-align: center;\"><strong>09:00 a 9:30<\/strong><\/p>\n<p style=\"text-align: center;\"><strong>Conduce:<\/strong> Irma y sus colaboradores<\/p>\n<p>[\/vc_column_text][\/vc_column][vc_column width=&#8221;1\/3&#8243;][vc_single_image image=&#8221;7236&#8243; img_size=&#8221;600&#215;400&#8243; alignment=&#8221;center&#8221; onclick=&#8221;custom_link&#8221; link=&#8221;https:\/\/noticias.imer.mx\/impacto-deportivo\/&#8221;][vc_column_text]<\/p>\n<p style=\"text-align: center;\"><b>IMPACTO DEPORTIVO FIN DE SEMANA<\/b><\/p>\n<p>[\/vc_column_text][vc_column_text]<\/p>\n<p class=\"p1\" style=\"text-align: center;\">S\u00edguele la pista a todo lo acontecido en el mundo del deporte durante el fin de semana.<\/p>\n<p style=\"text-align: center;\"><strong>S\u00e1bado y Domingo<\/strong><\/p>\n<p style=\"text-align: center;\"><strong>19:00 a 19:30 horas.<\/strong><\/p>\n<p style=\"text-align: center;\"><strong>Conduce:\u00a0<a href=\"https:\/\/noticias.imer.mx\/blog\/equipo\/irma-cuevas-rivero\/\" target=\"_blank\" rel=\"noopener\">Irma Cuevas<\/a>\u00a0y\u00a0<a href=\"https:\/\/noticias.imer.mx\/blog\/equipo\/alfonso-lopez\/\" target=\"_blank\" rel=\"noopener\">Alfonso L\u00f3pez.<\/a><\/strong><\/p>\n<p>[\/vc_column_text][\/vc_column][vc_column width=&#8221;1\/3&#8243;][vc_single_image image=&#8221;6129&#8243; img_size=&#8221;600&#215;400&#8243;][vc_column_text]<\/p>\n<p style=\"text-align: center;\"><a href=\"https:\/\/www.imer.mx\/xeb\/dt_team\/ivonne-castillo\/\"><strong>PEDRO INFANTE EN MOVIMIENTO<\/strong><\/a><\/p>\n<p>[\/vc_column_text][vc_column_text]<\/p>\n<p style=\"text-align: center;\">En este programa se re\u00fanen versiones \u00abcl\u00e1sicas\u00bb de Pedro Infante, audios de sus pel\u00edculas, testimonios de personalidades y registros de sus presentaciones en vivo. Pretendemos crear un concepto interesante en torno a una figura que siempre tiene sorpresas para el p\u00fablico.<\/p>\n<p style=\"text-align: center;\">S\u00e1bado y domingo<br \/>\n<strong>10:00 A 12:00 horas.<\/strong><\/p>\n<p style=\"text-align: center;\"><strong>Conduce:<\/strong> Ivonne Castillo.<\/p>\n<p>[\/vc_column_text][\/vc_column][\/vc_row][vc_row type=&#8221;vc_default&#8221; disable_element=&#8221;yes&#8221;][vc_column width=&#8221;1\/3&#8243;][vc_single_image image=&#8221;7208&#8243; img_size=&#8221;600&#215;400&#8243; onclick=&#8221;custom_link&#8221; img_link_target=&#8221;_blank&#8221; link=&#8221;https:\/\/www.imer.mx\/audiencias\/&#8221;][vc_column_text]<\/p>\n<p style=\"text-align: center;\"><a href=\"https:\/\/www.imer.mx\/audiencias\/\" target=\"_blank\" rel=\"noopener\"><b>AUDIENCIAS IMER<\/b><\/a><\/p>\n<p>[\/vc_column_text][vc_column_text]<\/p>\n<p class=\"p1\" style=\"text-align: center;\">La Defensor\u00eda de las Audiencias es la responsable de recibir, documentar, procesar y dar seguimiento a las observaciones, quejas, sugerencias, peticiones o se\u00f1alamientos de la audiencia, como lo se\u00f1ala la Secci\u00f3n III, art\u00edculo 259, de la Ley Federal de Telecomunicaciones y Radiodifusi\u00f3n.<\/p>\n<p style=\"text-align: center;\">Mi\u00e9rcoles<br \/>\n<strong>15:00 a 15:30 horas.<\/strong><\/p>\n<p>[\/vc_column_text][\/vc_column][vc_column width=&#8221;1\/3&#8243;][\/vc_column][vc_column width=&#8221;1\/3&#8243;][\/vc_column][\/vc_row]<\/p>\n<\/div>","protected":false},"excerpt":{"rendered":"<p>[vc_row][vc_column width=&#8221;1\/3&#8243;][vc_single_image image=&#8221;6138&#8243; img_size=&#8221;600&#215;400&#8243;][vc_column_text] A MEDIA LUZ [\/vc_column_text][vc_column_text css=&#8221;&#8221;] El cat\u00e1logo musical integrado por tangos, milongas y valses sudamericanos, conforma la programaci\u00f3n que lleva el t\u00edtulo de un tema emblem\u00e1tico: \u201cA media luz\u201d. Lo mismo incluye viejos fonogramas de Carlos Gardel, que del m\u00fasico vanguardista Astor Piazzola. Tanguistas mexicanos, argentinos y de varios pa\u00edses, ofrecen&hellip;<\/p>\n","protected":false},"author":1,"featured_media":0,"parent":0,"menu_order":0,"comment_status":"closed","ping_status":"open","template":"","meta":{"wp_popup_display_lightbox":0,"wp_popup_suppress":"","wp_popup_trigger":"","wp_popup_trigger_amount":0,"wp_popup_disable_on_mobile":false,"footnotes":""},"class_list":["post-111","page","type-page","status-publish","hentry","description-off"],"_links":{"self":[{"href":"https:\/\/www.imer.mx\/xeb\/wp-json\/wp\/v2\/pages\/111","targetHints":{"allow":["GET"]}}],"collection":[{"href":"https:\/\/www.imer.mx\/xeb\/wp-json\/wp\/v2\/pages"}],"about":[{"href":"https:\/\/www.imer.mx\/xeb\/wp-json\/wp\/v2\/types\/page"}],"author":[{"embeddable":true,"href":"https:\/\/www.imer.mx\/xeb\/wp-json\/wp\/v2\/users\/1"}],"replies":[{"embeddable":true,"href":"https:\/\/www.imer.mx\/xeb\/wp-json\/wp\/v2\/comments?post=111"}],"version-history":[{"count":0,"href":"https:\/\/www.imer.mx\/xeb\/wp-json\/wp\/v2\/pages\/111\/revisions"}],"wp:attachment":[{"href":"https:\/\/www.imer.mx\/xeb\/wp-json\/wp\/v2\/media?parent=111"}],"curies":[{"name":"wp","href":"https:\/\/api.w.org\/{rel}","templated":true}]}}