{"id":60315,"date":"2026-03-10T13:59:39","date_gmt":"2026-03-10T19:59:39","guid":{"rendered":"https:\/\/www.imer.mx\/opus\/?page_id=60315"},"modified":"2026-04-23T12:40:29","modified_gmt":"2026-04-23T18:40:29","slug":"programacion","status":"publish","type":"page","link":"https:\/\/www.imer.mx\/opus\/programacion\/","title":{"rendered":"Programaci\u00f3n"},"content":{"rendered":"<div class=\"wpb-content-wrapper\"><p>[vc_row][vc_column][vc_tour interval=&#8221;0&#8243; style=&#8221;tab-style-three&#8221;][vc_tab title=&#8221;Lunes&#8221; tab_id=&#8221;62c1d929-53f5-0&#8243;]<div class=\"standard-arrow list-divider bullet-top\"><ul>\n<li>\n<h5>M\u00fasica para so\u00f1ar<\/h5>\n<p><span style=\"color: #808080;\"><strong>00:02 a 02:00\u00a0<\/strong><\/span><\/p>\n<p style=\"font-weight: 400;\">Le proponemos no s\u00f3lo dormir sino dar un paso m\u00e1s all\u00e1 y entregarse al mundo on\u00edrico a trav\u00e9s de la m\u00fasica. Acompa\u00f1amos sus mejores sue\u00f1os con selecciones pensadas en el descanso<\/p>\n<\/li>\n<li>\n<h5><a href=\"https:\/\/www.imer.mx\/opus\/equipo-opus\/musica-encantada\/\">M\u00fasica Encantada (Retransmisi\u00f3n)<\/a><\/h5>\n<p><span style=\"color: #808080;\"><strong>02:00 a 03:00<\/strong><\/span><br \/>\nEspacio dedicado al canto coral, cursos, convocatorias y actividad coral en toda la Rep\u00fablica Mexicana. Conduce Patricia Carbajal.<\/li>\n<li>\n<h5>M\u00fasica para so\u00f1ar<\/h5>\n<p><span style=\"color: #808080;\"><strong>03:00 a 04:00\u00a0<\/strong><\/span><\/p>\n<p style=\"font-weight: 400;\">Le proponemos no s\u00f3lo dormir sino dar un paso m\u00e1s all\u00e1 y entregarse al mundo on\u00edrico a trav\u00e9s de la m\u00fasica. Acompa\u00f1amos sus mejores sue\u00f1os con selecciones pensadas en el descanso<\/p>\n<\/li>\n<li>\n<h5>Versos y Hechizos (Retransmisi\u00f3n)<\/h5>\n<p><span style=\"color: #808080;\"><strong>04:00 a 05:00<\/strong><\/span><\/p>\n<p style=\"font-weight: 400;\">El mundo de la poes\u00eda y el de la m\u00fasica tienen un encuentro inesperado. Ese peque\u00f1o espacio donde los poemas terminan y las notas musicales comienzan existe en forma radiof\u00f3nica. Textos en voz de sus autores junto a diversas selecciones sonoras<\/p>\n<\/li>\n<li>\n<h5>M\u00fasica para so\u00f1ar<\/h5>\n<p><span style=\"color: #808080;\"><strong>05:00 a 06:00<\/strong><\/span><\/p>\n<p>Le proponemos no s\u00f3lo dormir sino dar un paso m\u00e1s all\u00e1 y entregarse al mundo on\u00edrico a trav\u00e9s de la m\u00fasica. Acompa\u00f1amos sus mejores sue\u00f1os con selecciones pensadas en el descanso<\/li>\n<li>\n<h5><a href=\"https:\/\/www.imer.mx\/opus\/equipo-opus\/ella-es-musica\/\">Ella es m\u00fasica<\/a><\/h5>\n<p><span style=\"color: #808080;\"><strong>06:02 a 07:00<\/strong><\/span><\/p>\n<p>Espacio diario destinado a difundir y visibilizar la participaci\u00f3n femenina en la m\u00fasica a nivel global y en distintos g\u00e9neros dentro de la m\u00fasica de concierto y afines. Conduce Kathia B\u00e1rcenas.<\/li>\n<li>\n<h5>M\u00fasica.<\/h5>\n<p><span style=\"color: #808080;\"><strong>07:00 a 08:00<\/strong><\/span><br \/>\nEscucha la mejor selecci\u00f3n de m\u00fasica de Opus.<\/li>\n<li>\n<h5><a href=\"https:\/\/www.imer.mx\/opus\/equipo-opus\/el-arte-de-la-memoria\/\">El arte de la memoria<\/a><\/h5>\n<p><span style=\"color: #808080;\"><strong>08:00 a 11:00<\/strong><\/span><\/p>\n<p>Turno en vivo con selecciones que van de la m\u00fasica antigua al romanticismo. Conducido por Bonnie Perete y Terry Guerrero .<\/li>\n<li>\n<h5><a href=\"https:\/\/www.imer.mx\/opus\/equipo-opus\/euforia\/\">Euforia<\/a><\/h5>\n<p><span style=\"color: #808080;\"><strong>11:00 a 12:00<\/strong><\/span><\/p>\n<p>M\u00fasica que exalta los sentidos. Estrenos musicales y est\u00e9ticas de f\u00e1cil escucha. Conduce Bonnie Perete.<\/li>\n<li>\n<h5><a href=\"https:\/\/www.imer.mx\/opus\/equipo-opus\/a-la-carta\/\">A la carta<\/a><\/h5>\n<p><span style=\"color: #808080;\"><strong>12:00 a 13:00<\/strong><\/span><\/p>\n<p>Espacio destinado a programar las obras favoritas del p\u00fablico, din\u00e1micas especiales de programaci\u00f3n por letras, votaciones, trivias en l\u00ednea y formatos interactivos con la audiencia. Conducido en vivo por Juan Lara.<\/li>\n<li>\n<h5><a href=\"https:\/\/www.imer.mx\/programas\/programas-imer\/bingo\/\">Bingo<\/a><\/h5>\n<p><span style=\"color: #808080;\"><strong>13:00 a 13:05<\/strong><\/span><\/p>\n<p>En IMER, el Bingo se gana escuchando cinco episodios de un mismo tema en una semana. Es una propuesta pensada para invitar a la reflexi\u00f3n consciente y profunda, ofreciendo datos con contexto y oportunidad. Cada giro de la rueda presenta un nuevo tema para descubrir y analizar.<\/li>\n<li>\n<h5><a href=\"https:\/\/www.imer.mx\/opus\/equipo-opus\/encuentro\/\">Encuentro<\/a><\/h5>\n<p><span style=\"color: #808080;\"><strong>13:05 a 15:00<\/strong><\/span><\/p>\n<p>Espacio en vivo de di\u00e1logo con diversas organizaciones musicales p\u00fablicas que semanalmente proponen actividades de su cartelera. Conducido por Juan Lara.<\/li>\n<li>\n<h5><a href=\"https:\/\/www.imer.mx\/opus\/equipo-opus\/mexicontiempo\/\">Mexicontempo<\/a><\/h5>\n<p><span style=\"color: #808080;\"><strong>15:00 a 16:00<\/strong><\/span><\/p>\n<p>Turno en vivo con algunas selecciones de m\u00fasica mexicana contempor\u00e1nea. Conducido por Juan Lara.<\/li>\n<li>\n<h5><a href=\"https:\/\/www.imer.mx\/opus\/equipo-opus\/el-intermedio\/\">El intermedio<\/a><\/h5>\n<p><span style=\"color: #808080;\"><strong>16:00 a 17:00<\/strong><\/span><\/p>\n<p>Cartelera diaria de eventos musicales, de danza, teatro y cine, con invitados especiales. Conducci\u00f3n de Kathia B\u00e1rcenas, conduce Kathia B\u00e1rcenas.<\/li>\n<li>\n<h5><a href=\"https:\/\/www.imer.mx\/opus\/equipo-opus\/fonocaptura\/\">Fonocaptura<\/a><\/h5>\n<p><span style=\"color: #808080;\"><strong>17:00 a 18:00<\/strong><\/span><\/p>\n<p>Programa en alianza con la Fonoteca Nacional presenta incursiones al acervo sonoro con valor hist\u00f3rico y musical. Conduce Theo Hern\u00e1ndez y Clodec L\u00f3pez.<\/li>\n<li>\n<h5>M\u00fasica<\/h5>\n<p><span style=\"color: #808080;\"><strong>18:00 a 19:00<\/strong><\/span><\/p>\n<p>Escucha la mejor selecci\u00f3n de m\u00fasica de Opus.<\/li>\n<li>\n<h5><a href=\"https:\/\/www.imer.mx\/opus\/equipo-opus\/aire-nuevo\/\">Aire nuevo<\/a><\/h5>\n<p><span style=\"color: #808080;\"><strong>19:00 a 21:00<\/strong><\/span><\/p>\n<p>Espacio en alianza con el Instituto de la Juventud de la Ciudad de M\u00e9xico destinado a mostrar el trabajo, grupos representativos, convocatorias y trayectorias de j\u00f3venes m\u00fasicos de la capital. Conducido en vivo por el joven director de orquesta Caesar Uriel Hern\u00e1ndez.<\/li>\n<li>\n<h5>Sonidos vivos<\/h5>\n<p><span style=\"color: #808080;\"><strong>21:00 a 23:00<\/strong><\/span><\/p>\n<p>M\u00e1s all\u00e1 de notas musicales, la vida es vibraci\u00f3n. Una galer\u00eda radiof\u00f3nica donde desfilan propuestas sonoras que van desde el ambient, deep listening, experimentaci\u00f3n electr\u00f3nica hasta expresiones que cruzan e hibridan g\u00e9neros. Conducido por \u00d3scar Edwin Garc\u00eda<\/li>\n<li>\n<h5><a href=\"https:\/\/www.imer.mx\/opus\/equipo-opus\/antonio-barberena\/\">Atm\u00f3sfera cero<\/a><\/h5>\n<p><span style=\"color: #808080;\"><strong>23:00 a 24:00<\/strong><\/span><\/p>\n<p>Un recorrido por la experimentaci\u00f3n sonora a lo largo del tiempo y del mundo, cada lunes la nave nodriza se enlaza a la c\u00e1psula con cero gravedad donde emerge el sonido. Bajo la conducci\u00f3n de Jairo Guerrero.<\/li>\n<\/ul>\n<\/div>[\/vc_tab][vc_tab title=&#8221;Martes&#8221; tab_id=&#8221;1768934899064-8-9&#8243;]<div class=\"standard-arrow list-divider bullet-top\"><ul>\n<li>\n<h5>M\u00fasica para so\u00f1ar<\/h5>\n<p><span style=\"color: #808080;\"><strong>00:02 a 02:00\u00a0<\/strong><\/span><\/p>\n<p style=\"font-weight: 400;\">Le proponemos no s\u00f3lo dormir sino dar un paso m\u00e1s all\u00e1 y entregarse al mundo on\u00edrico a trav\u00e9s de la m\u00fasica. Acompa\u00f1amos sus mejores sue\u00f1os con selecciones pensadas en el descanso<\/p>\n<\/li>\n<li>\n<h5>Acordeorama (Retransmisi\u00f3n)<\/h5>\n<p><span style=\"color: #808080;\"><strong>02:00 a 03:00<\/strong><\/span><\/p>\n<p>Serie dedicada a la m\u00fasica para instrumentos de fuelle o leng\u00fceta que a lo largo de la historia han acompa\u00f1ado la vida en m\u00faltiples actividades. Un experto nos gu\u00eda por este fascinante mundo de armon\u00edas ex\u00f3ticas y l\u00fadias. Conducido por Antonio Barberena<\/li>\n<li>\n<h5>M\u00fasica para so\u00f1ar<\/h5>\n<p><span style=\"color: #808080;\"><strong>03:00 a 04:00\u00a0<\/strong><\/span><\/p>\n<p style=\"font-weight: 400;\">Le proponemos no s\u00f3lo dormir sino dar un paso m\u00e1s all\u00e1 y entregarse al mundo on\u00edrico a trav\u00e9s de la m\u00fasica. Acompa\u00f1amos sus mejores sue\u00f1os con selecciones pensadas en el descanso<\/p>\n<\/li>\n<li>\n<h5>Por siempre XXI (Retransmisi\u00f3n)<\/h5>\n<p><span style=\"color: #808080;\"><strong>04:00 a 05:00<\/strong><\/span><\/p>\n<p style=\"font-weight: 400;\">Segmento de la programaci\u00f3n dedicado a presentar m\u00fasica nueva producida del 2020 en adelante. Conduce Oscar Edwin Garc\u00eda.<\/p>\n<\/li>\n<li>\n<h5>M\u00fasica para so\u00f1ar<\/h5>\n<p><span style=\"color: #808080;\"><strong>05:00 a 06:00<\/strong><\/span><br \/>\nLe proponemos no s\u00f3lo dormir sino dar un paso m\u00e1s all\u00e1 y entregarse al mundo on\u00edrico a trav\u00e9s de la m\u00fasica. Acompa\u00f1amos sus mejores sue\u00f1os con selecciones pensadas en el descanso<\/li>\n<li>\n<h5><a href=\"https:\/\/www.imer.mx\/opus\/equipo-opus\/ella-es-musica\/\">Ella es m\u00fasica<\/a><\/h5>\n<p><span style=\"color: #808080;\"><strong>06:02 a 07:00<\/strong><\/span><\/p>\n<p>Espacio diario destinado a difundir y visibilizar la participaci\u00f3n femenina en la m\u00fasica a nivel global y en distintos g\u00e9neros dentro de la m\u00fasica de concierto y afines. Conduce Kathia B\u00e1rcenas.<\/li>\n<li>\n<h5>M\u00fasica<\/h5>\n<p><span style=\"color: #808080;\"><strong>07:00 a 08:00<\/strong><\/span><br \/>\nEscucha la mejor selecci\u00f3n de m\u00fasica de Opus.<\/li>\n<li>\n<h5><a href=\"https:\/\/www.imer.mx\/opus\/equipo-opus\/el-arte-de-la-memoria\/\">El arte de la memoria<\/a><\/h5>\n<p><span style=\"color: #808080;\"><strong>08:00 a 11:00<\/strong><\/span><\/p>\n<p>Turno en vivo con selecciones que van de la m\u00fasica antigua al romanticismo. Conducido por Bonnie Perete y Terry Guerrero<\/li>\n<li>\n<h5><a href=\"https:\/\/www.imer.mx\/opus\/equipo-opus\/euforia\/\">Euforia<\/a><\/h5>\n<p><span style=\"color: #808080;\"><strong>11:00 a 12:00<\/strong><\/span><\/p>\n<p>M\u00fasica que exalta los sentidos. Estrenos musicales y est\u00e9ticas de f\u00e1cil escucha. Conduce Bonnie Perete.<\/li>\n<li>\n<h5><a href=\"https:\/\/www.imer.mx\/opus\/equipo-opus\/a-la-carta\/\">A la carta<\/a><\/h5>\n<p><span style=\"color: #808080;\"><strong>12:00 a 13:00<\/strong><\/span><\/p>\n<p><span style=\"font-weight: 400;\">Espacio destinado a programar las obras favoritas del p\u00fablico, din\u00e1micas especiales de programaci\u00f3n por letras, votaciones, trivias en l\u00ednea y formatos interactivos con la audiencia. Conducido en vivo por Juan Lara.<\/span><\/li>\n<li>\n<h5><a href=\"https:\/\/www.imer.mx\/programas\/programas-imer\/bingo\/\">Bingo<\/a><\/h5>\n<p><span style=\"color: #808080;\"><strong>13:00 a 13:05<\/strong><\/span><\/p>\n<p>En IMER, el Bingo se gana escuchando cinco episodios de un mismo tema en una semana. Es una propuesta pensada para invitar a la reflexi\u00f3n consciente y profunda, ofreciendo datos con contexto y oportunidad. Cada giro de la rueda presenta un nuevo tema para descubrir y analizar.<\/li>\n<li>\n<h5><a href=\"https:\/\/www.imer.mx\/opus\/equipo-opus\/encuentro\/\">Encuentro<\/a><\/h5>\n<p><span style=\"color: #808080;\"><strong>13:05 a 15:00<\/strong><\/span><\/p>\n<p><span style=\"font-weight: 400;\">Espacio en vivo de di\u00e1logo con diversas organizaciones musicales p\u00fablicas que semanalmente proponen actividades de su cartelera. Conducido por Juan Lara.<\/span><\/li>\n<li>\n<h5><a href=\"https:\/\/www.imer.mx\/opus\/equipo-opus\/mexicontiempo\/\">Mexicontempo<\/a><\/h5>\n<p><span style=\"color: #808080;\"><strong>15:00 a 16:00<\/strong><\/span><\/p>\n<p><span style=\"font-weight: 400;\">Turno en vivo con algunas selecciones de m\u00fasica mexicana contempor\u00e1nea. Conducido por Juan Lara.<\/span><\/li>\n<li>\n<h5><a href=\"https:\/\/www.imer.mx\/opus\/equipo-opus\/el-intermedio\/\">El intermedio<\/a><\/h5>\n<p><span style=\"color: #808080;\"><strong>16:00 a 17:00<\/strong><\/span><\/p>\n<p><span style=\"font-weight: 400;\">Programa de cartelera que sugiere alternativas de escucha de programas de radio de la emisora, eventos de danza, conciertos, exposiciones, cursos, convocatorias y cine. Conducido por Kathia B\u00e1rcenas.<\/span><\/li>\n<li>\n<h5><a href=\"https:\/\/www.imer.mx\/opus\/equipo-opus\/azul\/\">Azul<\/a><\/h5>\n<p><span style=\"color: #808080;\"><strong>17:00 a 18:00<\/strong><\/span><\/p>\n<p><span style=\"font-weight: 400;\">Espacio que presenta puntos de encuentro entre el jazz y la m\u00fasica de concierto. Conduce en vivo la pianista Isabel V\u00e1zquez.<\/span><\/li>\n<li>\n<h5>M\u00fasica<\/h5>\n<p><span style=\"color: #808080;\"><strong>22:00 a 23:00<\/strong><\/span><\/p>\n<p>Escucha la mejor selecci\u00f3n de m\u00fasica de Opus.<\/li>\n<li>\n<h5><a href=\"https:\/\/www.imer.mx\/opus\/equipo-opus\/la-otra-version\/\">La otra versi\u00f3n<\/a><\/h5>\n<p><span style=\"color: #808080;\"><strong>19:00 a 21:00<\/strong><\/span><\/p>\n<p><span style=\"font-weight: 400;\">Una obra tiene m\u00faltiples posibilidades de interpretarse, durante dos horas se presentan algunas de ellas. Conducido por Javier Platas e invitados.<\/span><\/li>\n<li>\n<h5>Sonidos vivos<\/h5>\n<p><span style=\"color: #808080;\"><strong>21:00 a 23:00<\/strong><\/span><\/p>\n<p>M\u00e1s all\u00e1 de notas musicales, la vida es vibraci\u00f3n. Una galer\u00eda radiof\u00f3nica donde desfilan propuestas sonoras que van desde el ambient, deep listening, experimentaci\u00f3n electr\u00f3nica hasta expresiones que cruzan e hibridan g\u00e9neros. Conducido por \u00d3scar Edwin Garc\u00eda<\/li>\n<li>\n<h5>Nocturno en Opus 94<\/h5>\n<p><span style=\"color: #808080;\"><strong>23:00 a 24:00<\/strong><\/span><\/p>\n<p><span style=\"font-weight: 400;\">Programa musical en vivo con diferentes secciones: Cosmos de oberturas, caminos cruzados, caf\u00e9 de madrugada y divina danza. Conducido por Jos\u00e9 Mar\u00eda \u00c1lvarez.<\/span><\/li>\n<\/ul>\n<\/div>[\/vc_tab][vc_tab title=&#8221;Mi\u00e9rcoles&#8221; tab_id=&#8221;1768935329780-7-6&#8243;]<div class=\"standard-arrow list-divider bullet-top\"><ul>\n<li>\n<h5>M\u00fasica para so\u00f1ar<\/h5>\n<p><span style=\"color: #808080;\"><strong>00:02 a 02:00\u00a0<\/strong><\/span><\/p>\n<p style=\"font-weight: 400;\">Le proponemos no s\u00f3lo dormir sino dar un paso m\u00e1s all\u00e1 y entregarse al mundo on\u00edrico a trav\u00e9s de la m\u00fasica. Acompa\u00f1amos sus mejores sue\u00f1os con selecciones pensadas en el descanso<\/p>\n<\/li>\n<li>\n<h5><a href=\"https:\/\/www.imer.mx\/opus\/equipo-opus\/fonocaptura\/\">Fonocaptura (Retransmisi\u00f3n)<\/a><\/h5>\n<p><span style=\"color: #808080;\"><strong>02:00 a 03:00<\/strong><\/span><br \/>\n<span style=\"font-weight: 400;\">Programa en alianza con la Fonoteca Nacional presenta incursiones al acervo sonoro con valor hist\u00f3rico y musical. Conduce Theo Hern\u00e1ndez y Clodec L\u00f3pez.<\/span><\/li>\n<li>\n<h5>M\u00fasica para so\u00f1ar<\/h5>\n<p><span style=\"color: #808080;\"><strong>03:00 a 04:00\u00a0<\/strong><\/span><\/p>\n<p style=\"font-weight: 400;\">Le proponemos no s\u00f3lo dormir sino dar un paso m\u00e1s all\u00e1 y entregarse al mundo on\u00edrico a trav\u00e9s de la m\u00fasica. Acompa\u00f1amos sus mejores sue\u00f1os con selecciones pensadas en el descanso<\/p>\n<\/li>\n<li>\n<h5>O\u00edr el mundo (Retransmisi\u00f3n)<\/h5>\n<p><span style=\"color: #808080;\"><strong>04:00 a 05:00<\/strong><\/span><\/p>\n<p style=\"font-weight: 400;\">Una gu\u00eda auditiva para entender el mundo y la historia de la m\u00fasica universal. An\u00e9cdotas que se convierten en clases abiertas para todo p\u00fablico, no importa su instrucci\u00f3n previa al arte de los sonidos. Conducido por Sergio C\u00e1rdenas<\/p>\n<\/li>\n<li>\n<h5>M\u00fasica para so\u00f1ar<\/h5>\n<p><span style=\"color: #808080;\"><strong>05:00 a 06:00<\/strong><\/span><\/p>\n<p>Le proponemos no s\u00f3lo dormir sino dar un paso m\u00e1s all\u00e1 y entregarse al mundo on\u00edrico a trav\u00e9s de la m\u00fasica. Acompa\u00f1amos sus mejores sue\u00f1os con selecciones pensadas en el descanso<\/li>\n<li>\n<h5><a href=\"https:\/\/www.imer.mx\/opus\/equipo-opus\/ella-es-musica\/\">Ella es m\u00fasica<\/a><\/h5>\n<p><span style=\"color: #808080;\"><strong>06:02 a 07:00<\/strong><\/span><\/p>\n<p><span style=\"font-weight: 400;\">Espacio diario destinado a difundir y visibilizar la participaci\u00f3n femenina en la m\u00fasica a nivel global y en distintos g\u00e9neros dentro de la m\u00fasica de concierto y afines. Conduce Kathia B\u00e1rcenas.<\/span><\/li>\n<li>\n<h5>M\u00fasica<\/h5>\n<p><span style=\"color: #808080;\"><strong>07:00 a 08:00<\/strong><\/span><\/p>\n<p>Escucha la mejor selecci\u00f3n de m\u00fasica de Opus.<\/li>\n<li>\n<h5><a href=\"https:\/\/www.imer.mx\/opus\/equipo-opus\/el-arte-de-la-memoria\/\">El arte de la memoria<\/a><\/h5>\n<p><span style=\"color: #808080;\"><strong>08:00 a 11:00<\/strong><\/span><\/p>\n<p><span style=\"font-weight: 400;\">Turno en vivo con selecciones que van de la m\u00fasica antigua al romanticismo. Conducido por Bonnie Perete y Terry Guerrero Lunes a domingo de 8 a 11 horas.<\/span><\/li>\n<li>\n<h5><a href=\"https:\/\/www.imer.mx\/opus\/equipo-opus\/euforia\/\">Euforia<\/a><\/h5>\n<p><span style=\"color: #808080;\"><strong>11:00 a 12:00<\/strong><\/span><\/p>\n<p><span style=\"font-weight: 400;\">M\u00fasica que exalta los sentidos. Estrenos musicales y est\u00e9ticas de f\u00e1cil escucha. Conduce Bonnie Perete.<\/span><\/li>\n<li>\n<h5><a href=\"https:\/\/www.imer.mx\/opus\/equipo-opus\/a-la-carta\/\">A la carta<\/a><\/h5>\n<p><span style=\"color: #808080;\"><strong>12:00 a 13:00<\/strong><\/span><\/p>\n<p><span style=\"font-weight: 400;\">Espacio destinado a programar las obras favoritas del p\u00fablico, din\u00e1micas especiales de programaci\u00f3n por letras, votaciones, trivias en l\u00ednea y formatos interactivos con la audiencia. Conducido en vivo por Juan Lara.<\/span><\/li>\n<li>\n<h5><a href=\"https:\/\/www.imer.mx\/programas\/programas-imer\/bingo\/\">Bingo<\/a><\/h5>\n<p><span style=\"color: #808080;\"><strong>13:00 a 13:05<\/strong><\/span><\/p>\n<p>En IMER, el Bingo se gana escuchando cinco episodios de un mismo tema en una semana. Es una propuesta pensada para invitar a la reflexi\u00f3n consciente y profunda, ofreciendo datos con contexto y oportunidad. Cada giro de la rueda presenta un nuevo tema para descubrir y analizar.<\/li>\n<li>\n<h5><a href=\"https:\/\/www.imer.mx\/opus\/equipo-opus\/encuentro\/\">Encuentro<\/a><\/h5>\n<p><span style=\"color: #808080;\"><strong>13:05 a 15:00<\/strong><\/span><\/p>\n<p><span style=\"font-weight: 400;\">Espacio en vivo de di\u00e1logo con diversas organizaciones musicales p\u00fablicas que semanalmente proponen actividades de su cartelera. Conducido por Juan Lara.<\/span><\/li>\n<li>\n<h5><a href=\"https:\/\/www.imer.mx\/opus\/equipo-opus\/mexicontiempo\/\">Mexicontempo<\/a><\/h5>\n<p><span style=\"color: #808080;\"><strong>15:00 a 16:00<\/strong><\/span><\/p>\n<p><span style=\"font-weight: 400;\">Turno en vivo con algunas selecciones de m\u00fasica mexicana contempor\u00e1nea. Conducido por Juan Lara.<\/span><\/li>\n<li>\n<h5><a href=\"https:\/\/www.imer.mx\/opus\/equipo-opus\/el-intermedio\/\">El intermedio<\/a><\/h5>\n<p><span style=\"color: #808080;\"><strong>16:00 a 17:00<\/strong><\/span><\/p>\n<p><span style=\"font-weight: 400;\">Programa de cartelera que sugiere alternativas de escucha de programas de radio de la emisora, eventos de danza, conciertos, exposiciones, cursos, convocatorias y cine. Conducido por Kathia B\u00e1rcenas.<\/span><\/li>\n<li>\n<h5><a href=\"https:\/\/www.imer.mx\/opus\/equipo-opus\/cenzontle\/\">Cenzontle<\/a><\/h5>\n<p><span style=\"color: #808080;\"><strong>17:00 a 18:00<\/strong><\/span><\/p>\n<p><span style=\"font-weight: 400;\">En alianza con Radio M\u00e9xico Internacional, un tributo a la m\u00fasica mexicana. Obras con ra\u00edces tradicionales, compositores e int\u00e9rpretes mexicanos. Conduce en vivo Miriam Rodr\u00edguez.<\/span><\/li>\n<li>\n<h5>M\u00fasica<\/h5>\n<p><span style=\"color: #808080;\"><strong>18:00 a 19:00<\/strong><\/span><\/p>\n<p>Escucha la mejor selecci\u00f3n de m\u00fasica de Opus.<\/li>\n<li>\n<h5>Nada cl\u00e1sicas<\/h5>\n<p><span style=\"color: #808080;\"><strong>19:00 a 21:00<\/strong><\/span><\/p>\n<p><span style=\"font-weight: 400;\">Espacio gestionado por la Colectiva las Montoneras donde se visibiliza la participaci\u00f3n femenina en la m\u00fasica. Conductoras varias.<\/span><\/li>\n<li>\n<h5>Sonidos vivos<\/h5>\n<p><span style=\"color: #808080;\"><strong>21:00 a 23:00<\/strong><\/span><\/p>\n<p>M\u00e1s all\u00e1 de notas musicales, la vida es vibraci\u00f3n. Una galer\u00eda radiof\u00f3nica donde desfilan propuestas sonoras que van desde el ambient, deep listening, experimentaci\u00f3n electr\u00f3nica hasta expresiones que cruzan e hibridan g\u00e9neros. Conducido por \u00d3scar Edwin Garc\u00eda<\/li>\n<li>\n<h5>Nocturno en Opus 94<\/h5>\n<p><span style=\"color: #808080;\"><strong>23:00 a 24:00<\/strong><\/span><\/p>\n<p><span style=\"font-weight: 400;\">Programa musical en vivo con diferentes secciones: Cosmos de oberturas, caminos cruzados, caf\u00e9 de madrugada y divina danza. Conducido por Jos\u00e9 Mar\u00eda \u00c1lvarez.<\/span><\/li>\n<\/ul>\n<\/div>[\/vc_tab][vc_tab title=&#8221;Jueves&#8221; tab_id=&#8221;1768935773778-7-5&#8243;]<div class=\"standard-arrow list-divider bullet-top\"><ul>\n<li>\n<h5>M\u00fasica para so\u00f1ar<\/h5>\n<p><span style=\"color: #808080;\"><strong>00:02 a 02:00\u00a0<\/strong><\/span><\/p>\n<p style=\"font-weight: 400;\">Le proponemos no s\u00f3lo dormir sino dar un paso m\u00e1s all\u00e1 y entregarse al mundo on\u00edrico a trav\u00e9s de la m\u00fasica. Acompa\u00f1amos sus mejores sue\u00f1os con selecciones pensadas en el descanso<\/p>\n<\/li>\n<li>\n<h5><a href=\"https:\/\/www.imer.mx\/opus\/equipo-opus\/azul\/\">Azul (Retransmisi\u00f3n)<\/a><\/h5>\n<p><span style=\"color: #808080;\"><strong>02:00 a 03:00<\/strong><\/span><\/p>\n<p><span style=\"font-weight: 400;\">Espacio que presenta puntos de encuentro entre el jazz y la m\u00fasica de concierto. Conduce en vivo la pianista Isabel V\u00e1zquez.<\/span><\/li>\n<li>\n<h5>M\u00fasica para so\u00f1ar<\/h5>\n<p><span style=\"color: #808080;\"><strong>03:00 a 04:00\u00a0<\/strong><\/span><\/p>\n<p style=\"font-weight: 400;\">Le proponemos no s\u00f3lo dormir sino dar un paso m\u00e1s all\u00e1 y entregarse al mundo on\u00edrico a trav\u00e9s de la m\u00fasica. Acompa\u00f1amos sus mejores sue\u00f1os con selecciones pensadas en el descanso<\/p>\n<\/li>\n<li>\n<h5><a href=\"https:\/\/www.imer.mx\/opus\/equipo-opus\/antonio-barberena\/\">Atm\u00f3sfera cero (Retransmisi\u00f3n)<\/a><\/h5>\n<p><span style=\"color: #808080;\"><strong>04:00 a 05:00<\/strong><\/span><\/p>\n<p><span style=\"font-weight: 400;\">Un recorrido por la experimentaci\u00f3n sonora a lo largo del tiempo y del mundo, cada lunes la nave nodriza se enlaza a la c\u00e1psula con cero gravedad donde emerge el sonido. Bajo la conducci\u00f3n de Jairo Guerrero.<\/span><\/li>\n<li>\n<h5>M\u00fasica para so\u00f1ar<\/h5>\n<p><span style=\"color: #808080;\"><strong>05:00 a 06:00<\/strong><\/span><\/p>\n<p>Le proponemos no s\u00f3lo dormir sino dar un paso m\u00e1s all\u00e1 y entregarse al mundo on\u00edrico a trav\u00e9s de la m\u00fasica. Acompa\u00f1amos sus mejores sue\u00f1os con selecciones pensadas en el descanso<\/li>\n<li>\n<h5><a href=\"https:\/\/www.imer.mx\/opus\/equipo-opus\/ella-es-musica\/\">Ella es m\u00fasica<\/a><\/h5>\n<p><span style=\"color: #808080;\"><strong>06:02 a 07:00<\/strong><\/span><\/p>\n<p><span style=\"font-weight: 400;\">Espacio diario destinado a difundir y visibilizar la participaci\u00f3n femenina en la m\u00fasica a nivel global y en distintos g\u00e9neros dentro de la m\u00fasica de concierto y afines. Conduce Kathia B\u00e1rcenas.<\/span><\/li>\n<li>\n<h5>M\u00fasica<\/h5>\n<p><span style=\"color: #808080;\"><strong>07:00 a 08:00<\/strong><\/span><\/p>\n<p>Escucha la mejor selecci\u00f3n de m\u00fasica de Opus.<\/li>\n<li>\n<h5><a href=\"https:\/\/www.imer.mx\/opus\/equipo-opus\/el-arte-de-la-memoria\/\">El arte de la memoria<\/a><\/h5>\n<p><span style=\"color: #808080;\"><strong>08:00 a 11:00<\/strong><\/span><\/p>\n<p><span style=\"font-weight: 400;\">Turno en vivo con selecciones que van de la m\u00fasica antigua al romanticismo. Conducido por Bonnie Perete y Terry Guerrero Lunes a domingo de 8 a 11 horas.<\/span><\/li>\n<li>\n<h5><a href=\"https:\/\/www.imer.mx\/opus\/equipo-opus\/euforia\/\">Euforia<\/a><\/h5>\n<p><span style=\"color: #808080;\"><strong>11:00 a 12:00<\/strong><\/span><\/p>\n<p><span style=\"font-weight: 400;\">M\u00fasica que exalta los sentidos. Estrenos musicales y est\u00e9ticas de f\u00e1cil escucha. Conduce Bonnie Perete.<\/span><\/li>\n<li>\n<h5><a href=\"https:\/\/www.imer.mx\/opus\/equipo-opus\/a-la-carta\/\">A la carta<\/a><\/h5>\n<p><span style=\"color: #808080;\"><strong>12:00 a 13:00<\/strong><\/span><\/p>\n<p><span style=\"font-weight: 400;\">Espacio destinado a programar las obras favoritas del p\u00fablico, din\u00e1micas especiales de programaci\u00f3n por letras, votaciones, trivias en l\u00ednea y formatos interactivos con la audiencia. Conducido en vivo por Juan Lara.<\/span><\/li>\n<li>\n<h5><a href=\"https:\/\/www.imer.mx\/programas\/programas-imer\/bingo\/\">Bingo<\/a><\/h5>\n<p><span style=\"color: #808080;\"><strong>13:00 a 13:05<\/strong><\/span><\/p>\n<p>En IMER, el Bingo se gana escuchando cinco episodios de un mismo tema en una semana. Es una propuesta pensada para invitar a la reflexi\u00f3n consciente y profunda, ofreciendo datos con contexto y oportunidad. Cada giro de la rueda presenta un nuevo tema para descubrir y analizar.<\/li>\n<li>\n<h5><a href=\"https:\/\/www.imer.mx\/opus\/equipo-opus\/encuentro\/\">Encuentro<\/a><\/h5>\n<p><span style=\"color: #808080;\"><strong>13:05 a 15:00<\/strong><\/span><\/p>\n<p><span style=\"font-weight: 400;\">Espacio en vivo de di\u00e1logo con diversas organizaciones musicales p\u00fablicas que semanalmente proponen actividades de su cartelera. Conducido por Juan Lara.<\/span><\/li>\n<li>\n<h5><a href=\"https:\/\/www.imer.mx\/opus\/equipo-opus\/mexicontiempo\/\">Mexicontempo<\/a><\/h5>\n<p><span style=\"color: #808080;\"><strong>15:00 a 16:00<\/strong><\/span><\/p>\n<p><span style=\"font-weight: 400;\">Turno en vivo con algunas selecciones de m\u00fasica mexicana contempor\u00e1nea. Conducido por Juan Lara.<\/span><\/li>\n<li>\n<h5><a href=\"https:\/\/www.imer.mx\/opus\/equipo-opus\/el-intermedio\/\">El intermedio<\/a><\/h5>\n<p><span style=\"color: #808080;\"><strong>16:00 a 17:00<\/strong><\/span><\/p>\n<p><span style=\"font-weight: 400;\">Programa de cartelera que sugiere alternativas de escucha de programas de radio de la emisora, eventos de danza, conciertos, exposiciones, cursos, convocatorias y cine. Conducido por Kathia B\u00e1rcenas.<\/span><\/li>\n<li>\n<h5><a href=\"https:\/\/www.imer.mx\/opus\/equipo-opus\/musica-encantada\/\">M\u00fasica encantada<\/a><\/h5>\n<p><span style=\"color: #808080;\"><strong>17:00 a 18:00<\/strong><\/span><\/p>\n<p><span style=\"font-weight: 400;\">Espacio dedicado al canto coral, cursos, convocatorias y actividad coral en toda la Rep\u00fablica Mexicana. Conduce Patricia Carbajal.<\/span><\/li>\n<li>\n<h5>M\u00fasica<\/h5>\n<p><span style=\"color: #808080;\"><strong>18:00 a 19:00<\/strong><\/span><\/p>\n<p>Escucha la mejor selecci\u00f3n de m\u00fasica de Opus.<\/li>\n<li>\n<h5>La comuna de la palabra<\/h5>\n<p><span style=\"color: #808080;\"><strong>19:00 a 20:00<\/strong><\/span><\/p>\n<p>Un espacio para imaginar, sentir y dejarse llevar por las letras. Hacemos com\u00fan la palabra y de ella hacemos una comunidad m\u00e1s grande. Conducido por Laura Lezama<\/li>\n<li>\n<h5>Versos y hechizos<\/h5>\n<p><span style=\"color: #808080;\"><strong>20:00 a 21:00<\/strong><\/span><\/p>\n<p>El mundo de la poes\u00eda y el de la m\u00fasica tienen un encuentro inesperado. Ese peque\u00f1o espacio donde los poemas terminan y las notas musicales comienzan existe en forma radiof\u00f3nica. Textos en voz de sus autores junto a diversas selecciones sonoras<\/li>\n<li>\n<h5>Sonidos vivos<\/h5>\n<p><span style=\"color: #808080;\"><strong>21:00 a 23:00<\/strong><\/span><\/p>\n<p>M\u00e1s all\u00e1 de notas musicales, la vida es vibraci\u00f3n. Una galer\u00eda radiof\u00f3nica donde desfilan propuestas sonoras que van desde el ambient, deep listening, experimentaci\u00f3n electr\u00f3nica hasta expresiones que cruzan e hibridan g\u00e9neros. Conducido por \u00d3scar Edwin Garc\u00eda<\/li>\n<li>\n<h5>Nocturno en Opus 94<\/h5>\n<p><span style=\"color: #808080;\"><strong>23:00 a 24:00<\/strong><\/span><\/p>\n<p><span style=\"font-weight: 400;\">Programa musical en vivo con diferentes secciones: Cosmos de oberturas, caminos cruzados, caf\u00e9 de madrugada y divina danza. Conducido por Jos\u00e9 Mar\u00eda \u00c1lvarez.<\/span><\/li>\n<\/ul>\n<\/div>[\/vc_tab][vc_tab title=&#8221;Viernes&#8221; tab_id=&#8221;1768936609938-7-6&#8243;]<div class=\"standard-arrow list-divider bullet-top\"><ul>\n<li>\n<h5>M\u00fasica para so\u00f1ar<\/h5>\n<p><span style=\"color: #808080;\"><strong>00:02 a 02:00\u00a0<\/strong><\/span><\/p>\n<p style=\"font-weight: 400;\">Le proponemos no s\u00f3lo dormir sino dar un paso m\u00e1s all\u00e1 y entregarse al mundo on\u00edrico a trav\u00e9s de la m\u00fasica. Acompa\u00f1amos sus mejores sue\u00f1os con selecciones pensadas en el descanso<\/p>\n<\/li>\n<li>\n<h5><a href=\"https:\/\/www.imer.mx\/opus\/equipo-opus\/cenzontle\/\">Cenzontle (Retransmisi\u00f3n)<\/a><\/h5>\n<p><span style=\"color: #808080;\"><strong>02:00 a 03:00<\/strong><\/span><\/p>\n<p><span style=\"font-weight: 400;\">En alianza con Radio M\u00e9xico Internacional, un tributo a la m\u00fasica mexicana. Obras con ra\u00edces tradicionales, compositores e int\u00e9rpretes mexicanos. Conduce en vivo Miriam Rodr\u00edguez.<\/span><\/li>\n<li>\n<h5>M\u00fasica para so\u00f1ar<\/h5>\n<p><span style=\"color: #808080;\"><strong>03:00 a 04:00\u00a0<\/strong><\/span><\/p>\n<p style=\"font-weight: 400;\">Le proponemos no s\u00f3lo dormir sino dar un paso m\u00e1s all\u00e1 y entregarse al mundo on\u00edrico a trav\u00e9s de la m\u00fasica. Acompa\u00f1amos sus mejores sue\u00f1os con selecciones pensadas en el descanso<\/p>\n<\/li>\n<li>\n<h5>Delta (Retransmisi\u00f3n)<\/h5>\n<p><span style=\"color: #808080;\"><strong>04:00 a 05:00<\/strong><\/span><\/p>\n<p style=\"font-weight: 400;\">Propuesta que lleva al escucha al punto donde la m\u00fasica confluye y se entrelaza: miniaturas, minimalismo, obras contempor\u00e1neas, relecturas de la tradici\u00f3n y m\u00fasica nueva con dotaciones cl\u00e1sicas, acompa\u00f1adas de textos breves para enriquecer la experiencia sonora.<\/p>\n<\/li>\n<li>\n<h5>M\u00fasica para so\u00f1ar<\/h5>\n<p><span style=\"color: #808080;\"><strong>05:00 a 06:00<\/strong><\/span><\/p>\n<p>Le proponemos no s\u00f3lo dormir sino dar un paso m\u00e1s all\u00e1 y entregarse al mundo on\u00edrico a trav\u00e9s de la m\u00fasica. Acompa\u00f1amos sus mejores sue\u00f1os con selecciones pensadas en el descanso<\/li>\n<li>\n<h5><a href=\"https:\/\/www.imer.mx\/opus\/equipo-opus\/ella-es-musica\/\">Ella es m\u00fasica<\/a><\/h5>\n<p><span style=\"color: #808080;\"><strong>06:02 a 07:00<\/strong><\/span><\/p>\n<p><span style=\"font-weight: 400;\">Espacio diario destinado a difundir y visibilizar la participaci\u00f3n femenina en la m\u00fasica a nivel global y en distintos g\u00e9neros dentro de la m\u00fasica de concierto y afines. Conduce Kathia B\u00e1rcenas.<\/span><\/li>\n<li>\n<h5>M\u00fasica<\/h5>\n<p><span style=\"color: #808080;\"><strong>07:00 a 08:00<\/strong><\/span><\/p>\n<p>Escucha la mejor selecci\u00f3n de m\u00fasica de Opus.<\/li>\n<li>\n<h5><a href=\"https:\/\/www.imer.mx\/opus\/equipo-opus\/el-arte-de-la-memoria\/\">El arte de la memoria<\/a><\/h5>\n<p><span style=\"color: #808080;\"><strong>08:00 a 11:00<\/strong><\/span><\/p>\n<p><span style=\"font-weight: 400;\">Turno en vivo con selecciones que van de la m\u00fasica antigua al romanticismo. Conducido por Bonnie Perete y Terry Guerrero Lunes a domingo de 8 a 11 horas.<\/span><\/li>\n<li>\n<h5><a href=\"https:\/\/www.imer.mx\/opus\/equipo-opus\/euforia\/\">Euforia<\/a><\/h5>\n<p><span style=\"color: #808080;\"><strong>11:00 a 12:00<\/strong><\/span><\/p>\n<p><span style=\"font-weight: 400;\">M\u00fasica que exalta los sentidos. Estrenos musicales y est\u00e9ticas de f\u00e1cil escucha. Conduce Bonnie Perete.<\/span><\/li>\n<li>\n<h5><a href=\"https:\/\/www.imer.mx\/opus\/equipo-opus\/a-la-carta\/\">A la carta<\/a><\/h5>\n<p><span style=\"color: #808080;\"><strong>12:00 a 13:00<\/strong><\/span><\/p>\n<p><span style=\"font-weight: 400;\">Espacio destinado a programar las obras favoritas del p\u00fablico, din\u00e1micas especiales de programaci\u00f3n por letras, votaciones, trivias en l\u00ednea y formatos interactivos con la audiencia. Conducido en vivo por Juan Lara.<\/span><\/li>\n<li>\n<h5><a href=\"https:\/\/www.imer.mx\/programas\/programas-imer\/bingo\/\">Bingo<\/a><\/h5>\n<p><span style=\"color: #808080;\"><strong>13:00 a 13:05<\/strong><\/span><\/p>\n<p>En IMER, el Bingo se gana escuchando cinco episodios de un mismo tema en una semana. Es una propuesta pensada para invitar a la reflexi\u00f3n consciente y profunda, ofreciendo datos con contexto y oportunidad. Cada giro de la rueda presenta un nuevo tema para descubrir y analizar.<\/li>\n<li>\n<h5><a href=\"https:\/\/www.imer.mx\/opus\/equipo-opus\/encuentro\/\">Encuentro<\/a><\/h5>\n<p><span style=\"color: #808080;\"><strong>13:05 a 15:00<\/strong><\/span><\/p>\n<p><span style=\"font-weight: 400;\">Espacio en vivo de di\u00e1logo con diversas organizaciones musicales p\u00fablicas que semanalmente proponen actividades de su cartelera. Conducido por Juan Lara.<\/span><\/li>\n<li>\n<h5><a href=\"https:\/\/www.imer.mx\/opus\/equipo-opus\/mexicontiempo\/\">Mexicontempo<\/a><\/h5>\n<p><span style=\"color: #808080;\"><strong>15:00 a 16:00<\/strong><\/span><\/p>\n<p><span style=\"font-weight: 400;\">Turno en vivo con algunas selecciones de m\u00fasica mexicana contempor\u00e1nea. Conducido por Juan Lara.<\/span><\/li>\n<li>\n<h5><a href=\"https:\/\/www.imer.mx\/opus\/equipo-opus\/el-intermedio\/\">El intermedio<\/a><\/h5>\n<p><span style=\"color: #808080;\"><strong>16:00 a 17:00<\/strong><\/span><\/p>\n<p><span style=\"font-weight: 400;\">Programa de cartelera que sugiere alternativas de escucha de programas de radio de la emisora, eventos de danza, conciertos, exposiciones, cursos, convocatorias y cine. Conducido por Kathia B\u00e1rcenas.<\/span><\/li>\n<li>\n<h5>Conciertos en Opus 94<\/h5>\n<p><span style=\"color: #808080;\"><strong>17:00 a 18:00<\/strong><\/span><\/p>\n<p><span style=\"font-weight: 400;\">Conciertos musicales en vivo desde el Estudio A del IMER con p\u00fablico en vivo y como parte de ciclos y festivales de temporada. Conductores varios.<\/span><\/li>\n<li>\n<h5>M\u00fasica<\/h5>\n<p><span style=\"color: #808080;\"><strong>18:00 a 19:00<\/strong><\/span><\/p>\n<p>Escucha la mejor selecci\u00f3n de m\u00fasica de Opus.<\/li>\n<li>\n<h5><a href=\"https:\/\/www.imer.mx\/opus\/equipo-opus\/caleidoscopio\/\">Caleidoscopio<\/a><\/h5>\n<p><span style=\"color: #808080;\"><strong>19:00 a 21:00<\/strong><\/span><\/p>\n<p><span style=\"font-weight: 400;\">Espacio de intersecci\u00f3n de la m\u00fasica de concierto con otros g\u00e9neros musicales impulsado por int\u00e9rpretes y compositores contempor\u00e1neos alrededor del mundo. Conduce la flautista Mariana Ch\u00e1vez-Lara.<\/span><\/li>\n<li>\n<h5>Sonidos vivos<\/h5>\n<p><span style=\"color: #808080;\"><strong>21:00 a 23:00<\/strong><\/span><\/p>\n<p>M\u00e1s all\u00e1 de notas musicales, la vida es vibraci\u00f3n. Una galer\u00eda radiof\u00f3nica donde desfilan propuestas sonoras que van desde el ambient, deep listening, experimentaci\u00f3n electr\u00f3nica hasta expresiones que cruzan e hibridan g\u00e9neros. Conducido por \u00d3scar Edwin Garc\u00eda<\/li>\n<li>\n<h5>Por siempre XXI<\/h5>\n<p><span style=\"color: #808080;\"><strong>23:00 a 24:00<\/strong><\/span><\/p>\n<p><span style=\"font-weight: 400;\">Segmento de la programaci\u00f3n dedicado a presentar m\u00fasica nueva producida del 2020 en adelante. Conduce Oscar Edwin Garc\u00eda.<\/span><\/li>\n<\/ul>\n<\/div>[\/vc_tab][vc_tab title=&#8221;S\u00e1bado&#8221; tab_id=&#8221;1749078366960-6-9&#8243;]<div class=\"standard-arrow list-divider bullet-top\"><ul>\n<li>\n<h5>Nocturno en Opus 94<\/h5>\n<p><span style=\"color: #808080;\"><strong>00:02 a 04:00\u00a0<\/strong><\/span><\/p>\n<p><span style=\"font-weight: 400;\">Programa musical en vivo con diferentes secciones: Cosmos de oberturas, caminos cruzados, caf\u00e9 de madrugada y divina danza. Conducido por Jos\u00e9 Mar\u00eda \u00c1lvarez.<\/span><\/li>\n<li>\n<h5>Incidental (Retransmisi\u00f3n)<\/h5>\n<p><span style=\"color: #808080;\"><strong>04:00 a 05:00<\/strong><\/span><br \/>\nPresentaci\u00f3n de bandas sonoras de pel\u00edculas, con la conducci\u00f3n de Arturo Ar\u00e9valo.<\/li>\n<li>\n<h5>Nocturno en Opus 94<\/h5>\n<p><span style=\"color: #808080;\"><strong>05:00 a 06:00\u00a0<\/strong><\/span><\/p>\n<p><span style=\"font-weight: 400;\">Programa musical en vivo con diferentes secciones: Cosmos de oberturas, caminos cruzados, caf\u00e9 de madrugada y divina danza. Conducido por Jos\u00e9 Mar\u00eda \u00c1lvarez.<\/span><\/li>\n<li>\n<h5><a href=\"https:\/\/www.imer.mx\/opus\/equipo-opus\/ella-es-musica\/\">Ella es m\u00fasica<\/a><\/h5>\n<p><span style=\"color: #808080;\"><strong>06:02 a 07:00<\/strong><\/span><\/p>\n<p><span style=\"font-weight: 400;\">Espacio diario destinado a difundir y visibilizar la participaci\u00f3n femenina en la m\u00fasica a nivel global y en distintos g\u00e9neros dentro de la m\u00fasica de concierto y afines. Conduce Kathia B\u00e1rcenas.<\/span><\/li>\n<li>\n<h5>M\u00fasica<\/h5>\n<p><span style=\"color: #808080;\"><strong>07:00 a 08:00<\/strong><\/span><br \/>\nEscucha la mejor selecci\u00f3n de m\u00fasica de Opus.<\/li>\n<li>\n<h5><a href=\"https:\/\/www.imer.mx\/opus\/equipo-opus\/el-arte-de-la-memoria\/\">El arte de la memoria<\/a><\/h5>\n<p><span style=\"color: #808080;\"><strong>08:00 a 09:00<\/strong><\/span><\/p>\n<p>Turno en vivo con selecciones que van de la m\u00fasica antigua al romanticismo. Conducido por Bonnie Perete y Terry Guerrero<\/li>\n<li>\n<h5>Historia del pueblo mexicano<\/h5>\n<p><span style=\"color: #808080;\"><strong>09:00 a 10:00<\/strong><\/span><\/p>\n<p>Descubre nuestras ra\u00edces. Un puente entre el pasado y el presente. La clave para comprender nuestra sociedad y el M\u00e9xico de hoy.<\/li>\n<li>\n<h5><a href=\"https:\/\/www.imer.mx\/opus\/equipo-opus\/el-arte-de-la-memoria\/\">El arte de la memoria<\/a><\/h5>\n<p><span style=\"color: #808080;\"><strong>10:00 a 11:00<\/strong><\/span><\/p>\n<p><span style=\"font-weight: 400;\">Turno en vivo con selecciones que van de la m\u00fasica antigua al romanticismo. Conducido por Bonnie Perete y Terry Guerrero Lunes a domingo de 8 a 11 horas.<\/span><\/li>\n<li>\n<h5>Musicofilia<\/h5>\n<p><span style=\"color: #808080;\"><strong>11:00 a 12:00<\/strong><\/span><\/p>\n<p><span style=\"font-weight: 400;\">Charla con personas amantes de la m\u00fasica, ya sea estudiantes o con actividades cercanas o vinculadas al quehacer musical y con una estructura equiparable a una degustaci\u00f3n. Conducen Itzel Ruiz y Oscar Edwin Garc\u00eda.<\/span><\/li>\n<li>\n<h5><a href=\"https:\/\/www.imer.mx\/opus\/equipo-opus\/basta-de-musica\/\">Basta de m\u00fasica<\/a><\/h5>\n<p><span style=\"color: #808080;\"><strong>12:00 a 13:00<\/strong><\/span><\/p>\n<p><span style=\"font-weight: 400;\">Programa l\u00fadico dirigido a infancias y juventudes basado en el popular juego de Basta pero aplicado a la m\u00fasica. Conduce el joven compositor de la FAM-UNAM, Ricardo Mart\u00ednez.<\/span><\/li>\n<li>\n<h5>M\u00fasica<\/h5>\n<p><span style=\"color: #808080;\"><strong>13:00 a 17:00<\/strong><\/span><\/p>\n<p>Escucha la mejor selecci\u00f3n de m\u00fasica de Opus.<\/li>\n<li>\n<h5><a href=\"https:\/\/www.imer.mx\/opus\/equipo-opus\/anfitrionia\/\">Anfitrion\u00eda<\/a><\/h5>\n<p><span style=\"color: #808080;\"><strong>17:00 a 18:00<\/strong><\/span><\/p>\n<p><span style=\"font-weight: 400;\">Cada semana una invitada o invitado diferente comparte su selecci\u00f3n musical con nuestra audiencia. Conducci\u00f3n diversa.<\/span><\/li>\n<li>\n<h5>Notas y claves<\/h5>\n<p><span style=\"color: #808080;\"><strong>18:00 a 19:00<\/strong><\/span><\/p>\n<p><span style=\"font-weight: 400;\">Programa con una tem\u00e1tica seriada sobre m\u00fasica que va de la \u00e9poca antigua hasta el per\u00edodo cl\u00e1sico. Conduce Lucas Hern\u00e1ndez Bico.<\/span><\/li>\n<li>\n<h5>O\u00edr el mundo<\/h5>\n<p><span style=\"color: #808080;\"><strong>19:00 a 20:00<\/strong><\/span><\/p>\n<p>Una gu\u00eda auditiva para entender el mundo y la historia de la m\u00fasica universal. An\u00e9cdotas que se convierten en clases abiertas para todo p\u00fablico, no importa su instrucci\u00f3n previa al arte de los sonidos. Conducido por Sergio C\u00e1rdenas<\/li>\n<li>\n<h5>M\u00fasica<\/h5>\n<p><span style=\"color: #808080;\"><strong>20:00 a 21:00<\/strong><\/span><\/p>\n<p>Escucha la mejor selecci\u00f3n de m\u00fasica de Opus.<\/li>\n<li>\n<h5>Por siempre XXI<\/h5>\n<p><span style=\"color: #808080;\"><strong>21:00 a 23:00<\/strong><\/span><\/p>\n<p><span style=\"font-weight: 400;\">Segmento de la programaci\u00f3n dedicado a presentar m\u00fasica nueva producida del 2020 en adelante. Conduce Oscar Edwin Garc\u00eda.<\/span><\/li>\n<li>\n<h5>Nocturno Opus 94<\/h5>\n<p><span style=\"color: #808080;\"><strong>23:00 a 24:00<\/strong><\/span><\/p>\n<p><span style=\"font-weight: 400;\">Programa musical en vivo con diferentes secciones: Cosmos de oberturas, caminos cruzados, caf\u00e9 de madrugada y divina danza. Conducido por Jos\u00e9 Mar\u00eda \u00c1lvarez.<\/span><\/li>\n<\/ul>\n<\/div>[\/vc_tab][vc_tab title=&#8221;Domingo&#8221; tab_id=&#8221;1768937476015-7-9&#8243;]<div class=\"standard-arrow list-divider bullet-top\"><ul>\n<li>\n<h5>M\u00fasica para so\u00f1ar<\/h5>\n<p><span style=\"color: #808080;\"><strong>00:02 a 06:00\u00a0<\/strong><\/span><\/p>\n<p style=\"font-weight: 400;\">Le proponemos no s\u00f3lo dormir sino dar un paso m\u00e1s all\u00e1 y entregarse al mundo on\u00edrico a trav\u00e9s de la m\u00fasica. Acompa\u00f1amos sus mejores sue\u00f1os con selecciones pensadas en el descanso<\/p>\n<\/li>\n<li>\n<h5><a href=\"https:\/\/www.imer.mx\/opus\/equipo-opus\/ella-es-musica\/\">Ella es m\u00fasica<\/a><\/h5>\n<p><span style=\"color: #808080;\"><strong>06:02 a 07:00<\/strong><\/span><\/p>\n<p><span style=\"font-weight: 400;\">Espacio diario destinado a difundir y visibilizar la participaci\u00f3n femenina en la m\u00fasica a nivel global y en distintos g\u00e9neros dentro de la m\u00fasica de concierto y afines. Conduce Kathia B\u00e1rcenas.<\/span><\/li>\n<li>\n<h5>M\u00fasica<\/h5>\n<p><span style=\"color: #808080;\"><strong>07:00 a 08:00<\/strong><\/span><\/p>\n<p>Escucha la mejor selecci\u00f3n de m\u00fasica de Opus.<\/li>\n<li>\n<h5><a href=\"https:\/\/www.imer.mx\/opus\/equipo-opus\/el-arte-de-la-memoria\/\">El arte de la memoria<\/a><\/h5>\n<p><span style=\"color: #808080;\"><strong>08:00 a 09:00<\/strong><\/span><\/p>\n<p><span style=\"font-weight: 400;\">Turno en vivo con selecciones que van de la m\u00fasica antigua al romanticismo. Conducido por Bonnie Perete y Terry Guerrero.\u00a0<\/span><\/li>\n<li>\n<h5>Desarmando la historia<\/h5>\n<p><span style=\"color: #808080;\"><strong>09:00 a 09:30<\/strong><\/span><\/p>\n<p>Serie del Instituto Nacional de Estudios Hist\u00f3ricos de las Revoluciones de M\u00e9xico (INEHRM) que revisa hechos hist\u00f3ricos de M\u00e9xico y cuestiona versiones tradicionales para comprender c\u00f3mo se construye la memoria colectiva. Conducido por Flor N\u00e1jera, Tamara Aranda y Ana Salinas<\/li>\n<li>\n<h5><a href=\"https:\/\/www.imer.mx\/opus\/equipo-opus\/el-arte-de-la-memoria\/\">El arte de la memoria<\/a><\/h5>\n<p><span style=\"color: #808080;\"><strong>09:30 a 11:00<\/strong><\/span><\/p>\n<p><span style=\"font-weight: 400;\">Turno en vivo con selecciones que van de la m\u00fasica antigua al romanticismo. Conducido por Bonnie Perete y Terry Guerrero Lunes a domingo de 8 a 11 horas.<\/span><\/li>\n<li>\n<h5>M\u00fasica<\/h5>\n<p><span style=\"color: #808080;\"><strong>11:00 a 12:00<\/strong><\/span><\/p>\n<p>Escucha la mejor selecci\u00f3n de m\u00fasica de Opus.<\/li>\n<li>\n<h5><a href=\"https:\/\/www.imer.mx\/opus\/equipo-opus\/ciudad-orquesta\/\">Ciudad Orquesta<\/a><\/h5>\n<p><span style=\"color: #808080;\"><strong>12:00 a 14:00<\/strong><\/span><\/p>\n<p><span style=\"font-weight: 400;\">Conciertos diferidos de la Orquesta Filarm\u00f3nica de la Ciudad de M\u00e9xico (convenio desde 2002). En alianza con C\u00f3digo CDMX (2025). Conduce Oscar Edwin Garc\u00eda.<\/span><\/li>\n<li>\n<h5>M\u00fasica<\/h5>\n<p><span style=\"color: #808080;\"><strong>14:00 a 17:00<\/strong><\/span><\/p>\n<p>Escucha la mejor selecci\u00f3n de m\u00fasica de Opus.<\/li>\n<li>\n<h5>La \u00d3pera en Opus 94<\/h5>\n<p><span style=\"color: #808080;\"><strong>17:00 a 20:00<\/strong><\/span><\/p>\n<p><span style=\"font-weight: 400;\">Temporada en colaboraci\u00f3n con el CENIDIM y \u00d3pera de Bellas Artes y los comentarios de la Maestra Elena Kopylova.<\/span><\/li>\n<li>\n<h5>M\u00fasica<\/h5>\n<p><span style=\"color: #808080;\"><strong>20:00 a 22:00<\/strong><\/span><\/p>\n<p>Escucha la mejor selecci\u00f3n de m\u00fasica de Opus.<\/li>\n<li>\n<h5>La hora nacional<\/h5>\n<p><span style=\"color: #808080;\"><strong>22:00 a 23:00<\/strong><\/span><\/p>\n<p>La Hora Nacional es un programa de radio producido por la Direcci\u00f3n General de Radio, Televisi\u00f3n y Cine de la Secretar\u00eda del Interior de M\u00e9xico<\/li>\n<li>\n<h5>Nocturno Opus 94<\/h5>\n<p><span style=\"color: #808080;\"><strong>23:00 a 24:00<\/strong><\/span><\/p>\n<p><span style=\"font-weight: 400;\">Programa musical en vivo con diferentes secciones: Cosmos de oberturas, caminos cruzados, caf\u00e9 de madrugada y divina danza. Conducido por Jos\u00e9 Mar\u00eda \u00c1lvarez.<\/span><\/li>\n<\/ul>\n<\/div>[\/vc_tab][vc_tab title=&#8221;Carta Program\u00e1tica&#8221; tab_id=&#8221;1745871760004-7-9&#8243;][vc_single_image image=&#8221;19833&#8243; img_size=&#8221;full&#8221; onclick=&#8221;link_image&#8221; css=&#8221;&#8221;][\/vc_tab][\/vc_tour][\/vc_column][\/vc_row][vc_row][vc_column][vc_empty_space][\/vc_column][\/vc_row]<\/p>\n<\/div>","protected":false},"excerpt":{"rendered":"<p>[vc_row][vc_column][vc_tour interval=&#8221;0&#8243; style=&#8221;tab-style-three&#8221;][vc_tab title=&#8221;Lunes&#8221; tab_id=&#8221;62c1d929-53f5-0&#8243;][\/vc_tab][vc_tab title=&#8221;Martes&#8221; tab_id=&#8221;1768934899064-8-9&#8243;][\/vc_tab][vc_tab title=&#8221;Mi\u00e9rcoles&#8221; tab_id=&#8221;1768935329780-7-6&#8243;][\/vc_tab][vc_tab title=&#8221;Jueves&#8221; tab_id=&#8221;1768935773778-7-5&#8243;][\/vc_tab][vc_tab title=&#8221;Viernes&#8221; tab_id=&#8221;1768936609938-7-6&#8243;][\/vc_tab][vc_tab title=&#8221;S\u00e1bado&#8221; tab_id=&#8221;1749078366960-6-9&#8243;][\/vc_tab][vc_tab title=&#8221;Domingo&#8221; tab_id=&#8221;1768937476015-7-9&#8243;][\/vc_tab][vc_tab title=&#8221;Carta Program\u00e1tica&#8221; tab_id=&#8221;1745871760004-7-9&#8243;][vc_single_image image=&#8221;19833&#8243; img_size=&#8221;full&#8221; onclick=&#8221;link_image&#8221; css=&#8221;&#8221;][\/vc_tab][\/vc_tour][\/vc_column][\/vc_row][vc_row][vc_column][vc_empty_space][\/vc_column][\/vc_row]<\/p>\n","protected":false},"author":1,"featured_media":0,"parent":0,"menu_order":0,"comment_status":"closed","ping_status":"closed","template":"","meta":{"wp_popup_display_lightbox":0,"wp_popup_suppress":"","wp_popup_trigger":"","wp_popup_trigger_amount":0,"wp_popup_disable_on_mobile":false,"footnotes":""},"class_list":["post-60315","page","type-page","status-publish","hentry","description-off"],"_links":{"self":[{"href":"https:\/\/www.imer.mx\/opus\/wp-json\/wp\/v2\/pages\/60315","targetHints":{"allow":["GET"]}}],"collection":[{"href":"https:\/\/www.imer.mx\/opus\/wp-json\/wp\/v2\/pages"}],"about":[{"href":"https:\/\/www.imer.mx\/opus\/wp-json\/wp\/v2\/types\/page"}],"author":[{"embeddable":true,"href":"https:\/\/www.imer.mx\/opus\/wp-json\/wp\/v2\/users\/1"}],"replies":[{"embeddable":true,"href":"https:\/\/www.imer.mx\/opus\/wp-json\/wp\/v2\/comments?post=60315"}],"version-history":[{"count":2,"href":"https:\/\/www.imer.mx\/opus\/wp-json\/wp\/v2\/pages\/60315\/revisions"}],"predecessor-version":[{"id":60530,"href":"https:\/\/www.imer.mx\/opus\/wp-json\/wp\/v2\/pages\/60315\/revisions\/60530"}],"wp:attachment":[{"href":"https:\/\/www.imer.mx\/opus\/wp-json\/wp\/v2\/media?parent=60315"}],"curies":[{"name":"wp","href":"https:\/\/api.w.org\/{rel}","templated":true}]}}