{"id":24149,"date":"2021-06-13T15:57:43","date_gmt":"2021-06-13T20:57:43","guid":{"rendered":"https:\/\/www.imer.mx\/opus\/?page_id=24149"},"modified":"2023-08-31T13:43:18","modified_gmt":"2023-08-31T19:43:18","slug":"pagina-compas-libre","status":"publish","type":"page","link":"https:\/\/www.imer.mx\/opus\/pagina-compas-libre\/","title":{"rendered":"P\u00e1gina Comp\u00e1s libre"},"content":{"rendered":"<h2>Comp\u00e1s libre<\/h2>\n<p>\t\t\t\t\t\t\t\t\t\t\t\t\t\t\t<img decoding=\"async\" src=\"https:\/\/www.imer.mx\/opus\/wp-content\/uploads\/sites\/13\/elementor\/thumbs\/COMPAS-POD-qbqjkuxz6ma8yo6qcvz04icxpa9v2tdxm1fwi4fago.jpg\" title=\"COMPAS POD\" alt=\"COMPAS POD\" loading=\"lazy\" \/>\t\t\t\t\t\t\t\t\t\t\t\t\t\t\t<\/p>\n<p>AL AIRE:<br \/>S\u00e1bados 10:00 &#8211; 10:30 horas<\/p>\n<p>\u00ab<strong>Comp\u00e1s libre<\/strong> echa un vistazo a los t\u00e9rminos, conceptos, estilos y a la historia misma de la m\u00fasica vista desde una joven perspectiva. Un programa sabatino que ofrece formas l\u00fadicas para acercarse y aprender sobre m\u00fasica. Conducido por Isabel Rodr\u00edguez y Oscar Edwin Garc\u00eda.\u00bb<\/p>\n<p>\t\t\t\t\t<a target=\"_blank\" rel=\"noopener\"><br \/>\n\t\t\t\t\t\tTwitter<br \/>\n\t\t\t\t\t\t\t\t\t\t\t<\/a><\/p>\n<h5>Episodio m\u00e1s reciente&#8230;<\/h5>\n<p>\t\t\t<a href=\"https:\/\/www.imer.mx\/opus\/programas\/compas-libre\" target=\"_blank\" rel=\"noopener\"><br \/>\n\t\t\t\t\t\tVer todos los programas anteriores<br \/>\n\t\t\t\t\t<\/a><\/p>\n<h5>Conducen&#8230;<\/h5>\n<figure><img decoding=\"async\" width=\"700\" height=\"830\" src=\"https:\/\/www.imer.mx\/opus\/wp-content\/uploads\/sites\/13\/Isaber-Rodriguez-min.jpg\" alt=\"\" loading=\"lazy\" \/><\/figure>\n<h3>Isabel Rodr\u00edguez<\/h3>\n<p>Conductora<\/p>\n<p>Comenz\u00f3 estudiando piano por algunos a\u00f1os y despu\u00e9s obtuvo el t\u00edtulo en Musicolog\u00eda por la Universidad de las Am\u00e9ricas en Puebla. Es autora del sistema El Efecto M\u00fasica, un sistema que busca explicar el fen\u00f3meno musical desde el \u00e1mbito terap\u00e9utico de las emociones. Su inquietud por dialogar sobre la m\u00fasica, la llev\u00f3 a generar espacios en l\u00ednea y ahora emprende su primera aventura radiof\u00f3nica.\u00a0<\/p>\n<figure><img decoding=\"async\" width=\"500\" height=\"593\" src=\"https:\/\/www.imer.mx\/opus\/wp-content\/uploads\/sites\/13\/Oscar-Garc\u00eda-min-.jpg\" alt=\"\" loading=\"lazy\" \/><\/figure>\n<h3>\u00d3scar Edwin Garc\u00eda<\/h3>\n<p>conductor<\/p>\n<p>Productor y conductor de radio nacido en la Ciudad de M\u00e9xico. Ingres\u00f3 al IMER en el a\u00f1o 2000. Ha participado en diferentes producciones radiof\u00f3nicas ganadoras de reconocimientos nacionales e internacionales. Desde 2006 es conductor de los conciertos de la Orquesta Filarm\u00f3nica de la Ciudad de M\u00e9xico y desde 2014 de la reconocida serie \u201cHomenajes\u201d.<\/p>\n<p>\t\t\t\t\t<a target=\"_blank\" rel=\"noopener\"><br \/>\n\t\t\t\t\t\tTwitter<br \/>\n\t\t\t\t\t\t\t\t\t\t\t<\/a><\/p>\n<h4>La audiencia opina&#8230;<\/h4>\n<p>\t\t\t\t\t\tMuchas felicidades por la nueva serie Comp\u00e1s Libre!<br \/>\nMe parece realmente buena y bien pensada. Tiene un prop\u00f3sito excelente y<br \/>\nen mi humilde opini\u00f3n, gran potencial para atraer nuevos radioesuchas.<br \/>\nYa hacia falta en Opus algo as\u00ed.<br \/>\n\t\t\t\t\t\t\t\t<cite>Escucha Eduardo Mart\u00ednezs\u00e1bado 12, junio<\/cite>\t\t\t<\/p>\n<h5>Programas destacados&#8230;<\/h5>\n<h5>Programas anteriores<\/h5>\n","protected":false},"excerpt":{"rendered":"<p>Comp\u00e1s libre AL AIRE:S\u00e1bados 10:00 &#8211; 10:30 horas \u00abComp\u00e1s libre echa un vistazo a los t\u00e9rminos, conceptos, estilos y a la historia misma de la m\u00fasica vista desde una joven perspectiva. Un programa sabatino que ofrece formas l\u00fadicas para acercarse y aprender sobre m\u00fasica. Conducido por Isabel Rodr\u00edguez y Oscar Edwin Garc\u00eda.\u00bb Twitter Episodio m\u00e1s&hellip;<\/p>\n","protected":false},"author":184,"featured_media":0,"parent":0,"menu_order":0,"comment_status":"closed","ping_status":"closed","template":"","meta":{"wp_popup_display_lightbox":0,"wp_popup_suppress":"","wp_popup_trigger":"","wp_popup_trigger_amount":0,"wp_popup_disable_on_mobile":false,"footnotes":""},"class_list":["post-24149","page","type-page","status-publish","hentry","description-off"],"_links":{"self":[{"href":"https:\/\/www.imer.mx\/opus\/wp-json\/wp\/v2\/pages\/24149","targetHints":{"allow":["GET"]}}],"collection":[{"href":"https:\/\/www.imer.mx\/opus\/wp-json\/wp\/v2\/pages"}],"about":[{"href":"https:\/\/www.imer.mx\/opus\/wp-json\/wp\/v2\/types\/page"}],"author":[{"embeddable":true,"href":"https:\/\/www.imer.mx\/opus\/wp-json\/wp\/v2\/users\/184"}],"replies":[{"embeddable":true,"href":"https:\/\/www.imer.mx\/opus\/wp-json\/wp\/v2\/comments?post=24149"}],"version-history":[{"count":0,"href":"https:\/\/www.imer.mx\/opus\/wp-json\/wp\/v2\/pages\/24149\/revisions"}],"wp:attachment":[{"href":"https:\/\/www.imer.mx\/opus\/wp-json\/wp\/v2\/media?parent=24149"}],"curies":[{"name":"wp","href":"https:\/\/api.w.org\/{rel}","templated":true}]}}