{"id":1826,"date":"2012-06-04T14:08:31","date_gmt":"2012-06-04T19:08:31","guid":{"rendered":"http:\/\/opus.imer.gob.mx\/wordpress\/?page_id=1826"},"modified":"2021-02-04T01:55:17","modified_gmt":"2021-02-04T07:55:17","slug":"colaboradores-y-locutores","status":"publish","type":"page","link":"https:\/\/www.imer.mx\/opus\/colaboradores-y-locutores\/","title":{"rendered":"Locutores y colaboradores"},"content":{"rendered":"<div class=\"wpb-content-wrapper\"><p>[vc_row type=&#8221;vc_default&#8221; full_width=&#8221;stretch_row&#8221; parallax=&#8221;content-moving-fade&#8221; parallax_image=&#8221;16060&#8243; parallax_speed_bg=&#8221;2.5&#8243; css=&#8221;.vc_custom_1579049573895{margin-top: -50px !important;border-top-width: -50px !important;padding-top: -50px !important;}&#8221;][vc_column][vc_empty_space height=&#8221;100px&#8221;][vc_custom_heading text=&#8221;Colaboradores&#8221; font_container=&#8221;tag:h2|font_size:50|text_align:center|color:%23ffffff&#8221; google_fonts=&#8221;font_family:Carme%3Aregular|font_style:400%20regular%3A400%3Anormal&#8221;][vc_empty_space height=&#8221;15px&#8221;]<div class=\"hr-thin style-line\" style=\"width: 15%;border-color: #dd9933;border-top-width: 4px;\"><\/div>[vc_empty_space height=&#8221;100px&#8221;][\/vc_column][\/vc_row][vc_row type=&#8221;vc_default&#8221; full_width=&#8221;stretch_row&#8221; content_placement=&#8221;middle&#8221; parallax=&#8221;content-moving-fade&#8221; parallax_image=&#8221;13423&#8243; parallax_speed_bg=&#8221;2.5&#8243;][vc_column][vc_empty_space height=&#8221;50px&#8221;][\/vc_column][\/vc_row][vc_row type=&#8221;vc_default&#8221; full_width=&#8221;stretch_row&#8221; content_placement=&#8221;middle&#8221; parallax=&#8221;content-moving-fade&#8221; parallax_image=&#8221;13423&#8243; parallax_speed_bg=&#8221;2.5&#8243;][vc_column]<style type=\"text\/css\" data-type=\"the7_shortcodes-inline-css\">.dt-team-shortcode.team-masonry-shortcode-id-070610578614c0ff82e2af30f539175c .team-desc {\n  padding: 20px 20px 20px 20px;\n}\n.dt-team-shortcode.team-masonry-shortcode-id-070610578614c0ff82e2af30f539175c .team-author-name,\n.dt-team-shortcode.team-masonry-shortcode-id-070610578614c0ff82e2af30f539175c .team-author-name a {\n  margin-bottom: 0px;\n  font-weight: bold;\n}\n.dt-team-shortcode.team-masonry-shortcode-id-070610578614c0ff82e2af30f539175c .team-author p {\n  margin-bottom: 10px;\n  font-weight: bold;\n}\n.dt-team-shortcode.team-masonry-shortcode-id-070610578614c0ff82e2af30f539175c  .team-media {\n  padding: 20px 20px 0px 20px;\n}\n.dt-team-shortcode.team-masonry-shortcode-id-070610578614c0ff82e2af30f539175c .dt-css-grid .team-media img {\n  max-width: 100%;\n}\n.dt-team-shortcode.team-masonry-shortcode-id-070610578614c0ff82e2af30f539175c .team-content {\n  margin-bottom: 5px;\n  font-weight: bold;\n}\n.dt-team-shortcode.team-masonry-shortcode-id-070610578614c0ff82e2af30f539175c  .team-media,\n.dt-team-shortcode.team-masonry-shortcode-id-070610578614c0ff82e2af30f539175c  .team-media a.rollover,\n.dt-team-shortcode.team-masonry-shortcode-id-070610578614c0ff82e2af30f539175c  .team-media a.rollover *,\n.dt-team-shortcode.team-masonry-shortcode-id-070610578614c0ff82e2af30f539175c  .team-media img {\n  border-radius: 30px;\n}\n.dt-team-shortcode.team-masonry-shortcode-id-070610578614c0ff82e2af30f539175c .soc-ico {\n  margin-bottom: 15px;\n}\n.dt-team-shortcode.team-masonry-shortcode-id-070610578614c0ff82e2af30f539175c .soc-ico a {\n  min-width: 26px;\n  min-height: 26px;\n  font-size: 16px;\n  border-radius: 100px;\n}\n.dt-team-shortcode.team-masonry-shortcode-id-070610578614c0ff82e2af30f539175c .soc-ico a:not(:last-child) {\n  margin-right: 4px;\n}\n.dt-team-shortcode.team-masonry-shortcode-id-070610578614c0ff82e2af30f539175c .soc-ico a:before,\n.dt-team-shortcode.team-masonry-shortcode-id-070610578614c0ff82e2af30f539175c .soc-ico a:after {\n  min-width: 26px;\n  min-height: 26px;\n  padding: inherit;\n}\n.dt-icon-border-on.dt-team-shortcode.team-masonry-shortcode-id-070610578614c0ff82e2af30f539175c .soc-ico a:before {\n  border: 0px solid transparent;\n}\n.dt-team-shortcode.team-masonry-shortcode-id-070610578614c0ff82e2af30f539175c .soc-ico a:hover {\n  font-size: 16px;\n}\n#page .dt-team-shortcode.team-masonry-shortcode-id-070610578614c0ff82e2af30f539175c .soc-ico a:hover .soc-font-icon {\n  color: rgba(255,255,255,0.75);\n  background: none;\n}\n.dt-icon-border-hover-on.dt-team-shortcode.team-masonry-shortcode-id-070610578614c0ff82e2af30f539175c .soc-ico a:after {\n  border: 0px solid transparent;\n}\n#page .dt-team-shortcode.team-masonry-shortcode-id-070610578614c0ff82e2af30f539175c .soc-ico a:not(:hover) .soc-font-icon {\n  color: #ffffff;\n  background: none;\n}\n.dt-team-shortcode.team-masonry-shortcode-id-070610578614c0ff82e2af30f539175c .soc-ico a .soc-font-icon {\n  font-size: 16px;\n}\n.dt-team-shortcode.team-masonry-shortcode-id-070610578614c0ff82e2af30f539175c .filter-bg-decoration .filter-categories a.act {\n  color: #fff;\n}\n.dt-team-shortcode.team-masonry-shortcode-id-070610578614c0ff82e2af30f539175c:not(.resize-by-browser-width) .dt-css-grid {\n  grid-row-gap: 30px;\n  grid-column-gap: 30px;\n  grid-template-columns: repeat(auto-fill,minmax(,1fr));\n}\n.cssgridlegacy.no-cssgrid .dt-team-shortcode.team-masonry-shortcode-id-070610578614c0ff82e2af30f539175c:not(.resize-by-browser-width) .dt-css-grid,\n.no-cssgridlegacy.no-cssgrid .dt-team-shortcode.team-masonry-shortcode-id-070610578614c0ff82e2af30f539175c:not(.resize-by-browser-width) .dt-css-grid {\n  display: flex;\n  flex-flow: row wrap;\n  margin: -15px;\n}\n.cssgridlegacy.no-cssgrid .dt-team-shortcode.team-masonry-shortcode-id-070610578614c0ff82e2af30f539175c:not(.resize-by-browser-width) .dt-css-grid .wf-cell,\n.no-cssgridlegacy.no-cssgrid .dt-team-shortcode.team-masonry-shortcode-id-070610578614c0ff82e2af30f539175c:not(.resize-by-browser-width) .dt-css-grid .wf-cell {\n  flex: 1 0 ;\n  max-width: 100%;\n  padding: 15px;\n  box-sizing: border-box;\n}\n.dt-team-shortcode.team-masonry-shortcode-id-070610578614c0ff82e2af30f539175c.resize-by-browser-width .dt-css-grid {\n  grid-template-columns: repeat(4,1fr);\n  grid-template-rows: auto;\n  grid-column-gap: 30px;\n  grid-row-gap: 30px;\n}\n.cssgridlegacy.no-cssgrid .dt-team-shortcode.team-masonry-shortcode-id-070610578614c0ff82e2af30f539175c.resize-by-browser-width .dt-css-grid,\n.no-cssgridlegacy.no-cssgrid .dt-team-shortcode.team-masonry-shortcode-id-070610578614c0ff82e2af30f539175c.resize-by-browser-width .dt-css-grid {\n  margin: -15px;\n}\n.cssgridlegacy.no-cssgrid .dt-team-shortcode.team-masonry-shortcode-id-070610578614c0ff82e2af30f539175c.resize-by-browser-width .dt-css-grid .wf-cell,\n.no-cssgridlegacy.no-cssgrid .dt-team-shortcode.team-masonry-shortcode-id-070610578614c0ff82e2af30f539175c.resize-by-browser-width .dt-css-grid .wf-cell {\n  width: 25%;\n  padding: 15px;\n}\n@media screen and (max-width: 1199px) {\n  .dt-team-shortcode.team-masonry-shortcode-id-070610578614c0ff82e2af30f539175c.resize-by-browser-width .dt-css-grid {\n    grid-template-columns: repeat(3,1fr);\n  }\n  .cssgridlegacy.no-cssgrid .dt-team-shortcode.team-masonry-shortcode-id-070610578614c0ff82e2af30f539175c.resize-by-browser-width .dt-css-grid .wf-cell,\n  .no-cssgridlegacy.no-cssgrid .dt-team-shortcode.team-masonry-shortcode-id-070610578614c0ff82e2af30f539175c.resize-by-browser-width .dt-css-grid .wf-cell {\n    width: 33.333333333333%;\n  }\n}\n@media screen and (max-width: 991px) {\n  .dt-team-shortcode.team-masonry-shortcode-id-070610578614c0ff82e2af30f539175c.resize-by-browser-width .dt-css-grid {\n    grid-template-columns: repeat(2,1fr);\n  }\n  .cssgridlegacy.no-cssgrid .dt-team-shortcode.team-masonry-shortcode-id-070610578614c0ff82e2af30f539175c.resize-by-browser-width .dt-css-grid .wf-cell,\n  .no-cssgridlegacy.no-cssgrid .dt-team-shortcode.team-masonry-shortcode-id-070610578614c0ff82e2af30f539175c.resize-by-browser-width .dt-css-grid .wf-cell {\n    width: 50%;\n  }\n}\n@media screen and (max-width: 767px) {\n  .dt-team-shortcode.team-masonry-shortcode-id-070610578614c0ff82e2af30f539175c.resize-by-browser-width .dt-css-grid {\n    grid-template-columns: repeat(1,1fr);\n  }\n  .cssgridlegacy.no-cssgrid .dt-team-shortcode.team-masonry-shortcode-id-070610578614c0ff82e2af30f539175c.resize-by-browser-width .dt-css-grid .wf-cell,\n  .no-cssgridlegacy.no-cssgrid .dt-team-shortcode.team-masonry-shortcode-id-070610578614c0ff82e2af30f539175c.resize-by-browser-width .dt-css-grid .wf-cell {\n    width: 100%;\n  }\n}<\/style><div class=\"dt-team-masonry-shortcode dt-team-shortcode team-masonry-shortcode-id-070610578614c0ff82e2af30f539175c loading-effect-none mode-grid jquery-filter content-align-center content-bg-on dt-css-grid-wrap scale-img dt-css-grid-wrap dt-icon-bg-on dt-icon-border-on dt-icon-hover-bg-on dt-icon-border-hover-on move-icons-under-position resize-by-browser-width  vc_custom_1611526172052 \" data-padding=\"15px\" data-cur-page=\"1\" data-post-limit=\"-1\" data-pagination-mode=\"none\" data-desktop-columns-num=\"4\" data-v-tablet-columns-num=\"2\" data-h-tablet-columns-num=\"3\" data-phone-columns-num=\"1\" data-width=\"0px\" data-columns=\"0\"><div class=\"dt-css-grid\" ><div class=\"visible wf-cell\" data-post-id=\"17819\" data-date=\"2021-01-24T16:04:32-06:00\" data-name=\"A la carta\"><div class=\"team-container visible post post-17819 dt_team type-dt_team status-publish has-post-thumbnail hentry dt_team_category-equipo dt_team_category-lunes-a-viernes dt_team_category-programas dt_team_category-43 dt_team_category-240 dt_team_category-241\"><div class=\"team-media\"><a href=\"https:\/\/www.imer.mx\/opus\/equipo-opus\/a-la-carta\/\" class=\"rollover layzr-bg\"><img fetchpriority=\"high\" decoding=\"async\" class=\"preload-me iso-lazy-load aspect\" src=\"data:image\/svg+xml,%3Csvg%20xmlns%3D&#39;http%3A%2F%2Fwww.w3.org%2F2000%2Fsvg&#39;%20viewBox%3D&#39;0%200%201800%201800&#39;%2F%3E\" data-src=\"https:\/\/www.imer.mx\/opus\/wp-content\/uploads\/sites\/13\/3-A-la-carta.jpg\" data-srcset=\"https:\/\/www.imer.mx\/opus\/wp-content\/uploads\/sites\/13\/3-A-la-carta.jpg 1800w\" loading=\"eager\" style=\"--ratio: 1800 \/ 1800\" sizes=\"(max-width: 1800px) 100vw, 1800px\" width=\"1800\" height=\"1800\"  title=\"3 A la carta\" alt=\"\" \/><\/a><\/div><div class=\"team-desc\"><div class=\"team-author\"><div class=\"team-author-name\"><a href=\"https:\/\/www.imer.mx\/opus\/equipo-opus\/a-la-carta\/\">A la carta<\/a><\/div><p>Juan Lara<\/p><\/div><div class=\"team-content\"><p>Espacio destinado a programar las obras favoritas del p\u00fablico, din\u00e1micas especiales de programaci\u00f3n por letras, votaciones, trivias en l\u00ednea y formatos interactivos con la audiencia. <\/p>\n<\/div>\n<a href=\"https:\/\/www.imer.mx\/opus\/equipo-opus\/a-la-carta\/\" class=\"post-details details-type-link\" aria-label=\"Read more about A la carta\">Conoce m\u00e1s<i class=\"dt-icon-the7-arrow-03\" aria-hidden=\"true\"><\/i><\/a>\n<\/div><\/div><\/div><div class=\"visible wf-cell\" data-post-id=\"16066\" data-date=\"2020-01-13T18:58:11-06:00\" data-name=\"Aire nuevo\"><div class=\"team-container visible post post-16066 dt_team type-dt_team status-publish has-post-thumbnail hentry dt_team_category-equipo dt_team_category-lunes-a-viernes dt_team_category-programas dt_team_category-43 dt_team_category-240 dt_team_category-241\"><div class=\"team-media\"><a href=\"https:\/\/www.imer.mx\/opus\/equipo-opus\/aire-nuevo\/\" class=\"rollover layzr-bg\"><img decoding=\"async\" class=\"preload-me iso-lazy-load aspect\" src=\"data:image\/svg+xml,%3Csvg%20xmlns%3D&#39;http%3A%2F%2Fwww.w3.org%2F2000%2Fsvg&#39;%20viewBox%3D&#39;0%200%201800%201800&#39;%2F%3E\" data-src=\"https:\/\/www.imer.mx\/opus\/wp-content\/uploads\/sites\/13\/12-Aire-nuevo.jpg\" data-srcset=\"https:\/\/www.imer.mx\/opus\/wp-content\/uploads\/sites\/13\/12-Aire-nuevo.jpg 1800w\" loading=\"eager\" style=\"--ratio: 1800 \/ 1800\" sizes=\"(max-width: 1800px) 100vw, 1800px\" width=\"1800\" height=\"1800\"  title=\"12 Aire nuevo\" alt=\"\" \/><\/a><\/div><div class=\"team-desc\"><div class=\"team-author\"><div class=\"team-author-name\"><a href=\"https:\/\/www.imer.mx\/opus\/equipo-opus\/aire-nuevo\/\">Aire nuevo<\/a><\/div><p>Caesar Uriel Hern\u00e1ndez<\/p><\/div><div class=\"team-content\"><p>Espacio en alianza con el Instituto de la Juventud de la Ciudad de M\u00e9xico destinado a mostrar el trabajo, grupos representativos, convocatorias y trayectorias de j\u00f3venes m\u00fasicos de la capital.<\/p>\n<\/div>\n<a href=\"https:\/\/www.imer.mx\/opus\/equipo-opus\/aire-nuevo\/\" class=\"post-details details-type-link\" aria-label=\"Read more about Aire nuevo\">Conoce m\u00e1s<i class=\"dt-icon-the7-arrow-03\" aria-hidden=\"true\"><\/i><\/a>\n<\/div><\/div><\/div><div class=\"visible wf-cell\" data-post-id=\"16069\" data-date=\"2020-01-13T18:54:31-06:00\" data-name=\"Anfitrion\u00eda Opus 94\"><div class=\"team-container visible post post-16069 dt_team type-dt_team status-publish has-post-thumbnail hentry dt_team_category-equipo dt_team_category-programas dt_team_category-sabado dt_team_category-43 dt_team_category-241 dt_team_category-242\"><div class=\"team-media\"><a href=\"https:\/\/www.imer.mx\/opus\/equipo-opus\/anfitrionia\/\" class=\"rollover layzr-bg\"><img decoding=\"async\" class=\"preload-me iso-lazy-load aspect\" src=\"data:image\/svg+xml,%3Csvg%20xmlns%3D&#39;http%3A%2F%2Fwww.w3.org%2F2000%2Fsvg&#39;%20viewBox%3D&#39;0%200%201800%201800&#39;%2F%3E\" data-src=\"https:\/\/www.imer.mx\/opus\/wp-content\/uploads\/sites\/13\/26.jpg\" data-srcset=\"https:\/\/www.imer.mx\/opus\/wp-content\/uploads\/sites\/13\/26.jpg 1800w\" loading=\"eager\" style=\"--ratio: 1800 \/ 1800\" sizes=\"(max-width: 1800px) 100vw, 1800px\" width=\"1800\" height=\"1800\"  title=\"26\" alt=\"\" \/><\/a><\/div><div class=\"team-desc\"><div class=\"team-author\"><div class=\"team-author-name\"><a href=\"https:\/\/www.imer.mx\/opus\/equipo-opus\/anfitrionia\/\">Anfitrion\u00eda Opus 94<\/a><\/div><p>Conducci\u00f3n diversa<\/p><\/div><div class=\"team-content\"><p>Cada semana una invitada o invitado diferente comparte su selecci\u00f3n musical con nuestra audiencia.<\/p>\n<\/div>\n<a href=\"https:\/\/www.imer.mx\/opus\/equipo-opus\/anfitrionia\/\" class=\"post-details details-type-link\" aria-label=\"Read more about Anfitrion\u00eda Opus 94\">Conoce m\u00e1s<i class=\"dt-icon-the7-arrow-03\" aria-hidden=\"true\"><\/i><\/a>\n<\/div><\/div><\/div><div class=\"visible wf-cell\" data-post-id=\"16129\" data-date=\"2020-01-13T18:51:51-06:00\" data-name=\"Atm\u00f3sfera cero\"><div class=\"team-container visible post post-16129 dt_team type-dt_team status-publish has-post-thumbnail hentry dt_team_category-equipo dt_team_category-lunes-a-viernes dt_team_category-programas dt_team_category-43 dt_team_category-240 dt_team_category-241\"><div class=\"team-media\"><a href=\"https:\/\/www.imer.mx\/opus\/equipo-opus\/antonio-barberena\/\" class=\"rollover layzr-bg\"><img decoding=\"async\" class=\"preload-me iso-lazy-load aspect\" src=\"data:image\/svg+xml,%3Csvg%20xmlns%3D&#39;http%3A%2F%2Fwww.w3.org%2F2000%2Fsvg&#39;%20viewBox%3D&#39;0%200%201800%201800&#39;%2F%3E\" data-src=\"https:\/\/www.imer.mx\/opus\/wp-content\/uploads\/sites\/13\/18-Atmosfera-cero.jpg\" data-srcset=\"https:\/\/www.imer.mx\/opus\/wp-content\/uploads\/sites\/13\/18-Atmosfera-cero.jpg 1800w\" loading=\"eager\" style=\"--ratio: 1800 \/ 1800\" sizes=\"(max-width: 1800px) 100vw, 1800px\" width=\"1800\" height=\"1800\"  title=\"18 Atmosfera cero\" alt=\"\" \/><\/a><\/div><div class=\"team-desc\"><div class=\"team-author\"><div class=\"team-author-name\"><a href=\"https:\/\/www.imer.mx\/opus\/equipo-opus\/antonio-barberena\/\">Atm\u00f3sfera cero<\/a><\/div><p>Jairo Guerrero<\/p><\/div><div class=\"team-content\"><p>Un recorrido por la experimentaci\u00f3n sonora a lo largo del tiempo y del mundo, cada lunes la nave nodriza se enlaza a la c\u00e1psula con cero gravedad donde emerge el sonido.<\/p>\n<\/div>\n<a href=\"https:\/\/www.imer.mx\/opus\/equipo-opus\/antonio-barberena\/\" class=\"post-details details-type-link\" aria-label=\"Read more about Atm\u00f3sfera cero\">Conoce m\u00e1s<i class=\"dt-icon-the7-arrow-03\" aria-hidden=\"true\"><\/i><\/a>\n<\/div><\/div><\/div><div class=\"visible wf-cell\" data-post-id=\"16126\" data-date=\"2020-01-13T18:41:38-06:00\" data-name=\"Azul\"><div class=\"team-container visible post post-16126 dt_team type-dt_team status-publish has-post-thumbnail hentry dt_team_category-equipo dt_team_category-lunes-a-viernes dt_team_category-programas dt_team_category-43 dt_team_category-240 dt_team_category-241\"><div class=\"team-media\"><a href=\"https:\/\/www.imer.mx\/opus\/equipo-opus\/azul\/\" class=\"rollover layzr-bg\"><img decoding=\"async\" class=\"preload-me iso-lazy-load aspect\" src=\"data:image\/svg+xml,%3Csvg%20xmlns%3D&#39;http%3A%2F%2Fwww.w3.org%2F2000%2Fsvg&#39;%20viewBox%3D&#39;0%200%201800%201800&#39;%2F%3E\" data-src=\"https:\/\/www.imer.mx\/opus\/wp-content\/uploads\/sites\/13\/8-Azul.jpg\" data-srcset=\"https:\/\/www.imer.mx\/opus\/wp-content\/uploads\/sites\/13\/8-Azul.jpg 1800w\" loading=\"eager\" style=\"--ratio: 1800 \/ 1800\" sizes=\"(max-width: 1800px) 100vw, 1800px\" width=\"1800\" height=\"1800\"  title=\"8 Azul\" alt=\"\" \/><\/a><\/div><div class=\"team-desc\"><div class=\"team-author\"><div class=\"team-author-name\"><a href=\"https:\/\/www.imer.mx\/opus\/equipo-opus\/azul\/\">Azul<\/a><\/div><p>Isabel V\u00e1zquez<\/p><\/div><div class=\"team-content\"><p>Espacio que presenta puntos de encuentro entre el jazz y la m\u00fasica de concierto.<\/p>\n<\/div>\n<a href=\"https:\/\/www.imer.mx\/opus\/equipo-opus\/azul\/\" class=\"post-details details-type-link\" aria-label=\"Read more about Azul\">Conoce m\u00e1s<i class=\"dt-icon-the7-arrow-03\" aria-hidden=\"true\"><\/i><\/a>\n<\/div><\/div><\/div><div class=\"visible wf-cell\" data-post-id=\"16123\" data-date=\"2020-01-13T18:24:59-06:00\" data-name=\"Basta de m\u00fasica\"><div class=\"team-container visible post post-16123 dt_team type-dt_team status-publish has-post-thumbnail hentry dt_team_category-equipo dt_team_category-programas dt_team_category-sabado dt_team_category-43 dt_team_category-241 dt_team_category-242\"><div class=\"team-media\"><a href=\"https:\/\/www.imer.mx\/opus\/equipo-opus\/basta-de-musica\/\" class=\"rollover layzr-bg\"><img decoding=\"async\" class=\"preload-me iso-lazy-load aspect\" src=\"data:image\/svg+xml,%3Csvg%20xmlns%3D&#39;http%3A%2F%2Fwww.w3.org%2F2000%2Fsvg&#39;%20viewBox%3D&#39;0%200%201800%201800&#39;%2F%3E\" data-src=\"https:\/\/www.imer.mx\/opus\/wp-content\/uploads\/sites\/13\/22-Basta-de-musica.jpg\" data-srcset=\"https:\/\/www.imer.mx\/opus\/wp-content\/uploads\/sites\/13\/22-Basta-de-musica.jpg 1800w\" loading=\"eager\" style=\"--ratio: 1800 \/ 1800\" sizes=\"(max-width: 1800px) 100vw, 1800px\" width=\"1800\" height=\"1800\"  title=\"22 Basta de m\u00fasica\" alt=\"\" \/><\/a><\/div><div class=\"team-desc\"><div class=\"team-author\"><div class=\"team-author-name\"><a href=\"https:\/\/www.imer.mx\/opus\/equipo-opus\/basta-de-musica\/\">Basta de m\u00fasica<\/a><\/div><p>Ricardo Mart\u00ednez<\/p><\/div><div class=\"team-content\"><p>Programa l\u00fadico dirigido a infancias y juventudes basado en el popular juego de Basta pero aplicado a la m\u00fasica.<\/p>\n<\/div>\n<a href=\"https:\/\/www.imer.mx\/opus\/equipo-opus\/basta-de-musica\/\" class=\"post-details details-type-link\" aria-label=\"Read more about Basta de m\u00fasica\">Conoce m\u00e1s<i class=\"dt-icon-the7-arrow-03\" aria-hidden=\"true\"><\/i><\/a>\n<\/div><\/div><\/div><div class=\"visible wf-cell\" data-post-id=\"16120\" data-date=\"2020-01-13T18:19:14-06:00\" data-name=\"Caleidoscopio\"><div class=\"team-container visible post post-16120 dt_team type-dt_team status-publish has-post-thumbnail hentry dt_team_category-equipo dt_team_category-lunes-a-viernes dt_team_category-programas dt_team_category-43 dt_team_category-240 dt_team_category-241\"><div class=\"team-media\"><a href=\"https:\/\/www.imer.mx\/opus\/equipo-opus\/caleidoscopio\/\" class=\"rollover layzr-bg\"><img decoding=\"async\" class=\"preload-me iso-lazy-load aspect\" src=\"data:image\/svg+xml,%3Csvg%20xmlns%3D&#39;http%3A%2F%2Fwww.w3.org%2F2000%2Fsvg&#39;%20viewBox%3D&#39;0%200%201800%201800&#39;%2F%3E\" data-src=\"https:\/\/www.imer.mx\/opus\/wp-content\/uploads\/sites\/13\/16-Caleidoscopio.jpg\" data-srcset=\"https:\/\/www.imer.mx\/opus\/wp-content\/uploads\/sites\/13\/16-Caleidoscopio.jpg 1800w\" loading=\"eager\" style=\"--ratio: 1800 \/ 1800\" sizes=\"(max-width: 1800px) 100vw, 1800px\" width=\"1800\" height=\"1800\"  title=\"16 Caleidoscopio\" alt=\"\" \/><\/a><\/div><div class=\"team-desc\"><div class=\"team-author\"><div class=\"team-author-name\"><a href=\"https:\/\/www.imer.mx\/opus\/equipo-opus\/caleidoscopio\/\">Caleidoscopio<\/a><\/div><p>Mariana Ch\u00e1vez-Lara<\/p><\/div><div class=\"team-content\"><p>Espacio de intersecci\u00f3n de la m\u00fasica de concierto con otros g\u00e9neros musicales impulsado por int\u00e9rpretes y compositores contempor\u00e1neos alrededor del mundo.<\/p>\n<\/div>\n<a href=\"https:\/\/www.imer.mx\/opus\/equipo-opus\/caleidoscopio\/\" class=\"post-details details-type-link\" aria-label=\"Read more about Caleidoscopio\">Conoce m\u00e1s<i class=\"dt-icon-the7-arrow-03\" aria-hidden=\"true\"><\/i><\/a>\n<\/div><\/div><\/div><div class=\"visible wf-cell\" data-post-id=\"16118\" data-date=\"2020-01-13T18:12:04-06:00\" data-name=\"Cenzontle\"><div class=\"team-container visible post post-16118 dt_team type-dt_team status-publish has-post-thumbnail hentry dt_team_category-equipo dt_team_category-lunes-a-viernes dt_team_category-programas dt_team_category-43 dt_team_category-240 dt_team_category-241\"><div class=\"team-media\"><a href=\"https:\/\/www.imer.mx\/opus\/equipo-opus\/cenzontle\/\" class=\"rollover layzr-bg\"><img decoding=\"async\" class=\"preload-me iso-lazy-load aspect\" src=\"data:image\/svg+xml,%3Csvg%20xmlns%3D&#39;http%3A%2F%2Fwww.w3.org%2F2000%2Fsvg&#39;%20viewBox%3D&#39;0%200%201800%201800&#39;%2F%3E\" data-src=\"https:\/\/www.imer.mx\/opus\/wp-content\/uploads\/sites\/13\/9-Cenzontle.jpg\" data-srcset=\"https:\/\/www.imer.mx\/opus\/wp-content\/uploads\/sites\/13\/9-Cenzontle.jpg 1800w\" loading=\"eager\" style=\"--ratio: 1800 \/ 1800\" sizes=\"(max-width: 1800px) 100vw, 1800px\" width=\"1800\" height=\"1800\"  title=\"9 Cenzontle\" alt=\"\" \/><\/a><\/div><div class=\"team-desc\"><div class=\"team-author\"><div class=\"team-author-name\"><a href=\"https:\/\/www.imer.mx\/opus\/equipo-opus\/cenzontle\/\">Cenzontle<\/a><\/div><p>Miriam Rodr\u00edguez<\/p><\/div><div class=\"team-content\"><p>En alianza con Radio M\u00e9xico Internacional, un tributo a la m\u00fasica mexicana. Obras con ra\u00edces tradicionales, compositores e int\u00e9rpretes mexicanos.<\/p>\n<\/div>\n<a href=\"https:\/\/www.imer.mx\/opus\/equipo-opus\/cenzontle\/\" class=\"post-details details-type-link\" aria-label=\"Read more about Cenzontle\">Conoce m\u00e1s<i class=\"dt-icon-the7-arrow-03\" aria-hidden=\"true\"><\/i><\/a>\n<\/div><\/div><\/div><div class=\"visible wf-cell\" data-post-id=\"16113\" data-date=\"2020-01-13T14:43:03-06:00\" data-name=\"Ciudad orquesta\"><div class=\"team-container visible post post-16113 dt_team type-dt_team status-publish has-post-thumbnail hentry dt_team_category-domingo dt_team_category-equipo dt_team_category-programas dt_team_category-243 dt_team_category-43 dt_team_category-241\"><div class=\"team-media\"><a href=\"https:\/\/www.imer.mx\/opus\/equipo-opus\/ciudad-orquesta\/\" class=\"rollover layzr-bg\"><img decoding=\"async\" class=\"preload-me iso-lazy-load aspect\" src=\"data:image\/svg+xml,%3Csvg%20xmlns%3D&#39;http%3A%2F%2Fwww.w3.org%2F2000%2Fsvg&#39;%20viewBox%3D&#39;0%200%201800%201800&#39;%2F%3E\" data-src=\"https:\/\/www.imer.mx\/opus\/wp-content\/uploads\/sites\/13\/27.jpg\" data-srcset=\"https:\/\/www.imer.mx\/opus\/wp-content\/uploads\/sites\/13\/27.jpg 1800w\" loading=\"eager\" style=\"--ratio: 1800 \/ 1800\" sizes=\"(max-width: 1800px) 100vw, 1800px\" width=\"1800\" height=\"1800\"  title=\"27\" alt=\"\" \/><\/a><\/div><div class=\"team-desc\"><div class=\"team-author\"><div class=\"team-author-name\"><a href=\"https:\/\/www.imer.mx\/opus\/equipo-opus\/ciudad-orquesta\/\">Ciudad orquesta<\/a><\/div><p>Oscar Edwin Garc\u00eda<\/p><\/div><div class=\"team-content\"><p>Conciertos diferidos de la Orquesta Filarm\u00f3nica de la Ciudad de M\u00e9xico (convenio desde 2002). En alianza con C\u00f3digo CDMX (2025).<\/p>\n<\/div>\n<a href=\"https:\/\/www.imer.mx\/opus\/equipo-opus\/ciudad-orquesta\/\" class=\"post-details details-type-link\" aria-label=\"Read more about Ciudad orquesta\">Conoce m\u00e1s<i class=\"dt-icon-the7-arrow-03\" aria-hidden=\"true\"><\/i><\/a>\n<\/div><\/div><\/div><div class=\"visible wf-cell\" data-post-id=\"16116\" data-date=\"2020-01-13T18:07:29-06:00\" data-name=\"Conciertos Opus 94\"><div class=\"team-container visible post post-16116 dt_team type-dt_team status-publish has-post-thumbnail hentry dt_team_category-equipo dt_team_category-lunes-a-viernes dt_team_category-programas dt_team_category-43 dt_team_category-240 dt_team_category-241\"><div class=\"team-media\"><a href=\"https:\/\/www.imer.mx\/opus\/equipo-opus\/conciertos-opus-94\/\" class=\"rollover layzr-bg\"><img decoding=\"async\" class=\"preload-me iso-lazy-load aspect\" src=\"data:image\/svg+xml,%3Csvg%20xmlns%3D&#39;http%3A%2F%2Fwww.w3.org%2F2000%2Fsvg&#39;%20viewBox%3D&#39;0%200%201800%201800&#39;%2F%3E\" data-src=\"https:\/\/www.imer.mx\/opus\/wp-content\/uploads\/sites\/13\/11-conciertos-en-opus-94.jpg\" data-srcset=\"https:\/\/www.imer.mx\/opus\/wp-content\/uploads\/sites\/13\/11-conciertos-en-opus-94.jpg 1800w\" loading=\"eager\" style=\"--ratio: 1800 \/ 1800\" sizes=\"(max-width: 1800px) 100vw, 1800px\" width=\"1800\" height=\"1800\"  title=\"11 conciertos en opus 94\" alt=\"\" \/><\/a><\/div><div class=\"team-desc\"><div class=\"team-author\"><div class=\"team-author-name\"><a href=\"https:\/\/www.imer.mx\/opus\/equipo-opus\/conciertos-opus-94\/\">Conciertos Opus 94<\/a><\/div><p>Conductores varios<\/p><\/div><div class=\"team-content\"><p>Conciertos musicales en vivo desde el Estudio A del IMER con p\u00fablico en vivo y como parte de ciclos y festivales de temporada.<\/p>\n<\/div>\n<a href=\"https:\/\/www.imer.mx\/opus\/equipo-opus\/conciertos-opus-94\/\" class=\"post-details details-type-link\" aria-label=\"Read more about Conciertos Opus 94\">Conoce m\u00e1s<i class=\"dt-icon-the7-arrow-03\" aria-hidden=\"true\"><\/i><\/a>\n<\/div><\/div><\/div><div class=\"visible wf-cell\" data-post-id=\"16108\" data-date=\"2020-01-13T14:22:40-06:00\" data-name=\"El arte de la memoria\"><div class=\"team-container visible post post-16108 dt_team type-dt_team status-publish has-post-thumbnail hentry dt_team_category-domingo dt_team_category-equipo dt_team_category-lunes-a-viernes dt_team_category-programas dt_team_category-sabado dt_team_category-243 dt_team_category-43 dt_team_category-240 dt_team_category-241 dt_team_category-242\"><div class=\"team-media\"><a href=\"https:\/\/www.imer.mx\/opus\/equipo-opus\/el-arte-de-la-memoria\/\" class=\"rollover layzr-bg\"><img decoding=\"async\" class=\"preload-me iso-lazy-load aspect\" src=\"data:image\/svg+xml,%3Csvg%20xmlns%3D&#39;http%3A%2F%2Fwww.w3.org%2F2000%2Fsvg&#39;%20viewBox%3D&#39;0%200%201800%201800&#39;%2F%3E\" data-src=\"https:\/\/www.imer.mx\/opus\/wp-content\/uploads\/sites\/13\/1-El-arte-de-la-memoria.jpg\" data-srcset=\"https:\/\/www.imer.mx\/opus\/wp-content\/uploads\/sites\/13\/1-El-arte-de-la-memoria.jpg 1800w\" loading=\"eager\" style=\"--ratio: 1800 \/ 1800\" sizes=\"(max-width: 1800px) 100vw, 1800px\" width=\"1800\" height=\"1800\"  title=\"1 El arte de la memoria\" alt=\"\" \/><\/a><\/div><div class=\"team-desc\"><div class=\"team-author\"><div class=\"team-author-name\"><a href=\"https:\/\/www.imer.mx\/opus\/equipo-opus\/el-arte-de-la-memoria\/\">El arte de la memoria<\/a><\/div><p>Bonnie Perete y Terry Guerrero <\/p><\/div><div class=\"team-content\"><p>Turno en vivo con selecciones que van de la m\u00fasica antigua al romanticismo.<\/p>\n<\/div>\n<a href=\"https:\/\/www.imer.mx\/opus\/equipo-opus\/el-arte-de-la-memoria\/\" class=\"post-details details-type-link\" aria-label=\"Read more about El arte de la memoria\">Conoce m\u00e1s<i class=\"dt-icon-the7-arrow-03\" aria-hidden=\"true\"><\/i><\/a>\n<\/div><\/div><\/div><div class=\"visible wf-cell\" data-post-id=\"16102\" data-date=\"2020-01-13T14:05:08-06:00\" data-name=\"El Intermedio\"><div class=\"team-container visible post post-16102 dt_team type-dt_team status-publish has-post-thumbnail hentry dt_team_category-equipo dt_team_category-lunes-a-viernes dt_team_category-programas dt_team_category-43 dt_team_category-240 dt_team_category-241\"><div class=\"team-media\"><a href=\"https:\/\/www.imer.mx\/opus\/equipo-opus\/el-intermedio\/\" class=\"rollover layzr-bg\"><img decoding=\"async\" class=\"preload-me iso-lazy-load aspect\" src=\"data:image\/svg+xml,%3Csvg%20xmlns%3D&#39;http%3A%2F%2Fwww.w3.org%2F2000%2Fsvg&#39;%20viewBox%3D&#39;0%200%201800%201800&#39;%2F%3E\" data-src=\"https:\/\/www.imer.mx\/opus\/wp-content\/uploads\/sites\/13\/6-El-intermedio.jpg\" data-srcset=\"https:\/\/www.imer.mx\/opus\/wp-content\/uploads\/sites\/13\/6-El-intermedio.jpg 1800w\" loading=\"eager\" style=\"--ratio: 1800 \/ 1800\" sizes=\"(max-width: 1800px) 100vw, 1800px\" width=\"1800\" height=\"1800\"  title=\"6 El intermedio\" alt=\"\" \/><\/a><\/div><div class=\"team-desc\"><div class=\"team-author\"><div class=\"team-author-name\"><a href=\"https:\/\/www.imer.mx\/opus\/equipo-opus\/el-intermedio\/\">El Intermedio<\/a><\/div><p>Kathia B\u00e1rcenas<\/p><\/div><div class=\"team-content\"><p>Programa de cartelera que sugiere alternativas de escucha de programas de radio de la emisora, eventos de danza, conciertos, exposiciones, cursos, convocatorias y cine.<\/p>\n<\/div>\n<a href=\"https:\/\/www.imer.mx\/opus\/equipo-opus\/el-intermedio\/\" class=\"post-details details-type-link\" aria-label=\"Read more about El Intermedio\">Conoce m\u00e1s<i class=\"dt-icon-the7-arrow-03\" aria-hidden=\"true\"><\/i><\/a>\n<\/div><\/div><\/div><div class=\"visible wf-cell\" data-post-id=\"16110\" data-date=\"2020-01-13T14:29:31-06:00\" data-name=\"Ella es m\u00fasica\"><div class=\"team-container visible post post-16110 dt_team type-dt_team status-publish has-post-thumbnail hentry dt_team_category-domingo dt_team_category-equipo dt_team_category-lunes-a-viernes dt_team_category-programas dt_team_category-sabado dt_team_category-243 dt_team_category-43 dt_team_category-240 dt_team_category-241 dt_team_category-242\"><div class=\"team-media\"><a href=\"https:\/\/www.imer.mx\/opus\/equipo-opus\/ella-es-musica\/\" class=\"rollover layzr-bg\"><img decoding=\"async\" class=\"preload-me iso-lazy-load aspect\" src=\"data:image\/svg+xml,%3Csvg%20xmlns%3D&#39;http%3A%2F%2Fwww.w3.org%2F2000%2Fsvg&#39;%20viewBox%3D&#39;0%200%201800%201800&#39;%2F%3E\" data-src=\"https:\/\/www.imer.mx\/opus\/wp-content\/uploads\/sites\/13\/25.jpg\" data-srcset=\"https:\/\/www.imer.mx\/opus\/wp-content\/uploads\/sites\/13\/25.jpg 1800w\" loading=\"eager\" style=\"--ratio: 1800 \/ 1800\" sizes=\"(max-width: 1800px) 100vw, 1800px\" width=\"1800\" height=\"1800\"  title=\"25\" alt=\"\" \/><\/a><\/div><div class=\"team-desc\"><div class=\"team-author\"><div class=\"team-author-name\"><a href=\"https:\/\/www.imer.mx\/opus\/equipo-opus\/ella-es-musica\/\">Ella es m\u00fasica<\/a><\/div><p>Kathia B\u00e1rcenas<\/p><\/div><div class=\"team-content\"><p>Espacio diario destinado a difundir y visibilizar la participaci\u00f3n femenina en la m\u00fasica a nivel global y en distintos g\u00e9neros dentro de la m\u00fasica de concierto y afines.<\/p>\n<\/div>\n<a href=\"https:\/\/www.imer.mx\/opus\/equipo-opus\/ella-es-musica\/\" class=\"post-details details-type-link\" aria-label=\"Read more about Ella es m\u00fasica\">Conoce m\u00e1s<i class=\"dt-icon-the7-arrow-03\" aria-hidden=\"true\"><\/i><\/a>\n<\/div><\/div><\/div><div class=\"visible wf-cell\" data-post-id=\"16105\" data-date=\"2020-01-13T14:14:25-06:00\" data-name=\"Encuentro\"><div class=\"team-container visible post post-16105 dt_team type-dt_team status-publish has-post-thumbnail hentry dt_team_category-colaboradores dt_team_category-equipo dt_team_category-lunes-a-viernes dt_team_category-44 dt_team_category-43 dt_team_category-240\"><div class=\"team-media\"><a href=\"https:\/\/www.imer.mx\/opus\/equipo-opus\/encuentro\/\" class=\"rollover layzr-bg\"><img decoding=\"async\" class=\"preload-me iso-lazy-load aspect\" src=\"data:image\/svg+xml,%3Csvg%20xmlns%3D&#39;http%3A%2F%2Fwww.w3.org%2F2000%2Fsvg&#39;%20viewBox%3D&#39;0%200%201800%201800&#39;%2F%3E\" data-src=\"https:\/\/www.imer.mx\/opus\/wp-content\/uploads\/sites\/13\/4-Encuentro.jpg\" data-srcset=\"https:\/\/www.imer.mx\/opus\/wp-content\/uploads\/sites\/13\/4-Encuentro.jpg 1800w\" loading=\"eager\" style=\"--ratio: 1800 \/ 1800\" sizes=\"(max-width: 1800px) 100vw, 1800px\" width=\"1800\" height=\"1800\"  title=\"4 Encuentro\" alt=\"\" \/><\/a><\/div><div class=\"team-desc\"><div class=\"team-author\"><div class=\"team-author-name\"><a href=\"https:\/\/www.imer.mx\/opus\/equipo-opus\/encuentro\/\">Encuentro<\/a><\/div><p>Juan Lara<\/p><\/div><div class=\"team-content\"><p>Espacio en vivo de di\u00e1logo con diversas organizaciones musicales p\u00fablicas que semanalmente proponen actividades de su cartelera<\/p>\n<\/div>\n<a href=\"https:\/\/www.imer.mx\/opus\/equipo-opus\/encuentro\/\" class=\"post-details details-type-link\" aria-label=\"Read more about Encuentro\">Conoce m\u00e1s<i class=\"dt-icon-the7-arrow-03\" aria-hidden=\"true\"><\/i><\/a>\n<\/div><\/div><\/div><div class=\"visible wf-cell\" data-post-id=\"16041\" data-date=\"2020-01-13T14:16:06-06:00\" data-name=\"Euforia\"><div class=\"team-container visible post post-16041 dt_team type-dt_team status-publish has-post-thumbnail hentry dt_team_category-equipo dt_team_category-lunes-a-viernes dt_team_category-programas dt_team_category-43 dt_team_category-240 dt_team_category-241\"><div class=\"team-media\"><a href=\"https:\/\/www.imer.mx\/opus\/equipo-opus\/euforia\/\" class=\"rollover layzr-bg\"><img decoding=\"async\" class=\"preload-me iso-lazy-load aspect\" src=\"data:image\/svg+xml,%3Csvg%20xmlns%3D&#39;http%3A%2F%2Fwww.w3.org%2F2000%2Fsvg&#39;%20viewBox%3D&#39;0%200%201800%201800&#39;%2F%3E\" data-src=\"https:\/\/www.imer.mx\/opus\/wp-content\/uploads\/sites\/13\/2-Euforia.jpg\" data-srcset=\"https:\/\/www.imer.mx\/opus\/wp-content\/uploads\/sites\/13\/2-Euforia.jpg 1800w\" loading=\"eager\" style=\"--ratio: 1800 \/ 1800\" sizes=\"(max-width: 1800px) 100vw, 1800px\" width=\"1800\" height=\"1800\"  title=\"2 Euforia\" alt=\"\" \/><\/a><\/div><div class=\"team-desc\"><div class=\"team-author\"><div class=\"team-author-name\"><a href=\"https:\/\/www.imer.mx\/opus\/equipo-opus\/euforia\/\">Euforia<\/a><\/div><p>Bonnie Perete<\/p><\/div><div class=\"team-content\"><p>M\u00fasica que exalta los sentidos. Estrenos musicales y est\u00e9ticas de f\u00e1cil escucha<\/p>\n<\/div>\n<a href=\"https:\/\/www.imer.mx\/opus\/equipo-opus\/euforia\/\" class=\"post-details details-type-link\" aria-label=\"Read more about Euforia\">Conoce m\u00e1s<i class=\"dt-icon-the7-arrow-03\" aria-hidden=\"true\"><\/i><\/a>\n<\/div><\/div><\/div><div class=\"visible wf-cell\" data-post-id=\"16099\" data-date=\"2020-01-13T13:50:03-06:00\" data-name=\"Fonocaptura\"><div class=\"team-container visible post post-16099 dt_team type-dt_team status-publish has-post-thumbnail hentry dt_team_category-equipo dt_team_category-lunes-a-viernes dt_team_category-programas dt_team_category-43 dt_team_category-240 dt_team_category-241\"><div class=\"team-media\"><a href=\"https:\/\/www.imer.mx\/opus\/equipo-opus\/fonocaptura\/\" class=\"rollover layzr-bg\"><img decoding=\"async\" class=\"preload-me iso-lazy-load aspect\" src=\"data:image\/svg+xml,%3Csvg%20xmlns%3D&#39;http%3A%2F%2Fwww.w3.org%2F2000%2Fsvg&#39;%20viewBox%3D&#39;0%200%201800%201800&#39;%2F%3E\" data-src=\"https:\/\/www.imer.mx\/opus\/wp-content\/uploads\/sites\/13\/7-Fonoteca-nacional.jpg\" data-srcset=\"https:\/\/www.imer.mx\/opus\/wp-content\/uploads\/sites\/13\/7-Fonoteca-nacional.jpg 1800w\" loading=\"eager\" style=\"--ratio: 1800 \/ 1800\" sizes=\"(max-width: 1800px) 100vw, 1800px\" width=\"1800\" height=\"1800\"  title=\"7 Fonoteca nacional\" alt=\"\" \/><\/a><\/div><div class=\"team-desc\"><div class=\"team-author\"><div class=\"team-author-name\"><a href=\"https:\/\/www.imer.mx\/opus\/equipo-opus\/fonocaptura\/\">Fonocaptura<\/a><\/div><p>Theo Hern\u00e1ndez y Clodec L\u00f3pez<\/p><\/div><div class=\"team-content\"><p>Programa en alianza con la Fonoteca Nacional presenta incursiones al acervo sonoro con valor hist\u00f3rico y musical<\/p>\n<\/div>\n<a href=\"https:\/\/www.imer.mx\/opus\/equipo-opus\/fonocaptura\/\" class=\"post-details details-type-link\" aria-label=\"Read more about Fonocaptura\">Conoce m\u00e1s<i class=\"dt-icon-the7-arrow-03\" aria-hidden=\"true\"><\/i><\/a>\n<\/div><\/div><\/div><div class=\"visible wf-cell\" data-post-id=\"16097\" data-date=\"2020-01-13T13:29:59-06:00\" data-name=\"La otra versi\u00f3n\"><div class=\"team-container visible post post-16097 dt_team type-dt_team status-publish has-post-thumbnail hentry dt_team_category-equipo dt_team_category-lunes-a-viernes dt_team_category-programas dt_team_category-43 dt_team_category-240 dt_team_category-241\"><div class=\"team-media\"><a href=\"https:\/\/www.imer.mx\/opus\/equipo-opus\/la-otra-version\/\" class=\"rollover layzr-bg\"><img decoding=\"async\" class=\"preload-me iso-lazy-load aspect\" src=\"data:image\/svg+xml,%3Csvg%20xmlns%3D&#39;http%3A%2F%2Fwww.w3.org%2F2000%2Fsvg&#39;%20viewBox%3D&#39;0%200%201800%201800&#39;%2F%3E\" data-src=\"https:\/\/www.imer.mx\/opus\/wp-content\/uploads\/sites\/13\/13-La-otra-version.jpg\" data-srcset=\"https:\/\/www.imer.mx\/opus\/wp-content\/uploads\/sites\/13\/13-La-otra-version.jpg 1800w\" loading=\"eager\" style=\"--ratio: 1800 \/ 1800\" sizes=\"(max-width: 1800px) 100vw, 1800px\" width=\"1800\" height=\"1800\"  title=\"13 La otra versi\u00f3n\" alt=\"\" \/><\/a><\/div><div class=\"team-desc\"><div class=\"team-author\"><div class=\"team-author-name\"><a href=\"https:\/\/www.imer.mx\/opus\/equipo-opus\/la-otra-version\/\">La otra versi\u00f3n<\/a><\/div><p>Javier Platas e invitados<\/p><\/div><div class=\"team-content\"><p>Una obra tiene m\u00faltiples posibilidades de interpretarse, durante dos horas se presentan algunas de ellas<\/p>\n<\/div>\n<a href=\"https:\/\/www.imer.mx\/opus\/equipo-opus\/la-otra-version\/\" class=\"post-details details-type-link\" aria-label=\"Read more about La otra versi\u00f3n\">Conoce m\u00e1s<i class=\"dt-icon-the7-arrow-03\" aria-hidden=\"true\"><\/i><\/a>\n<\/div><\/div><\/div><div class=\"visible wf-cell\" data-post-id=\"16094\" data-date=\"2020-01-13T13:22:03-06:00\" data-name=\"Mexicontiempo\"><div class=\"team-container visible post post-16094 dt_team type-dt_team status-publish has-post-thumbnail hentry dt_team_category-equipo dt_team_category-lunes-a-viernes dt_team_category-programas dt_team_category-43 dt_team_category-240 dt_team_category-241\"><div class=\"team-media\"><a href=\"https:\/\/www.imer.mx\/opus\/equipo-opus\/mexicontempo\/\" class=\"rollover layzr-bg\"><img decoding=\"async\" class=\"preload-me iso-lazy-load aspect\" src=\"data:image\/svg+xml,%3Csvg%20xmlns%3D&#39;http%3A%2F%2Fwww.w3.org%2F2000%2Fsvg&#39;%20viewBox%3D&#39;0%200%201800%201800&#39;%2F%3E\" data-src=\"https:\/\/www.imer.mx\/opus\/wp-content\/uploads\/sites\/13\/mexicontempo_opus_ok.jpg\" data-srcset=\"https:\/\/www.imer.mx\/opus\/wp-content\/uploads\/sites\/13\/mexicontempo_opus_ok.jpg 1800w\" loading=\"eager\" style=\"--ratio: 1800 \/ 1800\" sizes=\"(max-width: 1800px) 100vw, 1800px\" width=\"1800\" height=\"1800\"  title=\"mexicontempo_opus_ok\" alt=\"\" \/><\/a><\/div><div class=\"team-desc\"><div class=\"team-author\"><div class=\"team-author-name\"><a href=\"https:\/\/www.imer.mx\/opus\/equipo-opus\/mexicontempo\/\">Mexicontiempo<\/a><\/div><p>Juan Lara<\/p><\/div><div class=\"team-content\"><p>Turno en vivo con algunas selecciones de m\u00fasica mexicana contempor\u00e1nea<\/p>\n<\/div>\n<a href=\"https:\/\/www.imer.mx\/opus\/equipo-opus\/mexicontempo\/\" class=\"post-details details-type-link\" aria-label=\"Read more about Mexicontiempo\">Conoce m\u00e1s<i class=\"dt-icon-the7-arrow-03\" aria-hidden=\"true\"><\/i><\/a>\n<\/div><\/div><\/div><div class=\"visible wf-cell\" data-post-id=\"16092\" data-date=\"2020-01-13T13:11:50-06:00\" data-name=\"M\u00fasica Encantada\"><div class=\"team-container visible post post-16092 dt_team type-dt_team status-publish has-post-thumbnail hentry dt_team_category-equipo dt_team_category-lunes-a-viernes dt_team_category-programas dt_team_category-43 dt_team_category-240 dt_team_category-241\"><div class=\"team-media\"><a href=\"https:\/\/www.imer.mx\/opus\/equipo-opus\/musica-encantada\/\" class=\"rollover layzr-bg\"><img decoding=\"async\" class=\"preload-me iso-lazy-load aspect\" src=\"data:image\/svg+xml,%3Csvg%20xmlns%3D&#39;http%3A%2F%2Fwww.w3.org%2F2000%2Fsvg&#39;%20viewBox%3D&#39;0%200%201800%201800&#39;%2F%3E\" data-src=\"https:\/\/www.imer.mx\/opus\/wp-content\/uploads\/sites\/13\/10-Musica-encantada.jpg\" data-srcset=\"https:\/\/www.imer.mx\/opus\/wp-content\/uploads\/sites\/13\/10-Musica-encantada.jpg 1800w\" loading=\"eager\" style=\"--ratio: 1800 \/ 1800\" sizes=\"(max-width: 1800px) 100vw, 1800px\" width=\"1800\" height=\"1800\"  title=\"10 M\u00fasica encantada\" alt=\"\" \/><\/a><\/div><div class=\"team-desc\"><div class=\"team-author\"><div class=\"team-author-name\"><a href=\"https:\/\/www.imer.mx\/opus\/equipo-opus\/musica-encantada\/\">M\u00fasica Encantada<\/a><\/div><p>Patricia Carbajal<\/p><\/div><div class=\"team-content\"><p>Espacio dedicado al canto coral, cursos, convocatorias y actividad coral en toda la Rep\u00fablica Mexicana<\/p>\n<\/div>\n<a href=\"https:\/\/www.imer.mx\/opus\/equipo-opus\/musica-encantada\/\" class=\"post-details details-type-link\" aria-label=\"Read more about M\u00fasica Encantada\">Conoce m\u00e1s<i class=\"dt-icon-the7-arrow-03\" aria-hidden=\"true\"><\/i><\/a>\n<\/div><\/div><\/div><\/div><!-- iso-container|iso-grid --><\/div>[\/vc_column][\/vc_row][vc_row type=&#8221;vc_default&#8221; full_width=&#8221;stretch_row&#8221; content_placement=&#8221;middle&#8221; parallax=&#8221;content-moving-fade&#8221; parallax_image=&#8221;13423&#8243; parallax_speed_bg=&#8221;2.5&#8243;][vc_column][vc_empty_space height=&#8221;50px&#8221;][\/vc_column][\/vc_row][vc_row type=&#8221;vc_default&#8221; full_width=&#8221;stretch_row&#8221; content_placement=&#8221;middle&#8221; parallax=&#8221;content-moving-fade&#8221; parallax_image=&#8221;16231&#8243; parallax_speed_bg=&#8221;2.5&#8243; css=&#8221;.vc_custom_1579049930752{margin-bottom: -50px !important;border-bottom-width: -50px !important;padding-bottom: -50px !important;}&#8221;][vc_column][vc_empty_space height=&#8221;200px&#8221;][\/vc_column][\/vc_row]<\/p>\n<\/div>","protected":false},"excerpt":{"rendered":"<p>[vc_row type=&#8221;vc_default&#8221; full_width=&#8221;stretch_row&#8221; parallax=&#8221;content-moving-fade&#8221; parallax_image=&#8221;16060&#8243; parallax_speed_bg=&#8221;2.5&#8243; css=&#8221;.vc_custom_1579049573895{margin-top: -50px !important;border-top-width: -50px !important;padding-top: -50px !important;}&#8221;][vc_column][vc_empty_space height=&#8221;100px&#8221;][vc_custom_heading text=&#8221;Colaboradores&#8221; font_container=&#8221;tag:h2|font_size:50|text_align:center|color:%23ffffff&#8221; google_fonts=&#8221;font_family:Carme%3Aregular|font_style:400%20regular%3A400%3Anormal&#8221;][vc_empty_space height=&#8221;15px&#8221;][vc_empty_space height=&#8221;100px&#8221;][\/vc_column][\/vc_row][vc_row type=&#8221;vc_default&#8221; full_width=&#8221;stretch_row&#8221; content_placement=&#8221;middle&#8221; parallax=&#8221;content-moving-fade&#8221; parallax_image=&#8221;13423&#8243; parallax_speed_bg=&#8221;2.5&#8243;][vc_column][vc_empty_space height=&#8221;50px&#8221;][\/vc_column][\/vc_row][vc_row type=&#8221;vc_default&#8221; full_width=&#8221;stretch_row&#8221; content_placement=&#8221;middle&#8221; parallax=&#8221;content-moving-fade&#8221; parallax_image=&#8221;13423&#8243; parallax_speed_bg=&#8221;2.5&#8243;][vc_column][\/vc_column][\/vc_row][vc_row type=&#8221;vc_default&#8221; full_width=&#8221;stretch_row&#8221; content_placement=&#8221;middle&#8221; parallax=&#8221;content-moving-fade&#8221; parallax_image=&#8221;13423&#8243; parallax_speed_bg=&#8221;2.5&#8243;][vc_column][vc_empty_space height=&#8221;50px&#8221;][\/vc_column][\/vc_row][vc_row type=&#8221;vc_default&#8221; full_width=&#8221;stretch_row&#8221; content_placement=&#8221;middle&#8221; parallax=&#8221;content-moving-fade&#8221; parallax_image=&#8221;16231&#8243; parallax_speed_bg=&#8221;2.5&#8243; css=&#8221;.vc_custom_1579049930752{margin-bottom: -50px !important;border-bottom-width: -50px !important;padding-bottom: -50px !important;}&#8221;][vc_column][vc_empty_space height=&#8221;200px&#8221;][\/vc_column][\/vc_row]<\/p>\n","protected":false},"author":1,"featured_media":0,"parent":0,"menu_order":1,"comment_status":"closed","ping_status":"closed","template":"","meta":{"wp_popup_display_lightbox":0,"wp_popup_suppress":"","wp_popup_trigger":"","wp_popup_trigger_amount":0,"wp_popup_disable_on_mobile":false,"footnotes":""},"class_list":["post-1826","page","type-page","status-publish","hentry","description-off"],"_links":{"self":[{"href":"https:\/\/www.imer.mx\/opus\/wp-json\/wp\/v2\/pages\/1826","targetHints":{"allow":["GET"]}}],"collection":[{"href":"https:\/\/www.imer.mx\/opus\/wp-json\/wp\/v2\/pages"}],"about":[{"href":"https:\/\/www.imer.mx\/opus\/wp-json\/wp\/v2\/types\/page"}],"author":[{"embeddable":true,"href":"https:\/\/www.imer.mx\/opus\/wp-json\/wp\/v2\/users\/1"}],"replies":[{"embeddable":true,"href":"https:\/\/www.imer.mx\/opus\/wp-json\/wp\/v2\/comments?post=1826"}],"version-history":[{"count":0,"href":"https:\/\/www.imer.mx\/opus\/wp-json\/wp\/v2\/pages\/1826\/revisions"}],"wp:attachment":[{"href":"https:\/\/www.imer.mx\/opus\/wp-json\/wp\/v2\/media?parent=1826"}],"curies":[{"name":"wp","href":"https:\/\/api.w.org\/{rel}","templated":true}]}}