{"id":28771,"date":"2019-12-03T15:03:31","date_gmt":"2019-12-03T21:03:31","guid":{"rendered":"https:\/\/www.imer.mx\/micrositios\/?page_id=28771"},"modified":"2020-09-16T01:18:01","modified_gmt":"2020-09-16T06:18:01","slug":"edmundo-valades","status":"publish","type":"page","link":"https:\/\/www.imer.mx\/micrositios\/edmundo-valades\/","title":{"rendered":"Edmundo Valad\u00e9s"},"content":{"rendered":"<div class=\"wpb-content-wrapper\"><p>[vc_row][vc_column css=&#8221;.vc_custom_1600237075233{margin-top: -50px !important;}&#8221;][vc_single_image image=&#8221;28780&#8243; img_size=&#8221;full&#8221; alignment=&#8221;center&#8221; image_hovers=&#8221;false&#8221; lazy_loading=&#8221;true&#8221;][\/vc_column][\/vc_row][vc_row][vc_column][vc_custom_heading text=&#8221;Edmundo Valad\u00e9s&#8221; google_fonts=&#8221;font_family:Nothing%20You%20Could%20Do%3Aregular|font_style:400%20regular%3A400%3Anormal&#8221;][\/vc_column][\/vc_row][vc_row][vc_column width=&#8221;1\/2&#8243;][vc_column_text]<img loading=\"lazy\" decoding=\"async\" class=\"alignleft wp-image-28773\" src=\"https:\/\/www.imer.mx\/micrositios\/wp-content\/uploads\/sites\/49\/microsit_edmundo_valades_01.jpg\" alt=\"\" width=\"255\" height=\"340\" srcset=\"https:\/\/www.imer.mx\/micrositios\/wp-content\/uploads\/sites\/49\/microsit_edmundo_valades_01.jpg 300w, https:\/\/www.imer.mx\/micrositios\/wp-content\/uploads\/sites\/49\/microsit_edmundo_valades_01-225x300.jpg 225w\" sizes=\"auto, (max-width: 255px) 100vw, 255px\" \/>Escritor, periodista, editor y gran intelectual mexicano del siglo XX, Edmundo Valad\u00e9s nace en Guaymas Sonora el 22 de febrero de 1915. Enamorado del cuento como g\u00e9nero, apoya su difusi\u00f3n e impulsa su escritura a trav\u00e9s de encuentros, talleres literarios y con la fundaci\u00f3n de la revista <em>El Cuento<\/em>.<\/p>\n<p>Edmundo Valad\u00e9s es uno de los m\u00e1ximos conocedores del cuento en M\u00e9xico y su m\u00e1ximo difusor; representa una de las figuras que toda tradici\u00f3n literaria puede usar como ejemplo. Es autor de una obra cl\u00e1sica <em>La muerte tiene permiso<\/em> (1955), con la que se establece un momento est\u00e9tico y literario donde ya no es operante separar el relato rural y el relato urbano para definir la literatura mexicana.[\/vc_column_text][vc_column_text]<a class=\"dt-pswp-item\" href=\"https:\/\/www.imer.mx\/micrositios\/wp-content\/uploads\/sites\/49\/microsit_edmundo_valades_03.jpg\" data-dt-img-description=\"\" data-large_image_width=\"555\" data-large_image_height=\"861\"><img loading=\"lazy\" decoding=\"async\" class=\"alignright wp-image-28775\" src=\"https:\/\/www.imer.mx\/micrositios\/wp-content\/uploads\/sites\/49\/microsit_edmundo_valades_03-193x300.jpg\" alt=\"\" width=\"180\" height=\"280\" srcset=\"https:\/\/www.imer.mx\/micrositios\/wp-content\/uploads\/sites\/49\/microsit_edmundo_valades_03-193x300.jpg 193w, https:\/\/www.imer.mx\/micrositios\/wp-content\/uploads\/sites\/49\/microsit_edmundo_valades_03.jpg 555w\" sizes=\"auto, (max-width: 180px) 100vw, 180px\" \/><\/a>Como autor prefiere el final sorpresivo, la historia cerrada y el uso de palabras e inflexiones del hablar popular que ampl\u00eda las posibilidades expresivas de muchos narradores que lo sucedieron.<\/p>\n<p>Edmundo Valad\u00e9s funda la revista <em>El Cuento<\/em> en 1939, publica cinco ejemplares y en 1964 comienza su segunda etapa en la que se editan 150 n\u00fameros de lo mejor de la cuent\u00edstica universal y particularmente latinoamericana; la dirige hasta su muerte. En 1981 la revista recibe el Premio Nacional de Periodismo en la categor\u00eda de Divulgaci\u00f3n Cultural.[\/vc_column_text][vc_column_text]<a class=\"dt-pswp-item\" href=\"https:\/\/www.imer.mx\/micrositios\/wp-content\/uploads\/sites\/49\/microsit_edmundo_valades_02.jpg\" data-dt-img-description=\"\" data-large_image_width=\"663\" data-large_image_height=\"900\"><img loading=\"lazy\" decoding=\"async\" class=\"wp-image-28774 alignleft\" src=\"https:\/\/www.imer.mx\/micrositios\/wp-content\/uploads\/sites\/49\/microsit_edmundo_valades_02-221x300.jpg\" alt=\"\" width=\"200\" height=\"271\" srcset=\"https:\/\/www.imer.mx\/micrositios\/wp-content\/uploads\/sites\/49\/microsit_edmundo_valades_02-221x300.jpg 221w, https:\/\/www.imer.mx\/micrositios\/wp-content\/uploads\/sites\/49\/microsit_edmundo_valades_02.jpg 663w\" sizes=\"auto, (max-width: 200px) 100vw, 200px\" \/><\/a><\/p>\n<p>Su labor como periodista queda registrada en las columnas, reportajes y publicaciones como <em>Excepta<\/em>, suplementos culturales de los peri\u00f3dicos <em>Novedades<\/em> y <em>El Nacional<\/em>, as\u00ed como las revistas <em>Am\u00e9rica<\/em> y <em>Cuadernos Americanos<\/em>.[\/vc_column_text][\/vc_column][vc_column width=&#8221;1\/2&#8243;][vc_column_text]<a class=\"dt-pswp-item\" href=\"https:\/\/www.imer.mx\/micrositios\/wp-content\/uploads\/sites\/49\/microsit_edmundo_valades_04_librodelaimaginacion.jpg\" data-dt-img-description=\"\" data-large_image_width=\"530\" data-large_image_height=\"800\"><img loading=\"lazy\" decoding=\"async\" class=\"alignright wp-image-28776\" src=\"https:\/\/www.imer.mx\/micrositios\/wp-content\/uploads\/sites\/49\/microsit_edmundo_valades_04_librodelaimaginacion-199x300.jpg\" alt=\"\" width=\"180\" height=\"271\" srcset=\"https:\/\/www.imer.mx\/micrositios\/wp-content\/uploads\/sites\/49\/microsit_edmundo_valades_04_librodelaimaginacion-199x300.jpg 199w, https:\/\/www.imer.mx\/micrositios\/wp-content\/uploads\/sites\/49\/microsit_edmundo_valades_04_librodelaimaginacion.jpg 530w\" sizes=\"auto, (max-width: 180px) 100vw, 180px\" \/><\/a>Es autor de <em>La Revoluci\u00f3n y las letras<\/em> en coautor\u00eda con Luis Leal, <em>Por los caminos de Proust<\/em>, <em>El libro de la imaginaci\u00f3n<\/em>, <em>Las dualidades funestas<\/em>, <em>Las ra\u00edces irritadas<\/em> y <em>S\u00f3lo los sue\u00f1os y los deseos son inmortales, Palomita<\/em>.<\/p>\n<p>Recibe varios premios y reconocimientos, destacan el Premio Nacional de Periodismo en 1981; el Premio Rosario Castellanos del Club de Periodistas de M\u00e9xico en 1982; le dedican el Encuentro de Narradores en Morelia en 1985; en la Universidad Nacional Aut\u00f3noma de M\u00e9xico le rinden un homenaje en 1987, La Universidad de Sonora le otorga el Doctorado Honoris Causa y en 1989, le dedican La Feria Internacional del Libro de Guadalajara.[\/vc_column_text][vc_single_image image=&#8221;28777&#8243; img_size=&#8221;full&#8221; alignment=&#8221;center&#8221; onclick=&#8221;link_image&#8221;][vc_column_text]<a class=\"dt-pswp-item\" href=\"https:\/\/www.imer.mx\/micrositios\/wp-content\/uploads\/sites\/49\/microsit_edmundo_valades_06.jpg\" data-dt-img-description=\"\" data-large_image_width=\"639\" data-large_image_height=\"857\"><img loading=\"lazy\" decoding=\"async\" class=\"alignleft wp-image-28778\" src=\"https:\/\/www.imer.mx\/micrositios\/wp-content\/uploads\/sites\/49\/microsit_edmundo_valades_06-224x300.jpg\" alt=\"\" width=\"194\" height=\"260\" srcset=\"https:\/\/www.imer.mx\/micrositios\/wp-content\/uploads\/sites\/49\/microsit_edmundo_valades_06-224x300.jpg 224w, https:\/\/www.imer.mx\/micrositios\/wp-content\/uploads\/sites\/49\/microsit_edmundo_valades_06.jpg 639w\" sizes=\"auto, (max-width: 194px) 100vw, 194px\" \/><\/a>Gracias a la edici\u00f3n de la revista <em>El Cuento<\/em> y su amplia trayectoria como antologador del g\u00e9nero, Edmundo Valad\u00e9s tiende puentes entre la literatura de M\u00e9xico y las letras universales, y colabora en la formaci\u00f3n de un p\u00fablico lector de relatos breves y reafirma la importancia de uno de los g\u00e9neros en el que M\u00e9xico destaca dentro de la tradici\u00f3n hispana.<\/p>\n<p>Muere en la Ciudad de M\u00e9xico a los 79 a\u00f1os el 30 de noviembre de 1994.<\/p>\n<p>Actualmente el Gobierno del Estado de Puebla a trav\u00e9s de la Secretar\u00eda de Cultura convocan al <em>Concurso Latinoamericano de Cuento Edmundo Valad\u00e9s<\/em>.<\/p>\n<p>Escucha los siguientes programas seleccionados de la Fonoteca Hist\u00f3rica del IMER, en los que se habla sobre la vida y obra de Edmundo Valad\u00e9s.[\/vc_column_text][\/vc_column][\/vc_row][vc_row][vc_column][vc_text_separator title=&#8221;Escucha los audios&#8221; i_icon_fontawesome=&#8221;fa fa-headphones&#8221; i_color=&#8221;custom&#8221; add_icon=&#8221;true&#8221; i_custom_color=&#8221;#017f71&#8243;][\/vc_column][\/vc_row][vc_row][vc_column][vc_column_text]<\/p>\n<div class=\"wp-playlist wp-audio-playlist wp-playlist-light\">\n\t\t\t<div class=\"wp-playlist-current-item\"><\/div>\n\t\t<audio controls=\"controls\" preload=\"none\" width=\"1178\"\n\t\t\t><\/audio>\n\t<div class=\"wp-playlist-next\"><\/div>\n\t<div class=\"wp-playlist-prev\"><\/div>\n\t<noscript>\n\t<ol>\n\t\t<li><a href='https:\/\/www.imer.mx\/micrositios\/wp-content\/uploads\/sites\/49\/micrositio_edmundo_valades_01_fn08010153046.mp3'>01 Edmundo Valad\u00e9s, semblanza en el programa \u201cVida y obra\u201d, transmitido en 2002<\/a><\/li><li><a href='https:\/\/www.imer.mx\/micrositios\/wp-content\/uploads\/sites\/49\/micrositio_edmundo_valades_02_fn08010136294.mp3'>02 Edmundo Valad\u00e9s, semblanza y fragmentos de \u201cLa muerte tiene permiso\u201d en el programa de Ren\u00e9 Avil\u00e9s Fabila \u201cFantas\u00edas en carrusel\u201d, transmitido en 1995<\/a><\/li><li><a href='https:\/\/www.imer.mx\/micrositios\/wp-content\/uploads\/sites\/49\/micrositio_edmundo_valades_03_fn08010132184.mp3'>03 Escucha a Edmundo Valad\u00e9s y fragmentos de \u201cLa muerte tiene permiso\u201d en el programa \u201cEl perfil de la palabra\u201d, transmitido en 1989<\/a><\/li><li><a href='https:\/\/www.imer.mx\/micrositios\/wp-content\/uploads\/sites\/49\/micrositio_edmundo_valades_04_fn08010118743.mp3'>04 Edmundo Valad\u00e9s, semblanza y fragmentos de \u201cEl extra\u00f1o\u201d, en el programa \u201cLos libros tienen la palabra\u201d, transmitido en 1988<\/a><\/li><li><a href='https:\/\/www.imer.mx\/micrositios\/wp-content\/uploads\/sites\/49\/micrositio_edmundo_valades_05_fn08010118153.mp3'>05 Edmundo Valad\u00e9s, vida y obra 1\u00aa. Parte, en el programa \u201cPlural a la carta\u201d, transmitido en 1995<\/a><\/li><li><a href='https:\/\/www.imer.mx\/micrositios\/wp-content\/uploads\/sites\/49\/micrositio_edmundo_valades_06_fn08010118154.mp3'>06 Edmundo Valad\u00e9s, vida y obra 2\u00aa. Parte, en el programa \u201cPlural a la carta\u201d, transmitido en 1995<\/a><\/li><li><a href='https:\/\/www.imer.mx\/micrositios\/wp-content\/uploads\/sites\/49\/micrositio_edmundo_valades_07_fn08010142569.mp3'>07 \u201cLa muerte tiene permiso\u201d de Edmundo Valad\u00e9s, narrado por Carlos Pichardo en el programa \u201cNarraciones nocturnas\u201d, transmitido en 2003<\/a><\/li><li><a href='https:\/\/www.imer.mx\/micrositios\/wp-content\/uploads\/sites\/49\/micrositio_edmundo_valades_08_fn08010119643.mp3'>08 \u201cTodos se han ido a otro planeta\u201d de Edmundo Valad\u00e9s, narrado por Germ\u00e1n Robles, en el programa \u201cLa magia del cuento\u201d, transmitido en 1993<\/a><\/li><li><a href='https:\/\/www.imer.mx\/micrositios\/wp-content\/uploads\/sites\/49\/micrositio_edmundo_valades_09_fn08010119715.mp3'>09 \u201cA veces se peleaba con su sombra\u201d de Edmundo Valad\u00e9s, narrado por Germ\u00e1n Robles en el programa \u201cLa magia del cuento\u201d, transmitido en 1993<\/a><\/li><li><a href='https:\/\/www.imer.mx\/micrositios\/wp-content\/uploads\/sites\/49\/micrositio_edmundo_valades_10_fn08010119717.mp3'>10 \u201cSe solicita una hada\u201d de Edmundo Valad\u00e9s, narrado por Blanca S\u00e1nchez en el programa \u201cLa magia del cuento\u201d, transmitido en 1993<\/a><\/li><li><a href='https:\/\/www.imer.mx\/micrositios\/wp-content\/uploads\/sites\/49\/micrositio_edmundo_valades_11_fn08010118388.mp3'>11 \u201cUn hombre camina\u201d de Edmundo Valad\u00e9s narrado por Germ\u00e1n Robles en el programa \u201cLa magia del cuento\u201d, transmitido en 1993<\/a><\/li><li><a href='https:\/\/www.imer.mx\/micrositios\/wp-content\/uploads\/sites\/49\/micrositio_edmundo_valades_12_fn10010168028.mp3'>12 \u201cLa muerte tiene permiso\u201d de Edmundo Valad\u00e9s, en el programa de Severo Mir\u00f3n en el programa \u201cPlat\u00edcame un libro\u201d, transmitido en 1988<\/a><\/li><li><a href='https:\/\/www.imer.mx\/micrositios\/wp-content\/uploads\/sites\/49\/micrositio_edmundo_valades_13_fn08010129869.mp3'>13 \u201c\u00bfQu\u00e9 pasa Mendoza?\u201d, fragmento de Edmundo Valad\u00e9s en el programa \u201cEl sue\u00f1o de una palabra\u201d, transmitido en 2001<\/a><\/li><li><a href='https:\/\/www.imer.mx\/micrositios\/wp-content\/uploads\/sites\/49\/micrositio_edmundo_valades_14_fn08010118746.mp3'>14 \u201cLa muerte tiene permiso de Edmundo Valad\u00e9s en el programa \u201cLos libros tienen la palabra\u201d, transmitido en 1988<\/a><\/li><li><a href='https:\/\/www.imer.mx\/micrositios\/wp-content\/uploads\/sites\/49\/micrositio_edmundo_valades_15_fn08010126925.mp3'>15 Edmundo Valad\u00e9s conversa con Cristina Pacheco sobre su vida y obra en el programa \u201cConversaciones\u201d I y II, del Programa Cultural de las Fronteras, transmitido en 1994<\/a><\/li><li><a href='https:\/\/www.imer.mx\/micrositios\/wp-content\/uploads\/sites\/49\/micrositio_edmundo_valades_16_fn08010126928.mp3'>16 Edmundo Valad\u00e9s conversa con Cristina Pacheco sobre su vida y obra en el programa \u201cConversaciones\u201d III y IV, del Programa Cultural de las Fronteras, transmitido en 1994<\/a><\/li><li><a href='https:\/\/www.imer.mx\/micrositios\/wp-content\/uploads\/sites\/49\/micrositio_edmundo_valades_17_fn08010126931.mp3'>17 Edmundo Valad\u00e9s conversa con Cristina Pacheco sobre su vida y obra en el programa \u201cConversaciones\u201d V y VI, del Programa Cultural de las Fronteras, transmitido en 1994<\/a><\/li><li><a href='https:\/\/www.imer.mx\/micrositios\/wp-content\/uploads\/sites\/49\/micrositio_edmundo_valades_18_fn08010126934.mp3'>18 Edmundo Valad\u00e9s conversa con Cristina Pacheco sobre su vida y obra en el programa \u201cConversaciones\u201d VII y VIII, del Programa Cultural de las Fronteras, transmitido en 1994<\/a><\/li><li><a href='https:\/\/www.imer.mx\/micrositios\/wp-content\/uploads\/sites\/49\/micrositio_edmundo_valades_19_fn08010126935.mp3'>19 Edmundo Valad\u00e9s conversa con Cristina Pacheco sobre su vida y obra en el programa \u201cConversaciones\u201d IX y X, del Programa Cultural de las Fronteras, transmitido en 1994<\/a><\/li><li><a href='https:\/\/www.imer.mx\/micrositios\/wp-content\/uploads\/sites\/49\/micrositio_edmundo_valades_20_fn08010126939.mp3'>20 Edmundo Valad\u00e9s conversa con Cristina Pacheco sobre su vida y obra en el programa \u201cConversaciones\u201d XI y XII, del Programa Cultural de las Fronteras, transmitido en 1994<\/a><\/li><li><a href='https:\/\/www.imer.mx\/micrositios\/wp-content\/uploads\/sites\/49\/micrositio_edmundo_valades_21_fn08010137505.mp3'>21 Edmundo Valad\u00e9s conversa con Cristina Pacheco sobre su vida y obra en el programa \u201cConversaciones\u201d XIII y XIV, del Programa Cultural de las Fronteras, transmitido en 1994<\/a><\/li><li><a href='https:\/\/www.imer.mx\/micrositios\/wp-content\/uploads\/sites\/49\/micrositio_edmundo_valades_22_fn08010137507.mp3'>22 Edmundo Valad\u00e9s conversa con Cristina Pacheco sobre su vida y obra en el programa \u201cConversaciones\u201d XV y XVI, del Programa Cultural de las Fronteras, transmitido en 1994<\/a><\/li><li><a href='https:\/\/www.imer.mx\/micrositios\/wp-content\/uploads\/sites\/49\/micrositio_edmundo_valades_23_fn08010137508.mp3'>23 Edmundo Valad\u00e9s conversa con Cristina Pacheco sobre su vida y obra en el programa \u201cConversaciones\u201d XVII y XVIII, del Programa Cultural de las Fronteras, transmitido en 1994<\/a><\/li>\t<\/ol>\n\t<\/noscript>\n\t<script type=\"application\/json\" class=\"wp-playlist-script\">{\"type\":\"audio\",\"tracklist\":true,\"tracknumbers\":true,\"images\":false,\"artists\":false,\"tracks\":[{\"src\":\"https:\/\/www.imer.mx\/micrositios\/wp-content\/uploads\/sites\/49\/micrositio_edmundo_valades_01_fn08010153046.mp3\",\"type\":\"audio\/mpeg\",\"title\":\"01 Edmundo Valad\\u00e9s, semblanza en el programa \\u201cVida y obra\\u201d, transmitido en 2002\",\"caption\":\"\",\"description\":\"\\u00ab01 Edmundo Valad\\u00e9s, semblanza en el programa \\u201cVida y obra\\u201d, transmitido en 2002\\u00bb en Edmundo Valad\\u00e9s 01 IMER.\",\"meta\":{\"artist\":\"Edmundo Valad\\u00e9s 01 IMER\",\"length_formatted\":\"4:36\"},\"image\":{\"src\":\"https:\/\/www.imer.mx\/micrositios\/wp-includes\/images\/media\/audio.svg\",\"width\":48,\"height\":64},\"thumb\":{\"src\":\"https:\/\/www.imer.mx\/micrositios\/wp-includes\/images\/media\/audio.svg\",\"width\":48,\"height\":64}},{\"src\":\"https:\/\/www.imer.mx\/micrositios\/wp-content\/uploads\/sites\/49\/micrositio_edmundo_valades_02_fn08010136294.mp3\",\"type\":\"audio\/mpeg\",\"title\":\"02 Edmundo Valad\\u00e9s, semblanza y fragmentos de \\u201cLa muerte tiene permiso\\u201d en el programa de Ren\\u00e9 Avil\\u00e9s Fabila \\u201cFantas\\u00edas en carrusel\\u201d, transmitido en 1995\",\"caption\":\"\",\"description\":\"\\u00ab02 Edmundo Valad\\u00e9s, semblanza y fragmentos de \\u201cLa muerte tiene permiso\\u201d en el programa de Ren\\u00e9 Avil\\u00e9s Fabila \\u201cFantas\\u00edas en carrusel\\u201d, transmitido en 1995\\u00bb en Edmundo Valad\\u00e9s 02 IMER.\",\"meta\":{\"artist\":\"Edmundo Valad\\u00e9s 02 IMER\",\"length_formatted\":\"29:55\"},\"image\":{\"src\":\"https:\/\/www.imer.mx\/micrositios\/wp-includes\/images\/media\/audio.svg\",\"width\":48,\"height\":64},\"thumb\":{\"src\":\"https:\/\/www.imer.mx\/micrositios\/wp-includes\/images\/media\/audio.svg\",\"width\":48,\"height\":64}},{\"src\":\"https:\/\/www.imer.mx\/micrositios\/wp-content\/uploads\/sites\/49\/micrositio_edmundo_valades_03_fn08010132184.mp3\",\"type\":\"audio\/mpeg\",\"title\":\"03 Escucha a Edmundo Valad\\u00e9s y fragmentos de \\u201cLa muerte tiene permiso\\u201d en el programa \\u201cEl perfil de la palabra\\u201d, transmitido en 1989\",\"caption\":\"\",\"description\":\"\\u00ab03 Escucha a Edmundo Valad\\u00e9s y fragmentos de \\u201cLa muerte tiene permiso\\u201d en el programa \\u201cEl perfil de la palabra\\u201d, transmitido en 1989\\u00bb en Edmundo Valad\\u00e9s 03 IMER.\",\"meta\":{\"artist\":\"Edmundo Valad\\u00e9s 03 IMER\",\"length_formatted\":\"28:59\"},\"image\":{\"src\":\"https:\/\/www.imer.mx\/micrositios\/wp-includes\/images\/media\/audio.svg\",\"width\":48,\"height\":64},\"thumb\":{\"src\":\"https:\/\/www.imer.mx\/micrositios\/wp-includes\/images\/media\/audio.svg\",\"width\":48,\"height\":64}},{\"src\":\"https:\/\/www.imer.mx\/micrositios\/wp-content\/uploads\/sites\/49\/micrositio_edmundo_valades_04_fn08010118743.mp3\",\"type\":\"audio\/mpeg\",\"title\":\"04 Edmundo Valad\\u00e9s, semblanza y fragmentos de \\u201cEl extra\\u00f1o\\u201d, en el programa \\u201cLos libros tienen la palabra\\u201d, transmitido en 1988\",\"caption\":\"\",\"description\":\"\\u00ab04 Edmundo Valad\\u00e9s, semblanza y fragmentos de \\u201cEl extra\\u00f1o\\u201d, en el programa \\u201cLos libros tienen la palabra\\u201d, transmitido en 1988\\u00bb en Edmundo Valad\\u00e9s 04 IMER.\",\"meta\":{\"artist\":\"Edmundo Valad\\u00e9s 04 IMER\",\"length_formatted\":\"19:57\"},\"image\":{\"src\":\"https:\/\/www.imer.mx\/micrositios\/wp-includes\/images\/media\/audio.svg\",\"width\":48,\"height\":64},\"thumb\":{\"src\":\"https:\/\/www.imer.mx\/micrositios\/wp-includes\/images\/media\/audio.svg\",\"width\":48,\"height\":64}},{\"src\":\"https:\/\/www.imer.mx\/micrositios\/wp-content\/uploads\/sites\/49\/micrositio_edmundo_valades_05_fn08010118153.mp3\",\"type\":\"audio\/mpeg\",\"title\":\"05 Edmundo Valad\\u00e9s, vida y obra 1\\u00aa. Parte, en el programa \\u201cPlural a la carta\\u201d, transmitido en 1995\",\"caption\":\"\",\"description\":\"\\u00ab05 Edmundo Valad\\u00e9s, vida y obra 1\\u00aa. Parte, en el programa \\u201cPlural a la carta\\u201d, transmitido en 1995\\u00bb en Edmundo Valad\\u00e9s 05 IMER.\",\"meta\":{\"artist\":\"Edmundo Valad\\u00e9s 05 IMER\",\"length_formatted\":\"25:46\"},\"image\":{\"src\":\"https:\/\/www.imer.mx\/micrositios\/wp-includes\/images\/media\/audio.svg\",\"width\":48,\"height\":64},\"thumb\":{\"src\":\"https:\/\/www.imer.mx\/micrositios\/wp-includes\/images\/media\/audio.svg\",\"width\":48,\"height\":64}},{\"src\":\"https:\/\/www.imer.mx\/micrositios\/wp-content\/uploads\/sites\/49\/micrositio_edmundo_valades_06_fn08010118154.mp3\",\"type\":\"audio\/mpeg\",\"title\":\"06 Edmundo Valad\\u00e9s, vida y obra 2\\u00aa. Parte, en el programa \\u201cPlural a la carta\\u201d, transmitido en 1995\",\"caption\":\"\",\"description\":\"\\u00ab06 Edmundo Valad\\u00e9s, vida y obra 2\\u00aa. Parte, en el programa \\u201cPlural a la carta\\u201d, transmitido en 1995\\u00bb en Edmundo Valad\\u00e9s 06 IMER.\",\"meta\":{\"artist\":\"Edmundo Valad\\u00e9s 06 IMER\",\"length_formatted\":\"30:39\"},\"image\":{\"src\":\"https:\/\/www.imer.mx\/micrositios\/wp-includes\/images\/media\/audio.svg\",\"width\":48,\"height\":64},\"thumb\":{\"src\":\"https:\/\/www.imer.mx\/micrositios\/wp-includes\/images\/media\/audio.svg\",\"width\":48,\"height\":64}},{\"src\":\"https:\/\/www.imer.mx\/micrositios\/wp-content\/uploads\/sites\/49\/micrositio_edmundo_valades_07_fn08010142569.mp3\",\"type\":\"audio\/mpeg\",\"title\":\"07 \\u201cLa muerte tiene permiso\\u201d de Edmundo Valad\\u00e9s, narrado por Carlos Pichardo en el programa \\u201cNarraciones nocturnas\\u201d, transmitido en 2003\",\"caption\":\"\",\"description\":\"\\u00ab07 \\u201cLa muerte tiene permiso\\u201d de Edmundo Valad\\u00e9s, narrado por Carlos Pichardo en el programa \\u201cNarraciones nocturnas\\u201d, transmitido en 2003\\u00bb en Edmundo Valad\\u00e9s 07 IMER.\",\"meta\":{\"artist\":\"Edmundo Valad\\u00e9s 07 IMER\",\"length_formatted\":\"21:42\"},\"image\":{\"src\":\"https:\/\/www.imer.mx\/micrositios\/wp-includes\/images\/media\/audio.svg\",\"width\":48,\"height\":64},\"thumb\":{\"src\":\"https:\/\/www.imer.mx\/micrositios\/wp-includes\/images\/media\/audio.svg\",\"width\":48,\"height\":64}},{\"src\":\"https:\/\/www.imer.mx\/micrositios\/wp-content\/uploads\/sites\/49\/micrositio_edmundo_valades_08_fn08010119643.mp3\",\"type\":\"audio\/mpeg\",\"title\":\"08 \\u201cTodos se han ido a otro planeta\\u201d de Edmundo Valad\\u00e9s, narrado por Germ\\u00e1n Robles, en el programa \\u201cLa magia del cuento\\u201d, transmitido en 1993\",\"caption\":\"\",\"description\":\"\\u00ab08 \\u201cTodos se han ido a otro planeta\\u201d de Edmundo Valad\\u00e9s, narrado por Germ\\u00e1n Robles, en el programa \\u201cLa magia del cuento\\u201d, transmitido en 1993\\u00bb en Edmundo Valad\\u00e9s 08 IMER.\",\"meta\":{\"artist\":\"Edmundo Valad\\u00e9s 08 IMER\",\"length_formatted\":\"18:45\"},\"image\":{\"src\":\"https:\/\/www.imer.mx\/micrositios\/wp-includes\/images\/media\/audio.svg\",\"width\":48,\"height\":64},\"thumb\":{\"src\":\"https:\/\/www.imer.mx\/micrositios\/wp-includes\/images\/media\/audio.svg\",\"width\":48,\"height\":64}},{\"src\":\"https:\/\/www.imer.mx\/micrositios\/wp-content\/uploads\/sites\/49\/micrositio_edmundo_valades_09_fn08010119715.mp3\",\"type\":\"audio\/mpeg\",\"title\":\"09 \\u201cA veces se peleaba con su sombra\\u201d de Edmundo Valad\\u00e9s, narrado por Germ\\u00e1n Robles en el programa \\u201cLa magia del cuento\\u201d, transmitido en 1993\",\"caption\":\"\",\"description\":\"\\u00ab09 \\u201cA veces se peleaba con su sombra\\u201d de Edmundo Valad\\u00e9s, narrado por Germ\\u00e1n Robles en el programa \\u201cLa magia del cuento\\u201d, transmitido en 1993\\u00bb en Edmundo Valad\\u00e9s 09 IMER.\",\"meta\":{\"artist\":\"Edmundo Valad\\u00e9s 09 IMER\",\"length_formatted\":\"17:12\"},\"image\":{\"src\":\"https:\/\/www.imer.mx\/micrositios\/wp-includes\/images\/media\/audio.svg\",\"width\":48,\"height\":64},\"thumb\":{\"src\":\"https:\/\/www.imer.mx\/micrositios\/wp-includes\/images\/media\/audio.svg\",\"width\":48,\"height\":64}},{\"src\":\"https:\/\/www.imer.mx\/micrositios\/wp-content\/uploads\/sites\/49\/micrositio_edmundo_valades_10_fn08010119717.mp3\",\"type\":\"audio\/mpeg\",\"title\":\"10 \\u201cSe solicita una hada\\u201d de Edmundo Valad\\u00e9s, narrado por Blanca S\\u00e1nchez en el programa \\u201cLa magia del cuento\\u201d, transmitido en 1993\",\"caption\":\"\",\"description\":\"\\u00ab10 \\u201cSe solicita una hada\\u201d de Edmundo Valad\\u00e9s, narrado por Blanca S\\u00e1nchez en el programa \\u201cLa magia del cuento\\u201d, transmitido en 1993\\u00bb en Edmundo Valad\\u00e9s 10 IMER.\",\"meta\":{\"artist\":\"Edmundo Valad\\u00e9s 10 IMER\",\"length_formatted\":\"9:45\"},\"image\":{\"src\":\"https:\/\/www.imer.mx\/micrositios\/wp-includes\/images\/media\/audio.svg\",\"width\":48,\"height\":64},\"thumb\":{\"src\":\"https:\/\/www.imer.mx\/micrositios\/wp-includes\/images\/media\/audio.svg\",\"width\":48,\"height\":64}},{\"src\":\"https:\/\/www.imer.mx\/micrositios\/wp-content\/uploads\/sites\/49\/micrositio_edmundo_valades_11_fn08010118388.mp3\",\"type\":\"audio\/mpeg\",\"title\":\"11 \\u201cUn hombre camina\\u201d de Edmundo Valad\\u00e9s narrado por Germ\\u00e1n Robles en el programa \\u201cLa magia del cuento\\u201d, transmitido en 1993\",\"caption\":\"\",\"description\":\"\\u00ab11 \\u201cUn hombre camina\\u201d de Edmundo Valad\\u00e9s narrado por Germ\\u00e1n Robles en el programa \\u201cLa magia del cuento\\u201d, transmitido en 1993\\u00bb en Edmundo Valad\\u00e9s 11 IMER.\",\"meta\":{\"artist\":\"Edmundo Valad\\u00e9s 11 IMER\",\"length_formatted\":\"12:38\"},\"image\":{\"src\":\"https:\/\/www.imer.mx\/micrositios\/wp-includes\/images\/media\/audio.svg\",\"width\":48,\"height\":64},\"thumb\":{\"src\":\"https:\/\/www.imer.mx\/micrositios\/wp-includes\/images\/media\/audio.svg\",\"width\":48,\"height\":64}},{\"src\":\"https:\/\/www.imer.mx\/micrositios\/wp-content\/uploads\/sites\/49\/micrositio_edmundo_valades_12_fn10010168028.mp3\",\"type\":\"audio\/mpeg\",\"title\":\"12 \\u201cLa muerte tiene permiso\\u201d de Edmundo Valad\\u00e9s, en el programa de Severo Mir\\u00f3n en el programa \\u201cPlat\\u00edcame un libro\\u201d, transmitido en 1988\",\"caption\":\"\",\"description\":\"\\u00ab12 \\u201cLa muerte tiene permiso\\u201d de Edmundo Valad\\u00e9s, en el programa de Severo Mir\\u00f3n en el programa \\u201cPlat\\u00edcame un libro\\u201d, transmitido en 1988\\u00bb en Edmundo Valad\\u00e9s 12 IMER.\",\"meta\":{\"artist\":\"Edmundo Valad\\u00e9s 12 IMER\",\"length_formatted\":\"10:43\"},\"image\":{\"src\":\"https:\/\/www.imer.mx\/micrositios\/wp-includes\/images\/media\/audio.svg\",\"width\":48,\"height\":64},\"thumb\":{\"src\":\"https:\/\/www.imer.mx\/micrositios\/wp-includes\/images\/media\/audio.svg\",\"width\":48,\"height\":64}},{\"src\":\"https:\/\/www.imer.mx\/micrositios\/wp-content\/uploads\/sites\/49\/micrositio_edmundo_valades_13_fn08010129869.mp3\",\"type\":\"audio\/mpeg\",\"title\":\"13 \\u201c\\u00bfQu\\u00e9 pasa Mendoza?\\u201d, fragmento de Edmundo Valad\\u00e9s en el programa \\u201cEl sue\\u00f1o de una palabra\\u201d, transmitido en 2001\",\"caption\":\"\",\"description\":\"\\u00ab13 \\u201c\\u00bfQu\\u00e9 pasa Mendoza?\\u201d, fragmento de Edmundo Valad\\u00e9s en el programa \\u201cEl sue\\u00f1o de una palabra\\u201d, transmitido en 2001\\u00bb en Edmundo Valad\\u00e9s 13 IMER.\",\"meta\":{\"artist\":\"Edmundo Valad\\u00e9s 13 IMER\",\"length_formatted\":\"6:24\"},\"image\":{\"src\":\"https:\/\/www.imer.mx\/micrositios\/wp-includes\/images\/media\/audio.svg\",\"width\":48,\"height\":64},\"thumb\":{\"src\":\"https:\/\/www.imer.mx\/micrositios\/wp-includes\/images\/media\/audio.svg\",\"width\":48,\"height\":64}},{\"src\":\"https:\/\/www.imer.mx\/micrositios\/wp-content\/uploads\/sites\/49\/micrositio_edmundo_valades_14_fn08010118746.mp3\",\"type\":\"audio\/mpeg\",\"title\":\"14 \\u201cLa muerte tiene permiso de Edmundo Valad\\u00e9s en el programa \\u201cLos libros tienen la palabra\\u201d, transmitido en 1988\",\"caption\":\"\",\"description\":\"\\u00ab14 \\u201cLa muerte tiene permiso de Edmundo Valad\\u00e9s en el programa \\u201cLos libros tienen la palabra\\u201d, transmitido en 1988\\u00bb en Edmundo Valad\\u00e9s 14 IMER.\",\"meta\":{\"artist\":\"Edmundo Valad\\u00e9s 14 IMER\",\"length_formatted\":\"6:47\"},\"image\":{\"src\":\"https:\/\/www.imer.mx\/micrositios\/wp-includes\/images\/media\/audio.svg\",\"width\":48,\"height\":64},\"thumb\":{\"src\":\"https:\/\/www.imer.mx\/micrositios\/wp-includes\/images\/media\/audio.svg\",\"width\":48,\"height\":64}},{\"src\":\"https:\/\/www.imer.mx\/micrositios\/wp-content\/uploads\/sites\/49\/micrositio_edmundo_valades_15_fn08010126925.mp3\",\"type\":\"audio\/mpeg\",\"title\":\"15 Edmundo Valad\\u00e9s conversa con Cristina Pacheco sobre su vida y obra en el programa \\u201cConversaciones\\u201d I y II, del Programa Cultural de las Fronteras, transmitido en 1994\",\"caption\":\"\",\"description\":\"\\u00ab15 Edmundo Valad\\u00e9s conversa con Cristina Pacheco sobre su vida y obra en el programa \\u201cConversaciones\\u201d I y II, del Programa Cultural de las Fronteras, transmitido en 1994\\u00bb en Edmundo Valad\\u00e9s 15 IMER.\",\"meta\":{\"artist\":\"Edmundo Valad\\u00e9s 15 IMER\",\"length_formatted\":\"31:04\"},\"image\":{\"src\":\"https:\/\/www.imer.mx\/micrositios\/wp-includes\/images\/media\/audio.svg\",\"width\":48,\"height\":64},\"thumb\":{\"src\":\"https:\/\/www.imer.mx\/micrositios\/wp-includes\/images\/media\/audio.svg\",\"width\":48,\"height\":64}},{\"src\":\"https:\/\/www.imer.mx\/micrositios\/wp-content\/uploads\/sites\/49\/micrositio_edmundo_valades_16_fn08010126928.mp3\",\"type\":\"audio\/mpeg\",\"title\":\"16 Edmundo Valad\\u00e9s conversa con Cristina Pacheco sobre su vida y obra en el programa \\u201cConversaciones\\u201d III y IV, del Programa Cultural de las Fronteras, transmitido en 1994\",\"caption\":\"\",\"description\":\"\\u00ab16 Edmundo Valad\\u00e9s conversa con Cristina Pacheco sobre su vida y obra en el programa \\u201cConversaciones\\u201d III y IV, del Programa Cultural de las Fronteras, transmitido en 1994\\u00bb en Edmundo Valad\\u00e9s 16 IMER.\",\"meta\":{\"artist\":\"Edmundo Valad\\u00e9s 16 IMER\",\"length_formatted\":\"31:06\"},\"image\":{\"src\":\"https:\/\/www.imer.mx\/micrositios\/wp-includes\/images\/media\/audio.svg\",\"width\":48,\"height\":64},\"thumb\":{\"src\":\"https:\/\/www.imer.mx\/micrositios\/wp-includes\/images\/media\/audio.svg\",\"width\":48,\"height\":64}},{\"src\":\"https:\/\/www.imer.mx\/micrositios\/wp-content\/uploads\/sites\/49\/micrositio_edmundo_valades_17_fn08010126931.mp3\",\"type\":\"audio\/mpeg\",\"title\":\"17 Edmundo Valad\\u00e9s conversa con Cristina Pacheco sobre su vida y obra en el programa \\u201cConversaciones\\u201d V y VI, del Programa Cultural de las Fronteras, transmitido en 1994\",\"caption\":\"\",\"description\":\"\\u00ab17 Edmundo Valad\\u00e9s conversa con Cristina Pacheco sobre su vida y obra en el programa \\u201cConversaciones\\u201d V y VI, del Programa Cultural de las Fronteras, transmitido en 1994\\u00bb en Edmundo Valad\\u00e9s 17 IMER.\",\"meta\":{\"artist\":\"Edmundo Valad\\u00e9s 17 IMER\",\"length_formatted\":\"29:53\"},\"image\":{\"src\":\"https:\/\/www.imer.mx\/micrositios\/wp-includes\/images\/media\/audio.svg\",\"width\":48,\"height\":64},\"thumb\":{\"src\":\"https:\/\/www.imer.mx\/micrositios\/wp-includes\/images\/media\/audio.svg\",\"width\":48,\"height\":64}},{\"src\":\"https:\/\/www.imer.mx\/micrositios\/wp-content\/uploads\/sites\/49\/micrositio_edmundo_valades_18_fn08010126934.mp3\",\"type\":\"audio\/mpeg\",\"title\":\"18 Edmundo Valad\\u00e9s conversa con Cristina Pacheco sobre su vida y obra en el programa \\u201cConversaciones\\u201d VII y VIII, del Programa Cultural de las Fronteras, transmitido en 1994\",\"caption\":\"\",\"description\":\"\\u00ab18 Edmundo Valad\\u00e9s conversa con Cristina Pacheco sobre su vida y obra en el programa \\u201cConversaciones\\u201d VII y VIII, del Programa Cultural de las Fronteras, transmitido en 1994\\u00bb en Edmundo Valad\\u00e9s 18 IMER.\",\"meta\":{\"artist\":\"Edmundo Valad\\u00e9s 18 IMER\",\"length_formatted\":\"26:28\"},\"image\":{\"src\":\"https:\/\/www.imer.mx\/micrositios\/wp-includes\/images\/media\/audio.svg\",\"width\":48,\"height\":64},\"thumb\":{\"src\":\"https:\/\/www.imer.mx\/micrositios\/wp-includes\/images\/media\/audio.svg\",\"width\":48,\"height\":64}},{\"src\":\"https:\/\/www.imer.mx\/micrositios\/wp-content\/uploads\/sites\/49\/micrositio_edmundo_valades_19_fn08010126935.mp3\",\"type\":\"audio\/mpeg\",\"title\":\"19 Edmundo Valad\\u00e9s conversa con Cristina Pacheco sobre su vida y obra en el programa \\u201cConversaciones\\u201d IX y X, del Programa Cultural de las Fronteras, transmitido en 1994\",\"caption\":\"\",\"description\":\"\\u00ab19 Edmundo Valad\\u00e9s conversa con Cristina Pacheco sobre su vida y obra en el programa \\u201cConversaciones\\u201d IX y X, del Programa Cultural de las Fronteras, transmitido en 1994\\u00bb en Edmundo Valad\\u00e9s 19 IMER.\",\"meta\":{\"artist\":\"Edmundo Valad\\u00e9s 19 IMER\",\"length_formatted\":\"29:48\"},\"image\":{\"src\":\"https:\/\/www.imer.mx\/micrositios\/wp-includes\/images\/media\/audio.svg\",\"width\":48,\"height\":64},\"thumb\":{\"src\":\"https:\/\/www.imer.mx\/micrositios\/wp-includes\/images\/media\/audio.svg\",\"width\":48,\"height\":64}},{\"src\":\"https:\/\/www.imer.mx\/micrositios\/wp-content\/uploads\/sites\/49\/micrositio_edmundo_valades_20_fn08010126939.mp3\",\"type\":\"audio\/mpeg\",\"title\":\"20 Edmundo Valad\\u00e9s conversa con Cristina Pacheco sobre su vida y obra en el programa \\u201cConversaciones\\u201d XI y XII, del Programa Cultural de las Fronteras, transmitido en 1994\",\"caption\":\"\",\"description\":\"\\u00ab20 Edmundo Valad\\u00e9s conversa con Cristina Pacheco sobre su vida y obra en el programa \\u201cConversaciones\\u201d XI y XII, del Programa Cultural de las Fronteras, transmitido en 1994\\u00bb en Edmundo Valad\\u00e9s 20 IMER.\",\"meta\":{\"artist\":\"Edmundo Valad\\u00e9s 20 IMER\",\"length_formatted\":\"28:09\"},\"image\":{\"src\":\"https:\/\/www.imer.mx\/micrositios\/wp-includes\/images\/media\/audio.svg\",\"width\":48,\"height\":64},\"thumb\":{\"src\":\"https:\/\/www.imer.mx\/micrositios\/wp-includes\/images\/media\/audio.svg\",\"width\":48,\"height\":64}},{\"src\":\"https:\/\/www.imer.mx\/micrositios\/wp-content\/uploads\/sites\/49\/micrositio_edmundo_valades_21_fn08010137505.mp3\",\"type\":\"audio\/mpeg\",\"title\":\"21 Edmundo Valad\\u00e9s conversa con Cristina Pacheco sobre su vida y obra en el programa \\u201cConversaciones\\u201d XIII y XIV, del Programa Cultural de las Fronteras, transmitido en 1994\",\"caption\":\"\",\"description\":\"\\u00ab21 Edmundo Valad\\u00e9s conversa con Cristina Pacheco sobre su vida y obra en el programa \\u201cConversaciones\\u201d XIII y XIV, del Programa Cultural de las Fronteras, transmitido en 1994\\u00bb en Edmundo Valad\\u00e9s 21 IMER.\",\"meta\":{\"artist\":\"Edmundo Valad\\u00e9s 21 IMER\",\"length_formatted\":\"26:37\"},\"image\":{\"src\":\"https:\/\/www.imer.mx\/micrositios\/wp-includes\/images\/media\/audio.svg\",\"width\":48,\"height\":64},\"thumb\":{\"src\":\"https:\/\/www.imer.mx\/micrositios\/wp-includes\/images\/media\/audio.svg\",\"width\":48,\"height\":64}},{\"src\":\"https:\/\/www.imer.mx\/micrositios\/wp-content\/uploads\/sites\/49\/micrositio_edmundo_valades_22_fn08010137507.mp3\",\"type\":\"audio\/mpeg\",\"title\":\"22 Edmundo Valad\\u00e9s conversa con Cristina Pacheco sobre su vida y obra en el programa \\u201cConversaciones\\u201d XV y XVI, del Programa Cultural de las Fronteras, transmitido en 1994\",\"caption\":\"\",\"description\":\"\\u00ab22 Edmundo Valad\\u00e9s conversa con Cristina Pacheco sobre su vida y obra en el programa \\u201cConversaciones\\u201d XV y XVI, del Programa Cultural de las Fronteras, transmitido en 1994\\u00bb en Edmundo Valad\\u00e9s 22 IMER.\",\"meta\":{\"artist\":\"Edmundo Valad\\u00e9s 22 IMER\",\"length_formatted\":\"31:00\"},\"image\":{\"src\":\"https:\/\/www.imer.mx\/micrositios\/wp-includes\/images\/media\/audio.svg\",\"width\":48,\"height\":64},\"thumb\":{\"src\":\"https:\/\/www.imer.mx\/micrositios\/wp-includes\/images\/media\/audio.svg\",\"width\":48,\"height\":64}},{\"src\":\"https:\/\/www.imer.mx\/micrositios\/wp-content\/uploads\/sites\/49\/micrositio_edmundo_valades_23_fn08010137508.mp3\",\"type\":\"audio\/mpeg\",\"title\":\"23 Edmundo Valad\\u00e9s conversa con Cristina Pacheco sobre su vida y obra en el programa \\u201cConversaciones\\u201d XVII y XVIII, del Programa Cultural de las Fronteras, transmitido en 1994\",\"caption\":\"\",\"description\":\"\\u00ab23 Edmundo Valad\\u00e9s conversa con Cristina Pacheco sobre su vida y obra en el programa \\u201cConversaciones\\u201d XVII y XVIII, del Programa Cultural de las Fronteras, transmitido en 1994\\u00bb en Edmundo Valad\\u00e9s 23 IMER.\",\"meta\":{\"artist\":\"Edmundo Valad\\u00e9s 23 IMER\",\"length_formatted\":\"30:35\"},\"image\":{\"src\":\"https:\/\/www.imer.mx\/micrositios\/wp-includes\/images\/media\/audio.svg\",\"width\":48,\"height\":64},\"thumb\":{\"src\":\"https:\/\/www.imer.mx\/micrositios\/wp-includes\/images\/media\/audio.svg\",\"width\":48,\"height\":64}}]}<\/script>\n<\/div>\n\t\n<p>[\/vc_column_text][\/vc_column][\/vc_row]<\/p>\n<\/div>","protected":false},"excerpt":{"rendered":"<p>[vc_row][vc_column css=&#8221;.vc_custom_1600237075233{margin-top: -50px !important;}&#8221;][vc_single_image image=&#8221;28780&#8243; img_size=&#8221;full&#8221; alignment=&#8221;center&#8221; image_hovers=&#8221;false&#8221; lazy_loading=&#8221;true&#8221;][\/vc_column][\/vc_row][vc_row][vc_column][vc_custom_heading text=&#8221;Edmundo Valad\u00e9s&#8221; google_fonts=&#8221;font_family:Nothing%20You%20Could%20Do%3Aregular|font_style:400%20regular%3A400%3Anormal&#8221;][\/vc_column][\/vc_row][vc_row][vc_column width=&#8221;1\/2&#8243;][vc_column_text]Escritor, periodista, editor y gran intelectual mexicano del siglo XX, Edmundo Valad\u00e9s nace en Guaymas Sonora el 22 de febrero de 1915. Enamorado del cuento como g\u00e9nero, apoya su difusi\u00f3n e impulsa su escritura a trav\u00e9s de encuentros, talleres literarios y con la&hellip;<\/p>\n","protected":false},"author":1,"featured_media":0,"parent":0,"menu_order":0,"comment_status":"closed","ping_status":"closed","template":"","meta":{"wp_popup_display_lightbox":0,"wp_popup_suppress":"","wp_popup_trigger":"","wp_popup_trigger_amount":0,"wp_popup_disable_on_mobile":false,"footnotes":""},"class_list":["post-28771","page","type-page","status-publish","hentry","description-off"],"_links":{"self":[{"href":"https:\/\/www.imer.mx\/micrositios\/wp-json\/wp\/v2\/pages\/28771","targetHints":{"allow":["GET"]}}],"collection":[{"href":"https:\/\/www.imer.mx\/micrositios\/wp-json\/wp\/v2\/pages"}],"about":[{"href":"https:\/\/www.imer.mx\/micrositios\/wp-json\/wp\/v2\/types\/page"}],"author":[{"embeddable":true,"href":"https:\/\/www.imer.mx\/micrositios\/wp-json\/wp\/v2\/users\/1"}],"replies":[{"embeddable":true,"href":"https:\/\/www.imer.mx\/micrositios\/wp-json\/wp\/v2\/comments?post=28771"}],"version-history":[{"count":0,"href":"https:\/\/www.imer.mx\/micrositios\/wp-json\/wp\/v2\/pages\/28771\/revisions"}],"wp:attachment":[{"href":"https:\/\/www.imer.mx\/micrositios\/wp-json\/wp\/v2\/media?parent=28771"}],"curies":[{"name":"wp","href":"https:\/\/api.w.org\/{rel}","templated":true}]}}