{"id":25282,"date":"2017-05-15T17:50:06","date_gmt":"2017-05-15T22:50:06","guid":{"rendered":"http:\/\/www.imer.mx\/micrositios\/?page_id=25282"},"modified":"2017-05-31T14:11:14","modified_gmt":"2017-05-31T19:11:14","slug":"juan-rulfo","status":"publish","type":"page","link":"https:\/\/www.imer.mx\/micrositios\/juan-rulfo\/","title":{"rendered":"Juan Rulfo"},"content":{"rendered":"<div class=\"wpb-content-wrapper\" id=\"wpb-content-root\"><p>[vc_row][vc_column][vc_single_image image=&#8221;25328&#8243; img_size=&#8221;full&#8221; alignment=&#8221;center&#8221; image_hovers=&#8221;false&#8221; lazy_loading=&#8221;true&#8221;][\/vc_column][\/vc_row][vc_row][vc_column][vc_column_text]<\/p>\n<p class=\"p1\"><span class=\"s1\">El 16 de mayo de 1917 Nace Juan Rulfo, escritor, guionista y fot\u00f3grafo mexicano. Uno de los grandes escritores latinoamericanos del siglo XX. Creador de un universo rural y fant\u00e1stico con un profundo drama de la condici\u00f3n humana. En 1956 recibe el premio \u201cXavier Villaurrutia\u201d, en 1970 recibe el \u201cPremio Nacional de Literatura\u201d y en 1983 el \u201cPremio Pr\u00edncipe de Asturias\u201d. \u201cEl llano en llamas\u201d y \u201cPedro P\u00e1ramo\u201d son las dos obras que escribi\u00f3 Juan Rulfo y con ellas pas\u00f3 a ser considerado como uno de los grandes autores de la literatura universal, traducidas a m\u00e1s de 50 idiomas. Muere el 7 de enero de 1986.<\/span><\/p>\n<p>[\/vc_column_text][\/vc_column][\/vc_row][vc_row][vc_column][vc_text_separator title=&#8221;Escucha los audios&#8221; i_icon_fontawesome=&#8221;fa fa-headphones&#8221; i_color=&#8221;custom&#8221; add_icon=&#8221;true&#8221; i_custom_color=&#8221;#017f71&#8243;][\/vc_column][\/vc_row][vc_row][vc_column][vc_column_text]<\/p>\n<div class=\"wp-playlist wp-audio-playlist wp-playlist-light\">\n\t\t\t<div class=\"wp-playlist-current-item\"><\/div>\n\t\t<audio controls=\"controls\" preload=\"none\" width=\"1178\"\n\t\t\t><\/audio>\n\t<div class=\"wp-playlist-next\"><\/div>\n\t<div class=\"wp-playlist-prev\"><\/div>\n\t<noscript>\n\t<ol>\n\t\t<li><a href='https:\/\/www.imer.mx\/micrositios\/wp-content\/uploads\/sites\/49\/01_FN08010126289_juan-rulfo.mp3'>Juan Rulfo. Programa Especial, transmitido en 1992<\/a><\/li><li><a href='https:\/\/www.imer.mx\/micrositios\/wp-content\/uploads\/sites\/49\/02_FN08010127143_juan-rulfo.mp3'>\u00bfNo oyes ladrar a los perros? de  Juan Rulfo, transmitido en julio de 1991<\/a><\/li><li><a href='https:\/\/www.imer.mx\/micrositios\/wp-content\/uploads\/sites\/49\/03_FN10010184473_juan-rulfo.mp3'>Escucha una semblanza sobre Juan Rulfo y su obra en el programa \u201cEcos\u201d, transmitido en febrero de 2000<\/a><\/li><li><a href='https:\/\/www.imer.mx\/micrositios\/wp-content\/uploads\/sites\/49\/04_FN08010120642_juan-rulfo.mp3'>Escucha \u201cC\u00e1psulas Independencia y revoluci\u00f3n\u201d en el que se presenta una breve semblanza sobre Juan Rulfo, transmitido en agosto de 1985<\/a><\/li><li><a href='https:\/\/www.imer.mx\/micrositios\/wp-content\/uploads\/sites\/49\/05_FN08010135987_juan-rulfo.mp3'>Escucha \u201cC\u00e1psulas institucionales\u201d en el que se presenta una breve semblanza sobre Juan Rulfo, transmitida en mayo de 1985<\/a><\/li><li><a href='https:\/\/www.imer.mx\/micrositios\/wp-content\/uploads\/sites\/49\/06_FN08010128665_juan-rulfo.mp3'>Escucha una semblanza sobre Juan Rulfo en el programa \u201cCosas de ayer, algo de hoy\u201d, transmita en 1999<\/a><\/li><li><a href='https:\/\/www.imer.mx\/micrositios\/wp-content\/uploads\/sites\/49\/07_FN08010129866_juan-rulfo.mp3'>Escucha un fragmento de \u201cAnacleto Morones de Juan Rulfo en el programa \u201cEl sue\u00f1o de una palabra\u201d, transmitido en 2001<\/a><\/li><li><a href='https:\/\/www.imer.mx\/micrositios\/wp-content\/uploads\/sites\/49\/08_FN08010129874_juan-rulfo.mp3'>Escucha un fragmento de \u201cLa cuesta de las comadres\u201d de Juan Rulfo en el programa \u201cEl sue\u00f1o de una palabra\u201d, transmitido en 2001<\/a><\/li><li><a href='https:\/\/www.imer.mx\/micrositios\/wp-content\/uploads\/sites\/49\/09_FN08010134302_juan-rulfo.mp3'>Escucha un fragmento de \u201cPedro P\u00e1ramo de Juan Rulfo en el programa \u201cEl sue\u00f1o de una palabra\u201d, transmitido en 2001<\/a><\/li><li><a href='https:\/\/www.imer.mx\/micrositios\/wp-content\/uploads\/sites\/49\/10_FN08010136281_juan-rulfo.mp3'>Ren\u00e9 Avil\u00e9s Fabila presenta un fragmento de \u201cDiles que no me maten\u201d de Juan Rulfo en el programa \u201cFantas\u00edas en carrusel\u201d, transmitido en 1995<\/a><\/li><li><a href='https:\/\/www.imer.mx\/micrositios\/wp-content\/uploads\/sites\/49\/11_FN08010121029_juan-rulfo.mp3'>Escucha \u00bfNo oyes ladrar a los perros? de  Juan Rulfo en el programa \u201cHagamos teatro\u201d, transmitido en 1991<\/a><\/li><li><a href='https:\/\/www.imer.mx\/micrositios\/wp-content\/uploads\/sites\/49\/12_FN08010118325_juan-rulfo.mp3'>Escucha \u201cEl hombre\u201d  de Juan Rulfo narrado por Germ\u00e1n Robles en el programa  \u201cLa magia del cuento\u201d, transmitido en 1993<\/a><\/li><li><a href='https:\/\/www.imer.mx\/micrositios\/wp-content\/uploads\/sites\/49\/13_FN08010118414_juan-rulfo.mp3'>Escucha \u201cEl D\u00eda del derrumbe\u201d de Juan Rulfo narrado por Germ\u00e1n Robles en el programa \u201cla magia del cuento\u201d, transmitido en 1993<\/a><\/li><li><a href='https:\/\/www.imer.mx\/micrositios\/wp-content\/uploads\/sites\/49\/14_FN08010118739_juan-rulfo.mp3'>Escucha una la vida y obra de Juan Rulfo en el programa \u201cLos libros tienen la palabra\u201d, transmitido en 1988<\/a><\/li><li><a href='https:\/\/www.imer.mx\/micrositios\/wp-content\/uploads\/sites\/49\/15_FN08020009725_juan-rulfo.mp3'>Escucha a Eduardo Lizalde hablar sobre la obra de Juan Rulfo en el programa \u201cMemorias y presencias\u201d, transmitido en abril de 2001<\/a><\/li><li><a href='https:\/\/www.imer.mx\/micrositios\/wp-content\/uploads\/sites\/49\/16_FN08010129705_juan-rulfo.mp3'>Escucha la vida y obra de Juan Rulfo en el programa \u201cM\u00e9xico y su cultura\u201d, transmitido en junio de 1987<\/a><\/li><li><a href='https:\/\/www.imer.mx\/micrositios\/wp-content\/uploads\/sites\/49\/17_FN08010142511_juan-rulfo.mp3'>Escucha \u201cLa cuesta de las comadres\u201d narrado por Carlos Pichardo en el programa \u201cNarraciones nocturnas\u201d, transmitido en 2003<\/a><\/li><li><a href='https:\/\/www.imer.mx\/micrositios\/wp-content\/uploads\/sites\/49\/18_FN08010142526_juan-rulfo.mp3'>Escucha \u201cDiles que no me maten\u201d de Juan Rulfo narrado por Carlos Pichardo en el programa \u201cNarraciones nocturnas\u201d, transmitido en 2003<\/a><\/li><li><a href='https:\/\/www.imer.mx\/micrositios\/wp-content\/uploads\/sites\/49\/19_FN10010167996_juan-rulfo.mp3'>Escucha \u201cEl llano en llamas\u201d narrado por Severo Mir\u00f3n en el programa \u201cPlat\u00edcame un libro\u201d, transmitido en 1988<\/a><\/li><li><a href='https:\/\/www.imer.mx\/micrositios\/wp-content\/uploads\/sites\/49\/20_FN08010128792_juan-rulfo.mp3'>Escucha el programa \u201cTercera llamada\u201d en el que se presenta el cuento  \u201cAnacleto Morones\u201d de Juan Rulfo, transmitido en 1985<\/a><\/li><li><a href='https:\/\/www.imer.mx\/micrositios\/wp-content\/uploads\/sites\/49\/21_FN08010128796_juan-rulfo.mp3'>Escucha el programa \u201cTercera llamada\u201d, en el que se presenta el cuento \u201cDiles que no me maten de Juan Rulfo, transmitido en 1985<\/a><\/li><li><a href='https:\/\/www.imer.mx\/micrositios\/wp-content\/uploads\/sites\/49\/22_FN08010122411_juan-rulfo.mp3'>Escucha un an\u00e1lisis de la obra \u201cPedro P\u00e1ramo\u201d de Juan Rulfo en el programa \u201cTierra adentro\u201d, transmitido en 1994<\/a><\/li><li><a href='https:\/\/www.imer.mx\/micrositios\/wp-content\/uploads\/sites\/49\/23_FN08010135789_juan-rulfo.mp3'>Escucha a Eduardo Lizalde hablar sobre la obra de Juan Rulfo, en el programa \u201cTres minutos con\u201d, transmitido el 1992<\/a><\/li><li><a href='https:\/\/www.imer.mx\/micrositios\/wp-content\/uploads\/sites\/49\/24_FN08010135849_juan-rulfo.mp3'>Escucha a Alicia Zendejas hablar sobre la obra de Juan Rulfo en el programa \u201cTres minutos con\u201d, transmitido en 1994<\/a><\/li><li><a href='https:\/\/www.imer.mx\/micrositios\/wp-content\/uploads\/sites\/49\/25_FN10010165254_juan-rulfo.mp3'>Escucha una semblanza sobre Juan Rulfo en el programa \u201cUn pa\u00eds de todos, una historia de todos\u201d, transmitido en 2003<\/a><\/li><li><a href='https:\/\/www.imer.mx\/micrositios\/wp-content\/uploads\/sites\/49\/26_FN10010165512_juan-rulfo.mp3'>Escucha una semblanza sobre Juan Rulfo en el programa \u201cUn pa\u00eds de todos, una historia de todos\u201d, transmitido en 2004<\/a><\/li>\t<\/ol>\n\t<\/noscript>\n\t<script type=\"application\/json\" class=\"wp-playlist-script\">{\"type\":\"audio\",\"tracklist\":true,\"tracknumbers\":true,\"images\":false,\"artists\":false,\"tracks\":[{\"src\":\"https:\/\/www.imer.mx\/micrositios\/wp-content\/uploads\/sites\/49\/01_FN08010126289_juan-rulfo.mp3\",\"type\":\"audio\/mpeg\",\"title\":\"Juan Rulfo. Programa Especial, transmitido en 1992\",\"caption\":\"\",\"description\":\"\\\"Juan Rulfo. Programa Especial, transmitido en 1992\\\" en Juan Rulfo 01 - IMER.\",\"meta\":{\"artist\":\"Juan Rulfo 01 - IMER\",\"length_formatted\":\"28:48\"},\"image\":{\"src\":\"https:\/\/www.imer.mx\/micrositios\/wp-includes\/images\/media\/audio.svg\",\"width\":48,\"height\":64},\"thumb\":{\"src\":\"https:\/\/www.imer.mx\/micrositios\/wp-includes\/images\/media\/audio.svg\",\"width\":48,\"height\":64}},{\"src\":\"https:\/\/www.imer.mx\/micrositios\/wp-content\/uploads\/sites\/49\/02_FN08010127143_juan-rulfo.mp3\",\"type\":\"audio\/mpeg\",\"title\":\"\\u00bfNo oyes ladrar a los perros? de  Juan Rulfo, transmitido en julio de 1991\",\"caption\":\"\",\"description\":\"\\\"\\u00bfNo oyes ladrar a los perros? de  Juan Rulfo, transmitido en julio de 1991\\\" en Juan Rulfo 02 - IMER.\",\"meta\":{\"artist\":\"Juan Rulfo 02 - IMER\",\"length_formatted\":\"19:02\"},\"image\":{\"src\":\"https:\/\/www.imer.mx\/micrositios\/wp-includes\/images\/media\/audio.svg\",\"width\":48,\"height\":64},\"thumb\":{\"src\":\"https:\/\/www.imer.mx\/micrositios\/wp-includes\/images\/media\/audio.svg\",\"width\":48,\"height\":64}},{\"src\":\"https:\/\/www.imer.mx\/micrositios\/wp-content\/uploads\/sites\/49\/03_FN10010184473_juan-rulfo.mp3\",\"type\":\"audio\/mpeg\",\"title\":\"Escucha una semblanza sobre Juan Rulfo y su obra en el programa \\u201cEcos\\u201d, transmitido en febrero de 2000\",\"caption\":\"\",\"description\":\"\\\"Escucha una semblanza sobre Juan Rulfo y su obra en el programa \\u201cEcos\\u201d, transmitido en febrero de 2000\\\" en Juan Rulfo 03 - IMER.\",\"meta\":{\"artist\":\"Juan Rulfo 03 - IMER\",\"length_formatted\":\"20:25\"},\"image\":{\"src\":\"https:\/\/www.imer.mx\/micrositios\/wp-includes\/images\/media\/audio.svg\",\"width\":48,\"height\":64},\"thumb\":{\"src\":\"https:\/\/www.imer.mx\/micrositios\/wp-includes\/images\/media\/audio.svg\",\"width\":48,\"height\":64}},{\"src\":\"https:\/\/www.imer.mx\/micrositios\/wp-content\/uploads\/sites\/49\/04_FN08010120642_juan-rulfo.mp3\",\"type\":\"audio\/mpeg\",\"title\":\"Escucha \\u201cC\\u00e1psulas Independencia y revoluci\\u00f3n\\u201d en el que se presenta una breve semblanza sobre Juan Rulfo, transmitido en agosto de 1985\",\"caption\":\"\",\"description\":\"\\\"Escucha \\u201cC\\u00e1psulas Independencia y revoluci\\u00f3n\\u201d en el que se presenta una breve semblanza sobre Juan Rulfo, transmitido en agosto de 1985\\\" en Juan Rulfo 04 - IMER.\",\"meta\":{\"artist\":\"Juan Rulfo 04 - IMER\",\"length_formatted\":\"3:54\"},\"image\":{\"src\":\"https:\/\/www.imer.mx\/micrositios\/wp-includes\/images\/media\/audio.svg\",\"width\":48,\"height\":64},\"thumb\":{\"src\":\"https:\/\/www.imer.mx\/micrositios\/wp-includes\/images\/media\/audio.svg\",\"width\":48,\"height\":64}},{\"src\":\"https:\/\/www.imer.mx\/micrositios\/wp-content\/uploads\/sites\/49\/05_FN08010135987_juan-rulfo.mp3\",\"type\":\"audio\/mpeg\",\"title\":\"Escucha \\u201cC\\u00e1psulas institucionales\\u201d en el que se presenta una breve semblanza sobre Juan Rulfo, transmitida en mayo de 1985\",\"caption\":\"\",\"description\":\"\\\"Escucha \\u201cC\\u00e1psulas institucionales\\u201d en el que se presenta una breve semblanza sobre Juan Rulfo, transmitida en mayo de 1985\\\" en Juan Rulfo 05 - IMER.\",\"meta\":{\"artist\":\"Juan Rulfo 05 - IMER\",\"length_formatted\":\"1:53\"},\"image\":{\"src\":\"https:\/\/www.imer.mx\/micrositios\/wp-includes\/images\/media\/audio.svg\",\"width\":48,\"height\":64},\"thumb\":{\"src\":\"https:\/\/www.imer.mx\/micrositios\/wp-includes\/images\/media\/audio.svg\",\"width\":48,\"height\":64}},{\"src\":\"https:\/\/www.imer.mx\/micrositios\/wp-content\/uploads\/sites\/49\/06_FN08010128665_juan-rulfo.mp3\",\"type\":\"audio\/mpeg\",\"title\":\"Escucha una semblanza sobre Juan Rulfo en el programa \\u201cCosas de ayer, algo de hoy\\u201d, transmita en 1999\",\"caption\":\"\",\"description\":\"\\\"Escucha una semblanza sobre Juan Rulfo en el programa \\u201cCosas de ayer, algo de hoy\\u201d, transmita en 1999\\\" en Juan Rulfo 06 - IMER.\",\"meta\":{\"artist\":\"Juan Rulfo 06 - IMER\",\"length_formatted\":\"4:10\"},\"image\":{\"src\":\"https:\/\/www.imer.mx\/micrositios\/wp-includes\/images\/media\/audio.svg\",\"width\":48,\"height\":64},\"thumb\":{\"src\":\"https:\/\/www.imer.mx\/micrositios\/wp-includes\/images\/media\/audio.svg\",\"width\":48,\"height\":64}},{\"src\":\"https:\/\/www.imer.mx\/micrositios\/wp-content\/uploads\/sites\/49\/07_FN08010129866_juan-rulfo.mp3\",\"type\":\"audio\/mpeg\",\"title\":\"Escucha un fragmento de \\u201cAnacleto Morones de Juan Rulfo en el programa \\u201cEl sue\\u00f1o de una palabra\\u201d, transmitido en 2001\",\"caption\":\"\",\"description\":\"\\\"Escucha un fragmento de \\u201cAnacleto Morones de Juan Rulfo en el programa \\u201cEl sue\\u00f1o de una palabra\\u201d, transmitido en 2001\\\" en Juan Rulfo 07 - IMER.\",\"meta\":{\"artist\":\"Juan Rulfo 07 - IMER\",\"length_formatted\":\"5:02\"},\"image\":{\"src\":\"https:\/\/www.imer.mx\/micrositios\/wp-includes\/images\/media\/audio.svg\",\"width\":48,\"height\":64},\"thumb\":{\"src\":\"https:\/\/www.imer.mx\/micrositios\/wp-includes\/images\/media\/audio.svg\",\"width\":48,\"height\":64}},{\"src\":\"https:\/\/www.imer.mx\/micrositios\/wp-content\/uploads\/sites\/49\/08_FN08010129874_juan-rulfo.mp3\",\"type\":\"audio\/mpeg\",\"title\":\"Escucha un fragmento de \\u201cLa cuesta de las comadres\\u201d de Juan Rulfo en el programa \\u201cEl sue\\u00f1o de una palabra\\u201d, transmitido en 2001\",\"caption\":\"\",\"description\":\"\\\"Escucha un fragmento de \\u201cLa cuesta de las comadres\\u201d de Juan Rulfo en el programa \\u201cEl sue\\u00f1o de una palabra\\u201d, transmitido en 2001\\\" en Juan Rulfo 08 - IMER.\",\"meta\":{\"artist\":\"Juan Rulfo 08 - IMER\",\"length_formatted\":\"5:02\"},\"image\":{\"src\":\"https:\/\/www.imer.mx\/micrositios\/wp-includes\/images\/media\/audio.svg\",\"width\":48,\"height\":64},\"thumb\":{\"src\":\"https:\/\/www.imer.mx\/micrositios\/wp-includes\/images\/media\/audio.svg\",\"width\":48,\"height\":64}},{\"src\":\"https:\/\/www.imer.mx\/micrositios\/wp-content\/uploads\/sites\/49\/09_FN08010134302_juan-rulfo.mp3\",\"type\":\"audio\/mpeg\",\"title\":\"Escucha un fragmento de \\u201cPedro P\\u00e1ramo de Juan Rulfo en el programa \\u201cEl sue\\u00f1o de una palabra\\u201d, transmitido en 2001\",\"caption\":\"\",\"description\":\"\\\"Escucha un fragmento de \\u201cPedro P\\u00e1ramo de Juan Rulfo en el programa \\u201cEl sue\\u00f1o de una palabra\\u201d, transmitido en 2001\\\" en Juan Rulfo 09 - IMER.\",\"meta\":{\"artist\":\"Juan Rulfo 09 - IMER\",\"length_formatted\":\"6:13\"},\"image\":{\"src\":\"https:\/\/www.imer.mx\/micrositios\/wp-includes\/images\/media\/audio.svg\",\"width\":48,\"height\":64},\"thumb\":{\"src\":\"https:\/\/www.imer.mx\/micrositios\/wp-includes\/images\/media\/audio.svg\",\"width\":48,\"height\":64}},{\"src\":\"https:\/\/www.imer.mx\/micrositios\/wp-content\/uploads\/sites\/49\/10_FN08010136281_juan-rulfo.mp3\",\"type\":\"audio\/mpeg\",\"title\":\"Ren\\u00e9 Avil\\u00e9s Fabila presenta un fragmento de \\u201cDiles que no me maten\\u201d de Juan Rulfo en el programa \\u201cFantas\\u00edas en carrusel\\u201d, transmitido en 1995\",\"caption\":\"\",\"description\":\"\\\"Ren\\u00e9 Avil\\u00e9s Fabila presenta un fragmento de \\u201cDiles que no me maten\\u201d de Juan Rulfo en el programa \\u201cFantas\\u00edas en carrusel\\u201d, transmitido en 1995\\\" en Juan Rulfo 10 - IMER.\",\"meta\":{\"artist\":\"Juan Rulfo 10 - IMER\",\"length_formatted\":\"30:19\"},\"image\":{\"src\":\"https:\/\/www.imer.mx\/micrositios\/wp-includes\/images\/media\/audio.svg\",\"width\":48,\"height\":64},\"thumb\":{\"src\":\"https:\/\/www.imer.mx\/micrositios\/wp-includes\/images\/media\/audio.svg\",\"width\":48,\"height\":64}},{\"src\":\"https:\/\/www.imer.mx\/micrositios\/wp-content\/uploads\/sites\/49\/11_FN08010121029_juan-rulfo.mp3\",\"type\":\"audio\/mpeg\",\"title\":\"Escucha \\u00bfNo oyes ladrar a los perros? de  Juan Rulfo en el programa \\u201cHagamos teatro\\u201d, transmitido en 1991\",\"caption\":\"\",\"description\":\"\\\"Escucha \\u00bfNo oyes ladrar a los perros? de  Juan Rulfo en el programa \\u201cHagamos teatro\\u201d, transmitido en 1991 \\\" en Juan Rulfo 11 - IMER.\",\"meta\":{\"artist\":\"Juan Rulfo 11 - IMER\",\"length_formatted\":\"14:04\"},\"image\":{\"src\":\"https:\/\/www.imer.mx\/micrositios\/wp-includes\/images\/media\/audio.svg\",\"width\":48,\"height\":64},\"thumb\":{\"src\":\"https:\/\/www.imer.mx\/micrositios\/wp-includes\/images\/media\/audio.svg\",\"width\":48,\"height\":64}},{\"src\":\"https:\/\/www.imer.mx\/micrositios\/wp-content\/uploads\/sites\/49\/12_FN08010118325_juan-rulfo.mp3\",\"type\":\"audio\/mpeg\",\"title\":\"Escucha \\u201cEl hombre\\u201d  de Juan Rulfo narrado por Germ\\u00e1n Robles en el programa  \\u201cLa magia del cuento\\u201d, transmitido en 1993\",\"caption\":\"\",\"description\":\"\\\"Escucha \\u201cEl hombre\\u201d  de Juan Rulfo narrado por Germ\\u00e1n Robles en el programa  \\u201cLa magia del cuento\\u201d, transmitido en 1993\\\" en Juan Rulfo 12 - IMER.\",\"meta\":{\"artist\":\"Juan Rulfo 12 - IMER\",\"length_formatted\":\"16:42\"},\"image\":{\"src\":\"https:\/\/www.imer.mx\/micrositios\/wp-includes\/images\/media\/audio.svg\",\"width\":48,\"height\":64},\"thumb\":{\"src\":\"https:\/\/www.imer.mx\/micrositios\/wp-includes\/images\/media\/audio.svg\",\"width\":48,\"height\":64}},{\"src\":\"https:\/\/www.imer.mx\/micrositios\/wp-content\/uploads\/sites\/49\/13_FN08010118414_juan-rulfo.mp3\",\"type\":\"audio\/mpeg\",\"title\":\"Escucha \\u201cEl D\\u00eda del derrumbe\\u201d de Juan Rulfo narrado por Germ\\u00e1n Robles en el programa \\u201cla magia del cuento\\u201d, transmitido en 1993\",\"caption\":\"\",\"description\":\"\\\"Escucha \\u201cEl D\\u00eda del derrumbe\\u201d de Juan Rulfo narrado por Germ\\u00e1n Robles en el programa \\u201cla magia del cuento\\u201d, transmitido en 1993\\\" en Juan Rulfo 13 - IMER.\",\"meta\":{\"artist\":\"Juan Rulfo 13 - IMER\",\"length_formatted\":\"30:10\"},\"image\":{\"src\":\"https:\/\/www.imer.mx\/micrositios\/wp-includes\/images\/media\/audio.svg\",\"width\":48,\"height\":64},\"thumb\":{\"src\":\"https:\/\/www.imer.mx\/micrositios\/wp-includes\/images\/media\/audio.svg\",\"width\":48,\"height\":64}},{\"src\":\"https:\/\/www.imer.mx\/micrositios\/wp-content\/uploads\/sites\/49\/14_FN08010118739_juan-rulfo.mp3\",\"type\":\"audio\/mpeg\",\"title\":\"Escucha una la vida y obra de Juan Rulfo en el programa \\u201cLos libros tienen la palabra\\u201d, transmitido en 1988\",\"caption\":\"\",\"description\":\"\\\"Escucha una la vida y obra de Juan Rulfo en el programa \\u201cLos libros tienen la palabra\\u201d, transmitido en 1988\\\" en Juan Rulfo 14 - IMER.\",\"meta\":{\"artist\":\"Juan Rulfo 14 - IMER\",\"length_formatted\":\"29:14\"},\"image\":{\"src\":\"https:\/\/www.imer.mx\/micrositios\/wp-includes\/images\/media\/audio.svg\",\"width\":48,\"height\":64},\"thumb\":{\"src\":\"https:\/\/www.imer.mx\/micrositios\/wp-includes\/images\/media\/audio.svg\",\"width\":48,\"height\":64}},{\"src\":\"https:\/\/www.imer.mx\/micrositios\/wp-content\/uploads\/sites\/49\/15_FN08020009725_juan-rulfo.mp3\",\"type\":\"audio\/mpeg\",\"title\":\"Escucha a Eduardo Lizalde hablar sobre la obra de Juan Rulfo en el programa \\u201cMemorias y presencias\\u201d, transmitido en abril de 2001\",\"caption\":\"\",\"description\":\"\\\"Escucha a Eduardo Lizalde hablar sobre la obra de Juan Rulfo en el programa \\u201cMemorias y presencias\\u201d, transmitido en abril de 2001\\\" en Juan Rulfo 15 - IMER.\",\"meta\":{\"artist\":\"Juan Rulfo 15 - IMER\",\"length_formatted\":\"56:07\"},\"image\":{\"src\":\"https:\/\/www.imer.mx\/micrositios\/wp-includes\/images\/media\/audio.svg\",\"width\":48,\"height\":64},\"thumb\":{\"src\":\"https:\/\/www.imer.mx\/micrositios\/wp-includes\/images\/media\/audio.svg\",\"width\":48,\"height\":64}},{\"src\":\"https:\/\/www.imer.mx\/micrositios\/wp-content\/uploads\/sites\/49\/16_FN08010129705_juan-rulfo.mp3\",\"type\":\"audio\/mpeg\",\"title\":\"Escucha la vida y obra de Juan Rulfo en el programa \\u201cM\\u00e9xico y su cultura\\u201d, transmitido en junio de 1987\",\"caption\":\"\",\"description\":\"\\\"Escucha la vida y obra de Juan Rulfo en el programa \\u201cM\\u00e9xico y su cultura\\u201d, transmitido en junio de 1987\\\" en Juan Rulfo 16 - IMER.\",\"meta\":{\"artist\":\"Juan Rulfo 16 - IMER\",\"length_formatted\":\"22:30\"},\"image\":{\"src\":\"https:\/\/www.imer.mx\/micrositios\/wp-includes\/images\/media\/audio.svg\",\"width\":48,\"height\":64},\"thumb\":{\"src\":\"https:\/\/www.imer.mx\/micrositios\/wp-includes\/images\/media\/audio.svg\",\"width\":48,\"height\":64}},{\"src\":\"https:\/\/www.imer.mx\/micrositios\/wp-content\/uploads\/sites\/49\/17_FN08010142511_juan-rulfo.mp3\",\"type\":\"audio\/mpeg\",\"title\":\"Escucha \\u201cLa cuesta de las comadres\\u201d narrado por Carlos Pichardo en el programa \\u201cNarraciones nocturnas\\u201d, transmitido en 2003\",\"caption\":\"\",\"description\":\"\\\"Escucha \\u201cLa cuesta de las comadres\\u201d narrado por Carlos Pichardo en el programa \\u201cNarraciones nocturnas\\u201d, transmitido en 2003\\\" en Juan Rulfo 17 - IMER.\",\"meta\":{\"artist\":\"Juan Rulfo 17 - IMER\",\"length_formatted\":\"28:14\"},\"image\":{\"src\":\"https:\/\/www.imer.mx\/micrositios\/wp-includes\/images\/media\/audio.svg\",\"width\":48,\"height\":64},\"thumb\":{\"src\":\"https:\/\/www.imer.mx\/micrositios\/wp-includes\/images\/media\/audio.svg\",\"width\":48,\"height\":64}},{\"src\":\"https:\/\/www.imer.mx\/micrositios\/wp-content\/uploads\/sites\/49\/18_FN08010142526_juan-rulfo.mp3\",\"type\":\"audio\/mpeg\",\"title\":\"Escucha \\u201cDiles que no me maten\\u201d de Juan Rulfo narrado por Carlos Pichardo en el programa \\u201cNarraciones nocturnas\\u201d, transmitido en 2003\",\"caption\":\"\",\"description\":\"\\\"Escucha \\u201cDiles que no me maten\\u201d de Juan Rulfo narrado por Carlos Pichardo en el programa \\u201cNarraciones nocturnas\\u201d, transmitido en 2003\\\" en Juan Rulfo 18 - IMER.\",\"meta\":{\"artist\":\"Juan Rulfo 18 - IMER\",\"length_formatted\":\"27:45\"},\"image\":{\"src\":\"https:\/\/www.imer.mx\/micrositios\/wp-includes\/images\/media\/audio.svg\",\"width\":48,\"height\":64},\"thumb\":{\"src\":\"https:\/\/www.imer.mx\/micrositios\/wp-includes\/images\/media\/audio.svg\",\"width\":48,\"height\":64}},{\"src\":\"https:\/\/www.imer.mx\/micrositios\/wp-content\/uploads\/sites\/49\/19_FN10010167996_juan-rulfo.mp3\",\"type\":\"audio\/mpeg\",\"title\":\"Escucha \\u201cEl llano en llamas\\u201d narrado por Severo Mir\\u00f3n en el programa \\u201cPlat\\u00edcame un libro\\u201d, transmitido en 1988\",\"caption\":\"\",\"description\":\"\\\"Escucha \\u201cEl llano en llamas\\u201d narrado por Severo Mir\\u00f3n en el programa \\u201cPlat\\u00edcame un libro\\u201d, transmitido en 1988\\\" en Juan Rulfo 19 - IMER.\",\"meta\":{\"artist\":\"Juan Rulfo 19 - IMER\",\"length_formatted\":\"10:44\"},\"image\":{\"src\":\"https:\/\/www.imer.mx\/micrositios\/wp-includes\/images\/media\/audio.svg\",\"width\":48,\"height\":64},\"thumb\":{\"src\":\"https:\/\/www.imer.mx\/micrositios\/wp-includes\/images\/media\/audio.svg\",\"width\":48,\"height\":64}},{\"src\":\"https:\/\/www.imer.mx\/micrositios\/wp-content\/uploads\/sites\/49\/20_FN08010128792_juan-rulfo.mp3\",\"type\":\"audio\/mpeg\",\"title\":\"Escucha el programa \\u201cTercera llamada\\u201d en el que se presenta el cuento  \\u201cAnacleto Morones\\u201d de Juan Rulfo, transmitido en 1985\",\"caption\":\"\",\"description\":\"\\\"Escucha el programa \\u201cTercera llamada\\u201d en el que se presenta el cuento  \\u201cAnacleto Morones\\u201d de Juan Rulfo, transmitido en 1985\\\" en Juan Rulfo 20 - IMER.\",\"meta\":{\"artist\":\"Juan Rulfo 20 - IMER\",\"length_formatted\":\"24:38\"},\"image\":{\"src\":\"https:\/\/www.imer.mx\/micrositios\/wp-includes\/images\/media\/audio.svg\",\"width\":48,\"height\":64},\"thumb\":{\"src\":\"https:\/\/www.imer.mx\/micrositios\/wp-includes\/images\/media\/audio.svg\",\"width\":48,\"height\":64}},{\"src\":\"https:\/\/www.imer.mx\/micrositios\/wp-content\/uploads\/sites\/49\/21_FN08010128796_juan-rulfo.mp3\",\"type\":\"audio\/mpeg\",\"title\":\"Escucha el programa \\u201cTercera llamada\\u201d, en el que se presenta el cuento \\u201cDiles que no me maten de Juan Rulfo, transmitido en 1985\",\"caption\":\"\",\"description\":\"\\\"Escucha el programa \\u201cTercera llamada\\u201d, en el que se presenta el cuento \\u201cDiles que no me maten de Juan Rulfo, transmitido en 1985\\\" en Juan Rulfo 21 - IMER.\",\"meta\":{\"artist\":\"Juan Rulfo 21 - IMER\",\"length_formatted\":\"24:35\"},\"image\":{\"src\":\"https:\/\/www.imer.mx\/micrositios\/wp-includes\/images\/media\/audio.svg\",\"width\":48,\"height\":64},\"thumb\":{\"src\":\"https:\/\/www.imer.mx\/micrositios\/wp-includes\/images\/media\/audio.svg\",\"width\":48,\"height\":64}},{\"src\":\"https:\/\/www.imer.mx\/micrositios\/wp-content\/uploads\/sites\/49\/22_FN08010122411_juan-rulfo.mp3\",\"type\":\"audio\/mpeg\",\"title\":\"Escucha un an\\u00e1lisis de la obra \\u201cPedro P\\u00e1ramo\\u201d de Juan Rulfo en el programa \\u201cTierra adentro\\u201d, transmitido en 1994\",\"caption\":\"\",\"description\":\"\\\"Escucha un an\\u00e1lisis de la obra \\u201cPedro P\\u00e1ramo\\u201d de Juan Rulfo en el programa \\u201cTierra adentro\\u201d, transmitido en 1994\\\" en Juan Rulfo 22 - IMER.\",\"meta\":{\"artist\":\"Juan Rulfo 22 - IMER\",\"length_formatted\":\"25:17\"},\"image\":{\"src\":\"https:\/\/www.imer.mx\/micrositios\/wp-includes\/images\/media\/audio.svg\",\"width\":48,\"height\":64},\"thumb\":{\"src\":\"https:\/\/www.imer.mx\/micrositios\/wp-includes\/images\/media\/audio.svg\",\"width\":48,\"height\":64}},{\"src\":\"https:\/\/www.imer.mx\/micrositios\/wp-content\/uploads\/sites\/49\/23_FN08010135789_juan-rulfo.mp3\",\"type\":\"audio\/mpeg\",\"title\":\"Escucha a Eduardo Lizalde hablar sobre la obra de Juan Rulfo, en el programa \\u201cTres minutos con\\u201d, transmitido el 1992\",\"caption\":\"\",\"description\":\"\\\"Escucha a Eduardo Lizalde hablar sobre la obra de Juan Rulfo, en el programa \\u201cTres minutos con\\u201d, transmitido el 1992\\\" en Juan Rulfo 23 - IMER.\",\"meta\":{\"artist\":\"Juan Rulfo 23 - IMER\",\"length_formatted\":\"23:46\"},\"image\":{\"src\":\"https:\/\/www.imer.mx\/micrositios\/wp-includes\/images\/media\/audio.svg\",\"width\":48,\"height\":64},\"thumb\":{\"src\":\"https:\/\/www.imer.mx\/micrositios\/wp-includes\/images\/media\/audio.svg\",\"width\":48,\"height\":64}},{\"src\":\"https:\/\/www.imer.mx\/micrositios\/wp-content\/uploads\/sites\/49\/24_FN08010135849_juan-rulfo.mp3\",\"type\":\"audio\/mpeg\",\"title\":\"Escucha a Alicia Zendejas hablar sobre la obra de Juan Rulfo en el programa \\u201cTres minutos con\\u201d, transmitido en 1994\",\"caption\":\"\",\"description\":\"\\\"Escucha a Alicia Zendejas hablar sobre la obra de Juan Rulfo en el programa \\u201cTres minutos con\\u201d, transmitido en 1994\\\" en Juan Rulfo 24 - IMER.\",\"meta\":{\"artist\":\"Juan Rulfo 24 - IMER\",\"length_formatted\":\"2:50\"},\"image\":{\"src\":\"https:\/\/www.imer.mx\/micrositios\/wp-includes\/images\/media\/audio.svg\",\"width\":48,\"height\":64},\"thumb\":{\"src\":\"https:\/\/www.imer.mx\/micrositios\/wp-includes\/images\/media\/audio.svg\",\"width\":48,\"height\":64}},{\"src\":\"https:\/\/www.imer.mx\/micrositios\/wp-content\/uploads\/sites\/49\/25_FN10010165254_juan-rulfo.mp3\",\"type\":\"audio\/mpeg\",\"title\":\"Escucha una semblanza sobre Juan Rulfo en el programa \\u201cUn pa\\u00eds de todos, una historia de todos\\u201d, transmitido en 2003\",\"caption\":\"\",\"description\":\"\\\"Escucha una semblanza sobre Juan Rulfo en el programa \\u201cUn pa\\u00eds de todos, una historia de todos\\u201d, transmitido en 2003\\\" en Juan Rulfo 25 - IMER.\",\"meta\":{\"artist\":\"Juan Rulfo 25 - IMER\",\"length_formatted\":\"3:24\"},\"image\":{\"src\":\"https:\/\/www.imer.mx\/micrositios\/wp-includes\/images\/media\/audio.svg\",\"width\":48,\"height\":64},\"thumb\":{\"src\":\"https:\/\/www.imer.mx\/micrositios\/wp-includes\/images\/media\/audio.svg\",\"width\":48,\"height\":64}},{\"src\":\"https:\/\/www.imer.mx\/micrositios\/wp-content\/uploads\/sites\/49\/26_FN10010165512_juan-rulfo.mp3\",\"type\":\"audio\/mpeg\",\"title\":\"Escucha una semblanza sobre Juan Rulfo en el programa \\u201cUn pa\\u00eds de todos, una historia de todos\\u201d, transmitido en 2004\",\"caption\":\"\",\"description\":\"\\\"Escucha una semblanza sobre Juan Rulfo en el programa \\u201cUn pa\\u00eds de todos, una historia de todos\\u201d, transmitido en 2004\\\" en Juan Rulfo 26 - IMER.\",\"meta\":{\"artist\":\"Juan Rulfo 26 - IMER\",\"length_formatted\":\"3:18\"},\"image\":{\"src\":\"https:\/\/www.imer.mx\/micrositios\/wp-includes\/images\/media\/audio.svg\",\"width\":48,\"height\":64},\"thumb\":{\"src\":\"https:\/\/www.imer.mx\/micrositios\/wp-includes\/images\/media\/audio.svg\",\"width\":48,\"height\":64}}]}<\/script>\n<\/div>\n\t\n<p>[\/vc_column_text][\/vc_column][\/vc_row]<\/p>\n<\/div>","protected":false},"excerpt":{"rendered":"<p>[vc_row][vc_column][vc_single_image image=&#8221;25328&#8243; img_size=&#8221;full&#8221; alignment=&#8221;center&#8221; image_hovers=&#8221;false&#8221; lazy_loading=&#8221;true&#8221;][\/vc_column][\/vc_row][vc_row][vc_column][vc_column_text] El 16 de mayo de 1917 Nace Juan Rulfo, escritor, guionista y fot\u00f3grafo mexicano. Uno de los grandes escritores latinoamericanos del siglo XX. Creador de un universo rural y fant\u00e1stico con un profundo drama de la condici\u00f3n humana. En 1956 recibe el premio \u201cXavier Villaurrutia\u201d, en 1970 recibe el&hellip;<\/p>\n","protected":false},"author":1,"featured_media":0,"parent":0,"menu_order":0,"comment_status":"closed","ping_status":"closed","template":"","meta":{"wp_popup_display_lightbox":0,"wp_popup_suppress":"","wp_popup_trigger":"","wp_popup_trigger_amount":0,"wp_popup_disable_on_mobile":false,"footnotes":""},"class_list":["post-25282","page","type-page","status-publish","hentry","description-off"],"_links":{"self":[{"href":"https:\/\/www.imer.mx\/micrositios\/wp-json\/wp\/v2\/pages\/25282","targetHints":{"allow":["GET"]}}],"collection":[{"href":"https:\/\/www.imer.mx\/micrositios\/wp-json\/wp\/v2\/pages"}],"about":[{"href":"https:\/\/www.imer.mx\/micrositios\/wp-json\/wp\/v2\/types\/page"}],"author":[{"embeddable":true,"href":"https:\/\/www.imer.mx\/micrositios\/wp-json\/wp\/v2\/users\/1"}],"replies":[{"embeddable":true,"href":"https:\/\/www.imer.mx\/micrositios\/wp-json\/wp\/v2\/comments?post=25282"}],"version-history":[{"count":0,"href":"https:\/\/www.imer.mx\/micrositios\/wp-json\/wp\/v2\/pages\/25282\/revisions"}],"wp:attachment":[{"href":"https:\/\/www.imer.mx\/micrositios\/wp-json\/wp\/v2\/media?parent=25282"}],"curies":[{"name":"wp","href":"https:\/\/api.w.org\/{rel}","templated":true}]}}