{"id":234,"date":"2026-02-27T15:08:28","date_gmt":"2026-02-27T21:08:28","guid":{"rendered":"https:\/\/www.imer.mx\/luciernagas1350\/?page_id=234"},"modified":"2026-08-03T15:05:15","modified_gmt":"2026-08-03T21:05:15","slug":"convocatoria","status":"publish","type":"page","link":"https:\/\/www.imer.mx\/luciernagas1350\/convocatoria\/","title":{"rendered":"Convocatoria Luci\u00e9rnagas 13-50"},"content":{"rendered":"<div class=\"wpb-content-wrapper\" id=\"wpb-content-root\"><p>[vc_row][vc_column]<div id=\"ultimate-heading-47876a965351e2cf8\" class=\"uvc-heading ult-adjust-bottom-margin ultimate-heading-47876a965351e2cf8 uvc-5749  uvc-heading-default-font-sizes\" data-hspacer=\"line_only\"  data-halign=\"left\" style=\"text-align:left\"><div class=\"uvc-main-heading ult-responsive\"  data-ultimate-target='.uvc-heading.ultimate-heading-47876a965351e2cf8 h2'  data-responsive-json-new='{\"font-size\":\"\",\"line-height\":\"\"}' ><h2 style=\"--font-weight:theme;\">Proyectos seleccionados - Convocatoria de Proyectos Radiof\u00f3nicos<\/h2><\/div><div class=\"uvc-heading-spacer line_only\" style=\"topheight:1px;\"><span class=\"uvc-headings-line\" style=\"border-style:solid;border-bottom-width:1px;border-color:#ccc;width:autopx;\"><\/span><\/div><\/div>[vc_empty_space][vc_column_text css=&#8221;&#8221;]<\/p>\n<p style=\"text-align: center;\"><strong>A todas las colectivas, colectivos, organizaciones de la sociedad civil e instituciones p\u00fablicas participantes:<\/strong><\/p>\n<p>Luci\u00e9rnagas 13-50 y el Instituto Mexicano de la Radio agradecen el entusiasmo, la confianza y la amplia respuesta recibida en esta primera convocatoria. Gracias al trabajo coordinado del Grupo de Programaci\u00f3n de Luci\u00e9rnagas 13-50, fue posible concluir \u00e1gilmente el proceso de revisi\u00f3n y evaluaci\u00f3n de los proyectos.<\/p>\n<p>Por esta raz\u00f3n, informamos que ya se encuentra disponible el listado de los proyectos radiof\u00f3nicos seleccionados:<\/p>\n<p>&nbsp;<\/p>\n<div id=\"footable_parent_307\"\n         class=\" footable_parent ninja_table_wrapper loading_ninja_table wp_table_data_press_parent semantic_ui \">\n                <table data-ninja_table_instance=\"ninja_table_instance_0\" data-footable_id=\"307\" data-filter-delay=\"1000\" aria-label=\"Copia de proyectos seleccionados agosto 2026.csv\"            id=\"footable_307\"\n           data-unique_identifier=\"ninja_table_unique_id_464663680_307\"\n           class=\" foo-table ninja_footable foo_table_307 ninja_table_unique_id_464663680_307 ui table  ninja_search_right nt_type_legacy_table selectable striped vertical_centered  footable-paging-right\">\n                <colgroup>\n                            <col class=\"ninja_column_0 \">\n                            <col class=\"ninja_column_1 \">\n                    <\/colgroup>\n        <thead>\n<tr class=\"footable-header\">\n                                        <th scope=\"col\"  class=\"ninja_column_0 ninja_clmn_nm_nombredelproyecto \">\ufeffNombre del proyecto.<\/th><th scope=\"col\"  class=\"ninja_column_1 ninja_clmn_nm_nombredelaorganizacinsocial \">Nombre de la organizaci\u00f3n social<\/th><\/tr>\n<\/thead>\n<tbody>\n\n        <tr data-row_id=\"1\" class=\"ninja_table_row_0 nt_row_id_1\">\n            <td>Amores sin dolores <\/td><td>Amores Sin Dolores<\/td>        <\/tr>\n            <tr data-row_id=\"2\" class=\"ninja_table_row_1 nt_row_id_2\">\n            <td>Aquelarre al Aire<\/td><td>Instituto para la Atenci\u00f3n y Prevenci\u00f3n de las Adicciones en la Ciudad De M\u00e9xico<\/td>        <\/tr>\n            <tr data-row_id=\"3\" class=\"ninja_table_row_2 nt_row_id_3\">\n            <td>Corazones de Estambre: Historias de mujeres que aprendieron a tejer esperanza entre el dolor. <\/td><td>Aqu\u00ed Nadie se Rinde, I.A.P.<\/td>        <\/tr>\n            <tr data-row_id=\"4\" class=\"ninja_table_row_3 nt_row_id_4\">\n            <td>Diccionario Desobediente<\/td><td>Diccionario Desobediente<\/td>        <\/tr>\n            <tr data-row_id=\"5\" class=\"ninja_table_row_4 nt_row_id_5\">\n            <td>Divulgaci\u00f3n Diversa<\/td><td>Divu: Diversidad, Cultura, G\u00e9nero, Alimentaci\u00f3n y Ciencia A.C.<\/td>        <\/tr>\n            <tr data-row_id=\"6\" class=\"ninja_table_row_5 nt_row_id_6\">\n            <td>Ecofeminismos; Voces Del Territorio,<\/td><td>Instituto Mexicano para el Desarrollo Cultural y Art\u00edstico de las Comunidades<\/td>        <\/tr>\n            <tr data-row_id=\"7\" class=\"ninja_table_row_6 nt_row_id_7\">\n            <td>En AM: \"FM, Frecuencias con Mujeres\"<\/td><td>Universidad Nacional Aut\u00f3noma de M\u00e9xico, Facultad De Ciencias,  Comisi\u00f3n De Equidad<\/td>        <\/tr>\n            <tr data-row_id=\"8\" class=\"ninja_table_row_7 nt_row_id_8\">\n            <td>Estaci\u00f3n Latinoam\u00e9rica: Pensando el Sur en Comunidad<\/td><td>Centro de Estudios Del Movimiento Obrero Y Socialista (CEMOS)<\/td>        <\/tr>\n            <tr data-row_id=\"9\" class=\"ninja_table_row_8 nt_row_id_9\">\n            <td>Imaginar futuros posibles <\/td><td>Zurciendo el Planeta<\/td>        <\/tr>\n            <tr data-row_id=\"10\" class=\"ninja_table_row_9 nt_row_id_10\">\n            <td>Incorrectis\u00edmas<\/td><td>Incorrectis\u00edmas<\/td>        <\/tr>\n            <tr data-row_id=\"11\" class=\"ninja_table_row_10 nt_row_id_11\">\n            <td>La Voz de Ellas <\/td><td>Mujeres Floreciendo<\/td>        <\/tr>\n            <tr data-row_id=\"12\" class=\"ninja_table_row_11 nt_row_id_12\">\n            <td>Lugar de encuentro<\/td><td>Fundaci\u00f3n Orgullo Diverso<\/td>        <\/tr>\n            <tr data-row_id=\"13\" class=\"ninja_table_row_12 nt_row_id_13\">\n            <td>Mujeres al Filo <\/td><td>Somos Viento A.C. <\/td>        <\/tr>\n            <tr data-row_id=\"14\" class=\"ninja_table_row_13 nt_row_id_14\">\n            <td>Mujeres en Ruta <\/td><td>Instituto para las Mujeres en la Migraci\u00f3n A.C. (IMUMI) Y La Universidad Aut\u00f3noma de la Ciudad de M\u00e9xico<\/td>        <\/tr>\n            <tr data-row_id=\"15\" class=\"ninja_table_row_14 nt_row_id_15\">\n            <td>Mujeres Ind\u00f3mitas <\/td><td>Colectiva Ind\u00f3mitas <\/td>        <\/tr>\n            <tr data-row_id=\"16\" class=\"ninja_table_row_15 nt_row_id_16\">\n            <td>Nosotras construimos nuestras memorias<\/td><td>Brujas Libertarias<\/td>        <\/tr>\n            <tr data-row_id=\"17\" class=\"ninja_table_row_16 nt_row_id_17\">\n            <td>Nosotras. Mujeres participando en la cultura<\/td><td>Red_Escultura. Derechos Humanos, Cultura Y Juventudes<\/td>        <\/tr>\n            <tr data-row_id=\"18\" class=\"ninja_table_row_17 nt_row_id_18\">\n            <td>Ping Pong con Luisa Y Mon, Discusiones Feministas Cotidianas<\/td><td>\u00cdmpetu. Centro de Estudios A.C.<\/td>        <\/tr>\n            <tr data-row_id=\"19\" class=\"ninja_table_row_18 nt_row_id_19\">\n            <td>Prisma Insurgente: Voces en Resiliencia <\/td><td>Voces Diversas Jalisco<\/td>        <\/tr>\n            <tr data-row_id=\"20\" class=\"ninja_table_row_19 nt_row_id_20\">\n            <td>Producciones Clandestinas<\/td><td>Producciones Clandestinas A. C. <\/td>        <\/tr>\n            <tr data-row_id=\"21\" class=\"ninja_table_row_20 nt_row_id_21\">\n            <td>Punk Relacional <\/td><td>Punk Relacional <\/td>        <\/tr>\n            <tr data-row_id=\"22\" class=\"ninja_table_row_21 nt_row_id_22\">\n            <td>Salud de las Mujeres en M\u00e9xico: Derechos, desigualdades y transformaci\u00f3n<\/td><td>Red de Mujeres por la Salud<\/td>        <\/tr>\n            <tr data-row_id=\"23\" class=\"ninja_table_row_22 nt_row_id_23\">\n            <td>Siete Vidas para Decidir: Michishistoria del aborto en M\u00e9xico <\/td><td>Michis Aborteros <\/td>        <\/tr>\n            <tr data-row_id=\"24\" class=\"ninja_table_row_23 nt_row_id_24\">\n            <td>Sin Letra Peque\u00f1a <\/td><td>Dignifica tu Vida, I.A.P.<\/td>        <\/tr>\n            <tr data-row_id=\"25\" class=\"ninja_table_row_24 nt_row_id_25\">\n            <td>Terapia al Aire Libre: <\/td><td>Centro de Asesor\u00eda Profesional en Salud Integral y G\u00e9nero, A.C.<\/td>        <\/tr>\n            <tr data-row_id=\"26\" class=\"ninja_table_row_25 nt_row_id_26\">\n            <td>Tetas al Aire.<\/td><td>Tetas y Rayas<\/td>        <\/tr>\n            <tr data-row_id=\"27\" class=\"ninja_table_row_26 nt_row_id_27\">\n            <td>Voces de Topilejo en el corredor del CESAM: <\/td><td>CESAM Doctora Lina Valadez Garc\u00eda<\/td>        <\/tr>\n            <tr data-row_id=\"28\" class=\"ninja_table_row_27 nt_row_id_28\">\n            <td>Voces Violeta<\/td><td>Voces Violeta <\/td>        <\/tr>\n    <\/tbody><!--ninja_tobody_rendering_done-->\n    <\/table>\n    \n    \n    \n<\/div>\n\n<p>&nbsp;<\/p>\n<p>Felicitamos a los equipos seleccionados. Luci\u00e9rnagas 13-50 se pondr\u00e1 en contacto con las personas responsables de cada proyecto para informarles sobre las siguientes etapas del proceso de producci\u00f3n, capacitaci\u00f3n e incorporaci\u00f3n a la programaci\u00f3n de la emisora.<\/p>\n<p><strong>Atentamente<\/strong><br \/>\n<strong>Luci\u00e9rnagas 13-50 | Instituto Mexicano de la Radio<\/strong>[\/vc_column_text][\/vc_column][\/vc_row][vc_row][vc_column]<div id=\"ultimate-heading-62116a965351e5da6\" class=\"uvc-heading ult-adjust-bottom-margin ultimate-heading-62116a965351e5da6 uvc-3129  uvc-heading-default-font-sizes\" data-hspacer=\"line_only\"  data-halign=\"left\" style=\"text-align:left\"><div class=\"uvc-main-heading ult-responsive\"  data-ultimate-target='.uvc-heading.ultimate-heading-62116a965351e5da6 h2'  data-responsive-json-new='{\"font-size\":\"\",\"line-height\":\"\"}' ><h2 style=\"--font-weight:theme;\">Aviso importante<\/h2><\/div><div class=\"uvc-heading-spacer line_only\" style=\"topheight:1px;\"><span class=\"uvc-headings-line\" style=\"border-style:solid;border-bottom-width:1px;border-color:#ccc;width:autopx;\"><\/span><\/div><\/div>[vc_empty_space][\/vc_column][\/vc_row][vc_row][vc_column][vc_column_text css=&#8221;&#8221;]<\/p>\n<p class=\"s7\" style=\"text-align: center;\"><strong><span class=\"s4\">A todos y todas las participantes de <\/span><span class=\"s4\">la 1\u00aa Convocatoria de Proyectos Radiof\u00f3nicos \u2013 Luci\u00e9rnagas 13-50<\/span><span class=\"s4\">.<\/span><\/strong><\/p>\n<p>&nbsp;<\/p>\n<p class=\"s5\">Por este medio, nos ponemos en contacto para expresar <strong><span class=\"s4\">nuestro m\u00e1s sincero agradecimiento por el entusiasmo y la gran respuesta recibida<\/span> <\/strong>en esta 1\u00aa Convocatoria de Proyectos Radiof\u00f3nicos de Luci\u00e9rnagas 13-50.<\/p>\n<p class=\"s5\"><strong><span class=\"s4\">Las propuestas recibidas han superado con creces nuestras expectativas<\/span><\/strong>, reafirmando que nuestra labor <strong><span class=\"s4\">por construir una radio con perspectiva de g\u00e9nero <\/span><\/strong>es un esfuerzo compartido.<\/p>\n<p class=\"s5\">Por esta raz\u00f3n, y con el firme objetivo de analizar cada uno de los proyectos con la minuciosidad, el cuidado y la valoraci\u00f3n que merecen, les informamos que <strong><span class=\"s4\">la nueva fecha para la publicaci\u00f3n de los resultados se ha reprograma para el 3<\/span><span class=\"s4\">1<\/span><span class=\"s4\"> de <\/span><span class=\"s4\">agosto<\/span><\/strong> del presente a\u00f1o.<\/p>\n<p class=\"s5\">Lamentamos los inconvenientes que esta reprogramaci\u00f3n pueda generarles, no obstante, al tiempo que apelamos a su comprensi\u00f3n, <strong><span class=\"s4\">les invitamos a mantenerse al tanto de los resultados a trav\u00e9s de nuestros canales oficiales<\/span>:<\/strong><\/p>\n<p>&nbsp;<\/p>\n<p class=\"s5\">\u2022\u200b Sinton\u00eda en vivo: 1350 AM.<\/p>\n<p class=\"s5\">\u2022\u200b Se\u00f1al en l\u00ednea: <a href=\"http:\/\/www.imer.mx\/luciernagas1350\"><span class=\"s6\">www.imer.mx\/luciernagas1350<\/span><\/a><\/p>\n<p class=\"s5\">\u2022\u200b Sitios web: <a href=\"http:\/\/www.imer.mx\/luciernagas1350\/\"><span class=\"s6\">www.imer.mx\/luciernagas1350\/<\/span><\/a><\/p>\n<p class=\"s5\">\u2022\u200b Redes sociales: @luciernagas1350<\/p>\n<p>&nbsp;<\/p>\n<p class=\"s5\">Agradecemos profundamente su paciencia y confianza en el Instituto Mexicano de la Radio.<\/p>\n<p class=\"s5\">Estamos convencidas de que este tiempo adicional permitir\u00e1 construir una selecci\u00f3n s\u00f3lida para seguir fortaleciendo este espacio radiof\u00f3nico.<\/p>\n<p>&nbsp;<\/p>\n<p class=\"s5\"><strong><span class=\"s4\">Atentamente,<\/span><\/strong><\/p>\n<p class=\"s5\"><strong><span class=\"s4\">Luci\u00e9rnagas 13-50 | IMER<\/span><\/strong><\/p>\n<p>[\/vc_column_text][\/vc_column][\/vc_row][vc_row][vc_column][vc_empty_space][\/vc_column][\/vc_row][vc_row][vc_column]<div id=\"ultimate-heading-79956a965351e5e1c\" class=\"uvc-heading ult-adjust-bottom-margin ultimate-heading-79956a965351e5e1c uvc-7911  uvc-heading-default-font-sizes\" data-hspacer=\"line_only\"  data-halign=\"left\" style=\"text-align:left\"><div class=\"uvc-main-heading ult-responsive\"  data-ultimate-target='.uvc-heading.ultimate-heading-79956a965351e5e1c h2'  data-responsive-json-new='{\"font-size\":\"\",\"line-height\":\"\"}' ><h2 style=\"--font-weight:theme;\">Convocatoria<\/h2><\/div><div class=\"uvc-heading-spacer line_only\" style=\"topheight:1px;\"><span class=\"uvc-headings-line\" style=\"border-style:solid;border-bottom-width:1px;border-color:#ccc;width:autopx;\"><\/span><\/div><\/div>[vc_empty_space][\/vc_column][\/vc_row][vc_row][vc_column][vc_column_text css=&#8221;&#8221;]<\/p>\n<p align=\"center\"><strong>Primera Convocatoria 2026<br \/>\npara la presentaci\u00f3n de proyectos de la emisora XEQK Luci\u00e9rnagas 13-50 AM del<br \/>\nInstituto Mexicano de la Radio<br \/>\nC O N V O C A<\/strong><\/p>\n<p>A colectivas, colectivos, organizaciones de la sociedad civil e instituciones p\u00fablicas interesadas en desarrollar proyectos radiof\u00f3nicos que contribuyan a la transformaci\u00f3n cultural, desde una perspectiva cr\u00edtica, incluyente y comunitaria, y que resulten de inter\u00e9s p\u00fablico a<\/p>\n<p align=\"center\"><strong>Presentar Proyectos de Radio con perspectiva de g\u00e9nero<\/strong><\/p>\n<p align=\"center\"><strong>O B J E T I V O<\/strong><\/p>\n<p>\u25cf El Instituto Mexicano de la Radio (IMER), en el ejercicio de sus atribuciones y en cumplimiento de lo establecido en los art\u00edculos 1 y 4 fracci\u00f3n VIII, del Decreto por el que se reforman y derogan diversas disposiciones del Decreto por el que se crea el Organismo P\u00fablico Descentralizado denominado Instituto Mexicano de la Radio, publicado en el Diario Oficial de la Federaci\u00f3n el 18 de diciembre de 2020, tiene entre sus funciones promover la participaci\u00f3n de la sociedad en los aspectos relacionados con sus actividades y objeto, con el fin de garantizar la calidad, diversidad y pluralidad de sus contenidos.<\/p>\n<p>En este marco, el <strong>Instituto Mexicano de la Radio<\/strong> a trav\u00e9s de su emisora Luci\u00e9rnagas 13-50 AM, se consolida como un medio p\u00fablico comprometido con la pluralidad de voces, la igualdad sustantiva, los derechos humanos y la construcci\u00f3n de narrativas sonoras con impacto social, en concordancia con su vocaci\u00f3n de servicio p\u00fablico y perspectiva de g\u00e9nero; el Instituto busca incentivar el trabajo en comunidad que desarrolla la sociedad organizada en beneficio a diferentes causas sociales, a favor de grupos vulnerables.<\/p>\n<p>Por ello, se invita a la presentaci\u00f3n de proyectos radiof\u00f3nicos, alineados a los siguientes ejes tem\u00e1ticos:<\/p>\n<p>\u25cf Feminismo, derechos de las mujeres, ni\u00f1as y personas feminizadas, igualdad sustantiva y erradicaci\u00f3n de las violencias de g\u00e9nero.<br \/>\n\u25cf Masculinidades no patriarcales, cr\u00edticas a la masculinidad hegem\u00f3nica, nuevas formas de ser hombres y procesos de desaprendizaje del machismo.<\/p>\n<p>\u25cf Poblaci\u00f3n LGBTTTIQA+, identidades, expresiones sexogen\u00e9ricas, disidencias sexuales, derechos, memoria, cultura y experiencias comunitarias.<\/p>\n<p align=\"center\"><strong>BASES<\/strong><\/p>\n<p><strong>1.<\/strong> Se deber\u00e1 llenar el <a href=\"https:\/\/forms.gle\/D8nKovHSXmR7kpTk9\" target=\"_blank\" rel=\"noopener\"><strong>formulario de proyecto<\/strong><\/a> con el siguiente contenido, siendo esta la \u00fanica forma de registro:<\/p>\n<p><strong>Nombre del proyecto<\/strong><br \/>\n<strong>Datos de las colectivas, colectivos, organizaciones de la sociedad civil o instituciones p\u00fablicas<\/strong><br \/>\n\u25cf Nombre completo de la organizaci\u00f3n o instituci\u00f3n.<br \/>\n\u25cf Documento del cual se desprende la naturaleza jur\u00eddica de la organizaci\u00f3n o instituci\u00f3n.<br \/>\n\u25cf En el caso de colectivas o colectivos, presentar una carta exposici\u00f3n de la naturaleza del colectivo o colectiva, objetivos principales y personas que la conforman.<br \/>\n\u25cf Nombre completo y datos de contacto de la persona responsable y enlace.<br \/>\n\u25cf Datos curriculares de la persona responsable y enlace.<br \/>\n\u25cf Datos curriculares de la colectiva, colectivo, organizaci\u00f3n o instituci\u00f3n.<br \/>\n\u25cf Direcci\u00f3n (calle, n\u00famero, colonia, c\u00f3digo postal, etc).<br \/>\n\u25cf Informaci\u00f3n de sus canales de difusi\u00f3n en Internet (sitio web, correo electr\u00f3nico, redes socio digitales).<br \/>\n\u25cf Si la organizaci\u00f3n cuenta con Clave CLUNI (Clave \u00danica de Inscripci\u00f3n) agregarla, si no, no es un requisito obligatorio.<\/p>\n<p><strong>Sobre el proyecto:<\/strong><br \/>\n\u25cf Eje tem\u00e1tico en el que participa.<br \/>\n\u25cf Objetivo general del proyecto.<br \/>\n\u25cf Exposici\u00f3n de motivos, que destaquen la importancia del tema.<br \/>\n\u25cf Descripci\u00f3n breve sobre el tratamiento del tema.<br \/>\n\u25cf \u00cdndice tem\u00e1tico de 13 programas.<br \/>\n\u25cf Antecedentes del proyecto (si ha estado al aire, ya sea en emisoras del IMER, en otras radiodifusoras o en plataformas de streaming. Incluir la liga).<\/p>\n<p>Los proyectos deber\u00e1n <strong>tener perspectiva de g\u00e9nero<\/strong>, lenguaje no sexista, adem\u00e1s de un enfoque de derechos humanos que fomente el respeto y la inclusi\u00f3n de todas las personas. <strong>Aplica para cualquier tema<\/strong>.<\/p>\n<p><strong>Demo<\/strong><br \/>\nSe evaluar\u00e1 la creatividad y originalidad del proyecto, su contenido y no la calidad del audio.<\/p>\n<p>\u25cf Realizar un ejemplo de la idea del programa.<br \/>\n\u25cf Duraci\u00f3n entre 5 y 10 minutos.<br \/>\n\u25cf Formato mp3 128 kbps o superior.<\/p>\n<p><strong>2.<\/strong> El registro de proyectos estar\u00e1 abierto del <strong>1 de marzo al 31 de mayo de 2026<\/strong>, hasta las 23:59 horas.<\/p>\n<p><strong>3.<\/strong> Es obligatorio cubrir todos los puntos solicitados para que el registro sea v\u00e1lido. Los proyectos que no cumplan con la totalidad de las bases ser\u00e1n descartados autom\u00e1ticamente.<\/p>\n<p><strong>4.<\/strong> Ser\u00e1 descalificado cualquier trabajo que presente contenidos que inciten a la violencia y al odio.<\/p>\n<p><strong>5.<\/strong> Como acuse de recibido se enviar\u00e1 un correo electr\u00f3nico con el n\u00famero de registro del proyecto inscrito.<\/p>\n<p><strong>6.<\/strong> El IMER realizar\u00e1 la producci\u00f3n de los proyectos de radio que resulten seleccionados, de conformidad con los requisitos de esta convocatoria, as\u00ed como de su transmisi\u00f3n a trav\u00e9s de la se\u00f1al radiof\u00f3nica en la frecuencia 1350 de A.M., que transmite simult\u00e1neamente por internet desde el sitio web www.imer.mx\/luciernagas1350.<\/p>\n<p><strong>7.<\/strong> Los proyectos seleccionados ser\u00e1n integrados a la programaci\u00f3n de la emisora considerando lo siguiente:<\/p>\n<p>A. Previa firma del convenio de producci\u00f3n y transmisi\u00f3n, sin que ello implique relaci\u00f3n laboral o comercial alguna con el IMER.<br \/>\nB. El formato, la duraci\u00f3n y horario de transmisi\u00f3n ser\u00e1n definidos por el IMER de acuerdo con la estructura de su carta program\u00e1tica, as\u00ed como de los recursos materiales y humanos disponibles.<br \/>\nC. Los cr\u00e9ditos ser\u00e1n compartidos entre colectivas, colectivos, instituci\u00f3n u organizaci\u00f3n titular del programa y el IMER.<br \/>\nD. Los derechos de los programas, contenidos u obras que en su caso deriven de la presente convocatoria se sujetar\u00e1n a lo previsto en la Ley Federal del Derecho de Autor, la Ley Federal de Protecci\u00f3n a la Propiedad Industrial, y dem\u00e1s normatividad que resulte aplicable.<br \/>\nE. Las personas participantes en los proyectos seleccionados <strong>no recibir\u00e1n remuneraci\u00f3n<\/strong> alguna por el desarrollo y transmisi\u00f3n de los productos radiof\u00f3nicos generados con motivo de la presente convocatoria, toda vez que se persiguen fines sociales y gratuitos.<\/p>\n<p><strong>8.<\/strong> La evaluaci\u00f3n y aprobaci\u00f3n de los proyectos presentados la realizar\u00e1 el Grupo de Programaci\u00f3n de Luci\u00e9rnagas 13-50 AM del IMER.<\/p>\n<p><strong>El Grupo de programaci\u00f3n de Luci\u00e9rnagas 13-50 AM del IMER, es un \u00f3rgano plural de representaci\u00f3n social, con el objetivo de garantizar la independencia editorial, la participaci\u00f3n de organizaciones sociales y la expresi\u00f3n de diversidades ideol\u00f3gicas, \u00e9tnicas y culturales.<\/strong><\/p>\n<p>Est\u00e1 integrado por:<br \/>\n\u25cf Fernando Chamizo Guerrero. Director General del IMER.<br \/>\n\u25cf Juan Carlos Reyes Torres. Director de Radiodifusoras del IMER.<br \/>\n\u25cf Gabriela Alejandra L\u00f3pez Miranda. Directora de Investigaci\u00f3n del IMER.<br \/>\n\u25cf Carolina Duran Fuentevilla. Subdirectora de Programaci\u00f3n del IMER.<br \/>\n\u25cf Christian Padilla P\u00e9rez. Gerente de Reactor 105.7.<br \/>\n\u25cf Claudia Ortigoza P\u00e9rez. Gerenta de Luci\u00e9rnagas 13-50 AM.<br \/>\n\u25cf Sandra V\u00e1zquez Salazar. Gerenta de Tropical\u00edsima 6-60AM.<br \/>\n\u25cf Laura Lezama Garc\u00eda. Jefa de Guionismo de la Direcci\u00f3n de Producci\u00f3n y Programaci\u00f3n del IMER.<br \/>\n\u25cf Hazel Zamora Mendieta, Reportera del Sistema Nacional de Noticieros del IMER<\/p>\n<p><strong>La decisi\u00f3n de este \u00f3rgano colegiado es inapelable.<\/strong><br \/>\nLos proyectos radiof\u00f3nicos seleccionados se incorporar\u00e1n a la programaci\u00f3n de la emisora, cuando lo determine el Grupo de programaci\u00f3n de Luci\u00e9rnagas 13-50 AM.<\/p>\n<p><strong>9.<\/strong> Las colectivas, colectivos, organizaciones e instituciones, deber\u00e1n apegarse a la Constituci\u00f3n Pol\u00edtica de los Estados Unidos Mexicanos, la Ley en Materia de Telecomunicaciones y Radiodifusi\u00f3n, la Ley Federal del Derecho de Autor, la Ley Federal de Protecci\u00f3n a la Propiedad Industrial, el C\u00f3digo de \u00c9tica, la Gu\u00eda pr\u00e1ctica de Radiodifusi\u00f3n P\u00fablica, los Lineamientos de Comercializaci\u00f3n y Mercadotecnia, los principios rectores del IMER, as\u00ed como a la normatividad que resulte aplicable.<\/p>\n<p><strong>10.<\/strong> El listado de los proyectos radiof\u00f3nicos seleccionados se publicar\u00e1 el <strong>30 de junio de 2026<\/strong> en la p\u00e1gina web del IMER (https:\/\/www.imer.mx) y de Luci\u00e9rnagas 13-50 AM (https:\/\/www.imer.mx\/luciernagas1350\/), se difundir\u00e1 a trav\u00e9s de la se\u00f1al radiof\u00f3nica en el Valle de M\u00e9xico, en la frecuencia 1350 A.M.<\/p>\n<p><strong>11.<\/strong> No podr\u00e1n participar personas prestadoras de servicios profesionales o vinculadas laboralmente al IMER, o integrantes de organizaciones, colectivas o colectivos que se encuentren colaborando actualmente en la realizaci\u00f3n de alg\u00fan programa transmitido por Luci\u00e9rnagas 13-50 AM o por otra emisora del IMER.<\/p>\n<p><strong>12.<\/strong> Se descalificar\u00e1 el proyecto radiof\u00f3nico por faltas a derechos de autor, a efecto de que no haya plagios o vulneraci\u00f3n a derechos morales y patrimoniales de terceros.<\/p>\n<p><strong>13.<\/strong> Los datos personales recabados durante este proceso ser\u00e1n protegidos en t\u00e9rminos de lo establecido en los art\u00edculos 10, 12, 15, 16, 19, 20 y 59 de la Ley General de Protecci\u00f3n de datos Personales en Posesi\u00f3n de Sujetos Obligados (LGDPPSO), as\u00ed como los art\u00edculos 115 y 119 de la Ley General de Transparencia y Acceso a las Informaci\u00f3n P\u00fablica. Para mayor informaci\u00f3n visite el sitio. <a href=\"https:\/\/www.imer.mx\/secciontransparencia\/#proteccion-de-datos-personales\" target=\"_blank\" rel=\"noopener\">https:\/\/www.imer.mx\/secciontransparencia\/#proteccion-de-datos-personales<\/a><\/p>\n<p><strong>14.<\/strong> Las personas titulares de los proyectos radiof\u00f3nicos seleccionados autorizan la transmisi\u00f3n de sus propuestas, para lo cual deber\u00e1n otorgar la licencia correspondiente para la difusi\u00f3n y transmisi\u00f3n de su proyecto con fines no onerosos, conforme a lo establecido en la presente convocatoria.<\/p>\n<p><strong>15.<\/strong> El Centro de Formaci\u00f3n Radiof\u00f3nica del IMER, otorgar\u00e1 a los equipos de los proyectos seleccionados, capacitaci\u00f3n para que cuenten con las herramientas necesarias para desarrollar sus producciones.<\/p>\n<p><strong>16.<\/strong> Asimismo, deber\u00e1n mantenerse de manera enunciativa m\u00e1s no limitativa, dentro de los t\u00e9rminos previstos en la Constituci\u00f3n Pol\u00edtica de los Estados Unidos Mexicanos, la Ley en Materia Telecomunicaciones y Radiodifusi\u00f3n, los principios rectores del IMER, y bajo ninguna circunstancia se permitir\u00e1 que los programas que deriven de la presente convocatoria contengan informaci\u00f3n relativa a proselitismo partidista o religioso, ni deber\u00e1n atentar contra la identidad, la dignidad y la vida privada de terceros.<\/p>\n<p align=\"right\"><strong>M\u00e9xico, Ciudad de M\u00e9xico, a 1 de marzo de 2026<\/strong><\/p>\n<p>[\/vc_column_text][\/vc_column][\/vc_row]<\/p>\n<\/div>","protected":false},"excerpt":{"rendered":"<p>[vc_row][vc_column][vc_empty_space][vc_column_text css=&#8221;&#8221;] A todas las colectivas, colectivos, organizaciones de la sociedad civil e instituciones p\u00fablicas participantes: Luci\u00e9rnagas 13-50 y el Instituto Mexicano de la Radio agradecen el entusiasmo, la confianza y la amplia respuesta recibida en esta primera convocatoria. Gracias al trabajo coordinado del Grupo de Programaci\u00f3n de Luci\u00e9rnagas 13-50, fue posible concluir \u00e1gilmente el&hellip;<\/p>\n","protected":false},"author":1,"featured_media":0,"parent":0,"menu_order":0,"comment_status":"closed","ping_status":"closed","template":"","meta":{"wp_popup_display_lightbox":0,"wp_popup_suppress":"","wp_popup_trigger":"","wp_popup_trigger_amount":0,"wp_popup_disable_on_mobile":false,"footnotes":""},"class_list":["post-234","page","type-page","status-publish","hentry","description-off"],"_links":{"self":[{"href":"https:\/\/www.imer.mx\/luciernagas1350\/wp-json\/wp\/v2\/pages\/234","targetHints":{"allow":["GET"]}}],"collection":[{"href":"https:\/\/www.imer.mx\/luciernagas1350\/wp-json\/wp\/v2\/pages"}],"about":[{"href":"https:\/\/www.imer.mx\/luciernagas1350\/wp-json\/wp\/v2\/types\/page"}],"author":[{"embeddable":true,"href":"https:\/\/www.imer.mx\/luciernagas1350\/wp-json\/wp\/v2\/users\/1"}],"replies":[{"embeddable":true,"href":"https:\/\/www.imer.mx\/luciernagas1350\/wp-json\/wp\/v2\/comments?post=234"}],"version-history":[{"count":3,"href":"https:\/\/www.imer.mx\/luciernagas1350\/wp-json\/wp\/v2\/pages\/234\/revisions"}],"predecessor-version":[{"id":309,"href":"https:\/\/www.imer.mx\/luciernagas1350\/wp-json\/wp\/v2\/pages\/234\/revisions\/309"}],"wp:attachment":[{"href":"https:\/\/www.imer.mx\/luciernagas1350\/wp-json\/wp\/v2\/media?parent=234"}],"curies":[{"name":"wp","href":"https:\/\/api.w.org\/{rel}","templated":true}]}}