{"id":55,"date":"2012-10-26T05:12:12","date_gmt":"2012-10-26T05:12:12","guid":{"rendered":"http:\/\/lapopular.imer.gob.mx\/wordpress\/?page_id=55"},"modified":"2023-03-13T12:26:54","modified_gmt":"2023-03-13T18:26:54","slug":"acerca-de-la-popular","status":"publish","type":"page","link":"https:\/\/www.imer.mx\/lapopular\/acerca-de-la-popular\/","title":{"rendered":"Acerca de La Popular"},"content":{"rendered":"<div class=\"wpb-content-wrapper\"><p>[vc_row type=&#8221;vc_default&#8221; full_width=&#8221;stretch_row&#8221; parallax=&#8221;content-moving&#8221; parallax_image=&#8221;1866&#8243; css=&#8221;.vc_custom_1610663905675{margin-top: -50px !important;border-top-width: -50px !important;padding-top: -50px !important;}&#8221;][vc_column][vc_empty_space height=&#8221;125px&#8221;][vc_custom_heading text=&#8221;Acerca de La Popular&#8221; font_container=&#8221;tag:h2|text_align:center|color:%23885e36&#8243; google_fonts=&#8221;font_family:Montserrat%3Aregular%2C700|font_style:700%20bold%20regular%3A700%3Anormal&#8221;][vc_empty_space height=&#8221;5px&#8221;]<div class=\"hr-thin style-double\" style=\"width: 15%;border-color: #ffffff;border-top-width: 3px;\"><\/div>[vc_empty_space][\/vc_column][\/vc_row][vc_row][vc_column][vc_column_text]<span style=\"font-weight: 400\">La Popular es una emisora del Instituto Mexicano de la Radio que transmite\u00a0 desde Cacahoat\u00e1n, Chiapas una serie de programas radiof\u00f3nicos que buscan difundir la cultura mexicana en la regi\u00f3n y en la vecina Guatemala. Asimismo, preservar las costumbres y tradiciones de la sierra de Soconusco.<\/span><\/p>\n<p><span style=\"font-weight: 400\">En La Popular buscamos conservar y preservar la lengua <em>Mam<\/em> colectivizada y hablada por las comunidades de la sierra y sobre todo fungir como un apoyo para informar acerca de: centros de apoyo, localizaci\u00f3n de familiares, caminos transitables, situaci\u00f3n de los poblados, asistencia en campa\u00f1as emergentes de salud p\u00fablica; todo lo necesario para fomentar una organizaci\u00f3n comunitaria acompa\u00f1ada de m\u00fasica tradicional mexicana.<\/span>[\/vc_column_text][vc_empty_space][\/vc_column][\/vc_row][vc_section][vc_row][vc_column]<div class=\"hr-thin style-line accent-border-color\" style=\"width: 100%;border-top-width: 1px;\"><\/div>[vc_empty_space height=&#8221;15px&#8221;][vc_custom_heading text=&#8221;Breve cronolog\u00eda de La Popular&#8221; font_container=&#8221;tag:h2|text_align:left|color:%23646706&#8243; google_fonts=&#8221;font_family:Montserrat%3Aregular%2C700|font_style:700%20bold%20regular%3A700%3Anormal&#8221;][vc_column_text]<strong><em>Desliza el c\u00edrculo sobre la l\u00ednea<\/em><\/strong>[\/vc_column_text]<div id=\"ultimate-range-slider184369f3543a6e2fb\" class=\"ult-rs-wrapper\"><div id=\"ult-range-slider \"  class=\"ult-rslider-container ult-responsive \"  data-slider_steps = \"15\" data-slider_color = '#646706' data-arrow = &#039; border-width:9px; margin-left:-9px; border-top-color:#646706; &#039;data-title-background = #ffffff  data-title-box = auto   data-ultimate-target='#ultimate-range-slider184369f3543a6e2fb .ult-content'  data-responsive-json-new='{\"font-size\":\"desktop:16px;\",\"line-height\":\"\"}' ><div class = \"ult-tooltip ult-tooltip-border ult-arrow ult-title1\"  style = &#039;border-style:solid;border-width:2px;border-radius:0px;border-color:#646706;background:#ffffff;  0;color:#646706;&#039;><span class=\"ult-content \">1985<\/span><\/div><div class = \"ult-tooltip ult-tooltip-border ult-arrow ult-title2\"  style = &#039;border-style:solid;border-width:2px;border-radius:0px;border-color:#646706;background:#ffffff;  0;color:#646706;&#039;><span class=\"ult-content \">1987<\/span><\/div><div class = \"ult-tooltip ult-tooltip-border ult-arrow ult-title3\"  style = &#039;border-style:solid;border-width:2px;border-radius:0px;border-color:#646706;background:#ffffff;  0;color:#646706;&#039;><span class=\"ult-content \">1991<\/span><\/div><div class = \"ult-tooltip ult-tooltip-border ult-arrow ult-title4\"  style = &#039;border-style:solid;border-width:2px;border-radius:0px;border-color:#646706;background:#ffffff;  0;color:#646706;&#039;><span class=\"ult-content \">1994<\/span><\/div><div class = \"ult-tooltip ult-tooltip-border ult-arrow ult-title5\"  style = &#039;border-style:solid;border-width:2px;border-radius:0px;border-color:#646706;background:#ffffff;  0;color:#646706;&#039;><span class=\"ult-content \">2005<\/span><\/div><div class = \"ult-tooltip ult-tooltip-border ult-arrow ult-title6\"  style = &#039;border-style:solid;border-width:2px;border-radius:0px;border-color:#646706;background:#ffffff;  0;color:#646706;&#039;><span class=\"ult-content \">2006<\/span><\/div><div class = \"ult-tooltip ult-tooltip-border ult-arrow ult-title7\"  style = &#039;border-style:solid;border-width:2px;border-radius:0px;border-color:#646706;background:#ffffff;  0;color:#646706;&#039;><span class=\"ult-content \">2007<\/span><\/div><div class = \"ult-tooltip ult-tooltip-border ult-arrow ult-title8\"  style = &#039;border-style:solid;border-width:2px;border-radius:0px;border-color:#646706;background:#ffffff;  0;color:#646706;&#039;><span class=\"ult-content \">2008<\/span><\/div><div class = \"ult-tooltip ult-tooltip-border ult-arrow ult-title9\"  style = &#039;border-style:solid;border-width:2px;border-radius:0px;border-color:#646706;background:#ffffff;  0;color:#646706;&#039;><span class=\"ult-content \">2009<\/span><\/div><div class = \"ult-tooltip ult-tooltip-border ult-arrow ult-title10\"  style = &#039;border-style:solid;border-width:2px;border-radius:0px;border-color:#646706;background:#ffffff;  0;color:#646706;&#039;><span class=\"ult-content \">2010<\/span><\/div><div class = \"ult-tooltip ult-tooltip-border ult-arrow ult-title11\"  style = &#039;border-style:solid;border-width:2px;border-radius:0px;border-color:#646706;background:#ffffff;  0;color:#646706;&#039;><span class=\"ult-content \">2011<\/span><\/div><div class = \"ult-tooltip ult-tooltip-border ult-arrow ult-title12\"  style = &#039;border-style:solid;border-width:2px;border-radius:0px;border-color:#646706;background:#ffffff;  0;color:#646706;&#039;><span class=\"ult-content \">2012<\/span><\/div><div class = \"ult-tooltip ult-tooltip-border ult-arrow ult-title13\"  style = &#039;border-style:solid;border-width:2px;border-radius:0px;border-color:#646706;background:#ffffff;  0;color:#646706;&#039;><span class=\"ult-content \">2013<\/span><\/div><div class = \"ult-tooltip ult-tooltip-border ult-arrow ult-title14\"  style = &#039;border-style:solid;border-width:2px;border-radius:0px;border-color:#646706;background:#ffffff;  0;color:#646706;&#039;><span class=\"ult-content \">2014<\/span><\/div><div class = \"ult-tooltip ult-tooltip-border ult-arrow ult-title15\"  style = &#039;border-style:solid;border-width:2px;border-radius:0px;border-color:#646706;background:#ffffff;  0;color:#646706;&#039;><span class=\"ult-content \">2022<\/span><\/div><div class = \"ult-rslider\" style = \"width:\" ><\/div><\/div><div class=\"ult-desc-wrap ult-responsive \" data-ultimate-target='#ultimate-range-slider184369f3543a6e2fb .ult-description'  data-responsive-json-new='{\"font-size\":\"desktop:16px;\",\"line-height\":\"\"}' ><div class = \"ult-description ult-desc1\" style = 'color:#444444; padding-top:35px;padding-right:35px;padding-bottom:35px;padding-left:35px;;' >IMER firma convenio con el estado de Chiapas para poner al aire varias emisoras dentro del territorio de esa entidad.<\/div><div class = \"ult-description ult-desc2\" style = 'color:#444444; padding-top:35px;padding-right:35px;padding-bottom:35px;padding-left:35px;;' >El 16 de septiembre sale al aire XECARH, La voz del Soconusco, emisora ubicada en la frecuencia de los 1350 Khz y es instalada en Cacahoat\u00e1n, una zona pol\u00edticamente estrat\u00e9gica por lo que, representa el contrapeso mexicano a las transmisiones provenientes de estaciones de Guatemala y de la repetidora Voice of America, ubicada en Belice que se reciben en la regi\u00f3n. Su objetivo, por lo tanto, es conservar, difundir y promover los valores culturales, nacionales y regionales de las comunidades que habitan en la regi\u00f3n.\nA fin de atender a las comunidades peque\u00f1as de la zona, algunas con menos de 500 habitantes, la programaci\u00f3n de la XECAH produce campa\u00f1as de orientaci\u00f3n para la salud y la conservaci\u00f3n ecol\u00f3gica, que se transmite en la lengua ind\u00edgenas que se habla en la regi\u00f3n: Mam.<\/div><div class = \"ult-description ult-desc3\" style = 'color:#444444; padding-top:35px;padding-right:35px;padding-bottom:35px;padding-left:35px;;' >XECAH ampl\u00eda su perfil musical. Adem\u00e1s de m\u00fasica tradicional de la regi\u00f3n, fundamentalmente de marimba, programa m\u00fasica ranchera, pop en espa\u00f1ol, boleros y m\u00fasica rom\u00e1ntica, rock y pop en ingl\u00e9s, m\u00fasica afro-antillana y canto nuevo latinoamericano.\nLas noticias se producen en la Ciudad de M\u00e9xico por el Sistema Nacional de Noticiarios, ya que en la emisora solamente se produce el noticiario Esf\u00e9rico, especializado en deportes.<\/div><div class = \"ult-description ult-desc4\" style = 'color:#444444; padding-top:35px;padding-right:35px;padding-bottom:35px;padding-left:35px;;' >La voz del Soconusco se transmite durante 20 horas al d\u00eda con 5 mil watts de potencia real -la totalidad de la potencia autorizada- y cubre un \u00e1rea aproximada de 9,503 kil\u00f3metros cuadrados.<\/div><div class = \"ult-description ult-desc5\" style = 'color:#444444; padding-top:35px;padding-right:35px;padding-bottom:35px;padding-left:35px;;' >La XECAH confirma sus funciones de servir de enlace entre las poblaciones del estado y la de ser parte de la comunidad. El aislamiento provocado por el hurac\u00e1n \u201cStan\u201d, hace necesaria la comunicaci\u00f3n a trav\u00e9s de la radio para llevar mensajes de orientaci\u00f3n y de servicio a las comunidades que habitan en los pueblos aleda\u00f1os. La Popular informa sobre centros de apoyo, localizaci\u00f3n de familiares, caminos transitables, situaci\u00f3n de los poblados y refuerza campa\u00f1as emergentes de salud p\u00fablica.<\/div><div class = \"ult-description ult-desc6\" style = 'color:#444444; padding-top:35px;padding-right:35px;padding-bottom:35px;padding-left:35px;;' >Se adquirieron mejores equipos de grabaci\u00f3n y reproducci\u00f3n de audio que permiten una brillante salida al aire y se capacita al personal de la emisora en el funcionamiento de los mismos.\nLa Popular cambia su perfil musical por el de m\u00fasica regional mexicana: Rancheras, Norte\u00f1as, corridos, grupera, boleros y m\u00fasica de marimba, el instrumento musical de la regi\u00f3n.<\/div><div class = \"ult-description ult-desc7\" style = 'color:#444444; padding-top:35px;padding-right:35px;padding-bottom:35px;padding-left:35px;;' >La Popular adquiere nuevo equipo computarizado.<\/div><div class = \"ult-description ult-desc8\" style = 'color:#444444; padding-top:35px;padding-right:35px;padding-bottom:35px;padding-left:35px;;' >La grabaci\u00f3n, control y transmisi\u00f3n radiof\u00f3nica se automatiza a trav\u00e9s del sistema DALET.<\/div><div class = \"ult-description ult-desc9\" style = 'color:#444444; padding-top:35px;padding-right:35px;padding-bottom:35px;padding-left:35px;;' >Se integra a la continuidad el software Team Radio lo que permite automatizar la continuidad y hacer m\u00e1s eficiente la transmisi\u00f3n de identificaciones y promocionales.<\/div><div class = \"ult-description ult-desc10\" style = 'color:#444444; padding-top:35px;padding-right:35px;padding-bottom:35px;padding-left:35px;;' >La Popular adquiere nuevos procesadores digitales de audio.<\/div><div class = \"ult-description ult-desc11\" style = 'color:#444444; padding-top:35px;padding-right:35px;padding-bottom:35px;padding-left:35px;;' >La Popular se prepara para iniciar sus transmisiones en FM, se instal\u00f3 una nueva antena dual y su sistema de iluminaci\u00f3n.\nTambi\u00e9n, en este mismo a\u00f1o se cumplen 25 a\u00f1os de transmitir 20 horas diarias en la regi\u00f3n Sierra y Costa Soconusco de Chiapas y la frontera con Guatemala.\nEl Aniversario n\u00famero 25 fue celebrado con una transmisi\u00f3n en vivo desde las 5 de la ma\u00f1ana con las ma\u00f1anitas acompa\u00f1adas de mariachis y durante todo el d\u00eda hubo participaci\u00f3n de solistas y grupos musicales.\nPara cerrar con broche de oro se llev\u00f3 a cabo un baile popular en la Unidad Deportiva Prof. Miguel \u00c1ngel Guerra Orozco.<\/div><div class = \"ult-description ult-desc12\" style = 'color:#444444; padding-top:35px;padding-right:35px;padding-bottom:35px;padding-left:35px;;' >Dentro del proceso a la digitalizaci\u00f3n de todas las emisoras del pa\u00eds el IMER instala dos transmisores, uno de FM y otro de HD Alta Definici\u00f3n marca HARRIS Z8 HD de 5 kW, por lo que, el 16 de septiembre de 2012 La Popular inicia la transmisi\u00f3n en el 89.1 en frecuencia modulada, con esto la XECAH y XHCAH Emisora de Cacahoat\u00e1n se convierte en la primera estaci\u00f3n de radio en Chiapas que transmite en Alta Definici\u00f3n; HD1 la se\u00f1al de la Popular; HD2 la se\u00f1al de la XEB La B grande de M\u00e9xico y en HD3 la se\u00f1al de la XEQK, todas estaciones del Instituto Mexicano de la Radio.<\/div><div class = \"ult-description ult-desc13\" style = 'color:#444444; padding-top:35px;padding-right:35px;padding-bottom:35px;padding-left:35px;;' >Consolida su presencia en las regiones Costa, Sierra y Soconusco de Chiapas y en la Frontera con Guatemala con su se\u00f1al en AM, FM y HD.<\/div><div class = \"ult-description ult-desc14\" style = 'color:#444444; padding-top:35px;padding-right:35px;padding-bottom:35px;padding-left:35px;;' >El 26 de abril sale al aire el programa \u201cNo canto pero me encanta\u201d un programa que originalmente se produc\u00eda en IMER central y se convierte en una producci\u00f3n local de 2 horas los s\u00e1bados de 11:00 a 13:00 horas con la conducci\u00f3n del Locutor Guillermo Hern\u00e1ndez S\u00e1nchez, con este proyecto La Popular abre un espacio de participaci\u00f3n al p\u00fablico y todos los artistas de la regi\u00f3n.\nPosteriormente, en agosto de este a\u00f1o se inici\u00f3 la transmisi\u00f3n de mensajes en lengua Mam cultura existente en la zonas Sierra y Soconusco de Chiapas y en Guatemala y el 16 de septiembre La Popular cumple 27 a\u00f1os al aire.<\/div><div class = \"ult-description ult-desc15\" style = 'color:#444444; padding-top:35px;padding-right:35px;padding-bottom:35px;padding-left:35px;;' >En 2022, luego de dos a\u00f1os de crisis mundial sanitaria por pandemia ante el virus SARS Co 2 (Covid), la emisora logr\u00f3 sobrevivir ante las inclemencias del contexto. En ning\u00fan momento dej\u00f3 de transmitir y cumplir con la responsabilidad social para con nuestro auditorio. Este a\u00f1o 2023, La Popular cumple su 36 aniversario de ser \u201cLa Voz del Soconusco\u201d.<\/div><\/div><\/div><div class=\"hr-thin style-line accent-border-color\" style=\"width: 100%;border-top-width: 1px;\"><\/div>[vc_empty_space][\/vc_column][\/vc_row][vc_row][vc_column width=&#8221;1\/3&#8243;][vc_row_inner][vc_column_inner]<style type=\"text\/css\" data-type=\"the7_shortcodes-inline-css\">.dt-shortcode-soc-icons.soc-icons-b77911eb44cedc954b331bd16ce2bf11 a {\n  margin-right: 4px;\n}\n.dt-shortcode-soc-icons a.soc-icons-b77911eb44cedc954b331bd16ce2bf11 {\n  margin-right: 4px;\n}\n.dt-shortcode-soc-icons a.soc-icons-b77911eb44cedc954b331bd16ce2bf11:last-child {\n  margin-right: 0;\n}\n.dt-shortcode-soc-icons a.soc-icons-b77911eb44cedc954b331bd16ce2bf11:before,\n.dt-shortcode-soc-icons a.soc-icons-b77911eb44cedc954b331bd16ce2bf11:after {\n  padding: inherit;\n}\n.dt-shortcode-soc-icons a.soc-icons-b77911eb44cedc954b331bd16ce2bf11.dt-icon-border-on:before {\n  border:  solid ;\n}\n.dt-shortcode-soc-icons a.soc-icons-b77911eb44cedc954b331bd16ce2bf11.dt-icon-hover-border-on:after {\n  border:  solid ;\n}<\/style><div class=\"dt-shortcode-soc-icons  soc-icons-b77911eb44cedc954b331bd16ce2bf11 soc-icons-left \" ><style type=\"text\/css\" data-type=\"the7_shortcodes-inline-css\">.dt-shortcode-soc-icons a.single-soc-icon-4d34bfa53b532a880d6cb4639e678e7e {\n  min-width: 26px;\n  min-height: 26px;\n  font-size: 16px;\n  border-radius: 100px;\n}\n.dt-shortcode-soc-icons a.single-soc-icon-4d34bfa53b532a880d6cb4639e678e7e:last-child {\n  margin-right: 0;\n}\n.dt-shortcode-soc-icons a.single-soc-icon-4d34bfa53b532a880d6cb4639e678e7e:before,\n.dt-shortcode-soc-icons a.single-soc-icon-4d34bfa53b532a880d6cb4639e678e7e:after {\n  min-width: 26px;\n  min-height: 26px;\n  padding: inherit;\n}\n.dt-shortcode-soc-icons a.single-soc-icon-4d34bfa53b532a880d6cb4639e678e7e.dt-icon-border-on:before {\n  border: 0px solid ;\n}\n.dt-shortcode-soc-icons a.single-soc-icon-4d34bfa53b532a880d6cb4639e678e7e.dt-icon-hover-border-on:after {\n  border: 0px solid ;\n}\n.dt-shortcode-soc-icons a.single-soc-icon-4d34bfa53b532a880d6cb4639e678e7e:hover {\n  font-size: 16px;\n}\n#page .dt-shortcode-soc-icons a.single-soc-icon-4d34bfa53b532a880d6cb4639e678e7e:hover .soc-font-icon,\n#phantom .dt-shortcode-soc-icons a.single-soc-icon-4d34bfa53b532a880d6cb4639e678e7e:hover .soc-font-icon,\n#page .dt-shortcode-soc-icons a.single-soc-icon-4d34bfa53b532a880d6cb4639e678e7e:hover .soc-icon,\n#phantom .dt-shortcode-soc-icons a.single-soc-icon-4d34bfa53b532a880d6cb4639e678e7e:hover .soc-icon {\n  color: rgba(255,255,255,0.75);\n  background: none;\n}\n#page .dt-shortcode-soc-icons a.single-soc-icon-4d34bfa53b532a880d6cb4639e678e7e:not(:hover) .soc-font-icon,\n#phantom .dt-shortcode-soc-icons a.single-soc-icon-4d34bfa53b532a880d6cb4639e678e7e:not(:hover) .soc-font-icon,\n#page .dt-shortcode-soc-icons a.single-soc-icon-4d34bfa53b532a880d6cb4639e678e7e:not(:hover) .soc-icon,\n#phantom .dt-shortcode-soc-icons a.single-soc-icon-4d34bfa53b532a880d6cb4639e678e7e:not(:hover) .soc-icon {\n  color: #ffffff;\n  background: none;\n}\n.dt-shortcode-soc-icons a.single-soc-icon-4d34bfa53b532a880d6cb4639e678e7e .soc-font-icon,\n.dt-shortcode-soc-icons a.single-soc-icon-4d34bfa53b532a880d6cb4639e678e7e .soc-icon {\n  font-size: 16px;\n}<\/style><a title=\"\" href=\"#\" class=\"fas fa-address-card single-soc-icon-4d34bfa53b532a880d6cb4639e678e7e dt-icon-bg-on dt-icon-border-on dt-icon-hover-border-on dt-icon-hover-bg-on\"><i class=\"soc-icon fas fa-address-card\"><\/i><span class=\"screen-reader-text\"><\/span><\/a><\/div>[vc_empty_space height=&#8221;15px&#8221;][vc_column_text]<\/p>\n<h5><strong>Generales\u00a0<\/strong><\/h5>\n<p>Km. 1.5 carretera Cacahoat\u00e1n,<br \/>\nUni\u00f3n Ju\u00e1rez (frente al ejido Rosario Ixtal),<br \/>\nC. P. 30890,<br \/>\nCacahoat\u00e1n, Chiapas<b>.<\/b>[\/vc_column_text][\/vc_column_inner][\/vc_row_inner][vc_row_inner][vc_column_inner]<style type=\"text\/css\" data-type=\"the7_shortcodes-inline-css\">.dt-shortcode-soc-icons.soc-icons-b77911eb44cedc954b331bd16ce2bf11 a {\n  margin-right: 4px;\n}\n.dt-shortcode-soc-icons a.soc-icons-b77911eb44cedc954b331bd16ce2bf11 {\n  margin-right: 4px;\n}\n.dt-shortcode-soc-icons a.soc-icons-b77911eb44cedc954b331bd16ce2bf11:last-child {\n  margin-right: 0;\n}\n.dt-shortcode-soc-icons a.soc-icons-b77911eb44cedc954b331bd16ce2bf11:before,\n.dt-shortcode-soc-icons a.soc-icons-b77911eb44cedc954b331bd16ce2bf11:after {\n  padding: inherit;\n}\n.dt-shortcode-soc-icons a.soc-icons-b77911eb44cedc954b331bd16ce2bf11.dt-icon-border-on:before {\n  border:  solid ;\n}\n.dt-shortcode-soc-icons a.soc-icons-b77911eb44cedc954b331bd16ce2bf11.dt-icon-hover-border-on:after {\n  border:  solid ;\n}<\/style><div class=\"dt-shortcode-soc-icons  soc-icons-b77911eb44cedc954b331bd16ce2bf11 soc-icons-left \" ><style type=\"text\/css\" data-type=\"the7_shortcodes-inline-css\">.dt-shortcode-soc-icons a.single-soc-icon-57ecc86d808f37eda9997723985d3b1f {\n  min-width: 26px;\n  min-height: 26px;\n  font-size: 16px;\n  border-radius: 100px;\n}\n.dt-shortcode-soc-icons a.single-soc-icon-57ecc86d808f37eda9997723985d3b1f:last-child {\n  margin-right: 0;\n}\n.dt-shortcode-soc-icons a.single-soc-icon-57ecc86d808f37eda9997723985d3b1f:before,\n.dt-shortcode-soc-icons a.single-soc-icon-57ecc86d808f37eda9997723985d3b1f:after {\n  min-width: 26px;\n  min-height: 26px;\n  padding: inherit;\n}\n.dt-shortcode-soc-icons a.single-soc-icon-57ecc86d808f37eda9997723985d3b1f.dt-icon-border-on:before {\n  border: 0px solid ;\n}\n.dt-shortcode-soc-icons a.single-soc-icon-57ecc86d808f37eda9997723985d3b1f.dt-icon-hover-border-on:after {\n  border: 0px solid ;\n}\n.dt-shortcode-soc-icons a.single-soc-icon-57ecc86d808f37eda9997723985d3b1f:hover {\n  font-size: 16px;\n}\n#page .dt-shortcode-soc-icons a.single-soc-icon-57ecc86d808f37eda9997723985d3b1f:hover .soc-font-icon,\n#phantom .dt-shortcode-soc-icons a.single-soc-icon-57ecc86d808f37eda9997723985d3b1f:hover .soc-font-icon,\n#page .dt-shortcode-soc-icons a.single-soc-icon-57ecc86d808f37eda9997723985d3b1f:hover .soc-icon,\n#phantom .dt-shortcode-soc-icons a.single-soc-icon-57ecc86d808f37eda9997723985d3b1f:hover .soc-icon {\n  color: rgba(255,255,255,0.75);\n  background: none;\n}\n#page .dt-shortcode-soc-icons a.single-soc-icon-57ecc86d808f37eda9997723985d3b1f:not(:hover) .soc-font-icon,\n#phantom .dt-shortcode-soc-icons a.single-soc-icon-57ecc86d808f37eda9997723985d3b1f:not(:hover) .soc-font-icon,\n#page .dt-shortcode-soc-icons a.single-soc-icon-57ecc86d808f37eda9997723985d3b1f:not(:hover) .soc-icon,\n#phantom .dt-shortcode-soc-icons a.single-soc-icon-57ecc86d808f37eda9997723985d3b1f:not(:hover) .soc-icon {\n  color: #ffffff;\n  background: none;\n}\n.dt-shortcode-soc-icons a.single-soc-icon-57ecc86d808f37eda9997723985d3b1f .soc-font-icon,\n.dt-shortcode-soc-icons a.single-soc-icon-57ecc86d808f37eda9997723985d3b1f .soc-icon {\n  font-size: 16px;\n}<\/style><a title=\"Viber\" href=\"#\" class=\"viber single-soc-icon-57ecc86d808f37eda9997723985d3b1f dt-icon-bg-on dt-icon-border-on dt-icon-hover-border-on dt-icon-hover-bg-on\"><i class=\"soc-icon soc-font-icon dt-icon-viber\"><\/i><span class=\"screen-reader-text\">Viber<\/span><\/a><\/div>[vc_empty_space height=&#8221;15px&#8221;][vc_column_text]<\/p>\n<h6>Llame o env\u00ede un correo electr\u00f3nico, nos interesa conocer su opini\u00f3n.<\/h6>\n<h5><strong>Tel\u00e9fono en cabina: <\/strong>(01-962) 622-0840<\/h5>\n<h5><strong>Tel\u00e9fono gerencia:<\/strong> <strong>(01-962) 622-0452<\/strong><\/h5>\n<h5><\/h5>\n<p>[\/vc_column_text][\/vc_column_inner][\/vc_row_inner][\/vc_column][vc_column width=&#8221;1\/3&#8243;][vc_row_inner][vc_column_inner]<style type=\"text\/css\" data-type=\"the7_shortcodes-inline-css\">.dt-shortcode-soc-icons.soc-icons-b77911eb44cedc954b331bd16ce2bf11 a {\n  margin-right: 4px;\n}\n.dt-shortcode-soc-icons a.soc-icons-b77911eb44cedc954b331bd16ce2bf11 {\n  margin-right: 4px;\n}\n.dt-shortcode-soc-icons a.soc-icons-b77911eb44cedc954b331bd16ce2bf11:last-child {\n  margin-right: 0;\n}\n.dt-shortcode-soc-icons a.soc-icons-b77911eb44cedc954b331bd16ce2bf11:before,\n.dt-shortcode-soc-icons a.soc-icons-b77911eb44cedc954b331bd16ce2bf11:after {\n  padding: inherit;\n}\n.dt-shortcode-soc-icons a.soc-icons-b77911eb44cedc954b331bd16ce2bf11.dt-icon-border-on:before {\n  border:  solid ;\n}\n.dt-shortcode-soc-icons a.soc-icons-b77911eb44cedc954b331bd16ce2bf11.dt-icon-hover-border-on:after {\n  border:  solid ;\n}<\/style><div class=\"dt-shortcode-soc-icons  soc-icons-b77911eb44cedc954b331bd16ce2bf11 soc-icons-left \" ><style type=\"text\/css\" data-type=\"the7_shortcodes-inline-css\">.dt-shortcode-soc-icons a.single-soc-icon-8dc82dd00443add6d7fa83bae007fd66 {\n  min-width: 26px;\n  min-height: 26px;\n  font-size: 16px;\n  border-radius: 100px;\n}\n.dt-shortcode-soc-icons a.single-soc-icon-8dc82dd00443add6d7fa83bae007fd66:last-child {\n  margin-right: 0;\n}\n.dt-shortcode-soc-icons a.single-soc-icon-8dc82dd00443add6d7fa83bae007fd66:before,\n.dt-shortcode-soc-icons a.single-soc-icon-8dc82dd00443add6d7fa83bae007fd66:after {\n  min-width: 26px;\n  min-height: 26px;\n  padding: inherit;\n}\n.dt-shortcode-soc-icons a.single-soc-icon-8dc82dd00443add6d7fa83bae007fd66.dt-icon-border-on:before {\n  border: 0px solid ;\n}\n.dt-shortcode-soc-icons a.single-soc-icon-8dc82dd00443add6d7fa83bae007fd66.dt-icon-hover-border-on:after {\n  border: 0px solid ;\n}\n.dt-shortcode-soc-icons a.single-soc-icon-8dc82dd00443add6d7fa83bae007fd66:hover {\n  font-size: 16px;\n}\n#page .dt-shortcode-soc-icons a.single-soc-icon-8dc82dd00443add6d7fa83bae007fd66:hover .soc-font-icon,\n#phantom .dt-shortcode-soc-icons a.single-soc-icon-8dc82dd00443add6d7fa83bae007fd66:hover .soc-font-icon,\n#page .dt-shortcode-soc-icons a.single-soc-icon-8dc82dd00443add6d7fa83bae007fd66:hover .soc-icon,\n#phantom .dt-shortcode-soc-icons a.single-soc-icon-8dc82dd00443add6d7fa83bae007fd66:hover .soc-icon {\n  color: rgba(255,255,255,0.75);\n  background: none;\n}\n#page .dt-shortcode-soc-icons a.single-soc-icon-8dc82dd00443add6d7fa83bae007fd66:not(:hover) .soc-font-icon,\n#phantom .dt-shortcode-soc-icons a.single-soc-icon-8dc82dd00443add6d7fa83bae007fd66:not(:hover) .soc-font-icon,\n#page .dt-shortcode-soc-icons a.single-soc-icon-8dc82dd00443add6d7fa83bae007fd66:not(:hover) .soc-icon,\n#phantom .dt-shortcode-soc-icons a.single-soc-icon-8dc82dd00443add6d7fa83bae007fd66:not(:hover) .soc-icon {\n  color: #ffffff;\n  background: none;\n}\n.dt-shortcode-soc-icons a.single-soc-icon-8dc82dd00443add6d7fa83bae007fd66 .soc-font-icon,\n.dt-shortcode-soc-icons a.single-soc-icon-8dc82dd00443add6d7fa83bae007fd66 .soc-icon {\n  font-size: 16px;\n}<\/style><a title=\"Mail\" href=\"http:\/\/ale.garcia@imer.com.mx\" class=\"mail single-soc-icon-8dc82dd00443add6d7fa83bae007fd66 dt-icon-bg-on dt-icon-border-on dt-icon-hover-border-on dt-icon-hover-bg-on\"><i class=\"soc-icon soc-font-icon dt-icon-mail\"><\/i><span class=\"screen-reader-text\">Mail<\/span><\/a><\/div>[vc_empty_space height=&#8221;15px&#8221;][vc_column_text]<\/p>\n<h5><strong>Correo electr\u00f3nico<\/strong><\/h5>\n<p><a href=\"mailto:lapopular@imer.com.mx\">lapopular@imer.com.mx<\/a>[\/vc_column_text][\/vc_column_inner][\/vc_row_inner][vc_row_inner][vc_column_inner]<style type=\"text\/css\" data-type=\"the7_shortcodes-inline-css\">.dt-shortcode-soc-icons.soc-icons-b77911eb44cedc954b331bd16ce2bf11 a {\n  margin-right: 4px;\n}\n.dt-shortcode-soc-icons a.soc-icons-b77911eb44cedc954b331bd16ce2bf11 {\n  margin-right: 4px;\n}\n.dt-shortcode-soc-icons a.soc-icons-b77911eb44cedc954b331bd16ce2bf11:last-child {\n  margin-right: 0;\n}\n.dt-shortcode-soc-icons a.soc-icons-b77911eb44cedc954b331bd16ce2bf11:before,\n.dt-shortcode-soc-icons a.soc-icons-b77911eb44cedc954b331bd16ce2bf11:after {\n  padding: inherit;\n}\n.dt-shortcode-soc-icons a.soc-icons-b77911eb44cedc954b331bd16ce2bf11.dt-icon-border-on:before {\n  border:  solid ;\n}\n.dt-shortcode-soc-icons a.soc-icons-b77911eb44cedc954b331bd16ce2bf11.dt-icon-hover-border-on:after {\n  border:  solid ;\n}<\/style><div class=\"dt-shortcode-soc-icons  soc-icons-b77911eb44cedc954b331bd16ce2bf11 soc-icons-left \" ><style type=\"text\/css\" data-type=\"the7_shortcodes-inline-css\">.dt-shortcode-soc-icons a.single-soc-icon-7202148bad5fbed491a7d4cacd9b2a57 {\n  min-width: 26px;\n  min-height: 26px;\n  font-size: 16px;\n  border-radius: 100px;\n}\n.dt-shortcode-soc-icons a.single-soc-icon-7202148bad5fbed491a7d4cacd9b2a57:last-child {\n  margin-right: 0;\n}\n.dt-shortcode-soc-icons a.single-soc-icon-7202148bad5fbed491a7d4cacd9b2a57:before,\n.dt-shortcode-soc-icons a.single-soc-icon-7202148bad5fbed491a7d4cacd9b2a57:after {\n  min-width: 26px;\n  min-height: 26px;\n  padding: inherit;\n}\n.dt-shortcode-soc-icons a.single-soc-icon-7202148bad5fbed491a7d4cacd9b2a57.dt-icon-border-on:before {\n  border: 0px solid ;\n}\n.dt-shortcode-soc-icons a.single-soc-icon-7202148bad5fbed491a7d4cacd9b2a57.dt-icon-hover-border-on:after {\n  border: 0px solid ;\n}\n.dt-shortcode-soc-icons a.single-soc-icon-7202148bad5fbed491a7d4cacd9b2a57:hover {\n  font-size: 16px;\n}\n#page .dt-shortcode-soc-icons a.single-soc-icon-7202148bad5fbed491a7d4cacd9b2a57:hover .soc-font-icon,\n#phantom .dt-shortcode-soc-icons a.single-soc-icon-7202148bad5fbed491a7d4cacd9b2a57:hover .soc-font-icon,\n#page .dt-shortcode-soc-icons a.single-soc-icon-7202148bad5fbed491a7d4cacd9b2a57:hover .soc-icon,\n#phantom .dt-shortcode-soc-icons a.single-soc-icon-7202148bad5fbed491a7d4cacd9b2a57:hover .soc-icon {\n  color: rgba(255,255,255,0.75);\n  background: none;\n}\n#page .dt-shortcode-soc-icons a.single-soc-icon-7202148bad5fbed491a7d4cacd9b2a57:not(:hover) .soc-font-icon,\n#phantom .dt-shortcode-soc-icons a.single-soc-icon-7202148bad5fbed491a7d4cacd9b2a57:not(:hover) .soc-font-icon,\n#page .dt-shortcode-soc-icons a.single-soc-icon-7202148bad5fbed491a7d4cacd9b2a57:not(:hover) .soc-icon,\n#phantom .dt-shortcode-soc-icons a.single-soc-icon-7202148bad5fbed491a7d4cacd9b2a57:not(:hover) .soc-icon {\n  color: #ffffff;\n  background: none;\n}\n.dt-shortcode-soc-icons a.single-soc-icon-7202148bad5fbed491a7d4cacd9b2a57 .soc-font-icon,\n.dt-shortcode-soc-icons a.single-soc-icon-7202148bad5fbed491a7d4cacd9b2a57 .soc-icon {\n  font-size: 16px;\n}<\/style><a title=\"Facebook\" href=\"https:\/\/www.facebook.com\/LaPopularIMER\" target=\"_blank\" class=\"facebook single-soc-icon-7202148bad5fbed491a7d4cacd9b2a57 dt-icon-bg-on dt-icon-border-on dt-icon-hover-border-on dt-icon-hover-bg-on\"><i class=\"soc-icon soc-font-icon dt-icon-facebook\"><\/i><span class=\"screen-reader-text\">Facebook<\/span><\/a><\/div>[vc_empty_space height=&#8221;15px&#8221;][vc_column_text]<\/p>\n<h5><strong>Redes Sociales<\/strong><\/h5>\n<p><a href=\"https:\/\/www.facebook.com\/LaPopularIMER\">LaPopularIMER<\/a>[\/vc_column_text][\/vc_column_inner][\/vc_row_inner][\/vc_column][vc_column width=&#8221;1\/3&#8243;][vc_column_text]<\/p>\n<h3><strong>Ficha t\u00e9cnica<\/strong><\/h3>\n<p><strong>Nombre de la emisora: <\/strong>La Popular<\/p>\n<p><strong>Frecuencia: <\/strong>89.1 mHz FM<\/p>\n<p><strong>G\u00e9nero: <\/strong>Noticias, educativo y m\u00fasica popular de Chiapas y del pa\u00eds.<\/p>\n<p><strong>Siglas: <\/strong>XHCAH<\/p>\n<p><strong>Lema: <\/strong>La Popular<\/p>\n<p><strong>Transmisi\u00f3n: <\/strong>89.1 FM \/ Web (fuera del aire)<\/p>\n<p><strong>Horario de transmisi\u00f3n: <\/strong>de 5:00 a 01:00 horas (20 horas)<\/p>\n<p><strong>\u00c1rea de cobertura:<\/strong> Municipios de la regi\u00f3n del Soconusco y Guatemala.<\/p>\n<p><strong>Aniversario: <\/strong>16 de septiembre[\/vc_column_text][\/vc_column][\/vc_row][vc_row type=&#8221;vc_default&#8221; full_width=&#8221;stretch_row&#8221; parallax=&#8221;content-moving-fade&#8221; parallax_image=&#8221;1865&#8243; parallax_speed_bg=&#8221;2.5&#8243; css=&#8221;.vc_custom_1678731813754{margin-bottom: -50px !important;border-bottom-width: -50px !important;padding-bottom: -50px !important;}&#8221;][vc_column][vc_empty_space height=&#8221;200px&#8221;][\/vc_column][\/vc_row][\/vc_section]<\/p>\n<\/div>","protected":false},"excerpt":{"rendered":"<p>[vc_row type=&#8221;vc_default&#8221; full_width=&#8221;stretch_row&#8221; parallax=&#8221;content-moving&#8221; parallax_image=&#8221;1866&#8243; css=&#8221;.vc_custom_1610663905675{margin-top: -50px !important;border-top-width: -50px !important;padding-top: -50px !important;}&#8221;][vc_column][vc_empty_space height=&#8221;125px&#8221;][vc_custom_heading text=&#8221;Acerca de La Popular&#8221; font_container=&#8221;tag:h2|text_align:center|color:%23885e36&#8243; google_fonts=&#8221;font_family:Montserrat%3Aregular%2C700|font_style:700%20bold%20regular%3A700%3Anormal&#8221;][vc_empty_space height=&#8221;5px&#8221;][vc_empty_space][\/vc_column][\/vc_row][vc_row][vc_column][vc_column_text]La Popular es una emisora del Instituto Mexicano de la Radio que transmite\u00a0 desde Cacahoat\u00e1n, Chiapas una serie de programas radiof\u00f3nicos que buscan difundir la cultura mexicana en la regi\u00f3n y en la vecina Guatemala. Asimismo,&hellip;<\/p>\n","protected":false},"author":1,"featured_media":0,"parent":0,"menu_order":0,"comment_status":"closed","ping_status":"closed","template":"","meta":{"wp_popup_display_lightbox":0,"wp_popup_suppress":"","wp_popup_trigger":"","wp_popup_trigger_amount":0,"wp_popup_disable_on_mobile":false,"_uf_show_specific_survey":0,"_uf_disable_surveys":false,"footnotes":""},"class_list":["post-55","page","type-page","status-publish","hentry","description-off"],"_links":{"self":[{"href":"https:\/\/www.imer.mx\/lapopular\/wp-json\/wp\/v2\/pages\/55","targetHints":{"allow":["GET"]}}],"collection":[{"href":"https:\/\/www.imer.mx\/lapopular\/wp-json\/wp\/v2\/pages"}],"about":[{"href":"https:\/\/www.imer.mx\/lapopular\/wp-json\/wp\/v2\/types\/page"}],"author":[{"embeddable":true,"href":"https:\/\/www.imer.mx\/lapopular\/wp-json\/wp\/v2\/users\/1"}],"replies":[{"embeddable":true,"href":"https:\/\/www.imer.mx\/lapopular\/wp-json\/wp\/v2\/comments?post=55"}],"version-history":[{"count":2,"href":"https:\/\/www.imer.mx\/lapopular\/wp-json\/wp\/v2\/pages\/55\/revisions"}],"predecessor-version":[{"id":2225,"href":"https:\/\/www.imer.mx\/lapopular\/wp-json\/wp\/v2\/pages\/55\/revisions\/2225"}],"wp:attachment":[{"href":"https:\/\/www.imer.mx\/lapopular\/wp-json\/wp\/v2\/media?parent=55"}],"curies":[{"name":"wp","href":"https:\/\/api.w.org\/{rel}","templated":true}]}}