{"id":29,"date":"2012-10-11T19:32:38","date_gmt":"2012-10-11T19:32:38","guid":{"rendered":"http:\/\/lapopular.imer.gob.mx\/wordpress\/?page_id=29"},"modified":"2022-12-02T11:54:10","modified_gmt":"2022-12-02T17:54:10","slug":"directorio","status":"publish","type":"page","link":"https:\/\/www.imer.mx\/lapopular\/directorio\/","title":{"rendered":"Directorio"},"content":{"rendered":"<div class=\"wpb-content-wrapper\"><p>[vc_row type=&#8221;vc_default&#8221; full_width=&#8221;stretch_row&#8221; parallax=&#8221;content-moving&#8221; parallax_image=&#8221;1866&#8243; css=&#8221;.vc_custom_1610661341420{margin-top: -50px !important;border-top-width: -50px !important;padding-top: -50px !important;}&#8221;][vc_column][vc_empty_space height=&#8221;125px&#8221;][vc_custom_heading text=&#8221;Directorio&#8221; font_container=&#8221;tag:h2|text_align:center|color:%23885e36&#8243; google_fonts=&#8221;font_family:Montserrat%3Aregular%2C700|font_style:700%20bold%20regular%3A700%3Anormal&#8221;][vc_empty_space height=&#8221;5px&#8221;]<div class=\"hr-thin style-double\" style=\"width: 15%;border-color: #ffffff;border-top-width: 3px;\"><\/div>[vc_empty_space height=&#8221;125px&#8221;][\/vc_column][\/vc_row][vc_row][vc_column]<style type=\"text\/css\" data-type=\"the7_shortcodes-inline-css\">.dt-team-shortcode.team-masonry-shortcode-id-658bc0091a75839a3bcfe111427b496e.content-bg-on .team-container {\n  background: #e8e188;\n  -webkit-box-shadow: none;\n  box-shadow: none;\n}\n.dt-team-shortcode.team-masonry-shortcode-id-658bc0091a75839a3bcfe111427b496e .team-desc {\n  padding: 20px 20px 20px 20px;\n}\n.dt-team-shortcode.team-masonry-shortcode-id-658bc0091a75839a3bcfe111427b496e .team-author-name,\n.dt-team-shortcode.team-masonry-shortcode-id-658bc0091a75839a3bcfe111427b496e .team-author-name a {\n  color: #915b35;\n  background: none;\n  margin-bottom: 0px;\n  font-weight: bold;\n}\n.dt-team-shortcode.team-masonry-shortcode-id-658bc0091a75839a3bcfe111427b496e .post-details.details-type-link,\n.dt-team-shortcode.team-masonry-shortcode-id-658bc0091a75839a3bcfe111427b496e .post-details.details-type-link * {\n  color: #915b35;\n  background: none;\n}\n.dt-team-shortcode.team-masonry-shortcode-id-658bc0091a75839a3bcfe111427b496e .team-author p {\n  margin-bottom: 10px;\n  color: #e24b00;\n  background: none;\n  font-weight: bold;\n}\n.dt-team-shortcode.team-masonry-shortcode-id-658bc0091a75839a3bcfe111427b496e  .team-media {\n  padding: 20px 20px 0px 20px;\n}\n.dt-team-shortcode.team-masonry-shortcode-id-658bc0091a75839a3bcfe111427b496e .dt-css-grid .team-media img {\n  max-width: 100%;\n}\n.dt-team-shortcode.team-masonry-shortcode-id-658bc0091a75839a3bcfe111427b496e .team-content {\n  margin-bottom: 5px;\n}\n.dt-team-shortcode.team-masonry-shortcode-id-658bc0091a75839a3bcfe111427b496e  .team-media,\n.dt-team-shortcode.team-masonry-shortcode-id-658bc0091a75839a3bcfe111427b496e  .team-media a.rollover,\n.dt-team-shortcode.team-masonry-shortcode-id-658bc0091a75839a3bcfe111427b496e  .team-media a.rollover *,\n.dt-team-shortcode.team-masonry-shortcode-id-658bc0091a75839a3bcfe111427b496e  .team-media img {\n  border-radius: 200px;\n}\n.dt-team-shortcode.team-masonry-shortcode-id-658bc0091a75839a3bcfe111427b496e .soc-ico {\n  margin-bottom: 15px;\n}\n.dt-team-shortcode.team-masonry-shortcode-id-658bc0091a75839a3bcfe111427b496e .soc-ico a {\n  min-width: 26px;\n  min-height: 26px;\n  font-size: 16px;\n  border-radius: 100px;\n}\n.dt-team-shortcode.team-masonry-shortcode-id-658bc0091a75839a3bcfe111427b496e .soc-ico a:not(:last-child) {\n  margin-right: 4px;\n}\n.dt-team-shortcode.team-masonry-shortcode-id-658bc0091a75839a3bcfe111427b496e .soc-ico a:before,\n.dt-team-shortcode.team-masonry-shortcode-id-658bc0091a75839a3bcfe111427b496e .soc-ico a:after {\n  min-width: 26px;\n  min-height: 26px;\n  padding: inherit;\n}\n.dt-icon-border-on.dt-team-shortcode.team-masonry-shortcode-id-658bc0091a75839a3bcfe111427b496e .soc-ico a:before {\n  border: 0px solid transparent;\n}\n.dt-team-shortcode.team-masonry-shortcode-id-658bc0091a75839a3bcfe111427b496e .soc-ico a:hover {\n  font-size: 16px;\n}\n#page .dt-team-shortcode.team-masonry-shortcode-id-658bc0091a75839a3bcfe111427b496e .soc-ico a:hover .soc-font-icon {\n  color: rgba(255,255,255,0.75);\n  background: none;\n}\n.dt-icon-border-hover-on.dt-team-shortcode.team-masonry-shortcode-id-658bc0091a75839a3bcfe111427b496e .soc-ico a:after {\n  border: 0px solid transparent;\n}\n#page .dt-team-shortcode.team-masonry-shortcode-id-658bc0091a75839a3bcfe111427b496e .soc-ico a:not(:hover) .soc-font-icon {\n  color: #ffffff;\n  background: none;\n}\n.dt-team-shortcode.team-masonry-shortcode-id-658bc0091a75839a3bcfe111427b496e .soc-ico a .soc-font-icon {\n  font-size: 16px;\n}\n.dt-team-shortcode.team-masonry-shortcode-id-658bc0091a75839a3bcfe111427b496e .filter-bg-decoration .filter-categories a.act {\n  color: #fff;\n}\n.dt-team-shortcode.team-masonry-shortcode-id-658bc0091a75839a3bcfe111427b496e:not(.resize-by-browser-width) .dt-css-grid {\n  grid-row-gap: 30px;\n  grid-column-gap: 30px;\n  grid-template-columns: repeat(auto-fill,minmax(,1fr));\n}\n.cssgridlegacy.no-cssgrid .dt-team-shortcode.team-masonry-shortcode-id-658bc0091a75839a3bcfe111427b496e:not(.resize-by-browser-width) .dt-css-grid,\n.no-cssgridlegacy.no-cssgrid .dt-team-shortcode.team-masonry-shortcode-id-658bc0091a75839a3bcfe111427b496e:not(.resize-by-browser-width) .dt-css-grid {\n  display: flex;\n  flex-flow: row wrap;\n  margin: -15px;\n}\n.cssgridlegacy.no-cssgrid .dt-team-shortcode.team-masonry-shortcode-id-658bc0091a75839a3bcfe111427b496e:not(.resize-by-browser-width) .dt-css-grid .wf-cell,\n.no-cssgridlegacy.no-cssgrid .dt-team-shortcode.team-masonry-shortcode-id-658bc0091a75839a3bcfe111427b496e:not(.resize-by-browser-width) .dt-css-grid .wf-cell {\n  flex: 1 0 ;\n  max-width: 100%;\n  padding: 15px;\n  box-sizing: border-box;\n}\n.dt-team-shortcode.team-masonry-shortcode-id-658bc0091a75839a3bcfe111427b496e.resize-by-browser-width .dt-css-grid {\n  grid-template-columns: repeat(3,1fr);\n  grid-template-rows: auto;\n  grid-column-gap: 30px;\n  grid-row-gap: 30px;\n}\n.cssgridlegacy.no-cssgrid .dt-team-shortcode.team-masonry-shortcode-id-658bc0091a75839a3bcfe111427b496e.resize-by-browser-width .dt-css-grid,\n.no-cssgridlegacy.no-cssgrid .dt-team-shortcode.team-masonry-shortcode-id-658bc0091a75839a3bcfe111427b496e.resize-by-browser-width .dt-css-grid {\n  margin: -15px;\n}\n.cssgridlegacy.no-cssgrid .dt-team-shortcode.team-masonry-shortcode-id-658bc0091a75839a3bcfe111427b496e.resize-by-browser-width .dt-css-grid .wf-cell,\n.no-cssgridlegacy.no-cssgrid .dt-team-shortcode.team-masonry-shortcode-id-658bc0091a75839a3bcfe111427b496e.resize-by-browser-width .dt-css-grid .wf-cell {\n  width: 33.333333333333%;\n  padding: 15px;\n}\n@media screen and (max-width: 1199px) {\n  .dt-team-shortcode.team-masonry-shortcode-id-658bc0091a75839a3bcfe111427b496e.resize-by-browser-width .dt-css-grid {\n    grid-template-columns: repeat(3,1fr);\n  }\n  .cssgridlegacy.no-cssgrid .dt-team-shortcode.team-masonry-shortcode-id-658bc0091a75839a3bcfe111427b496e.resize-by-browser-width .dt-css-grid .wf-cell,\n  .no-cssgridlegacy.no-cssgrid .dt-team-shortcode.team-masonry-shortcode-id-658bc0091a75839a3bcfe111427b496e.resize-by-browser-width .dt-css-grid .wf-cell {\n    width: 33.333333333333%;\n  }\n}\n@media screen and (max-width: 991px) {\n  .dt-team-shortcode.team-masonry-shortcode-id-658bc0091a75839a3bcfe111427b496e.resize-by-browser-width .dt-css-grid {\n    grid-template-columns: repeat(2,1fr);\n  }\n  .cssgridlegacy.no-cssgrid .dt-team-shortcode.team-masonry-shortcode-id-658bc0091a75839a3bcfe111427b496e.resize-by-browser-width .dt-css-grid .wf-cell,\n  .no-cssgridlegacy.no-cssgrid .dt-team-shortcode.team-masonry-shortcode-id-658bc0091a75839a3bcfe111427b496e.resize-by-browser-width .dt-css-grid .wf-cell {\n    width: 50%;\n  }\n}\n@media screen and (max-width: 767px) {\n  .dt-team-shortcode.team-masonry-shortcode-id-658bc0091a75839a3bcfe111427b496e.resize-by-browser-width .dt-css-grid {\n    grid-template-columns: repeat(1,1fr);\n  }\n  .cssgridlegacy.no-cssgrid .dt-team-shortcode.team-masonry-shortcode-id-658bc0091a75839a3bcfe111427b496e.resize-by-browser-width .dt-css-grid .wf-cell,\n  .no-cssgridlegacy.no-cssgrid .dt-team-shortcode.team-masonry-shortcode-id-658bc0091a75839a3bcfe111427b496e.resize-by-browser-width .dt-css-grid .wf-cell {\n    width: 100%;\n  }\n}<\/style><div class=\"dt-team-masonry-shortcode dt-team-shortcode team-masonry-shortcode-id-658bc0091a75839a3bcfe111427b496e loading-effect-none mode-grid jquery-filter content-align-center content-bg-on dt-css-grid-wrap scale-img dt-css-grid-wrap dt-icon-bg-on dt-icon-border-on dt-icon-hover-bg-on dt-icon-border-hover-on move-icons-under-position resize-by-browser-width  \" data-padding=\"15px\" data-cur-page=\"1\" data-post-limit=\"-1\" data-pagination-mode=\"none\" data-desktop-columns-num=\"3\" data-v-tablet-columns-num=\"2\" data-h-tablet-columns-num=\"3\" data-phone-columns-num=\"1\" data-width=\"0px\" data-columns=\"0\"><div class=\"dt-css-grid\" ><div class=\"visible wf-cell\" data-post-id=\"2115\" data-date=\"2022-10-19T11:29:47-05:00\" data-name=\"Hermelindo Gonz\u00e1lez\"><div class=\"team-container visible post post-2115 dt_team type-dt_team status-publish has-post-thumbnail hentry dt_team_category-directorio dt_team_category-equipo dt_team_category-17 dt_team_category-14\"><div class=\"team-media\"><a href=\"https:\/\/www.imer.mx\/lapopular\/equipo-lapopular\/hermelindo-gonzalez\/\" class=\"rollover layzr-bg\"><img fetchpriority=\"high\" decoding=\"async\" class=\"preload-me iso-lazy-load aspect\" src=\"data:image\/svg+xml,%3Csvg%20xmlns%3D&#39;http%3A%2F%2Fwww.w3.org%2F2000%2Fsvg&#39;%20viewBox%3D&#39;0%200%20959%20959&#39;%2F%3E\" data-src=\"https:\/\/www.imer.mx\/lapopular\/wp-content\/uploads\/sites\/27\/Hermelindo-Gonzalez-1.jpg\" data-srcset=\"https:\/\/www.imer.mx\/lapopular\/wp-content\/uploads\/sites\/27\/Hermelindo-Gonzalez-1.jpg 959w\" loading=\"eager\" style=\"--ratio: 959 \/ 959\" sizes=\"(max-width: 959px) 100vw, 959px\" width=\"959\" height=\"959\"  title=\"Hermelindo Gonz\u00e1lez\" alt=\"\" \/><\/a><\/div><div class=\"team-desc\"><div class=\"team-author\"><div class=\"team-author-name\"><a href=\"https:\/\/www.imer.mx\/lapopular\/equipo-lapopular\/hermelindo-gonzalez\/\">Hermelindo Gonz\u00e1lez<\/a><\/div><p>Colaborador<\/p><\/div><div class=\"team-content\"><p>El Tata Hermelindo Gonz\u00e1lez, como se le conoc\u00eda debido a su incansable labor por difundir y preservar las costumbres y tradici\u00f3n.<\/p>\n<\/div>\n<a href=\"https:\/\/www.imer.mx\/lapopular\/equipo-lapopular\/hermelindo-gonzalez\/\" class=\"post-details details-type-link\" aria-label=\"Read more about Hermelindo Gonz\u00e1lez\">Conoce m\u00e1s<i class=\"dt-icon-the7-arrow-03\" aria-hidden=\"true\"><\/i><\/a>\n<\/div><\/div><\/div><div class=\"visible wf-cell\" data-post-id=\"2043\" data-date=\"2022-09-27T13:49:10-05:00\" data-name=\"Ing. Francisco Javier P\u00e9rez P\u00e9rez\"><div class=\"team-container visible post post-2043 dt_team type-dt_team status-publish has-post-thumbnail hentry dt_team_category-directorio dt_team_category-equipo dt_team_category-17 dt_team_category-14\"><div class=\"team-media\"><a href=\"https:\/\/www.imer.mx\/lapopular\/equipo-lapopular\/javier-perez\/\" class=\"rollover layzr-bg\"><img decoding=\"async\" class=\"preload-me iso-lazy-load aspect\" src=\"data:image\/svg+xml,%3Csvg%20xmlns%3D&#39;http%3A%2F%2Fwww.w3.org%2F2000%2Fsvg&#39;%20viewBox%3D&#39;0%200%20400%20400&#39;%2F%3E\" data-src=\"https:\/\/www.imer.mx\/lapopular\/wp-content\/uploads\/sites\/27\/programas_lapopular_p-400x400.jpg\" data-srcset=\"https:\/\/www.imer.mx\/lapopular\/wp-content\/uploads\/sites\/27\/programas_lapopular_p-400x400.jpg 400w\" loading=\"eager\" style=\"--ratio: 400 \/ 400\" sizes=\"(max-width: 400px) 100vw, 400px\" width=\"400\" height=\"400\"  title=\"programas_lapopular_p\" alt=\"\" \/><\/a><\/div><div class=\"team-desc\"><div class=\"team-author\"><div class=\"team-author-name\"><a href=\"https:\/\/www.imer.mx\/lapopular\/equipo-lapopular\/javier-perez\/\">Ing. Francisco Javier P\u00e9rez P\u00e9rez<\/a><\/div><p>Encargado T\u00e9cnico<\/p><\/div><div class=\"team-content\"><p>Ha sido encargado t\u00e9cnico desde el a\u00f1o 2012 a la fecha.<\/p>\n<\/div>\n<a href=\"https:\/\/www.imer.mx\/lapopular\/equipo-lapopular\/javier-perez\/\" class=\"post-details details-type-link\" aria-label=\"Read more about Ing. Francisco Javier P\u00e9rez P\u00e9rez\">Conoce m\u00e1s<i class=\"dt-icon-the7-arrow-03\" aria-hidden=\"true\"><\/i><\/a>\n<\/div><\/div><\/div><div class=\"visible wf-cell\" data-post-id=\"2041\" data-date=\"2022-09-27T13:38:59-05:00\" data-name=\"Lic. Agust\u00edn Cotoc Barrios\"><div class=\"team-container visible post post-2041 dt_team type-dt_team status-publish has-post-thumbnail hentry dt_team_category-directorio dt_team_category-equipo dt_team_category-17 dt_team_category-14\"><div class=\"team-media\"><a href=\"https:\/\/www.imer.mx\/lapopular\/equipo-lapopular\/agustin-cotoc\/\" class=\"rollover layzr-bg\"><img decoding=\"async\" class=\"preload-me iso-lazy-load aspect\" src=\"data:image\/svg+xml,%3Csvg%20xmlns%3D&#39;http%3A%2F%2Fwww.w3.org%2F2000%2Fsvg&#39;%20viewBox%3D&#39;0%200%20959%20959&#39;%2F%3E\" data-src=\"https:\/\/www.imer.mx\/lapopular\/wp-content\/uploads\/sites\/27\/Lic.-Agusti\u0301n-Cotoc-Programador-musical-959x959.jpg\" data-srcset=\"https:\/\/www.imer.mx\/lapopular\/wp-content\/uploads\/sites\/27\/Lic.-Agusti\u0301n-Cotoc-Programador-musical-959x959.jpg 959w\" loading=\"eager\" style=\"--ratio: 959 \/ 959\" sizes=\"(max-width: 959px) 100vw, 959px\" width=\"959\" height=\"959\"  title=\"Lic. Agusti\u0301n Cotoc Programador musical\" alt=\"\" \/><\/a><\/div><div class=\"team-desc\"><div class=\"team-author\"><div class=\"team-author-name\"><a href=\"https:\/\/www.imer.mx\/lapopular\/equipo-lapopular\/agustin-cotoc\/\">Lic. Agust\u00edn Cotoc Barrios<\/a><\/div><p>Programador musical <\/p><\/div><div class=\"team-content\"><p>Actualmente se desarrolla como programador musical y asistente de producci\u00f3n de La Popular. <\/p>\n<\/div>\n<a href=\"https:\/\/www.imer.mx\/lapopular\/equipo-lapopular\/agustin-cotoc\/\" class=\"post-details details-type-link\" aria-label=\"Read more about Lic. Agust\u00edn Cotoc Barrios\">Conoce m\u00e1s<i class=\"dt-icon-the7-arrow-03\" aria-hidden=\"true\"><\/i><\/a>\n<\/div><\/div><\/div><div class=\"visible wf-cell\" data-post-id=\"2040\" data-date=\"2022-09-27T13:35:48-05:00\" data-name=\"Profr. Armando Parra Lau\"><div class=\"team-container visible post post-2040 dt_team type-dt_team status-publish has-post-thumbnail hentry dt_team_category-directorio dt_team_category-equipo dt_team_category-17 dt_team_category-14\"><div class=\"team-media\"><a href=\"https:\/\/www.imer.mx\/lapopular\/equipo-lapopular\/armando-parra\/\" class=\"rollover layzr-bg\"><img decoding=\"async\" class=\"preload-me iso-lazy-load aspect\" src=\"data:image\/svg+xml,%3Csvg%20xmlns%3D&#39;http%3A%2F%2Fwww.w3.org%2F2000%2Fsvg&#39;%20viewBox%3D&#39;0%200%20960%20960&#39;%2F%3E\" data-src=\"https:\/\/www.imer.mx\/lapopular\/wp-content\/uploads\/sites\/27\/Profr.-Armando-Parra-Lau-Colaborador-960x960.jpg\" data-srcset=\"https:\/\/www.imer.mx\/lapopular\/wp-content\/uploads\/sites\/27\/Profr.-Armando-Parra-Lau-Colaborador-960x960.jpg 960w\" loading=\"eager\" style=\"--ratio: 960 \/ 960\" sizes=\"(max-width: 960px) 100vw, 960px\" width=\"960\" height=\"960\"  title=\"Profr. Armando Parra Lau Colaborador\" alt=\"\" \/><\/a><\/div><div class=\"team-desc\"><div class=\"team-author\"><div class=\"team-author-name\"><a href=\"https:\/\/www.imer.mx\/lapopular\/equipo-lapopular\/armando-parra\/\">Profr. Armando Parra Lau<\/a><\/div><p>Colaborador<\/p><\/div><div class=\"team-content\"><p>Actualmente es colaborador de La Popular desde el a\u00f1o 2009.<\/p>\n<\/div>\n<a href=\"https:\/\/www.imer.mx\/lapopular\/equipo-lapopular\/armando-parra\/\" class=\"post-details details-type-link\" aria-label=\"Read more about Profr. Armando Parra Lau\">Conoce m\u00e1s<i class=\"dt-icon-the7-arrow-03\" aria-hidden=\"true\"><\/i><\/a>\n<\/div><\/div><\/div><div class=\"visible wf-cell\" data-post-id=\"2038\" data-date=\"2022-09-27T13:28:00-05:00\" data-name=\"Misael No\u00e9 Ochoa Hern\u00e1ndez\"><div class=\"team-container visible post post-2038 dt_team type-dt_team status-publish has-post-thumbnail hentry dt_team_category-directorio dt_team_category-equipo dt_team_category-17 dt_team_category-14\"><div class=\"team-media\"><a href=\"https:\/\/www.imer.mx\/lapopular\/equipo-lapopular\/misael-hernandez\/\" class=\"rollover layzr-bg\"><img decoding=\"async\" class=\"preload-me iso-lazy-load aspect\" src=\"data:image\/svg+xml,%3Csvg%20xmlns%3D&#39;http%3A%2F%2Fwww.w3.org%2F2000%2Fsvg&#39;%20viewBox%3D&#39;0%200%202347%202347&#39;%2F%3E\" data-src=\"https:\/\/www.imer.mx\/lapopular\/wp-content\/uploads\/sites\/27\/Misael-Noe\u0301-Ochoa-Herna\u0301ndez-scaled-2347x2347.jpg\" data-srcset=\"https:\/\/www.imer.mx\/lapopular\/wp-content\/uploads\/sites\/27\/Misael-Noe\u0301-Ochoa-Herna\u0301ndez-scaled-2347x2347.jpg 2347w\" loading=\"eager\" style=\"--ratio: 2347 \/ 2347\" sizes=\"(max-width: 2347px) 100vw, 2347px\" width=\"2347\" height=\"2347\"  title=\"Misael Noe\u0301 Ochoa Herna\u0301ndez\" alt=\"\" \/><\/a><\/div><div class=\"team-desc\"><div class=\"team-author\"><div class=\"team-author-name\"><a href=\"https:\/\/www.imer.mx\/lapopular\/equipo-lapopular\/misael-hernandez\/\">Misael No\u00e9 Ochoa Hern\u00e1ndez<\/a><\/div><p>Operador<\/p><\/div><div class=\"team-content\"><p>Miembro fundador de la emisora desde 1987. <\/p>\n<\/div>\n<a href=\"https:\/\/www.imer.mx\/lapopular\/equipo-lapopular\/misael-hernandez\/\" class=\"post-details details-type-link\" aria-label=\"Read more about Misael No\u00e9 Ochoa Hern\u00e1ndez\">Conoce m\u00e1s<i class=\"dt-icon-the7-arrow-03\" aria-hidden=\"true\"><\/i><\/a>\n<\/div><\/div><\/div><div class=\"visible wf-cell\" data-post-id=\"2034\" data-date=\"2022-09-27T13:14:02-05:00\" data-name=\"Lic. Luis Enrique Escalante\"><div class=\"team-container visible post post-2034 dt_team type-dt_team status-publish has-post-thumbnail hentry dt_team_category-directorio dt_team_category-equipo dt_team_category-17 dt_team_category-14\"><div class=\"team-media\"><a href=\"https:\/\/www.imer.mx\/lapopular\/equipo-lapopular\/enrique-escalante\/\" class=\"rollover layzr-bg\"><img decoding=\"async\" class=\"preload-me iso-lazy-load aspect\" src=\"data:image\/svg+xml,%3Csvg%20xmlns%3D&#39;http%3A%2F%2Fwww.w3.org%2F2000%2Fsvg&#39;%20viewBox%3D&#39;0%200%201075%201075&#39;%2F%3E\" data-src=\"https:\/\/www.imer.mx\/lapopular\/wp-content\/uploads\/sites\/27\/Lic.-Luis-Enrique-Escalante-Productor-1075x1075.jpg\" data-srcset=\"https:\/\/www.imer.mx\/lapopular\/wp-content\/uploads\/sites\/27\/Lic.-Luis-Enrique-Escalante-Productor-1075x1075.jpg 1075w\" loading=\"eager\" style=\"--ratio: 1075 \/ 1075\" sizes=\"(max-width: 1075px) 100vw, 1075px\" width=\"1075\" height=\"1075\"  title=\"Lic. Luis Enrique Escalante Productor\" alt=\"\" \/><\/a><\/div><div class=\"team-desc\"><div class=\"team-author\"><div class=\"team-author-name\"><a href=\"https:\/\/www.imer.mx\/lapopular\/equipo-lapopular\/enrique-escalante\/\">Lic. Luis Enrique Escalante<\/a><\/div><p>Productor<\/p><\/div><div class=\"team-content\"><p>En 2017 se incorpora al trabajo en la emisora desde su servicio social para posteriormente incorporarse al \u00e1rea laboral como productor hasta la fecha. <\/p>\n<\/div>\n<a href=\"https:\/\/www.imer.mx\/lapopular\/equipo-lapopular\/enrique-escalante\/\" class=\"post-details details-type-link\" aria-label=\"Read more about Lic. Luis Enrique Escalante\">Conoce m\u00e1s<i class=\"dt-icon-the7-arrow-03\" aria-hidden=\"true\"><\/i><\/a>\n<\/div><\/div><\/div><div class=\"visible wf-cell\" data-post-id=\"2033\" data-date=\"2022-09-27T13:11:01-05:00\" data-name=\"Lic. Bulmaro God\u00ednez V\u00e1zquez\"><div class=\"team-container visible post post-2033 dt_team type-dt_team status-publish has-post-thumbnail hentry dt_team_category-directorio dt_team_category-equipo dt_team_category-17 dt_team_category-14\"><div class=\"team-media\"><a href=\"https:\/\/www.imer.mx\/lapopular\/equipo-lapopular\/bulmaro-godinez\/\" class=\"rollover layzr-bg\"><img decoding=\"async\" class=\"preload-me iso-lazy-load aspect\" src=\"data:image\/svg+xml,%3Csvg%20xmlns%3D&#39;http%3A%2F%2Fwww.w3.org%2F2000%2Fsvg&#39;%20viewBox%3D&#39;0%200%20480%20480&#39;%2F%3E\" data-src=\"https:\/\/www.imer.mx\/lapopular\/wp-content\/uploads\/sites\/27\/Lic.-Bulmaro-Godi\u0301nez-Va\u0301zquez-480x480.jpg\" data-srcset=\"https:\/\/www.imer.mx\/lapopular\/wp-content\/uploads\/sites\/27\/Lic.-Bulmaro-Godi\u0301nez-Va\u0301zquez-480x480.jpg 480w\" loading=\"eager\" style=\"--ratio: 480 \/ 480\" sizes=\"(max-width: 480px) 100vw, 480px\" width=\"480\" height=\"480\"  title=\"Lic. Bulmaro Godi\u0301nez Va\u0301zquez\" alt=\"\" \/><\/a><\/div><div class=\"team-desc\"><div class=\"team-author\"><div class=\"team-author-name\"><a href=\"https:\/\/www.imer.mx\/lapopular\/equipo-lapopular\/bulmaro-godinez\/\">Lic. Bulmaro God\u00ednez V\u00e1zquez<\/a><\/div><p>Continuidad<\/p><\/div><div class=\"team-content\"><p>Se ha desempe\u00f1ado en el \u00e1rea de Continuidad desde el a\u00f1o 2009 a la fecha.<\/p>\n<\/div>\n<a href=\"https:\/\/www.imer.mx\/lapopular\/equipo-lapopular\/bulmaro-godinez\/\" class=\"post-details details-type-link\" aria-label=\"Read more about Lic. Bulmaro God\u00ednez V\u00e1zquez\">Conoce m\u00e1s<i class=\"dt-icon-the7-arrow-03\" aria-hidden=\"true\"><\/i><\/a>\n<\/div><\/div><\/div><div class=\"visible wf-cell\" data-post-id=\"2032\" data-date=\"2022-09-27T13:06:22-05:00\" data-name=\"Mtra. Keila Odeth S\u00e1nchez Sandoval\"><div class=\"team-container visible post post-2032 dt_team type-dt_team status-publish has-post-thumbnail hentry dt_team_category-directorio dt_team_category-equipo dt_team_category-17 dt_team_category-14\"><div class=\"team-media\"><a href=\"https:\/\/www.imer.mx\/lapopular\/equipo-lapopular\/keila-odeth\/\" class=\"rollover layzr-bg\"><img decoding=\"async\" class=\"preload-me iso-lazy-load aspect\" src=\"data:image\/svg+xml,%3Csvg%20xmlns%3D&#39;http%3A%2F%2Fwww.w3.org%2F2000%2Fsvg&#39;%20viewBox%3D&#39;0%200%20960%20960&#39;%2F%3E\" data-src=\"https:\/\/www.imer.mx\/lapopular\/wp-content\/uploads\/sites\/27\/Mtra.-Keila-Sa\u0301nchez-Sandoval-Secretaria-960x960.jpg\" data-srcset=\"https:\/\/www.imer.mx\/lapopular\/wp-content\/uploads\/sites\/27\/Mtra.-Keila-Sa\u0301nchez-Sandoval-Secretaria-960x960.jpg 960w\" loading=\"eager\" style=\"--ratio: 960 \/ 960\" sizes=\"(max-width: 960px) 100vw, 960px\" width=\"960\" height=\"960\"  title=\"Mtra. Keila Sa\u0301nchez Sandoval Secretaria\" alt=\"\" \/><\/a><\/div><div class=\"team-desc\"><div class=\"team-author\"><div class=\"team-author-name\"><a href=\"https:\/\/www.imer.mx\/lapopular\/equipo-lapopular\/keila-odeth\/\">Mtra. Keila Odeth S\u00e1nchez Sandoval<\/a><\/div><p>Secretaria<\/p><\/div><div class=\"team-content\"><p>Comenz\u00f3 su participaci\u00f3n en La Popular desde su servicio social. A partir de 2018, labora en la emisora. <\/p>\n<\/div>\n<a href=\"https:\/\/www.imer.mx\/lapopular\/equipo-lapopular\/keila-odeth\/\" class=\"post-details details-type-link\" aria-label=\"Read more about Mtra. Keila Odeth S\u00e1nchez Sandoval\">Conoce m\u00e1s<i class=\"dt-icon-the7-arrow-03\" aria-hidden=\"true\"><\/i><\/a>\n<\/div><\/div><\/div><div class=\"visible wf-cell\" data-post-id=\"2029\" data-date=\"2022-09-27T12:31:55-05:00\" data-name=\"Mtra. Arcelia Toledo S\u00e1nchez.\"><div class=\"team-container visible post post-2029 dt_team type-dt_team status-publish has-post-thumbnail hentry dt_team_category-directorio dt_team_category-equipo dt_team_category-17 dt_team_category-14\"><div class=\"team-media\"><a href=\"https:\/\/www.imer.mx\/lapopular\/equipo-lapopular\/arcelia-toledo\/\" class=\"rollover layzr-bg\"><img decoding=\"async\" class=\"preload-me iso-lazy-load aspect\" src=\"data:image\/svg+xml,%3Csvg%20xmlns%3D&#39;http%3A%2F%2Fwww.w3.org%2F2000%2Fsvg&#39;%20viewBox%3D&#39;0%200%20866%20866&#39;%2F%3E\" data-src=\"https:\/\/www.imer.mx\/lapopular\/wp-content\/uploads\/sites\/27\/Mtra.-Arcelia-Toledo-Sa\u0301nchez-866x866.jpg\" data-srcset=\"https:\/\/www.imer.mx\/lapopular\/wp-content\/uploads\/sites\/27\/Mtra.-Arcelia-Toledo-Sa\u0301nchez-866x866.jpg 866w\" loading=\"eager\" style=\"--ratio: 866 \/ 866\" sizes=\"(max-width: 866px) 100vw, 866px\" width=\"866\" height=\"866\"  title=\"Mtra. Arcelia Toledo Sa\u0301nchez\" alt=\"\" \/><\/a><\/div><div class=\"team-desc\"><div class=\"team-author\"><div class=\"team-author-name\"><a href=\"https:\/\/www.imer.mx\/lapopular\/equipo-lapopular\/arcelia-toledo\/\">Mtra. Arcelia Toledo S\u00e1nchez.<\/a><\/div><p>Gerenta<\/p><\/div><div class=\"team-content\"><p>Actualmente Gerenta de estaci\u00f3n La Popular<\/p>\n<\/div>\n<a href=\"https:\/\/www.imer.mx\/lapopular\/equipo-lapopular\/arcelia-toledo\/\" class=\"post-details details-type-link\" aria-label=\"Read more about Mtra. Arcelia Toledo S\u00e1nchez.\">Conoce m\u00e1s<i class=\"dt-icon-the7-arrow-03\" aria-hidden=\"true\"><\/i><\/a>\n<\/div><\/div><\/div><div class=\"visible wf-cell\" data-post-id=\"1854\" data-date=\"2021-01-14T13:26:40-06:00\" data-name=\"Nidya Elvira de Le\u00f3n Rodas\"><div class=\"team-container visible post post-1854 dt_team type-dt_team status-publish has-post-thumbnail hentry dt_team_category-directorio dt_team_category-equipo dt_team_category-17 dt_team_category-14\"><div class=\"team-media\"><a href=\"https:\/\/www.imer.mx\/lapopular\/equipo-lapopular\/nidya-elvira-de-leon-rodas\/\" class=\"rollover layzr-bg\"><img decoding=\"async\" class=\"preload-me iso-lazy-load aspect\" src=\"data:image\/svg+xml,%3Csvg%20xmlns%3D&#39;http%3A%2F%2Fwww.w3.org%2F2000%2Fsvg&#39;%20viewBox%3D&#39;0%200%20914%20914&#39;%2F%3E\" data-src=\"https:\/\/www.imer.mx\/lapopular\/wp-content\/uploads\/sites\/27\/Nidya-Elvira-De-Leo\u0301n-Rodas-Colaboradora-914x914.jpg\" data-srcset=\"https:\/\/www.imer.mx\/lapopular\/wp-content\/uploads\/sites\/27\/Nidya-Elvira-De-Leo\u0301n-Rodas-Colaboradora-914x914.jpg 914w\" loading=\"eager\" style=\"--ratio: 914 \/ 914\" sizes=\"(max-width: 914px) 100vw, 914px\" width=\"914\" height=\"914\"  title=\"Nidya Elvira De Leo\u0301n Rodas Colaboradora\" alt=\"\" \/><\/a><\/div><div class=\"team-desc\"><div class=\"team-author\"><div class=\"team-author-name\"><a href=\"https:\/\/www.imer.mx\/lapopular\/equipo-lapopular\/nidya-elvira-de-leon-rodas\/\">Nidya Elvira de Le\u00f3n Rodas<\/a><\/div><p>Colaboradora<\/p><\/div><div class=\"team-content\"><p>Ha sido colaboradora desde 2010 en La Popular con programas infantiles y La Hora Rom\u00e1ntica.<\/p>\n<\/div>\n<a href=\"https:\/\/www.imer.mx\/lapopular\/equipo-lapopular\/nidya-elvira-de-leon-rodas\/\" class=\"post-details details-type-link\" aria-label=\"Read more about Nidya Elvira de Le\u00f3n Rodas\">Conoce m\u00e1s<i class=\"dt-icon-the7-arrow-03\" aria-hidden=\"true\"><\/i><\/a>\n<\/div><\/div><\/div><div class=\"visible wf-cell\" data-post-id=\"1853\" data-date=\"2021-01-14T13:24:00-06:00\" data-name=\"Prof. Belisario Gonz\u00e1lez L\u00f3pez\"><div class=\"team-container visible post post-1853 dt_team type-dt_team status-publish has-post-thumbnail hentry dt_team_category-equipo dt_team_category-14\"><div class=\"team-media\"><a href=\"https:\/\/www.imer.mx\/lapopular\/equipo-lapopular\/prof-belisario-gonzalez-lopez\/\" class=\"rollover layzr-bg\"><img decoding=\"async\" class=\"preload-me iso-lazy-load aspect\" src=\"data:image\/svg+xml,%3Csvg%20xmlns%3D&#39;http%3A%2F%2Fwww.w3.org%2F2000%2Fsvg&#39;%20viewBox%3D&#39;0%200%201248%201248&#39;%2F%3E\" data-src=\"https:\/\/www.imer.mx\/lapopular\/wp-content\/uploads\/sites\/27\/Belisario-Gonza\u0301lez-Lo\u0301pez-Colaborador-1248x1248.jpeg\" data-srcset=\"https:\/\/www.imer.mx\/lapopular\/wp-content\/uploads\/sites\/27\/Belisario-Gonza\u0301lez-Lo\u0301pez-Colaborador-1248x1248.jpeg 1248w\" loading=\"eager\" style=\"--ratio: 1248 \/ 1248\" sizes=\"(max-width: 1248px) 100vw, 1248px\" width=\"1248\" height=\"1248\"  title=\"Belisario Gonza\u0301lez Lo\u0301pez Colaborador\" alt=\"\" \/><\/a><\/div><div class=\"team-desc\"><div class=\"team-author\"><div class=\"team-author-name\"><a href=\"https:\/\/www.imer.mx\/lapopular\/equipo-lapopular\/prof-belisario-gonzalez-lopez\/\">Prof. Belisario Gonz\u00e1lez L\u00f3pez<\/a><\/div><p>Colaborador <\/p><\/div><div class=\"team-content\"><p>Ha sido colaborador de La Popular desde el a\u00f1o 2015.<\/p>\n<\/div>\n<a href=\"https:\/\/www.imer.mx\/lapopular\/equipo-lapopular\/prof-belisario-gonzalez-lopez\/\" class=\"post-details details-type-link\" aria-label=\"Read more about Prof. Belisario Gonz\u00e1lez L\u00f3pez\">Conoce m\u00e1s<i class=\"dt-icon-the7-arrow-03\" aria-hidden=\"true\"><\/i><\/a>\n<\/div><\/div><\/div><div class=\"visible wf-cell\" data-post-id=\"1852\" data-date=\"2021-01-14T13:22:01-06:00\" data-name=\"Mauricio Barrios P\u00e9rez\"><div class=\"team-container visible post post-1852 dt_team type-dt_team status-publish has-post-thumbnail hentry dt_team_category-directorio dt_team_category-equipo dt_team_category-17 dt_team_category-14\"><div class=\"team-media\"><a href=\"https:\/\/www.imer.mx\/lapopular\/equipo-lapopular\/mauricio-barrios-perez\/\" class=\"rollover layzr-bg\"><img decoding=\"async\" class=\"preload-me iso-lazy-load aspect\" src=\"data:image\/svg+xml,%3Csvg%20xmlns%3D&#39;http%3A%2F%2Fwww.w3.org%2F2000%2Fsvg&#39;%20viewBox%3D&#39;0%200%201707%201707&#39;%2F%3E\" data-src=\"https:\/\/www.imer.mx\/lapopular\/wp-content\/uploads\/sites\/27\/Mauricio-Barrios-Pe\u0301rez-Locutor-scaled-1707x1707.jpg\" data-srcset=\"https:\/\/www.imer.mx\/lapopular\/wp-content\/uploads\/sites\/27\/Mauricio-Barrios-Pe\u0301rez-Locutor-scaled-1707x1707.jpg 1707w\" loading=\"eager\" style=\"--ratio: 1707 \/ 1707\" sizes=\"(max-width: 1707px) 100vw, 1707px\" width=\"1707\" height=\"1707\"  title=\"Mauricio Barrios Pe\u0301rez Locutor\" alt=\"\" \/><\/a><\/div><div class=\"team-desc\"><div class=\"team-author\"><div class=\"team-author-name\"><a href=\"https:\/\/www.imer.mx\/lapopular\/equipo-lapopular\/mauricio-barrios-perez\/\">Mauricio Barrios P\u00e9rez<\/a><\/div><p>Locutor-operador<\/p><\/div><div class=\"team-content\"><p>Pr\u00f3ximamente mas informaci\u00f3n.<\/p>\n<\/div>\n<a href=\"https:\/\/www.imer.mx\/lapopular\/equipo-lapopular\/mauricio-barrios-perez\/\" class=\"post-details details-type-link\" aria-label=\"Read more about Mauricio Barrios P\u00e9rez\">Conoce m\u00e1s<i class=\"dt-icon-the7-arrow-03\" aria-hidden=\"true\"><\/i><\/a>\n<\/div><\/div><\/div><div class=\"visible wf-cell\" data-post-id=\"1851\" data-date=\"2021-01-14T13:19:35-06:00\" data-name=\"Clara Luz Mendoza Trujillo\"><div class=\"team-container visible post post-1851 dt_team type-dt_team status-publish has-post-thumbnail hentry dt_team_category-directorio dt_team_category-equipo dt_team_category-17 dt_team_category-14\"><div class=\"team-media\"><a href=\"https:\/\/www.imer.mx\/lapopular\/equipo-lapopular\/clara-luz\/\" class=\"rollover layzr-bg\"><img decoding=\"async\" class=\"preload-me iso-lazy-load aspect\" src=\"data:image\/svg+xml,%3Csvg%20xmlns%3D&#39;http%3A%2F%2Fwww.w3.org%2F2000%2Fsvg&#39;%20viewBox%3D&#39;0%200%20720%20720&#39;%2F%3E\" data-src=\"https:\/\/www.imer.mx\/lapopular\/wp-content\/uploads\/sites\/27\/Clara-Luz-Mendoza-Trujillo-720x720.jpg\" data-srcset=\"https:\/\/www.imer.mx\/lapopular\/wp-content\/uploads\/sites\/27\/Clara-Luz-Mendoza-Trujillo-720x720.jpg 720w\" loading=\"eager\" style=\"--ratio: 720 \/ 720\" sizes=\"(max-width: 720px) 100vw, 720px\" width=\"720\" height=\"720\"  title=\"Clara Luz Mendoza Trujillo\" alt=\"\" \/><\/a><\/div><div class=\"team-desc\"><div class=\"team-author\"><div class=\"team-author-name\"><a href=\"https:\/\/www.imer.mx\/lapopular\/equipo-lapopular\/clara-luz\/\">Clara Luz Mendoza Trujillo<\/a><\/div><p>Locutora-operadora<\/p><\/div><div class=\"team-content\"><p>A partir del 2012 labora como locutora-operadora en la emisora. <\/p>\n<\/div>\n<a href=\"https:\/\/www.imer.mx\/lapopular\/equipo-lapopular\/clara-luz\/\" class=\"post-details details-type-link\" aria-label=\"Read more about Clara Luz Mendoza Trujillo\">Conoce m\u00e1s<i class=\"dt-icon-the7-arrow-03\" aria-hidden=\"true\"><\/i><\/a>\n<\/div><\/div><\/div><div class=\"visible wf-cell\" data-post-id=\"1729\" data-date=\"2020-02-27T12:48:01-06:00\" data-name=\"Alfonso Esquivel Escobar\"><div class=\"team-container visible post post-1729 dt_team type-dt_team status-publish has-post-thumbnail hentry dt_team_category-directorio dt_team_category-equipo dt_team_category-17 dt_team_category-14\"><div class=\"team-media\"><a href=\"https:\/\/www.imer.mx\/lapopular\/equipo-lapopular\/alfonso-esquivel\/\" class=\"rollover layzr-bg\"><img decoding=\"async\" class=\"preload-me iso-lazy-load aspect\" src=\"data:image\/svg+xml,%3Csvg%20xmlns%3D&#39;http%3A%2F%2Fwww.w3.org%2F2000%2Fsvg&#39;%20viewBox%3D&#39;0%200%201101%201101&#39;%2F%3E\" data-src=\"https:\/\/www.imer.mx\/lapopular\/wp-content\/uploads\/sites\/27\/Alfonso-Esquivel-Escobar-Locutor-1101x1101.jpg\" data-srcset=\"https:\/\/www.imer.mx\/lapopular\/wp-content\/uploads\/sites\/27\/Alfonso-Esquivel-Escobar-Locutor-1101x1101.jpg 1101w\" loading=\"eager\" style=\"--ratio: 1101 \/ 1101\" sizes=\"(max-width: 1101px) 100vw, 1101px\" width=\"1101\" height=\"1101\"  title=\"Alfonso Esquivel Escobar Locutor\" alt=\"\" \/><\/a><\/div><div class=\"team-desc\"><div class=\"team-author\"><div class=\"team-author-name\"><a href=\"https:\/\/www.imer.mx\/lapopular\/equipo-lapopular\/alfonso-esquivel\/\">Alfonso Esquivel Escobar<\/a><\/div><p>Locutor-operador<\/p><\/div><div class=\"team-content\"><p>Nacido en Cacahoat\u00e1n, Chiapas. Desde muy peque\u00f1o se incorpora en el arte a trav\u00e9s del dibujo, la pintura, la escultura.<\/p>\n<\/div>\n<a href=\"https:\/\/www.imer.mx\/lapopular\/equipo-lapopular\/alfonso-esquivel\/\" class=\"post-details details-type-link\" aria-label=\"Read more about Alfonso Esquivel Escobar\">Conoce m\u00e1s<i class=\"dt-icon-the7-arrow-03\" aria-hidden=\"true\"><\/i><\/a>\n<\/div><\/div><\/div><div class=\"visible wf-cell\" data-post-id=\"1727\" data-date=\"2020-02-27T12:45:28-06:00\" data-name=\"Dulce Mar\u00eda M\u00e9rida Tomas\"><div class=\"team-container visible post post-1727 dt_team type-dt_team status-publish has-post-thumbnail hentry dt_team_category-directorio dt_team_category-equipo dt_team_category-17 dt_team_category-14\"><div class=\"team-media\"><a href=\"https:\/\/www.imer.mx\/lapopular\/equipo-lapopular\/dulce-merida\/\" class=\"rollover layzr-bg\"><img decoding=\"async\" class=\"preload-me iso-lazy-load aspect\" src=\"data:image\/svg+xml,%3Csvg%20xmlns%3D&#39;http%3A%2F%2Fwww.w3.org%2F2000%2Fsvg&#39;%20viewBox%3D&#39;0%200%20888%20888&#39;%2F%3E\" data-src=\"https:\/\/www.imer.mx\/lapopular\/wp-content\/uploads\/sites\/27\/IMG-20220913-WA0013-888x888.jpg\" data-srcset=\"https:\/\/www.imer.mx\/lapopular\/wp-content\/uploads\/sites\/27\/IMG-20220913-WA0013-888x888.jpg 888w\" loading=\"eager\" style=\"--ratio: 888 \/ 888\" sizes=\"(max-width: 888px) 100vw, 888px\" width=\"888\" height=\"888\"  title=\"IMG-20220913-WA0013\" alt=\"\" \/><\/a><\/div><div class=\"team-desc\"><div class=\"team-author\"><div class=\"team-author-name\"><a href=\"https:\/\/www.imer.mx\/lapopular\/equipo-lapopular\/dulce-merida\/\">Dulce Mar\u00eda M\u00e9rida Tomas<\/a><\/div><p>Locutora-operadora<\/p><\/div><div class=\"team-content\"><p>Oriunda de Cacahoat\u00e1n, Chiapas, quien al terminar su bachillerato comenz\u00f3 a laborar en la radiodifusora La Popular.<\/p>\n<\/div>\n<a href=\"https:\/\/www.imer.mx\/lapopular\/equipo-lapopular\/dulce-merida\/\" class=\"post-details details-type-link\" aria-label=\"Read more about Dulce Mar\u00eda M\u00e9rida Tomas\">Conoce m\u00e1s<i class=\"dt-icon-the7-arrow-03\" aria-hidden=\"true\"><\/i><\/a>\n<\/div><\/div><\/div><div class=\"visible wf-cell\" data-post-id=\"1715\" data-date=\"2020-02-27T10:45:37-06:00\" data-name=\"Rafael Barrios Meza\"><div class=\"team-container visible post post-1715 dt_team type-dt_team status-publish has-post-thumbnail hentry dt_team_category-directorio dt_team_category-equipo dt_team_category-17 dt_team_category-14\"><div class=\"team-media\"><a href=\"https:\/\/www.imer.mx\/lapopular\/equipo-lapopular\/rafael-barrios\/\" class=\"rollover layzr-bg\"><img decoding=\"async\" class=\"preload-me iso-lazy-load aspect\" src=\"data:image\/svg+xml,%3Csvg%20xmlns%3D&#39;http%3A%2F%2Fwww.w3.org%2F2000%2Fsvg&#39;%20viewBox%3D&#39;0%200%20907%20907&#39;%2F%3E\" data-src=\"https:\/\/www.imer.mx\/lapopular\/wp-content\/uploads\/sites\/27\/Rafael-Barrios-locutor-907x907.jpeg\" data-srcset=\"https:\/\/www.imer.mx\/lapopular\/wp-content\/uploads\/sites\/27\/Rafael-Barrios-locutor-907x907.jpeg 907w\" loading=\"eager\" style=\"--ratio: 907 \/ 907\" sizes=\"(max-width: 907px) 100vw, 907px\" width=\"907\" height=\"907\"  title=\"Rafael Barrios locutor\" alt=\"\" \/><\/a><\/div><div class=\"team-desc\"><div class=\"team-author\"><div class=\"team-author-name\"><a href=\"https:\/\/www.imer.mx\/lapopular\/equipo-lapopular\/rafael-barrios\/\">Rafael Barrios Meza<\/a><\/div><p>Locutor-operador<\/p><\/div><div class=\"team-content\"><p>Miembro fundador de la emisora desde 1987. Conductor del programa Nocturno. <\/p>\n<\/div>\n<a href=\"https:\/\/www.imer.mx\/lapopular\/equipo-lapopular\/rafael-barrios\/\" class=\"post-details details-type-link\" aria-label=\"Read more about Rafael Barrios Meza\">Conoce m\u00e1s<i class=\"dt-icon-the7-arrow-03\" aria-hidden=\"true\"><\/i><\/a>\n<\/div><\/div><\/div><\/div><!-- iso-container|iso-grid --><\/div>[\/vc_column][\/vc_row][vc_row][vc_column][vc_empty_space height=&#8221;50px&#8221;][\/vc_column][\/vc_row][vc_row type=&#8221;vc_default&#8221; full_width=&#8221;stretch_row&#8221; parallax=&#8221;content-moving&#8221; parallax_image=&#8221;1865&#8243; parallax_speed_bg=&#8221;1.0&#8243;][vc_column][vc_empty_space height=&#8221;250px&#8221;][\/vc_column][\/vc_row]<\/p>\n<\/div>","protected":false},"excerpt":{"rendered":"<p>[vc_row type=&#8221;vc_default&#8221; full_width=&#8221;stretch_row&#8221; parallax=&#8221;content-moving&#8221; parallax_image=&#8221;1866&#8243; css=&#8221;.vc_custom_1610661341420{margin-top: -50px !important;border-top-width: -50px !important;padding-top: -50px !important;}&#8221;][vc_column][vc_empty_space height=&#8221;125px&#8221;][vc_custom_heading text=&#8221;Directorio&#8221; font_container=&#8221;tag:h2|text_align:center|color:%23885e36&#8243; google_fonts=&#8221;font_family:Montserrat%3Aregular%2C700|font_style:700%20bold%20regular%3A700%3Anormal&#8221;][vc_empty_space height=&#8221;5px&#8221;][vc_empty_space height=&#8221;125px&#8221;][\/vc_column][\/vc_row][vc_row][vc_column][\/vc_column][\/vc_row][vc_row][vc_column][vc_empty_space height=&#8221;50px&#8221;][\/vc_column][\/vc_row][vc_row type=&#8221;vc_default&#8221; full_width=&#8221;stretch_row&#8221; parallax=&#8221;content-moving&#8221; parallax_image=&#8221;1865&#8243; parallax_speed_bg=&#8221;1.0&#8243;][vc_column][vc_empty_space height=&#8221;250px&#8221;][\/vc_column][\/vc_row]<\/p>\n","protected":false},"author":1,"featured_media":0,"parent":0,"menu_order":0,"comment_status":"closed","ping_status":"closed","template":"","meta":{"wp_popup_display_lightbox":0,"wp_popup_suppress":"","wp_popup_trigger":"","wp_popup_trigger_amount":0,"wp_popup_disable_on_mobile":false,"_uf_show_specific_survey":0,"_uf_disable_surveys":false,"footnotes":""},"class_list":["post-29","page","type-page","status-publish","hentry","description-off"],"_links":{"self":[{"href":"https:\/\/www.imer.mx\/lapopular\/wp-json\/wp\/v2\/pages\/29","targetHints":{"allow":["GET"]}}],"collection":[{"href":"https:\/\/www.imer.mx\/lapopular\/wp-json\/wp\/v2\/pages"}],"about":[{"href":"https:\/\/www.imer.mx\/lapopular\/wp-json\/wp\/v2\/types\/page"}],"author":[{"embeddable":true,"href":"https:\/\/www.imer.mx\/lapopular\/wp-json\/wp\/v2\/users\/1"}],"replies":[{"embeddable":true,"href":"https:\/\/www.imer.mx\/lapopular\/wp-json\/wp\/v2\/comments?post=29"}],"version-history":[{"count":0,"href":"https:\/\/www.imer.mx\/lapopular\/wp-json\/wp\/v2\/pages\/29\/revisions"}],"wp:attachment":[{"href":"https:\/\/www.imer.mx\/lapopular\/wp-json\/wp\/v2\/media?parent=29"}],"curies":[{"name":"wp","href":"https:\/\/api.w.org\/{rel}","templated":true}]}}