{"id":146,"date":"2019-09-01T00:00:23","date_gmt":"2019-09-01T05:00:23","guid":{"rendered":"http:\/\/lapopular.imer.gob.mx\/?page_id=146"},"modified":"2025-12-01T13:38:38","modified_gmt":"2025-12-01T19:38:38","slug":"programacion","status":"publish","type":"page","link":"https:\/\/www.imer.mx\/lapopular\/programacion\/","title":{"rendered":"Programaci\u00f3n"},"content":{"rendered":"<div class=\"wpb-content-wrapper\"><p>[vc_row type=&#8221;vc_default&#8221; full_width=&#8221;stretch_row&#8221; parallax=&#8221;content-moving&#8221; parallax_image=&#8221;1866&#8243; css=&#8221;.vc_custom_1610665249675{margin-top: -50px !important;border-top-width: -50px !important;padding-top: -50px !important;}&#8221;][vc_column][vc_empty_space height=&#8221;125px&#8221;][vc_custom_heading text=&#8221;Programaci\u00f3n&#8221; font_container=&#8221;tag:h2|text_align:center|color:%23885e36&#8243; google_fonts=&#8221;font_family:Montserrat%3Aregular%2C700|font_style:700%20bold%20regular%3A700%3Anormal&#8221;][vc_empty_space height=&#8221;20px&#8221;]<div class=\"hr-thin style-double\" style=\"width: 15%;border-color: #ffffff;border-top-width: 3px;\"><\/div>[vc_empty_space height=&#8221;80px&#8221;][\/vc_column][\/vc_row][vc_row type=&#8221;vc_default&#8221; full_width=&#8221;stretch_row&#8221; content_placement=&#8221;middle&#8221; bg_type=&#8221;bg_color&#8221; bg_color_value=&#8221;#ffffff&#8221;][vc_column][vc_tta_tabs style=&#8221;modern&#8221; shape=&#8221;square&#8221; color=&#8221;green&#8221; active_section=&#8221;1&#8243;][vc_tta_section title=&#8221;Lunes&#8221; tab_id=&#8221;lunes&#8221;][vc_row_inner][vc_column_inner]<div class=\"smile_icon_list_wrap ult_info_list_container ult-adjust-bottom-margin  \"><ul class=\"smile_icon_list left square with_bg\"><li class=\"icon_list_item\" style=\" font-size:120px;\"><div class=\"icon_list_icon\" data-animation=\"pulse\" data-animation-delay=\"03\" style=\"font-size:40px;border-width:1px;border-style:none;background:#ffffff;color:#333333;border-color:#333333;\"><img decoding=\"async\" class=\"list-img-icon\" alt=\"null\" src=\"https:\/\/www.imer.mx\/lapopular\/wp-content\/uploads\/sites\/27\/Diseno-sin-titulo-18.png\"\/><\/div><div class=\"icon_description\" id=\"Info-list-wrap-3619\" style=\"font-size:40px;\"><h3 class=\"ult-responsive info-list-heading\"  data-ultimate-target='#Info-list-wrap-3619 h3'  data-responsive-json-new='{\"font-size\":\"desktop:16px;\",\"line-height\":\"desktop:24px;\"}'  style=\"\">Nocturno<\/h3><div class=\"icon_description_text ult-responsive\"  data-ultimate-target='#Info-list-wrap-3619 .icon_description_text'  data-responsive-json-new='{\"font-size\":\"desktop:13px;\",\"line-height\":\"desktop:18px;\"}'  style=\"\"><p><span style=\"color: #000000;\"><strong>00:00 a 01:00<\/strong><\/span><\/p>\n<p>Programa de La Popular 89.1 FM<\/p>\n<\/div><\/div><div class=\"icon_list_connector\"  style=\"border: none !important;\"><\/div><\/li><li class=\"icon_list_item\" style=\" font-size:120px;\"><div class=\"icon_list_icon\" data-animation=\"pulse\" data-animation-delay=\"03\" style=\"font-size:40px;border-width:1px;border-style:none;background:#ffffff;color:#333333;border-color:#333333;\"><img decoding=\"async\" class=\"list-img-icon\" alt=\"null\" src=\"https:\/\/www.imer.mx\/lapopular\/wp-content\/uploads\/sites\/27\/Amanecer-campirano-1.png\"\/><\/div><div class=\"icon_description\" id=\"Info-list-wrap-7373\" style=\"font-size:40px;\"><h3 class=\"ult-responsive info-list-heading\"  data-ultimate-target='#Info-list-wrap-7373 h3'  data-responsive-json-new='{\"font-size\":\"desktop:16px;\",\"line-height\":\"desktop:24px;\"}'  style=\"\">Amanecer Campirano<\/h3><div class=\"icon_description_text ult-responsive\"  data-ultimate-target='#Info-list-wrap-7373 .icon_description_text'  data-responsive-json-new='{\"font-size\":\"desktop:13px;\",\"line-height\":\"desktop:18px;\"}'  style=\"\"><p><span style=\"color: #000000;\"><strong>05:04 a 06:30<br \/>\n<\/strong><\/span><\/p>\n<p>Inicia el d\u00eda con nosotros y ent\u00e9rate de lo que anuncia la nueva jornada: manda saludos, env\u00eda y recibe mensajes y escucha las canciones que canta M\u00e9xico<\/p>\n<\/div><\/div><div class=\"icon_list_connector\"  style=\"border: none !important;\"><\/div><\/li><li class=\"icon_list_item\" style=\" font-size:120px;\"><div class=\"icon_list_icon\" data-animation=\"pulse\" data-animation-delay=\"03\" style=\"font-size:40px;border-width:1px;border-style:none;background:#ffffff;color:#333333;border-color:#333333;\"><img decoding=\"async\" class=\"list-img-icon\" alt=\"null\" src=\"https:\/\/www.imer.mx\/radiolagarto\/wp-content\/uploads\/sites\/28\/EIXsuawd_400x400.jpg\"\/><\/div><div class=\"icon_description\" id=\"Info-list-wrap-6559\" style=\"font-size:40px;\"><h3 class=\"ult-responsive info-list-heading\"  data-ultimate-target='#Info-list-wrap-6559 h3'  data-responsive-json-new='{\"font-size\":\"desktop:16px;\",\"line-height\":\"desktop:24px;\"}'  style=\"\">RTC<\/h3><div class=\"icon_description_text ult-responsive\"  data-ultimate-target='#Info-list-wrap-6559 .icon_description_text'  data-responsive-json-new='{\"font-size\":\"desktop:13px;\",\"line-height\":\"desktop:18px;\"}'  style=\"\"><p><span style=\"color: #000000;\"><strong>06:30 a 06:35<\/strong><\/span><\/p>\n<p>Espacio de la&nbsp;Direcci\u00f3n General de Radio, Televisi\u00f3n y Cinematograf\u00eda<\/p>\n<\/div><\/div><div class=\"icon_list_connector\"  style=\"border: none !important;\"><\/div><\/li><li class=\"icon_list_item\" style=\" font-size:120px;\"><div class=\"icon_list_icon\" data-animation=\"pulse\" data-animation-delay=\"03\" style=\"font-size:40px;border-width:1px;border-style:none;background:#ffffff;color:#333333;border-color:#333333;\"><img decoding=\"async\" class=\"list-img-icon\" alt=\"null\" src=\"https:\/\/www.imer.mx\/lapopular\/wp-content\/uploads\/sites\/27\/Amanecer-campirano.png\"\/><\/div><div class=\"icon_description\" id=\"Info-list-wrap-1877\" style=\"font-size:40px;\"><h3 class=\"ult-responsive info-list-heading\"  data-ultimate-target='#Info-list-wrap-1877 h3'  data-responsive-json-new='{\"font-size\":\"desktop:16px;\",\"line-height\":\"desktop:24px;\"}'  style=\"\">Amanecer Campirano<\/h3><div class=\"icon_description_text ult-responsive\"  data-ultimate-target='#Info-list-wrap-1877 .icon_description_text'  data-responsive-json-new='{\"font-size\":\"desktop:13px;\",\"line-height\":\"desktop:18px;\"}'  style=\"\"><p><span style=\"color: #000000;\"><strong>06:35 a 07:00<\/strong><\/span><\/p>\n<p>Inicia el d\u00eda con nosotros y ent\u00e9rate de lo que anuncia la nueva jornada: manda saludos, env\u00eda y recibe mensajes y escucha las canciones que canta M\u00e9xico.<\/p>\n<\/div><\/div><div class=\"icon_list_connector\"  style=\"border: none !important;\"><\/div><\/li><li class=\"icon_list_item\" style=\" font-size:120px;\"><div class=\"icon_list_icon\" data-animation=\"pulse\" data-animation-delay=\"03\" style=\"font-size:40px;border-width:1px;border-style:none;background:#ffffff;color:#333333;border-color:#333333;\"><img decoding=\"async\" class=\"list-img-icon\" alt=\"null\" src=\"https:\/\/www.imer.mx\/lapopular\/wp-content\/uploads\/sites\/27\/imernoticias_02-1024x1024.jpg\"\/><\/div><div class=\"icon_description\" id=\"Info-list-wrap-1005\" style=\"font-size:40px;\"><h3 class=\"ult-responsive info-list-heading\"  data-ultimate-target='#Info-list-wrap-1005 h3'  data-responsive-json-new='{\"font-size\":\"desktop:16px;\",\"line-height\":\"desktop:24px;\"}'  style=\"\">Entrel\u00edneas con Adriana Esthela Flores, tu punto de referencia<\/h3><div class=\"icon_description_text ult-responsive\"  data-ultimate-target='#Info-list-wrap-1005 .icon_description_text'  data-responsive-json-new='{\"font-size\":\"desktop:13px;\",\"line-height\":\"desktop:18px;\"}'  style=\"\"><p><span style=\"color: #000000;\"><strong>07:00 a 11:00<\/strong><\/span><\/p>\n<p>Ent\u00e9rate de las noticias m\u00e1s importantes con Adriana Esthela Flores<\/p>\n<\/div><\/div><div class=\"icon_list_connector\"  style=\"border: none !important;\"><\/div><a class=\"ulimate-info-list-link\" href=\"http:\/\/noticias.imer.mx\/\" target=\"_blank\" rel=\"noopener\" ><\/a><\/li><li class=\"icon_list_item\" style=\" font-size:120px;\"><div class=\"icon_list_icon\" data-animation=\"pulse\" data-animation-delay=\"03\" style=\"font-size:40px;border-width:1px;border-style:none;background:#ffffff;color:#333333;border-color:#333333;\"><img decoding=\"async\" class=\"list-img-icon\" alt=\"null\" src=\"https:\/\/www.imer.mx\/lapopular\/wp-content\/uploads\/sites\/27\/Charlas_la_popular_imer.jpg\"\/><\/div><div class=\"icon_description\" id=\"Info-list-wrap-6483\" style=\"font-size:40px;\"><h3 class=\"ult-responsive info-list-heading\"  data-ultimate-target='#Info-list-wrap-6483 h3'  data-responsive-json-new='{\"font-size\":\"desktop:16px;\",\"line-height\":\"desktop:24px;\"}'  style=\"\">Charlas para usted<\/h3><div class=\"icon_description_text ult-responsive\"  data-ultimate-target='#Info-list-wrap-6483 .icon_description_text'  data-responsive-json-new='{\"font-size\":\"desktop:13px;\",\"line-height\":\"desktop:18px;\"}'  style=\"\"><p><span style=\"color: #000000;\"><strong>11:00 a 12:00<\/strong><\/span><\/p>\n<p>En Charlas para Usted se abordan diversos temas de inter\u00e9s general con invitados especiales, creando un espacio de di\u00e1logo y reflexi\u00f3n para mantener informada y unida a la comunidad<\/p>\n<\/div><\/div><div class=\"icon_list_connector\"  style=\"border: none !important;\"><\/div><\/li><li class=\"icon_list_item\" style=\" font-size:120px;\"><div class=\"icon_list_icon\" data-animation=\"pulse\" data-animation-delay=\"03\" style=\"font-size:40px;border-width:1px;border-style:none;background:#ffffff;color:#333333;border-color:#333333;\"><img decoding=\"async\" class=\"list-img-icon\" alt=\"null\" src=\"https:\/\/www.imer.mx\/lapopular\/wp-content\/uploads\/sites\/27\/Al-son-de-la-marimba.jpg\"\/><\/div><div class=\"icon_description\" id=\"Info-list-wrap-3558\" style=\"font-size:40px;\"><h3 class=\"ult-responsive info-list-heading\"  data-ultimate-target='#Info-list-wrap-3558 h3'  data-responsive-json-new='{\"font-size\":\"desktop:16px;\",\"line-height\":\"desktop:24px;\"}'  style=\"\">Al son de la marimba<\/h3><div class=\"icon_description_text ult-responsive\"  data-ultimate-target='#Info-list-wrap-3558 .icon_description_text'  data-responsive-json-new='{\"font-size\":\"desktop:13px;\",\"line-height\":\"desktop:18px;\"}'  style=\"\"><p><span style=\"color: #000000;\"><strong>12:00 a 13:00<\/strong><\/span><\/p>\n<p>Acomp\u00e1\u00f1anos a un viaje musical&nbsp; escuchando a incomparable armon\u00eda del instrumento que nos identifica como chiapanecos<\/p>\n<\/div><\/div><div class=\"icon_list_connector\"  style=\"border: none !important;\"><\/div><\/li><li class=\"icon_list_item\" style=\" font-size:120px;\"><div class=\"icon_list_icon\" data-animation=\"pulse\" data-animation-delay=\"03\" style=\"font-size:40px;border-width:1px;border-style:none;background:#ffffff;color:#333333;border-color:#333333;\"><img decoding=\"async\" class=\"list-img-icon\" alt=\"null\" src=\"https:\/\/www.imer.mx\/lapopular\/wp-content\/uploads\/sites\/27\/Diseno-sin-titulo-16.png\"\/><\/div><div class=\"icon_description\" id=\"Info-list-wrap-9308\" style=\"font-size:40px;\"><h3 class=\"ult-responsive info-list-heading\"  data-ultimate-target='#Info-list-wrap-9308 h3'  data-responsive-json-new='{\"font-size\":\"desktop:16px;\",\"line-height\":\"desktop:24px;\"}'  style=\"\">El Acento con Alberto N\u00e1jar, tu punto de referencia<\/h3><div class=\"icon_description_text ult-responsive\"  data-ultimate-target='#Info-list-wrap-9308 .icon_description_text'  data-responsive-json-new='{\"font-size\":\"desktop:13px;\",\"line-height\":\"desktop:18px;\"}'  style=\"\"><p><span style=\"color: #000000;\"><strong>13:00 a 15:00<\/strong><\/span><\/p>\n<p>Espacio informativo de IMER noticias con Alberto N\u00e1jar<\/p>\n<div class=\"icon_list_connector\"><\/div>\n<\/div><\/div><div class=\"icon_list_connector\"  style=\"border: none !important;\"><\/div><\/li><li class=\"icon_list_item\" style=\" font-size:120px;\"><div class=\"icon_list_icon\" data-animation=\"pulse\" data-animation-delay=\"03\" style=\"font-size:40px;border-width:1px;border-style:none;background:#ffffff;color:#333333;border-color:#333333;\"><img decoding=\"async\" class=\"list-img-icon\" alt=\"null\" src=\"https:\/\/www.imer.mx\/lapopular\/wp-content\/uploads\/sites\/27\/Al-son-de-la-marimba.jpg\"\/><\/div><div class=\"icon_description\" id=\"Info-list-wrap-1206\" style=\"font-size:40px;\"><h3 class=\"ult-responsive info-list-heading\"  data-ultimate-target='#Info-list-wrap-1206 h3'  data-responsive-json-new='{\"font-size\":\"desktop:16px;\",\"line-height\":\"desktop:24px;\"}'  style=\"\">Al Son de la Marimba<\/h3><div class=\"icon_description_text ult-responsive\"  data-ultimate-target='#Info-list-wrap-1206 .icon_description_text'  data-responsive-json-new='{\"font-size\":\"desktop:13px;\",\"line-height\":\"desktop:18px;\"}'  style=\"\"><p><span style=\"color: #000000;\"><strong>15:00 a 16:00<\/strong><\/span><\/p>\n<p>Acomp\u00e1\u00f1anos a un viaje musical&nbsp; escuchando a incomparable armon\u00eda del instrumento que nos identifica como chiapanecos<\/p>\n<\/div><\/div><div class=\"icon_list_connector\"  style=\"border: none !important;\"><\/div><\/li><li class=\"icon_list_item\" style=\" font-size:120px;\"><div class=\"icon_list_icon\" data-animation=\"pulse\" data-animation-delay=\"03\" style=\"font-size:40px;border-width:1px;border-style:none;background:#ffffff;color:#333333;border-color:#333333;\"><img decoding=\"async\" class=\"list-img-icon\" alt=\"null\" src=\"https:\/\/www.imer.mx\/radiolagarto\/wp-content\/uploads\/sites\/28\/EIXsuawd_400x400.jpg\"\/><\/div><div class=\"icon_description\" id=\"Info-list-wrap-7934\" style=\"font-size:40px;\"><h3 class=\"ult-responsive info-list-heading\"  data-ultimate-target='#Info-list-wrap-7934 h3'  data-responsive-json-new='{\"font-size\":\"desktop:16px;\",\"line-height\":\"desktop:24px;\"}'  style=\"\">RTC<\/h3><div class=\"icon_description_text ult-responsive\"  data-ultimate-target='#Info-list-wrap-7934 .icon_description_text'  data-responsive-json-new='{\"font-size\":\"desktop:13px;\",\"line-height\":\"desktop:18px;\"}'  style=\"\"><p><span style=\"color: #000000;\"><strong>16:00 a 16:05<\/strong><\/span><\/p>\n<p>Espacio de la&nbsp;Direcci\u00f3n General de Radio, Televisi\u00f3n y Cinematograf\u00eda<\/p>\n<\/div><\/div><div class=\"icon_list_connector\"  style=\"border: none !important;\"><\/div><\/li><li class=\"icon_list_item\" style=\" font-size:120px;\"><div class=\"icon_list_icon\" data-animation=\"pulse\" data-animation-delay=\"03\" style=\"font-size:40px;border-width:1px;border-style:none;background:#ffffff;color:#333333;border-color:#333333;\"><img decoding=\"async\" class=\"list-img-icon\" alt=\"null\" src=\"https:\/\/www.imer.mx\/lapopular\/wp-content\/uploads\/sites\/27\/El-sonido-de-las-sonoras.jpg\"\/><\/div><div class=\"icon_description\" id=\"Info-list-wrap-1234\" style=\"font-size:40px;\"><h3 class=\"ult-responsive info-list-heading\"  data-ultimate-target='#Info-list-wrap-1234 h3'  data-responsive-json-new='{\"font-size\":\"desktop:16px;\",\"line-height\":\"desktop:24px;\"}'  style=\"\">El Sonido de las Sonoras<\/h3><div class=\"icon_description_text ult-responsive\"  data-ultimate-target='#Info-list-wrap-1234 .icon_description_text'  data-responsive-json-new='{\"font-size\":\"desktop:13px;\",\"line-height\":\"desktop:18px;\"}'  style=\"\"><p><span style=\"color: #000000;\"><strong>16:05 a 17:00<\/strong><\/span><\/p>\n<p>Siente el poder de las trompetas, el ritmo de las percusiones y la alegr\u00eda que solo las sonoras pueden dar.<br data-start=\"1073\" data-end=\"1076\">El Sonido de las Sonoras, la fiesta que nunca termina<\/p>\n<\/div><\/div><div class=\"icon_list_connector\"  style=\"border: none !important;\"><\/div><\/li><li class=\"icon_list_item\" style=\" font-size:120px;\"><div class=\"icon_list_icon\" data-animation=\"pulse\" data-animation-delay=\"03\" style=\"font-size:40px;border-width:1px;border-style:none;background:#ffffff;color:#333333;border-color:#333333;\"><img decoding=\"async\" class=\"list-img-icon\" alt=\"null\" src=\"https:\/\/www.imer.mx\/lapopular\/wp-content\/uploads\/sites\/27\/Cuentos-contados-por-nuestra-cuenta.fw_.png\"\/><\/div><div class=\"icon_description\" id=\"Info-list-wrap-8688\" style=\"font-size:40px;\"><h3 class=\"ult-responsive info-list-heading\"  data-ultimate-target='#Info-list-wrap-8688 h3'  data-responsive-json-new='{\"font-size\":\"desktop:16px;\",\"line-height\":\"desktop:24px;\"}'  style=\"\">Cuentos contados por nuestra cuenta<\/h3><div class=\"icon_description_text ult-responsive\"  data-ultimate-target='#Info-list-wrap-8688 .icon_description_text'  data-responsive-json-new='{\"font-size\":\"desktop:13px;\",\"line-height\":\"desktop:18px;\"}'  style=\"\"><p><span style=\"color: #000000;\"><strong>17:00 a 17:30<\/strong><\/span><\/p>\n<p>En Cuentos Contados por Nuestra Cuenta, las historias cobran vida para llevarte a lugares donde todo es posible<\/p>\n<\/div><\/div><div class=\"icon_list_connector\"  style=\"border: none !important;\"><\/div><\/li><li class=\"icon_list_item\" style=\" font-size:120px;\"><div class=\"icon_list_icon\" data-animation=\"pulse\" data-animation-delay=\"03\" style=\"font-size:40px;border-width:1px;border-style:none;background:#ffffff;color:#333333;border-color:#333333;\"><img decoding=\"async\" class=\"list-img-icon\" alt=\"null\" src=\"https:\/\/www.imer.mx\/lapopular\/wp-content\/uploads\/sites\/27\/Arpas-de-Latinoamerica.jpg\"\/><\/div><div class=\"icon_description\" id=\"Info-list-wrap-3605\" style=\"font-size:40px;\"><h3 class=\"ult-responsive info-list-heading\"  data-ultimate-target='#Info-list-wrap-3605 h3'  data-responsive-json-new='{\"font-size\":\"desktop:16px;\",\"line-height\":\"desktop:24px;\"}'  style=\"\">Arpas de Latinoam\u00e9rica<\/h3><div class=\"icon_description_text ult-responsive\"  data-ultimate-target='#Info-list-wrap-3605 .icon_description_text'  data-responsive-json-new='{\"font-size\":\"desktop:13px;\",\"line-height\":\"desktop:18px;\"}'  style=\"\"><p><span style=\"color: #000000;\"><strong>17:30 a 18:00<\/strong><\/span><\/p>\n<p>Acomp\u00e1\u00f1anos todos las tardes los sonidos latinoamericanos a trav\u00e9s de sus arpas, con nuestro programa &#8220;Arpas de Latinoam\u00e9rica&#8221;<\/p>\n<\/div><\/div><div class=\"icon_list_connector\"  style=\"border: none !important;\"><\/div><\/li><li class=\"icon_list_item\" style=\" font-size:120px;\"><div class=\"icon_list_icon\" data-animation=\"pulse\" data-animation-delay=\"03\" style=\"font-size:40px;border-width:1px;border-style:none;background:#ffffff;color:#333333;border-color:#333333;\"><img decoding=\"async\" class=\"list-img-icon\" alt=\"null\" src=\"https:\/\/www.imer.mx\/lapopular\/wp-content\/uploads\/sites\/27\/274104443_102900855668087_5939374374555842460_n-1024x1024.jpg\"\/><\/div><div class=\"icon_description\" id=\"Info-list-wrap-7913\" style=\"font-size:40px;\"><h3 class=\"ult-responsive info-list-heading\"  data-ultimate-target='#Info-list-wrap-7913 h3'  data-responsive-json-new='{\"font-size\":\"desktop:16px;\",\"line-height\":\"desktop:24px;\"}'  style=\"\">SPR Informa con Gustavo Ram\u00edrez, tu punto de referencia digital<\/h3><div class=\"icon_description_text ult-responsive\"  data-ultimate-target='#Info-list-wrap-7913 .icon_description_text'  data-responsive-json-new='{\"font-size\":\"desktop:13px;\",\"line-height\":\"desktop:18px;\"}'  style=\"\"><p><span style=\"color: #000000;\"><strong>18:00 a 19:00<\/strong><\/span><\/p>\n<p>Espacio informativo de IMER Noticias y el Sistema P\u00fablico de Radiodifusi\u00f3n del Estado Mexicano con Gustavo Ram\u00edrez<\/p>\n<\/div><\/div><div class=\"icon_list_connector\"  style=\"border: none !important;\"><\/div><\/li><li class=\"icon_list_item\" style=\" font-size:120px;\"><div class=\"icon_list_icon\" data-animation=\"pulse\" data-animation-delay=\"03\" style=\"font-size:40px;border-width:1px;border-style:none;background:#ffffff;color:#333333;border-color:#333333;\"><img decoding=\"async\" class=\"list-img-icon\" alt=\"null\" src=\"https:\/\/www.imer.mx\/lapopular\/wp-content\/uploads\/sites\/27\/la_popular.png\"\/><\/div><div class=\"icon_description\" id=\"Info-list-wrap-3914\" style=\"font-size:40px;\"><h3 class=\"ult-responsive info-list-heading\"  data-ultimate-target='#Info-list-wrap-3914 h3'  data-responsive-json-new='{\"font-size\":\"desktop:16px;\",\"line-height\":\"desktop:24px;\"}'  style=\"\">M\u00fasica<\/h3><div class=\"icon_description_text ult-responsive\"  data-ultimate-target='#Info-list-wrap-3914 .icon_description_text'  data-responsive-json-new='{\"font-size\":\"desktop:13px;\",\"line-height\":\"desktop:18px;\"}'  style=\"\"><p><span style=\"color: #000000;\"><strong>19:00 a 20:00<\/strong><\/span><\/p>\n<p>Escucha la mejor selecci\u00f3n musical de La Popular 89.1 FM<\/p>\n<\/div><\/div><div class=\"icon_list_connector\"  style=\"border: none !important;\"><\/div><\/li><li class=\"icon_list_item\" style=\" font-size:120px;\"><div class=\"icon_list_icon\" data-animation=\"pulse\" data-animation-delay=\"03\" style=\"font-size:40px;border-width:1px;border-style:none;background:#ffffff;color:#333333;border-color:#333333;\"><img decoding=\"async\" class=\"list-img-icon\" alt=\"null\" src=\"https:\/\/www.imer.mx\/lapopular\/wp-content\/uploads\/sites\/27\/BINGO-min-1.jpg\"\/><\/div><div class=\"icon_description\" id=\"Info-list-wrap-5565\" style=\"font-size:40px;\"><h3 class=\"ult-responsive info-list-heading\"  data-ultimate-target='#Info-list-wrap-5565 h3'  data-responsive-json-new='{\"font-size\":\"desktop:16px;\",\"line-height\":\"desktop:24px;\"}'  style=\"\">Bingo<\/h3><div class=\"icon_description_text ult-responsive\"  data-ultimate-target='#Info-list-wrap-5565 .icon_description_text'  data-responsive-json-new='{\"font-size\":\"desktop:13px;\",\"line-height\":\"desktop:18px;\"}'  style=\"\"><p><span style=\"color: #000000;\"><strong>20:00 a 20:05<\/strong><\/span><\/p>\n<p>El Bingo se gana uniendo 5 n\u00fameros de manera vertical, horizontal o diagonal en una plantilla, pero en IMER se gana el Bingo escuchando los 5 episodios de un tema en una semana<\/p>\n<div id=\"Info-list-wrap-4357\" class=\"icon_description\"><\/div>\n<div class=\"icon_list_connector\"><\/div>\n<\/div><\/div><div class=\"icon_list_connector\"  style=\"border: none !important;\"><\/div><a class=\"ulimate-info-list-link\" href=\"https:\/\/www.imer.mx\/programas\/programas-imer\/bingo\/\" target=\"_blank\" rel=\"noopener\" ><\/a><\/li><li class=\"icon_list_item\" style=\" font-size:120px;\"><div class=\"icon_list_icon\" data-animation=\"pulse\" data-animation-delay=\"03\" style=\"font-size:40px;border-width:1px;border-style:none;background:#ffffff;color:#333333;border-color:#333333;\"><img decoding=\"async\" class=\"list-img-icon\" alt=\"null\" src=\"https:\/\/www.imer.mx\/lapopular\/wp-content\/uploads\/sites\/27\/Diseno-sin-titulo-18.png\"\/><\/div><div class=\"icon_description\" id=\"Info-list-wrap-4105\" style=\"font-size:40px;\"><h3 class=\"ult-responsive info-list-heading\"  data-ultimate-target='#Info-list-wrap-4105 h3'  data-responsive-json-new='{\"font-size\":\"desktop:16px;\",\"line-height\":\"desktop:24px;\"}'  style=\"\">Nocturno<\/h3><div class=\"icon_description_text ult-responsive\"  data-ultimate-target='#Info-list-wrap-4105 .icon_description_text'  data-responsive-json-new='{\"font-size\":\"desktop:13px;\",\"line-height\":\"desktop:18px;\"}'  style=\"\"><p><span style=\"color: #000000;\"><strong>20:05 a 23:00<\/strong><\/span><\/p>\n<p>Programa de La Popular 89.1 FM<\/p>\n<\/div><\/div><div class=\"icon_list_connector\"  style=\"border: none !important;\"><\/div><\/li><li class=\"icon_list_item\" style=\" font-size:120px;\"><div class=\"icon_list_icon\" data-animation=\"pulse\" data-animation-delay=\"03\" style=\"font-size:40px;border-width:1px;border-style:none;background:#ffffff;color:#333333;border-color:#333333;\"><img decoding=\"async\" class=\"list-img-icon\" alt=\"null\" src=\"https:\/\/www.imer.mx\/lapopular\/wp-content\/uploads\/sites\/27\/baul_de_las_leyendas.jpg\"\/><\/div><div class=\"icon_description\" id=\"Info-list-wrap-6737\" style=\"font-size:40px;\"><h3 class=\"ult-responsive info-list-heading\"  data-ultimate-target='#Info-list-wrap-6737 h3'  data-responsive-json-new='{\"font-size\":\"desktop:16px;\",\"line-height\":\"desktop:24px;\"}'  style=\"\">El Ba\u00fal de las Leyendas<\/h3><div class=\"icon_description_text ult-responsive\"  data-ultimate-target='#Info-list-wrap-6737 .icon_description_text'  data-responsive-json-new='{\"font-size\":\"desktop:13px;\",\"line-height\":\"desktop:18px;\"}'  style=\"\"><p><span style=\"color: #000000;\"><strong>23:00 a 23:30<\/strong><\/span><\/p>\n<p>El eco de nuestra historia se escucha aqu\u00ed. El Ba\u00fal de las Leyendas, un viaje por los relatos que nos definen.<br \/>\nSintoniza La Popular 89.1 FM.<\/p>\n<\/div><\/div><div class=\"icon_list_connector\"  style=\"border: none !important;\"><\/div><\/li><li class=\"icon_list_item\" style=\" font-size:120px;\"><div class=\"icon_list_icon\" data-animation=\"pulse\" data-animation-delay=\"03\" style=\"font-size:40px;border-width:1px;border-style:none;background:#ffffff;color:#333333;border-color:#333333;\"><img decoding=\"async\" class=\"list-img-icon\" alt=\"null\" src=\"https:\/\/www.imer.mx\/lapopular\/wp-content\/uploads\/sites\/27\/Diseno-sin-titulo-18.png\"\/><\/div><div class=\"icon_description\" id=\"Info-list-wrap-2187\" style=\"font-size:40px;\"><h3 class=\"ult-responsive info-list-heading\"  data-ultimate-target='#Info-list-wrap-2187 h3'  data-responsive-json-new='{\"font-size\":\"desktop:16px;\",\"line-height\":\"desktop:24px;\"}'  style=\"\">Nocturno<\/h3><div class=\"icon_description_text ult-responsive\"  data-ultimate-target='#Info-list-wrap-2187 .icon_description_text'  data-responsive-json-new='{\"font-size\":\"desktop:13px;\",\"line-height\":\"desktop:18px;\"}'  style=\"\"><p><span style=\"color: #000000;\"><strong>23:30 a 24:00<\/strong><\/span><\/p>\n<p>Programa de La Popular 89.1 FM<\/p>\n<\/div><\/div><div class=\"icon_list_connector\"  style=\"border: none !important;\"><\/div><\/li><\/ul><\/div>[\/vc_column_inner][\/vc_row_inner][\/vc_tta_section][vc_tta_section title=&#8221;Martes&#8221; tab_id=&#8221;1719513428072-fe190d5c-316b&#8221;][vc_row_inner][vc_column_inner]<div class=\"smile_icon_list_wrap ult_info_list_container ult-adjust-bottom-margin  \"><ul class=\"smile_icon_list left square with_bg\"><li class=\"icon_list_item\" style=\" font-size:120px;\"><div class=\"icon_list_icon\" data-animation=\"pulse\" data-animation-delay=\"03\" style=\"font-size:40px;border-width:1px;border-style:none;background:#ffffff;color:#333333;border-color:#333333;\"><img decoding=\"async\" class=\"list-img-icon\" alt=\"null\" src=\"https:\/\/www.imer.mx\/lapopular\/wp-content\/uploads\/sites\/27\/Diseno-sin-titulo-18.png\"\/><\/div><div class=\"icon_description\" id=\"Info-list-wrap-7287\" style=\"font-size:40px;\"><h3 class=\"ult-responsive info-list-heading\"  data-ultimate-target='#Info-list-wrap-7287 h3'  data-responsive-json-new='{\"font-size\":\"desktop:16px;\",\"line-height\":\"desktop:24px;\"}'  style=\"\">Nocturno<\/h3><div class=\"icon_description_text ult-responsive\"  data-ultimate-target='#Info-list-wrap-7287 .icon_description_text'  data-responsive-json-new='{\"font-size\":\"desktop:13px;\",\"line-height\":\"desktop:18px;\"}'  style=\"\"><p><span style=\"color: #000000;\"><strong>00:00 a 01:00<\/strong><\/span><\/p>\n<p>Programa de La Popular 89.1 FM<\/p>\n<\/div><\/div><div class=\"icon_list_connector\"  style=\"border: none !important;\"><\/div><\/li><li class=\"icon_list_item\" style=\" font-size:120px;\"><div class=\"icon_list_icon\" data-animation=\"pulse\" data-animation-delay=\"03\" style=\"font-size:40px;border-width:1px;border-style:none;background:#ffffff;color:#333333;border-color:#333333;\"><img decoding=\"async\" class=\"list-img-icon\" alt=\"null\" src=\"https:\/\/www.imer.mx\/lapopular\/wp-content\/uploads\/sites\/27\/Amanecer-campirano.png\"\/><\/div><div class=\"icon_description\" id=\"Info-list-wrap-5310\" style=\"font-size:40px;\"><h3 class=\"ult-responsive info-list-heading\"  data-ultimate-target='#Info-list-wrap-5310 h3'  data-responsive-json-new='{\"font-size\":\"desktop:16px;\",\"line-height\":\"desktop:24px;\"}'  style=\"\">Amanecer Campirano<\/h3><div class=\"icon_description_text ult-responsive\"  data-ultimate-target='#Info-list-wrap-5310 .icon_description_text'  data-responsive-json-new='{\"font-size\":\"desktop:13px;\",\"line-height\":\"desktop:18px;\"}'  style=\"\"><p><span style=\"color: #000000;\"><strong>05:04 a 06:30<br \/>\n<\/strong><\/span><\/p>\n<p>Inicia el d\u00eda con nosotros y ent\u00e9rate de lo que anuncia la nueva jornada: manda saludos, env\u00eda y recibe mensajes y escucha las canciones que canta M\u00e9xico<\/p>\n<\/div><\/div><div class=\"icon_list_connector\"  style=\"border: none !important;\"><\/div><\/li><li class=\"icon_list_item\" style=\" font-size:120px;\"><div class=\"icon_list_icon\" data-animation=\"pulse\" data-animation-delay=\"03\" style=\"font-size:40px;border-width:1px;border-style:none;background:#ffffff;color:#333333;border-color:#333333;\"><img decoding=\"async\" class=\"list-img-icon\" alt=\"null\" src=\"https:\/\/www.imer.mx\/radiolagarto\/wp-content\/uploads\/sites\/28\/EIXsuawd_400x400.jpg\"\/><\/div><div class=\"icon_description\" id=\"Info-list-wrap-9314\" style=\"font-size:40px;\"><h3 class=\"ult-responsive info-list-heading\"  data-ultimate-target='#Info-list-wrap-9314 h3'  data-responsive-json-new='{\"font-size\":\"desktop:16px;\",\"line-height\":\"desktop:24px;\"}'  style=\"\">RTC<\/h3><div class=\"icon_description_text ult-responsive\"  data-ultimate-target='#Info-list-wrap-9314 .icon_description_text'  data-responsive-json-new='{\"font-size\":\"desktop:13px;\",\"line-height\":\"desktop:18px;\"}'  style=\"\"><p><span style=\"color: #000000;\"><strong>06:30 a 06:35<\/strong><\/span><\/p>\n<p>Espacio de la Direcci\u00f3n General de Radio, Televisi\u00f3n y Cinematograf\u00eda<\/p>\n<\/div><\/div><div class=\"icon_list_connector\"  style=\"border: none !important;\"><\/div><\/li><li class=\"icon_list_item\" style=\" font-size:120px;\"><div class=\"icon_list_icon\" data-animation=\"pulse\" data-animation-delay=\"03\" style=\"font-size:40px;border-width:1px;border-style:none;background:#ffffff;color:#333333;border-color:#333333;\"><img decoding=\"async\" class=\"list-img-icon\" alt=\"null\" src=\"https:\/\/www.imer.mx\/lapopular\/wp-content\/uploads\/sites\/27\/Amanecer-campirano.png\"\/><\/div><div class=\"icon_description\" id=\"Info-list-wrap-1873\" style=\"font-size:40px;\"><h3 class=\"ult-responsive info-list-heading\"  data-ultimate-target='#Info-list-wrap-1873 h3'  data-responsive-json-new='{\"font-size\":\"desktop:16px;\",\"line-height\":\"desktop:24px;\"}'  style=\"\">Amanecer Campirano<\/h3><div class=\"icon_description_text ult-responsive\"  data-ultimate-target='#Info-list-wrap-1873 .icon_description_text'  data-responsive-json-new='{\"font-size\":\"desktop:13px;\",\"line-height\":\"desktop:18px;\"}'  style=\"\"><p><span style=\"color: #000000;\"><strong>06:35 a 07:00<\/strong><\/span><\/p>\n<p>Inicia el d\u00eda con nosotros y ent\u00e9rate de lo que anuncia la nueva jornada: manda saludos, env\u00eda y recibe mensajes y escucha las canciones que canta M\u00e9xico.<\/p>\n<\/div><\/div><div class=\"icon_list_connector\"  style=\"border: none !important;\"><\/div><\/li><li class=\"icon_list_item\" style=\" font-size:120px;\"><div class=\"icon_list_icon\" data-animation=\"pulse\" data-animation-delay=\"03\" style=\"font-size:40px;border-width:1px;border-style:none;background:#ffffff;color:#333333;border-color:#333333;\"><img decoding=\"async\" class=\"list-img-icon\" alt=\"null\" src=\"https:\/\/www.imer.mx\/lapopular\/wp-content\/uploads\/sites\/27\/imernoticias_02-1024x1024.jpg\"\/><\/div><div class=\"icon_description\" id=\"Info-list-wrap-4792\" style=\"font-size:40px;\"><h3 class=\"ult-responsive info-list-heading\"  data-ultimate-target='#Info-list-wrap-4792 h3'  data-responsive-json-new='{\"font-size\":\"desktop:16px;\",\"line-height\":\"desktop:24px;\"}'  style=\"\">Entrel\u00edneas con Adriana Esthela Flores, tu punto de referencia<\/h3><div class=\"icon_description_text ult-responsive\"  data-ultimate-target='#Info-list-wrap-4792 .icon_description_text'  data-responsive-json-new='{\"font-size\":\"desktop:13px;\",\"line-height\":\"desktop:18px;\"}'  style=\"\"><p><strong>07:00 a 11:00<\/strong><\/p>\n<p>Ent\u00e9rate de las noticias m\u00e1s importantes con Adriana Esthela Flores<\/p>\n<\/div><\/div><div class=\"icon_list_connector\"  style=\"border: none !important;\"><\/div><a class=\"ulimate-info-list-link\" href=\"http:\/\/noticias.imer.mx\/\" target=\"_blank\" rel=\"noopener\" ><\/a><\/li><li class=\"icon_list_item\" style=\" font-size:120px;\"><div class=\"icon_list_icon\" data-animation=\"pulse\" data-animation-delay=\"03\" style=\"font-size:40px;border-width:1px;border-style:none;background:#ffffff;color:#333333;border-color:#333333;\"><img decoding=\"async\" class=\"list-img-icon\" alt=\"null\" src=\"https:\/\/www.imer.mx\/lapopular\/wp-content\/uploads\/sites\/27\/Charlas_la_popular_imer.jpg\"\/><\/div><div class=\"icon_description\" id=\"Info-list-wrap-2847\" style=\"font-size:40px;\"><h3 class=\"ult-responsive info-list-heading\"  data-ultimate-target='#Info-list-wrap-2847 h3'  data-responsive-json-new='{\"font-size\":\"desktop:16px;\",\"line-height\":\"desktop:24px;\"}'  style=\"\">Charlas para usted<\/h3><div class=\"icon_description_text ult-responsive\"  data-ultimate-target='#Info-list-wrap-2847 .icon_description_text'  data-responsive-json-new='{\"font-size\":\"desktop:13px;\",\"line-height\":\"desktop:18px;\"}'  style=\"\"><p><span style=\"color: #000000;\"><strong>11:00 a 12:00<\/strong><\/span><\/p>\n<p>En Charlas para Usted se abordan diversos temas de inter\u00e9s general con invitados especiales, creando un espacio de di\u00e1logo y reflexi\u00f3n para mantener informada y unida a la comunidad<\/p>\n<\/div><\/div><div class=\"icon_list_connector\"  style=\"border: none !important;\"><\/div><\/li><li class=\"icon_list_item\" style=\" font-size:120px;\"><div class=\"icon_list_icon\" data-animation=\"pulse\" data-animation-delay=\"03\" style=\"font-size:40px;border-width:1px;border-style:none;background:#ffffff;color:#333333;border-color:#333333;\"><img decoding=\"async\" class=\"list-img-icon\" alt=\"null\" src=\"https:\/\/www.imer.mx\/lapopular\/wp-content\/uploads\/sites\/27\/Al-son-de-la-marimba.jpg\"\/><\/div><div class=\"icon_description\" id=\"Info-list-wrap-3289\" style=\"font-size:40px;\"><h3 class=\"ult-responsive info-list-heading\"  data-ultimate-target='#Info-list-wrap-3289 h3'  data-responsive-json-new='{\"font-size\":\"desktop:16px;\",\"line-height\":\"desktop:24px;\"}'  style=\"\">Al son de la marimba<\/h3><div class=\"icon_description_text ult-responsive\"  data-ultimate-target='#Info-list-wrap-3289 .icon_description_text'  data-responsive-json-new='{\"font-size\":\"desktop:13px;\",\"line-height\":\"desktop:18px;\"}'  style=\"\"><p><span style=\"color: #000000;\"><strong>12:00 a 13:00<\/strong><\/span><\/p>\n<p>Acomp\u00e1\u00f1anos a un viaje musical&nbsp; escuchando a incomparable armon\u00eda del instrumento que nos identifica como chiapanecos<\/p>\n<\/div><\/div><div class=\"icon_list_connector\"  style=\"border: none !important;\"><\/div><\/li><li class=\"icon_list_item\" style=\" font-size:120px;\"><div class=\"icon_list_icon\" data-animation=\"pulse\" data-animation-delay=\"03\" style=\"font-size:40px;border-width:1px;border-style:none;background:#ffffff;color:#333333;border-color:#333333;\"><img decoding=\"async\" class=\"list-img-icon\" alt=\"null\" src=\"https:\/\/www.imer.mx\/lapopular\/wp-content\/uploads\/sites\/27\/Diseno-sin-titulo-16.png\"\/><\/div><div class=\"icon_description\" id=\"Info-list-wrap-3098\" style=\"font-size:40px;\"><h3 class=\"ult-responsive info-list-heading\"  data-ultimate-target='#Info-list-wrap-3098 h3'  data-responsive-json-new='{\"font-size\":\"desktop:16px;\",\"line-height\":\"desktop:24px;\"}'  style=\"\">El Acento con Alberto N\u00e1jar, tu punto de referencia<\/h3><div class=\"icon_description_text ult-responsive\"  data-ultimate-target='#Info-list-wrap-3098 .icon_description_text'  data-responsive-json-new='{\"font-size\":\"desktop:13px;\",\"line-height\":\"desktop:18px;\"}'  style=\"\"><p><span style=\"color: #000000;\"><strong>13:00 a 15:00<\/strong><\/span><\/p>\n<p>Espacio informativo de IMER noticas con Alberto N\u00e1jar<\/p>\n<\/div><\/div><div class=\"icon_list_connector\"  style=\"border: none !important;\"><\/div><\/li><li class=\"icon_list_item\" style=\" font-size:120px;\"><div class=\"icon_list_icon\" data-animation=\"pulse\" data-animation-delay=\"03\" style=\"font-size:40px;border-width:1px;border-style:none;background:#ffffff;color:#333333;border-color:#333333;\"><img decoding=\"async\" class=\"list-img-icon\" alt=\"null\" src=\"https:\/\/www.imer.mx\/lapopular\/wp-content\/uploads\/sites\/27\/Al-son-de-la-marimba.jpg\"\/><\/div><div class=\"icon_description\" id=\"Info-list-wrap-8381\" style=\"font-size:40px;\"><h3 class=\"ult-responsive info-list-heading\"  data-ultimate-target='#Info-list-wrap-8381 h3'  data-responsive-json-new='{\"font-size\":\"desktop:16px;\",\"line-height\":\"desktop:24px;\"}'  style=\"\">Al son de la marimba<\/h3><div class=\"icon_description_text ult-responsive\"  data-ultimate-target='#Info-list-wrap-8381 .icon_description_text'  data-responsive-json-new='{\"font-size\":\"desktop:13px;\",\"line-height\":\"desktop:18px;\"}'  style=\"\"><p><span style=\"color: #000000;\"><strong>15:00 a 16:00<\/strong><\/span><\/p>\n<p>Acomp\u00e1\u00f1anos a un viaje musical&nbsp; escuchando a incomparable armon\u00eda del instrumento que nos identifica como chiapanecos<\/p>\n<\/div><\/div><div class=\"icon_list_connector\"  style=\"border: none !important;\"><\/div><\/li><li class=\"icon_list_item\" style=\" font-size:120px;\"><div class=\"icon_list_icon\" data-animation=\"pulse\" data-animation-delay=\"03\" style=\"font-size:40px;border-width:1px;border-style:none;background:#ffffff;color:#333333;border-color:#333333;\"><img decoding=\"async\" class=\"list-img-icon\" alt=\"null\" src=\"https:\/\/www.imer.mx\/radiolagarto\/wp-content\/uploads\/sites\/28\/EIXsuawd_400x400.jpg\"\/><\/div><div class=\"icon_description\" id=\"Info-list-wrap-4228\" style=\"font-size:40px;\"><h3 class=\"ult-responsive info-list-heading\"  data-ultimate-target='#Info-list-wrap-4228 h3'  data-responsive-json-new='{\"font-size\":\"desktop:16px;\",\"line-height\":\"desktop:24px;\"}'  style=\"\">RTC<\/h3><div class=\"icon_description_text ult-responsive\"  data-ultimate-target='#Info-list-wrap-4228 .icon_description_text'  data-responsive-json-new='{\"font-size\":\"desktop:13px;\",\"line-height\":\"desktop:18px;\"}'  style=\"\"><p><span style=\"color: #000000;\"><strong>16:00 a 16:05<\/strong><\/span><\/p>\n<p>Espacio de la Direcci\u00f3n General de Radio, Televisi\u00f3n y Cinematograf\u00eda<\/p>\n<\/div><\/div><div class=\"icon_list_connector\"  style=\"border: none !important;\"><\/div><\/li><li class=\"icon_list_item\" style=\" font-size:120px;\"><div class=\"icon_list_icon\" data-animation=\"pulse\" data-animation-delay=\"03\" style=\"font-size:40px;border-width:1px;border-style:none;background:#ffffff;color:#333333;border-color:#333333;\"><img decoding=\"async\" class=\"list-img-icon\" alt=\"null\" src=\"https:\/\/www.imer.mx\/lapopular\/wp-content\/uploads\/sites\/27\/El-sonido-de-las-sonoras.jpg\"\/><\/div><div class=\"icon_description\" id=\"Info-list-wrap-3660\" style=\"font-size:40px;\"><h3 class=\"ult-responsive info-list-heading\"  data-ultimate-target='#Info-list-wrap-3660 h3'  data-responsive-json-new='{\"font-size\":\"desktop:16px;\",\"line-height\":\"desktop:24px;\"}'  style=\"\">El Sonido de las Sonoras<\/h3><div class=\"icon_description_text ult-responsive\"  data-ultimate-target='#Info-list-wrap-3660 .icon_description_text'  data-responsive-json-new='{\"font-size\":\"desktop:13px;\",\"line-height\":\"desktop:18px;\"}'  style=\"\"><p><span style=\"color: #000000;\"><strong>16:05 a 17:00<\/strong><\/span><\/p>\n<p>Siente el poder de las trompetas, el ritmo de las percusiones y la alegr\u00eda que solo las sonoras pueden dar.<br class=\"skrollable skrollable-between\" data-start=\"1073\" data-end=\"1076\">El Sonido de las Sonoras, la fiesta que nunca termina<\/p>\n<\/div><\/div><div class=\"icon_list_connector\"  style=\"border: none !important;\"><\/div><\/li><li class=\"icon_list_item\" style=\" font-size:120px;\"><div class=\"icon_list_icon\" data-animation=\"pulse\" data-animation-delay=\"03\" style=\"font-size:40px;border-width:1px;border-style:none;background:#ffffff;color:#333333;border-color:#333333;\"><img decoding=\"async\" class=\"list-img-icon\" alt=\"null\" src=\"https:\/\/www.imer.mx\/lapopular\/wp-content\/uploads\/sites\/27\/Arpas-de-Latinoamerica.jpg\"\/><\/div><div class=\"icon_description\" id=\"Info-list-wrap-5505\" style=\"font-size:40px;\"><h3 class=\"ult-responsive info-list-heading\"  data-ultimate-target='#Info-list-wrap-5505 h3'  data-responsive-json-new='{\"font-size\":\"desktop:16px;\",\"line-height\":\"desktop:24px;\"}'  style=\"\">Arpas de Latinoam\u00e9rica<\/h3><div class=\"icon_description_text ult-responsive\"  data-ultimate-target='#Info-list-wrap-5505 .icon_description_text'  data-responsive-json-new='{\"font-size\":\"desktop:13px;\",\"line-height\":\"desktop:18px;\"}'  style=\"\"><p><span style=\"color: #000000;\"><strong>17:00 a 18:00<\/strong><\/span><\/p>\n<p>Acomp\u00e1\u00f1anos todos las tardes los sonidos latinoamericanos a trav\u00e9s de sus arpas, con nuestro programa \u201cArpas de Latinoam\u00e9rica\u201d<\/p>\n<\/div><\/div><div class=\"icon_list_connector\"  style=\"border: none !important;\"><\/div><\/li><li class=\"icon_list_item\" style=\" font-size:120px;\"><div class=\"icon_list_icon\" data-animation=\"pulse\" data-animation-delay=\"03\" style=\"font-size:40px;border-width:1px;border-style:none;background:#ffffff;color:#333333;border-color:#333333;\"><img decoding=\"async\" class=\"list-img-icon\" alt=\"null\" src=\"https:\/\/www.imer.mx\/lapopular\/wp-content\/uploads\/sites\/27\/274104443_102900855668087_5939374374555842460_n-1024x1024.jpg\"\/><\/div><div class=\"icon_description\" id=\"Info-list-wrap-2481\" style=\"font-size:40px;\"><h3 class=\"ult-responsive info-list-heading\"  data-ultimate-target='#Info-list-wrap-2481 h3'  data-responsive-json-new='{\"font-size\":\"desktop:16px;\",\"line-height\":\"desktop:24px;\"}'  style=\"\">SPR Informa con Gustavo Ram\u00edrez, tu punto de referencia digital<\/h3><div class=\"icon_description_text ult-responsive\"  data-ultimate-target='#Info-list-wrap-2481 .icon_description_text'  data-responsive-json-new='{\"font-size\":\"desktop:13px;\",\"line-height\":\"desktop:18px;\"}'  style=\"\"><p><span style=\"color: #000000;\"><strong>18:00 a 19:00<\/strong><\/span><\/p>\n<p>Espacio informativo de IMER Noticias y el Sistema P\u00fablico de Radiodifusi\u00f3n del Estado Mexicano con Gustavo Ram\u00edrez<\/p>\n<\/div><\/div><div class=\"icon_list_connector\"  style=\"border: none !important;\"><\/div><\/li><li class=\"icon_list_item\" style=\" font-size:120px;\"><div class=\"icon_list_icon\" data-animation=\"pulse\" data-animation-delay=\"03\" style=\"font-size:40px;border-width:1px;border-style:none;background:#ffffff;color:#333333;border-color:#333333;\"><img decoding=\"async\" class=\"list-img-icon\" alt=\"null\" src=\"https:\/\/www.imer.mx\/lapopular\/wp-content\/uploads\/sites\/27\/la_popular.png\"\/><\/div><div class=\"icon_description\" id=\"Info-list-wrap-2377\" style=\"font-size:40px;\"><h3 class=\"ult-responsive info-list-heading\"  data-ultimate-target='#Info-list-wrap-2377 h3'  data-responsive-json-new='{\"font-size\":\"desktop:16px;\",\"line-height\":\"desktop:24px;\"}'  style=\"\">M\u00fasica<\/h3><div class=\"icon_description_text ult-responsive\"  data-ultimate-target='#Info-list-wrap-2377 .icon_description_text'  data-responsive-json-new='{\"font-size\":\"desktop:13px;\",\"line-height\":\"desktop:18px;\"}'  style=\"\"><p><span style=\"color: #000000;\"><strong>19:00 a 20:00<\/strong><\/span><\/p>\n<p>Escucha la mejor selecci\u00f3n musical de La Popular 89.1 FM<\/p>\n<\/div><\/div><div class=\"icon_list_connector\"  style=\"border: none !important;\"><\/div><\/li><li class=\"icon_list_item\" style=\" font-size:120px;\"><div class=\"icon_list_icon\" data-animation=\"pulse\" data-animation-delay=\"03\" style=\"font-size:40px;border-width:1px;border-style:none;background:#ffffff;color:#333333;border-color:#333333;\"><img decoding=\"async\" class=\"list-img-icon\" alt=\"null\" src=\"https:\/\/www.imer.mx\/lapopular\/wp-content\/uploads\/sites\/27\/BINGO-min-1.jpg\"\/><\/div><div class=\"icon_description\" id=\"Info-list-wrap-2824\" style=\"font-size:40px;\"><h3 class=\"ult-responsive info-list-heading\"  data-ultimate-target='#Info-list-wrap-2824 h3'  data-responsive-json-new='{\"font-size\":\"desktop:16px;\",\"line-height\":\"desktop:24px;\"}'  style=\"\">Bingo<\/h3><div class=\"icon_description_text ult-responsive\"  data-ultimate-target='#Info-list-wrap-2824 .icon_description_text'  data-responsive-json-new='{\"font-size\":\"desktop:13px;\",\"line-height\":\"desktop:18px;\"}'  style=\"\"><p><span style=\"color: #000000;\"><strong>20:00 a 20:05<\/strong><\/span><\/p>\n<p>El Bingo se gana uniendo 5 n\u00fameros de manera vertical, horizontal o diagonal en una plantilla, pero en IMER se gana el Bingo escuchando los 5 episodios de un tema en una semana<\/p>\n<div class=\"icon_list_connector\"><\/div>\n<\/div><\/div><div class=\"icon_list_connector\"  style=\"border: none !important;\"><\/div><a class=\"ulimate-info-list-link\" href=\"https:\/\/www.imer.mx\/programas\/programas-imer\/bingo\/\" target=\"_blank\" rel=\"noopener\" ><\/a><\/li><li class=\"icon_list_item\" style=\" font-size:120px;\"><div class=\"icon_list_icon\" data-animation=\"pulse\" data-animation-delay=\"03\" style=\"font-size:40px;border-width:1px;border-style:none;background:#ffffff;color:#333333;border-color:#333333;\"><img decoding=\"async\" class=\"list-img-icon\" alt=\"null\" src=\"https:\/\/www.imer.mx\/lapopular\/wp-content\/uploads\/sites\/27\/Diseno-sin-titulo-18.png\"\/><\/div><div class=\"icon_description\" id=\"Info-list-wrap-6850\" style=\"font-size:40px;\"><h3 class=\"ult-responsive info-list-heading\"  data-ultimate-target='#Info-list-wrap-6850 h3'  data-responsive-json-new='{\"font-size\":\"desktop:16px;\",\"line-height\":\"desktop:24px;\"}'  style=\"\">Nocturno<\/h3><div class=\"icon_description_text ult-responsive\"  data-ultimate-target='#Info-list-wrap-6850 .icon_description_text'  data-responsive-json-new='{\"font-size\":\"desktop:13px;\",\"line-height\":\"desktop:18px;\"}'  style=\"\"><p><span style=\"color: #000000;\"><strong>20:05 a 24:00<\/strong><\/span><\/p>\n<p>Programa de La Popular 89.1 FM<\/p>\n<\/div><\/div><div class=\"icon_list_connector\"  style=\"border: none !important;\"><\/div><a class=\"ulimate-info-list-link\" href=\"http:\/\/noticias.imer.mx\/\" target=\"_blank\" rel=\"noopener\" ><\/a><\/li><\/ul><\/div>[\/vc_column_inner][\/vc_row_inner][\/vc_tta_section][vc_tta_section title=&#8221;Mi\u00e9rcoles&#8221; tab_id=&#8221;1719513861038-3fd672fe-5156&#8243;][vc_row_inner][vc_column_inner]<div class=\"smile_icon_list_wrap ult_info_list_container ult-adjust-bottom-margin  \"><ul class=\"smile_icon_list left square with_bg\"><li class=\"icon_list_item\" style=\" font-size:120px;\"><div class=\"icon_list_icon\" data-animation=\"pulse\" data-animation-delay=\"03\" style=\"font-size:40px;border-width:1px;border-style:none;background:#ffffff;color:#333333;border-color:#333333;\"><img decoding=\"async\" class=\"list-img-icon\" alt=\"null\" src=\"https:\/\/www.imer.mx\/lapopular\/wp-content\/uploads\/sites\/27\/Diseno-sin-titulo-18.png\"\/><\/div><div class=\"icon_description\" id=\"Info-list-wrap-8252\" style=\"font-size:40px;\"><h3 class=\"ult-responsive info-list-heading\"  data-ultimate-target='#Info-list-wrap-8252 h3'  data-responsive-json-new='{\"font-size\":\"desktop:16px;\",\"line-height\":\"desktop:24px;\"}'  style=\"\">Nocturno<\/h3><div class=\"icon_description_text ult-responsive\"  data-ultimate-target='#Info-list-wrap-8252 .icon_description_text'  data-responsive-json-new='{\"font-size\":\"desktop:13px;\",\"line-height\":\"desktop:18px;\"}'  style=\"\"><p><span style=\"color: #000000;\"><strong>00:00 a 01:00<\/strong><\/span><\/p>\n<p>Programa de La Popular 89.1 FM<\/p>\n<\/div><\/div><div class=\"icon_list_connector\"  style=\"border: none !important;\"><\/div><\/li><li class=\"icon_list_item\" style=\" font-size:120px;\"><div class=\"icon_list_icon\" data-animation=\"pulse\" data-animation-delay=\"03\" style=\"font-size:40px;border-width:1px;border-style:none;background:#ffffff;color:#333333;border-color:#333333;\"><img decoding=\"async\" class=\"list-img-icon\" alt=\"null\" src=\"https:\/\/www.imer.mx\/lapopular\/wp-content\/uploads\/sites\/27\/Amanecer-campirano-1.png\"\/><\/div><div class=\"icon_description\" id=\"Info-list-wrap-5657\" style=\"font-size:40px;\"><h3 class=\"ult-responsive info-list-heading\"  data-ultimate-target='#Info-list-wrap-5657 h3'  data-responsive-json-new='{\"font-size\":\"desktop:16px;\",\"line-height\":\"desktop:24px;\"}'  style=\"\">Amanecer Campirano<\/h3><div class=\"icon_description_text ult-responsive\"  data-ultimate-target='#Info-list-wrap-5657 .icon_description_text'  data-responsive-json-new='{\"font-size\":\"desktop:13px;\",\"line-height\":\"desktop:18px;\"}'  style=\"\"><p><span style=\"color: #000000;\"><strong>05:04 a 06:30<br \/>\n<\/strong><\/span><\/p>\n<p>Inicia el d\u00eda con nosotros y ent\u00e9rate de lo que anuncia la nueva jornada: manda saludos, env\u00eda y recibe mensajes y escucha las canciones que canta M\u00e9xico<\/p>\n<\/div><\/div><div class=\"icon_list_connector\"  style=\"border: none !important;\"><\/div><\/li><li class=\"icon_list_item\" style=\" font-size:120px;\"><div class=\"icon_list_icon\" data-animation=\"pulse\" data-animation-delay=\"03\" style=\"font-size:40px;border-width:1px;border-style:none;background:#ffffff;color:#333333;border-color:#333333;\"><img decoding=\"async\" class=\"list-img-icon\" alt=\"null\" src=\"https:\/\/www.imer.mx\/radiolagarto\/wp-content\/uploads\/sites\/28\/EIXsuawd_400x400.jpg\"\/><\/div><div class=\"icon_description\" id=\"Info-list-wrap-2108\" style=\"font-size:40px;\"><h3 class=\"ult-responsive info-list-heading\"  data-ultimate-target='#Info-list-wrap-2108 h3'  data-responsive-json-new='{\"font-size\":\"desktop:16px;\",\"line-height\":\"desktop:24px;\"}'  style=\"\">RTC<\/h3><div class=\"icon_description_text ult-responsive\"  data-ultimate-target='#Info-list-wrap-2108 .icon_description_text'  data-responsive-json-new='{\"font-size\":\"desktop:13px;\",\"line-height\":\"desktop:18px;\"}'  style=\"\"><p><span style=\"color: #000000;\"><strong>06:30 a 06:35<\/strong><\/span><\/p>\n<p>Espacio de la&nbsp;Direcci\u00f3n General de Radio, Televisi\u00f3n y Cinematograf\u00eda<\/p>\n<\/div><\/div><div class=\"icon_list_connector\"  style=\"border: none !important;\"><\/div><\/li><li class=\"icon_list_item\" style=\" font-size:120px;\"><div class=\"icon_list_icon\" data-animation=\"pulse\" data-animation-delay=\"03\" style=\"font-size:40px;border-width:1px;border-style:none;background:#ffffff;color:#333333;border-color:#333333;\"><img decoding=\"async\" class=\"list-img-icon\" alt=\"null\" src=\"https:\/\/www.imer.mx\/lapopular\/wp-content\/uploads\/sites\/27\/Amanecer-campirano-1.png\"\/><\/div><div class=\"icon_description\" id=\"Info-list-wrap-3313\" style=\"font-size:40px;\"><h3 class=\"ult-responsive info-list-heading\"  data-ultimate-target='#Info-list-wrap-3313 h3'  data-responsive-json-new='{\"font-size\":\"desktop:16px;\",\"line-height\":\"desktop:24px;\"}'  style=\"\">Amanecer Campirano<\/h3><div class=\"icon_description_text ult-responsive\"  data-ultimate-target='#Info-list-wrap-3313 .icon_description_text'  data-responsive-json-new='{\"font-size\":\"desktop:13px;\",\"line-height\":\"desktop:18px;\"}'  style=\"\"><p><span style=\"color: #000000;\"><strong>06:35 a 07:00<\/strong><\/span><\/p>\n<p>Inicia el d\u00eda con nosotros y ent\u00e9rate de lo que anuncia la nueva jornada: manda saludos, env\u00eda y recibe mensajes y escucha las canciones que canta M\u00e9xico<\/p>\n<\/div><\/div><div class=\"icon_list_connector\"  style=\"border: none !important;\"><\/div><\/li><li class=\"icon_list_item\" style=\" font-size:120px;\"><div class=\"icon_list_icon\" data-animation=\"pulse\" data-animation-delay=\"03\" style=\"font-size:40px;border-width:1px;border-style:none;background:#ffffff;color:#333333;border-color:#333333;\"><img decoding=\"async\" class=\"list-img-icon\" alt=\"null\" src=\"https:\/\/www.imer.mx\/lapopular\/wp-content\/uploads\/sites\/27\/imernoticias_02-1024x1024.jpg\"\/><\/div><div class=\"icon_description\" id=\"Info-list-wrap-2870\" style=\"font-size:40px;\"><h3 class=\"ult-responsive info-list-heading\"  data-ultimate-target='#Info-list-wrap-2870 h3'  data-responsive-json-new='{\"font-size\":\"desktop:16px;\",\"line-height\":\"desktop:24px;\"}'  style=\"\">Entrel\u00edneas con Adriana Esthela Flores, tu punto de referencia<\/h3><div class=\"icon_description_text ult-responsive\"  data-ultimate-target='#Info-list-wrap-2870 .icon_description_text'  data-responsive-json-new='{\"font-size\":\"desktop:13px;\",\"line-height\":\"desktop:18px;\"}'  style=\"\"><p><strong>07:00 a 11:00<\/strong><\/p>\n<p>Ent\u00e9rate de las noticias m\u00e1s importantes con Adriana Esthela Flores<\/p>\n<\/div><\/div><div class=\"icon_list_connector\"  style=\"border: none !important;\"><\/div><a class=\"ulimate-info-list-link\" href=\"http:\/\/noticias.imer.mx\/\" target=\"_blank\" rel=\"noopener\" ><\/a><\/li><li class=\"icon_list_item\" style=\" font-size:120px;\"><div class=\"icon_list_icon\" data-animation=\"pulse\" data-animation-delay=\"03\" style=\"font-size:40px;border-width:1px;border-style:none;background:#ffffff;color:#333333;border-color:#333333;\"><img decoding=\"async\" class=\"list-img-icon\" alt=\"null\" src=\"https:\/\/www.imer.mx\/lapopular\/wp-content\/uploads\/sites\/27\/Charlas_la_popular_imer.jpg\"\/><\/div><div class=\"icon_description\" id=\"Info-list-wrap-2226\" style=\"font-size:40px;\"><h3 class=\"ult-responsive info-list-heading\"  data-ultimate-target='#Info-list-wrap-2226 h3'  data-responsive-json-new='{\"font-size\":\"desktop:16px;\",\"line-height\":\"desktop:24px;\"}'  style=\"\">Charlas para usted<\/h3><div class=\"icon_description_text ult-responsive\"  data-ultimate-target='#Info-list-wrap-2226 .icon_description_text'  data-responsive-json-new='{\"font-size\":\"desktop:13px;\",\"line-height\":\"desktop:18px;\"}'  style=\"\"><p><span style=\"color: #000000;\"><strong>11:00 a 12:00<\/strong><\/span><\/p>\n<p>En Charlas para Usted se abordan diversos temas de inter\u00e9s general con invitados especiales, creando un espacio de di\u00e1logo y reflexi\u00f3n para mantener informada y unida a la comunidad<\/p>\n<\/div><\/div><div class=\"icon_list_connector\"  style=\"border: none !important;\"><\/div><\/li><li class=\"icon_list_item\" style=\" font-size:120px;\"><div class=\"icon_list_icon\" data-animation=\"pulse\" data-animation-delay=\"03\" style=\"font-size:40px;border-width:1px;border-style:none;background:#ffffff;color:#333333;border-color:#333333;\"><img decoding=\"async\" class=\"list-img-icon\" alt=\"null\" src=\"https:\/\/www.imer.mx\/lapopular\/wp-content\/uploads\/sites\/27\/Al-son-de-la-marimba.jpg\"\/><\/div><div class=\"icon_description\" id=\"Info-list-wrap-2738\" style=\"font-size:40px;\"><h3 class=\"ult-responsive info-list-heading\"  data-ultimate-target='#Info-list-wrap-2738 h3'  data-responsive-json-new='{\"font-size\":\"desktop:16px;\",\"line-height\":\"desktop:24px;\"}'  style=\"\">Al son de la marimba<\/h3><div class=\"icon_description_text ult-responsive\"  data-ultimate-target='#Info-list-wrap-2738 .icon_description_text'  data-responsive-json-new='{\"font-size\":\"desktop:13px;\",\"line-height\":\"desktop:18px;\"}'  style=\"\"><p><span style=\"color: #000000;\"><strong>12:00 a 13:00<\/strong><\/span><\/p>\n<p>Acomp\u00e1\u00f1anos a un viaje musical&nbsp; escuchando a incomparable armon\u00eda del instrumento que nos identifica como chiapanecos<\/p>\n<\/div><\/div><div class=\"icon_list_connector\"  style=\"border: none !important;\"><\/div><\/li><li class=\"icon_list_item\" style=\" font-size:120px;\"><div class=\"icon_list_icon\" data-animation=\"pulse\" data-animation-delay=\"03\" style=\"font-size:40px;border-width:1px;border-style:none;background:#ffffff;color:#333333;border-color:#333333;\"><img decoding=\"async\" class=\"list-img-icon\" alt=\"null\" src=\"https:\/\/www.imer.mx\/lapopular\/wp-content\/uploads\/sites\/27\/Diseno-sin-titulo-16.png\"\/><\/div><div class=\"icon_description\" id=\"Info-list-wrap-9598\" style=\"font-size:40px;\"><h3 class=\"ult-responsive info-list-heading\"  data-ultimate-target='#Info-list-wrap-9598 h3'  data-responsive-json-new='{\"font-size\":\"desktop:16px;\",\"line-height\":\"desktop:24px;\"}'  style=\"\">El Acento con Alberto N\u00e1jar, tu punto de referencia<\/h3><div class=\"icon_description_text ult-responsive\"  data-ultimate-target='#Info-list-wrap-9598 .icon_description_text'  data-responsive-json-new='{\"font-size\":\"desktop:13px;\",\"line-height\":\"desktop:18px;\"}'  style=\"\"><p><span style=\"color: #000000;\"><strong>13:00 a 15:00<\/strong><\/span><\/p>\n<p>Espacio informativo de IMER noticas con Alberto Najar<\/p>\n<\/div><\/div><div class=\"icon_list_connector\"  style=\"border: none !important;\"><\/div><a class=\"ulimate-info-list-link\" href=\"http:\/\/noticias.imer.mx\/\" target=\"_blank\" rel=\"noopener\" ><\/a><\/li><li class=\"icon_list_item\" style=\" font-size:120px;\"><div class=\"icon_list_icon\" data-animation=\"pulse\" data-animation-delay=\"03\" style=\"font-size:40px;border-width:1px;border-style:none;background:#ffffff;color:#333333;border-color:#333333;\"><img decoding=\"async\" class=\"list-img-icon\" alt=\"null\" src=\"https:\/\/www.imer.mx\/lapopular\/wp-content\/uploads\/sites\/27\/Al-son-de-la-marimba.jpg\"\/><\/div><div class=\"icon_description\" id=\"Info-list-wrap-6415\" style=\"font-size:40px;\"><h3 class=\"ult-responsive info-list-heading\"  data-ultimate-target='#Info-list-wrap-6415 h3'  data-responsive-json-new='{\"font-size\":\"desktop:16px;\",\"line-height\":\"desktop:24px;\"}'  style=\"\">Al Son de la Marimba<\/h3><div class=\"icon_description_text ult-responsive\"  data-ultimate-target='#Info-list-wrap-6415 .icon_description_text'  data-responsive-json-new='{\"font-size\":\"desktop:13px;\",\"line-height\":\"desktop:18px;\"}'  style=\"\"><p><span style=\"color: #000000;\"><strong>15:00 a 16:00<\/strong><\/span><\/p>\n<p>Acomp\u00e1\u00f1anos a un viaje musical&nbsp; escuchando a incomparable armon\u00eda del instrumento que nos identifica como chiapanecos<\/p>\n<\/div><\/div><div class=\"icon_list_connector\"  style=\"border: none !important;\"><\/div><\/li><li class=\"icon_list_item\" style=\" font-size:120px;\"><div class=\"icon_list_icon\" data-animation=\"pulse\" data-animation-delay=\"03\" style=\"font-size:40px;border-width:1px;border-style:none;background:#ffffff;color:#333333;border-color:#333333;\"><img decoding=\"async\" class=\"list-img-icon\" alt=\"null\" src=\"https:\/\/www.imer.mx\/radiolagarto\/wp-content\/uploads\/sites\/28\/EIXsuawd_400x400.jpg\"\/><\/div><div class=\"icon_description\" id=\"Info-list-wrap-2070\" style=\"font-size:40px;\"><h3 class=\"ult-responsive info-list-heading\"  data-ultimate-target='#Info-list-wrap-2070 h3'  data-responsive-json-new='{\"font-size\":\"desktop:16px;\",\"line-height\":\"desktop:24px;\"}'  style=\"\">RTC<\/h3><div class=\"icon_description_text ult-responsive\"  data-ultimate-target='#Info-list-wrap-2070 .icon_description_text'  data-responsive-json-new='{\"font-size\":\"desktop:13px;\",\"line-height\":\"desktop:18px;\"}'  style=\"\"><p><span style=\"color: #000000;\"><strong>16:00 a 16:05<\/strong><\/span><\/p>\n<p>Espacio de la&nbsp;Direcci\u00f3n General de Radio, Televisi\u00f3n y Cinematograf\u00eda<\/p>\n<\/div><\/div><div class=\"icon_list_connector\"  style=\"border: none !important;\"><\/div><\/li><li class=\"icon_list_item\" style=\" font-size:120px;\"><div class=\"icon_list_icon\" data-animation=\"pulse\" data-animation-delay=\"03\" style=\"font-size:40px;border-width:1px;border-style:none;background:#ffffff;color:#333333;border-color:#333333;\"><img decoding=\"async\" class=\"list-img-icon\" alt=\"null\" src=\"https:\/\/www.imer.mx\/lapopular\/wp-content\/uploads\/sites\/27\/El-sonido-de-las-sonoras.jpg\"\/><\/div><div class=\"icon_description\" id=\"Info-list-wrap-5955\" style=\"font-size:40px;\"><h3 class=\"ult-responsive info-list-heading\"  data-ultimate-target='#Info-list-wrap-5955 h3'  data-responsive-json-new='{\"font-size\":\"desktop:16px;\",\"line-height\":\"desktop:24px;\"}'  style=\"\">El Sonido de las Sonoras<\/h3><div class=\"icon_description_text ult-responsive\"  data-ultimate-target='#Info-list-wrap-5955 .icon_description_text'  data-responsive-json-new='{\"font-size\":\"desktop:13px;\",\"line-height\":\"desktop:18px;\"}'  style=\"\"><p><span style=\"color: #000000;\"><strong>16:05 a 17:00<\/strong><\/span><\/p>\n<p>Siente el poder de las trompetas, el ritmo de las percusiones y la alegr\u00eda que solo las sonoras pueden dar.<br \/>\nEl Sonido de las Sonoras, la fiesta que nunca termina<\/p>\n<\/div><\/div><div class=\"icon_list_connector\"  style=\"border: none !important;\"><\/div><\/li><li class=\"icon_list_item\" style=\" font-size:120px;\"><div class=\"icon_list_icon\" data-animation=\"pulse\" data-animation-delay=\"03\" style=\"font-size:40px;border-width:1px;border-style:none;background:#ffffff;color:#333333;border-color:#333333;\"><img decoding=\"async\" class=\"list-img-icon\" alt=\"null\" src=\"https:\/\/www.imer.mx\/lapopular\/wp-content\/uploads\/sites\/27\/Arpas-de-Latinoamerica.jpg\"\/><\/div><div class=\"icon_description\" id=\"Info-list-wrap-8133\" style=\"font-size:40px;\"><h3 class=\"ult-responsive info-list-heading\"  data-ultimate-target='#Info-list-wrap-8133 h3'  data-responsive-json-new='{\"font-size\":\"desktop:16px;\",\"line-height\":\"desktop:24px;\"}'  style=\"\">Arpas de Latinoam\u00e9rica<\/h3><div class=\"icon_description_text ult-responsive\"  data-ultimate-target='#Info-list-wrap-8133 .icon_description_text'  data-responsive-json-new='{\"font-size\":\"desktop:13px;\",\"line-height\":\"desktop:18px;\"}'  style=\"\"><p><span style=\"color: #000000;\"><strong>17:00 a 18:00<\/strong><\/span><\/p>\n<p>Acomp\u00e1\u00f1anos todos las tardes los sonidos latinoamericanos a trav\u00e9s de sus arpas, con nuestro programa \u201cArpas de Latinoam\u00e9rica\u201d<\/p>\n<\/div><\/div><div class=\"icon_list_connector\"  style=\"border: none !important;\"><\/div><\/li><li class=\"icon_list_item\" style=\" font-size:120px;\"><div class=\"icon_list_icon\" data-animation=\"pulse\" data-animation-delay=\"03\" style=\"font-size:40px;border-width:1px;border-style:none;background:#ffffff;color:#333333;border-color:#333333;\"><img decoding=\"async\" class=\"list-img-icon\" alt=\"null\" src=\"https:\/\/www.imer.mx\/lapopular\/wp-content\/uploads\/sites\/27\/274104443_102900855668087_5939374374555842460_n-1024x1024.jpg\"\/><\/div><div class=\"icon_description\" id=\"Info-list-wrap-5584\" style=\"font-size:40px;\"><h3 class=\"ult-responsive info-list-heading\"  data-ultimate-target='#Info-list-wrap-5584 h3'  data-responsive-json-new='{\"font-size\":\"desktop:16px;\",\"line-height\":\"desktop:24px;\"}'  style=\"\">SPR Informa con Gustavo Ram\u00edrez, tu punto de referencia digital<\/h3><div class=\"icon_description_text ult-responsive\"  data-ultimate-target='#Info-list-wrap-5584 .icon_description_text'  data-responsive-json-new='{\"font-size\":\"desktop:13px;\",\"line-height\":\"desktop:18px;\"}'  style=\"\"><p><span style=\"color: #000000;\"><strong>18:00 a 19:00<\/strong><\/span><\/p>\n<p>Espacio informativo de IMER Noticias y el Sistema P\u00fablico de Radiodifusi\u00f3n del Estado Mexicano con Gustavo Ram\u00edrez<\/p>\n<\/div><\/div><div class=\"icon_list_connector\"  style=\"border: none !important;\"><\/div><\/li><li class=\"icon_list_item\" style=\" font-size:120px;\"><div class=\"icon_list_icon\" data-animation=\"pulse\" data-animation-delay=\"03\" style=\"font-size:40px;border-width:1px;border-style:none;background:#ffffff;color:#333333;border-color:#333333;\"><img decoding=\"async\" class=\"list-img-icon\" alt=\"null\" src=\"https:\/\/www.imer.mx\/lapopular\/wp-content\/uploads\/sites\/27\/la_popular.png\"\/><\/div><div class=\"icon_description\" id=\"Info-list-wrap-6822\" style=\"font-size:40px;\"><h3 class=\"ult-responsive info-list-heading\"  data-ultimate-target='#Info-list-wrap-6822 h3'  data-responsive-json-new='{\"font-size\":\"desktop:16px;\",\"line-height\":\"desktop:24px;\"}'  style=\"\">M\u00fasica<\/h3><div class=\"icon_description_text ult-responsive\"  data-ultimate-target='#Info-list-wrap-6822 .icon_description_text'  data-responsive-json-new='{\"font-size\":\"desktop:13px;\",\"line-height\":\"desktop:18px;\"}'  style=\"\"><p><span style=\"color: #000000;\"><strong>19:00 a 20:00<\/strong><\/span><\/p>\n<p>Escucha la mejor selecci\u00f3n musical de La Popular 89.1 FM<\/p>\n<\/div><\/div><div class=\"icon_list_connector\"  style=\"border: none !important;\"><\/div><\/li><li class=\"icon_list_item\" style=\" font-size:120px;\"><div class=\"icon_list_icon\" data-animation=\"pulse\" data-animation-delay=\"03\" style=\"font-size:40px;border-width:1px;border-style:none;background:#ffffff;color:#333333;border-color:#333333;\"><img decoding=\"async\" class=\"list-img-icon\" alt=\"null\" src=\"https:\/\/www.imer.mx\/lapopular\/wp-content\/uploads\/sites\/27\/BINGO-min-1.jpg\"\/><\/div><div class=\"icon_description\" id=\"Info-list-wrap-7056\" style=\"font-size:40px;\"><h3 class=\"ult-responsive info-list-heading\"  data-ultimate-target='#Info-list-wrap-7056 h3'  data-responsive-json-new='{\"font-size\":\"desktop:16px;\",\"line-height\":\"desktop:24px;\"}'  style=\"\">Bingo<\/h3><div class=\"icon_description_text ult-responsive\"  data-ultimate-target='#Info-list-wrap-7056 .icon_description_text'  data-responsive-json-new='{\"font-size\":\"desktop:13px;\",\"line-height\":\"desktop:18px;\"}'  style=\"\"><p><span style=\"color: #000000;\"><strong>20:00 a 20:05<\/strong><\/span><\/p>\n<p>El Bingo se gana uniendo 5 n\u00fameros de manera vertical, horizontal o diagonal en una plantilla, pero en IMER se gana el Bingo escuchando los 5 episodios de un tema en una semana<\/p>\n<\/div><\/div><div class=\"icon_list_connector\"  style=\"border: none !important;\"><\/div><a class=\"ulimate-info-list-link\" href=\"https:\/\/www.imer.mx\/programas\/programas-imer\/bingo\/\" target=\"_blank\" rel=\"noopener\" ><\/a><\/li><li class=\"icon_list_item\" style=\" font-size:120px;\"><div class=\"icon_list_icon\" data-animation=\"pulse\" data-animation-delay=\"03\" style=\"font-size:40px;border-width:1px;border-style:none;background:#ffffff;color:#333333;border-color:#333333;\"><img decoding=\"async\" class=\"list-img-icon\" alt=\"null\" src=\"https:\/\/www.imer.mx\/lapopular\/wp-content\/uploads\/sites\/27\/Diseno-sin-titulo-18.png\"\/><\/div><div class=\"icon_description\" id=\"Info-list-wrap-5844\" style=\"font-size:40px;\"><h3 class=\"ult-responsive info-list-heading\"  data-ultimate-target='#Info-list-wrap-5844 h3'  data-responsive-json-new='{\"font-size\":\"desktop:16px;\",\"line-height\":\"desktop:24px;\"}'  style=\"\">Nocturno<\/h3><div class=\"icon_description_text ult-responsive\"  data-ultimate-target='#Info-list-wrap-5844 .icon_description_text'  data-responsive-json-new='{\"font-size\":\"desktop:13px;\",\"line-height\":\"desktop:18px;\"}'  style=\"\"><p><span style=\"color: #000000;\"><strong>20:05 a 23:00<\/strong><\/span><\/p>\n<p>Programa de La Popular 89.1 FM<\/p>\n<\/div><\/div><div class=\"icon_list_connector\"  style=\"border: none !important;\"><\/div><a class=\"ulimate-info-list-link\" href=\"https:\/\/www.imer.mx\/audiencias\/\" target=\"_blank\" rel=\"noopener\" ><\/a><\/li><li class=\"icon_list_item\" style=\" font-size:120px;\"><div class=\"icon_list_icon\" data-animation=\"pulse\" data-animation-delay=\"03\" style=\"font-size:40px;border-width:1px;border-style:none;background:#ffffff;color:#333333;border-color:#333333;\"><img decoding=\"async\" class=\"list-img-icon\" alt=\"null\" src=\"https:\/\/www.imer.mx\/lapopular\/wp-content\/uploads\/sites\/27\/Leyendas-que-no-se-leen.png\"\/><\/div><div class=\"icon_description\" id=\"Info-list-wrap-5647\" style=\"font-size:40px;\"><h3 class=\"ult-responsive info-list-heading\"  data-ultimate-target='#Info-list-wrap-5647 h3'  data-responsive-json-new='{\"font-size\":\"desktop:16px;\",\"line-height\":\"desktop:24px;\"}'  style=\"\">Leyendas que no se leen<\/h3><div class=\"icon_description_text ult-responsive\"  data-ultimate-target='#Info-list-wrap-5647 .icon_description_text'  data-responsive-json-new='{\"font-size\":\"desktop:13px;\",\"line-height\":\"desktop:18px;\"}'  style=\"\"><p><span style=\"color: #000000;\"><strong>23:00 a 24:00<\/strong><\/span><\/p>\n<p>Un espacio dedicado a recopilar y difundir relatos populares y leyendas de diferentes regiones de M\u00e9xico, como las del Soconusco en Chiapas y historias de la Ciudad de M\u00e9xico, que son compartidas con el p\u00fablico en su horario nocturno<\/p>\n<\/div><\/div><div class=\"icon_list_connector\"  style=\"border: none !important;\"><\/div><\/li><\/ul><\/div>[\/vc_column_inner][\/vc_row_inner][\/vc_tta_section][vc_tta_section title=&#8221;Jueves&#8221; tab_id=&#8221;1719514971579-646bc874-df8c&#8221;][vc_row_inner][vc_column_inner]<div class=\"smile_icon_list_wrap ult_info_list_container ult-adjust-bottom-margin  \"><ul class=\"smile_icon_list left square with_bg\"><li class=\"icon_list_item\" style=\" font-size:120px;\"><div class=\"icon_list_icon\" data-animation=\"pulse\" data-animation-delay=\"03\" style=\"font-size:40px;border-width:1px;border-style:none;background:#ffffff;color:#333333;border-color:#333333;\"><img decoding=\"async\" class=\"list-img-icon\" alt=\"null\" src=\"https:\/\/www.imer.mx\/lapopular\/wp-content\/uploads\/sites\/27\/Diseno-sin-titulo-18.png\"\/><\/div><div class=\"icon_description\" id=\"Info-list-wrap-4213\" style=\"font-size:40px;\"><h3 class=\"ult-responsive info-list-heading\"  data-ultimate-target='#Info-list-wrap-4213 h3'  data-responsive-json-new='{\"font-size\":\"desktop:16px;\",\"line-height\":\"desktop:24px;\"}'  style=\"\">Nocturno<\/h3><div class=\"icon_description_text ult-responsive\"  data-ultimate-target='#Info-list-wrap-4213 .icon_description_text'  data-responsive-json-new='{\"font-size\":\"desktop:13px;\",\"line-height\":\"desktop:18px;\"}'  style=\"\"><p><span style=\"color: #000000;\"><strong>00:00 a 01:00<\/strong><\/span><\/p>\n<p>Programa de La Popular 89.1 FM<\/p>\n<\/div><\/div><div class=\"icon_list_connector\"  style=\"border: none !important;\"><\/div><\/li><li class=\"icon_list_item\" style=\" font-size:120px;\"><div class=\"icon_list_icon\" data-animation=\"pulse\" data-animation-delay=\"03\" style=\"font-size:40px;border-width:1px;border-style:none;background:#ffffff;color:#333333;border-color:#333333;\"><img decoding=\"async\" class=\"list-img-icon\" alt=\"null\" src=\"https:\/\/www.imer.mx\/lapopular\/wp-content\/uploads\/sites\/27\/Amanecer-campirano.png\"\/><\/div><div class=\"icon_description\" id=\"Info-list-wrap-2816\" style=\"font-size:40px;\"><h3 class=\"ult-responsive info-list-heading\"  data-ultimate-target='#Info-list-wrap-2816 h3'  data-responsive-json-new='{\"font-size\":\"desktop:16px;\",\"line-height\":\"desktop:24px;\"}'  style=\"\">Amanecer Campirano<\/h3><div class=\"icon_description_text ult-responsive\"  data-ultimate-target='#Info-list-wrap-2816 .icon_description_text'  data-responsive-json-new='{\"font-size\":\"desktop:13px;\",\"line-height\":\"desktop:18px;\"}'  style=\"\"><p><span style=\"color: #000000;\"><strong>05:04 a 06:30<br \/>\n<\/strong><\/span><\/p>\n<p>Inicia el d\u00eda con nosotros y ent\u00e9rate de lo que anuncia la nueva jornada: manda saludos, env\u00eda y recibe mensajes y escucha las canciones que canta M\u00e9xico<\/p>\n<\/div><\/div><div class=\"icon_list_connector\"  style=\"border: none !important;\"><\/div><\/li><li class=\"icon_list_item\" style=\" font-size:120px;\"><div class=\"icon_list_icon\" data-animation=\"pulse\" data-animation-delay=\"03\" style=\"font-size:40px;border-width:1px;border-style:none;background:#ffffff;color:#333333;border-color:#333333;\"><img decoding=\"async\" class=\"list-img-icon\" alt=\"null\" src=\"https:\/\/www.imer.mx\/radiolagarto\/wp-content\/uploads\/sites\/28\/EIXsuawd_400x400.jpg\"\/><\/div><div class=\"icon_description\" id=\"Info-list-wrap-3477\" style=\"font-size:40px;\"><h3 class=\"ult-responsive info-list-heading\"  data-ultimate-target='#Info-list-wrap-3477 h3'  data-responsive-json-new='{\"font-size\":\"desktop:16px;\",\"line-height\":\"desktop:24px;\"}'  style=\"\">RTC<\/h3><div class=\"icon_description_text ult-responsive\"  data-ultimate-target='#Info-list-wrap-3477 .icon_description_text'  data-responsive-json-new='{\"font-size\":\"desktop:13px;\",\"line-height\":\"desktop:18px;\"}'  style=\"\"><p><span style=\"color: #000000;\"><strong>06:30 a 06:35<\/strong><\/span><\/p>\n<p>Espacio de la Direcci\u00f3n General de Radio, Televisi\u00f3n y Cinematograf\u00eda<\/p>\n<\/div><\/div><div class=\"icon_list_connector\"  style=\"border: none !important;\"><\/div><\/li><li class=\"icon_list_item\" style=\" font-size:120px;\"><div class=\"icon_list_icon\" data-animation=\"pulse\" data-animation-delay=\"03\" style=\"font-size:40px;border-width:1px;border-style:none;background:#ffffff;color:#333333;border-color:#333333;\"><img decoding=\"async\" class=\"list-img-icon\" alt=\"null\" src=\"https:\/\/www.imer.mx\/lapopular\/wp-content\/uploads\/sites\/27\/Amanecer-campirano-1.png\"\/><\/div><div class=\"icon_description\" id=\"Info-list-wrap-5878\" style=\"font-size:40px;\"><h3 class=\"ult-responsive info-list-heading\"  data-ultimate-target='#Info-list-wrap-5878 h3'  data-responsive-json-new='{\"font-size\":\"desktop:16px;\",\"line-height\":\"desktop:24px;\"}'  style=\"\">Amanecer Campirano<\/h3><div class=\"icon_description_text ult-responsive\"  data-ultimate-target='#Info-list-wrap-5878 .icon_description_text'  data-responsive-json-new='{\"font-size\":\"desktop:13px;\",\"line-height\":\"desktop:18px;\"}'  style=\"\"><p><span style=\"color: #000000;\"><strong>06:35 a 07:00<\/strong><\/span><\/p>\n<p>Inicia el d\u00eda con nosotros y ent\u00e9rate de lo que anuncia la nueva jornada: manda saludos, env\u00eda y recibe mensajes y escucha las canciones que canta M\u00e9xico<\/p>\n<\/div><\/div><div class=\"icon_list_connector\"  style=\"border: none !important;\"><\/div><\/li><li class=\"icon_list_item\" style=\" font-size:120px;\"><div class=\"icon_list_icon\" data-animation=\"pulse\" data-animation-delay=\"03\" style=\"font-size:40px;border-width:1px;border-style:none;background:#ffffff;color:#333333;border-color:#333333;\"><img decoding=\"async\" class=\"list-img-icon\" alt=\"null\" src=\"https:\/\/www.imer.mx\/lapopular\/wp-content\/uploads\/sites\/27\/imernoticias_02-1024x1024.jpg\"\/><\/div><div class=\"icon_description\" id=\"Info-list-wrap-5229\" style=\"font-size:40px;\"><h3 class=\"ult-responsive info-list-heading\"  data-ultimate-target='#Info-list-wrap-5229 h3'  data-responsive-json-new='{\"font-size\":\"desktop:16px;\",\"line-height\":\"desktop:24px;\"}'  style=\"\">Entrel\u00edneas con Adriana Esthela Flores, tu punto de referencia<\/h3><div class=\"icon_description_text ult-responsive\"  data-ultimate-target='#Info-list-wrap-5229 .icon_description_text'  data-responsive-json-new='{\"font-size\":\"desktop:13px;\",\"line-height\":\"desktop:18px;\"}'  style=\"\"><p><strong>07:00 a 11:00<\/strong><\/p>\n<p>Ent\u00e9rate de las noticias m\u00e1s importantes con Adriana Esthela Flores<\/p>\n<\/div><\/div><div class=\"icon_list_connector\"  style=\"border: none !important;\"><\/div><a class=\"ulimate-info-list-link\" href=\"http:\/\/noticias.imer.mx\/\" target=\"_blank\" rel=\"noopener\" ><\/a><\/li><li class=\"icon_list_item\" style=\" font-size:120px;\"><div class=\"icon_list_icon\" data-animation=\"pulse\" data-animation-delay=\"03\" style=\"font-size:40px;border-width:1px;border-style:none;background:#ffffff;color:#333333;border-color:#333333;\"><img decoding=\"async\" class=\"list-img-icon\" alt=\"null\" src=\"https:\/\/www.imer.mx\/lapopular\/wp-content\/uploads\/sites\/27\/Charlas_la_popular_imer.jpg\"\/><\/div><div class=\"icon_description\" id=\"Info-list-wrap-3513\" style=\"font-size:40px;\"><h3 class=\"ult-responsive info-list-heading\"  data-ultimate-target='#Info-list-wrap-3513 h3'  data-responsive-json-new='{\"font-size\":\"desktop:16px;\",\"line-height\":\"desktop:24px;\"}'  style=\"\">Charlas para usted<\/h3><div class=\"icon_description_text ult-responsive\"  data-ultimate-target='#Info-list-wrap-3513 .icon_description_text'  data-responsive-json-new='{\"font-size\":\"desktop:13px;\",\"line-height\":\"desktop:18px;\"}'  style=\"\"><p><span style=\"color: #000000;\"><strong>11:00 a 12:00<\/strong><\/span><\/p>\n<p>En Charlas para Usted se abordan diversos temas de inter\u00e9s general con invitados especiales, creando un espacio de di\u00e1logo y reflexi\u00f3n para mantener informada y unida a la comunidad<\/p>\n<\/div><\/div><div class=\"icon_list_connector\"  style=\"border: none !important;\"><\/div><\/li><li class=\"icon_list_item\" style=\" font-size:120px;\"><div class=\"icon_list_icon\" data-animation=\"pulse\" data-animation-delay=\"03\" style=\"font-size:40px;border-width:1px;border-style:none;background:#ffffff;color:#333333;border-color:#333333;\"><img decoding=\"async\" class=\"list-img-icon\" alt=\"null\" src=\"https:\/\/www.imer.mx\/lapopular\/wp-content\/uploads\/sites\/27\/Al-son-de-la-marimba.jpg\"\/><\/div><div class=\"icon_description\" id=\"Info-list-wrap-5884\" style=\"font-size:40px;\"><h3 class=\"ult-responsive info-list-heading\"  data-ultimate-target='#Info-list-wrap-5884 h3'  data-responsive-json-new='{\"font-size\":\"desktop:16px;\",\"line-height\":\"desktop:24px;\"}'  style=\"\">Al son de la marimba<\/h3><div class=\"icon_description_text ult-responsive\"  data-ultimate-target='#Info-list-wrap-5884 .icon_description_text'  data-responsive-json-new='{\"font-size\":\"desktop:13px;\",\"line-height\":\"desktop:18px;\"}'  style=\"\"><p><span style=\"color: #000000;\"><strong>12:00 a 13:00<\/strong><\/span><\/p>\n<p>Acomp\u00e1\u00f1anos a un viaje musical&nbsp; escuchando a incomparable armon\u00eda del instrumento que nos identifica como chiapanecos.<\/p>\n<\/div><\/div><div class=\"icon_list_connector\"  style=\"border: none !important;\"><\/div><\/li><li class=\"icon_list_item\" style=\" font-size:120px;\"><div class=\"icon_list_icon\" data-animation=\"pulse\" data-animation-delay=\"03\" style=\"font-size:40px;border-width:1px;border-style:none;background:#ffffff;color:#333333;border-color:#333333;\"><img decoding=\"async\" class=\"list-img-icon\" alt=\"null\" src=\"https:\/\/www.imer.mx\/lapopular\/wp-content\/uploads\/sites\/27\/Diseno-sin-titulo-16.png\"\/><\/div><div class=\"icon_description\" id=\"Info-list-wrap-4158\" style=\"font-size:40px;\"><h3 class=\"ult-responsive info-list-heading\"  data-ultimate-target='#Info-list-wrap-4158 h3'  data-responsive-json-new='{\"font-size\":\"desktop:16px;\",\"line-height\":\"desktop:24px;\"}'  style=\"\">El Acento con Alberto N\u00e1jar, tu punto de referencia<\/h3><div class=\"icon_description_text ult-responsive\"  data-ultimate-target='#Info-list-wrap-4158 .icon_description_text'  data-responsive-json-new='{\"font-size\":\"desktop:13px;\",\"line-height\":\"desktop:18px;\"}'  style=\"\"><p><span style=\"color: #000000;\"><strong>13:00 a 15:00<\/strong><\/span><\/p>\n<p>Espacio informativo de IMER noticas con Alberto N\u00e1jar<\/p>\n<div id=\"Info-list-wrap-5176\" class=\"icon_description\"><\/div>\n<div class=\"icon_list_connector\"><\/div>\n<\/div><\/div><div class=\"icon_list_connector\"  style=\"border: none !important;\"><\/div><a class=\"ulimate-info-list-link\" href=\"http:\/\/noticias.imer.mx\/\" target=\"_blank\" rel=\"noopener\" ><\/a><\/li><li class=\"icon_list_item\" style=\" font-size:120px;\"><div class=\"icon_list_icon\" data-animation=\"pulse\" data-animation-delay=\"03\" style=\"font-size:40px;border-width:1px;border-style:none;background:#ffffff;color:#333333;border-color:#333333;\"><img decoding=\"async\" class=\"list-img-icon\" alt=\"null\" src=\"https:\/\/www.imer.mx\/lapopular\/wp-content\/uploads\/sites\/27\/Al-son-de-la-marimba.jpg\"\/><\/div><div class=\"icon_description\" id=\"Info-list-wrap-2858\" style=\"font-size:40px;\"><h3 class=\"ult-responsive info-list-heading\"  data-ultimate-target='#Info-list-wrap-2858 h3'  data-responsive-json-new='{\"font-size\":\"desktop:16px;\",\"line-height\":\"desktop:24px;\"}'  style=\"\">Al son de la marimba<\/h3><div class=\"icon_description_text ult-responsive\"  data-ultimate-target='#Info-list-wrap-2858 .icon_description_text'  data-responsive-json-new='{\"font-size\":\"desktop:13px;\",\"line-height\":\"desktop:18px;\"}'  style=\"\"><p><span style=\"color: #000000;\"><strong>15:00 a 16:00<\/strong><\/span><\/p>\n<p>Acomp\u00e1\u00f1anos a un viaje musical&nbsp; escuchando a incomparable armon\u00eda del instrumento que nos identifica como chiapanecos<\/p>\n<\/div><\/div><div class=\"icon_list_connector\"  style=\"border: none !important;\"><\/div><\/li><li class=\"icon_list_item\" style=\" font-size:120px;\"><div class=\"icon_list_icon\" data-animation=\"pulse\" data-animation-delay=\"03\" style=\"font-size:40px;border-width:1px;border-style:none;background:#ffffff;color:#333333;border-color:#333333;\"><img decoding=\"async\" class=\"list-img-icon\" alt=\"null\" src=\"https:\/\/www.imer.mx\/radiolagarto\/wp-content\/uploads\/sites\/28\/EIXsuawd_400x400.jpg\"\/><\/div><div class=\"icon_description\" id=\"Info-list-wrap-7958\" style=\"font-size:40px;\"><h3 class=\"ult-responsive info-list-heading\"  data-ultimate-target='#Info-list-wrap-7958 h3'  data-responsive-json-new='{\"font-size\":\"desktop:16px;\",\"line-height\":\"desktop:24px;\"}'  style=\"\">RTC<\/h3><div class=\"icon_description_text ult-responsive\"  data-ultimate-target='#Info-list-wrap-7958 .icon_description_text'  data-responsive-json-new='{\"font-size\":\"desktop:13px;\",\"line-height\":\"desktop:18px;\"}'  style=\"\"><p><span style=\"color: #000000;\"><strong>16:00 a 16:05<\/strong><\/span><\/p>\n<p>Espacio de la&nbsp;Direcci\u00f3n General de Radio, Televisi\u00f3n y Cinematograf\u00eda<\/p>\n<\/div><\/div><div class=\"icon_list_connector\"  style=\"border: none !important;\"><\/div><\/li><li class=\"icon_list_item\" style=\" font-size:120px;\"><div class=\"icon_list_icon\" data-animation=\"pulse\" data-animation-delay=\"03\" style=\"font-size:40px;border-width:1px;border-style:none;background:#ffffff;color:#333333;border-color:#333333;\"><img decoding=\"async\" class=\"list-img-icon\" alt=\"null\" src=\"https:\/\/www.imer.mx\/lapopular\/wp-content\/uploads\/sites\/27\/El-sonido-de-las-sonoras.jpg\"\/><\/div><div class=\"icon_description\" id=\"Info-list-wrap-7248\" style=\"font-size:40px;\"><h3 class=\"ult-responsive info-list-heading\"  data-ultimate-target='#Info-list-wrap-7248 h3'  data-responsive-json-new='{\"font-size\":\"desktop:16px;\",\"line-height\":\"desktop:24px;\"}'  style=\"\">El Sonido de las Sonoras<\/h3><div class=\"icon_description_text ult-responsive\"  data-ultimate-target='#Info-list-wrap-7248 .icon_description_text'  data-responsive-json-new='{\"font-size\":\"desktop:13px;\",\"line-height\":\"desktop:18px;\"}'  style=\"\"><p><span style=\"color: #000000;\"><strong>16:05 a 17:00<\/strong><\/span><\/p>\n<p>Siente el poder de las trompetas, el ritmo de las percusiones y la alegr\u00eda que solo las sonoras pueden dar.<br \/>\nEl Sonido de las Sonoras, la fiesta que nunca termina<\/p>\n<\/div><\/div><div class=\"icon_list_connector\"  style=\"border: none !important;\"><\/div><\/li><li class=\"icon_list_item\" style=\" font-size:120px;\"><div class=\"icon_list_icon\" data-animation=\"pulse\" data-animation-delay=\"03\" style=\"font-size:40px;border-width:1px;border-style:none;background:#ffffff;color:#333333;border-color:#333333;\"><img decoding=\"async\" class=\"list-img-icon\" alt=\"null\" src=\"https:\/\/www.imer.mx\/lapopular\/wp-content\/uploads\/sites\/27\/Arpas-de-Latinoamerica.jpg\"\/><\/div><div class=\"icon_description\" id=\"Info-list-wrap-7220\" style=\"font-size:40px;\"><h3 class=\"ult-responsive info-list-heading\"  data-ultimate-target='#Info-list-wrap-7220 h3'  data-responsive-json-new='{\"font-size\":\"desktop:16px;\",\"line-height\":\"desktop:24px;\"}'  style=\"\">Arpas de Latinoam\u00e9rica<\/h3><div class=\"icon_description_text ult-responsive\"  data-ultimate-target='#Info-list-wrap-7220 .icon_description_text'  data-responsive-json-new='{\"font-size\":\"desktop:13px;\",\"line-height\":\"desktop:18px;\"}'  style=\"\"><p><span style=\"color: #000000;\"><strong>17:00 a 18:00<\/strong><\/span><\/p>\n<p>Acomp\u00e1\u00f1anos todos las tardes los sonidos latinoamericanos a trav\u00e9s de sus arpas, con nuestro programa \u201cArpas de Latinoam\u00e9rica\u201d<\/p>\n<\/div><\/div><div class=\"icon_list_connector\"  style=\"border: none !important;\"><\/div><\/li><li class=\"icon_list_item\" style=\" font-size:120px;\"><div class=\"icon_list_icon\" data-animation=\"pulse\" data-animation-delay=\"03\" style=\"font-size:40px;border-width:1px;border-style:none;background:#ffffff;color:#333333;border-color:#333333;\"><img decoding=\"async\" class=\"list-img-icon\" alt=\"null\" src=\"https:\/\/www.imer.mx\/lapopular\/wp-content\/uploads\/sites\/27\/274104443_102900855668087_5939374374555842460_n-1-1024x1024.jpg\"\/><\/div><div class=\"icon_description\" id=\"Info-list-wrap-8464\" style=\"font-size:40px;\"><h3 class=\"ult-responsive info-list-heading\"  data-ultimate-target='#Info-list-wrap-8464 h3'  data-responsive-json-new='{\"font-size\":\"desktop:16px;\",\"line-height\":\"desktop:24px;\"}'  style=\"\">SPR Informa con Gustavo Ram\u00edrez, tu punto de referencia digital<\/h3><div class=\"icon_description_text ult-responsive\"  data-ultimate-target='#Info-list-wrap-8464 .icon_description_text'  data-responsive-json-new='{\"font-size\":\"desktop:13px;\",\"line-height\":\"desktop:18px;\"}'  style=\"\"><p><span style=\"color: #000000;\"><strong>18:00 a 19:00<\/strong><\/span><\/p>\n<p>Espacio informativo de IMER Noticias y el Sistema P\u00fablico de Radiodifusi\u00f3n del Estado Mexicano con Gustavo Ram\u00edrez<\/p>\n<\/div><\/div><div class=\"icon_list_connector\"  style=\"border: none !important;\"><\/div><\/li><li class=\"icon_list_item\" style=\" font-size:120px;\"><div class=\"icon_list_icon\" data-animation=\"pulse\" data-animation-delay=\"03\" style=\"font-size:40px;border-width:1px;border-style:none;background:#ffffff;color:#333333;border-color:#333333;\"><img decoding=\"async\" class=\"list-img-icon\" alt=\"null\" src=\"https:\/\/www.imer.mx\/lapopular\/wp-content\/uploads\/sites\/27\/la_popular.png\"\/><\/div><div class=\"icon_description\" id=\"Info-list-wrap-5767\" style=\"font-size:40px;\"><h3 class=\"ult-responsive info-list-heading\"  data-ultimate-target='#Info-list-wrap-5767 h3'  data-responsive-json-new='{\"font-size\":\"desktop:16px;\",\"line-height\":\"desktop:24px;\"}'  style=\"\">M\u00fasica<\/h3><div class=\"icon_description_text ult-responsive\"  data-ultimate-target='#Info-list-wrap-5767 .icon_description_text'  data-responsive-json-new='{\"font-size\":\"desktop:13px;\",\"line-height\":\"desktop:18px;\"}'  style=\"\"><p><span style=\"color: #000000;\"><strong>19:00 a 20:00<\/strong><\/span><\/p>\n<p>Escucha la mejor selecci\u00f3n musical de La Popular 89.1 FM<\/p>\n<\/div><\/div><div class=\"icon_list_connector\"  style=\"border: none !important;\"><\/div><\/li><li class=\"icon_list_item\" style=\" font-size:120px;\"><div class=\"icon_list_icon\" data-animation=\"pulse\" data-animation-delay=\"03\" style=\"font-size:40px;border-width:1px;border-style:none;background:#ffffff;color:#333333;border-color:#333333;\"><img decoding=\"async\" class=\"list-img-icon\" alt=\"null\" src=\"https:\/\/www.imer.mx\/lapopular\/wp-content\/uploads\/sites\/27\/BINGO-min-1.jpg\"\/><\/div><div class=\"icon_description\" id=\"Info-list-wrap-6923\" style=\"font-size:40px;\"><h3 class=\"ult-responsive info-list-heading\"  data-ultimate-target='#Info-list-wrap-6923 h3'  data-responsive-json-new='{\"font-size\":\"desktop:16px;\",\"line-height\":\"desktop:24px;\"}'  style=\"\">Bingo<\/h3><div class=\"icon_description_text ult-responsive\"  data-ultimate-target='#Info-list-wrap-6923 .icon_description_text'  data-responsive-json-new='{\"font-size\":\"desktop:13px;\",\"line-height\":\"desktop:18px;\"}'  style=\"\"><p><span style=\"color: #000000;\"><strong>20:00 a 20:05<\/strong><\/span><\/p>\n<p>El Bingo se gana uniendo 5 n\u00fameros de manera vertical, horizontal o diagonal en una plantilla, pero en IMER se gana el Bingo escuchando los 5 episodios de un tema en una semana<\/p>\n<div id=\"Info-list-wrap-7231\" class=\"icon_description\">\n<div class=\"icon_description_text ult-responsive\" data-ultimate-target=\"#Info-list-wrap-7231 .icon_description_text\" data-responsive-json-new=\"{&quot;font-size&quot;:&quot;desktop:13px;&quot;,&quot;line-height&quot;:&quot;desktop:18px;&quot;}\">\n<p>&nbsp;<\/p>\n<p>&nbsp;<\/p>\n<\/div>\n<\/div>\n<div class=\"icon_list_connector\"><\/div>\n<\/div><\/div><div class=\"icon_list_connector\"  style=\"border: none !important;\"><\/div><a class=\"ulimate-info-list-link\" href=\"https:\/\/www.imer.mx\/programas\/programas-imer\/bingo\/\" target=\"_blank\" rel=\"noopener\" ><\/a><\/li><li class=\"icon_list_item\" style=\" font-size:120px;\"><div class=\"icon_list_icon\" data-animation=\"pulse\" data-animation-delay=\"03\" style=\"font-size:40px;border-width:1px;border-style:none;background:#ffffff;color:#333333;border-color:#333333;\"><img decoding=\"async\" class=\"list-img-icon\" alt=\"null\" src=\"https:\/\/www.imer.mx\/lapopular\/wp-content\/uploads\/sites\/27\/Diseno-sin-titulo-18.png\"\/><\/div><div class=\"icon_description\" id=\"Info-list-wrap-5308\" style=\"font-size:40px;\"><h3 class=\"ult-responsive info-list-heading\"  data-ultimate-target='#Info-list-wrap-5308 h3'  data-responsive-json-new='{\"font-size\":\"desktop:16px;\",\"line-height\":\"desktop:24px;\"}'  style=\"\">Nocturno<\/h3><div class=\"icon_description_text ult-responsive\"  data-ultimate-target='#Info-list-wrap-5308 .icon_description_text'  data-responsive-json-new='{\"font-size\":\"desktop:13px;\",\"line-height\":\"desktop:18px;\"}'  style=\"\"><p><span style=\"color: #000000;\"><strong>20:05 a 24:00<\/strong><\/span><\/p>\n<p>Programa de La Popular 89.1 FM<\/p>\n<\/div><\/div><div class=\"icon_list_connector\"  style=\"border: none !important;\"><\/div><\/li><\/ul><\/div>[\/vc_column_inner][\/vc_row_inner][\/vc_tta_section][vc_tta_section title=&#8221;Viernes&#8221; tab_id=&#8221;1719515285348-f9ddb3da-24d4&#8243;][vc_row_inner][vc_column_inner]<div class=\"smile_icon_list_wrap ult_info_list_container ult-adjust-bottom-margin  \"><ul class=\"smile_icon_list left square with_bg\"><li class=\"icon_list_item\" style=\" font-size:120px;\"><div class=\"icon_list_icon\" data-animation=\"pulse\" data-animation-delay=\"03\" style=\"font-size:40px;border-width:1px;border-style:none;background:#ffffff;color:#333333;border-color:#333333;\"><img decoding=\"async\" class=\"list-img-icon\" alt=\"null\" src=\"https:\/\/www.imer.mx\/lapopular\/wp-content\/uploads\/sites\/27\/Diseno-sin-titulo-18.png\"\/><\/div><div class=\"icon_description\" id=\"Info-list-wrap-2292\" style=\"font-size:40px;\"><h3 class=\"ult-responsive info-list-heading\"  data-ultimate-target='#Info-list-wrap-2292 h3'  data-responsive-json-new='{\"font-size\":\"desktop:16px;\",\"line-height\":\"desktop:24px;\"}'  style=\"\">Nocturno<\/h3><div class=\"icon_description_text ult-responsive\"  data-ultimate-target='#Info-list-wrap-2292 .icon_description_text'  data-responsive-json-new='{\"font-size\":\"desktop:13px;\",\"line-height\":\"desktop:18px;\"}'  style=\"\"><p><span style=\"color: #000000;\"><strong>00:00 a 01:00<\/strong><\/span><\/p>\n<p>Programa de La Popular 89.1 FM<\/p>\n<\/div><\/div><div class=\"icon_list_connector\"  style=\"border: none !important;\"><\/div><\/li><li class=\"icon_list_item\" style=\" font-size:120px;\"><div class=\"icon_list_icon\" data-animation=\"pulse\" data-animation-delay=\"03\" style=\"font-size:40px;border-width:1px;border-style:none;background:#ffffff;color:#333333;border-color:#333333;\"><img decoding=\"async\" class=\"list-img-icon\" alt=\"null\" src=\"https:\/\/www.imer.mx\/lapopular\/wp-content\/uploads\/sites\/27\/Amanecer-campirano-1.png\"\/><\/div><div class=\"icon_description\" id=\"Info-list-wrap-7926\" style=\"font-size:40px;\"><h3 class=\"ult-responsive info-list-heading\"  data-ultimate-target='#Info-list-wrap-7926 h3'  data-responsive-json-new='{\"font-size\":\"desktop:16px;\",\"line-height\":\"desktop:24px;\"}'  style=\"\">Amanecer Campirano<\/h3><div class=\"icon_description_text ult-responsive\"  data-ultimate-target='#Info-list-wrap-7926 .icon_description_text'  data-responsive-json-new='{\"font-size\":\"desktop:13px;\",\"line-height\":\"desktop:18px;\"}'  style=\"\"><p><span style=\"color: #000000;\"><strong>05:00 a 06:30<br \/>\n<\/strong><\/span><\/p>\n<p>Inicia el d\u00eda con nosotros y ent\u00e9rate de lo que anuncia la nueva jornada: manda saludos, env\u00eda y recibe mensajes y escucha las canciones que canta M\u00e9xico<\/p>\n<\/div><\/div><div class=\"icon_list_connector\"  style=\"border: none !important;\"><\/div><\/li><li class=\"icon_list_item\" style=\" font-size:120px;\"><div class=\"icon_list_icon\" data-animation=\"pulse\" data-animation-delay=\"03\" style=\"font-size:40px;border-width:1px;border-style:none;background:#ffffff;color:#333333;border-color:#333333;\"><img decoding=\"async\" class=\"list-img-icon\" alt=\"null\" src=\"https:\/\/www.imer.mx\/radiolagarto\/wp-content\/uploads\/sites\/28\/EIXsuawd_400x400.jpg\"\/><\/div><div class=\"icon_description\" id=\"Info-list-wrap-8380\" style=\"font-size:40px;\"><h3 class=\"ult-responsive info-list-heading\"  data-ultimate-target='#Info-list-wrap-8380 h3'  data-responsive-json-new='{\"font-size\":\"desktop:16px;\",\"line-height\":\"desktop:24px;\"}'  style=\"\">RTC<\/h3><div class=\"icon_description_text ult-responsive\"  data-ultimate-target='#Info-list-wrap-8380 .icon_description_text'  data-responsive-json-new='{\"font-size\":\"desktop:13px;\",\"line-height\":\"desktop:18px;\"}'  style=\"\"><p><span style=\"color: #000000;\"><strong>06:30 a 06:35<\/strong><\/span><\/p>\n<p>Espacio de la Direcci\u00f3n General de Radio, Televisi\u00f3n y Cinematograf\u00eda<\/p>\n<\/div><\/div><div class=\"icon_list_connector\"  style=\"border: none !important;\"><\/div><\/li><li class=\"icon_list_item\" style=\" font-size:120px;\"><div class=\"icon_list_icon\" data-animation=\"pulse\" data-animation-delay=\"03\" style=\"font-size:40px;border-width:1px;border-style:none;background:#ffffff;color:#333333;border-color:#333333;\"><img decoding=\"async\" class=\"list-img-icon\" alt=\"null\" src=\"https:\/\/www.imer.mx\/lapopular\/wp-content\/uploads\/sites\/27\/Amanecer-campirano-1.png\"\/><\/div><div class=\"icon_description\" id=\"Info-list-wrap-2345\" style=\"font-size:40px;\"><h3 class=\"ult-responsive info-list-heading\"  data-ultimate-target='#Info-list-wrap-2345 h3'  data-responsive-json-new='{\"font-size\":\"desktop:16px;\",\"line-height\":\"desktop:24px;\"}'  style=\"\">Amanecer Campirano<\/h3><div class=\"icon_description_text ult-responsive\"  data-ultimate-target='#Info-list-wrap-2345 .icon_description_text'  data-responsive-json-new='{\"font-size\":\"desktop:13px;\",\"line-height\":\"desktop:18px;\"}'  style=\"\"><p><span style=\"color: #000000;\"><strong>06:35 a 07:00<\/strong><\/span><\/p>\n<p>Inicia el d\u00eda con nosotros y ent\u00e9rate de lo que anuncia la nueva jornada: manda saludos, env\u00eda y recibe mensajes y escucha las canciones que canta M\u00e9xico<\/p>\n<\/div><\/div><div class=\"icon_list_connector\"  style=\"border: none !important;\"><\/div><\/li><li class=\"icon_list_item\" style=\" font-size:120px;\"><div class=\"icon_list_icon\" data-animation=\"pulse\" data-animation-delay=\"03\" style=\"font-size:40px;border-width:1px;border-style:none;background:#ffffff;color:#333333;border-color:#333333;\"><img decoding=\"async\" class=\"list-img-icon\" alt=\"null\" src=\"https:\/\/www.imer.mx\/lapopular\/wp-content\/uploads\/sites\/27\/imernoticias_02-1024x1024.jpg\"\/><\/div><div class=\"icon_description\" id=\"Info-list-wrap-1163\" style=\"font-size:40px;\"><h3 class=\"ult-responsive info-list-heading\"  data-ultimate-target='#Info-list-wrap-1163 h3'  data-responsive-json-new='{\"font-size\":\"desktop:16px;\",\"line-height\":\"desktop:24px;\"}'  style=\"\">Entrel\u00edneas con Adriana Esthela Flores, tu punto de referencia<\/h3><div class=\"icon_description_text ult-responsive\"  data-ultimate-target='#Info-list-wrap-1163 .icon_description_text'  data-responsive-json-new='{\"font-size\":\"desktop:13px;\",\"line-height\":\"desktop:18px;\"}'  style=\"\"><p><strong>07:00 a 11:00<\/strong><\/p>\n<p>Ent\u00e9rate de las noticias m\u00e1s importantes con Adriana Esthela Flores<\/p>\n<\/div><\/div><div class=\"icon_list_connector\"  style=\"border: none !important;\"><\/div><a class=\"ulimate-info-list-link\" href=\"http:\/\/noticias.imer.mx\/\" target=\"_blank\" rel=\"noopener\" ><\/a><\/li><li class=\"icon_list_item\" style=\" font-size:120px;\"><div class=\"icon_list_icon\" data-animation=\"pulse\" data-animation-delay=\"03\" style=\"font-size:40px;border-width:1px;border-style:none;background:#ffffff;color:#333333;border-color:#333333;\"><img decoding=\"async\" class=\"list-img-icon\" alt=\"null\" src=\"https:\/\/www.imer.mx\/lapopular\/wp-content\/uploads\/sites\/27\/Charlas_la_popular_imer.jpg\"\/><\/div><div class=\"icon_description\" id=\"Info-list-wrap-5281\" style=\"font-size:40px;\"><h3 class=\"ult-responsive info-list-heading\"  data-ultimate-target='#Info-list-wrap-5281 h3'  data-responsive-json-new='{\"font-size\":\"desktop:16px;\",\"line-height\":\"desktop:24px;\"}'  style=\"\">Charlas para usted<\/h3><div class=\"icon_description_text ult-responsive\"  data-ultimate-target='#Info-list-wrap-5281 .icon_description_text'  data-responsive-json-new='{\"font-size\":\"desktop:13px;\",\"line-height\":\"desktop:18px;\"}'  style=\"\"><p><span style=\"color: #000000;\"><strong>11:00 a 12:00<\/strong><\/span><\/p>\n<p>En Charlas para Usted se abordan diversos temas de inter\u00e9s general con invitados especiales, creando un espacio de di\u00e1logo y reflexi\u00f3n para mantener informada y unida a la comunidad<\/p>\n<\/div><\/div><div class=\"icon_list_connector\"  style=\"border: none !important;\"><\/div><\/li><li class=\"icon_list_item\" style=\" font-size:120px;\"><div class=\"icon_list_icon\" data-animation=\"pulse\" data-animation-delay=\"03\" style=\"font-size:40px;border-width:1px;border-style:none;background:#ffffff;color:#333333;border-color:#333333;\"><img decoding=\"async\" class=\"list-img-icon\" alt=\"null\" src=\"https:\/\/www.imer.mx\/lapopular\/wp-content\/uploads\/sites\/27\/Al-son-de-la-marimba.jpg\"\/><\/div><div class=\"icon_description\" id=\"Info-list-wrap-8693\" style=\"font-size:40px;\"><h3 class=\"ult-responsive info-list-heading\"  data-ultimate-target='#Info-list-wrap-8693 h3'  data-responsive-json-new='{\"font-size\":\"desktop:16px;\",\"line-height\":\"desktop:24px;\"}'  style=\"\">Al son de la marimba<\/h3><div class=\"icon_description_text ult-responsive\"  data-ultimate-target='#Info-list-wrap-8693 .icon_description_text'  data-responsive-json-new='{\"font-size\":\"desktop:13px;\",\"line-height\":\"desktop:18px;\"}'  style=\"\"><p><span style=\"color: #000000;\"><strong>12:00 a 13:00<\/strong><\/span><\/p>\n<p>Acomp\u00e1\u00f1anos a un viaje musical&nbsp; escuchando a incomparable armon\u00eda del instrumento que nos identifica como chiapanecos<\/p>\n<\/div><\/div><div class=\"icon_list_connector\"  style=\"border: none !important;\"><\/div><\/li><li class=\"icon_list_item\" style=\" font-size:120px;\"><div class=\"icon_list_icon\" data-animation=\"pulse\" data-animation-delay=\"03\" style=\"font-size:40px;border-width:1px;border-style:none;background:#ffffff;color:#333333;border-color:#333333;\"><img decoding=\"async\" class=\"list-img-icon\" alt=\"null\" src=\"https:\/\/www.imer.mx\/lapopular\/wp-content\/uploads\/sites\/27\/Diseno-sin-titulo-16.png\"\/><\/div><div class=\"icon_description\" id=\"Info-list-wrap-9414\" style=\"font-size:40px;\"><h3 class=\"ult-responsive info-list-heading\"  data-ultimate-target='#Info-list-wrap-9414 h3'  data-responsive-json-new='{\"font-size\":\"desktop:16px;\",\"line-height\":\"desktop:24px;\"}'  style=\"\">El Acento con Alberto N\u00e1jar, tu punto de referencia<\/h3><div class=\"icon_description_text ult-responsive\"  data-ultimate-target='#Info-list-wrap-9414 .icon_description_text'  data-responsive-json-new='{\"font-size\":\"desktop:13px;\",\"line-height\":\"desktop:18px;\"}'  style=\"\"><p><span style=\"color: #000000;\"><strong>13:00 a 15:00<\/strong><\/span><\/p>\n<p>Espacio informativo de IMER noticas con Alberto N\u00e1jar<\/p>\n<div id=\"Info-list-wrap-7401\" class=\"icon_description\">\n<div class=\"icon_description_text ult-responsive\" data-ultimate-target=\"#Info-list-wrap-7401 .icon_description_text\" data-responsive-json-new=\"{&quot;font-size&quot;:&quot;desktop:13px;&quot;,&quot;line-height&quot;:&quot;desktop:18px;&quot;}\">\n<div id=\"Info-list-wrap-5176\" class=\"icon_description\"><\/div>\n<div class=\"icon_list_connector\"><\/div>\n<\/div>\n<\/div>\n<div class=\"icon_list_connector\"><\/div>\n<\/div><\/div><div class=\"icon_list_connector\"  style=\"border: none !important;\"><\/div><a class=\"ulimate-info-list-link\" href=\"http:\/\/noticias.imer.mx\/\" target=\"_blank\" rel=\"noopener\" ><\/a><\/li><li class=\"icon_list_item\" style=\" font-size:120px;\"><div class=\"icon_list_icon\" data-animation=\"pulse\" data-animation-delay=\"03\" style=\"font-size:40px;border-width:1px;border-style:none;background:#ffffff;color:#333333;border-color:#333333;\"><img decoding=\"async\" class=\"list-img-icon\" alt=\"null\" src=\"https:\/\/www.imer.mx\/lapopular\/wp-content\/uploads\/sites\/27\/Al-son-de-la-marimba.jpg\"\/><\/div><div class=\"icon_description\" id=\"Info-list-wrap-8415\" style=\"font-size:40px;\"><h3 class=\"ult-responsive info-list-heading\"  data-ultimate-target='#Info-list-wrap-8415 h3'  data-responsive-json-new='{\"font-size\":\"desktop:16px;\",\"line-height\":\"desktop:24px;\"}'  style=\"\">Al son de la marimba<\/h3><div class=\"icon_description_text ult-responsive\"  data-ultimate-target='#Info-list-wrap-8415 .icon_description_text'  data-responsive-json-new='{\"font-size\":\"desktop:13px;\",\"line-height\":\"desktop:18px;\"}'  style=\"\"><p><span style=\"color: #000000;\"><strong>15:00 a 16<\/strong><\/span><span style=\"color: #000000;\"><strong>:00<\/strong><\/span><\/p>\n<p>Acomp\u00e1\u00f1anos a un viaje musical&nbsp; escuchando a incomparable armon\u00eda del instrumento que nos identifica como chiapanecos<\/p>\n<\/div><\/div><div class=\"icon_list_connector\"  style=\"border: none !important;\"><\/div><\/li><li class=\"icon_list_item\" style=\" font-size:120px;\"><div class=\"icon_list_icon\" data-animation=\"pulse\" data-animation-delay=\"03\" style=\"font-size:40px;border-width:1px;border-style:none;background:#ffffff;color:#333333;border-color:#333333;\"><img decoding=\"async\" class=\"list-img-icon\" alt=\"null\" src=\"https:\/\/www.imer.mx\/radiolagarto\/wp-content\/uploads\/sites\/28\/EIXsuawd_400x400.jpg\"\/><\/div><div class=\"icon_description\" id=\"Info-list-wrap-5184\" style=\"font-size:40px;\"><h3 class=\"ult-responsive info-list-heading\"  data-ultimate-target='#Info-list-wrap-5184 h3'  data-responsive-json-new='{\"font-size\":\"desktop:16px;\",\"line-height\":\"desktop:24px;\"}'  style=\"\">RTC<\/h3><div class=\"icon_description_text ult-responsive\"  data-ultimate-target='#Info-list-wrap-5184 .icon_description_text'  data-responsive-json-new='{\"font-size\":\"desktop:13px;\",\"line-height\":\"desktop:18px;\"}'  style=\"\"><p><span style=\"color: #000000;\"><strong>16:00 a 16:05<\/strong><\/span><\/p>\n<p>Espacio de la Direcci\u00f3n General de Radio, Televisi\u00f3n y Cinematograf\u00eda<\/p>\n<\/div><\/div><div class=\"icon_list_connector\"  style=\"border: none !important;\"><\/div><\/li><li class=\"icon_list_item\" style=\" font-size:120px;\"><div class=\"icon_list_icon\" data-animation=\"pulse\" data-animation-delay=\"03\" style=\"font-size:40px;border-width:1px;border-style:none;background:#ffffff;color:#333333;border-color:#333333;\"><img decoding=\"async\" class=\"list-img-icon\" alt=\"null\" src=\"https:\/\/www.imer.mx\/lapopular\/wp-content\/uploads\/sites\/27\/El-sonido-de-las-sonoras.jpg\"\/><\/div><div class=\"icon_description\" id=\"Info-list-wrap-7038\" style=\"font-size:40px;\"><h3 class=\"ult-responsive info-list-heading\"  data-ultimate-target='#Info-list-wrap-7038 h3'  data-responsive-json-new='{\"font-size\":\"desktop:16px;\",\"line-height\":\"desktop:24px;\"}'  style=\"\">El Sonido de las Sonoras<\/h3><div class=\"icon_description_text ult-responsive\"  data-ultimate-target='#Info-list-wrap-7038 .icon_description_text'  data-responsive-json-new='{\"font-size\":\"desktop:13px;\",\"line-height\":\"desktop:18px;\"}'  style=\"\"><p><span style=\"color: #000000;\"><strong>16:05 a 17:00<\/strong><\/span><\/p>\n<p>Siente el poder de las trompetas, el ritmo de las percusiones y la alegr\u00eda que solo las sonoras pueden dar.<br \/>\nEl Sonido de las Sonoras, la fiesta que nunca termina<\/p>\n<\/div><\/div><div class=\"icon_list_connector\"  style=\"border: none !important;\"><\/div><\/li><li class=\"icon_list_item\" style=\" font-size:120px;\"><div class=\"icon_list_icon\" data-animation=\"pulse\" data-animation-delay=\"03\" style=\"font-size:40px;border-width:1px;border-style:none;background:#ffffff;color:#333333;border-color:#333333;\"><img decoding=\"async\" class=\"list-img-icon\" alt=\"null\" src=\"https:\/\/www.imer.mx\/lapopular\/wp-content\/uploads\/sites\/27\/La-Hora-Romantica.fw_.png\"\/><\/div><div class=\"icon_description\" id=\"Info-list-wrap-8084\" style=\"font-size:40px;\"><h3 class=\"ult-responsive info-list-heading\"  data-ultimate-target='#Info-list-wrap-8084 h3'  data-responsive-json-new='{\"font-size\":\"desktop:16px;\",\"line-height\":\"desktop:24px;\"}'  style=\"\">La hora rom\u00e1ntica de la popular<\/h3><div class=\"icon_description_text ult-responsive\"  data-ultimate-target='#Info-list-wrap-8084 .icon_description_text'  data-responsive-json-new='{\"font-size\":\"desktop:13px;\",\"line-height\":\"desktop:18px;\"}'  style=\"\"><p><span style=\"color: #000000;\"><strong>17:00 a 18:00<\/strong><\/span><\/p>\n<p>Escucha La Hora Rom\u00e1ntica de la Popular, un programa de radio que presenta canciones, poemas y reflexiones sobre el amor<\/p>\n<\/div><\/div><div class=\"icon_list_connector\"  style=\"border: none !important;\"><\/div><\/li><li class=\"icon_list_item\" style=\" font-size:120px;\"><div class=\"icon_list_icon\" data-animation=\"pulse\" data-animation-delay=\"03\" style=\"font-size:40px;border-width:1px;border-style:none;background:#ffffff;color:#333333;border-color:#333333;\"><img decoding=\"async\" class=\"list-img-icon\" alt=\"null\" src=\"https:\/\/www.imer.mx\/lapopular\/wp-content\/uploads\/sites\/27\/274104443_102900855668087_5939374374555842460_n-1024x1024.jpg\"\/><\/div><div class=\"icon_description\" id=\"Info-list-wrap-3619\" style=\"font-size:40px;\"><h3 class=\"ult-responsive info-list-heading\"  data-ultimate-target='#Info-list-wrap-3619 h3'  data-responsive-json-new='{\"font-size\":\"desktop:16px;\",\"line-height\":\"desktop:24px;\"}'  style=\"\">SPR Informa con Gustavo Ram\u00edrez, tu punto de referencia digital<\/h3><div class=\"icon_description_text ult-responsive\"  data-ultimate-target='#Info-list-wrap-3619 .icon_description_text'  data-responsive-json-new='{\"font-size\":\"desktop:13px;\",\"line-height\":\"desktop:18px;\"}'  style=\"\"><p><span style=\"color: #000000;\"><strong>18:00 a 19:00<\/strong><\/span><\/p>\n<p>Espacio informativo de IMER Noticias y el Sistema P\u00fablico de Radiodifusi\u00f3n del Estado Mexicano con Gustavo Ram\u00edrez<\/p>\n<\/div><\/div><div class=\"icon_list_connector\"  style=\"border: none !important;\"><\/div><\/li><li class=\"icon_list_item\" style=\" font-size:120px;\"><div class=\"icon_list_icon\" data-animation=\"pulse\" data-animation-delay=\"03\" style=\"font-size:40px;border-width:1px;border-style:none;background:#ffffff;color:#333333;border-color:#333333;\"><img decoding=\"async\" class=\"list-img-icon\" alt=\"null\" src=\"https:\/\/www.imer.mx\/lapopular\/wp-content\/uploads\/sites\/27\/la_popular.png\"\/><\/div><div class=\"icon_description\" id=\"Info-list-wrap-6648\" style=\"font-size:40px;\"><h3 class=\"ult-responsive info-list-heading\"  data-ultimate-target='#Info-list-wrap-6648 h3'  data-responsive-json-new='{\"font-size\":\"desktop:16px;\",\"line-height\":\"desktop:24px;\"}'  style=\"\">M\u00fasica<\/h3><div class=\"icon_description_text ult-responsive\"  data-ultimate-target='#Info-list-wrap-6648 .icon_description_text'  data-responsive-json-new='{\"font-size\":\"desktop:13px;\",\"line-height\":\"desktop:18px;\"}'  style=\"\"><p><span style=\"color: #000000;\"><strong>19:00 a 20:00<\/strong><\/span><\/p>\n<p>Escucha la mejor selecci\u00f3n musical de La Popular 89.1 FM<\/p>\n<p>&nbsp;<\/p>\n<\/div><\/div><div class=\"icon_list_connector\"  style=\"border: none !important;\"><\/div><\/li><li class=\"icon_list_item\" style=\" font-size:120px;\"><div class=\"icon_list_icon\" data-animation=\"pulse\" data-animation-delay=\"03\" style=\"font-size:40px;border-width:1px;border-style:none;background:#ffffff;color:#333333;border-color:#333333;\"><img decoding=\"async\" class=\"list-img-icon\" alt=\"null\" src=\"https:\/\/www.imer.mx\/lapopular\/wp-content\/uploads\/sites\/27\/BINGO-min-1.jpg\"\/><\/div><div class=\"icon_description\" id=\"Info-list-wrap-4033\" style=\"font-size:40px;\"><h3 class=\"ult-responsive info-list-heading\"  data-ultimate-target='#Info-list-wrap-4033 h3'  data-responsive-json-new='{\"font-size\":\"desktop:16px;\",\"line-height\":\"desktop:24px;\"}'  style=\"\">Bingo<\/h3><div class=\"icon_description_text ult-responsive\"  data-ultimate-target='#Info-list-wrap-4033 .icon_description_text'  data-responsive-json-new='{\"font-size\":\"desktop:13px;\",\"line-height\":\"desktop:18px;\"}'  style=\"\"><p><span style=\"color: #000000;\"><strong>20:00 a 20:05<\/strong><\/span><\/p>\n<p>El Bingo se gana uniendo 5 n\u00fameros de manera vertical, horizontal o diagonal en una plantilla, pero en IMER se gana el Bingo escuchando los 5 episodios de un tema en una semana<\/p>\n<div id=\"Info-list-wrap-6718\" class=\"icon_description\">\n<div class=\"icon_description_text ult-responsive\" data-ultimate-target=\"#Info-list-wrap-6718 .icon_description_text\" data-responsive-json-new=\"{&quot;font-size&quot;:&quot;desktop:13px;&quot;,&quot;line-height&quot;:&quot;desktop:18px;&quot;}\">\n<p>&nbsp;<\/p>\n<div id=\"Info-list-wrap-7231\" class=\"icon_description\">\n<div class=\"icon_description_text ult-responsive\" data-ultimate-target=\"#Info-list-wrap-7231 .icon_description_text\" data-responsive-json-new=\"{&quot;font-size&quot;:&quot;desktop:13px;&quot;,&quot;line-height&quot;:&quot;desktop:18px;&quot;}\">\n<p>&nbsp;<\/p>\n<p>&nbsp;<\/p>\n<\/div>\n<\/div>\n<div class=\"icon_list_connector\"><\/div>\n<\/div>\n<\/div>\n<div class=\"icon_list_connector\"><\/div>\n<\/div><\/div><div class=\"icon_list_connector\"  style=\"border: none !important;\"><\/div><a class=\"ulimate-info-list-link\" href=\"https:\/\/www.imer.mx\/programas\/programas-imer\/bingo\/\" target=\"_blank\" rel=\"noopener\" ><\/a><\/li><li class=\"icon_list_item\" style=\" font-size:120px;\"><div class=\"icon_list_icon\" data-animation=\"pulse\" data-animation-delay=\"03\" style=\"font-size:40px;border-width:1px;border-style:none;background:#ffffff;color:#333333;border-color:#333333;\"><img decoding=\"async\" class=\"list-img-icon\" alt=\"null\" src=\"https:\/\/www.imer.mx\/lapopular\/wp-content\/uploads\/sites\/27\/Diseno-sin-titulo-18.png\"\/><\/div><div class=\"icon_description\" id=\"Info-list-wrap-4961\" style=\"font-size:40px;\"><h3 class=\"ult-responsive info-list-heading\"  data-ultimate-target='#Info-list-wrap-4961 h3'  data-responsive-json-new='{\"font-size\":\"desktop:16px;\",\"line-height\":\"desktop:24px;\"}'  style=\"\">Nocturno<\/h3><div class=\"icon_description_text ult-responsive\"  data-ultimate-target='#Info-list-wrap-4961 .icon_description_text'  data-responsive-json-new='{\"font-size\":\"desktop:13px;\",\"line-height\":\"desktop:18px;\"}'  style=\"\"><p><span style=\"color: #000000;\"><strong>20:05 a 24:00<\/strong><\/span><\/p>\n<p>Programa de La Popular 89.1 FM<\/p>\n<\/div><\/div><div class=\"icon_list_connector\"  style=\"border: none !important;\"><\/div><\/li><\/ul><\/div>[\/vc_column_inner][\/vc_row_inner][\/vc_tta_section][vc_tta_section title=&#8221;S\u00e1bados&#8221; tab_id=&#8221;sabados&#8221;][vc_row_inner][vc_column_inner]<div class=\"smile_icon_list_wrap ult_info_list_container ult-adjust-bottom-margin  \"><ul class=\"smile_icon_list left square with_bg\"><li class=\"icon_list_item\" style=\" font-size:120px;\"><div class=\"icon_list_icon\" data-animation=\"pulse\" data-animation-delay=\"03\" style=\"font-size:40px;border-width:1px;border-style:none;background:#ffffff;color:#333333;border-color:#333333;\"><img decoding=\"async\" class=\"list-img-icon\" alt=\"null\" src=\"https:\/\/www.imer.mx\/lapopular\/wp-content\/uploads\/sites\/27\/la_popular.png\"\/><\/div><div class=\"icon_description\" id=\"Info-list-wrap-1323\" style=\"font-size:40px;\"><h3 class=\"ult-responsive info-list-heading\"  data-ultimate-target='#Info-list-wrap-1323 h3'  data-responsive-json-new='{\"font-size\":\"desktop:16px;\",\"line-height\":\"desktop:24px;\"}'  style=\"\">M\u00fasica<\/h3><div class=\"icon_description_text ult-responsive\"  data-ultimate-target='#Info-list-wrap-1323 .icon_description_text'  data-responsive-json-new='{\"font-size\":\"desktop:13px;\",\"line-height\":\"desktop:18px;\"}'  style=\"\"><p><span style=\"color: #000000;\"><strong>00:00 a 00:01<\/strong><\/span><\/p>\n<p>Escucha la mejor selecci\u00f3n musical de La Popular 89.1 FM<\/p>\n<\/div><\/div><div class=\"icon_list_connector\"  style=\"border: none !important;\"><\/div><\/li><li class=\"icon_list_item\" style=\" font-size:120px;\"><div class=\"icon_list_icon\" data-animation=\"pulse\" data-animation-delay=\"03\" style=\"font-size:40px;border-width:1px;border-style:none;background:#ffffff;color:#333333;border-color:#333333;\"><img decoding=\"async\" class=\"list-img-icon\" alt=\"null\" src=\"https:\/\/www.imer.mx\/lapopular\/wp-content\/uploads\/sites\/27\/\u00cdDOLOS-1.png\"\/><\/div><div class=\"icon_description\" id=\"Info-list-wrap-5646\" style=\"font-size:40px;\"><h3 class=\"ult-responsive info-list-heading\"  data-ultimate-target='#Info-list-wrap-5646 h3'  data-responsive-json-new='{\"font-size\":\"desktop:16px;\",\"line-height\":\"desktop:24px;\"}'  style=\"\">\u00cddolos del Pueblo<\/h3><div class=\"icon_description_text ult-responsive\"  data-ultimate-target='#Info-list-wrap-5646 .icon_description_text'  data-responsive-json-new='{\"font-size\":\"desktop:13px;\",\"line-height\":\"desktop:18px;\"}'  style=\"\"><p><span style=\"color: #000000;\"><strong>05:00 a 06:30<\/strong><\/span><\/p>\n<p>Lev\u00e1ntate con las voces&nbsp; y canciones de nuestro M\u00e9xico escuchando la mejor m\u00fasica ranchera y a sus grandes int\u00e9rpretes. Vive el fin de semana con entusiasmo e&nbsp; inspiraci\u00f3n<\/p>\n<\/div><\/div><div class=\"icon_list_connector\"  style=\"border: none !important;\"><\/div><\/li><li class=\"icon_list_item\" style=\" font-size:120px;\"><div class=\"icon_list_icon\" data-animation=\"pulse\" data-animation-delay=\"03\" style=\"font-size:40px;border-width:1px;border-style:none;background:#ffffff;color:#333333;border-color:#333333;\"><img decoding=\"async\" class=\"list-img-icon\" alt=\"null\" src=\"https:\/\/www.imer.mx\/radiolagarto\/wp-content\/uploads\/sites\/28\/EIXsuawd_400x400.jpg\"\/><\/div><div class=\"icon_description\" id=\"Info-list-wrap-1988\" style=\"font-size:40px;\"><h3 class=\"ult-responsive info-list-heading\"  data-ultimate-target='#Info-list-wrap-1988 h3'  data-responsive-json-new='{\"font-size\":\"desktop:16px;\",\"line-height\":\"desktop:24px;\"}'  style=\"\">RTC<\/h3><div class=\"icon_description_text ult-responsive\"  data-ultimate-target='#Info-list-wrap-1988 .icon_description_text'  data-responsive-json-new='{\"font-size\":\"desktop:13px;\",\"line-height\":\"desktop:18px;\"}'  style=\"\"><p><span style=\"color: #000000;\"><strong>06:30 a 06:35<\/strong><\/span><\/p>\n<p>Espacio de la Direcci\u00f3n General de Radio, Televisi\u00f3n y Cinematograf\u00eda<\/p>\n<\/div><\/div><div class=\"icon_list_connector\"  style=\"border: none !important;\"><\/div><\/li><li class=\"icon_list_item\" style=\" font-size:120px;\"><div class=\"icon_list_icon\" data-animation=\"pulse\" data-animation-delay=\"03\" style=\"font-size:40px;border-width:1px;border-style:none;background:#ffffff;color:#333333;border-color:#333333;\"><img decoding=\"async\" class=\"list-img-icon\" alt=\"null\" src=\"https:\/\/www.imer.mx\/lapopular\/wp-content\/uploads\/sites\/27\/\u00cdDOLOS-1.png\"\/><\/div><div class=\"icon_description\" id=\"Info-list-wrap-1083\" style=\"font-size:40px;\"><h3 class=\"ult-responsive info-list-heading\"  data-ultimate-target='#Info-list-wrap-1083 h3'  data-responsive-json-new='{\"font-size\":\"desktop:16px;\",\"line-height\":\"desktop:24px;\"}'  style=\"\">\u00cddolos del Pueblo<\/h3><div class=\"icon_description_text ult-responsive\"  data-ultimate-target='#Info-list-wrap-1083 .icon_description_text'  data-responsive-json-new='{\"font-size\":\"desktop:13px;\",\"line-height\":\"desktop:18px;\"}'  style=\"\"><p><span style=\"color: #000000;\"><strong>06:35 a 08:00<\/strong><\/span><\/p>\n<p>Lev\u00e1ntate con las voces&nbsp; y canciones de nuestro M\u00e9xico escuchando la mejor m\u00fasica ranchera y a sus grandes int\u00e9rpretes. Vive el fin de semana con entusiasmo e&nbsp; inspiraci\u00f3n.<\/p>\n<\/div><\/div><div class=\"icon_list_connector\"  style=\"border: none !important;\"><\/div><\/li><li class=\"icon_list_item\" style=\" font-size:120px;\"><div class=\"icon_list_icon\" data-animation=\"pulse\" data-animation-delay=\"03\" style=\"font-size:40px;border-width:1px;border-style:none;background:#ffffff;color:#333333;border-color:#333333;\"><img decoding=\"async\" class=\"list-img-icon\" alt=\"null\" src=\"https:\/\/www.imer.mx\/lapopular\/wp-content\/uploads\/sites\/27\/la_popular.png\"\/><\/div><div class=\"icon_description\" id=\"Info-list-wrap-5077\" style=\"font-size:40px;\"><h3 class=\"ult-responsive info-list-heading\"  data-ultimate-target='#Info-list-wrap-5077 h3'  data-responsive-json-new='{\"font-size\":\"desktop:16px;\",\"line-height\":\"desktop:24px;\"}'  style=\"\">M\u00fasica<\/h3><div class=\"icon_description_text ult-responsive\"  data-ultimate-target='#Info-list-wrap-5077 .icon_description_text'  data-responsive-json-new='{\"font-size\":\"desktop:13px;\",\"line-height\":\"desktop:18px;\"}'  style=\"\"><p><span style=\"color: #000000;\"><strong>08:00 a 09:00<\/strong><\/span><\/p>\n<p>Escucha la mejor selecci\u00f3n musical de La Popular 89.1 FM<\/p>\n<\/div><\/div><div class=\"icon_list_connector\"  style=\"border: none !important;\"><\/div><\/li><li class=\"icon_list_item\" style=\" font-size:120px;\"><div class=\"icon_list_icon\" data-animation=\"pulse\" data-animation-delay=\"03\" style=\"font-size:40px;border-width:1px;border-style:none;background:#ffffff;color:#333333;border-color:#333333;\"><img decoding=\"async\" class=\"list-img-icon\" alt=\"null\" src=\"https:\/\/www.imer.mx\/lapopular\/wp-content\/uploads\/sites\/27\/Historia-para-todos-1-1024x1024.jpg\"\/><\/div><div class=\"icon_description\" id=\"Info-list-wrap-4148\" style=\"font-size:40px;\"><h3 class=\"ult-responsive info-list-heading\"  data-ultimate-target='#Info-list-wrap-4148 h3'  data-responsive-json-new='{\"font-size\":\"desktop:16px;\",\"line-height\":\"desktop:24px;\"}'  style=\"\">Historia Para Todos<\/h3><div class=\"icon_description_text ult-responsive\"  data-ultimate-target='#Info-list-wrap-4148 .icon_description_text'  data-responsive-json-new='{\"font-size\":\"desktop:13px;\",\"line-height\":\"desktop:18px;\"}'  style=\"\"><p><span style=\"color: #000000;\"><strong>09:00 a 10:00<\/strong><\/span><\/p>\n<p>Programa semanal dirigido por el Dr. Javier Garc\u00edadiego que desglosa de forma sencilla y amena los hechos hist\u00f3ricos de nuestro pa\u00eds.<\/p>\n<\/div><\/div><div class=\"icon_list_connector\"  style=\"border: none !important;\"><\/div><a class=\"ulimate-info-list-link\" href=\"https:\/\/www.imer.mx\/programas\/programas-imer\/historiaparatodos\/\" target=\"_blank\" rel=\"noopener\" ><\/a><\/li><li class=\"icon_list_item\" style=\" font-size:120px;\"><div class=\"icon_list_icon\" data-animation=\"pulse\" data-animation-delay=\"03\" style=\"font-size:40px;border-width:1px;border-style:none;background:#ffffff;color:#333333;border-color:#333333;\"><img decoding=\"async\" class=\"list-img-icon\" alt=\"null\" src=\"https:\/\/www.imer.mx\/lapopular\/wp-content\/uploads\/sites\/27\/Texto-8.png\"\/><\/div><div class=\"icon_description\" id=\"Info-list-wrap-4296\" style=\"font-size:40px;\"><h3 class=\"ult-responsive info-list-heading\"  data-ultimate-target='#Info-list-wrap-4296 h3'  data-responsive-json-new='{\"font-size\":\"desktop:16px;\",\"line-height\":\"desktop:24px;\"}'  style=\"\">Infantilandia<\/h3><div class=\"icon_description_text ult-responsive\"  data-ultimate-target='#Info-list-wrap-4296 .icon_description_text'  data-responsive-json-new='{\"font-size\":\"desktop:13px;\",\"line-height\":\"desktop:18px;\"}'  style=\"\"><p><span style=\"color: #000000;\"><strong>10:00 a 11:00<\/strong><\/span><\/p>\n<p>Infantilandia es un espacio radiof\u00f3nico donde la diversi\u00f3n y la imaginaci\u00f3n se unen con m\u00fasica, cuentos y aventuras para los peque\u00f1os del hogar<\/p>\n<\/div><\/div><div class=\"icon_list_connector\"  style=\"border: none !important;\"><\/div><\/li><li class=\"icon_list_item\" style=\" font-size:120px;\"><div class=\"icon_list_icon\" data-animation=\"pulse\" data-animation-delay=\"03\" style=\"font-size:40px;border-width:1px;border-style:none;background:#ffffff;color:#333333;border-color:#333333;\"><img decoding=\"async\" class=\"list-img-icon\" alt=\"null\" src=\"https:\/\/www.imer.mx\/lapopular\/wp-content\/uploads\/sites\/27\/La-Pandilla-1024x1024-1.jpg\"\/><\/div><div class=\"icon_description\" id=\"Info-list-wrap-4507\" style=\"font-size:40px;\"><h3 class=\"ult-responsive info-list-heading\"  data-ultimate-target='#Info-list-wrap-4507 h3'  data-responsive-json-new='{\"font-size\":\"desktop:16px;\",\"line-height\":\"desktop:24px;\"}'  style=\"\">La pandilla<\/h3><div class=\"icon_description_text ult-responsive\"  data-ultimate-target='#Info-list-wrap-4507 .icon_description_text'  data-responsive-json-new='{\"font-size\":\"desktop:13px;\",\"line-height\":\"desktop:18px;\"}'  style=\"\"><p><span style=\"color: #000000;\"><strong>11:00 a 11:30<\/strong><\/span><\/p>\n<p>La Pandilla es un programa de radio en donde ni\u00f1as y ni\u00f1os de todo el pa\u00eds ejercen su derecho a opinar, proponer, as\u00ed como compartir su creatividad, imaginaci\u00f3n e inteligencia<\/p>\n<\/div><\/div><div class=\"icon_list_connector\"  style=\"border: none !important;\"><\/div><a class=\"ulimate-info-list-link\" href=\"https:\/\/www.imer.mx\/programas\/lapandilla\/\" target=\"_blank\" rel=\"noopener\" ><\/a><\/li><li class=\"icon_list_item\" style=\" font-size:120px;\"><div class=\"icon_list_icon\" data-animation=\"pulse\" data-animation-delay=\"03\" style=\"font-size:40px;border-width:1px;border-style:none;background:#ffffff;color:#333333;border-color:#333333;\"><img decoding=\"async\" class=\"list-img-icon\" alt=\"null\" src=\"https:\/\/www.imer.mx\/lapopular\/wp-content\/uploads\/sites\/27\/la_popular.png\"\/><\/div><div class=\"icon_description\" id=\"Info-list-wrap-4714\" style=\"font-size:40px;\"><h3 class=\"ult-responsive info-list-heading\"  data-ultimate-target='#Info-list-wrap-4714 h3'  data-responsive-json-new='{\"font-size\":\"desktop:16px;\",\"line-height\":\"desktop:24px;\"}'  style=\"\">M\u00fasica<\/h3><div class=\"icon_description_text ult-responsive\"  data-ultimate-target='#Info-list-wrap-4714 .icon_description_text'  data-responsive-json-new='{\"font-size\":\"desktop:13px;\",\"line-height\":\"desktop:18px;\"}'  style=\"\"><p><span style=\"color: #000000;\"><strong>11:30 a 14:00<\/strong><\/span><\/p>\n<p>Escucha la mejor selecci\u00f3n musical de La Popular 89.1 FM<\/p>\n<\/div><\/div><div class=\"icon_list_connector\"  style=\"border: none !important;\"><\/div><\/li><li class=\"icon_list_item\" style=\" font-size:120px;\"><div class=\"icon_list_icon\" data-animation=\"pulse\" data-animation-delay=\"03\" style=\"font-size:40px;border-width:1px;border-style:none;background:#ffffff;color:#333333;border-color:#333333;\"><img decoding=\"async\" class=\"list-img-icon\" alt=\"null\" src=\"https:\/\/www.imer.mx\/lapopular\/wp-content\/uploads\/sites\/27\/Al-son-de-la-marimba.jpg\"\/><\/div><div class=\"icon_description\" id=\"Info-list-wrap-6665\" style=\"font-size:40px;\"><h3 class=\"ult-responsive info-list-heading\"  data-ultimate-target='#Info-list-wrap-6665 h3'  data-responsive-json-new='{\"font-size\":\"desktop:16px;\",\"line-height\":\"desktop:24px;\"}'  style=\"\">Al son de la marimba<\/h3><div class=\"icon_description_text ult-responsive\"  data-ultimate-target='#Info-list-wrap-6665 .icon_description_text'  data-responsive-json-new='{\"font-size\":\"desktop:13px;\",\"line-height\":\"desktop:18px;\"}'  style=\"\"><p><span style=\"color: #000000;\"><strong>14:00 a 16:00<\/strong><\/span><\/p>\n<p>Acomp\u00e1\u00f1anos a un viaje musical&nbsp; escuchando a incomparable armon\u00eda del instrumento que nos identifica como chiapanecos<\/p>\n<\/div><\/div><div class=\"icon_list_connector\"  style=\"border: none !important;\"><\/div><\/li><li class=\"icon_list_item\" style=\" font-size:120px;\"><div class=\"icon_list_icon\" data-animation=\"pulse\" data-animation-delay=\"03\" style=\"font-size:40px;border-width:1px;border-style:none;background:#ffffff;color:#333333;border-color:#333333;\"><img decoding=\"async\" class=\"list-img-icon\" alt=\"null\" src=\"https:\/\/www.imer.mx\/radiolagarto\/wp-content\/uploads\/sites\/28\/EIXsuawd_400x400.jpg\"\/><\/div><div class=\"icon_description\" id=\"Info-list-wrap-4414\" style=\"font-size:40px;\"><h3 class=\"ult-responsive info-list-heading\"  data-ultimate-target='#Info-list-wrap-4414 h3'  data-responsive-json-new='{\"font-size\":\"desktop:16px;\",\"line-height\":\"desktop:24px;\"}'  style=\"\">RTC<\/h3><div class=\"icon_description_text ult-responsive\"  data-ultimate-target='#Info-list-wrap-4414 .icon_description_text'  data-responsive-json-new='{\"font-size\":\"desktop:13px;\",\"line-height\":\"desktop:18px;\"}'  style=\"\"><p><span style=\"color: #000000;\"><strong>16:00 a 16:05<\/strong><\/span><\/p>\n<p>Espacio de la&nbsp;Direcci\u00f3n General de Radio, Televisi\u00f3n y Cinematograf\u00eda<\/p>\n<\/div><\/div><div class=\"icon_list_connector\"  style=\"border: none !important;\"><\/div><\/li><li class=\"icon_list_item\" style=\" font-size:120px;\"><div class=\"icon_list_icon\" data-animation=\"pulse\" data-animation-delay=\"03\" style=\"font-size:40px;border-width:1px;border-style:none;background:#ffffff;color:#333333;border-color:#333333;\"><img decoding=\"async\" class=\"list-img-icon\" alt=\"null\" src=\"https:\/\/www.imer.mx\/lapopular\/wp-content\/uploads\/sites\/27\/tigres.jpg\"\/><\/div><div class=\"icon_description\" id=\"Info-list-wrap-6279\" style=\"font-size:40px;\"><h3 class=\"ult-responsive info-list-heading\"  data-ultimate-target='#Info-list-wrap-6279 h3'  data-responsive-json-new='{\"font-size\":\"desktop:16px;\",\"line-height\":\"desktop:24px;\"}'  style=\"\">S\u00e1bado de Paisano a Paisano (Tigres del Norte)<\/h3><div class=\"icon_description_text ult-responsive\"  data-ultimate-target='#Info-list-wrap-6279 .icon_description_text'  data-responsive-json-new='{\"font-size\":\"desktop:13px;\",\"line-height\":\"desktop:18px;\"}'  style=\"\"><p><span style=\"color: #000000;\"><strong>16:05 a 17:00<\/strong><\/span><\/p>\n<p>De paisano a paisano con los Tigres del Norte es un espacio en el que nuestros paisanos que est\u00e1n trabajando en los Estados Unidos, cuentan su experiencia mediante la radio y se comunican con sus familias de M\u00e9xico y Guatemala<\/p>\n<\/div><\/div><div class=\"icon_list_connector\"  style=\"border: none !important;\"><\/div><\/li><li class=\"icon_list_item\" style=\" font-size:120px;\"><div class=\"icon_list_icon\" data-animation=\"pulse\" data-animation-delay=\"03\" style=\"font-size:40px;border-width:1px;border-style:none;background:#ffffff;color:#333333;border-color:#333333;\"><img decoding=\"async\" class=\"list-img-icon\" alt=\"null\" src=\"https:\/\/www.imer.mx\/lapopular\/wp-content\/uploads\/sites\/27\/Arpas-de-Latinoamerica.jpg\"\/><\/div><div class=\"icon_description\" id=\"Info-list-wrap-4601\" style=\"font-size:40px;\"><h3 class=\"ult-responsive info-list-heading\"  data-ultimate-target='#Info-list-wrap-4601 h3'  data-responsive-json-new='{\"font-size\":\"desktop:16px;\",\"line-height\":\"desktop:24px;\"}'  style=\"\">Arpas de Latinoam\u00e9rica<\/h3><div class=\"icon_description_text ult-responsive\"  data-ultimate-target='#Info-list-wrap-4601 .icon_description_text'  data-responsive-json-new='{\"font-size\":\"desktop:13px;\",\"line-height\":\"desktop:18px;\"}'  style=\"\"><p><span style=\"color: #000000;\"><strong>17:00 a 18:00<\/strong><\/span><\/p>\n<p>Acomp\u00e1\u00f1anos todos las tardes los sonidos latinoamericanos a trav\u00e9s de sus arpas, con nuestro programa \u201cArpas de Latinoam\u00e9rica\u201d<\/p>\n<\/div><\/div><div class=\"icon_list_connector\"  style=\"border: none !important;\"><\/div><\/li><li class=\"icon_list_item\" style=\" font-size:120px;\"><div class=\"icon_list_icon\" data-animation=\"pulse\" data-animation-delay=\"03\" style=\"font-size:40px;border-width:1px;border-style:none;background:#ffffff;color:#333333;border-color:#333333;\"><img decoding=\"async\" class=\"list-img-icon\" alt=\"null\" src=\"https:\/\/www.imer.mx\/lapopular\/wp-content\/uploads\/sites\/27\/PDLP.jpg\"\/><\/div><div class=\"icon_description\" id=\"Info-list-wrap-8699\" style=\"font-size:40px;\"><h3 class=\"ult-responsive info-list-heading\"  data-ultimate-target='#Info-list-wrap-8699 h3'  data-responsive-json-new='{\"font-size\":\"desktop:16px;\",\"line-height\":\"desktop:24px;\"}'  style=\"\">Periodismo de lo posible<\/h3><div class=\"icon_description_text ult-responsive\"  data-ultimate-target='#Info-list-wrap-8699 .icon_description_text'  data-responsive-json-new='{\"font-size\":\"desktop:13px;\",\"line-height\":\"desktop:18px;\"}'  style=\"\"><p><span style=\"color: #000000;\"><strong>18:00 a 18:30<\/strong><\/span><\/p>\n<p>Una serie de podcasts que da voz a las luchas que nacen desde las comunidades. A lo largo de 12 episodios, equipos de pueblos ind\u00edgenas de todo M\u00e9xico comparten sus historias de resistencia, defensa del territorio y lucha frente al despojo y la destrucci\u00f3n<\/p>\n<\/div><\/div><div class=\"icon_list_connector\"  style=\"border: none !important;\"><\/div><\/li><li class=\"icon_list_item\" style=\" font-size:120px;\"><div class=\"icon_list_icon\" data-animation=\"pulse\" data-animation-delay=\"03\" style=\"font-size:40px;border-width:1px;border-style:none;background:#ffffff;color:#333333;border-color:#333333;\"><img decoding=\"async\" class=\"list-img-icon\" alt=\"null\" src=\"https:\/\/www.imer.mx\/lapopular\/wp-content\/uploads\/sites\/27\/la_popular.png\"\/><\/div><div class=\"icon_description\" id=\"Info-list-wrap-5444\" style=\"font-size:40px;\"><h3 class=\"ult-responsive info-list-heading\"  data-ultimate-target='#Info-list-wrap-5444 h3'  data-responsive-json-new='{\"font-size\":\"desktop:16px;\",\"line-height\":\"desktop:24px;\"}'  style=\"\">M\u00fasica<\/h3><div class=\"icon_description_text ult-responsive\"  data-ultimate-target='#Info-list-wrap-5444 .icon_description_text'  data-responsive-json-new='{\"font-size\":\"desktop:13px;\",\"line-height\":\"desktop:18px;\"}'  style=\"\"><p><span style=\"color: #000000;\"><strong>18:30 a 20:00<\/strong><\/span><\/p>\n<p>Escucha la mejor selecci\u00f3n musical de La Popular 89.1 FM<\/p>\n<\/div><\/div><div class=\"icon_list_connector\"  style=\"border: none !important;\"><\/div><\/li><li class=\"icon_list_item\" style=\" font-size:120px;\"><div class=\"icon_list_icon\" data-animation=\"pulse\" data-animation-delay=\"03\" style=\"font-size:40px;border-width:1px;border-style:none;background:#ffffff;color:#333333;border-color:#333333;\"><img decoding=\"async\" class=\"list-img-icon\" alt=\"null\" src=\"https:\/\/www.imer.mx\/lapopular\/wp-content\/uploads\/sites\/27\/alter-icon.jpg\"\/><\/div><div class=\"icon_description\" id=\"Info-list-wrap-9827\" style=\"font-size:40px;\"><h3 class=\"ult-responsive info-list-heading\"  data-ultimate-target='#Info-list-wrap-9827 h3'  data-responsive-json-new='{\"font-size\":\"desktop:16px;\",\"line-height\":\"desktop:24px;\"}'  style=\"\">Alter - latino <\/h3><div class=\"icon_description_text ult-responsive\"  data-ultimate-target='#Info-list-wrap-9827 .icon_description_text'  data-responsive-json-new='{\"font-size\":\"desktop:13px;\",\"line-height\":\"desktop:18px;\"}'  style=\"\"><p><span style=\"color: #000000;\"><strong>20:00 a 21:00<\/strong><\/span><\/p>\n<p>Alter Latino (dos veces al mes). Espacio dedicado al rock en espa\u00f1ol, rock urbano, ska, punk, reggae, hip hop y alternativo<\/p>\n<\/div><\/div><div class=\"icon_list_connector\"  style=\"border: none !important;\"><\/div><\/li><li class=\"icon_list_item\" style=\" font-size:120px;\"><div class=\"icon_list_icon\" data-animation=\"pulse\" data-animation-delay=\"03\" style=\"font-size:40px;border-width:1px;border-style:none;background:#ffffff;color:#333333;border-color:#333333;\"><img decoding=\"async\" class=\"list-img-icon\" alt=\"null\" src=\"https:\/\/www.imer.mx\/lapopular\/wp-content\/uploads\/sites\/27\/la_popular.png\"\/><\/div><div class=\"icon_description\" id=\"Info-list-wrap-2958\" style=\"font-size:40px;\"><h3 class=\"ult-responsive info-list-heading\"  data-ultimate-target='#Info-list-wrap-2958 h3'  data-responsive-json-new='{\"font-size\":\"desktop:16px;\",\"line-height\":\"desktop:24px;\"}'  style=\"\">M\u00fasica<\/h3><div class=\"icon_description_text ult-responsive\"  data-ultimate-target='#Info-list-wrap-2958 .icon_description_text'  data-responsive-json-new='{\"font-size\":\"desktop:13px;\",\"line-height\":\"desktop:18px;\"}'  style=\"\"><p><span style=\"color: #000000;\"><strong>21:00 a 24:00<\/strong><\/span><\/p>\n<p>Escucha la mejor selecci\u00f3n musical de La Popular 89.1 FM<\/p>\n<\/div><\/div><div class=\"icon_list_connector\"  style=\"border: none !important;\"><\/div><\/li><\/ul><\/div>[\/vc_column_inner][\/vc_row_inner][\/vc_tta_section][vc_tta_section title=&#8221;Domingos&#8221; tab_id=&#8221;domingo&#8221;][vc_row_inner][vc_column_inner]<div class=\"smile_icon_list_wrap ult_info_list_container ult-adjust-bottom-margin  \"><ul class=\"smile_icon_list left square with_bg\"><li class=\"icon_list_item\" style=\" font-size:120px;\"><div class=\"icon_list_icon\" data-animation=\"pulse\" data-animation-delay=\"03\" style=\"font-size:40px;border-width:1px;border-style:none;background:#ffffff;color:#333333;border-color:#333333;\"><img decoding=\"async\" class=\"list-img-icon\" alt=\"null\" src=\"https:\/\/www.imer.mx\/lapopular\/wp-content\/uploads\/sites\/27\/la_popular.png\"\/><\/div><div class=\"icon_description\" id=\"Info-list-wrap-1133\" style=\"font-size:40px;\"><h3 class=\"ult-responsive info-list-heading\"  data-ultimate-target='#Info-list-wrap-1133 h3'  data-responsive-json-new='{\"font-size\":\"desktop:16px;\",\"line-height\":\"desktop:24px;\"}'  style=\"\">M\u00fasica<\/h3><div class=\"icon_description_text ult-responsive\"  data-ultimate-target='#Info-list-wrap-1133 .icon_description_text'  data-responsive-json-new='{\"font-size\":\"desktop:13px;\",\"line-height\":\"desktop:18px;\"}'  style=\"\"><p><span style=\"color: #000000;\"><strong>00:00 a 01:00<\/strong><\/span><\/p>\n<p>Escucha la mejor selecci\u00f3n musical de La Popular 89.1 FM<\/p>\n<\/div><\/div><div class=\"icon_list_connector\"  style=\"border: none !important;\"><\/div><\/li><li class=\"icon_list_item\" style=\" font-size:120px;\"><div class=\"icon_list_icon\" data-animation=\"pulse\" data-animation-delay=\"03\" style=\"font-size:40px;border-width:1px;border-style:none;background:#ffffff;color:#333333;border-color:#333333;\"><img decoding=\"async\" class=\"list-img-icon\" alt=\"null\" src=\"https:\/\/www.imer.mx\/lapopular\/wp-content\/uploads\/sites\/27\/\u00cdDOLOS-1.png\"\/><\/div><div class=\"icon_description\" id=\"Info-list-wrap-7581\" style=\"font-size:40px;\"><h3 class=\"ult-responsive info-list-heading\"  data-ultimate-target='#Info-list-wrap-7581 h3'  data-responsive-json-new='{\"font-size\":\"desktop:16px;\",\"line-height\":\"desktop:24px;\"}'  style=\"\">\u00cddolos del Pueblo<\/h3><div class=\"icon_description_text ult-responsive\"  data-ultimate-target='#Info-list-wrap-7581 .icon_description_text'  data-responsive-json-new='{\"font-size\":\"desktop:13px;\",\"line-height\":\"desktop:18px;\"}'  style=\"\"><p><span style=\"color: #000000;\"><strong>05:00 a 06:30<\/strong><\/span><\/p>\n<p>Lev\u00e1ntate con las voces&nbsp; y canciones de nuestro M\u00e9xico escuchando la mejor m\u00fasica ranchera y a sus grandes int\u00e9rpretes. Vive el fin de semana con entusiasmo e&nbsp; inspiraci\u00f3n<\/p>\n<\/div><\/div><div class=\"icon_list_connector\"  style=\"border: none !important;\"><\/div><\/li><li class=\"icon_list_item\" style=\" font-size:120px;\"><div class=\"icon_list_icon\" data-animation=\"pulse\" data-animation-delay=\"03\" style=\"font-size:40px;border-width:1px;border-style:none;background:#ffffff;color:#333333;border-color:#333333;\"><img decoding=\"async\" class=\"list-img-icon\" alt=\"null\" src=\"https:\/\/www.imer.mx\/radiolagarto\/wp-content\/uploads\/sites\/28\/EIXsuawd_400x400.jpg\"\/><\/div><div class=\"icon_description\" id=\"Info-list-wrap-3652\" style=\"font-size:40px;\"><h3 class=\"ult-responsive info-list-heading\"  data-ultimate-target='#Info-list-wrap-3652 h3'  data-responsive-json-new='{\"font-size\":\"desktop:16px;\",\"line-height\":\"desktop:24px;\"}'  style=\"\">RTC<\/h3><div class=\"icon_description_text ult-responsive\"  data-ultimate-target='#Info-list-wrap-3652 .icon_description_text'  data-responsive-json-new='{\"font-size\":\"desktop:13px;\",\"line-height\":\"desktop:18px;\"}'  style=\"\"><p><span style=\"color: #000000;\"><strong>06:30 a 06:35<\/strong><\/span><\/p>\n<p>Espacio de la Direcci\u00f3n General de Radio, Televisi\u00f3n y Cinematograf\u00eda<\/p>\n<\/div><\/div><div class=\"icon_list_connector\"  style=\"border: none !important;\"><\/div><\/li><li class=\"icon_list_item\" style=\" font-size:120px;\"><div class=\"icon_list_icon\" data-animation=\"pulse\" data-animation-delay=\"03\" style=\"font-size:40px;border-width:1px;border-style:none;background:#ffffff;color:#333333;border-color:#333333;\"><img decoding=\"async\" class=\"list-img-icon\" alt=\"null\" src=\"https:\/\/www.imer.mx\/lapopular\/wp-content\/uploads\/sites\/27\/\u00cdDOLOS-1.png\"\/><\/div><div class=\"icon_description\" id=\"Info-list-wrap-5666\" style=\"font-size:40px;\"><h3 class=\"ult-responsive info-list-heading\"  data-ultimate-target='#Info-list-wrap-5666 h3'  data-responsive-json-new='{\"font-size\":\"desktop:16px;\",\"line-height\":\"desktop:24px;\"}'  style=\"\">\u00cddolos del Pueblo<\/h3><div class=\"icon_description_text ult-responsive\"  data-ultimate-target='#Info-list-wrap-5666 .icon_description_text'  data-responsive-json-new='{\"font-size\":\"desktop:13px;\",\"line-height\":\"desktop:18px;\"}'  style=\"\"><p><span style=\"color: #000000;\"><strong>06:35 a 08:00<\/strong><\/span><\/p>\n<p>Lev\u00e1ntate con las voces&nbsp; y canciones de nuestro M\u00e9xico escuchando la mejor m\u00fasica ranchera y a sus grandes int\u00e9rpretes. Vive el fin de semana con entusiasmo e&nbsp; inspiraci\u00f3n<\/p>\n<\/div><\/div><div class=\"icon_list_connector\"  style=\"border: none !important;\"><\/div><\/li><li class=\"icon_list_item\" style=\" font-size:120px;\"><div class=\"icon_list_icon\" data-animation=\"pulse\" data-animation-delay=\"03\" style=\"font-size:40px;border-width:1px;border-style:none;background:#ffffff;color:#333333;border-color:#333333;\"><img decoding=\"async\" class=\"list-img-icon\" alt=\"null\" src=\"https:\/\/www.imer.mx\/lapopular\/wp-content\/uploads\/sites\/27\/la_popular.png\"\/><\/div><div class=\"icon_description\" id=\"Info-list-wrap-2596\" style=\"font-size:40px;\"><h3 class=\"ult-responsive info-list-heading\"  data-ultimate-target='#Info-list-wrap-2596 h3'  data-responsive-json-new='{\"font-size\":\"desktop:16px;\",\"line-height\":\"desktop:24px;\"}'  style=\"\">M\u00fasica<\/h3><div class=\"icon_description_text ult-responsive\"  data-ultimate-target='#Info-list-wrap-2596 .icon_description_text'  data-responsive-json-new='{\"font-size\":\"desktop:13px;\",\"line-height\":\"desktop:18px;\"}'  style=\"\"><p><span style=\"color: #000000;\"><strong>08:00 a 09:00<\/strong><\/span><\/p>\n<p>Escucha la mejor selecci\u00f3n musical de La Popular 89.1 FM<\/p>\n<\/div><\/div><div class=\"icon_list_connector\"  style=\"border: none !important;\"><\/div><\/li><li class=\"icon_list_item\" style=\" font-size:120px;\"><div class=\"icon_list_icon\" data-animation=\"pulse\" data-animation-delay=\"03\" style=\"font-size:40px;border-width:1px;border-style:none;background:#ffffff;color:#333333;border-color:#333333;\"><img decoding=\"async\" class=\"list-img-icon\" alt=\"null\" src=\"https:\/\/www.imer.mx\/lapopular\/wp-content\/uploads\/sites\/27\/images.jpg\"\/><\/div><div class=\"icon_description\" id=\"Info-list-wrap-5118\" style=\"font-size:40px;\"><h3 class=\"ult-responsive info-list-heading\"  data-ultimate-target='#Info-list-wrap-5118 h3'  data-responsive-json-new='{\"font-size\":\"desktop:16px;\",\"line-height\":\"desktop:24px;\"}'  style=\"\">Historia del pueblo Mexicano<\/h3><div class=\"icon_description_text ult-responsive\"  data-ultimate-target='#Info-list-wrap-5118 .icon_description_text'  data-responsive-json-new='{\"font-size\":\"desktop:13px;\",\"line-height\":\"desktop:18px;\"}'  style=\"\"><p><span style=\"color: #000000;\"><strong>09:00 a 10:00<\/strong><\/span><\/p>\n<p>Historia del Pueblo Mexicano\u201d une pasado y presente para revelar las ra\u00edces de nuestra sociedad y comprender el M\u00e9xico de hoy<\/p>\n<div id=\"Info-list-wrap-5830\" class=\"icon_description\"><\/div>\n<\/div><\/div><div class=\"icon_list_connector\"  style=\"border: none !important;\"><\/div><a class=\"ulimate-info-list-link\" href=\"http:\/\/noticias.imer.mx\/\" target=\"_blank\" rel=\"noopener\" ><\/a><\/li><li class=\"icon_list_item\" style=\" font-size:120px;\"><div class=\"icon_list_icon\" data-animation=\"pulse\" data-animation-delay=\"03\" style=\"font-size:40px;border-width:1px;border-style:none;background:#ffffff;color:#333333;border-color:#333333;\"><img decoding=\"async\" class=\"list-img-icon\" alt=\"null\" src=\"https:\/\/www.imer.mx\/lapopular\/wp-content\/uploads\/sites\/27\/Mariposa-alas-de-agua.fw_.png\"\/><\/div><div class=\"icon_description\" id=\"Info-list-wrap-9293\" style=\"font-size:40px;\"><h3 class=\"ult-responsive info-list-heading\"  data-ultimate-target='#Info-list-wrap-9293 h3'  data-responsive-json-new='{\"font-size\":\"desktop:16px;\",\"line-height\":\"desktop:24px;\"}'  style=\"\">Mariposa Alas De Agua<\/h3><div class=\"icon_description_text ult-responsive\"  data-ultimate-target='#Info-list-wrap-9293 .icon_description_text'  data-responsive-json-new='{\"font-size\":\"desktop:13px;\",\"line-height\":\"desktop:18px;\"}'  style=\"\"><p><span style=\"color: #000000;\"><strong>10:00 a 11:00<\/strong><\/span><\/p>\n<p>Toda la magia de la radio, con cuentos, adivinanzas, fabulas, leyendas y canciones.<\/p>\n<\/div><\/div><div class=\"icon_list_connector\"  style=\"border: none !important;\"><\/div><\/li><li class=\"icon_list_item\" style=\" font-size:120px;\"><div class=\"icon_list_icon\" data-animation=\"pulse\" data-animation-delay=\"03\" style=\"font-size:40px;border-width:1px;border-style:none;background:#ffffff;color:#333333;border-color:#333333;\"><img decoding=\"async\" class=\"list-img-icon\" alt=\"null\" src=\"https:\/\/www.imer.mx\/lapopular\/wp-content\/uploads\/sites\/27\/SONES-DE-MARIACHI_2.jpg\"\/><\/div><div class=\"icon_description\" id=\"Info-list-wrap-9799\" style=\"font-size:40px;\"><h3 class=\"ult-responsive info-list-heading\"  data-ultimate-target='#Info-list-wrap-9799 h3'  data-responsive-json-new='{\"font-size\":\"desktop:16px;\",\"line-height\":\"desktop:24px;\"}'  style=\"\">Sones de Mariachi<\/h3><div class=\"icon_description_text ult-responsive\"  data-ultimate-target='#Info-list-wrap-9799 .icon_description_text'  data-responsive-json-new='{\"font-size\":\"desktop:13px;\",\"line-height\":\"desktop:18px;\"}'  style=\"\"><p><span style=\"color: #000000;\"><strong>11:00 a 12:00<\/strong><\/span><\/p>\n<p>Escucha la mejor selecci\u00f3n de m\u00fasica de mariachi en La Popular 89.1 FM<\/p>\n<\/div><\/div><div class=\"icon_list_connector\"  style=\"border: none !important;\"><\/div><\/li><li class=\"icon_list_item\" style=\" font-size:120px;\"><div class=\"icon_list_icon\" data-animation=\"pulse\" data-animation-delay=\"03\" style=\"font-size:40px;border-width:1px;border-style:none;background:#ffffff;color:#333333;border-color:#333333;\"><img decoding=\"async\" class=\"list-img-icon\" alt=\"null\" src=\"https:\/\/www.imer.mx\/lapopular\/wp-content\/uploads\/sites\/27\/noticias-hoy-jose-jose-cover-mejor-ano-muerte-covers-cafe-tacvba-principe-dld-maldita-vecindad-1.jpg\"\/><\/div><div class=\"icon_description\" id=\"Info-list-wrap-7920\" style=\"font-size:40px;\"><h3 class=\"ult-responsive info-list-heading\"  data-ultimate-target='#Info-list-wrap-7920 h3'  data-responsive-json-new='{\"font-size\":\"desktop:16px;\",\"line-height\":\"desktop:24px;\"}'  style=\"\">La hora de Jos\u00e9 Jos\u00e9<\/h3><div class=\"icon_description_text ult-responsive\"  data-ultimate-target='#Info-list-wrap-7920 .icon_description_text'  data-responsive-json-new='{\"font-size\":\"desktop:13px;\",\"line-height\":\"desktop:18px;\"}'  style=\"\"><p><span style=\"color: #000000;\"><strong>12:00 a 13:00<\/strong><\/span><\/p>\n<p>Revive la m\u00fasica y el legado del \u2018Pr\u00edncipe de la Canci\u00f3n\u2019 en un espacio dedicado a las melod\u00edas inmortales de <strong data-start=\"200\" data-end=\"213\" data-is-only-node=\"\">Jos\u00e9 Jos\u00e9<\/strong>.<\/p>\n<\/div><\/div><div class=\"icon_list_connector\"  style=\"border: none !important;\"><\/div><\/li><li class=\"icon_list_item\" style=\" font-size:120px;\"><div class=\"icon_list_icon\" data-animation=\"pulse\" data-animation-delay=\"03\" style=\"font-size:40px;border-width:1px;border-style:none;background:#ffffff;color:#333333;border-color:#333333;\"><img decoding=\"async\" class=\"list-img-icon\" alt=\"null\" src=\"https:\/\/www.imer.mx\/lapopular\/wp-content\/uploads\/sites\/27\/la_popular.png\"\/><\/div><div class=\"icon_description\" id=\"Info-list-wrap-9538\" style=\"font-size:40px;\"><h3 class=\"ult-responsive info-list-heading\"  data-ultimate-target='#Info-list-wrap-9538 h3'  data-responsive-json-new='{\"font-size\":\"desktop:16px;\",\"line-height\":\"desktop:24px;\"}'  style=\"\">M\u00fasica<\/h3><div class=\"icon_description_text ult-responsive\"  data-ultimate-target='#Info-list-wrap-9538 .icon_description_text'  data-responsive-json-new='{\"font-size\":\"desktop:13px;\",\"line-height\":\"desktop:18px;\"}'  style=\"\"><p><span style=\"color: #000000;\"><strong>13:00 a 14:00<\/strong><\/span><\/p>\n<p>Escucha la mejor selecci\u00f3n musical de La Popular 89.1 FM<\/p>\n<\/div><\/div><div class=\"icon_list_connector\"  style=\"border: none !important;\"><\/div><\/li><li class=\"icon_list_item\" style=\" font-size:120px;\"><div class=\"icon_list_icon\" data-animation=\"pulse\" data-animation-delay=\"03\" style=\"font-size:40px;border-width:1px;border-style:none;background:#ffffff;color:#333333;border-color:#333333;\"><img decoding=\"async\" class=\"list-img-icon\" alt=\"null\" src=\"https:\/\/www.imer.mx\/lapopular\/wp-content\/uploads\/sites\/27\/Al-son-de-la-marimba.jpg\"\/><\/div><div class=\"icon_description\" id=\"Info-list-wrap-9686\" style=\"font-size:40px;\"><h3 class=\"ult-responsive info-list-heading\"  data-ultimate-target='#Info-list-wrap-9686 h3'  data-responsive-json-new='{\"font-size\":\"desktop:16px;\",\"line-height\":\"desktop:24px;\"}'  style=\"\">Al son de la marimba<\/h3><div class=\"icon_description_text ult-responsive\"  data-ultimate-target='#Info-list-wrap-9686 .icon_description_text'  data-responsive-json-new='{\"font-size\":\"desktop:13px;\",\"line-height\":\"desktop:18px;\"}'  style=\"\"><p><span style=\"color: #000000;\"><strong>14:00 a 16:00<\/strong><\/span><\/p>\n<p>Acomp\u00e1\u00f1anos a un viaje musical&nbsp; escuchando a incomparable armon\u00eda del instrumento que nos identifica como chiapanecos<\/p>\n<\/div><\/div><div class=\"icon_list_connector\"  style=\"border: none !important;\"><\/div><\/li><li class=\"icon_list_item\" style=\" font-size:120px;\"><div class=\"icon_list_icon\" data-animation=\"pulse\" data-animation-delay=\"03\" style=\"font-size:40px;border-width:1px;border-style:none;background:#ffffff;color:#333333;border-color:#333333;\"><img decoding=\"async\" class=\"list-img-icon\" alt=\"null\" src=\"https:\/\/www.imer.mx\/radiolagarto\/wp-content\/uploads\/sites\/28\/EIXsuawd_400x400.jpg\"\/><\/div><div class=\"icon_description\" id=\"Info-list-wrap-2143\" style=\"font-size:40px;\"><h3 class=\"ult-responsive info-list-heading\"  data-ultimate-target='#Info-list-wrap-2143 h3'  data-responsive-json-new='{\"font-size\":\"desktop:16px;\",\"line-height\":\"desktop:24px;\"}'  style=\"\">RTC<\/h3><div class=\"icon_description_text ult-responsive\"  data-ultimate-target='#Info-list-wrap-2143 .icon_description_text'  data-responsive-json-new='{\"font-size\":\"desktop:13px;\",\"line-height\":\"desktop:18px;\"}'  style=\"\"><p><span style=\"color: #000000;\"><strong>16:00 a 16:05<\/strong><\/span><\/p>\n<p>Espacio de la Direcci\u00f3n General de Radio, Televisi\u00f3n y Cinematograf\u00eda<\/p>\n<\/div><\/div><div class=\"icon_list_connector\"  style=\"border: none !important;\"><\/div><\/li><li class=\"icon_list_item\" style=\" font-size:120px;\"><div class=\"icon_list_icon\" data-animation=\"pulse\" data-animation-delay=\"03\" style=\"font-size:40px;border-width:1px;border-style:none;background:#ffffff;color:#333333;border-color:#333333;\"><img decoding=\"async\" class=\"list-img-icon\" alt=\"null\" src=\"https:\/\/www.imer.mx\/lapopular\/wp-content\/uploads\/sites\/27\/Vicente-Fernandez-y-su-herencia-musical.jpg\"\/><\/div><div class=\"icon_description\" id=\"Info-list-wrap-7271\" style=\"font-size:40px;\"><h3 class=\"ult-responsive info-list-heading\"  data-ultimate-target='#Info-list-wrap-7271 h3'  data-responsive-json-new='{\"font-size\":\"desktop:16px;\",\"line-height\":\"desktop:24px;\"}'  style=\"\">Vicente Fern\u00e1ndez y su herencia musical<\/h3><div class=\"icon_description_text ult-responsive\"  data-ultimate-target='#Info-list-wrap-7271 .icon_description_text'  data-responsive-json-new='{\"font-size\":\"desktop:13px;\",\"line-height\":\"desktop:18px;\"}'  style=\"\"><p><span style=\"color: #000000;\"><strong>16:05 a 17:00<\/strong><\/span><\/p>\n<p>Un homenaje a la voz que marc\u00f3 generaciones. Disfruta los \u00e9xitos y la historia de Vicente Fern\u00e1ndez, el \u00edcono de la m\u00fasica ranchera<\/p>\n<\/div><\/div><div class=\"icon_list_connector\"  style=\"border: none !important;\"><\/div><\/li><li class=\"icon_list_item\" style=\" font-size:120px;\"><div class=\"icon_list_icon\" data-animation=\"pulse\" data-animation-delay=\"03\" style=\"font-size:40px;border-width:1px;border-style:none;background:#ffffff;color:#333333;border-color:#333333;\"><img decoding=\"async\" class=\"list-img-icon\" alt=\"null\" src=\"https:\/\/www.imer.mx\/lapopular\/wp-content\/uploads\/sites\/27\/Arpas-de-Latinoamerica.jpg\"\/><\/div><div class=\"icon_description\" id=\"Info-list-wrap-6738\" style=\"font-size:40px;\"><h3 class=\"ult-responsive info-list-heading\"  data-ultimate-target='#Info-list-wrap-6738 h3'  data-responsive-json-new='{\"font-size\":\"desktop:16px;\",\"line-height\":\"desktop:24px;\"}'  style=\"\">Arpas de Latinoam\u00e9rica<\/h3><div class=\"icon_description_text ult-responsive\"  data-ultimate-target='#Info-list-wrap-6738 .icon_description_text'  data-responsive-json-new='{\"font-size\":\"desktop:13px;\",\"line-height\":\"desktop:18px;\"}'  style=\"\"><p><span style=\"color: #000000;\"><strong>17:00 a 18:00<\/strong><\/span><\/p>\n<p>Acomp\u00e1\u00f1anos todos las tardes los sonidos latinoamericanos a trav\u00e9s de sus arpas, con nuestro programa \u201cArpas de Latinoam\u00e9rica\u201d<\/p>\n<\/div><\/div><div class=\"icon_list_connector\"  style=\"border: none !important;\"><\/div><\/li><li class=\"icon_list_item\" style=\" font-size:120px;\"><div class=\"icon_list_icon\" data-animation=\"pulse\" data-animation-delay=\"03\" style=\"font-size:40px;border-width:1px;border-style:none;background:#ffffff;color:#333333;border-color:#333333;\"><img decoding=\"async\" class=\"list-img-icon\" alt=\"null\" src=\"https:\/\/www.imer.mx\/lapopular\/wp-content\/uploads\/sites\/27\/Canto-de-cenzontles.png\"\/><\/div><div class=\"icon_description\" id=\"Info-list-wrap-1844\" style=\"font-size:40px;\"><h3 class=\"ult-responsive info-list-heading\"  data-ultimate-target='#Info-list-wrap-1844 h3'  data-responsive-json-new='{\"font-size\":\"desktop:16px;\",\"line-height\":\"desktop:24px;\"}'  style=\"\">Canto de Cenzontle<\/h3><div class=\"icon_description_text ult-responsive\"  data-ultimate-target='#Info-list-wrap-1844 .icon_description_text'  data-responsive-json-new='{\"font-size\":\"desktop:13px;\",\"line-height\":\"desktop:18px;\"}'  style=\"\"><p><span style=\"color: #000000;\"><strong>18:00 a 18:30<\/strong><\/span><\/p>\n<p>No te pierdas Canto de Cenzontles. Una colaboraci\u00f3n de diversas organizaciones sociales, colectivos de comunicaci\u00f3n y comunidades<\/p>\n<\/div><\/div><div class=\"icon_list_connector\"  style=\"border: none !important;\"><\/div><\/li><li class=\"icon_list_item\" style=\" font-size:120px;\"><div class=\"icon_list_icon\" data-animation=\"pulse\" data-animation-delay=\"03\" style=\"font-size:40px;border-width:1px;border-style:none;background:#ffffff;color:#333333;border-color:#333333;\"><img decoding=\"async\" class=\"list-img-icon\" alt=\"null\" src=\"https:\/\/www.imer.mx\/lapopular\/wp-content\/uploads\/sites\/27\/la_popular.png\"\/><\/div><div class=\"icon_description\" id=\"Info-list-wrap-3840\" style=\"font-size:40px;\"><h3 class=\"ult-responsive info-list-heading\"  data-ultimate-target='#Info-list-wrap-3840 h3'  data-responsive-json-new='{\"font-size\":\"desktop:16px;\",\"line-height\":\"desktop:24px;\"}'  style=\"\">M\u00fasica<\/h3><div class=\"icon_description_text ult-responsive\"  data-ultimate-target='#Info-list-wrap-3840 .icon_description_text'  data-responsive-json-new='{\"font-size\":\"desktop:13px;\",\"line-height\":\"desktop:18px;\"}'  style=\"\"><p><span style=\"color: #000000;\"><strong>18:30 a 22:00<\/strong><\/span><\/p>\n<p>Escucha la mejor selecci\u00f3n musical de La Popular 89.1 FM<\/p>\n<\/div><\/div><div class=\"icon_list_connector\"  style=\"border: none !important;\"><\/div><\/li><li class=\"icon_list_item\" style=\" font-size:120px;\"><div class=\"icon_list_icon\" data-animation=\"pulse\" data-animation-delay=\"03\" style=\"font-size:40px;border-width:1px;border-style:none;background:#ffffff;color:#333333;border-color:#333333;\"><img decoding=\"async\" class=\"list-img-icon\" alt=\"null\" src=\"https:\/\/www.imer.mx\/radiolagarto\/wp-content\/uploads\/sites\/28\/la-hora-nacional.png\"\/><\/div><div class=\"icon_description\" id=\"Info-list-wrap-6088\" style=\"font-size:40px;\"><h3 class=\"ult-responsive info-list-heading\"  data-ultimate-target='#Info-list-wrap-6088 h3'  data-responsive-json-new='{\"font-size\":\"desktop:16px;\",\"line-height\":\"desktop:24px;\"}'  style=\"\">La Hora Nacional<\/h3><div class=\"icon_description_text ult-responsive\"  data-ultimate-target='#Info-list-wrap-6088 .icon_description_text'  data-responsive-json-new='{\"font-size\":\"desktop:13px;\",\"line-height\":\"desktop:18px;\"}'  style=\"\"><p><span style=\"color: #000000;\"><strong>22:00 a 23:00<\/strong><\/span><\/p>\n<p>La Hora Nacional es un programa de radio producido por la Direcci\u00f3n General<br \/>\nde Radio, Televisi\u00f3n y Cine de la Secretar\u00eda del Interior de M\u00e9xico<\/p>\n<\/div><\/div><div class=\"icon_list_connector\"  style=\"border: none !important;\"><\/div><\/li><li class=\"icon_list_item\" style=\" font-size:120px;\"><div class=\"icon_list_icon\" data-animation=\"pulse\" data-animation-delay=\"03\" style=\"font-size:40px;border-width:1px;border-style:none;background:#ffffff;color:#333333;border-color:#333333;\"><img decoding=\"async\" class=\"list-img-icon\" alt=\"null\" src=\"https:\/\/www.imer.mx\/lapopular\/wp-content\/uploads\/sites\/27\/la_popular.png\"\/><\/div><div class=\"icon_description\" id=\"Info-list-wrap-9354\" style=\"font-size:40px;\"><h3 class=\"ult-responsive info-list-heading\"  data-ultimate-target='#Info-list-wrap-9354 h3'  data-responsive-json-new='{\"font-size\":\"desktop:16px;\",\"line-height\":\"desktop:24px;\"}'  style=\"\">M\u00fasica<\/h3><div class=\"icon_description_text ult-responsive\"  data-ultimate-target='#Info-list-wrap-9354 .icon_description_text'  data-responsive-json-new='{\"font-size\":\"desktop:13px;\",\"line-height\":\"desktop:18px;\"}'  style=\"\"><p><span style=\"color: #000000;\"><strong>23:00 a 24:00<\/strong><\/span><\/p>\n<p>Escucha la mejor selecci\u00f3n musical de La Popular 89.1 FM<\/p>\n<\/div><\/div><div class=\"icon_list_connector\"  style=\"border: none !important;\"><\/div><\/li><\/ul><\/div>[\/vc_column_inner][\/vc_row_inner][\/vc_tta_section][\/vc_tta_tabs][vc_row_inner][vc_column_inner][vc_message message_box_color=&#8221;green&#8221; css=&#8221;&#8221;]<strong>Informaci\u00f3n vigente. \u00daltima revisi\u00f3n: 25 de noviembre<\/strong><strong>&nbsp;2025<\/strong>[\/vc_message][\/vc_column_inner][\/vc_row_inner][\/vc_column][\/vc_row][vc_row type=&#8221;vc_default&#8221; full_width=&#8221;stretch_row&#8221; parallax=&#8221;content-moving&#8221; parallax_image=&#8221;1865&#8243; css=&#8221;.vc_custom_1610665567184{margin-bottom: -50px !important;border-bottom-width: -50px !important;padding-bottom: -50px !important;}&#8221;][vc_column][vc_empty_space height=&#8221;250px&#8221;][\/vc_column][\/vc_row]<\/p>\n<\/div>","protected":false},"excerpt":{"rendered":"<p>[vc_row type=&#8221;vc_default&#8221; full_width=&#8221;stretch_row&#8221; parallax=&#8221;content-moving&#8221; parallax_image=&#8221;1866&#8243; css=&#8221;.vc_custom_1610665249675{margin-top: -50px !important;border-top-width: -50px !important;padding-top: -50px !important;}&#8221;][vc_column][vc_empty_space height=&#8221;125px&#8221;][vc_custom_heading text=&#8221;Programaci\u00f3n&#8221; font_container=&#8221;tag:h2|text_align:center|color:%23885e36&#8243; google_fonts=&#8221;font_family:Montserrat%3Aregular%2C700|font_style:700%20bold%20regular%3A700%3Anormal&#8221;][vc_empty_space height=&#8221;20px&#8221;][vc_empty_space height=&#8221;80px&#8221;][\/vc_column][\/vc_row][vc_row type=&#8221;vc_default&#8221; full_width=&#8221;stretch_row&#8221; content_placement=&#8221;middle&#8221; bg_type=&#8221;bg_color&#8221; bg_color_value=&#8221;#ffffff&#8221;][vc_column][vc_tta_tabs style=&#8221;modern&#8221; shape=&#8221;square&#8221; color=&#8221;green&#8221; active_section=&#8221;1&#8243;][vc_tta_section title=&#8221;Lunes&#8221; tab_id=&#8221;lunes&#8221;][vc_row_inner][vc_column_inner][\/vc_column_inner][\/vc_row_inner][\/vc_tta_section][vc_tta_section title=&#8221;Martes&#8221; tab_id=&#8221;1719513428072-fe190d5c-316b&#8221;][vc_row_inner][vc_column_inner][\/vc_column_inner][\/vc_row_inner][\/vc_tta_section][vc_tta_section title=&#8221;Mi\u00e9rcoles&#8221; tab_id=&#8221;1719513861038-3fd672fe-5156&#8243;][vc_row_inner][vc_column_inner][\/vc_column_inner][\/vc_row_inner][\/vc_tta_section][vc_tta_section title=&#8221;Jueves&#8221; tab_id=&#8221;1719514971579-646bc874-df8c&#8221;][vc_row_inner][vc_column_inner][\/vc_column_inner][\/vc_row_inner][\/vc_tta_section][vc_tta_section title=&#8221;Viernes&#8221; tab_id=&#8221;1719515285348-f9ddb3da-24d4&#8243;][vc_row_inner][vc_column_inner][\/vc_column_inner][\/vc_row_inner][\/vc_tta_section][vc_tta_section title=&#8221;S\u00e1bados&#8221; tab_id=&#8221;sabados&#8221;][vc_row_inner][vc_column_inner][\/vc_column_inner][\/vc_row_inner][\/vc_tta_section][vc_tta_section title=&#8221;Domingos&#8221; tab_id=&#8221;domingo&#8221;][vc_row_inner][vc_column_inner][\/vc_column_inner][\/vc_row_inner][\/vc_tta_section][\/vc_tta_tabs][vc_row_inner][vc_column_inner][vc_message message_box_color=&#8221;green&#8221; css=&#8221;&#8221;]Informaci\u00f3n vigente. \u00daltima revisi\u00f3n: 25 de noviembre&nbsp;2025[\/vc_message][\/vc_column_inner][\/vc_row_inner][\/vc_column][\/vc_row][vc_row type=&#8221;vc_default&#8221; full_width=&#8221;stretch_row&#8221; parallax=&#8221;content-moving&#8221; parallax_image=&#8221;1865&#8243; css=&#8221;.vc_custom_1610665567184{margin-bottom: -50px&hellip;<\/p>\n","protected":false},"author":1,"featured_media":0,"parent":0,"menu_order":0,"comment_status":"closed","ping_status":"closed","template":"","meta":{"wp_popup_display_lightbox":0,"wp_popup_suppress":"","wp_popup_trigger":"","wp_popup_trigger_amount":0,"wp_popup_disable_on_mobile":false,"_uf_show_specific_survey":0,"_uf_disable_surveys":false,"footnotes":""},"class_list":["post-146","page","type-page","status-publish","hentry","description-off"],"_links":{"self":[{"href":"https:\/\/www.imer.mx\/lapopular\/wp-json\/wp\/v2\/pages\/146","targetHints":{"allow":["GET"]}}],"collection":[{"href":"https:\/\/www.imer.mx\/lapopular\/wp-json\/wp\/v2\/pages"}],"about":[{"href":"https:\/\/www.imer.mx\/lapopular\/wp-json\/wp\/v2\/types\/page"}],"author":[{"embeddable":true,"href":"https:\/\/www.imer.mx\/lapopular\/wp-json\/wp\/v2\/users\/1"}],"replies":[{"embeddable":true,"href":"https:\/\/www.imer.mx\/lapopular\/wp-json\/wp\/v2\/comments?post=146"}],"version-history":[{"count":3,"href":"https:\/\/www.imer.mx\/lapopular\/wp-json\/wp\/v2\/pages\/146\/revisions"}],"predecessor-version":[{"id":2373,"href":"https:\/\/www.imer.mx\/lapopular\/wp-json\/wp\/v2\/pages\/146\/revisions\/2373"}],"wp:attachment":[{"href":"https:\/\/www.imer.mx\/lapopular\/wp-json\/wp\/v2\/media?parent=146"}],"curies":[{"name":"wp","href":"https:\/\/api.w.org\/{rel}","templated":true}]}}