{"id":423,"date":"2013-02-11T16:35:10","date_gmt":"2013-02-11T22:35:10","guid":{"rendered":"http:\/\/lapoderosa.imer.gob.mx\/?page_id=423"},"modified":"2026-08-04T22:43:59","modified_gmt":"2026-08-04T22:43:59","slug":"programacion","status":"publish","type":"page","link":"https:\/\/www.imer.mx\/lapoderosa\/programacion\/","title":{"rendered":"Programaci\u00f3n"},"content":{"rendered":"<div class=\"wpb-content-wrapper\" id=\"wpb-content-root\"><p>[vc_row type=&#8221;vc_default&#8221; full_width=&#8221;stretch_row&#8221; parallax=&#8221;content-moving-fade&#8221; parallax_image=&#8221;1587&#8243; parallax_speed_bg=&#8221;2.5&#8243; css=&#8221;.vc_custom_1572543522477{margin-top: -50px !important;border-top-width: -50px !important;padding-top: -50px !important;}&#8221;][vc_column][vc_empty_space height=&#8221;125px&#8221;][vc_custom_heading text=&#8221;Programaci\u00f3n&#8221; font_container=&#8221;tag:h1|font_size:55|text_align:center|color:%230090af&#8221; google_fonts=&#8221;font_family:Anton%3Aregular|font_style:400%20regular%3A400%3Anormal&#8221;][vc_empty_space height=&#8221;20px&#8221;]<div class=\"hr-thin style-line\" style=\"width: 40%;border-color: #ffffff;border-top-width: 1px;\"><\/div>[vc_empty_space height=&#8221;80px&#8221;][\/vc_column][\/vc_row][vc_row type=&#8221;vc_default&#8221; full_width=&#8221;stretch_row&#8221; content_placement=&#8221;middle&#8221; bg_type=&#8221;bg_color&#8221; bg_color_value=&#8221;#ffffff&#8221;][vc_column][vc_tta_tabs style=&#8221;modern&#8221; shape=&#8221;square&#8221; color=&#8221;green&#8221; active_section=&#8221;1&#8243;][vc_tta_section title=&#8221;Lunes&#8221; tab_id=&#8221;lunes&#8221;][vc_row_inner][vc_column_inner]<div class=\"smile_icon_list_wrap ult_info_list_container ult-adjust-bottom-margin  \"><ul class=\"smile_icon_list left square with_bg\"><li class=\"icon_list_item\" style=\" font-size:120px;\"><div class=\"icon_list_icon\" data-animation=\"pulse\" data-animation-delay=\"03\" style=\"font-size:40px;border-width:1px;border-style:none;background:#ffffff;color:#333333;border-color:#333333;\"><img decoding=\"async\" class=\"list-img-icon\" alt=\"null\" src=\"https:\/\/www.imer.mx\/lapoderosa\/wp-content\/uploads\/sites\/30\/587603962_1390574749557062_4599814480446585837_n.jpg\"\/><\/div><div class=\"icon_description\" id=\"Info-list-wrap-9998\" style=\"font-size:40px;\"><h3 class=\"ult-responsive info-list-heading\"  data-ultimate-target='#Info-list-wrap-9998 h3'  data-responsive-json-new='{\"font-size\":\"desktop:16px;\",\"line-height\":\"desktop:24px;\"}'  style=\"\">Himno Nacional y Coahuilense<\/h3><div class=\"icon_description_text ult-responsive\"  data-ultimate-target='#Info-list-wrap-9998 .icon_description_text'  data-responsive-json-new='{\"font-size\":\"desktop:13px;\",\"line-height\":\"desktop:18px;\"}'  style=\"\"><p><span style=\"color: #000000\"><strong>00:00 a 00:05<\/strong><\/span><\/p>\n<p>Con orgullo y fervor, entonamos el Himno Nacional Coahuilense, un canto que celebra la grandeza, historia y valent\u00eda de nuestra tierra, honrando a su gente y sus tradiciones<\/p>\n<\/div><\/div><div class=\"icon_list_connector\"  style=\"border: none !important;\"><\/div><\/li><li class=\"icon_list_item\" style=\" font-size:120px;\"><div class=\"icon_list_icon\" data-animation=\"pulse\" data-animation-delay=\"03\" style=\"font-size:40px;border-width:1px;border-style:none;background:#ffffff;color:#333333;border-color:#333333;\"><img decoding=\"async\" class=\"list-img-icon\" alt=\"null\" src=\"https:\/\/www.imer.mx\/lapoderosa\/wp-content\/uploads\/sites\/30\/LA_HORA.png\"\/><\/div><div class=\"icon_description\" id=\"Info-list-wrap-5808\" style=\"font-size:40px;\"><h3 class=\"ult-responsive info-list-heading\"  data-ultimate-target='#Info-list-wrap-5808 h3'  data-responsive-json-new='{\"font-size\":\"desktop:16px;\",\"line-height\":\"desktop:24px;\"}'  style=\"\">La Hora De Las Complacencias<\/h3><div class=\"icon_description_text ult-responsive\"  data-ultimate-target='#Info-list-wrap-5808 .icon_description_text'  data-responsive-json-new='{\"font-size\":\"desktop:13px;\",\"line-height\":\"desktop:18px;\"}'  style=\"\"><p><span style=\"color: #000000\"><strong>00:05 a 01:00<\/strong><\/span><\/p>\n<p>En la hora de las complacencias, t\u00fa eliges la m\u00fasica. Pide tus temas favoritos y disfruta de una hora llena de recuerdos, emociones y dedicatorias especiales<\/p>\n<\/div><\/div><div class=\"icon_list_connector\"  style=\"border: none !important;\"><\/div><\/li><li class=\"icon_list_item\" style=\" font-size:120px;\"><div class=\"icon_list_icon\" data-animation=\"pulse\" data-animation-delay=\"03\" style=\"font-size:40px;border-width:1px;border-style:none;background:#ffffff;color:#333333;border-color:#333333;\"><img decoding=\"async\" class=\"list-img-icon\" alt=\"null\" src=\"https:\/\/www.imer.mx\/lapoderosa\/wp-content\/uploads\/sites\/30\/EL_BA\u00daL.png\"\/><\/div><div class=\"icon_description\" id=\"Info-list-wrap-1030\" style=\"font-size:40px;\"><h3 class=\"ult-responsive info-list-heading\"  data-ultimate-target='#Info-list-wrap-1030 h3'  data-responsive-json-new='{\"font-size\":\"desktop:16px;\",\"line-height\":\"desktop:24px;\"}'  style=\"\">El Ba\u00fal De Los Recuerdos<\/h3><div class=\"icon_description_text ult-responsive\"  data-ultimate-target='#Info-list-wrap-1030 .icon_description_text'  data-responsive-json-new='{\"font-size\":\"desktop:13px;\",\"line-height\":\"desktop:18px;\"}'  style=\"\"><p><span style=\"color: #000000\"><strong>01:00 a 02:00<\/strong><\/span><\/p>\n<p>Cuando abras el ba\u00fal encontrar\u00e1s todo tipo de recuerdos musicales que te remiten a los sentimientos encontrados de las personas<\/p>\n<\/div><\/div><div class=\"icon_list_connector\"  style=\"border: none !important;\"><\/div><\/li><li class=\"icon_list_item\" style=\" font-size:120px;\"><div class=\"icon_list_icon\" data-animation=\"pulse\" data-animation-delay=\"03\" style=\"font-size:40px;border-width:1px;border-style:none;background:#ffffff;color:#333333;border-color:#333333;\"><img decoding=\"async\" class=\"list-img-icon\" alt=\"null\" src=\"https:\/\/www.imer.mx\/lapoderosa\/wp-content\/uploads\/sites\/30\/EL-PODER-DE-LA-MUSICA-1.gif\"\/><\/div><div class=\"icon_description\" id=\"Info-list-wrap-2818\" style=\"font-size:40px;\"><h3 class=\"ult-responsive info-list-heading\"  data-ultimate-target='#Info-list-wrap-2818 h3'  data-responsive-json-new='{\"font-size\":\"desktop:16px;\",\"line-height\":\"desktop:24px;\"}'  style=\"\">El Poder de la M\u00fasica<\/h3><div class=\"icon_description_text ult-responsive\"  data-ultimate-target='#Info-list-wrap-2818 .icon_description_text'  data-responsive-json-new='{\"font-size\":\"desktop:13px;\",\"line-height\":\"desktop:18px;\"}'  style=\"\"><p><span style=\"color: #000000\"><strong>02:00 a 03:00<\/strong><\/span><\/p>\n<p>M\u00fasica\u00a0continua\u00a0con comentarios del locutor en turno en donde podr\u00e1s escuchar novedades musicales y\u00a0\u00e9xitos del momento.<\/p>\n<\/div><\/div><div class=\"icon_list_connector\"  style=\"border: none !important;\"><\/div><\/li><li class=\"icon_list_item\" style=\" font-size:120px;\"><div class=\"icon_list_icon\" data-animation=\"pulse\" data-animation-delay=\"03\" style=\"font-size:40px;border-width:1px;border-style:none;background:#ffffff;color:#333333;border-color:#333333;\"><img decoding=\"async\" class=\"list-img-icon\" alt=\"null\" src=\"https:\/\/www.imer.mx\/lapoderosa\/wp-content\/uploads\/sites\/30\/carrete-abierto-1.jpg\"\/><\/div><div class=\"icon_description\" id=\"Info-list-wrap-6094\" style=\"font-size:40px;\"><h3 class=\"ult-responsive info-list-heading\"  data-ultimate-target='#Info-list-wrap-6094 h3'  data-responsive-json-new='{\"font-size\":\"desktop:16px;\",\"line-height\":\"desktop:24px;\"}'  style=\"\">Carrete Abierto<\/h3><div class=\"icon_description_text ult-responsive\"  data-ultimate-target='#Info-list-wrap-6094 .icon_description_text'  data-responsive-json-new='{\"font-size\":\"desktop:13px;\",\"line-height\":\"desktop:18px;\"}'  style=\"\"><p><span style=\"color: #000000\"><strong>03:00<\/strong><\/span><span style=\"color: #000000\"><strong> a 04:00<\/strong><\/span><\/p>\n<p>Carrete abierto es un programa para los artistas independientes que ya han grabado alguna canci\u00f3n de forma independiente y sin disquera.<\/p>\n<\/div><\/div><div class=\"icon_list_connector\"  style=\"border: none !important;\"><\/div><\/li><li class=\"icon_list_item\" style=\" font-size:120px;\"><div class=\"icon_list_icon\" data-animation=\"pulse\" data-animation-delay=\"03\" style=\"font-size:40px;border-width:1px;border-style:none;background:#ffffff;color:#333333;border-color:#333333;\"><img decoding=\"async\" class=\"list-img-icon\" alt=\"null\" src=\"https:\/\/www.imer.mx\/lapoderosa\/wp-content\/uploads\/sites\/30\/Texto-10.png\"\/><\/div><div class=\"icon_description\" id=\"Info-list-wrap-6023\" style=\"font-size:40px;\"><h3 class=\"ult-responsive info-list-heading\"  data-ultimate-target='#Info-list-wrap-6023 h3'  data-responsive-json-new='{\"font-size\":\"desktop:16px;\",\"line-height\":\"desktop:24px;\"}'  style=\"\">Desempolvadas Norte\u00f1as<\/h3><div class=\"icon_description_text ult-responsive\"  data-ultimate-target='#Info-list-wrap-6023 .icon_description_text'  data-responsive-json-new='{\"font-size\":\"desktop:13px;\",\"line-height\":\"desktop:18px;\"}'  style=\"\"><p><span style=\"color: #000000\"><strong>04:00 a 05:00<\/strong><\/span><\/p>\n<p>Un programa que revive los grandes \u00e9xitos del norte\u00f1o mexicano, recordando a los m\u00e1ximos exponentes del g\u00e9nero y preservando el legado musical de nuestra tierra<\/p>\n<\/div><\/div><div class=\"icon_list_connector\"  style=\"border: none !important;\"><\/div><\/li><li class=\"icon_list_item\" style=\" font-size:120px;\"><div class=\"icon_list_icon\" data-animation=\"pulse\" data-animation-delay=\"03\" style=\"font-size:40px;border-width:1px;border-style:none;background:#ffffff;color:#333333;border-color:#333333;\"><img decoding=\"async\" class=\"list-img-icon\" alt=\"null\" src=\"https:\/\/www.imer.mx\/lapoderosa\/wp-content\/uploads\/sites\/30\/Texto-11-1.png\"\/><\/div><div class=\"icon_description\" id=\"Info-list-wrap-8071\" style=\"font-size:40px;\"><h3 class=\"ult-responsive info-list-heading\"  data-ultimate-target='#Info-list-wrap-8071 h3'  data-responsive-json-new='{\"font-size\":\"desktop:16px;\",\"line-height\":\"desktop:24px;\"}'  style=\"\">El Canto De M\u00e9xico<\/h3><div class=\"icon_description_text ult-responsive\"  data-ultimate-target='#Info-list-wrap-8071 .icon_description_text'  data-responsive-json-new='{\"font-size\":\"desktop:13px;\",\"line-height\":\"desktop:18px;\"}'  style=\"\"><p><span style=\"color: #000000\"><strong>05:00 a 06:00<\/strong><\/span><\/p>\n<p>Identif\u00edcate con un programa lleno de m\u00fasica mexicana con interpretes reconocidos de talla internacional<\/p>\n<\/div><\/div><div class=\"icon_list_connector\"  style=\"border: none !important;\"><\/div><\/li><li class=\"icon_list_item\" style=\" font-size:120px;\"><div class=\"icon_list_icon\" data-animation=\"pulse\" data-animation-delay=\"03\" style=\"font-size:40px;border-width:1px;border-style:none;background:#ffffff;color:#333333;border-color:#333333;\"><img decoding=\"async\" class=\"list-img-icon\" alt=\"null\" src=\"https:\/\/www.imer.mx\/lapoderosa\/wp-content\/uploads\/sites\/30\/587603962_1390574749557062_4599814480446585837_n.jpg\"\/><\/div><div class=\"icon_description\" id=\"Info-list-wrap-8832\" style=\"font-size:40px;\"><h3 class=\"ult-responsive info-list-heading\"  data-ultimate-target='#Info-list-wrap-8832 h3'  data-responsive-json-new='{\"font-size\":\"desktop:16px;\",\"line-height\":\"desktop:24px;\"}'  style=\"\">Himno Nacional y Coahuilense<\/h3><div class=\"icon_description_text ult-responsive\"  data-ultimate-target='#Info-list-wrap-8832 .icon_description_text'  data-responsive-json-new='{\"font-size\":\"desktop:13px;\",\"line-height\":\"desktop:18px;\"}'  style=\"\"><p><span style=\"color: #000000\"><strong>06:00 a 06:05<\/strong><\/span><\/p>\n<p>Con orgullo y fervor, entonamos el Himno Nacional Coahuilense, un canto que celebra la grandeza, historia y valent\u00eda de nuestra tierra, honrando a su gente y sus tradiciones<\/p>\n<\/div><\/div><div class=\"icon_list_connector\"  style=\"border: none !important;\"><\/div><\/li><li class=\"icon_list_item\" style=\" font-size:120px;\"><div class=\"icon_list_icon\" data-animation=\"pulse\" data-animation-delay=\"03\" style=\"font-size:40px;border-width:1px;border-style:none;background:#ffffff;color:#333333;border-color:#333333;\"><img decoding=\"async\" class=\"list-img-icon\" alt=\"null\" src=\"https:\/\/www.imer.mx\/lapoderosa\/wp-content\/uploads\/sites\/30\/EL-PODER-DE-LA-MUSICA-1.gif\"\/><\/div><div class=\"icon_description\" id=\"Info-list-wrap-5860\" style=\"font-size:40px;\"><h3 class=\"ult-responsive info-list-heading\"  data-ultimate-target='#Info-list-wrap-5860 h3'  data-responsive-json-new='{\"font-size\":\"desktop:16px;\",\"line-height\":\"desktop:24px;\"}'  style=\"\">El Poder de la M\u00fasica<\/h3><div class=\"icon_description_text ult-responsive\"  data-ultimate-target='#Info-list-wrap-5860 .icon_description_text'  data-responsive-json-new='{\"font-size\":\"desktop:13px;\",\"line-height\":\"desktop:18px;\"}'  style=\"\"><p><span style=\"color: #000000\"><strong>06:05 a 08:00<\/strong><\/span><\/p>\n<p>El Poder de la M\u00fasica, trae para ti los \u00e9xitos que mueven almas, de todos los g\u00e9neros y \u00e9pocas; la fuerza sonora que conecta coraz\u00f3n, ritmo y pasi\u00f3n en cada nota<\/p>\n<\/div><\/div><div class=\"icon_list_connector\"  style=\"border: none !important;\"><\/div><\/li><li class=\"icon_list_item\" style=\" font-size:120px;\"><div class=\"icon_list_icon\" data-animation=\"pulse\" data-animation-delay=\"03\" style=\"font-size:40px;border-width:1px;border-style:none;background:#ffffff;color:#333333;border-color:#333333;\"><img decoding=\"async\" class=\"list-img-icon\" alt=\"null\" src=\"https:\/\/www.imer.mx\/lapoderosa\/wp-content\/uploads\/sites\/30\/Diseno-sin-titulo-16.png\"\/><\/div><div class=\"icon_description\" id=\"Info-list-wrap-5952\" style=\"font-size:40px;\"><h3 class=\"ult-responsive info-list-heading\"  data-ultimate-target='#Info-list-wrap-5952 h3'  data-responsive-json-new='{\"font-size\":\"desktop:16px;\",\"line-height\":\"desktop:24px;\"}'  style=\"\">IMER noticias, primera edici\u00f3n<\/h3><div class=\"icon_description_text ult-responsive\"  data-ultimate-target='#Info-list-wrap-5952 .icon_description_text'  data-responsive-json-new='{\"font-size\":\"desktop:13px;\",\"line-height\":\"desktop:18px;\"}'  style=\"\"><p><span style=\"color: #000000\"><strong>08:00 a 11:00<\/strong><\/span><\/p>\n<p><span style=\"color: #000000\">Espacio informativo de IMER noticas con Alberto N\u00e1jar<\/span><\/p>\n<\/div><\/div><div class=\"icon_list_connector\"  style=\"border: none !important;\"><\/div><\/li><li class=\"icon_list_item\" style=\" font-size:120px;\"><div class=\"icon_list_icon\" data-animation=\"pulse\" data-animation-delay=\"03\" style=\"font-size:40px;border-width:1px;border-style:none;background:#ffffff;color:#333333;border-color:#333333;\"><img decoding=\"async\" class=\"list-img-icon\" alt=\"null\" src=\"https:\/\/www.imer.mx\/lapoderosa\/wp-content\/uploads\/sites\/30\/aqui-entre-dos.png\"\/><\/div><div class=\"icon_description\" id=\"Info-list-wrap-2755\" style=\"font-size:40px;\"><h3 class=\"ult-responsive info-list-heading\"  data-ultimate-target='#Info-list-wrap-2755 h3'  data-responsive-json-new='{\"font-size\":\"desktop:16px;\",\"line-height\":\"desktop:24px;\"}'  style=\"\">Aqu\u00ed entre dos<\/h3><div class=\"icon_description_text ult-responsive\"  data-ultimate-target='#Info-list-wrap-2755 .icon_description_text'  data-responsive-json-new='{\"font-size\":\"desktop:13px;\",\"line-height\":\"desktop:18px;\"}'  style=\"\"><p><span style=\"color: #000000\"><strong>11:00 a 12:00<\/strong><\/span><\/p>\n<p><span style=\"color: #000000\">Espacio de entrevistas de IMER noticias con Patricia Betaza<\/span><\/p>\n<\/div><\/div><div class=\"icon_list_connector\"  style=\"border: none !important;\"><\/div><\/li><li class=\"icon_list_item\" style=\" font-size:120px;\"><div class=\"icon_list_icon\" data-animation=\"pulse\" data-animation-delay=\"03\" style=\"font-size:40px;border-width:1px;border-style:none;background:#ffffff;color:#333333;border-color:#333333;\"><img decoding=\"async\" class=\"list-img-icon\" alt=\"null\" src=\"https:\/\/www.imer.mx\/lapoderosa\/wp-content\/uploads\/sites\/30\/Texto-10-1.png\"\/><\/div><div class=\"icon_description\" id=\"Info-list-wrap-7451\" style=\"font-size:40px;\"><h3 class=\"ult-responsive info-list-heading\"  data-ultimate-target='#Info-list-wrap-7451 h3'  data-responsive-json-new='{\"font-size\":\"desktop:16px;\",\"line-height\":\"desktop:24px;\"}'  style=\"\">El Poder de la M\u00fasica<\/h3><div class=\"icon_description_text ult-responsive\"  data-ultimate-target='#Info-list-wrap-7451 .icon_description_text'  data-responsive-json-new='{\"font-size\":\"desktop:13px;\",\"line-height\":\"desktop:18px;\"}'  style=\"\"><p><span style=\"color: #000000\"><strong>12:00 a 12:30<\/strong><\/span><\/p>\n<p>El Poder de la M\u00fasica, trae para ti los \u00e9xitos que mueven almas, de todos los g\u00e9neros y \u00e9pocas; la fuerza sonora que conecta coraz\u00f3n, ritmo y pasi\u00f3n en cada nota<\/p>\n<\/div><\/div><div class=\"icon_list_connector\"  style=\"border: none !important;\"><\/div><\/li><li class=\"icon_list_item\" style=\" font-size:120px;\"><div class=\"icon_list_icon\" data-animation=\"pulse\" data-animation-delay=\"03\" style=\"font-size:40px;border-width:1px;border-style:none;background:#ffffff;color:#333333;border-color:#333333;\"><img decoding=\"async\" class=\"list-img-icon\" alt=\"null\" src=\"https:\/\/www.imer.mx\/lapoderosa\/wp-content\/uploads\/sites\/30\/EIXsuawd_400x400-1.jpg\"\/><\/div><div class=\"icon_description\" id=\"Info-list-wrap-2345\" style=\"font-size:40px;\"><h3 class=\"ult-responsive info-list-heading\"  data-ultimate-target='#Info-list-wrap-2345 h3'  data-responsive-json-new='{\"font-size\":\"desktop:16px;\",\"line-height\":\"desktop:24px;\"}'  style=\"\">RTC<\/h3><div class=\"icon_description_text ult-responsive\"  data-ultimate-target='#Info-list-wrap-2345 .icon_description_text'  data-responsive-json-new='{\"font-size\":\"desktop:13px;\",\"line-height\":\"desktop:18px;\"}'  style=\"\"><p><span style=\"color: #000000\"><strong>12:30 a 12:35<\/strong><\/span><\/p>\n<p>Espacio de la Direcci\u00f3n General de Radio, Televisi\u00f3n y Cinematograf\u00eda<\/p>\n<\/div><\/div><div class=\"icon_list_connector\"  style=\"border: none !important;\"><\/div><\/li><li class=\"icon_list_item\" style=\" font-size:120px;\"><div class=\"icon_list_icon\" data-animation=\"pulse\" data-animation-delay=\"03\" style=\"font-size:40px;border-width:1px;border-style:none;background:#ffffff;color:#333333;border-color:#333333;\"><img decoding=\"async\" class=\"list-img-icon\" alt=\"null\" src=\"https:\/\/www.imer.mx\/lapoderosa\/wp-content\/uploads\/sites\/30\/158049272_2104258743038577_9003656463725394223_n-1.jpg\"\/><\/div><div class=\"icon_description\" id=\"Info-list-wrap-8419\" style=\"font-size:40px;\"><h3 class=\"ult-responsive info-list-heading\"  data-ultimate-target='#Info-list-wrap-8419 h3'  data-responsive-json-new='{\"font-size\":\"desktop:16px;\",\"line-height\":\"desktop:24px;\"}'  style=\"\">Tiempo de letras<\/h3><div class=\"icon_description_text ult-responsive\"  data-ultimate-target='#Info-list-wrap-8419 .icon_description_text'  data-responsive-json-new='{\"font-size\":\"desktop:13px;\",\"line-height\":\"desktop:18px;\"}'  style=\"\"><p><span style=\"color: #000000\"><strong>12:35 a 12:38<\/strong><\/span><\/p>\n<p>Tiempo de Letras, un espacio breve para descubrir la magia de la literatura a trav\u00e9s de frases, relatos y reflexiones que inspiran y enriquecen el alma<\/p>\n<\/div><\/div><div class=\"icon_list_connector\"  style=\"border: none !important;\"><\/div><\/li><li class=\"icon_list_item\" style=\" font-size:120px;\"><div class=\"icon_list_icon\" data-animation=\"pulse\" data-animation-delay=\"03\" style=\"font-size:40px;border-width:1px;border-style:none;background:#ffffff;color:#333333;border-color:#333333;\"><img decoding=\"async\" class=\"list-img-icon\" alt=\"null\" src=\"https:\/\/www.imer.mx\/lapoderosa\/wp-content\/uploads\/sites\/30\/Texto-10-1.png\"\/><\/div><div class=\"icon_description\" id=\"Info-list-wrap-9948\" style=\"font-size:40px;\"><h3 class=\"ult-responsive info-list-heading\"  data-ultimate-target='#Info-list-wrap-9948 h3'  data-responsive-json-new='{\"font-size\":\"desktop:16px;\",\"line-height\":\"desktop:24px;\"}'  style=\"\">El Poder de la M\u00fasica<\/h3><div class=\"icon_description_text ult-responsive\"  data-ultimate-target='#Info-list-wrap-9948 .icon_description_text'  data-responsive-json-new='{\"font-size\":\"desktop:13px;\",\"line-height\":\"desktop:18px;\"}'  style=\"\"><p><span style=\"color: #000000\"><strong>12:38 a 13:00<\/strong><\/span><\/p>\n<p>El Poder de la M\u00fasica, trae para ti los \u00e9xitos que mueven almas, de todos los g\u00e9neros y \u00e9pocas; la fuerza sonora que conecta coraz\u00f3n, ritmo y pasi\u00f3n en cada nota<\/p>\n<\/div><\/div><div class=\"icon_list_connector\"  style=\"border: none !important;\"><\/div><\/li><li class=\"icon_list_item\" style=\" font-size:120px;\"><div class=\"icon_list_icon\" data-animation=\"pulse\" data-animation-delay=\"03\" style=\"font-size:40px;border-width:1px;border-style:none;background:#ffffff;color:#333333;border-color:#333333;\"><img decoding=\"async\" class=\"list-img-icon\" alt=\"null\" src=\"https:\/\/www.imer.mx\/lapoderosa\/wp-content\/uploads\/sites\/30\/BINGO-min-1.jpg\"\/><\/div><div class=\"icon_description\" id=\"Info-list-wrap-1380\" style=\"font-size:40px;\"><h3 class=\"ult-responsive info-list-heading\"  data-ultimate-target='#Info-list-wrap-1380 h3'  data-responsive-json-new='{\"font-size\":\"desktop:16px;\",\"line-height\":\"desktop:24px;\"}'  style=\"\">Bingo<\/h3><div class=\"icon_description_text ult-responsive\"  data-ultimate-target='#Info-list-wrap-1380 .icon_description_text'  data-responsive-json-new='{\"font-size\":\"desktop:13px;\",\"line-height\":\"desktop:18px;\"}'  style=\"\"><p><span style=\"color: #000000\"><strong>13:00 a 13:05<\/strong><\/span><\/p>\n<p>El Bingo se gana uniendo 5 n\u00fameros de manera vertical, horizontal o diagonal en una plantilla, pero en IMER se gana el Bingo escuchando los 5 episodios de un tema en una semana<\/p>\n<\/div><\/div><div class=\"icon_list_connector\"  style=\"border: none !important;\"><\/div><a class=\"ulimate-info-list-link\" href=\"https:\/\/www.imer.mx\/programas\/programas-imer\/bingo\/\" target=\"_blank\" rel=\"noopener\" ><\/a><\/li><li class=\"icon_list_item\" style=\" font-size:120px;\"><div class=\"icon_list_icon\" data-animation=\"pulse\" data-animation-delay=\"03\" style=\"font-size:40px;border-width:1px;border-style:none;background:#ffffff;color:#333333;border-color:#333333;\"><img decoding=\"async\" class=\"list-img-icon\" alt=\"null\" src=\"https:\/\/www.imer.mx\/lapoderosa\/wp-content\/uploads\/sites\/30\/Texto-10-1.png\"\/><\/div><div class=\"icon_description\" id=\"Info-list-wrap-7587\" style=\"font-size:40px;\"><h3 class=\"ult-responsive info-list-heading\"  data-ultimate-target='#Info-list-wrap-7587 h3'  data-responsive-json-new='{\"font-size\":\"desktop:16px;\",\"line-height\":\"desktop:24px;\"}'  style=\"\">El Poder de la M\u00fasica<\/h3><div class=\"icon_description_text ult-responsive\"  data-ultimate-target='#Info-list-wrap-7587 .icon_description_text'  data-responsive-json-new='{\"font-size\":\"desktop:13px;\",\"line-height\":\"desktop:18px;\"}'  style=\"\"><p><span style=\"color: #000000\"><strong>13<\/strong><\/span><span style=\"color: #000000\"><strong>:05 a 14:00<\/strong><\/span><\/p>\n<p>El Poder de la M\u00fasica, trae para ti los \u00e9xitos que mueven almas, de todos los g\u00e9neros y \u00e9pocas; la fuerza sonora que conecta coraz\u00f3n, ritmo y pasi\u00f3n en cada nota<\/p>\n<\/div><\/div><div class=\"icon_list_connector\"  style=\"border: none !important;\"><\/div><\/li><li class=\"icon_list_item\" style=\" font-size:120px;\"><div class=\"icon_list_icon\" data-animation=\"pulse\" data-animation-delay=\"03\" style=\"font-size:40px;border-width:1px;border-style:none;background:#ffffff;color:#333333;border-color:#333333;\"><img decoding=\"async\" class=\"list-img-icon\" alt=\"null\" src=\"https:\/\/www.imer.mx\/lapoderosa\/wp-content\/uploads\/sites\/30\/Imer-noticias-2.png\"\/><\/div><div class=\"icon_description\" id=\"Info-list-wrap-1209\" style=\"font-size:40px;\"><h3 class=\"ult-responsive info-list-heading\"  data-ultimate-target='#Info-list-wrap-1209 h3'  data-responsive-json-new='{\"font-size\":\"desktop:16px;\",\"line-height\":\"desktop:24px;\"}'  style=\"\">IMER noticias, segunda edici\u00f3n<\/h3><div class=\"icon_description_text ult-responsive\"  data-ultimate-target='#Info-list-wrap-1209 .icon_description_text'  data-responsive-json-new='{\"font-size\":\"desktop:13px;\",\"line-height\":\"desktop:18px;\"}'  style=\"\"><p><span style=\"color: #000000\"><strong>14:00 a 16:00<\/strong><\/span><\/p>\n<p><span style=\"color: #000000\">Espacio informativo de IMER noticias con Berenice Rodr\u00edguez<\/span><\/p>\n<\/div><\/div><div class=\"icon_list_connector\"  style=\"border: none !important;\"><\/div><a class=\"ulimate-info-list-link\" href=\"http:\/\/noticias.imer.mx\/\" target=\"_blank\" rel=\"noopener\" ><\/a><\/li><li class=\"icon_list_item\" style=\" font-size:120px;\"><div class=\"icon_list_icon\" data-animation=\"pulse\" data-animation-delay=\"03\" style=\"font-size:40px;border-width:1px;border-style:none;background:#ffffff;color:#333333;border-color:#333333;\"><img decoding=\"async\" class=\"list-img-icon\" alt=\"null\" src=\"https:\/\/www.imer.mx\/lapoderosa\/wp-content\/uploads\/sites\/30\/EL_BA\u00daL.png\"\/><\/div><div class=\"icon_description\" id=\"Info-list-wrap-8259\" style=\"font-size:40px;\"><h3 class=\"ult-responsive info-list-heading\"  data-ultimate-target='#Info-list-wrap-8259 h3'  data-responsive-json-new='{\"font-size\":\"desktop:16px;\",\"line-height\":\"desktop:24px;\"}'  style=\"\">El Ba\u00fal De Los Recuerdos<\/h3><div class=\"icon_description_text ult-responsive\"  data-ultimate-target='#Info-list-wrap-8259 .icon_description_text'  data-responsive-json-new='{\"font-size\":\"desktop:13px;\",\"line-height\":\"desktop:18px;\"}'  style=\"\"><p><span style=\"color: #000000\"><strong>16:00 a 16:30<\/strong><\/span><\/p>\n<p>Cuando abras el ba\u00fal encontrar\u00e1s todo tipo de recuerdos musicales que te remiten a los sentimientos encontrados de las personas<\/p>\n<\/div><\/div><div class=\"icon_list_connector\"  style=\"border: none !important;\"><\/div><\/li><li class=\"icon_list_item\" style=\" font-size:120px;\"><div class=\"icon_list_icon\" data-animation=\"pulse\" data-animation-delay=\"03\" style=\"font-size:40px;border-width:1px;border-style:none;background:#ffffff;color:#333333;border-color:#333333;\"><img decoding=\"async\" class=\"list-img-icon\" alt=\"null\" src=\"https:\/\/www.imer.mx\/lapoderosa\/wp-content\/uploads\/sites\/30\/EIXsuawd_400x400-1.jpg\"\/><\/div><div class=\"icon_description\" id=\"Info-list-wrap-1944\" style=\"font-size:40px;\"><h3 class=\"ult-responsive info-list-heading\"  data-ultimate-target='#Info-list-wrap-1944 h3'  data-responsive-json-new='{\"font-size\":\"desktop:16px;\",\"line-height\":\"desktop:24px;\"}'  style=\"\">RTC<\/h3><div class=\"icon_description_text ult-responsive\"  data-ultimate-target='#Info-list-wrap-1944 .icon_description_text'  data-responsive-json-new='{\"font-size\":\"desktop:13px;\",\"line-height\":\"desktop:18px;\"}'  style=\"\"><p><span style=\"color: #000000\"><strong>16:30 a 16:35<\/strong><\/span><\/p>\n<p>Espacio de la Direcci\u00f3n General de Radio, Televisi\u00f3n y Cinematograf\u00eda<\/p>\n<\/div><\/div><div class=\"icon_list_connector\"  style=\"border: none !important;\"><\/div><\/li><li class=\"icon_list_item\" style=\" font-size:120px;\"><div class=\"icon_list_icon\" data-animation=\"pulse\" data-animation-delay=\"03\" style=\"font-size:40px;border-width:1px;border-style:none;background:#ffffff;color:#333333;border-color:#333333;\"><img decoding=\"async\" class=\"list-img-icon\" alt=\"null\" src=\"https:\/\/www.imer.mx\/lapoderosa\/wp-content\/uploads\/sites\/30\/EL_BA\u00daL.png\"\/><\/div><div class=\"icon_description\" id=\"Info-list-wrap-7693\" style=\"font-size:40px;\"><h3 class=\"ult-responsive info-list-heading\"  data-ultimate-target='#Info-list-wrap-7693 h3'  data-responsive-json-new='{\"font-size\":\"desktop:16px;\",\"line-height\":\"desktop:24px;\"}'  style=\"\">El Ba\u00fal De Los Recuerdos<\/h3><div class=\"icon_description_text ult-responsive\"  data-ultimate-target='#Info-list-wrap-7693 .icon_description_text'  data-responsive-json-new='{\"font-size\":\"desktop:13px;\",\"line-height\":\"desktop:18px;\"}'  style=\"\"><p><span style=\"color: #000000\"><strong>16:35 a 17:00<\/strong><\/span><\/p>\n<p>Cuando abras el ba\u00fal encontrar\u00e1s todo tipo de recuerdos musicales que te remiten a los sentimientos encontrados de las personas<\/p>\n<\/div><\/div><div class=\"icon_list_connector\"  style=\"border: none !important;\"><\/div><\/li><li class=\"icon_list_item\" style=\" font-size:120px;\"><div class=\"icon_list_icon\" data-animation=\"pulse\" data-animation-delay=\"03\" style=\"font-size:40px;border-width:1px;border-style:none;background:#ffffff;color:#333333;border-color:#333333;\"><img decoding=\"async\" class=\"list-img-icon\" alt=\"null\" src=\"https:\/\/www.imer.mx\/lapoderosa\/wp-content\/uploads\/sites\/30\/Texto-10.png\"\/><\/div><div class=\"icon_description\" id=\"Info-list-wrap-5064\" style=\"font-size:40px;\"><h3 class=\"ult-responsive info-list-heading\"  data-ultimate-target='#Info-list-wrap-5064 h3'  data-responsive-json-new='{\"font-size\":\"desktop:16px;\",\"line-height\":\"desktop:24px;\"}'  style=\"\">Desempolvadas Norte\u00f1as<\/h3><div class=\"icon_description_text ult-responsive\"  data-ultimate-target='#Info-list-wrap-5064 .icon_description_text'  data-responsive-json-new='{\"font-size\":\"desktop:13px;\",\"line-height\":\"desktop:18px;\"}'  style=\"\"><p><span style=\"color: #000000\"><strong>17:00 a 18:00<\/strong><\/span><\/p>\n<p>Un programa que revive los grandes \u00e9xitos del norte\u00f1o mexicano, recordando a los m\u00e1ximos exponentes del g\u00e9nero y preservando el legado musical de nuestra tierra<\/p>\n<\/div><\/div><div class=\"icon_list_connector\"  style=\"border: none !important;\"><\/div><\/li><li class=\"icon_list_item\" style=\" font-size:120px;\"><div class=\"icon_list_icon\" data-animation=\"pulse\" data-animation-delay=\"03\" style=\"font-size:40px;border-width:1px;border-style:none;background:#ffffff;color:#333333;border-color:#333333;\"><img decoding=\"async\" class=\"list-img-icon\" alt=\"null\" src=\"https:\/\/www.imer.mx\/lapoderosa\/wp-content\/uploads\/sites\/30\/Texto-10-1.png\"\/><\/div><div class=\"icon_description\" id=\"Info-list-wrap-8299\" style=\"font-size:40px;\"><h3 class=\"ult-responsive info-list-heading\"  data-ultimate-target='#Info-list-wrap-8299 h3'  data-responsive-json-new='{\"font-size\":\"desktop:16px;\",\"line-height\":\"desktop:24px;\"}'  style=\"\">El Poder de la M\u00fasica<\/h3><div class=\"icon_description_text ult-responsive\"  data-ultimate-target='#Info-list-wrap-8299 .icon_description_text'  data-responsive-json-new='{\"font-size\":\"desktop:13px;\",\"line-height\":\"desktop:18px;\"}'  style=\"\"><p><span style=\"color: #000000\"><strong>18:00 a 19:00<\/strong><\/span><\/p>\n<p>El Poder de la M\u00fasica, trae para ti los \u00e9xitos que mueven almas, de todos los g\u00e9neros y \u00e9pocas; la fuerza sonora que conecta coraz\u00f3n, ritmo y pasi\u00f3n en cada nota<\/p>\n<\/div><\/div><div class=\"icon_list_connector\"  style=\"border: none !important;\"><\/div><\/li><li class=\"icon_list_item\" style=\" font-size:120px;\"><div class=\"icon_list_icon\" data-animation=\"pulse\" data-animation-delay=\"03\" style=\"font-size:40px;border-width:1px;border-style:none;background:#ffffff;color:#333333;border-color:#333333;\"><img decoding=\"async\" class=\"list-img-icon\" alt=\"null\" src=\"https:\/\/www.imer.mx\/lapoderosa\/wp-content\/uploads\/sites\/30\/en-contraste-1024x1024.jpg\"\/><\/div><div class=\"icon_description\" id=\"Info-list-wrap-5766\" style=\"font-size:40px;\"><h3 class=\"ult-responsive info-list-heading\"  data-ultimate-target='#Info-list-wrap-5766 h3'  data-responsive-json-new='{\"font-size\":\"desktop:16px;\",\"line-height\":\"desktop:24px;\"}'  style=\"\">En contraste con Gustavo Ram\u00edrez<\/h3><div class=\"icon_description_text ult-responsive\"  data-ultimate-target='#Info-list-wrap-5766 .icon_description_text'  data-responsive-json-new='{\"font-size\":\"desktop:13px;\",\"line-height\":\"desktop:18px;\"}'  style=\"\"><p><span style=\"color: #000000\"><strong>19:00 a 20:00<\/strong><\/span><\/p>\n<p>Espacio informativo de IMER Noticias con Gustavo Ram\u00edrez<\/p>\n<\/div><\/div><div class=\"icon_list_connector\"  style=\"border: none !important;\"><\/div><\/li><li class=\"icon_list_item\" style=\" font-size:120px;\"><div class=\"icon_list_icon\" data-animation=\"pulse\" data-animation-delay=\"03\" style=\"font-size:40px;border-width:1px;border-style:none;background:#ffffff;color:#333333;border-color:#333333;\"><img decoding=\"async\" class=\"list-img-icon\" alt=\"null\" src=\"https:\/\/www.imer.mx\/lapoderosa\/wp-content\/uploads\/sites\/30\/258735134_317980610143636_2378672125563368706_n.png\"\/><\/div><div class=\"icon_description\" id=\"Info-list-wrap-1569\" style=\"font-size:40px;\"><h3 class=\"ult-responsive info-list-heading\"  data-ultimate-target='#Info-list-wrap-1569 h3'  data-responsive-json-new='{\"font-size\":\"desktop:16px;\",\"line-height\":\"desktop:24px;\"}'  style=\"\">Hablemos de Diabetes<\/h3><div class=\"icon_description_text ult-responsive\"  data-ultimate-target='#Info-list-wrap-1569 .icon_description_text'  data-responsive-json-new='{\"font-size\":\"desktop:13px;\",\"line-height\":\"desktop:18px;\"}'  style=\"\"><p><span style=\"color: #000000\"><strong>20:00 a 21:00<\/strong><\/span><\/p>\n<p>Un programa donde expertos y especialistas comparten informaci\u00f3n, consejos y herramientas para prevenir, controlar y vivir mejor con esta condici\u00f3n<\/p>\n<\/div><\/div><div class=\"icon_list_connector\"  style=\"border: none !important;\"><\/div><\/li><li class=\"icon_list_item\" style=\" font-size:120px;\"><div class=\"icon_list_icon\" data-animation=\"pulse\" data-animation-delay=\"03\" style=\"font-size:40px;border-width:1px;border-style:none;background:#ffffff;color:#333333;border-color:#333333;\"><img decoding=\"async\" class=\"list-img-icon\" alt=\"null\" src=\"https:\/\/www.imer.mx\/lapoderosa\/wp-content\/uploads\/sites\/30\/Texto-10-1.png\"\/><\/div><div class=\"icon_description\" id=\"Info-list-wrap-6389\" style=\"font-size:40px;\"><h3 class=\"ult-responsive info-list-heading\"  data-ultimate-target='#Info-list-wrap-6389 h3'  data-responsive-json-new='{\"font-size\":\"desktop:16px;\",\"line-height\":\"desktop:24px;\"}'  style=\"\">El Poder de la M\u00fasica<\/h3><div class=\"icon_description_text ult-responsive\"  data-ultimate-target='#Info-list-wrap-6389 .icon_description_text'  data-responsive-json-new='{\"font-size\":\"desktop:13px;\",\"line-height\":\"desktop:18px;\"}'  style=\"\"><p><span style=\"color: #000000\"><strong>21:00 a 21:30<\/strong><\/span><\/p>\n<p>El Poder de la M\u00fasica, trae para ti los \u00e9xitos que mueven almas, de todos los g\u00e9neros y \u00e9pocas; la fuerza sonora que conecta coraz\u00f3n, ritmo y pasi\u00f3n en cada nota<\/p>\n<\/div><\/div><div class=\"icon_list_connector\"  style=\"border: none !important;\"><\/div><\/li><li class=\"icon_list_item\" style=\" font-size:120px;\"><div class=\"icon_list_icon\" data-animation=\"pulse\" data-animation-delay=\"03\" style=\"font-size:40px;border-width:1px;border-style:none;background:#ffffff;color:#333333;border-color:#333333;\"><img decoding=\"async\" class=\"list-img-icon\" alt=\"null\" src=\"https:\/\/www.imer.mx\/lapoderosa\/wp-content\/uploads\/sites\/30\/158049272_2104258743038577_9003656463725394223_n-1.jpg\"\/><\/div><div class=\"icon_description\" id=\"Info-list-wrap-2464\" style=\"font-size:40px;\"><h3 class=\"ult-responsive info-list-heading\"  data-ultimate-target='#Info-list-wrap-2464 h3'  data-responsive-json-new='{\"font-size\":\"desktop:16px;\",\"line-height\":\"desktop:24px;\"}'  style=\"\">Tiempo de letras<\/h3><div class=\"icon_description_text ult-responsive\"  data-ultimate-target='#Info-list-wrap-2464 .icon_description_text'  data-responsive-json-new='{\"font-size\":\"desktop:13px;\",\"line-height\":\"desktop:18px;\"}'  style=\"\"><p><span style=\"color: #000000\"><strong>21:30 a 21:33<\/strong><\/span><\/p>\n<p>Tiempo de Letras, un espacio breve para descubrir la magia de la literatura a trav\u00e9s de frases, relatos y reflexiones que inspiran y enriquecen el alma<\/p>\n<\/div><\/div><div class=\"icon_list_connector\"  style=\"border: none !important;\"><\/div><\/li><li class=\"icon_list_item\" style=\" font-size:120px;\"><div class=\"icon_list_icon\" data-animation=\"pulse\" data-animation-delay=\"03\" style=\"font-size:40px;border-width:1px;border-style:none;background:#ffffff;color:#333333;border-color:#333333;\"><img decoding=\"async\" class=\"list-img-icon\" alt=\"null\" src=\"https:\/\/www.imer.mx\/lapoderosa\/wp-content\/uploads\/sites\/30\/Texto-10-1.png\"\/><\/div><div class=\"icon_description\" id=\"Info-list-wrap-6365\" style=\"font-size:40px;\"><h3 class=\"ult-responsive info-list-heading\"  data-ultimate-target='#Info-list-wrap-6365 h3'  data-responsive-json-new='{\"font-size\":\"desktop:16px;\",\"line-height\":\"desktop:24px;\"}'  style=\"\">El Poder de la M\u00fasica<\/h3><div class=\"icon_description_text ult-responsive\"  data-ultimate-target='#Info-list-wrap-6365 .icon_description_text'  data-responsive-json-new='{\"font-size\":\"desktop:13px;\",\"line-height\":\"desktop:18px;\"}'  style=\"\"><p><span style=\"color: #000000\"><strong>21:33 a 23:00<\/strong><\/span><\/p>\n<p>El Poder de la M\u00fasica, trae para ti los \u00e9xitos que mueven almas, de todos los g\u00e9neros y \u00e9pocas; la fuerza sonora que conecta coraz\u00f3n, ritmo y pasi\u00f3n en cada nota<\/p>\n<\/div><\/div><div class=\"icon_list_connector\"  style=\"border: none !important;\"><\/div><\/li><li class=\"icon_list_item\" style=\" font-size:120px;\"><div class=\"icon_list_icon\" data-animation=\"pulse\" data-animation-delay=\"03\" style=\"font-size:40px;border-width:1px;border-style:none;background:#ffffff;color:#333333;border-color:#333333;\"><img decoding=\"async\" class=\"list-img-icon\" alt=\"null\" src=\"https:\/\/www.imer.mx\/lapoderosa\/wp-content\/uploads\/sites\/30\/SOLO_PARA_ENAMORADOS.png\"\/><\/div><div class=\"icon_description\" id=\"Info-list-wrap-9123\" style=\"font-size:40px;\"><h3 class=\"ult-responsive info-list-heading\"  data-ultimate-target='#Info-list-wrap-9123 h3'  data-responsive-json-new='{\"font-size\":\"desktop:16px;\",\"line-height\":\"desktop:24px;\"}'  style=\"\">S\u00f3lo para enamorados<\/h3><div class=\"icon_description_text ult-responsive\"  data-ultimate-target='#Info-list-wrap-9123 .icon_description_text'  data-responsive-json-new='{\"font-size\":\"desktop:13px;\",\"line-height\":\"desktop:18px;\"}'  style=\"\"><p><span style=\"color: #000000\"><strong>23:00 a 24:00<\/strong><\/span><\/p>\n<p>En la noche y a obscuras es cuando los enamorados disfrutan de \u00e9ste programa, en el que la m\u00fasica rom\u00e1ntica y la poes\u00eda\u00a0 son los protagonistas<\/p>\n<\/div><\/div><div class=\"icon_list_connector\"  style=\"border: none !important;\"><\/div><\/li><\/ul><\/div>[\/vc_column_inner][\/vc_row_inner][\/vc_tta_section][vc_tta_section title=&#8221;Martes&#8221; tab_id=&#8221;1720112621439-320da426-201d&#8221;][vc_row_inner][vc_column_inner]<div class=\"smile_icon_list_wrap ult_info_list_container ult-adjust-bottom-margin  \"><ul class=\"smile_icon_list left square with_bg\"><li class=\"icon_list_item\" style=\" font-size:120px;\"><div class=\"icon_list_icon\" data-animation=\"pulse\" data-animation-delay=\"03\" style=\"font-size:40px;border-width:1px;border-style:none;background:#ffffff;color:#333333;border-color:#333333;\"><img decoding=\"async\" class=\"list-img-icon\" alt=\"null\" src=\"https:\/\/www.imer.mx\/lapoderosa\/wp-content\/uploads\/sites\/30\/587603962_1390574749557062_4599814480446585837_n.jpg\"\/><\/div><div class=\"icon_description\" id=\"Info-list-wrap-1117\" style=\"font-size:40px;\"><h3 class=\"ult-responsive info-list-heading\"  data-ultimate-target='#Info-list-wrap-1117 h3'  data-responsive-json-new='{\"font-size\":\"desktop:16px;\",\"line-height\":\"desktop:24px;\"}'  style=\"\">Himno Nacional y Coahuilense<\/h3><div class=\"icon_description_text ult-responsive\"  data-ultimate-target='#Info-list-wrap-1117 .icon_description_text'  data-responsive-json-new='{\"font-size\":\"desktop:13px;\",\"line-height\":\"desktop:18px;\"}'  style=\"\"><p><span style=\"color: #000000\"><strong>00:00 a 00:05<\/strong><\/span><\/p>\n<p>Con orgullo y fervor, entonamos el Himno Nacional Coahuilense, un canto que celebra la grandeza, historia y valent\u00eda de nuestra tierra, honrando a su gente y sus tradiciones<\/p>\n<\/div><\/div><div class=\"icon_list_connector\"  style=\"border: none !important;\"><\/div><\/li><li class=\"icon_list_item\" style=\" font-size:120px;\"><div class=\"icon_list_icon\" data-animation=\"pulse\" data-animation-delay=\"03\" style=\"font-size:40px;border-width:1px;border-style:none;background:#ffffff;color:#333333;border-color:#333333;\"><img decoding=\"async\" class=\"list-img-icon\" alt=\"null\" src=\"https:\/\/www.imer.mx\/lapoderosa\/wp-content\/uploads\/sites\/30\/LA_HORA.png\"\/><\/div><div class=\"icon_description\" id=\"Info-list-wrap-8431\" style=\"font-size:40px;\"><h3 class=\"ult-responsive info-list-heading\"  data-ultimate-target='#Info-list-wrap-8431 h3'  data-responsive-json-new='{\"font-size\":\"desktop:16px;\",\"line-height\":\"desktop:24px;\"}'  style=\"\">La Hora De Las Complacencias<\/h3><div class=\"icon_description_text ult-responsive\"  data-ultimate-target='#Info-list-wrap-8431 .icon_description_text'  data-responsive-json-new='{\"font-size\":\"desktop:13px;\",\"line-height\":\"desktop:18px;\"}'  style=\"\"><p><span style=\"color: #000000\"><strong>00:05 a 01:00<\/strong><\/span><\/p>\n<p>En la hora de las complacencias, t\u00fa eliges la m\u00fasica. Pide tus temas favoritos y disfruta de una hora llena de recuerdos, emociones y dedicatorias especiales<\/p>\n<\/div><\/div><div class=\"icon_list_connector\"  style=\"border: none !important;\"><\/div><\/li><li class=\"icon_list_item\" style=\" font-size:120px;\"><div class=\"icon_list_icon\" data-animation=\"pulse\" data-animation-delay=\"03\" style=\"font-size:40px;border-width:1px;border-style:none;background:#ffffff;color:#333333;border-color:#333333;\"><img decoding=\"async\" class=\"list-img-icon\" alt=\"null\" src=\"https:\/\/www.imer.mx\/lapoderosa\/wp-content\/uploads\/sites\/30\/EL_BA\u00daL.png\"\/><\/div><div class=\"icon_description\" id=\"Info-list-wrap-6725\" style=\"font-size:40px;\"><h3 class=\"ult-responsive info-list-heading\"  data-ultimate-target='#Info-list-wrap-6725 h3'  data-responsive-json-new='{\"font-size\":\"desktop:16px;\",\"line-height\":\"desktop:24px;\"}'  style=\"\">El Ba\u00fal De Los Recuerdos<\/h3><div class=\"icon_description_text ult-responsive\"  data-ultimate-target='#Info-list-wrap-6725 .icon_description_text'  data-responsive-json-new='{\"font-size\":\"desktop:13px;\",\"line-height\":\"desktop:18px;\"}'  style=\"\"><p><span style=\"color: #000000\"><strong>01:00 a 02:00<\/strong><\/span><\/p>\n<p>Cuando abras el ba\u00fal encontrar\u00e1s todo tipo de recuerdos musicales que te remiten a los sentimientos encontrados de las personas<\/p>\n<\/div><\/div><div class=\"icon_list_connector\"  style=\"border: none !important;\"><\/div><\/li><li class=\"icon_list_item\" style=\" font-size:120px;\"><div class=\"icon_list_icon\" data-animation=\"pulse\" data-animation-delay=\"03\" style=\"font-size:40px;border-width:1px;border-style:none;background:#ffffff;color:#333333;border-color:#333333;\"><img decoding=\"async\" class=\"list-img-icon\" alt=\"null\" src=\"https:\/\/www.imer.mx\/lapoderosa\/wp-content\/uploads\/sites\/30\/EL-PODER-DE-LA-MUSICA-1.gif\"\/><\/div><div class=\"icon_description\" id=\"Info-list-wrap-5944\" style=\"font-size:40px;\"><h3 class=\"ult-responsive info-list-heading\"  data-ultimate-target='#Info-list-wrap-5944 h3'  data-responsive-json-new='{\"font-size\":\"desktop:16px;\",\"line-height\":\"desktop:24px;\"}'  style=\"\">El Poder de la M\u00fasica<\/h3><div class=\"icon_description_text ult-responsive\"  data-ultimate-target='#Info-list-wrap-5944 .icon_description_text'  data-responsive-json-new='{\"font-size\":\"desktop:13px;\",\"line-height\":\"desktop:18px;\"}'  style=\"\"><p><span style=\"color: #000000\"><strong>02:00 a 03:00<\/strong><\/span><\/p>\n<p>M\u00fasica\u00a0continua\u00a0con comentarios del locutor en turno en donde podr\u00e1s escuchar novedades musicales y\u00a0\u00e9xitos del momento.<\/p>\n<\/div><\/div><div class=\"icon_list_connector\"  style=\"border: none !important;\"><\/div><\/li><li class=\"icon_list_item\" style=\" font-size:120px;\"><div class=\"icon_list_icon\" data-animation=\"pulse\" data-animation-delay=\"03\" style=\"font-size:40px;border-width:1px;border-style:none;background:#ffffff;color:#333333;border-color:#333333;\"><img decoding=\"async\" class=\"list-img-icon\" alt=\"null\" src=\"https:\/\/www.imer.mx\/lapoderosa\/wp-content\/uploads\/sites\/30\/L\u00cdNEA_ABIERTA.png\"\/><\/div><div class=\"icon_description\" id=\"Info-list-wrap-2833\" style=\"font-size:40px;\"><h3 class=\"ult-responsive info-list-heading\"  data-ultimate-target='#Info-list-wrap-2833 h3'  data-responsive-json-new='{\"font-size\":\"desktop:16px;\",\"line-height\":\"desktop:24px;\"}'  style=\"\">L\u00ednea abierta<\/h3><div class=\"icon_description_text ult-responsive\"  data-ultimate-target='#Info-list-wrap-2833 .icon_description_text'  data-responsive-json-new='{\"font-size\":\"desktop:13px;\",\"line-height\":\"desktop:18px;\"}'  style=\"\"><p><span style=\"color: #000000\"><strong>03:00<\/strong><\/span><span style=\"color: #000000\"><strong> a 04:00<\/strong><\/span><\/p>\n<p>Programa hablado en el que se abordan temas de inter\u00e9s migratorio, noticias di\u00e1logo y comentario producido por Radio Biling\u00fce desde Fresno California<\/p>\n<\/div><\/div><div class=\"icon_list_connector\"  style=\"border: none !important;\"><\/div><\/li><li class=\"icon_list_item\" style=\" font-size:120px;\"><div class=\"icon_list_icon\" data-animation=\"pulse\" data-animation-delay=\"03\" style=\"font-size:40px;border-width:1px;border-style:none;background:#ffffff;color:#333333;border-color:#333333;\"><img decoding=\"async\" class=\"list-img-icon\" alt=\"null\" src=\"https:\/\/www.imer.mx\/lapoderosa\/wp-content\/uploads\/sites\/30\/Texto-10.png\"\/><\/div><div class=\"icon_description\" id=\"Info-list-wrap-5208\" style=\"font-size:40px;\"><h3 class=\"ult-responsive info-list-heading\"  data-ultimate-target='#Info-list-wrap-5208 h3'  data-responsive-json-new='{\"font-size\":\"desktop:16px;\",\"line-height\":\"desktop:24px;\"}'  style=\"\">Desempolvadas Norte\u00f1as<\/h3><div class=\"icon_description_text ult-responsive\"  data-ultimate-target='#Info-list-wrap-5208 .icon_description_text'  data-responsive-json-new='{\"font-size\":\"desktop:13px;\",\"line-height\":\"desktop:18px;\"}'  style=\"\"><p><span style=\"color: #000000\"><strong>04:00 a 05:00<\/strong><\/span><\/p>\n<p>Un programa que revive los grandes \u00e9xitos del norte\u00f1o mexicano, recordando a los m\u00e1ximos exponentes del g\u00e9nero y preservando el legado musical de nuestra tierra<\/p>\n<\/div><\/div><div class=\"icon_list_connector\"  style=\"border: none !important;\"><\/div><\/li><li class=\"icon_list_item\" style=\" font-size:120px;\"><div class=\"icon_list_icon\" data-animation=\"pulse\" data-animation-delay=\"03\" style=\"font-size:40px;border-width:1px;border-style:none;background:#ffffff;color:#333333;border-color:#333333;\"><img decoding=\"async\" class=\"list-img-icon\" alt=\"null\" src=\"https:\/\/www.imer.mx\/lapoderosa\/wp-content\/uploads\/sites\/30\/Texto-11-1.png\"\/><\/div><div class=\"icon_description\" id=\"Info-list-wrap-4724\" style=\"font-size:40px;\"><h3 class=\"ult-responsive info-list-heading\"  data-ultimate-target='#Info-list-wrap-4724 h3'  data-responsive-json-new='{\"font-size\":\"desktop:16px;\",\"line-height\":\"desktop:24px;\"}'  style=\"\">El Canto De M\u00e9xico<\/h3><div class=\"icon_description_text ult-responsive\"  data-ultimate-target='#Info-list-wrap-4724 .icon_description_text'  data-responsive-json-new='{\"font-size\":\"desktop:13px;\",\"line-height\":\"desktop:18px;\"}'  style=\"\"><p><span style=\"color: #000000\"><strong>05:00 a 06:00<\/strong><\/span><\/p>\n<p>Identif\u00edcate con un programa lleno de m\u00fasica mexicana con interpretes reconocidos de talla internacional<\/p>\n<\/div><\/div><div class=\"icon_list_connector\"  style=\"border: none !important;\"><\/div><\/li><li class=\"icon_list_item\" style=\" font-size:120px;\"><div class=\"icon_list_icon\" data-animation=\"pulse\" data-animation-delay=\"03\" style=\"font-size:40px;border-width:1px;border-style:none;background:#ffffff;color:#333333;border-color:#333333;\"><img decoding=\"async\" class=\"list-img-icon\" alt=\"null\" src=\"https:\/\/www.imer.mx\/lapoderosa\/wp-content\/uploads\/sites\/30\/587603962_1390574749557062_4599814480446585837_n.jpg\"\/><\/div><div class=\"icon_description\" id=\"Info-list-wrap-4136\" style=\"font-size:40px;\"><h3 class=\"ult-responsive info-list-heading\"  data-ultimate-target='#Info-list-wrap-4136 h3'  data-responsive-json-new='{\"font-size\":\"desktop:16px;\",\"line-height\":\"desktop:24px;\"}'  style=\"\">Himno Nacional y Coahuilense<\/h3><div class=\"icon_description_text ult-responsive\"  data-ultimate-target='#Info-list-wrap-4136 .icon_description_text'  data-responsive-json-new='{\"font-size\":\"desktop:13px;\",\"line-height\":\"desktop:18px;\"}'  style=\"\"><p><span style=\"color: #000000\"><strong>06:00 a 06:05<\/strong><\/span><\/p>\n<p>Con orgullo y fervor, entonamos el Himno Nacional Coahuilense, un canto que celebra la grandeza, historia y valent\u00eda de nuestra tierra, honrando a su gente y sus tradiciones<\/p>\n<\/div><\/div><div class=\"icon_list_connector\"  style=\"border: none !important;\"><\/div><\/li><li class=\"icon_list_item\" style=\" font-size:120px;\"><div class=\"icon_list_icon\" data-animation=\"pulse\" data-animation-delay=\"03\" style=\"font-size:40px;border-width:1px;border-style:none;background:#ffffff;color:#333333;border-color:#333333;\"><img decoding=\"async\" class=\"list-img-icon\" alt=\"null\" src=\"https:\/\/www.imer.mx\/lapoderosa\/wp-content\/uploads\/sites\/30\/EL-PODER-DE-LA-MUSICA-1.gif\"\/><\/div><div class=\"icon_description\" id=\"Info-list-wrap-3766\" style=\"font-size:40px;\"><h3 class=\"ult-responsive info-list-heading\"  data-ultimate-target='#Info-list-wrap-3766 h3'  data-responsive-json-new='{\"font-size\":\"desktop:16px;\",\"line-height\":\"desktop:24px;\"}'  style=\"\">El Poder de la M\u00fasica<\/h3><div class=\"icon_description_text ult-responsive\"  data-ultimate-target='#Info-list-wrap-3766 .icon_description_text'  data-responsive-json-new='{\"font-size\":\"desktop:13px;\",\"line-height\":\"desktop:18px;\"}'  style=\"\"><p><span style=\"color: #000000\"><strong>06:05 a 08:00<\/strong><\/span><\/p>\n<p>El Poder de la M\u00fasica, trae para ti los \u00e9xitos que mueven almas, de todos los g\u00e9neros y \u00e9pocas; la fuerza sonora que conecta coraz\u00f3n, ritmo y pasi\u00f3n en cada nota<\/p>\n<\/div><\/div><div class=\"icon_list_connector\"  style=\"border: none !important;\"><\/div><\/li><li class=\"icon_list_item\" style=\" font-size:120px;\"><div class=\"icon_list_icon\" data-animation=\"pulse\" data-animation-delay=\"03\" style=\"font-size:40px;border-width:1px;border-style:none;background:#ffffff;color:#333333;border-color:#333333;\"><img decoding=\"async\" class=\"list-img-icon\" alt=\"null\" src=\"https:\/\/www.imer.mx\/lapoderosa\/wp-content\/uploads\/sites\/30\/Diseno-sin-titulo-16.png\"\/><\/div><div class=\"icon_description\" id=\"Info-list-wrap-8786\" style=\"font-size:40px;\"><h3 class=\"ult-responsive info-list-heading\"  data-ultimate-target='#Info-list-wrap-8786 h3'  data-responsive-json-new='{\"font-size\":\"desktop:16px;\",\"line-height\":\"desktop:24px;\"}'  style=\"\">IMER noticias, primera edici\u00f3n<\/h3><div class=\"icon_description_text ult-responsive\"  data-ultimate-target='#Info-list-wrap-8786 .icon_description_text'  data-responsive-json-new='{\"font-size\":\"desktop:13px;\",\"line-height\":\"desktop:18px;\"}'  style=\"\"><p><span style=\"color: #000000\"><strong>08:00 a 11:00<\/strong><\/span><\/p>\n<p><span style=\"color: #000000\">Espacio informativo de IMER noticas con Alberto N\u00e1jar<\/span><\/p>\n<\/div><\/div><div class=\"icon_list_connector\"  style=\"border: none !important;\"><\/div><\/li><li class=\"icon_list_item\" style=\" font-size:120px;\"><div class=\"icon_list_icon\" data-animation=\"pulse\" data-animation-delay=\"03\" style=\"font-size:40px;border-width:1px;border-style:none;background:#ffffff;color:#333333;border-color:#333333;\"><img decoding=\"async\" class=\"list-img-icon\" alt=\"null\" src=\"https:\/\/www.imer.mx\/lapoderosa\/wp-content\/uploads\/sites\/30\/aqui-entre-dos.png\"\/><\/div><div class=\"icon_description\" id=\"Info-list-wrap-6944\" style=\"font-size:40px;\"><h3 class=\"ult-responsive info-list-heading\"  data-ultimate-target='#Info-list-wrap-6944 h3'  data-responsive-json-new='{\"font-size\":\"desktop:16px;\",\"line-height\":\"desktop:24px;\"}'  style=\"\">Aqu\u00ed entre dos<\/h3><div class=\"icon_description_text ult-responsive\"  data-ultimate-target='#Info-list-wrap-6944 .icon_description_text'  data-responsive-json-new='{\"font-size\":\"desktop:13px;\",\"line-height\":\"desktop:18px;\"}'  style=\"\"><p><span style=\"color: #000000\"><strong>11:00 a 12:00<\/strong><\/span><\/p>\n<p><span style=\"color: #000000\">Espacio de entrevistas de IMER noticias con Patricia Betaza<\/span><\/p>\n<\/div><\/div><div class=\"icon_list_connector\"  style=\"border: none !important;\"><\/div><\/li><li class=\"icon_list_item\" style=\" font-size:120px;\"><div class=\"icon_list_icon\" data-animation=\"pulse\" data-animation-delay=\"03\" style=\"font-size:40px;border-width:1px;border-style:none;background:#ffffff;color:#333333;border-color:#333333;\"><img decoding=\"async\" class=\"list-img-icon\" alt=\"null\" src=\"https:\/\/www.imer.mx\/lapoderosa\/wp-content\/uploads\/sites\/30\/Texto-10-1.png\"\/><\/div><div class=\"icon_description\" id=\"Info-list-wrap-4765\" style=\"font-size:40px;\"><h3 class=\"ult-responsive info-list-heading\"  data-ultimate-target='#Info-list-wrap-4765 h3'  data-responsive-json-new='{\"font-size\":\"desktop:16px;\",\"line-height\":\"desktop:24px;\"}'  style=\"\">El Poder de la M\u00fasica<\/h3><div class=\"icon_description_text ult-responsive\"  data-ultimate-target='#Info-list-wrap-4765 .icon_description_text'  data-responsive-json-new='{\"font-size\":\"desktop:13px;\",\"line-height\":\"desktop:18px;\"}'  style=\"\"><p><span style=\"color: #000000\"><strong>12:00 a 12:30<\/strong><\/span><\/p>\n<p>El Poder de la M\u00fasica, trae para ti los \u00e9xitos que mueven almas, de todos los g\u00e9neros y \u00e9pocas; la fuerza sonora que conecta coraz\u00f3n, ritmo y pasi\u00f3n en cada nota<\/p>\n<\/div><\/div><div class=\"icon_list_connector\"  style=\"border: none !important;\"><\/div><\/li><li class=\"icon_list_item\" style=\" font-size:120px;\"><div class=\"icon_list_icon\" data-animation=\"pulse\" data-animation-delay=\"03\" style=\"font-size:40px;border-width:1px;border-style:none;background:#ffffff;color:#333333;border-color:#333333;\"><img decoding=\"async\" class=\"list-img-icon\" alt=\"null\" src=\"https:\/\/www.imer.mx\/lapoderosa\/wp-content\/uploads\/sites\/30\/EIXsuawd_400x400-1.jpg\"\/><\/div><div class=\"icon_description\" id=\"Info-list-wrap-6010\" style=\"font-size:40px;\"><h3 class=\"ult-responsive info-list-heading\"  data-ultimate-target='#Info-list-wrap-6010 h3'  data-responsive-json-new='{\"font-size\":\"desktop:16px;\",\"line-height\":\"desktop:24px;\"}'  style=\"\">RTC<\/h3><div class=\"icon_description_text ult-responsive\"  data-ultimate-target='#Info-list-wrap-6010 .icon_description_text'  data-responsive-json-new='{\"font-size\":\"desktop:13px;\",\"line-height\":\"desktop:18px;\"}'  style=\"\"><p><span style=\"color: #000000\"><strong>12:30 a 12:35<\/strong><\/span><\/p>\n<p>Espacio de la Direcci\u00f3n General de Radio, Televisi\u00f3n y Cinematograf\u00eda<\/p>\n<\/div><\/div><div class=\"icon_list_connector\"  style=\"border: none !important;\"><\/div><\/li><li class=\"icon_list_item\" style=\" font-size:120px;\"><div class=\"icon_list_icon\" data-animation=\"pulse\" data-animation-delay=\"03\" style=\"font-size:40px;border-width:1px;border-style:none;background:#ffffff;color:#333333;border-color:#333333;\"><img decoding=\"async\" class=\"list-img-icon\" alt=\"null\" src=\"https:\/\/www.imer.mx\/lapoderosa\/wp-content\/uploads\/sites\/30\/La-Poderosas-WEB.fw_.png\"\/><\/div><div class=\"icon_description\" id=\"Info-list-wrap-5485\" style=\"font-size:40px;\"><h3 class=\"ult-responsive info-list-heading\"  data-ultimate-target='#Info-list-wrap-5485 h3'  data-responsive-json-new='{\"font-size\":\"desktop:16px;\",\"line-height\":\"desktop:24px;\"}'  style=\"\">Minutos nutritivos<\/h3><div class=\"icon_description_text ult-responsive\"  data-ultimate-target='#Info-list-wrap-5485 .icon_description_text'  data-responsive-json-new='{\"font-size\":\"desktop:13px;\",\"line-height\":\"desktop:18px;\"}'  style=\"\"><p><span style=\"color: #000000\"><strong>12:35 a 12:38<\/strong><\/span><\/p>\n<p><span style=\"color: #000000\">C\u00e1psulas breves con consejos pr\u00e1cticos para mejorar tu alimentaci\u00f3n y cuidar tu salud, porque peque\u00f1os cambios hacen una gran diferencia<\/span><\/p>\n<\/div><\/div><div class=\"icon_list_connector\"  style=\"border: none !important;\"><\/div><\/li><li class=\"icon_list_item\" style=\" font-size:120px;\"><div class=\"icon_list_icon\" data-animation=\"pulse\" data-animation-delay=\"03\" style=\"font-size:40px;border-width:1px;border-style:none;background:#ffffff;color:#333333;border-color:#333333;\"><img decoding=\"async\" class=\"list-img-icon\" alt=\"null\" src=\"https:\/\/www.imer.mx\/lapoderosa\/wp-content\/uploads\/sites\/30\/Texto-10-1.png\"\/><\/div><div class=\"icon_description\" id=\"Info-list-wrap-3131\" style=\"font-size:40px;\"><h3 class=\"ult-responsive info-list-heading\"  data-ultimate-target='#Info-list-wrap-3131 h3'  data-responsive-json-new='{\"font-size\":\"desktop:16px;\",\"line-height\":\"desktop:24px;\"}'  style=\"\">El Poder de la M\u00fasica<\/h3><div class=\"icon_description_text ult-responsive\"  data-ultimate-target='#Info-list-wrap-3131 .icon_description_text'  data-responsive-json-new='{\"font-size\":\"desktop:13px;\",\"line-height\":\"desktop:18px;\"}'  style=\"\"><p><span style=\"color: #000000\"><strong>12:38 a 13:00<\/strong><\/span><\/p>\n<p>El Poder de la M\u00fasica, trae para ti los \u00e9xitos que mueven almas, de todos los g\u00e9neros y \u00e9pocas; la fuerza sonora que conecta coraz\u00f3n, ritmo y pasi\u00f3n en cada nota<\/p>\n<\/div><\/div><div class=\"icon_list_connector\"  style=\"border: none !important;\"><\/div><\/li><li class=\"icon_list_item\" style=\" font-size:120px;\"><div class=\"icon_list_icon\" data-animation=\"pulse\" data-animation-delay=\"03\" style=\"font-size:40px;border-width:1px;border-style:none;background:#ffffff;color:#333333;border-color:#333333;\"><img decoding=\"async\" class=\"list-img-icon\" alt=\"null\" src=\"https:\/\/www.imer.mx\/lapoderosa\/wp-content\/uploads\/sites\/30\/BINGO-min-1.jpg\"\/><\/div><div class=\"icon_description\" id=\"Info-list-wrap-9931\" style=\"font-size:40px;\"><h3 class=\"ult-responsive info-list-heading\"  data-ultimate-target='#Info-list-wrap-9931 h3'  data-responsive-json-new='{\"font-size\":\"desktop:16px;\",\"line-height\":\"desktop:24px;\"}'  style=\"\">Bingo<\/h3><div class=\"icon_description_text ult-responsive\"  data-ultimate-target='#Info-list-wrap-9931 .icon_description_text'  data-responsive-json-new='{\"font-size\":\"desktop:13px;\",\"line-height\":\"desktop:18px;\"}'  style=\"\"><p><span style=\"color: #000000\"><strong>13:00 a 13:05<\/strong><\/span><\/p>\n<p>El Bingo se gana uniendo 5 n\u00fameros de manera vertical, horizontal o diagonal en una plantilla, pero en IMER se gana el Bingo escuchando los 5 episodios de un tema en una semana<\/p>\n<\/div><\/div><div class=\"icon_list_connector\"  style=\"border: none !important;\"><\/div><a class=\"ulimate-info-list-link\" href=\"https:\/\/www.imer.mx\/programas\/programas-imer\/bingo\/\" target=\"_blank\" rel=\"noopener\" ><\/a><\/li><li class=\"icon_list_item\" style=\" font-size:120px;\"><div class=\"icon_list_icon\" data-animation=\"pulse\" data-animation-delay=\"03\" style=\"font-size:40px;border-width:1px;border-style:none;background:#ffffff;color:#333333;border-color:#333333;\"><img decoding=\"async\" class=\"list-img-icon\" alt=\"null\" src=\"https:\/\/www.imer.mx\/lapoderosa\/wp-content\/uploads\/sites\/30\/Texto-10-1.png\"\/><\/div><div class=\"icon_description\" id=\"Info-list-wrap-2068\" style=\"font-size:40px;\"><h3 class=\"ult-responsive info-list-heading\"  data-ultimate-target='#Info-list-wrap-2068 h3'  data-responsive-json-new='{\"font-size\":\"desktop:16px;\",\"line-height\":\"desktop:24px;\"}'  style=\"\">El Poder de la M\u00fasica<\/h3><div class=\"icon_description_text ult-responsive\"  data-ultimate-target='#Info-list-wrap-2068 .icon_description_text'  data-responsive-json-new='{\"font-size\":\"desktop:13px;\",\"line-height\":\"desktop:18px;\"}'  style=\"\"><p><span style=\"color: #000000\"><strong>13<\/strong><\/span><span style=\"color: #000000\"><strong>:05 a 14:00<\/strong><\/span><\/p>\n<p>El Poder de la M\u00fasica, trae para ti los \u00e9xitos que mueven almas, de todos los g\u00e9neros y \u00e9pocas; la fuerza sonora que conecta coraz\u00f3n, ritmo y pasi\u00f3n en cada nota<\/p>\n<\/div><\/div><div class=\"icon_list_connector\"  style=\"border: none !important;\"><\/div><\/li><li class=\"icon_list_item\" style=\" font-size:120px;\"><div class=\"icon_list_icon\" data-animation=\"pulse\" data-animation-delay=\"03\" style=\"font-size:40px;border-width:1px;border-style:none;background:#ffffff;color:#333333;border-color:#333333;\"><img decoding=\"async\" class=\"list-img-icon\" alt=\"null\" src=\"https:\/\/www.imer.mx\/lapoderosa\/wp-content\/uploads\/sites\/30\/Imer-noticias-2.png\"\/><\/div><div class=\"icon_description\" id=\"Info-list-wrap-3230\" style=\"font-size:40px;\"><h3 class=\"ult-responsive info-list-heading\"  data-ultimate-target='#Info-list-wrap-3230 h3'  data-responsive-json-new='{\"font-size\":\"desktop:16px;\",\"line-height\":\"desktop:24px;\"}'  style=\"\">IMER noticias, segunda edici\u00f3n<\/h3><div class=\"icon_description_text ult-responsive\"  data-ultimate-target='#Info-list-wrap-3230 .icon_description_text'  data-responsive-json-new='{\"font-size\":\"desktop:13px;\",\"line-height\":\"desktop:18px;\"}'  style=\"\"><p><span style=\"color: #000000\"><strong>14:00 a 16:00<\/strong><\/span><\/p>\n<p><span style=\"color: #000000\">Espacio informativo de IMER noticias con Berenice Rodr\u00edguez<\/span><\/p>\n<\/div><\/div><div class=\"icon_list_connector\"  style=\"border: none !important;\"><\/div><a class=\"ulimate-info-list-link\" href=\"http:\/\/noticias.imer.mx\/\" target=\"_blank\" rel=\"noopener\" ><\/a><\/li><li class=\"icon_list_item\" style=\" font-size:120px;\"><div class=\"icon_list_icon\" data-animation=\"pulse\" data-animation-delay=\"03\" style=\"font-size:40px;border-width:1px;border-style:none;background:#ffffff;color:#333333;border-color:#333333;\"><img decoding=\"async\" class=\"list-img-icon\" alt=\"null\" src=\"https:\/\/www.imer.mx\/lapoderosa\/wp-content\/uploads\/sites\/30\/EL_BA\u00daL.png\"\/><\/div><div class=\"icon_description\" id=\"Info-list-wrap-2881\" style=\"font-size:40px;\"><h3 class=\"ult-responsive info-list-heading\"  data-ultimate-target='#Info-list-wrap-2881 h3'  data-responsive-json-new='{\"font-size\":\"desktop:16px;\",\"line-height\":\"desktop:24px;\"}'  style=\"\">El Ba\u00fal De Los Recuerdos<\/h3><div class=\"icon_description_text ult-responsive\"  data-ultimate-target='#Info-list-wrap-2881 .icon_description_text'  data-responsive-json-new='{\"font-size\":\"desktop:13px;\",\"line-height\":\"desktop:18px;\"}'  style=\"\"><p><span style=\"color: #000000\"><strong>16:00 a 16:30<\/strong><\/span><\/p>\n<p>Cuando abras el ba\u00fal encontrar\u00e1s todo tipo de recuerdos musicales que te remiten a los sentimientos encontrados de las personas<\/p>\n<\/div><\/div><div class=\"icon_list_connector\"  style=\"border: none !important;\"><\/div><\/li><li class=\"icon_list_item\" style=\" font-size:120px;\"><div class=\"icon_list_icon\" data-animation=\"pulse\" data-animation-delay=\"03\" style=\"font-size:40px;border-width:1px;border-style:none;background:#ffffff;color:#333333;border-color:#333333;\"><img decoding=\"async\" class=\"list-img-icon\" alt=\"null\" src=\"https:\/\/www.imer.mx\/lapoderosa\/wp-content\/uploads\/sites\/30\/EIXsuawd_400x400-1.jpg\"\/><\/div><div class=\"icon_description\" id=\"Info-list-wrap-2777\" style=\"font-size:40px;\"><h3 class=\"ult-responsive info-list-heading\"  data-ultimate-target='#Info-list-wrap-2777 h3'  data-responsive-json-new='{\"font-size\":\"desktop:16px;\",\"line-height\":\"desktop:24px;\"}'  style=\"\">RTC<\/h3><div class=\"icon_description_text ult-responsive\"  data-ultimate-target='#Info-list-wrap-2777 .icon_description_text'  data-responsive-json-new='{\"font-size\":\"desktop:13px;\",\"line-height\":\"desktop:18px;\"}'  style=\"\"><p><span style=\"color: #000000\"><strong>16:30 a 16:35<\/strong><\/span><\/p>\n<p>Espacio de la Direcci\u00f3n General de Radio, Televisi\u00f3n y Cinematograf\u00eda<\/p>\n<\/div><\/div><div class=\"icon_list_connector\"  style=\"border: none !important;\"><\/div><\/li><li class=\"icon_list_item\" style=\" font-size:120px;\"><div class=\"icon_list_icon\" data-animation=\"pulse\" data-animation-delay=\"03\" style=\"font-size:40px;border-width:1px;border-style:none;background:#ffffff;color:#333333;border-color:#333333;\"><img decoding=\"async\" class=\"list-img-icon\" alt=\"null\" src=\"https:\/\/www.imer.mx\/lapoderosa\/wp-content\/uploads\/sites\/30\/EL_BA\u00daL.png\"\/><\/div><div class=\"icon_description\" id=\"Info-list-wrap-1314\" style=\"font-size:40px;\"><h3 class=\"ult-responsive info-list-heading\"  data-ultimate-target='#Info-list-wrap-1314 h3'  data-responsive-json-new='{\"font-size\":\"desktop:16px;\",\"line-height\":\"desktop:24px;\"}'  style=\"\">El Ba\u00fal De Los Recuerdos<\/h3><div class=\"icon_description_text ult-responsive\"  data-ultimate-target='#Info-list-wrap-1314 .icon_description_text'  data-responsive-json-new='{\"font-size\":\"desktop:13px;\",\"line-height\":\"desktop:18px;\"}'  style=\"\"><p><span style=\"color: #000000\"><strong>16:35 a 17:00<\/strong><\/span><\/p>\n<p>Cuando abras el ba\u00fal encontrar\u00e1s todo tipo de recuerdos musicales que te remiten a los sentimientos encontrados de las personas<\/p>\n<\/div><\/div><div class=\"icon_list_connector\"  style=\"border: none !important;\"><\/div><\/li><li class=\"icon_list_item\" style=\" font-size:120px;\"><div class=\"icon_list_icon\" data-animation=\"pulse\" data-animation-delay=\"03\" style=\"font-size:40px;border-width:1px;border-style:none;background:#ffffff;color:#333333;border-color:#333333;\"><img decoding=\"async\" class=\"list-img-icon\" alt=\"null\" src=\"https:\/\/www.imer.mx\/lapoderosa\/wp-content\/uploads\/sites\/30\/Texto-10.png\"\/><\/div><div class=\"icon_description\" id=\"Info-list-wrap-7880\" style=\"font-size:40px;\"><h3 class=\"ult-responsive info-list-heading\"  data-ultimate-target='#Info-list-wrap-7880 h3'  data-responsive-json-new='{\"font-size\":\"desktop:16px;\",\"line-height\":\"desktop:24px;\"}'  style=\"\">Desempolvadas Norte\u00f1as<\/h3><div class=\"icon_description_text ult-responsive\"  data-ultimate-target='#Info-list-wrap-7880 .icon_description_text'  data-responsive-json-new='{\"font-size\":\"desktop:13px;\",\"line-height\":\"desktop:18px;\"}'  style=\"\"><p><span style=\"color: #000000\"><strong>17:00 a 17:30<\/strong><\/span><\/p>\n<p>Un programa que revive los grandes \u00e9xitos del norte\u00f1o mexicano, recordando a los m\u00e1ximos exponentes del g\u00e9nero y preservando el legado musical de nuestra tierra<\/p>\n<\/div><\/div><div class=\"icon_list_connector\"  style=\"border: none !important;\"><\/div><\/li><li class=\"icon_list_item\" style=\" font-size:120px;\"><div class=\"icon_list_icon\" data-animation=\"pulse\" data-animation-delay=\"03\" style=\"font-size:40px;border-width:1px;border-style:none;background:#ffffff;color:#333333;border-color:#333333;\"><img decoding=\"async\" class=\"list-img-icon\" alt=\"null\" src=\"https:\/\/www.imer.mx\/lapoderosa\/wp-content\/uploads\/sites\/30\/158049272_2104258743038577_9003656463725394223_n.jpg\"\/><\/div><div class=\"icon_description\" id=\"Info-list-wrap-1013\" style=\"font-size:40px;\"><h3 class=\"ult-responsive info-list-heading\"  data-ultimate-target='#Info-list-wrap-1013 h3'  data-responsive-json-new='{\"font-size\":\"desktop:16px;\",\"line-height\":\"desktop:24px;\"}'  style=\"\">Voces en tr\u00e1nsito<\/h3><div class=\"icon_description_text ult-responsive\"  data-ultimate-target='#Info-list-wrap-1013 .icon_description_text'  data-responsive-json-new='{\"font-size\":\"desktop:13px;\",\"line-height\":\"desktop:18px;\"}'  style=\"\"><p><span style=\"color: #000000\"><strong>17:30 a 18:00<\/strong><\/span><\/p>\n<p><span style=\"color: #000000\">Un espacio para visibilizar las historias y desaf\u00edos de las infancias y comunidades migrantes. Escucha las experiencias, retos y esperanzas de quienes viven el camino de la migraci\u00f3n<\/span><\/p>\n<\/div><\/div><div class=\"icon_list_connector\"  style=\"border: none !important;\"><\/div><\/li><li class=\"icon_list_item\" style=\" font-size:120px;\"><div class=\"icon_list_icon\" data-animation=\"pulse\" data-animation-delay=\"03\" style=\"font-size:40px;border-width:1px;border-style:none;background:#ffffff;color:#333333;border-color:#333333;\"><img decoding=\"async\" class=\"list-img-icon\" alt=\"null\" src=\"https:\/\/www.imer.mx\/lapoderosa\/wp-content\/uploads\/sites\/30\/Texto-10-1.png\"\/><\/div><div class=\"icon_description\" id=\"Info-list-wrap-8748\" style=\"font-size:40px;\"><h3 class=\"ult-responsive info-list-heading\"  data-ultimate-target='#Info-list-wrap-8748 h3'  data-responsive-json-new='{\"font-size\":\"desktop:16px;\",\"line-height\":\"desktop:24px;\"}'  style=\"\">El Poder de la M\u00fasica<\/h3><div class=\"icon_description_text ult-responsive\"  data-ultimate-target='#Info-list-wrap-8748 .icon_description_text'  data-responsive-json-new='{\"font-size\":\"desktop:13px;\",\"line-height\":\"desktop:18px;\"}'  style=\"\"><p><span style=\"color: #000000\"><strong>18:00 a 19:00<\/strong><\/span><\/p>\n<p>El Poder de la M\u00fasica, trae para ti los \u00e9xitos que mueven almas, de todos los g\u00e9neros y \u00e9pocas; la fuerza sonora que conecta coraz\u00f3n, ritmo y pasi\u00f3n en cada nota<\/p>\n<\/div><\/div><div class=\"icon_list_connector\"  style=\"border: none !important;\"><\/div><\/li><li class=\"icon_list_item\" style=\" font-size:120px;\"><div class=\"icon_list_icon\" data-animation=\"pulse\" data-animation-delay=\"03\" style=\"font-size:40px;border-width:1px;border-style:none;background:#ffffff;color:#333333;border-color:#333333;\"><img decoding=\"async\" class=\"list-img-icon\" alt=\"null\" src=\"https:\/\/www.imer.mx\/lapoderosa\/wp-content\/uploads\/sites\/30\/en-contraste-1024x1024.jpg\"\/><\/div><div class=\"icon_description\" id=\"Info-list-wrap-2219\" style=\"font-size:40px;\"><h3 class=\"ult-responsive info-list-heading\"  data-ultimate-target='#Info-list-wrap-2219 h3'  data-responsive-json-new='{\"font-size\":\"desktop:16px;\",\"line-height\":\"desktop:24px;\"}'  style=\"\">En contraste con Gustavo Ram\u00edrez<\/h3><div class=\"icon_description_text ult-responsive\"  data-ultimate-target='#Info-list-wrap-2219 .icon_description_text'  data-responsive-json-new='{\"font-size\":\"desktop:13px;\",\"line-height\":\"desktop:18px;\"}'  style=\"\"><p><span style=\"color: #000000\"><strong>19:00 a 20:00<\/strong><\/span><\/p>\n<p>Espacio informativo de IMER Noticias con Gustavo Ram\u00edrez<\/p>\n<\/div><\/div><div class=\"icon_list_connector\"  style=\"border: none !important;\"><\/div><\/li><li class=\"icon_list_item\" style=\" font-size:120px;\"><div class=\"icon_list_icon\" data-animation=\"pulse\" data-animation-delay=\"03\" style=\"font-size:40px;border-width:1px;border-style:none;background:#ffffff;color:#333333;border-color:#333333;\"><img decoding=\"async\" class=\"list-img-icon\" alt=\"null\" src=\"https:\/\/www.imer.mx\/lapoderosa\/wp-content\/uploads\/sites\/30\/Cultura_sin_fronteras-600x400-1.jpg\"\/><\/div><div class=\"icon_description\" id=\"Info-list-wrap-4515\" style=\"font-size:40px;\"><h3 class=\"ult-responsive info-list-heading\"  data-ultimate-target='#Info-list-wrap-4515 h3'  data-responsive-json-new='{\"font-size\":\"desktop:16px;\",\"line-height\":\"desktop:24px;\"}'  style=\"\">Cultura sin fronteras<\/h3><div class=\"icon_description_text ult-responsive\"  data-ultimate-target='#Info-list-wrap-4515 .icon_description_text'  data-responsive-json-new='{\"font-size\":\"desktop:13px;\",\"line-height\":\"desktop:18px;\"}'  style=\"\"><p><span style=\"color: #000000\"><strong>20:00 a 21:00<\/strong><\/span><\/p>\n<p>Porque la cultura es el alma de una sociedad<\/p>\n<\/div><\/div><div class=\"icon_list_connector\"  style=\"border: none !important;\"><\/div><\/li><li class=\"icon_list_item\" style=\" font-size:120px;\"><div class=\"icon_list_icon\" data-animation=\"pulse\" data-animation-delay=\"03\" style=\"font-size:40px;border-width:1px;border-style:none;background:#ffffff;color:#333333;border-color:#333333;\"><img decoding=\"async\" class=\"list-img-icon\" alt=\"null\" src=\"https:\/\/www.imer.mx\/lapoderosa\/wp-content\/uploads\/sites\/30\/baul_de_las_leyendas-600x400-1.jpg\"\/><\/div><div class=\"icon_description\" id=\"Info-list-wrap-3523\" style=\"font-size:40px;\"><h3 class=\"ult-responsive info-list-heading\"  data-ultimate-target='#Info-list-wrap-3523 h3'  data-responsive-json-new='{\"font-size\":\"desktop:16px;\",\"line-height\":\"desktop:24px;\"}'  style=\"\">El ba\u00fal de las leyendas<\/h3><div class=\"icon_description_text ult-responsive\"  data-ultimate-target='#Info-list-wrap-3523 .icon_description_text'  data-responsive-json-new='{\"font-size\":\"desktop:13px;\",\"line-height\":\"desktop:18px;\"}'  style=\"\"><p><span style=\"color: #000000\"><strong>21:00 a 21:30<\/strong><\/span><\/p>\n<p><span style=\"color: #000000\">Ba\u00fal de las leyendas<\/span><\/p>\n<\/div><\/div><div class=\"icon_list_connector\"  style=\"border: none !important;\"><\/div><\/li><li class=\"icon_list_item\" style=\" font-size:120px;\"><div class=\"icon_list_icon\" data-animation=\"pulse\" data-animation-delay=\"03\" style=\"font-size:40px;border-width:1px;border-style:none;background:#ffffff;color:#333333;border-color:#333333;\"><img decoding=\"async\" class=\"list-img-icon\" alt=\"null\" src=\"https:\/\/www.imer.mx\/lapoderosa\/wp-content\/uploads\/sites\/30\/La-Poderosas-WEB.fw_.png\"\/><\/div><div class=\"icon_description\" id=\"Info-list-wrap-2781\" style=\"font-size:40px;\"><h3 class=\"ult-responsive info-list-heading\"  data-ultimate-target='#Info-list-wrap-2781 h3'  data-responsive-json-new='{\"font-size\":\"desktop:16px;\",\"line-height\":\"desktop:24px;\"}'  style=\"\">Minutros nutritivos<\/h3><div class=\"icon_description_text ult-responsive\"  data-ultimate-target='#Info-list-wrap-2781 .icon_description_text'  data-responsive-json-new='{\"font-size\":\"desktop:13px;\",\"line-height\":\"desktop:18px;\"}'  style=\"\"><p><span style=\"color: #000000\"><strong>21:30 a 21:33<\/strong><\/span><\/p>\n<p><span style=\"color: #000000\">C\u00e1psulas breves con consejos pr\u00e1cticos para mejorar tu alimentaci\u00f3n y cuidar tu salud, porque peque\u00f1os cambios hacen una gran diferencia<\/span><\/p>\n<\/div><\/div><div class=\"icon_list_connector\"  style=\"border: none !important;\"><\/div><\/li><li class=\"icon_list_item\" style=\" font-size:120px;\"><div class=\"icon_list_icon\" data-animation=\"pulse\" data-animation-delay=\"03\" style=\"font-size:40px;border-width:1px;border-style:none;background:#ffffff;color:#333333;border-color:#333333;\"><img decoding=\"async\" class=\"list-img-icon\" alt=\"null\" src=\"https:\/\/www.imer.mx\/lapoderosa\/wp-content\/uploads\/sites\/30\/Texto-10-1.png\"\/><\/div><div class=\"icon_description\" id=\"Info-list-wrap-4036\" style=\"font-size:40px;\"><h3 class=\"ult-responsive info-list-heading\"  data-ultimate-target='#Info-list-wrap-4036 h3'  data-responsive-json-new='{\"font-size\":\"desktop:16px;\",\"line-height\":\"desktop:24px;\"}'  style=\"\">El Poder de la M\u00fasica<\/h3><div class=\"icon_description_text ult-responsive\"  data-ultimate-target='#Info-list-wrap-4036 .icon_description_text'  data-responsive-json-new='{\"font-size\":\"desktop:13px;\",\"line-height\":\"desktop:18px;\"}'  style=\"\"><p><span style=\"color: #000000\"><strong>21:33 a 23:00<\/strong><\/span><\/p>\n<p>El Poder de la M\u00fasica, trae para ti los \u00e9xitos que mueven almas, de todos los g\u00e9neros y \u00e9pocas; la fuerza sonora que conecta coraz\u00f3n, ritmo y pasi\u00f3n en cada nota<\/p>\n<\/div><\/div><div class=\"icon_list_connector\"  style=\"border: none !important;\"><\/div><\/li><li class=\"icon_list_item\" style=\" font-size:120px;\"><div class=\"icon_list_icon\" data-animation=\"pulse\" data-animation-delay=\"03\" style=\"font-size:40px;border-width:1px;border-style:none;background:#ffffff;color:#333333;border-color:#333333;\"><img decoding=\"async\" class=\"list-img-icon\" alt=\"null\" src=\"https:\/\/www.imer.mx\/lapoderosa\/wp-content\/uploads\/sites\/30\/SOLO_PARA_ENAMORADOS.png\"\/><\/div><div class=\"icon_description\" id=\"Info-list-wrap-3213\" style=\"font-size:40px;\"><h3 class=\"ult-responsive info-list-heading\"  data-ultimate-target='#Info-list-wrap-3213 h3'  data-responsive-json-new='{\"font-size\":\"desktop:16px;\",\"line-height\":\"desktop:24px;\"}'  style=\"\">S\u00f3lo para enamorados<\/h3><div class=\"icon_description_text ult-responsive\"  data-ultimate-target='#Info-list-wrap-3213 .icon_description_text'  data-responsive-json-new='{\"font-size\":\"desktop:13px;\",\"line-height\":\"desktop:18px;\"}'  style=\"\"><p><span style=\"color: #000000\"><strong>23:00 a 24:00<\/strong><\/span><\/p>\n<p>En la noche y a obscuras es cuando los enamorados disfrutan de \u00e9ste programa, en el que la m\u00fasica rom\u00e1ntica y la poes\u00eda\u00a0 son los protagonistas<\/p>\n<\/div><\/div><div class=\"icon_list_connector\"  style=\"border: none !important;\"><\/div><\/li><\/ul><\/div>[\/vc_column_inner][\/vc_row_inner][\/vc_tta_section][vc_tta_section title=&#8221;Mi\u00e9rcoles&#8221; tab_id=&#8221;1720113664070-ce824307-7552&#8243;][vc_row_inner][vc_column_inner]<div class=\"smile_icon_list_wrap ult_info_list_container ult-adjust-bottom-margin  \"><ul class=\"smile_icon_list left square with_bg\"><li class=\"icon_list_item\" style=\" font-size:120px;\"><div class=\"icon_list_icon\" data-animation=\"pulse\" data-animation-delay=\"03\" style=\"font-size:40px;border-width:1px;border-style:none;background:#ffffff;color:#333333;border-color:#333333;\"><img decoding=\"async\" class=\"list-img-icon\" alt=\"null\" src=\"https:\/\/www.imer.mx\/lapoderosa\/wp-content\/uploads\/sites\/30\/587603962_1390574749557062_4599814480446585837_n.jpg\"\/><\/div><div class=\"icon_description\" id=\"Info-list-wrap-3454\" style=\"font-size:40px;\"><h3 class=\"ult-responsive info-list-heading\"  data-ultimate-target='#Info-list-wrap-3454 h3'  data-responsive-json-new='{\"font-size\":\"desktop:16px;\",\"line-height\":\"desktop:24px;\"}'  style=\"\">Himno Nacional y Coahuilense<\/h3><div class=\"icon_description_text ult-responsive\"  data-ultimate-target='#Info-list-wrap-3454 .icon_description_text'  data-responsive-json-new='{\"font-size\":\"desktop:13px;\",\"line-height\":\"desktop:18px;\"}'  style=\"\"><p><span style=\"color: #000000\"><strong>00:00 a 00:05<\/strong><\/span><\/p>\n<p>Con orgullo y fervor, entonamos el Himno Nacional Coahuilense, un canto que celebra la grandeza, historia y valent\u00eda de nuestra tierra, honrando a su gente y sus tradiciones<\/p>\n<\/div><\/div><div class=\"icon_list_connector\"  style=\"border: none !important;\"><\/div><\/li><li class=\"icon_list_item\" style=\" font-size:120px;\"><div class=\"icon_list_icon\" data-animation=\"pulse\" data-animation-delay=\"03\" style=\"font-size:40px;border-width:1px;border-style:none;background:#ffffff;color:#333333;border-color:#333333;\"><img decoding=\"async\" class=\"list-img-icon\" alt=\"null\" src=\"https:\/\/www.imer.mx\/lapoderosa\/wp-content\/uploads\/sites\/30\/LA_HORA.png\"\/><\/div><div class=\"icon_description\" id=\"Info-list-wrap-6620\" style=\"font-size:40px;\"><h3 class=\"ult-responsive info-list-heading\"  data-ultimate-target='#Info-list-wrap-6620 h3'  data-responsive-json-new='{\"font-size\":\"desktop:16px;\",\"line-height\":\"desktop:24px;\"}'  style=\"\">La Hora De Las Complacencias<\/h3><div class=\"icon_description_text ult-responsive\"  data-ultimate-target='#Info-list-wrap-6620 .icon_description_text'  data-responsive-json-new='{\"font-size\":\"desktop:13px;\",\"line-height\":\"desktop:18px;\"}'  style=\"\"><p><span style=\"color: #000000\"><strong>00:05 a 01:00<\/strong><\/span><\/p>\n<p>En la hora de las complacencias, t\u00fa eliges la m\u00fasica. Pide tus temas favoritos y disfruta de una hora llena de recuerdos, emociones y dedicatorias especiales<\/p>\n<\/div><\/div><div class=\"icon_list_connector\"  style=\"border: none !important;\"><\/div><\/li><li class=\"icon_list_item\" style=\" font-size:120px;\"><div class=\"icon_list_icon\" data-animation=\"pulse\" data-animation-delay=\"03\" style=\"font-size:40px;border-width:1px;border-style:none;background:#ffffff;color:#333333;border-color:#333333;\"><img decoding=\"async\" class=\"list-img-icon\" alt=\"null\" src=\"https:\/\/www.imer.mx\/lapoderosa\/wp-content\/uploads\/sites\/30\/EL_BA\u00daL.png\"\/><\/div><div class=\"icon_description\" id=\"Info-list-wrap-2000\" style=\"font-size:40px;\"><h3 class=\"ult-responsive info-list-heading\"  data-ultimate-target='#Info-list-wrap-2000 h3'  data-responsive-json-new='{\"font-size\":\"desktop:16px;\",\"line-height\":\"desktop:24px;\"}'  style=\"\">El Ba\u00fal De Los Recuerdos<\/h3><div class=\"icon_description_text ult-responsive\"  data-ultimate-target='#Info-list-wrap-2000 .icon_description_text'  data-responsive-json-new='{\"font-size\":\"desktop:13px;\",\"line-height\":\"desktop:18px;\"}'  style=\"\"><p><span style=\"color: #000000\"><strong>01:00 a 02:00<\/strong><\/span><\/p>\n<p>Cuando abras el ba\u00fal encontrar\u00e1s todo tipo de recuerdos musicales que te remiten a los sentimientos encontrados de las personas<\/p>\n<\/div><\/div><div class=\"icon_list_connector\"  style=\"border: none !important;\"><\/div><\/li><li class=\"icon_list_item\" style=\" font-size:120px;\"><div class=\"icon_list_icon\" data-animation=\"pulse\" data-animation-delay=\"03\" style=\"font-size:40px;border-width:1px;border-style:none;background:#ffffff;color:#333333;border-color:#333333;\"><img decoding=\"async\" class=\"list-img-icon\" alt=\"null\" src=\"https:\/\/www.imer.mx\/lapoderosa\/wp-content\/uploads\/sites\/30\/EL-PODER-DE-LA-MUSICA-1.gif\"\/><\/div><div class=\"icon_description\" id=\"Info-list-wrap-1444\" style=\"font-size:40px;\"><h3 class=\"ult-responsive info-list-heading\"  data-ultimate-target='#Info-list-wrap-1444 h3'  data-responsive-json-new='{\"font-size\":\"desktop:16px;\",\"line-height\":\"desktop:24px;\"}'  style=\"\">El Poder de la M\u00fasica<\/h3><div class=\"icon_description_text ult-responsive\"  data-ultimate-target='#Info-list-wrap-1444 .icon_description_text'  data-responsive-json-new='{\"font-size\":\"desktop:13px;\",\"line-height\":\"desktop:18px;\"}'  style=\"\"><p><span style=\"color: #000000\"><strong>02:00 a 03:00<\/strong><\/span><\/p>\n<p>M\u00fasica\u00a0continua\u00a0con comentarios del locutor en turno en donde podr\u00e1s escuchar novedades musicales y\u00a0\u00e9xitos del momento.<\/p>\n<\/div><\/div><div class=\"icon_list_connector\"  style=\"border: none !important;\"><\/div><\/li><li class=\"icon_list_item\" style=\" font-size:120px;\"><div class=\"icon_list_icon\" data-animation=\"pulse\" data-animation-delay=\"03\" style=\"font-size:40px;border-width:1px;border-style:none;background:#ffffff;color:#333333;border-color:#333333;\"><img decoding=\"async\" class=\"list-img-icon\" alt=\"null\" src=\"https:\/\/www.imer.mx\/lapoderosa\/wp-content\/uploads\/sites\/30\/L\u00cdNEA_ABIERTA.png\"\/><\/div><div class=\"icon_description\" id=\"Info-list-wrap-5882\" style=\"font-size:40px;\"><h3 class=\"ult-responsive info-list-heading\"  data-ultimate-target='#Info-list-wrap-5882 h3'  data-responsive-json-new='{\"font-size\":\"desktop:16px;\",\"line-height\":\"desktop:24px;\"}'  style=\"\">L\u00ednea abierta<\/h3><div class=\"icon_description_text ult-responsive\"  data-ultimate-target='#Info-list-wrap-5882 .icon_description_text'  data-responsive-json-new='{\"font-size\":\"desktop:13px;\",\"line-height\":\"desktop:18px;\"}'  style=\"\"><p><span style=\"color: #000000\"><strong>03:00<\/strong><\/span><span style=\"color: #000000\"><strong> a 04:00<\/strong><\/span><\/p>\n<p>Programa hablado en el que se abordan temas de inter\u00e9s migratorio, noticias di\u00e1logo y comentario producido por Radio Biling\u00fce desde Fresno California<\/p>\n<\/div><\/div><div class=\"icon_list_connector\"  style=\"border: none !important;\"><\/div><\/li><li class=\"icon_list_item\" style=\" font-size:120px;\"><div class=\"icon_list_icon\" data-animation=\"pulse\" data-animation-delay=\"03\" style=\"font-size:40px;border-width:1px;border-style:none;background:#ffffff;color:#333333;border-color:#333333;\"><img decoding=\"async\" class=\"list-img-icon\" alt=\"null\" src=\"https:\/\/www.imer.mx\/lapoderosa\/wp-content\/uploads\/sites\/30\/Texto-10.png\"\/><\/div><div class=\"icon_description\" id=\"Info-list-wrap-6505\" style=\"font-size:40px;\"><h3 class=\"ult-responsive info-list-heading\"  data-ultimate-target='#Info-list-wrap-6505 h3'  data-responsive-json-new='{\"font-size\":\"desktop:16px;\",\"line-height\":\"desktop:24px;\"}'  style=\"\">Desempolvadas Norte\u00f1as<\/h3><div class=\"icon_description_text ult-responsive\"  data-ultimate-target='#Info-list-wrap-6505 .icon_description_text'  data-responsive-json-new='{\"font-size\":\"desktop:13px;\",\"line-height\":\"desktop:18px;\"}'  style=\"\"><p><span style=\"color: #000000\"><strong>04:00 a 05:00<\/strong><\/span><\/p>\n<p>Un programa que revive los grandes \u00e9xitos del norte\u00f1o mexicano, recordando a los m\u00e1ximos exponentes del g\u00e9nero y preservando el legado musical de nuestra tierra<\/p>\n<\/div><\/div><div class=\"icon_list_connector\"  style=\"border: none !important;\"><\/div><\/li><li class=\"icon_list_item\" style=\" font-size:120px;\"><div class=\"icon_list_icon\" data-animation=\"pulse\" data-animation-delay=\"03\" style=\"font-size:40px;border-width:1px;border-style:none;background:#ffffff;color:#333333;border-color:#333333;\"><img decoding=\"async\" class=\"list-img-icon\" alt=\"null\" src=\"https:\/\/www.imer.mx\/lapoderosa\/wp-content\/uploads\/sites\/30\/Texto-11-1.png\"\/><\/div><div class=\"icon_description\" id=\"Info-list-wrap-7583\" style=\"font-size:40px;\"><h3 class=\"ult-responsive info-list-heading\"  data-ultimate-target='#Info-list-wrap-7583 h3'  data-responsive-json-new='{\"font-size\":\"desktop:16px;\",\"line-height\":\"desktop:24px;\"}'  style=\"\">El Canto De M\u00e9xico<\/h3><div class=\"icon_description_text ult-responsive\"  data-ultimate-target='#Info-list-wrap-7583 .icon_description_text'  data-responsive-json-new='{\"font-size\":\"desktop:13px;\",\"line-height\":\"desktop:18px;\"}'  style=\"\"><p><span style=\"color: #000000\"><strong>05:00 a 06:00<\/strong><\/span><\/p>\n<p>Identif\u00edcate con un programa lleno de m\u00fasica mexicana con interpretes reconocidos de talla internacional<\/p>\n<\/div><\/div><div class=\"icon_list_connector\"  style=\"border: none !important;\"><\/div><\/li><li class=\"icon_list_item\" style=\" font-size:120px;\"><div class=\"icon_list_icon\" data-animation=\"pulse\" data-animation-delay=\"03\" style=\"font-size:40px;border-width:1px;border-style:none;background:#ffffff;color:#333333;border-color:#333333;\"><img decoding=\"async\" class=\"list-img-icon\" alt=\"null\" src=\"https:\/\/www.imer.mx\/lapoderosa\/wp-content\/uploads\/sites\/30\/587603962_1390574749557062_4599814480446585837_n.jpg\"\/><\/div><div class=\"icon_description\" id=\"Info-list-wrap-1415\" style=\"font-size:40px;\"><h3 class=\"ult-responsive info-list-heading\"  data-ultimate-target='#Info-list-wrap-1415 h3'  data-responsive-json-new='{\"font-size\":\"desktop:16px;\",\"line-height\":\"desktop:24px;\"}'  style=\"\">Himno Nacional y Coahuilense<\/h3><div class=\"icon_description_text ult-responsive\"  data-ultimate-target='#Info-list-wrap-1415 .icon_description_text'  data-responsive-json-new='{\"font-size\":\"desktop:13px;\",\"line-height\":\"desktop:18px;\"}'  style=\"\"><p><span style=\"color: #000000\"><strong>06:00 a 06:05<\/strong><\/span><\/p>\n<p>Con orgullo y fervor, entonamos el Himno Nacional Coahuilense, un canto que celebra la grandeza, historia y valent\u00eda de nuestra tierra, honrando a su gente y sus tradiciones<\/p>\n<\/div><\/div><div class=\"icon_list_connector\"  style=\"border: none !important;\"><\/div><\/li><li class=\"icon_list_item\" style=\" font-size:120px;\"><div class=\"icon_list_icon\" data-animation=\"pulse\" data-animation-delay=\"03\" style=\"font-size:40px;border-width:1px;border-style:none;background:#ffffff;color:#333333;border-color:#333333;\"><img decoding=\"async\" class=\"list-img-icon\" alt=\"null\" src=\"https:\/\/www.imer.mx\/lapoderosa\/wp-content\/uploads\/sites\/30\/EL-PODER-DE-LA-MUSICA-1.gif\"\/><\/div><div class=\"icon_description\" id=\"Info-list-wrap-8904\" style=\"font-size:40px;\"><h3 class=\"ult-responsive info-list-heading\"  data-ultimate-target='#Info-list-wrap-8904 h3'  data-responsive-json-new='{\"font-size\":\"desktop:16px;\",\"line-height\":\"desktop:24px;\"}'  style=\"\">El Poder de la M\u00fasica<\/h3><div class=\"icon_description_text ult-responsive\"  data-ultimate-target='#Info-list-wrap-8904 .icon_description_text'  data-responsive-json-new='{\"font-size\":\"desktop:13px;\",\"line-height\":\"desktop:18px;\"}'  style=\"\"><p><span style=\"color: #000000\"><strong>06:05 a 08:00<\/strong><\/span><\/p>\n<p>El Poder de la M\u00fasica, trae para ti los \u00e9xitos que mueven almas, de todos los g\u00e9neros y \u00e9pocas; la fuerza sonora que conecta coraz\u00f3n, ritmo y pasi\u00f3n en cada nota<\/p>\n<\/div><\/div><div class=\"icon_list_connector\"  style=\"border: none !important;\"><\/div><\/li><li class=\"icon_list_item\" style=\" font-size:120px;\"><div class=\"icon_list_icon\" data-animation=\"pulse\" data-animation-delay=\"03\" style=\"font-size:40px;border-width:1px;border-style:none;background:#ffffff;color:#333333;border-color:#333333;\"><img decoding=\"async\" class=\"list-img-icon\" alt=\"null\" src=\"https:\/\/www.imer.mx\/lapoderosa\/wp-content\/uploads\/sites\/30\/Diseno-sin-titulo-16.png\"\/><\/div><div class=\"icon_description\" id=\"Info-list-wrap-9823\" style=\"font-size:40px;\"><h3 class=\"ult-responsive info-list-heading\"  data-ultimate-target='#Info-list-wrap-9823 h3'  data-responsive-json-new='{\"font-size\":\"desktop:16px;\",\"line-height\":\"desktop:24px;\"}'  style=\"\">IMER noticias, primera edici\u00f3n<\/h3><div class=\"icon_description_text ult-responsive\"  data-ultimate-target='#Info-list-wrap-9823 .icon_description_text'  data-responsive-json-new='{\"font-size\":\"desktop:13px;\",\"line-height\":\"desktop:18px;\"}'  style=\"\"><p><span style=\"color: #000000\"><strong>08:00 a 11:00<\/strong><\/span><\/p>\n<p><span style=\"color: #000000\">Espacio informativo de IMER noticas con Alberto N\u00e1jar<\/span><\/p>\n<\/div><\/div><div class=\"icon_list_connector\"  style=\"border: none !important;\"><\/div><\/li><li class=\"icon_list_item\" style=\" font-size:120px;\"><div class=\"icon_list_icon\" data-animation=\"pulse\" data-animation-delay=\"03\" style=\"font-size:40px;border-width:1px;border-style:none;background:#ffffff;color:#333333;border-color:#333333;\"><img decoding=\"async\" class=\"list-img-icon\" alt=\"null\" src=\"https:\/\/www.imer.mx\/lapoderosa\/wp-content\/uploads\/sites\/30\/aqui-entre-dos.png\"\/><\/div><div class=\"icon_description\" id=\"Info-list-wrap-2360\" style=\"font-size:40px;\"><h3 class=\"ult-responsive info-list-heading\"  data-ultimate-target='#Info-list-wrap-2360 h3'  data-responsive-json-new='{\"font-size\":\"desktop:16px;\",\"line-height\":\"desktop:24px;\"}'  style=\"\">Aqu\u00ed entre dos<\/h3><div class=\"icon_description_text ult-responsive\"  data-ultimate-target='#Info-list-wrap-2360 .icon_description_text'  data-responsive-json-new='{\"font-size\":\"desktop:13px;\",\"line-height\":\"desktop:18px;\"}'  style=\"\"><p><span style=\"color: #000000\"><strong>11:00 a 12:00<\/strong><\/span><\/p>\n<p><span style=\"color: #000000\">Espacio de entrevistas de IMER noticias con Patricia Betaza<\/span><\/p>\n<\/div><\/div><div class=\"icon_list_connector\"  style=\"border: none !important;\"><\/div><\/li><li class=\"icon_list_item\" style=\" font-size:120px;\"><div class=\"icon_list_icon\" data-animation=\"pulse\" data-animation-delay=\"03\" style=\"font-size:40px;border-width:1px;border-style:none;background:#ffffff;color:#333333;border-color:#333333;\"><img decoding=\"async\" class=\"list-img-icon\" alt=\"null\" src=\"https:\/\/www.imer.mx\/lapoderosa\/wp-content\/uploads\/sites\/30\/Texto-10-1.png\"\/><\/div><div class=\"icon_description\" id=\"Info-list-wrap-2020\" style=\"font-size:40px;\"><h3 class=\"ult-responsive info-list-heading\"  data-ultimate-target='#Info-list-wrap-2020 h3'  data-responsive-json-new='{\"font-size\":\"desktop:16px;\",\"line-height\":\"desktop:24px;\"}'  style=\"\">El Poder de la M\u00fasica<\/h3><div class=\"icon_description_text ult-responsive\"  data-ultimate-target='#Info-list-wrap-2020 .icon_description_text'  data-responsive-json-new='{\"font-size\":\"desktop:13px;\",\"line-height\":\"desktop:18px;\"}'  style=\"\"><p><span style=\"color: #000000\"><strong>12:00 a 12:30<\/strong><\/span><\/p>\n<p>El Poder de la M\u00fasica, trae para ti los \u00e9xitos que mueven almas, de todos los g\u00e9neros y \u00e9pocas; la fuerza sonora que conecta coraz\u00f3n, ritmo y pasi\u00f3n en cada nota<\/p>\n<\/div><\/div><div class=\"icon_list_connector\"  style=\"border: none !important;\"><\/div><\/li><li class=\"icon_list_item\" style=\" font-size:120px;\"><div class=\"icon_list_icon\" data-animation=\"pulse\" data-animation-delay=\"03\" style=\"font-size:40px;border-width:1px;border-style:none;background:#ffffff;color:#333333;border-color:#333333;\"><img decoding=\"async\" class=\"list-img-icon\" alt=\"null\" src=\"https:\/\/www.imer.mx\/lapoderosa\/wp-content\/uploads\/sites\/30\/EIXsuawd_400x400-1.jpg\"\/><\/div><div class=\"icon_description\" id=\"Info-list-wrap-9734\" style=\"font-size:40px;\"><h3 class=\"ult-responsive info-list-heading\"  data-ultimate-target='#Info-list-wrap-9734 h3'  data-responsive-json-new='{\"font-size\":\"desktop:16px;\",\"line-height\":\"desktop:24px;\"}'  style=\"\">RTC<\/h3><div class=\"icon_description_text ult-responsive\"  data-ultimate-target='#Info-list-wrap-9734 .icon_description_text'  data-responsive-json-new='{\"font-size\":\"desktop:13px;\",\"line-height\":\"desktop:18px;\"}'  style=\"\"><p><span style=\"color: #000000\"><strong>12:30 a 12:35<\/strong><\/span><\/p>\n<p>Espacio de la Direcci\u00f3n General de Radio, Televisi\u00f3n y Cinematograf\u00eda<\/p>\n<\/div><\/div><div class=\"icon_list_connector\"  style=\"border: none !important;\"><\/div><\/li><li class=\"icon_list_item\" style=\" font-size:120px;\"><div class=\"icon_list_icon\" data-animation=\"pulse\" data-animation-delay=\"03\" style=\"font-size:40px;border-width:1px;border-style:none;background:#ffffff;color:#333333;border-color:#333333;\"><img decoding=\"async\" class=\"list-img-icon\" alt=\"null\" src=\"https:\/\/www.imer.mx\/lapoderosa\/wp-content\/uploads\/sites\/30\/La-Poderosas-WEB.fw_.png\"\/><\/div><div class=\"icon_description\" id=\"Info-list-wrap-4468\" style=\"font-size:40px;\"><h3 class=\"ult-responsive info-list-heading\"  data-ultimate-target='#Info-list-wrap-4468 h3'  data-responsive-json-new='{\"font-size\":\"desktop:16px;\",\"line-height\":\"desktop:24px;\"}'  style=\"\">Cr\u00f3nicas de Ciudad Acu\u00f1a<\/h3><div class=\"icon_description_text ult-responsive\"  data-ultimate-target='#Info-list-wrap-4468 .icon_description_text'  data-responsive-json-new='{\"font-size\":\"desktop:13px;\",\"line-height\":\"desktop:18px;\"}'  style=\"\"><p><span style=\"color: #000000\"><strong>12:35 a 12:38<\/strong><\/span><\/p>\n<p>Programa que ser\u00e1 la voz de los acu\u00f1enses<\/p>\n<\/div><\/div><div class=\"icon_list_connector\"  style=\"border: none !important;\"><\/div><\/li><li class=\"icon_list_item\" style=\" font-size:120px;\"><div class=\"icon_list_icon\" data-animation=\"pulse\" data-animation-delay=\"03\" style=\"font-size:40px;border-width:1px;border-style:none;background:#ffffff;color:#333333;border-color:#333333;\"><img decoding=\"async\" class=\"list-img-icon\" alt=\"null\" src=\"https:\/\/www.imer.mx\/lapoderosa\/wp-content\/uploads\/sites\/30\/Texto-10-1.png\"\/><\/div><div class=\"icon_description\" id=\"Info-list-wrap-3219\" style=\"font-size:40px;\"><h3 class=\"ult-responsive info-list-heading\"  data-ultimate-target='#Info-list-wrap-3219 h3'  data-responsive-json-new='{\"font-size\":\"desktop:16px;\",\"line-height\":\"desktop:24px;\"}'  style=\"\">El Poder de la M\u00fasica<\/h3><div class=\"icon_description_text ult-responsive\"  data-ultimate-target='#Info-list-wrap-3219 .icon_description_text'  data-responsive-json-new='{\"font-size\":\"desktop:13px;\",\"line-height\":\"desktop:18px;\"}'  style=\"\"><p><span style=\"color: #000000\"><strong>12:38 a 13:00<\/strong><\/span><\/p>\n<p>El Poder de la M\u00fasica, trae para ti los \u00e9xitos que mueven almas, de todos los g\u00e9neros y \u00e9pocas; la fuerza sonora que conecta coraz\u00f3n, ritmo y pasi\u00f3n en cada nota<\/p>\n<\/div><\/div><div class=\"icon_list_connector\"  style=\"border: none !important;\"><\/div><\/li><li class=\"icon_list_item\" style=\" font-size:120px;\"><div class=\"icon_list_icon\" data-animation=\"pulse\" data-animation-delay=\"03\" style=\"font-size:40px;border-width:1px;border-style:none;background:#ffffff;color:#333333;border-color:#333333;\"><img decoding=\"async\" class=\"list-img-icon\" alt=\"null\" src=\"https:\/\/www.imer.mx\/lapoderosa\/wp-content\/uploads\/sites\/30\/BINGO-min-1.jpg\"\/><\/div><div class=\"icon_description\" id=\"Info-list-wrap-4572\" style=\"font-size:40px;\"><h3 class=\"ult-responsive info-list-heading\"  data-ultimate-target='#Info-list-wrap-4572 h3'  data-responsive-json-new='{\"font-size\":\"desktop:16px;\",\"line-height\":\"desktop:24px;\"}'  style=\"\">Bingo<\/h3><div class=\"icon_description_text ult-responsive\"  data-ultimate-target='#Info-list-wrap-4572 .icon_description_text'  data-responsive-json-new='{\"font-size\":\"desktop:13px;\",\"line-height\":\"desktop:18px;\"}'  style=\"\"><p><span style=\"color: #000000\"><strong>13:00 a 13:05<\/strong><\/span><\/p>\n<p>El Bingo se gana uniendo 5 n\u00fameros de manera vertical, horizontal o diagonal en una plantilla, pero en IMER se gana el Bingo escuchando los 5 episodios de un tema en una semana<\/p>\n<\/div><\/div><div class=\"icon_list_connector\"  style=\"border: none !important;\"><\/div><a class=\"ulimate-info-list-link\" href=\"https:\/\/www.imer.mx\/programas\/programas-imer\/bingo\/\" target=\"_blank\" rel=\"noopener\" ><\/a><\/li><li class=\"icon_list_item\" style=\" font-size:120px;\"><div class=\"icon_list_icon\" data-animation=\"pulse\" data-animation-delay=\"03\" style=\"font-size:40px;border-width:1px;border-style:none;background:#ffffff;color:#333333;border-color:#333333;\"><img decoding=\"async\" class=\"list-img-icon\" alt=\"null\" src=\"https:\/\/www.imer.mx\/lapoderosa\/wp-content\/uploads\/sites\/30\/Texto-10-1.png\"\/><\/div><div class=\"icon_description\" id=\"Info-list-wrap-2210\" style=\"font-size:40px;\"><h3 class=\"ult-responsive info-list-heading\"  data-ultimate-target='#Info-list-wrap-2210 h3'  data-responsive-json-new='{\"font-size\":\"desktop:16px;\",\"line-height\":\"desktop:24px;\"}'  style=\"\">El Poder de la M\u00fasica<\/h3><div class=\"icon_description_text ult-responsive\"  data-ultimate-target='#Info-list-wrap-2210 .icon_description_text'  data-responsive-json-new='{\"font-size\":\"desktop:13px;\",\"line-height\":\"desktop:18px;\"}'  style=\"\"><p><span style=\"color: #000000\"><strong>13<\/strong><\/span><span style=\"color: #000000\"><strong>:05 a 14:00<\/strong><\/span><\/p>\n<p>El Poder de la M\u00fasica, trae para ti los \u00e9xitos que mueven almas, de todos los g\u00e9neros y \u00e9pocas; la fuerza sonora que conecta coraz\u00f3n, ritmo y pasi\u00f3n en cada nota<\/p>\n<\/div><\/div><div class=\"icon_list_connector\"  style=\"border: none !important;\"><\/div><\/li><li class=\"icon_list_item\" style=\" font-size:120px;\"><div class=\"icon_list_icon\" data-animation=\"pulse\" data-animation-delay=\"03\" style=\"font-size:40px;border-width:1px;border-style:none;background:#ffffff;color:#333333;border-color:#333333;\"><img decoding=\"async\" class=\"list-img-icon\" alt=\"null\" src=\"https:\/\/www.imer.mx\/lapoderosa\/wp-content\/uploads\/sites\/30\/Imer-noticias-2.png\"\/><\/div><div class=\"icon_description\" id=\"Info-list-wrap-8643\" style=\"font-size:40px;\"><h3 class=\"ult-responsive info-list-heading\"  data-ultimate-target='#Info-list-wrap-8643 h3'  data-responsive-json-new='{\"font-size\":\"desktop:16px;\",\"line-height\":\"desktop:24px;\"}'  style=\"\">IMER noticias, segunda edici\u00f3n<\/h3><div class=\"icon_description_text ult-responsive\"  data-ultimate-target='#Info-list-wrap-8643 .icon_description_text'  data-responsive-json-new='{\"font-size\":\"desktop:13px;\",\"line-height\":\"desktop:18px;\"}'  style=\"\"><p><span style=\"color: #000000\"><strong>14:00 a 16:00<\/strong><\/span><\/p>\n<p><span style=\"color: #000000\">Espacio informativo de IMER noticias con Berenice Rodr\u00edguez<\/span><\/p>\n<\/div><\/div><div class=\"icon_list_connector\"  style=\"border: none !important;\"><\/div><a class=\"ulimate-info-list-link\" href=\"http:\/\/noticias.imer.mx\/\" target=\"_blank\" rel=\"noopener\" ><\/a><\/li><li class=\"icon_list_item\" style=\" font-size:120px;\"><div class=\"icon_list_icon\" data-animation=\"pulse\" data-animation-delay=\"03\" style=\"font-size:40px;border-width:1px;border-style:none;background:#ffffff;color:#333333;border-color:#333333;\"><img decoding=\"async\" class=\"list-img-icon\" alt=\"null\" src=\"https:\/\/www.imer.mx\/lapoderosa\/wp-content\/uploads\/sites\/30\/EL_BA\u00daL.png\"\/><\/div><div class=\"icon_description\" id=\"Info-list-wrap-6521\" style=\"font-size:40px;\"><h3 class=\"ult-responsive info-list-heading\"  data-ultimate-target='#Info-list-wrap-6521 h3'  data-responsive-json-new='{\"font-size\":\"desktop:16px;\",\"line-height\":\"desktop:24px;\"}'  style=\"\">El Ba\u00fal De Los Recuerdos<\/h3><div class=\"icon_description_text ult-responsive\"  data-ultimate-target='#Info-list-wrap-6521 .icon_description_text'  data-responsive-json-new='{\"font-size\":\"desktop:13px;\",\"line-height\":\"desktop:18px;\"}'  style=\"\"><p><span style=\"color: #000000\"><strong>16:00 a 16:30<\/strong><\/span><\/p>\n<p>Cuando abras el ba\u00fal encontrar\u00e1s todo tipo de recuerdos musicales que te remiten a los sentimientos encontrados de las personas<\/p>\n<\/div><\/div><div class=\"icon_list_connector\"  style=\"border: none !important;\"><\/div><\/li><li class=\"icon_list_item\" style=\" font-size:120px;\"><div class=\"icon_list_icon\" data-animation=\"pulse\" data-animation-delay=\"03\" style=\"font-size:40px;border-width:1px;border-style:none;background:#ffffff;color:#333333;border-color:#333333;\"><img decoding=\"async\" class=\"list-img-icon\" alt=\"null\" src=\"https:\/\/www.imer.mx\/lapoderosa\/wp-content\/uploads\/sites\/30\/EIXsuawd_400x400-1.jpg\"\/><\/div><div class=\"icon_description\" id=\"Info-list-wrap-6447\" style=\"font-size:40px;\"><h3 class=\"ult-responsive info-list-heading\"  data-ultimate-target='#Info-list-wrap-6447 h3'  data-responsive-json-new='{\"font-size\":\"desktop:16px;\",\"line-height\":\"desktop:24px;\"}'  style=\"\">RTC<\/h3><div class=\"icon_description_text ult-responsive\"  data-ultimate-target='#Info-list-wrap-6447 .icon_description_text'  data-responsive-json-new='{\"font-size\":\"desktop:13px;\",\"line-height\":\"desktop:18px;\"}'  style=\"\"><p><span style=\"color: #000000\"><strong>16:30 a 16:35<\/strong><\/span><\/p>\n<p>Espacio de la Direcci\u00f3n General de Radio, Televisi\u00f3n y Cinematograf\u00eda<\/p>\n<\/div><\/div><div class=\"icon_list_connector\"  style=\"border: none !important;\"><\/div><\/li><li class=\"icon_list_item\" style=\" font-size:120px;\"><div class=\"icon_list_icon\" data-animation=\"pulse\" data-animation-delay=\"03\" style=\"font-size:40px;border-width:1px;border-style:none;background:#ffffff;color:#333333;border-color:#333333;\"><img decoding=\"async\" class=\"list-img-icon\" alt=\"null\" src=\"https:\/\/www.imer.mx\/lapoderosa\/wp-content\/uploads\/sites\/30\/EL_BA\u00daL.png\"\/><\/div><div class=\"icon_description\" id=\"Info-list-wrap-9983\" style=\"font-size:40px;\"><h3 class=\"ult-responsive info-list-heading\"  data-ultimate-target='#Info-list-wrap-9983 h3'  data-responsive-json-new='{\"font-size\":\"desktop:16px;\",\"line-height\":\"desktop:24px;\"}'  style=\"\">El Ba\u00fal De Los Recuerdos<\/h3><div class=\"icon_description_text ult-responsive\"  data-ultimate-target='#Info-list-wrap-9983 .icon_description_text'  data-responsive-json-new='{\"font-size\":\"desktop:13px;\",\"line-height\":\"desktop:18px;\"}'  style=\"\"><p><span style=\"color: #000000\"><strong>16:35 a 17:00<\/strong><\/span><\/p>\n<p>Cuando abras el ba\u00fal encontrar\u00e1s todo tipo de recuerdos musicales que te remiten a los sentimientos encontrados de las personas<\/p>\n<\/div><\/div><div class=\"icon_list_connector\"  style=\"border: none !important;\"><\/div><\/li><li class=\"icon_list_item\" style=\" font-size:120px;\"><div class=\"icon_list_icon\" data-animation=\"pulse\" data-animation-delay=\"03\" style=\"font-size:40px;border-width:1px;border-style:none;background:#ffffff;color:#333333;border-color:#333333;\"><img decoding=\"async\" class=\"list-img-icon\" alt=\"null\" src=\"https:\/\/www.imer.mx\/lapoderosa\/wp-content\/uploads\/sites\/30\/Texto-10.png\"\/><\/div><div class=\"icon_description\" id=\"Info-list-wrap-2095\" style=\"font-size:40px;\"><h3 class=\"ult-responsive info-list-heading\"  data-ultimate-target='#Info-list-wrap-2095 h3'  data-responsive-json-new='{\"font-size\":\"desktop:16px;\",\"line-height\":\"desktop:24px;\"}'  style=\"\">Desempolvadas Norte\u00f1as<\/h3><div class=\"icon_description_text ult-responsive\"  data-ultimate-target='#Info-list-wrap-2095 .icon_description_text'  data-responsive-json-new='{\"font-size\":\"desktop:13px;\",\"line-height\":\"desktop:18px;\"}'  style=\"\"><p><span style=\"color: #000000\"><strong>17:00 a 17:30<\/strong><\/span><\/p>\n<p>Un programa que revive los grandes \u00e9xitos del norte\u00f1o mexicano, recordando a los m\u00e1ximos exponentes del g\u00e9nero y preservando el legado musical de nuestra tierra<\/p>\n<\/div><\/div><div class=\"icon_list_connector\"  style=\"border: none !important;\"><\/div><\/li><li class=\"icon_list_item\" style=\" font-size:120px;\"><div class=\"icon_list_icon\" data-animation=\"pulse\" data-animation-delay=\"03\" style=\"font-size:40px;border-width:1px;border-style:none;background:#ffffff;color:#333333;border-color:#333333;\"><img decoding=\"async\" class=\"list-img-icon\" alt=\"null\" src=\"https:\/\/www.imer.mx\/lapoderosa\/wp-content\/uploads\/sites\/30\/158049272_2104258743038577_9003656463725394223_n.jpg\"\/><\/div><div class=\"icon_description\" id=\"Info-list-wrap-4283\" style=\"font-size:40px;\"><h3 class=\"ult-responsive info-list-heading\"  data-ultimate-target='#Info-list-wrap-4283 h3'  data-responsive-json-new='{\"font-size\":\"desktop:16px;\",\"line-height\":\"desktop:24px;\"}'  style=\"\">Cuida tu mente\u2026 transforma tu vida<\/h3><div class=\"icon_description_text ult-responsive\"  data-ultimate-target='#Info-list-wrap-4283 .icon_description_text'  data-responsive-json-new='{\"font-size\":\"desktop:13px;\",\"line-height\":\"desktop:18px;\"}'  style=\"\"><p><span style=\"color: #000000\"><strong>17:30 a 18:00<\/strong><\/span><\/p>\n<p>Un espacio para aprender a escucharte, respirar y transformar tu historia. Cuida tu mente, y ver\u00e1s c\u00f3mo cambia tu vida<\/p>\n<\/div><\/div><div class=\"icon_list_connector\"  style=\"border: none !important;\"><\/div><\/li><li class=\"icon_list_item\" style=\" font-size:120px;\"><div class=\"icon_list_icon\" data-animation=\"pulse\" data-animation-delay=\"03\" style=\"font-size:40px;border-width:1px;border-style:none;background:#ffffff;color:#333333;border-color:#333333;\"><img decoding=\"async\" class=\"list-img-icon\" alt=\"null\" src=\"https:\/\/www.imer.mx\/lapoderosa\/wp-content\/uploads\/sites\/30\/Texto-10-1.png\"\/><\/div><div class=\"icon_description\" id=\"Info-list-wrap-8063\" style=\"font-size:40px;\"><h3 class=\"ult-responsive info-list-heading\"  data-ultimate-target='#Info-list-wrap-8063 h3'  data-responsive-json-new='{\"font-size\":\"desktop:16px;\",\"line-height\":\"desktop:24px;\"}'  style=\"\">El Poder de la M\u00fasica<\/h3><div class=\"icon_description_text ult-responsive\"  data-ultimate-target='#Info-list-wrap-8063 .icon_description_text'  data-responsive-json-new='{\"font-size\":\"desktop:13px;\",\"line-height\":\"desktop:18px;\"}'  style=\"\"><p><span style=\"color: #000000\"><strong>18:00 a 19:00<\/strong><\/span><\/p>\n<p>El Poder de la M\u00fasica, trae para ti los \u00e9xitos que mueven almas, de todos los g\u00e9neros y \u00e9pocas; la fuerza sonora que conecta coraz\u00f3n, ritmo y pasi\u00f3n en cada nota<\/p>\n<\/div><\/div><div class=\"icon_list_connector\"  style=\"border: none !important;\"><\/div><\/li><li class=\"icon_list_item\" style=\" font-size:120px;\"><div class=\"icon_list_icon\" data-animation=\"pulse\" data-animation-delay=\"03\" style=\"font-size:40px;border-width:1px;border-style:none;background:#ffffff;color:#333333;border-color:#333333;\"><img decoding=\"async\" class=\"list-img-icon\" alt=\"null\" src=\"https:\/\/www.imer.mx\/lapoderosa\/wp-content\/uploads\/sites\/30\/en-contraste-1024x1024.jpg\"\/><\/div><div class=\"icon_description\" id=\"Info-list-wrap-5965\" style=\"font-size:40px;\"><h3 class=\"ult-responsive info-list-heading\"  data-ultimate-target='#Info-list-wrap-5965 h3'  data-responsive-json-new='{\"font-size\":\"desktop:16px;\",\"line-height\":\"desktop:24px;\"}'  style=\"\">En contraste con Gustavo Ram\u00edrez<\/h3><div class=\"icon_description_text ult-responsive\"  data-ultimate-target='#Info-list-wrap-5965 .icon_description_text'  data-responsive-json-new='{\"font-size\":\"desktop:13px;\",\"line-height\":\"desktop:18px;\"}'  style=\"\"><p><span style=\"color: #000000\"><strong>19:00 a 20:00<\/strong><\/span><\/p>\n<p>Espacio informativo de IMER Noticias con Gustavo Ram\u00edrez<\/p>\n<\/div><\/div><div class=\"icon_list_connector\"  style=\"border: none !important;\"><\/div><\/li><li class=\"icon_list_item\" style=\" font-size:120px;\"><div class=\"icon_list_icon\" data-animation=\"pulse\" data-animation-delay=\"03\" style=\"font-size:40px;border-width:1px;border-style:none;background:#ffffff;color:#333333;border-color:#333333;\"><img decoding=\"async\" class=\"list-img-icon\" alt=\"null\" src=\"https:\/\/www.imer.mx\/lapoderosa\/wp-content\/uploads\/sites\/30\/al_servicio_de_acuna-788x1024.jpg\"\/><\/div><div class=\"icon_description\" id=\"Info-list-wrap-4938\" style=\"font-size:40px;\"><h3 class=\"ult-responsive info-list-heading\"  data-ultimate-target='#Info-list-wrap-4938 h3'  data-responsive-json-new='{\"font-size\":\"desktop:16px;\",\"line-height\":\"desktop:24px;\"}'  style=\"\">Al Servicio de Acu\u00f1a<\/h3><div class=\"icon_description_text ult-responsive\"  data-ultimate-target='#Info-list-wrap-4938 .icon_description_text'  data-responsive-json-new='{\"font-size\":\"desktop:13px;\",\"line-height\":\"desktop:18px;\"}'  style=\"\"><p><span style=\"color: #000000\"><strong>20:00 a 21:00<\/strong><\/span><\/p>\n<p>Al Servicio de Acu\u00f1a, tu enlace confiable para conocer y compartir informaci\u00f3n importante para la comunidad<\/p>\n<\/div><\/div><div class=\"icon_list_connector\"  style=\"border: none !important;\"><\/div><\/li><li class=\"icon_list_item\" style=\" font-size:120px;\"><div class=\"icon_list_icon\" data-animation=\"pulse\" data-animation-delay=\"03\" style=\"font-size:40px;border-width:1px;border-style:none;background:#ffffff;color:#333333;border-color:#333333;\"><img decoding=\"async\" class=\"list-img-icon\" alt=\"null\" src=\"https:\/\/www.imer.mx\/lapoderosa\/wp-content\/uploads\/sites\/30\/redes_autentica_banda_librera-560x560-1.jpg\"\/><\/div><div class=\"icon_description\" id=\"Info-list-wrap-3664\" style=\"font-size:40px;\"><h3 class=\"ult-responsive info-list-heading\"  data-ultimate-target='#Info-list-wrap-3664 h3'  data-responsive-json-new='{\"font-size\":\"desktop:16px;\",\"line-height\":\"desktop:24px;\"}'  style=\"\">La Aut\u00e9ntica Banda Librera<\/h3><div class=\"icon_description_text ult-responsive\"  data-ultimate-target='#Info-list-wrap-3664 .icon_description_text'  data-responsive-json-new='{\"font-size\":\"desktop:13px;\",\"line-height\":\"desktop:18px;\"}'  style=\"\"><p><span style=\"color: #000000\"><strong>21:00 a 21:30<\/strong><\/span><\/p>\n<p>El Fondo de Cultura Econ\u00f3mica te invita a la lectura. Un espacio esencial para disfrutar los libros y la cultura, la verdadera base del progreso social<\/p>\n<\/div><\/div><div class=\"icon_list_connector\"  style=\"border: none !important;\"><\/div><\/li><li class=\"icon_list_item\" style=\" font-size:120px;\"><div class=\"icon_list_icon\" data-animation=\"pulse\" data-animation-delay=\"03\" style=\"font-size:40px;border-width:1px;border-style:none;background:#ffffff;color:#333333;border-color:#333333;\"><img decoding=\"async\" class=\"list-img-icon\" alt=\"null\" src=\"https:\/\/www.imer.mx\/lapoderosa\/wp-content\/uploads\/sites\/30\/La-Poderosas-WEB.fw_.png\"\/><\/div><div class=\"icon_description\" id=\"Info-list-wrap-5005\" style=\"font-size:40px;\"><h3 class=\"ult-responsive info-list-heading\"  data-ultimate-target='#Info-list-wrap-5005 h3'  data-responsive-json-new='{\"font-size\":\"desktop:16px;\",\"line-height\":\"desktop:24px;\"}'  style=\"\">Cr\u00f3nicas de Ciudad Acu\u00f1a<\/h3><div class=\"icon_description_text ult-responsive\"  data-ultimate-target='#Info-list-wrap-5005 .icon_description_text'  data-responsive-json-new='{\"font-size\":\"desktop:13px;\",\"line-height\":\"desktop:18px;\"}'  style=\"\"><p><span style=\"color: #000000\"><strong>21:30 a 21:33<\/strong><\/span><\/p>\n<p>Programa que ser\u00e1 la voz de los acu\u00f1enses<\/p>\n<\/div><\/div><div class=\"icon_list_connector\"  style=\"border: none !important;\"><\/div><\/li><li class=\"icon_list_item\" style=\" font-size:120px;\"><div class=\"icon_list_icon\" data-animation=\"pulse\" data-animation-delay=\"03\" style=\"font-size:40px;border-width:1px;border-style:none;background:#ffffff;color:#333333;border-color:#333333;\"><img decoding=\"async\" class=\"list-img-icon\" alt=\"null\" src=\"https:\/\/www.imer.mx\/lapoderosa\/wp-content\/uploads\/sites\/30\/Texto-10-1.png\"\/><\/div><div class=\"icon_description\" id=\"Info-list-wrap-3190\" style=\"font-size:40px;\"><h3 class=\"ult-responsive info-list-heading\"  data-ultimate-target='#Info-list-wrap-3190 h3'  data-responsive-json-new='{\"font-size\":\"desktop:16px;\",\"line-height\":\"desktop:24px;\"}'  style=\"\">El Poder de la M\u00fasica<\/h3><div class=\"icon_description_text ult-responsive\"  data-ultimate-target='#Info-list-wrap-3190 .icon_description_text'  data-responsive-json-new='{\"font-size\":\"desktop:13px;\",\"line-height\":\"desktop:18px;\"}'  style=\"\"><p><span style=\"color: #000000\"><strong>21:33 a 23:00<\/strong><\/span><\/p>\n<p>El Poder de la M\u00fasica, trae para ti los \u00e9xitos que mueven almas, de todos los g\u00e9neros y \u00e9pocas; la fuerza sonora que conecta coraz\u00f3n, ritmo y pasi\u00f3n en cada nota<\/p>\n<\/div><\/div><div class=\"icon_list_connector\"  style=\"border: none !important;\"><\/div><\/li><li class=\"icon_list_item\" style=\" font-size:120px;\"><div class=\"icon_list_icon\" data-animation=\"pulse\" data-animation-delay=\"03\" style=\"font-size:40px;border-width:1px;border-style:none;background:#ffffff;color:#333333;border-color:#333333;\"><img decoding=\"async\" class=\"list-img-icon\" alt=\"null\" src=\"https:\/\/www.imer.mx\/lapoderosa\/wp-content\/uploads\/sites\/30\/SOLO_PARA_ENAMORADOS.png\"\/><\/div><div class=\"icon_description\" id=\"Info-list-wrap-8438\" style=\"font-size:40px;\"><h3 class=\"ult-responsive info-list-heading\"  data-ultimate-target='#Info-list-wrap-8438 h3'  data-responsive-json-new='{\"font-size\":\"desktop:16px;\",\"line-height\":\"desktop:24px;\"}'  style=\"\">S\u00f3lo para enamorados<\/h3><div class=\"icon_description_text ult-responsive\"  data-ultimate-target='#Info-list-wrap-8438 .icon_description_text'  data-responsive-json-new='{\"font-size\":\"desktop:13px;\",\"line-height\":\"desktop:18px;\"}'  style=\"\"><p><span style=\"color: #000000\"><strong>23:00 a 24:00<\/strong><\/span><\/p>\n<p>En la noche y a obscuras es cuando los enamorados disfrutan de \u00e9ste programa, en el que la m\u00fasica rom\u00e1ntica y la poes\u00eda\u00a0 son los protagonistas<\/p>\n<\/div><\/div><div class=\"icon_list_connector\"  style=\"border: none !important;\"><\/div><\/li><\/ul><\/div>[\/vc_column_inner][\/vc_row_inner][\/vc_tta_section][vc_tta_section title=&#8221;Jueves&#8221; tab_id=&#8221;1720114615966-b033b881-7c5b&#8221;][vc_row_inner][vc_column_inner]<div class=\"smile_icon_list_wrap ult_info_list_container ult-adjust-bottom-margin  \"><ul class=\"smile_icon_list left square with_bg\"><li class=\"icon_list_item\" style=\" font-size:120px;\"><div class=\"icon_list_icon\" data-animation=\"pulse\" data-animation-delay=\"03\" style=\"font-size:40px;border-width:1px;border-style:none;background:#ffffff;color:#333333;border-color:#333333;\"><img decoding=\"async\" class=\"list-img-icon\" alt=\"null\" src=\"https:\/\/www.imer.mx\/lapoderosa\/wp-content\/uploads\/sites\/30\/587603962_1390574749557062_4599814480446585837_n.jpg\"\/><\/div><div class=\"icon_description\" id=\"Info-list-wrap-6868\" style=\"font-size:40px;\"><h3 class=\"ult-responsive info-list-heading\"  data-ultimate-target='#Info-list-wrap-6868 h3'  data-responsive-json-new='{\"font-size\":\"desktop:16px;\",\"line-height\":\"desktop:24px;\"}'  style=\"\">Himno Nacional y Coahuilense<\/h3><div class=\"icon_description_text ult-responsive\"  data-ultimate-target='#Info-list-wrap-6868 .icon_description_text'  data-responsive-json-new='{\"font-size\":\"desktop:13px;\",\"line-height\":\"desktop:18px;\"}'  style=\"\"><p><span style=\"color: #000000\"><strong>00:00 a 00:05<\/strong><\/span><\/p>\n<p>Con orgullo y fervor, entonamos el Himno Nacional Coahuilense, un canto que celebra la grandeza, historia y valent\u00eda de nuestra tierra, honrando a su gente y sus tradiciones<\/p>\n<\/div><\/div><div class=\"icon_list_connector\"  style=\"border: none !important;\"><\/div><\/li><li class=\"icon_list_item\" style=\" font-size:120px;\"><div class=\"icon_list_icon\" data-animation=\"pulse\" data-animation-delay=\"03\" style=\"font-size:40px;border-width:1px;border-style:none;background:#ffffff;color:#333333;border-color:#333333;\"><img decoding=\"async\" class=\"list-img-icon\" alt=\"null\" src=\"https:\/\/www.imer.mx\/lapoderosa\/wp-content\/uploads\/sites\/30\/LA_HORA.png\"\/><\/div><div class=\"icon_description\" id=\"Info-list-wrap-1151\" style=\"font-size:40px;\"><h3 class=\"ult-responsive info-list-heading\"  data-ultimate-target='#Info-list-wrap-1151 h3'  data-responsive-json-new='{\"font-size\":\"desktop:16px;\",\"line-height\":\"desktop:24px;\"}'  style=\"\">La Hora De Las Complacencias<\/h3><div class=\"icon_description_text ult-responsive\"  data-ultimate-target='#Info-list-wrap-1151 .icon_description_text'  data-responsive-json-new='{\"font-size\":\"desktop:13px;\",\"line-height\":\"desktop:18px;\"}'  style=\"\"><p><span style=\"color: #000000\"><strong>00:05 a 01:00<\/strong><\/span><\/p>\n<p>En la hora de las complacencias, t\u00fa eliges la m\u00fasica. Pide tus temas favoritos y disfruta de una hora llena de recuerdos, emociones y dedicatorias especiales<\/p>\n<\/div><\/div><div class=\"icon_list_connector\"  style=\"border: none !important;\"><\/div><\/li><li class=\"icon_list_item\" style=\" font-size:120px;\"><div class=\"icon_list_icon\" data-animation=\"pulse\" data-animation-delay=\"03\" style=\"font-size:40px;border-width:1px;border-style:none;background:#ffffff;color:#333333;border-color:#333333;\"><img decoding=\"async\" class=\"list-img-icon\" alt=\"null\" src=\"https:\/\/www.imer.mx\/lapoderosa\/wp-content\/uploads\/sites\/30\/EL_BA\u00daL.png\"\/><\/div><div class=\"icon_description\" id=\"Info-list-wrap-8897\" style=\"font-size:40px;\"><h3 class=\"ult-responsive info-list-heading\"  data-ultimate-target='#Info-list-wrap-8897 h3'  data-responsive-json-new='{\"font-size\":\"desktop:16px;\",\"line-height\":\"desktop:24px;\"}'  style=\"\">El Ba\u00fal De Los Recuerdos<\/h3><div class=\"icon_description_text ult-responsive\"  data-ultimate-target='#Info-list-wrap-8897 .icon_description_text'  data-responsive-json-new='{\"font-size\":\"desktop:13px;\",\"line-height\":\"desktop:18px;\"}'  style=\"\"><p><span style=\"color: #000000\"><strong>01:00 a 02:00<\/strong><\/span><\/p>\n<p>Cuando abras el ba\u00fal encontrar\u00e1s todo tipo de recuerdos musicales que te remiten a los sentimientos encontrados de las personas<\/p>\n<\/div><\/div><div class=\"icon_list_connector\"  style=\"border: none !important;\"><\/div><\/li><li class=\"icon_list_item\" style=\" font-size:120px;\"><div class=\"icon_list_icon\" data-animation=\"pulse\" data-animation-delay=\"03\" style=\"font-size:40px;border-width:1px;border-style:none;background:#ffffff;color:#333333;border-color:#333333;\"><img decoding=\"async\" class=\"list-img-icon\" alt=\"null\" src=\"https:\/\/www.imer.mx\/lapoderosa\/wp-content\/uploads\/sites\/30\/EL-PODER-DE-LA-MUSICA-1.gif\"\/><\/div><div class=\"icon_description\" id=\"Info-list-wrap-4843\" style=\"font-size:40px;\"><h3 class=\"ult-responsive info-list-heading\"  data-ultimate-target='#Info-list-wrap-4843 h3'  data-responsive-json-new='{\"font-size\":\"desktop:16px;\",\"line-height\":\"desktop:24px;\"}'  style=\"\">El Poder de la M\u00fasica<\/h3><div class=\"icon_description_text ult-responsive\"  data-ultimate-target='#Info-list-wrap-4843 .icon_description_text'  data-responsive-json-new='{\"font-size\":\"desktop:13px;\",\"line-height\":\"desktop:18px;\"}'  style=\"\"><p><span style=\"color: #000000\"><strong>02:00 a 03:00<\/strong><\/span><\/p>\n<p>M\u00fasica\u00a0continua\u00a0con comentarios del locutor en turno en donde podr\u00e1s escuchar novedades musicales y\u00a0\u00e9xitos del momento.<\/p>\n<\/div><\/div><div class=\"icon_list_connector\"  style=\"border: none !important;\"><\/div><\/li><li class=\"icon_list_item\" style=\" font-size:120px;\"><div class=\"icon_list_icon\" data-animation=\"pulse\" data-animation-delay=\"03\" style=\"font-size:40px;border-width:1px;border-style:none;background:#ffffff;color:#333333;border-color:#333333;\"><img decoding=\"async\" class=\"list-img-icon\" alt=\"null\" src=\"https:\/\/www.imer.mx\/lapoderosa\/wp-content\/uploads\/sites\/30\/L\u00cdNEA_ABIERTA.png\"\/><\/div><div class=\"icon_description\" id=\"Info-list-wrap-6379\" style=\"font-size:40px;\"><h3 class=\"ult-responsive info-list-heading\"  data-ultimate-target='#Info-list-wrap-6379 h3'  data-responsive-json-new='{\"font-size\":\"desktop:16px;\",\"line-height\":\"desktop:24px;\"}'  style=\"\">L\u00ednea abierta<\/h3><div class=\"icon_description_text ult-responsive\"  data-ultimate-target='#Info-list-wrap-6379 .icon_description_text'  data-responsive-json-new='{\"font-size\":\"desktop:13px;\",\"line-height\":\"desktop:18px;\"}'  style=\"\"><p><span style=\"color: #000000\"><strong>03:00<\/strong><\/span><span style=\"color: #000000\"><strong> a 04:00<\/strong><\/span><\/p>\n<p>Programa hablado en el que se abordan temas de inter\u00e9s migratorio, noticias di\u00e1logo y comentario producido por Radio Biling\u00fce desde Fresno California<\/p>\n<\/div><\/div><div class=\"icon_list_connector\"  style=\"border: none !important;\"><\/div><\/li><li class=\"icon_list_item\" style=\" font-size:120px;\"><div class=\"icon_list_icon\" data-animation=\"pulse\" data-animation-delay=\"03\" style=\"font-size:40px;border-width:1px;border-style:none;background:#ffffff;color:#333333;border-color:#333333;\"><img decoding=\"async\" class=\"list-img-icon\" alt=\"null\" src=\"https:\/\/www.imer.mx\/lapoderosa\/wp-content\/uploads\/sites\/30\/Texto-10.png\"\/><\/div><div class=\"icon_description\" id=\"Info-list-wrap-6948\" style=\"font-size:40px;\"><h3 class=\"ult-responsive info-list-heading\"  data-ultimate-target='#Info-list-wrap-6948 h3'  data-responsive-json-new='{\"font-size\":\"desktop:16px;\",\"line-height\":\"desktop:24px;\"}'  style=\"\">Desempolvadas Norte\u00f1as<\/h3><div class=\"icon_description_text ult-responsive\"  data-ultimate-target='#Info-list-wrap-6948 .icon_description_text'  data-responsive-json-new='{\"font-size\":\"desktop:13px;\",\"line-height\":\"desktop:18px;\"}'  style=\"\"><p><span style=\"color: #000000\"><strong>04:00 a 05:00<\/strong><\/span><\/p>\n<p>Un programa que revive los grandes \u00e9xitos del norte\u00f1o mexicano, recordando a los m\u00e1ximos exponentes del g\u00e9nero y preservando el legado musical de nuestra tierra<\/p>\n<\/div><\/div><div class=\"icon_list_connector\"  style=\"border: none !important;\"><\/div><\/li><li class=\"icon_list_item\" style=\" font-size:120px;\"><div class=\"icon_list_icon\" data-animation=\"pulse\" data-animation-delay=\"03\" style=\"font-size:40px;border-width:1px;border-style:none;background:#ffffff;color:#333333;border-color:#333333;\"><img decoding=\"async\" class=\"list-img-icon\" alt=\"null\" src=\"https:\/\/www.imer.mx\/lapoderosa\/wp-content\/uploads\/sites\/30\/Texto-11-1.png\"\/><\/div><div class=\"icon_description\" id=\"Info-list-wrap-7441\" style=\"font-size:40px;\"><h3 class=\"ult-responsive info-list-heading\"  data-ultimate-target='#Info-list-wrap-7441 h3'  data-responsive-json-new='{\"font-size\":\"desktop:16px;\",\"line-height\":\"desktop:24px;\"}'  style=\"\">El Canto De M\u00e9xico<\/h3><div class=\"icon_description_text ult-responsive\"  data-ultimate-target='#Info-list-wrap-7441 .icon_description_text'  data-responsive-json-new='{\"font-size\":\"desktop:13px;\",\"line-height\":\"desktop:18px;\"}'  style=\"\"><p><span style=\"color: #000000\"><strong>05:00 a 06:00<\/strong><\/span><\/p>\n<p>Identif\u00edcate con un programa lleno de m\u00fasica mexicana con interpretes reconocidos de talla internacional<\/p>\n<\/div><\/div><div class=\"icon_list_connector\"  style=\"border: none !important;\"><\/div><\/li><li class=\"icon_list_item\" style=\" font-size:120px;\"><div class=\"icon_list_icon\" data-animation=\"pulse\" data-animation-delay=\"03\" style=\"font-size:40px;border-width:1px;border-style:none;background:#ffffff;color:#333333;border-color:#333333;\"><img decoding=\"async\" class=\"list-img-icon\" alt=\"null\" src=\"https:\/\/www.imer.mx\/lapoderosa\/wp-content\/uploads\/sites\/30\/587603962_1390574749557062_4599814480446585837_n.jpg\"\/><\/div><div class=\"icon_description\" id=\"Info-list-wrap-1383\" style=\"font-size:40px;\"><h3 class=\"ult-responsive info-list-heading\"  data-ultimate-target='#Info-list-wrap-1383 h3'  data-responsive-json-new='{\"font-size\":\"desktop:16px;\",\"line-height\":\"desktop:24px;\"}'  style=\"\">Himno Nacional y Coahuilense<\/h3><div class=\"icon_description_text ult-responsive\"  data-ultimate-target='#Info-list-wrap-1383 .icon_description_text'  data-responsive-json-new='{\"font-size\":\"desktop:13px;\",\"line-height\":\"desktop:18px;\"}'  style=\"\"><p><span style=\"color: #000000\"><strong>06:00 a 06:05<\/strong><\/span><\/p>\n<p>Con orgullo y fervor, entonamos el Himno Nacional Coahuilense, un canto que celebra la grandeza, historia y valent\u00eda de nuestra tierra, honrando a su gente y sus tradiciones<\/p>\n<\/div><\/div><div class=\"icon_list_connector\"  style=\"border: none !important;\"><\/div><\/li><li class=\"icon_list_item\" style=\" font-size:120px;\"><div class=\"icon_list_icon\" data-animation=\"pulse\" data-animation-delay=\"03\" style=\"font-size:40px;border-width:1px;border-style:none;background:#ffffff;color:#333333;border-color:#333333;\"><img decoding=\"async\" class=\"list-img-icon\" alt=\"null\" src=\"https:\/\/www.imer.mx\/lapoderosa\/wp-content\/uploads\/sites\/30\/EL-PODER-DE-LA-MUSICA-1.gif\"\/><\/div><div class=\"icon_description\" id=\"Info-list-wrap-1672\" style=\"font-size:40px;\"><h3 class=\"ult-responsive info-list-heading\"  data-ultimate-target='#Info-list-wrap-1672 h3'  data-responsive-json-new='{\"font-size\":\"desktop:16px;\",\"line-height\":\"desktop:24px;\"}'  style=\"\">El Poder de la M\u00fasica<\/h3><div class=\"icon_description_text ult-responsive\"  data-ultimate-target='#Info-list-wrap-1672 .icon_description_text'  data-responsive-json-new='{\"font-size\":\"desktop:13px;\",\"line-height\":\"desktop:18px;\"}'  style=\"\"><p><span style=\"color: #000000\"><strong>06:05 a 08:00<\/strong><\/span><\/p>\n<p>El Poder de la M\u00fasica, trae para ti los \u00e9xitos que mueven almas, de todos los g\u00e9neros y \u00e9pocas; la fuerza sonora que conecta coraz\u00f3n, ritmo y pasi\u00f3n en cada nota<\/p>\n<\/div><\/div><div class=\"icon_list_connector\"  style=\"border: none !important;\"><\/div><\/li><li class=\"icon_list_item\" style=\" font-size:120px;\"><div class=\"icon_list_icon\" data-animation=\"pulse\" data-animation-delay=\"03\" style=\"font-size:40px;border-width:1px;border-style:none;background:#ffffff;color:#333333;border-color:#333333;\"><img decoding=\"async\" class=\"list-img-icon\" alt=\"null\" src=\"https:\/\/www.imer.mx\/lapoderosa\/wp-content\/uploads\/sites\/30\/Diseno-sin-titulo-16.png\"\/><\/div><div class=\"icon_description\" id=\"Info-list-wrap-3430\" style=\"font-size:40px;\"><h3 class=\"ult-responsive info-list-heading\"  data-ultimate-target='#Info-list-wrap-3430 h3'  data-responsive-json-new='{\"font-size\":\"desktop:16px;\",\"line-height\":\"desktop:24px;\"}'  style=\"\">IMER noticias, primera edici\u00f3n<\/h3><div class=\"icon_description_text ult-responsive\"  data-ultimate-target='#Info-list-wrap-3430 .icon_description_text'  data-responsive-json-new='{\"font-size\":\"desktop:13px;\",\"line-height\":\"desktop:18px;\"}'  style=\"\"><p><span style=\"color: #000000\"><strong>08:00 a 11:00<\/strong><\/span><\/p>\n<p><span style=\"color: #000000\">Espacio informativo de IMER noticas con Alberto N\u00e1jar<\/span><\/p>\n<\/div><\/div><div class=\"icon_list_connector\"  style=\"border: none !important;\"><\/div><\/li><li class=\"icon_list_item\" style=\" font-size:120px;\"><div class=\"icon_list_icon\" data-animation=\"pulse\" data-animation-delay=\"03\" style=\"font-size:40px;border-width:1px;border-style:none;background:#ffffff;color:#333333;border-color:#333333;\"><img decoding=\"async\" class=\"list-img-icon\" alt=\"null\" src=\"https:\/\/www.imer.mx\/lapoderosa\/wp-content\/uploads\/sites\/30\/aqui-entre-dos.png\"\/><\/div><div class=\"icon_description\" id=\"Info-list-wrap-9149\" style=\"font-size:40px;\"><h3 class=\"ult-responsive info-list-heading\"  data-ultimate-target='#Info-list-wrap-9149 h3'  data-responsive-json-new='{\"font-size\":\"desktop:16px;\",\"line-height\":\"desktop:24px;\"}'  style=\"\">Aqu\u00ed entre dos<\/h3><div class=\"icon_description_text ult-responsive\"  data-ultimate-target='#Info-list-wrap-9149 .icon_description_text'  data-responsive-json-new='{\"font-size\":\"desktop:13px;\",\"line-height\":\"desktop:18px;\"}'  style=\"\"><p><span style=\"color: #000000\"><strong>11:00 a 12:00<\/strong><\/span><\/p>\n<p><span style=\"color: #000000\">Espacio de entrevistas de IMER noticias con Patricia Betaza<\/span><\/p>\n<\/div><\/div><div class=\"icon_list_connector\"  style=\"border: none !important;\"><\/div><\/li><li class=\"icon_list_item\" style=\" font-size:120px;\"><div class=\"icon_list_icon\" data-animation=\"pulse\" data-animation-delay=\"03\" style=\"font-size:40px;border-width:1px;border-style:none;background:#ffffff;color:#333333;border-color:#333333;\"><img decoding=\"async\" class=\"list-img-icon\" alt=\"null\" src=\"https:\/\/www.imer.mx\/lapoderosa\/wp-content\/uploads\/sites\/30\/Texto-10-1.png\"\/><\/div><div class=\"icon_description\" id=\"Info-list-wrap-1975\" style=\"font-size:40px;\"><h3 class=\"ult-responsive info-list-heading\"  data-ultimate-target='#Info-list-wrap-1975 h3'  data-responsive-json-new='{\"font-size\":\"desktop:16px;\",\"line-height\":\"desktop:24px;\"}'  style=\"\">El Poder de la M\u00fasica<\/h3><div class=\"icon_description_text ult-responsive\"  data-ultimate-target='#Info-list-wrap-1975 .icon_description_text'  data-responsive-json-new='{\"font-size\":\"desktop:13px;\",\"line-height\":\"desktop:18px;\"}'  style=\"\"><p><span style=\"color: #000000\"><strong>12:00 a 12:30<\/strong><\/span><\/p>\n<p>El Poder de la M\u00fasica, trae para ti los \u00e9xitos que mueven almas, de todos los g\u00e9neros y \u00e9pocas; la fuerza sonora que conecta coraz\u00f3n, ritmo y pasi\u00f3n en cada nota<\/p>\n<\/div><\/div><div class=\"icon_list_connector\"  style=\"border: none !important;\"><\/div><\/li><li class=\"icon_list_item\" style=\" font-size:120px;\"><div class=\"icon_list_icon\" data-animation=\"pulse\" data-animation-delay=\"03\" style=\"font-size:40px;border-width:1px;border-style:none;background:#ffffff;color:#333333;border-color:#333333;\"><img decoding=\"async\" class=\"list-img-icon\" alt=\"null\" src=\"https:\/\/www.imer.mx\/lapoderosa\/wp-content\/uploads\/sites\/30\/EIXsuawd_400x400-1.jpg\"\/><\/div><div class=\"icon_description\" id=\"Info-list-wrap-1568\" style=\"font-size:40px;\"><h3 class=\"ult-responsive info-list-heading\"  data-ultimate-target='#Info-list-wrap-1568 h3'  data-responsive-json-new='{\"font-size\":\"desktop:16px;\",\"line-height\":\"desktop:24px;\"}'  style=\"\">RTC<\/h3><div class=\"icon_description_text ult-responsive\"  data-ultimate-target='#Info-list-wrap-1568 .icon_description_text'  data-responsive-json-new='{\"font-size\":\"desktop:13px;\",\"line-height\":\"desktop:18px;\"}'  style=\"\"><p><span style=\"color: #000000\"><strong>12:30 a 12:35<\/strong><\/span><\/p>\n<p>Espacio de la Direcci\u00f3n General de Radio, Televisi\u00f3n y Cinematograf\u00eda<\/p>\n<\/div><\/div><div class=\"icon_list_connector\"  style=\"border: none !important;\"><\/div><\/li><li class=\"icon_list_item\" style=\" font-size:120px;\"><div class=\"icon_list_icon\" data-animation=\"pulse\" data-animation-delay=\"03\" style=\"font-size:40px;border-width:1px;border-style:none;background:#ffffff;color:#333333;border-color:#333333;\"><img decoding=\"async\" class=\"list-img-icon\" alt=\"null\" src=\"https:\/\/www.imer.mx\/lapoderosa\/wp-content\/uploads\/sites\/30\/La-Poderosas-WEB.fw_.png\"\/><\/div><div class=\"icon_description\" id=\"Info-list-wrap-5127\" style=\"font-size:40px;\"><h3 class=\"ult-responsive info-list-heading\"  data-ultimate-target='#Info-list-wrap-5127 h3'  data-responsive-json-new='{\"font-size\":\"desktop:16px;\",\"line-height\":\"desktop:24px;\"}'  style=\"\">Plan de acci\u00f3n<\/h3><div class=\"icon_description_text ult-responsive\"  data-ultimate-target='#Info-list-wrap-5127 .icon_description_text'  data-responsive-json-new='{\"font-size\":\"desktop:13px;\",\"line-height\":\"desktop:18px;\"}'  style=\"\"><p><span style=\"color: #000000\"><strong>12:35 a 12:38<\/strong><\/span><\/p>\n<p><span style=\"color: #000000\">Sintoniza Plan de Acci\u00f3n en micro c\u00e1psulas de la Poderosa 103.9 FM<\/span><\/p>\n<\/div><\/div><div class=\"icon_list_connector\"  style=\"border: none !important;\"><\/div><\/li><li class=\"icon_list_item\" style=\" font-size:120px;\"><div class=\"icon_list_icon\" data-animation=\"pulse\" data-animation-delay=\"03\" style=\"font-size:40px;border-width:1px;border-style:none;background:#ffffff;color:#333333;border-color:#333333;\"><img decoding=\"async\" class=\"list-img-icon\" alt=\"null\" src=\"https:\/\/www.imer.mx\/lapoderosa\/wp-content\/uploads\/sites\/30\/Texto-10-1.png\"\/><\/div><div class=\"icon_description\" id=\"Info-list-wrap-1655\" style=\"font-size:40px;\"><h3 class=\"ult-responsive info-list-heading\"  data-ultimate-target='#Info-list-wrap-1655 h3'  data-responsive-json-new='{\"font-size\":\"desktop:16px;\",\"line-height\":\"desktop:24px;\"}'  style=\"\">El Poder de la M\u00fasica<\/h3><div class=\"icon_description_text ult-responsive\"  data-ultimate-target='#Info-list-wrap-1655 .icon_description_text'  data-responsive-json-new='{\"font-size\":\"desktop:13px;\",\"line-height\":\"desktop:18px;\"}'  style=\"\"><p><span style=\"color: #000000\"><strong>12:38 a 13:00<\/strong><\/span><\/p>\n<p>El Poder de la M\u00fasica, trae para ti los \u00e9xitos que mueven almas, de todos los g\u00e9neros y \u00e9pocas; la fuerza sonora que conecta coraz\u00f3n, ritmo y pasi\u00f3n en cada nota<\/p>\n<\/div><\/div><div class=\"icon_list_connector\"  style=\"border: none !important;\"><\/div><\/li><li class=\"icon_list_item\" style=\" font-size:120px;\"><div class=\"icon_list_icon\" data-animation=\"pulse\" data-animation-delay=\"03\" style=\"font-size:40px;border-width:1px;border-style:none;background:#ffffff;color:#333333;border-color:#333333;\"><img decoding=\"async\" class=\"list-img-icon\" alt=\"null\" src=\"https:\/\/www.imer.mx\/lapoderosa\/wp-content\/uploads\/sites\/30\/BINGO-min-1.jpg\"\/><\/div><div class=\"icon_description\" id=\"Info-list-wrap-1261\" style=\"font-size:40px;\"><h3 class=\"ult-responsive info-list-heading\"  data-ultimate-target='#Info-list-wrap-1261 h3'  data-responsive-json-new='{\"font-size\":\"desktop:16px;\",\"line-height\":\"desktop:24px;\"}'  style=\"\">Bingo<\/h3><div class=\"icon_description_text ult-responsive\"  data-ultimate-target='#Info-list-wrap-1261 .icon_description_text'  data-responsive-json-new='{\"font-size\":\"desktop:13px;\",\"line-height\":\"desktop:18px;\"}'  style=\"\"><p><span style=\"color: #000000\"><strong>13:00 a 13:05<\/strong><\/span><\/p>\n<p>El Bingo se gana uniendo 5 n\u00fameros de manera vertical, horizontal o diagonal en una plantilla, pero en IMER se gana el Bingo escuchando los 5 episodios de un tema en una semana<\/p>\n<\/div><\/div><div class=\"icon_list_connector\"  style=\"border: none !important;\"><\/div><a class=\"ulimate-info-list-link\" href=\"https:\/\/www.imer.mx\/programas\/programas-imer\/bingo\/\" target=\"_blank\" rel=\"noopener\" ><\/a><\/li><li class=\"icon_list_item\" style=\" font-size:120px;\"><div class=\"icon_list_icon\" data-animation=\"pulse\" data-animation-delay=\"03\" style=\"font-size:40px;border-width:1px;border-style:none;background:#ffffff;color:#333333;border-color:#333333;\"><img decoding=\"async\" class=\"list-img-icon\" alt=\"null\" src=\"https:\/\/www.imer.mx\/lapoderosa\/wp-content\/uploads\/sites\/30\/Texto-10-1.png\"\/><\/div><div class=\"icon_description\" id=\"Info-list-wrap-5239\" style=\"font-size:40px;\"><h3 class=\"ult-responsive info-list-heading\"  data-ultimate-target='#Info-list-wrap-5239 h3'  data-responsive-json-new='{\"font-size\":\"desktop:16px;\",\"line-height\":\"desktop:24px;\"}'  style=\"\">El Poder de la M\u00fasica<\/h3><div class=\"icon_description_text ult-responsive\"  data-ultimate-target='#Info-list-wrap-5239 .icon_description_text'  data-responsive-json-new='{\"font-size\":\"desktop:13px;\",\"line-height\":\"desktop:18px;\"}'  style=\"\"><p><span style=\"color: #000000\"><strong>13<\/strong><\/span><span style=\"color: #000000\"><strong>:05 a 14:00<\/strong><\/span><\/p>\n<p>El Poder de la M\u00fasica, trae para ti los \u00e9xitos que mueven almas, de todos los g\u00e9neros y \u00e9pocas; la fuerza sonora que conecta coraz\u00f3n, ritmo y pasi\u00f3n en cada nota<\/p>\n<\/div><\/div><div class=\"icon_list_connector\"  style=\"border: none !important;\"><\/div><\/li><li class=\"icon_list_item\" style=\" font-size:120px;\"><div class=\"icon_list_icon\" data-animation=\"pulse\" data-animation-delay=\"03\" style=\"font-size:40px;border-width:1px;border-style:none;background:#ffffff;color:#333333;border-color:#333333;\"><img decoding=\"async\" class=\"list-img-icon\" alt=\"null\" src=\"https:\/\/www.imer.mx\/lapoderosa\/wp-content\/uploads\/sites\/30\/Imer-noticias-2.png\"\/><\/div><div class=\"icon_description\" id=\"Info-list-wrap-3625\" style=\"font-size:40px;\"><h3 class=\"ult-responsive info-list-heading\"  data-ultimate-target='#Info-list-wrap-3625 h3'  data-responsive-json-new='{\"font-size\":\"desktop:16px;\",\"line-height\":\"desktop:24px;\"}'  style=\"\">IMER noticias, segunda edici\u00f3n<\/h3><div class=\"icon_description_text ult-responsive\"  data-ultimate-target='#Info-list-wrap-3625 .icon_description_text'  data-responsive-json-new='{\"font-size\":\"desktop:13px;\",\"line-height\":\"desktop:18px;\"}'  style=\"\"><p><span style=\"color: #000000\"><strong>14:00 a 16:00<\/strong><\/span><\/p>\n<p><span style=\"color: #000000\">Espacio informativo de IMER noticias con Berenice Rodr\u00edguez<\/span><\/p>\n<\/div><\/div><div class=\"icon_list_connector\"  style=\"border: none !important;\"><\/div><a class=\"ulimate-info-list-link\" href=\"http:\/\/noticias.imer.mx\/\" target=\"_blank\" rel=\"noopener\" ><\/a><\/li><li class=\"icon_list_item\" style=\" font-size:120px;\"><div class=\"icon_list_icon\" data-animation=\"pulse\" data-animation-delay=\"03\" style=\"font-size:40px;border-width:1px;border-style:none;background:#ffffff;color:#333333;border-color:#333333;\"><img decoding=\"async\" class=\"list-img-icon\" alt=\"null\" src=\"https:\/\/www.imer.mx\/lapoderosa\/wp-content\/uploads\/sites\/30\/EL_BA\u00daL.png\"\/><\/div><div class=\"icon_description\" id=\"Info-list-wrap-4627\" style=\"font-size:40px;\"><h3 class=\"ult-responsive info-list-heading\"  data-ultimate-target='#Info-list-wrap-4627 h3'  data-responsive-json-new='{\"font-size\":\"desktop:16px;\",\"line-height\":\"desktop:24px;\"}'  style=\"\">El Ba\u00fal De Los Recuerdos<\/h3><div class=\"icon_description_text ult-responsive\"  data-ultimate-target='#Info-list-wrap-4627 .icon_description_text'  data-responsive-json-new='{\"font-size\":\"desktop:13px;\",\"line-height\":\"desktop:18px;\"}'  style=\"\"><p><span style=\"color: #000000\"><strong>16:00 a 16:30<\/strong><\/span><\/p>\n<p>Cuando abras el ba\u00fal encontrar\u00e1s todo tipo de recuerdos musicales que te remiten a los sentimientos encontrados de las personas<\/p>\n<\/div><\/div><div class=\"icon_list_connector\"  style=\"border: none !important;\"><\/div><\/li><li class=\"icon_list_item\" style=\" font-size:120px;\"><div class=\"icon_list_icon\" data-animation=\"pulse\" data-animation-delay=\"03\" style=\"font-size:40px;border-width:1px;border-style:none;background:#ffffff;color:#333333;border-color:#333333;\"><img decoding=\"async\" class=\"list-img-icon\" alt=\"null\" src=\"https:\/\/www.imer.mx\/lapoderosa\/wp-content\/uploads\/sites\/30\/EIXsuawd_400x400-1.jpg\"\/><\/div><div class=\"icon_description\" id=\"Info-list-wrap-9112\" style=\"font-size:40px;\"><h3 class=\"ult-responsive info-list-heading\"  data-ultimate-target='#Info-list-wrap-9112 h3'  data-responsive-json-new='{\"font-size\":\"desktop:16px;\",\"line-height\":\"desktop:24px;\"}'  style=\"\">RTC<\/h3><div class=\"icon_description_text ult-responsive\"  data-ultimate-target='#Info-list-wrap-9112 .icon_description_text'  data-responsive-json-new='{\"font-size\":\"desktop:13px;\",\"line-height\":\"desktop:18px;\"}'  style=\"\"><p><span style=\"color: #000000\"><strong>16:30 a 16:35<\/strong><\/span><\/p>\n<p>Espacio de la Direcci\u00f3n General de Radio, Televisi\u00f3n y Cinematograf\u00eda<\/p>\n<\/div><\/div><div class=\"icon_list_connector\"  style=\"border: none !important;\"><\/div><\/li><li class=\"icon_list_item\" style=\" font-size:120px;\"><div class=\"icon_list_icon\" data-animation=\"pulse\" data-animation-delay=\"03\" style=\"font-size:40px;border-width:1px;border-style:none;background:#ffffff;color:#333333;border-color:#333333;\"><img decoding=\"async\" class=\"list-img-icon\" alt=\"null\" src=\"https:\/\/www.imer.mx\/lapoderosa\/wp-content\/uploads\/sites\/30\/EL_BA\u00daL.png\"\/><\/div><div class=\"icon_description\" id=\"Info-list-wrap-5925\" style=\"font-size:40px;\"><h3 class=\"ult-responsive info-list-heading\"  data-ultimate-target='#Info-list-wrap-5925 h3'  data-responsive-json-new='{\"font-size\":\"desktop:16px;\",\"line-height\":\"desktop:24px;\"}'  style=\"\">El Ba\u00fal De Los Recuerdos<\/h3><div class=\"icon_description_text ult-responsive\"  data-ultimate-target='#Info-list-wrap-5925 .icon_description_text'  data-responsive-json-new='{\"font-size\":\"desktop:13px;\",\"line-height\":\"desktop:18px;\"}'  style=\"\"><p><span style=\"color: #000000\"><strong>16:35 a 17:00<\/strong><\/span><\/p>\n<p>Cuando abras el ba\u00fal encontrar\u00e1s todo tipo de recuerdos musicales que te remiten a los sentimientos encontrados de las personas<\/p>\n<\/div><\/div><div class=\"icon_list_connector\"  style=\"border: none !important;\"><\/div><\/li><li class=\"icon_list_item\" style=\" font-size:120px;\"><div class=\"icon_list_icon\" data-animation=\"pulse\" data-animation-delay=\"03\" style=\"font-size:40px;border-width:1px;border-style:none;background:#ffffff;color:#333333;border-color:#333333;\"><img decoding=\"async\" class=\"list-img-icon\" alt=\"null\" src=\"https:\/\/www.imer.mx\/lapoderosa\/wp-content\/uploads\/sites\/30\/Texto-10.png\"\/><\/div><div class=\"icon_description\" id=\"Info-list-wrap-4383\" style=\"font-size:40px;\"><h3 class=\"ult-responsive info-list-heading\"  data-ultimate-target='#Info-list-wrap-4383 h3'  data-responsive-json-new='{\"font-size\":\"desktop:16px;\",\"line-height\":\"desktop:24px;\"}'  style=\"\">Desempolvadas Norte\u00f1as<\/h3><div class=\"icon_description_text ult-responsive\"  data-ultimate-target='#Info-list-wrap-4383 .icon_description_text'  data-responsive-json-new='{\"font-size\":\"desktop:13px;\",\"line-height\":\"desktop:18px;\"}'  style=\"\"><p><span style=\"color: #000000\"><strong>17:00 a 17:30<\/strong><\/span><\/p>\n<p>Un programa que revive los grandes \u00e9xitos del norte\u00f1o mexicano, recordando a los m\u00e1ximos exponentes del g\u00e9nero y preservando el legado musical de nuestra tierra<\/p>\n<\/div><\/div><div class=\"icon_list_connector\"  style=\"border: none !important;\"><\/div><\/li><li class=\"icon_list_item\" style=\" font-size:120px;\"><div class=\"icon_list_icon\" data-animation=\"pulse\" data-animation-delay=\"03\" style=\"font-size:40px;border-width:1px;border-style:none;background:#ffffff;color:#333333;border-color:#333333;\"><img decoding=\"async\" class=\"list-img-icon\" alt=\"null\" src=\"https:\/\/www.imer.mx\/lapoderosa\/wp-content\/uploads\/sites\/30\/Texto-19.png\"\/><\/div><div class=\"icon_description\" id=\"Info-list-wrap-5481\" style=\"font-size:40px;\"><h3 class=\"ult-responsive info-list-heading\"  data-ultimate-target='#Info-list-wrap-5481 h3'  data-responsive-json-new='{\"font-size\":\"desktop:16px;\",\"line-height\":\"desktop:24px;\"}'  style=\"\">Conexi\u00f3n mujer<\/h3><div class=\"icon_description_text ult-responsive\"  data-ultimate-target='#Info-list-wrap-5481 .icon_description_text'  data-responsive-json-new='{\"font-size\":\"desktop:13px;\",\"line-height\":\"desktop:18px;\"}'  style=\"\"><p><span style=\"color: #000000\"><strong>17:30 a 18:00<\/strong><\/span><\/p>\n<p>Un espacio donde las voces femeninas se encuentran para compartir, inspirar y acompa\u00f1ar. Aqu\u00ed, cada historia construye una red que nos une y nos fortalece<\/p>\n<\/div><\/div><div class=\"icon_list_connector\"  style=\"border: none !important;\"><\/div><\/li><li class=\"icon_list_item\" style=\" font-size:120px;\"><div class=\"icon_list_icon\" data-animation=\"pulse\" data-animation-delay=\"03\" style=\"font-size:40px;border-width:1px;border-style:none;background:#ffffff;color:#333333;border-color:#333333;\"><img decoding=\"async\" class=\"list-img-icon\" alt=\"null\" src=\"https:\/\/www.imer.mx\/lapoderosa\/wp-content\/uploads\/sites\/30\/Texto-10-1.png\"\/><\/div><div class=\"icon_description\" id=\"Info-list-wrap-1904\" style=\"font-size:40px;\"><h3 class=\"ult-responsive info-list-heading\"  data-ultimate-target='#Info-list-wrap-1904 h3'  data-responsive-json-new='{\"font-size\":\"desktop:16px;\",\"line-height\":\"desktop:24px;\"}'  style=\"\">El Poder de la M\u00fasica<\/h3><div class=\"icon_description_text ult-responsive\"  data-ultimate-target='#Info-list-wrap-1904 .icon_description_text'  data-responsive-json-new='{\"font-size\":\"desktop:13px;\",\"line-height\":\"desktop:18px;\"}'  style=\"\"><p><span style=\"color: #000000\"><strong>18:00 a 19:00<\/strong><\/span><\/p>\n<p>El Poder de la M\u00fasica, trae para ti los \u00e9xitos que mueven almas, de todos los g\u00e9neros y \u00e9pocas; la fuerza sonora que conecta coraz\u00f3n, ritmo y pasi\u00f3n en cada nota<\/p>\n<\/div><\/div><div class=\"icon_list_connector\"  style=\"border: none !important;\"><\/div><\/li><li class=\"icon_list_item\" style=\" font-size:120px;\"><div class=\"icon_list_icon\" data-animation=\"pulse\" data-animation-delay=\"03\" style=\"font-size:40px;border-width:1px;border-style:none;background:#ffffff;color:#333333;border-color:#333333;\"><img decoding=\"async\" class=\"list-img-icon\" alt=\"null\" src=\"https:\/\/www.imer.mx\/lapoderosa\/wp-content\/uploads\/sites\/30\/en-contraste-1024x1024.jpg\"\/><\/div><div class=\"icon_description\" id=\"Info-list-wrap-4136\" style=\"font-size:40px;\"><h3 class=\"ult-responsive info-list-heading\"  data-ultimate-target='#Info-list-wrap-4136 h3'  data-responsive-json-new='{\"font-size\":\"desktop:16px;\",\"line-height\":\"desktop:24px;\"}'  style=\"\">En contraste con Gustavo Ram\u00edrez<\/h3><div class=\"icon_description_text ult-responsive\"  data-ultimate-target='#Info-list-wrap-4136 .icon_description_text'  data-responsive-json-new='{\"font-size\":\"desktop:13px;\",\"line-height\":\"desktop:18px;\"}'  style=\"\"><p><span style=\"color: #000000\"><strong>19:00 a 20:00<\/strong><\/span><\/p>\n<p>Espacio informativo de IMER Noticias con Gustavo Ram\u00edrez<\/p>\n<\/div><\/div><div class=\"icon_list_connector\"  style=\"border: none !important;\"><\/div><\/li><li class=\"icon_list_item\" style=\" font-size:120px;\"><div class=\"icon_list_icon\" data-animation=\"pulse\" data-animation-delay=\"03\" style=\"font-size:40px;border-width:1px;border-style:none;background:#ffffff;color:#333333;border-color:#333333;\"><img decoding=\"async\" class=\"list-img-icon\" alt=\"null\" src=\"https:\/\/www.imer.mx\/lapoderosa\/wp-content\/uploads\/sites\/30\/HABLEMOS_DE.png\"\/><\/div><div class=\"icon_description\" id=\"Info-list-wrap-3150\" style=\"font-size:40px;\"><h3 class=\"ult-responsive info-list-heading\"  data-ultimate-target='#Info-list-wrap-3150 h3'  data-responsive-json-new='{\"font-size\":\"desktop:16px;\",\"line-height\":\"desktop:24px;\"}'  style=\"\">Hablemos de Salud<\/h3><div class=\"icon_description_text ult-responsive\"  data-ultimate-target='#Info-list-wrap-3150 .icon_description_text'  data-responsive-json-new='{\"font-size\":\"desktop:13px;\",\"line-height\":\"desktop:18px;\"}'  style=\"\"><p><span style=\"color: #000000\"><strong>20:00 a 21:00<\/strong><\/span><\/p>\n<p>Espacio nocturno en el que cada d\u00eda se habla de un tema acompa\u00f1ado de especialistas en la materia, cuya finalidad es brindar orientaci\u00f3n y servicio a la ciudadan\u00eda<\/p>\n<\/div><\/div><div class=\"icon_list_connector\"  style=\"border: none !important;\"><\/div><\/li><li class=\"icon_list_item\" style=\" font-size:120px;\"><div class=\"icon_list_icon\" data-animation=\"pulse\" data-animation-delay=\"03\" style=\"font-size:40px;border-width:1px;border-style:none;background:#ffffff;color:#333333;border-color:#333333;\"><img decoding=\"async\" class=\"list-img-icon\" alt=\"null\" src=\"https:\/\/www.imer.mx\/lapoderosa\/wp-content\/uploads\/sites\/30\/Texto-10-1.png\"\/><\/div><div class=\"icon_description\" id=\"Info-list-wrap-7643\" style=\"font-size:40px;\"><h3 class=\"ult-responsive info-list-heading\"  data-ultimate-target='#Info-list-wrap-7643 h3'  data-responsive-json-new='{\"font-size\":\"desktop:16px;\",\"line-height\":\"desktop:24px;\"}'  style=\"\">El Poder de la M\u00fasica<\/h3><div class=\"icon_description_text ult-responsive\"  data-ultimate-target='#Info-list-wrap-7643 .icon_description_text'  data-responsive-json-new='{\"font-size\":\"desktop:13px;\",\"line-height\":\"desktop:18px;\"}'  style=\"\"><p><span style=\"color: #000000\"><strong>21:00 a 21:30<\/strong><\/span><\/p>\n<p>El Poder de la M\u00fasica, trae para ti los \u00e9xitos que mueven almas, de todos los g\u00e9neros y \u00e9pocas; la fuerza sonora que conecta coraz\u00f3n, ritmo y pasi\u00f3n en cada nota<\/p>\n<\/div><\/div><div class=\"icon_list_connector\"  style=\"border: none !important;\"><\/div><\/li><li class=\"icon_list_item\" style=\" font-size:120px;\"><div class=\"icon_list_icon\" data-animation=\"pulse\" data-animation-delay=\"03\" style=\"font-size:40px;border-width:1px;border-style:none;background:#ffffff;color:#333333;border-color:#333333;\"><img decoding=\"async\" class=\"list-img-icon\" alt=\"null\" src=\"https:\/\/www.imer.mx\/lapoderosa\/wp-content\/uploads\/sites\/30\/158049272_2104258743038577_9003656463725394223_n-1.jpg\"\/><\/div><div class=\"icon_description\" id=\"Info-list-wrap-4538\" style=\"font-size:40px;\"><h3 class=\"ult-responsive info-list-heading\"  data-ultimate-target='#Info-list-wrap-4538 h3'  data-responsive-json-new='{\"font-size\":\"desktop:16px;\",\"line-height\":\"desktop:24px;\"}'  style=\"\">Plan de acci\u00f3n<\/h3><div class=\"icon_description_text ult-responsive\"  data-ultimate-target='#Info-list-wrap-4538 .icon_description_text'  data-responsive-json-new='{\"font-size\":\"desktop:13px;\",\"line-height\":\"desktop:18px;\"}'  style=\"\"><p><span style=\"color: #000000\"><strong>21:30 a 21:33<\/strong><\/span><\/p>\n<p>Sintoniza Plan de Acci\u00f3n en micro c\u00e1psulas de la Poderosa 103.9 FM<\/p>\n<\/div><\/div><div class=\"icon_list_connector\"  style=\"border: none !important;\"><\/div><\/li><li class=\"icon_list_item\" style=\" font-size:120px;\"><div class=\"icon_list_icon\" data-animation=\"pulse\" data-animation-delay=\"03\" style=\"font-size:40px;border-width:1px;border-style:none;background:#ffffff;color:#333333;border-color:#333333;\"><img decoding=\"async\" class=\"list-img-icon\" alt=\"null\" src=\"https:\/\/www.imer.mx\/lapoderosa\/wp-content\/uploads\/sites\/30\/Texto-10-1.png\"\/><\/div><div class=\"icon_description\" id=\"Info-list-wrap-1909\" style=\"font-size:40px;\"><h3 class=\"ult-responsive info-list-heading\"  data-ultimate-target='#Info-list-wrap-1909 h3'  data-responsive-json-new='{\"font-size\":\"desktop:16px;\",\"line-height\":\"desktop:24px;\"}'  style=\"\">El Poder de la M\u00fasica<\/h3><div class=\"icon_description_text ult-responsive\"  data-ultimate-target='#Info-list-wrap-1909 .icon_description_text'  data-responsive-json-new='{\"font-size\":\"desktop:13px;\",\"line-height\":\"desktop:18px;\"}'  style=\"\"><p><span style=\"color: #000000\"><strong>21:33 a 23:00<\/strong><\/span><\/p>\n<p>El Poder de la M\u00fasica, trae para ti los \u00e9xitos que mueven almas, de todos los g\u00e9neros y \u00e9pocas; la fuerza sonora que conecta coraz\u00f3n, ritmo y pasi\u00f3n en cada nota<\/p>\n<\/div><\/div><div class=\"icon_list_connector\"  style=\"border: none !important;\"><\/div><\/li><li class=\"icon_list_item\" style=\" font-size:120px;\"><div class=\"icon_list_icon\" data-animation=\"pulse\" data-animation-delay=\"03\" style=\"font-size:40px;border-width:1px;border-style:none;background:#ffffff;color:#333333;border-color:#333333;\"><img decoding=\"async\" class=\"list-img-icon\" alt=\"null\" src=\"https:\/\/www.imer.mx\/lapoderosa\/wp-content\/uploads\/sites\/30\/SOLO_PARA_ENAMORADOS.png\"\/><\/div><div class=\"icon_description\" id=\"Info-list-wrap-7357\" style=\"font-size:40px;\"><h3 class=\"ult-responsive info-list-heading\"  data-ultimate-target='#Info-list-wrap-7357 h3'  data-responsive-json-new='{\"font-size\":\"desktop:16px;\",\"line-height\":\"desktop:24px;\"}'  style=\"\">S\u00f3lo para enamorados<\/h3><div class=\"icon_description_text ult-responsive\"  data-ultimate-target='#Info-list-wrap-7357 .icon_description_text'  data-responsive-json-new='{\"font-size\":\"desktop:13px;\",\"line-height\":\"desktop:18px;\"}'  style=\"\"><p><span style=\"color: #000000\"><strong>23:00 a 24:00<\/strong><\/span><\/p>\n<p>En la noche y a obscuras es cuando los enamorados disfrutan de \u00e9ste programa, en el que la m\u00fasica rom\u00e1ntica y la poes\u00eda\u00a0 son los protagonistas<\/p>\n<\/div><\/div><div class=\"icon_list_connector\"  style=\"border: none !important;\"><\/div><\/li><\/ul><\/div>[\/vc_column_inner][\/vc_row_inner][\/vc_tta_section][vc_tta_section title=&#8221;Viernes&#8221; tab_id=&#8221;1720114957562-f582652a-2e1d&#8221;][vc_row_inner][vc_column_inner]<div class=\"smile_icon_list_wrap ult_info_list_container ult-adjust-bottom-margin  \"><ul class=\"smile_icon_list left square with_bg\"><li class=\"icon_list_item\" style=\" font-size:120px;\"><div class=\"icon_list_icon\" data-animation=\"pulse\" data-animation-delay=\"03\" style=\"font-size:40px;border-width:1px;border-style:none;background:#ffffff;color:#333333;border-color:#333333;\"><img decoding=\"async\" class=\"list-img-icon\" alt=\"null\" src=\"https:\/\/www.imer.mx\/lapoderosa\/wp-content\/uploads\/sites\/30\/587603962_1390574749557062_4599814480446585837_n.jpg\"\/><\/div><div class=\"icon_description\" id=\"Info-list-wrap-6602\" style=\"font-size:40px;\"><h3 class=\"ult-responsive info-list-heading\"  data-ultimate-target='#Info-list-wrap-6602 h3'  data-responsive-json-new='{\"font-size\":\"desktop:16px;\",\"line-height\":\"desktop:24px;\"}'  style=\"\">Himno Nacional y Coahuilense<\/h3><div class=\"icon_description_text ult-responsive\"  data-ultimate-target='#Info-list-wrap-6602 .icon_description_text'  data-responsive-json-new='{\"font-size\":\"desktop:13px;\",\"line-height\":\"desktop:18px;\"}'  style=\"\"><p><span style=\"color: #000000\"><strong>00:00 a 00:05<\/strong><\/span><\/p>\n<p>Con orgullo y fervor, entonamos el Himno Nacional Coahuilense, un canto que celebra la grandeza, historia y valent\u00eda de nuestra tierra, honrando a su gente y sus tradiciones<\/p>\n<\/div><\/div><div class=\"icon_list_connector\"  style=\"border: none !important;\"><\/div><\/li><li class=\"icon_list_item\" style=\" font-size:120px;\"><div class=\"icon_list_icon\" data-animation=\"pulse\" data-animation-delay=\"03\" style=\"font-size:40px;border-width:1px;border-style:none;background:#ffffff;color:#333333;border-color:#333333;\"><img decoding=\"async\" class=\"list-img-icon\" alt=\"null\" src=\"https:\/\/www.imer.mx\/lapoderosa\/wp-content\/uploads\/sites\/30\/LA_HORA.png\"\/><\/div><div class=\"icon_description\" id=\"Info-list-wrap-4005\" style=\"font-size:40px;\"><h3 class=\"ult-responsive info-list-heading\"  data-ultimate-target='#Info-list-wrap-4005 h3'  data-responsive-json-new='{\"font-size\":\"desktop:16px;\",\"line-height\":\"desktop:24px;\"}'  style=\"\">La Hora De Las Complacencias<\/h3><div class=\"icon_description_text ult-responsive\"  data-ultimate-target='#Info-list-wrap-4005 .icon_description_text'  data-responsive-json-new='{\"font-size\":\"desktop:13px;\",\"line-height\":\"desktop:18px;\"}'  style=\"\"><p><span style=\"color: #000000\"><strong>00:05 a 01:00<\/strong><\/span><\/p>\n<p>En la hora de las complacencias, t\u00fa eliges la m\u00fasica. Pide tus temas favoritos y disfruta de una hora llena de recuerdos, emociones y dedicatorias especiales<\/p>\n<\/div><\/div><div class=\"icon_list_connector\"  style=\"border: none !important;\"><\/div><\/li><li class=\"icon_list_item\" style=\" font-size:120px;\"><div class=\"icon_list_icon\" data-animation=\"pulse\" data-animation-delay=\"03\" style=\"font-size:40px;border-width:1px;border-style:none;background:#ffffff;color:#333333;border-color:#333333;\"><img decoding=\"async\" class=\"list-img-icon\" alt=\"null\" src=\"https:\/\/www.imer.mx\/lapoderosa\/wp-content\/uploads\/sites\/30\/EL_BA\u00daL.png\"\/><\/div><div class=\"icon_description\" id=\"Info-list-wrap-7386\" style=\"font-size:40px;\"><h3 class=\"ult-responsive info-list-heading\"  data-ultimate-target='#Info-list-wrap-7386 h3'  data-responsive-json-new='{\"font-size\":\"desktop:16px;\",\"line-height\":\"desktop:24px;\"}'  style=\"\">El Ba\u00fal De Los Recuerdos<\/h3><div class=\"icon_description_text ult-responsive\"  data-ultimate-target='#Info-list-wrap-7386 .icon_description_text'  data-responsive-json-new='{\"font-size\":\"desktop:13px;\",\"line-height\":\"desktop:18px;\"}'  style=\"\"><p><span style=\"color: #000000\"><strong>01:00 a 02:00<\/strong><\/span><\/p>\n<p>Cuando abras el ba\u00fal encontrar\u00e1s todo tipo de recuerdos musicales que te remiten a los sentimientos encontrados de las personas<\/p>\n<\/div><\/div><div class=\"icon_list_connector\"  style=\"border: none !important;\"><\/div><\/li><li class=\"icon_list_item\" style=\" font-size:120px;\"><div class=\"icon_list_icon\" data-animation=\"pulse\" data-animation-delay=\"03\" style=\"font-size:40px;border-width:1px;border-style:none;background:#ffffff;color:#333333;border-color:#333333;\"><img decoding=\"async\" class=\"list-img-icon\" alt=\"null\" src=\"https:\/\/www.imer.mx\/lapoderosa\/wp-content\/uploads\/sites\/30\/EL-PODER-DE-LA-MUSICA-1.gif\"\/><\/div><div class=\"icon_description\" id=\"Info-list-wrap-7497\" style=\"font-size:40px;\"><h3 class=\"ult-responsive info-list-heading\"  data-ultimate-target='#Info-list-wrap-7497 h3'  data-responsive-json-new='{\"font-size\":\"desktop:16px;\",\"line-height\":\"desktop:24px;\"}'  style=\"\">El Poder de la M\u00fasica<\/h3><div class=\"icon_description_text ult-responsive\"  data-ultimate-target='#Info-list-wrap-7497 .icon_description_text'  data-responsive-json-new='{\"font-size\":\"desktop:13px;\",\"line-height\":\"desktop:18px;\"}'  style=\"\"><p><span style=\"color: #000000\"><strong>02:00 a 03:00<\/strong><\/span><\/p>\n<p>M\u00fasica\u00a0continua\u00a0con comentarios del locutor en turno en donde podr\u00e1s escuchar novedades musicales y\u00a0\u00e9xitos del momento.<\/p>\n<\/div><\/div><div class=\"icon_list_connector\"  style=\"border: none !important;\"><\/div><\/li><li class=\"icon_list_item\" style=\" font-size:120px;\"><div class=\"icon_list_icon\" data-animation=\"pulse\" data-animation-delay=\"03\" style=\"font-size:40px;border-width:1px;border-style:none;background:#ffffff;color:#333333;border-color:#333333;\"><img decoding=\"async\" class=\"list-img-icon\" alt=\"null\" src=\"https:\/\/www.imer.mx\/lapoderosa\/wp-content\/uploads\/sites\/30\/L\u00cdNEA_ABIERTA.png\"\/><\/div><div class=\"icon_description\" id=\"Info-list-wrap-5677\" style=\"font-size:40px;\"><h3 class=\"ult-responsive info-list-heading\"  data-ultimate-target='#Info-list-wrap-5677 h3'  data-responsive-json-new='{\"font-size\":\"desktop:16px;\",\"line-height\":\"desktop:24px;\"}'  style=\"\">L\u00ednea abierta<\/h3><div class=\"icon_description_text ult-responsive\"  data-ultimate-target='#Info-list-wrap-5677 .icon_description_text'  data-responsive-json-new='{\"font-size\":\"desktop:13px;\",\"line-height\":\"desktop:18px;\"}'  style=\"\"><p><span style=\"color: #000000\"><strong>03:00<\/strong><\/span><span style=\"color: #000000\"><strong> a 04:00<\/strong><\/span><\/p>\n<p>Programa hablado en el que se abordan temas de inter\u00e9s migratorio, noticias di\u00e1logo y comentario producido por Radio Biling\u00fce desde Fresno California<\/p>\n<\/div><\/div><div class=\"icon_list_connector\"  style=\"border: none !important;\"><\/div><\/li><li class=\"icon_list_item\" style=\" font-size:120px;\"><div class=\"icon_list_icon\" data-animation=\"pulse\" data-animation-delay=\"03\" style=\"font-size:40px;border-width:1px;border-style:none;background:#ffffff;color:#333333;border-color:#333333;\"><img decoding=\"async\" class=\"list-img-icon\" alt=\"null\" src=\"https:\/\/www.imer.mx\/lapoderosa\/wp-content\/uploads\/sites\/30\/Texto-10.png\"\/><\/div><div class=\"icon_description\" id=\"Info-list-wrap-3699\" style=\"font-size:40px;\"><h3 class=\"ult-responsive info-list-heading\"  data-ultimate-target='#Info-list-wrap-3699 h3'  data-responsive-json-new='{\"font-size\":\"desktop:16px;\",\"line-height\":\"desktop:24px;\"}'  style=\"\">Desempolvadas Norte\u00f1as<\/h3><div class=\"icon_description_text ult-responsive\"  data-ultimate-target='#Info-list-wrap-3699 .icon_description_text'  data-responsive-json-new='{\"font-size\":\"desktop:13px;\",\"line-height\":\"desktop:18px;\"}'  style=\"\"><p><span style=\"color: #000000\"><strong>04:00 a 05:00<\/strong><\/span><\/p>\n<p>Un programa que revive los grandes \u00e9xitos del norte\u00f1o mexicano, recordando a los m\u00e1ximos exponentes del g\u00e9nero y preservando el legado musical de nuestra tierra<\/p>\n<\/div><\/div><div class=\"icon_list_connector\"  style=\"border: none !important;\"><\/div><\/li><li class=\"icon_list_item\" style=\" font-size:120px;\"><div class=\"icon_list_icon\" data-animation=\"pulse\" data-animation-delay=\"03\" style=\"font-size:40px;border-width:1px;border-style:none;background:#ffffff;color:#333333;border-color:#333333;\"><img decoding=\"async\" class=\"list-img-icon\" alt=\"null\" src=\"https:\/\/www.imer.mx\/lapoderosa\/wp-content\/uploads\/sites\/30\/Texto-11-1.png\"\/><\/div><div class=\"icon_description\" id=\"Info-list-wrap-6684\" style=\"font-size:40px;\"><h3 class=\"ult-responsive info-list-heading\"  data-ultimate-target='#Info-list-wrap-6684 h3'  data-responsive-json-new='{\"font-size\":\"desktop:16px;\",\"line-height\":\"desktop:24px;\"}'  style=\"\">El Canto De M\u00e9xico<\/h3><div class=\"icon_description_text ult-responsive\"  data-ultimate-target='#Info-list-wrap-6684 .icon_description_text'  data-responsive-json-new='{\"font-size\":\"desktop:13px;\",\"line-height\":\"desktop:18px;\"}'  style=\"\"><p><span style=\"color: #000000\"><strong>05:00 a 06:00<\/strong><\/span><\/p>\n<p>Identif\u00edcate con un programa lleno de m\u00fasica mexicana con interpretes reconocidos de talla internacional<\/p>\n<\/div><\/div><div class=\"icon_list_connector\"  style=\"border: none !important;\"><\/div><\/li><li class=\"icon_list_item\" style=\" font-size:120px;\"><div class=\"icon_list_icon\" data-animation=\"pulse\" data-animation-delay=\"03\" style=\"font-size:40px;border-width:1px;border-style:none;background:#ffffff;color:#333333;border-color:#333333;\"><img decoding=\"async\" class=\"list-img-icon\" alt=\"null\" src=\"https:\/\/www.imer.mx\/lapoderosa\/wp-content\/uploads\/sites\/30\/587603962_1390574749557062_4599814480446585837_n.jpg\"\/><\/div><div class=\"icon_description\" id=\"Info-list-wrap-5016\" style=\"font-size:40px;\"><h3 class=\"ult-responsive info-list-heading\"  data-ultimate-target='#Info-list-wrap-5016 h3'  data-responsive-json-new='{\"font-size\":\"desktop:16px;\",\"line-height\":\"desktop:24px;\"}'  style=\"\">Himno Nacional y Coahuilense<\/h3><div class=\"icon_description_text ult-responsive\"  data-ultimate-target='#Info-list-wrap-5016 .icon_description_text'  data-responsive-json-new='{\"font-size\":\"desktop:13px;\",\"line-height\":\"desktop:18px;\"}'  style=\"\"><p><span style=\"color: #000000\"><strong>06:00 a 06:05<\/strong><\/span><\/p>\n<p>Con orgullo y fervor, entonamos el Himno Nacional Coahuilense, un canto que celebra la grandeza, historia y valent\u00eda de nuestra tierra, honrando a su gente y sus tradiciones<\/p>\n<\/div><\/div><div class=\"icon_list_connector\"  style=\"border: none !important;\"><\/div><\/li><li class=\"icon_list_item\" style=\" font-size:120px;\"><div class=\"icon_list_icon\" data-animation=\"pulse\" data-animation-delay=\"03\" style=\"font-size:40px;border-width:1px;border-style:none;background:#ffffff;color:#333333;border-color:#333333;\"><img decoding=\"async\" class=\"list-img-icon\" alt=\"null\" src=\"https:\/\/www.imer.mx\/lapoderosa\/wp-content\/uploads\/sites\/30\/EL-PODER-DE-LA-MUSICA-1.gif\"\/><\/div><div class=\"icon_description\" id=\"Info-list-wrap-5482\" style=\"font-size:40px;\"><h3 class=\"ult-responsive info-list-heading\"  data-ultimate-target='#Info-list-wrap-5482 h3'  data-responsive-json-new='{\"font-size\":\"desktop:16px;\",\"line-height\":\"desktop:24px;\"}'  style=\"\">El Poder de la M\u00fasica<\/h3><div class=\"icon_description_text ult-responsive\"  data-ultimate-target='#Info-list-wrap-5482 .icon_description_text'  data-responsive-json-new='{\"font-size\":\"desktop:13px;\",\"line-height\":\"desktop:18px;\"}'  style=\"\"><p><span style=\"color: #000000\"><strong>06:05 a 08:00<\/strong><\/span><\/p>\n<p>El Poder de la M\u00fasica, trae para ti los \u00e9xitos que mueven almas, de todos los g\u00e9neros y \u00e9pocas; la fuerza sonora que conecta coraz\u00f3n, ritmo y pasi\u00f3n en cada nota<\/p>\n<\/div><\/div><div class=\"icon_list_connector\"  style=\"border: none !important;\"><\/div><\/li><li class=\"icon_list_item\" style=\" font-size:120px;\"><div class=\"icon_list_icon\" data-animation=\"pulse\" data-animation-delay=\"03\" style=\"font-size:40px;border-width:1px;border-style:none;background:#ffffff;color:#333333;border-color:#333333;\"><img decoding=\"async\" class=\"list-img-icon\" alt=\"null\" src=\"https:\/\/www.imer.mx\/lapoderosa\/wp-content\/uploads\/sites\/30\/Diseno-sin-titulo-16.png\"\/><\/div><div class=\"icon_description\" id=\"Info-list-wrap-9962\" style=\"font-size:40px;\"><h3 class=\"ult-responsive info-list-heading\"  data-ultimate-target='#Info-list-wrap-9962 h3'  data-responsive-json-new='{\"font-size\":\"desktop:16px;\",\"line-height\":\"desktop:24px;\"}'  style=\"\">IMER noticias, primera edici\u00f3n<\/h3><div class=\"icon_description_text ult-responsive\"  data-ultimate-target='#Info-list-wrap-9962 .icon_description_text'  data-responsive-json-new='{\"font-size\":\"desktop:13px;\",\"line-height\":\"desktop:18px;\"}'  style=\"\"><p><span style=\"color: #000000\"><strong>08:00 a 11:00<\/strong><\/span><\/p>\n<p><span style=\"color: #000000\">Espacio informativo de IMER noticas con Alberto N\u00e1jar<\/span><\/p>\n<\/div><\/div><div class=\"icon_list_connector\"  style=\"border: none !important;\"><\/div><\/li><li class=\"icon_list_item\" style=\" font-size:120px;\"><div class=\"icon_list_icon\" data-animation=\"pulse\" data-animation-delay=\"03\" style=\"font-size:40px;border-width:1px;border-style:none;background:#ffffff;color:#333333;border-color:#333333;\"><img decoding=\"async\" class=\"list-img-icon\" alt=\"null\" src=\"https:\/\/www.imer.mx\/lapoderosa\/wp-content\/uploads\/sites\/30\/aqui-entre-dos.png\"\/><\/div><div class=\"icon_description\" id=\"Info-list-wrap-4980\" style=\"font-size:40px;\"><h3 class=\"ult-responsive info-list-heading\"  data-ultimate-target='#Info-list-wrap-4980 h3'  data-responsive-json-new='{\"font-size\":\"desktop:16px;\",\"line-height\":\"desktop:24px;\"}'  style=\"\">Aqu\u00ed entre dos<\/h3><div class=\"icon_description_text ult-responsive\"  data-ultimate-target='#Info-list-wrap-4980 .icon_description_text'  data-responsive-json-new='{\"font-size\":\"desktop:13px;\",\"line-height\":\"desktop:18px;\"}'  style=\"\"><p><span style=\"color: #000000\"><strong>11:00 a 12:00<\/strong><\/span><\/p>\n<p><span style=\"color: #000000\">Espacio de entrevistas de IMER noticias con Patricia Betaza<\/span><\/p>\n<\/div><\/div><div class=\"icon_list_connector\"  style=\"border: none !important;\"><\/div><\/li><li class=\"icon_list_item\" style=\" font-size:120px;\"><div class=\"icon_list_icon\" data-animation=\"pulse\" data-animation-delay=\"03\" style=\"font-size:40px;border-width:1px;border-style:none;background:#ffffff;color:#333333;border-color:#333333;\"><img decoding=\"async\" class=\"list-img-icon\" alt=\"null\" src=\"https:\/\/www.imer.mx\/lapoderosa\/wp-content\/uploads\/sites\/30\/Texto-10-1.png\"\/><\/div><div class=\"icon_description\" id=\"Info-list-wrap-3384\" style=\"font-size:40px;\"><h3 class=\"ult-responsive info-list-heading\"  data-ultimate-target='#Info-list-wrap-3384 h3'  data-responsive-json-new='{\"font-size\":\"desktop:16px;\",\"line-height\":\"desktop:24px;\"}'  style=\"\">El Poder de la M\u00fasica<\/h3><div class=\"icon_description_text ult-responsive\"  data-ultimate-target='#Info-list-wrap-3384 .icon_description_text'  data-responsive-json-new='{\"font-size\":\"desktop:13px;\",\"line-height\":\"desktop:18px;\"}'  style=\"\"><p><span style=\"color: #000000\"><strong>12:00 a 12:30<\/strong><\/span><\/p>\n<p>El Poder de la M\u00fasica, trae para ti los \u00e9xitos que mueven almas, de todos los g\u00e9neros y \u00e9pocas; la fuerza sonora que conecta coraz\u00f3n, ritmo y pasi\u00f3n en cada nota<\/p>\n<\/div><\/div><div class=\"icon_list_connector\"  style=\"border: none !important;\"><\/div><\/li><li class=\"icon_list_item\" style=\" font-size:120px;\"><div class=\"icon_list_icon\" data-animation=\"pulse\" data-animation-delay=\"03\" style=\"font-size:40px;border-width:1px;border-style:none;background:#ffffff;color:#333333;border-color:#333333;\"><img decoding=\"async\" class=\"list-img-icon\" alt=\"null\" src=\"https:\/\/www.imer.mx\/lapoderosa\/wp-content\/uploads\/sites\/30\/EIXsuawd_400x400-1.jpg\"\/><\/div><div class=\"icon_description\" id=\"Info-list-wrap-7323\" style=\"font-size:40px;\"><h3 class=\"ult-responsive info-list-heading\"  data-ultimate-target='#Info-list-wrap-7323 h3'  data-responsive-json-new='{\"font-size\":\"desktop:16px;\",\"line-height\":\"desktop:24px;\"}'  style=\"\">RTC<\/h3><div class=\"icon_description_text ult-responsive\"  data-ultimate-target='#Info-list-wrap-7323 .icon_description_text'  data-responsive-json-new='{\"font-size\":\"desktop:13px;\",\"line-height\":\"desktop:18px;\"}'  style=\"\"><p><span style=\"color: #000000\"><strong>12:30 a 12:35<\/strong><\/span><\/p>\n<p>Espacio de la Direcci\u00f3n General de Radio, Televisi\u00f3n y Cinematograf\u00eda<\/p>\n<\/div><\/div><div class=\"icon_list_connector\"  style=\"border: none !important;\"><\/div><\/li><li class=\"icon_list_item\" style=\" font-size:120px;\"><div class=\"icon_list_icon\" data-animation=\"pulse\" data-animation-delay=\"03\" style=\"font-size:40px;border-width:1px;border-style:none;background:#ffffff;color:#333333;border-color:#333333;\"><img decoding=\"async\" class=\"list-img-icon\" alt=\"null\" src=\"https:\/\/www.imer.mx\/lapoderosa\/wp-content\/uploads\/sites\/30\/Wordmark-Logo-with-Stylized-Sun-Rays.png\"\/><\/div><div class=\"icon_description\" id=\"Info-list-wrap-5461\" style=\"font-size:40px;\"><h3 class=\"ult-responsive info-list-heading\"  data-ultimate-target='#Info-list-wrap-5461 h3'  data-responsive-json-new='{\"font-size\":\"desktop:16px;\",\"line-height\":\"desktop:24px;\"}'  style=\"\">Pasos con Esperanza<\/h3><div class=\"icon_description_text ult-responsive\"  data-ultimate-target='#Info-list-wrap-5461 .icon_description_text'  data-responsive-json-new='{\"font-size\":\"desktop:13px;\",\"line-height\":\"desktop:18px;\"}'  style=\"\"><p><span style=\"color: #000000\"><strong>12:35 a 12:38<\/strong><\/span><\/p>\n<p>C\u00e1psulas breves que inspiran a reflexionar y motivan a la audiencia con mensajes positivos, historias de vida y consejos pr\u00e1cticos para seguir adelante con optimismo<\/p>\n<\/div><\/div><div class=\"icon_list_connector\"  style=\"border: none !important;\"><\/div><\/li><li class=\"icon_list_item\" style=\" font-size:120px;\"><div class=\"icon_list_icon\" data-animation=\"pulse\" data-animation-delay=\"03\" style=\"font-size:40px;border-width:1px;border-style:none;background:#ffffff;color:#333333;border-color:#333333;\"><img decoding=\"async\" class=\"list-img-icon\" alt=\"null\" src=\"https:\/\/www.imer.mx\/lapoderosa\/wp-content\/uploads\/sites\/30\/Texto-10-1.png\"\/><\/div><div class=\"icon_description\" id=\"Info-list-wrap-5719\" style=\"font-size:40px;\"><h3 class=\"ult-responsive info-list-heading\"  data-ultimate-target='#Info-list-wrap-5719 h3'  data-responsive-json-new='{\"font-size\":\"desktop:16px;\",\"line-height\":\"desktop:24px;\"}'  style=\"\">El Poder de la M\u00fasica<\/h3><div class=\"icon_description_text ult-responsive\"  data-ultimate-target='#Info-list-wrap-5719 .icon_description_text'  data-responsive-json-new='{\"font-size\":\"desktop:13px;\",\"line-height\":\"desktop:18px;\"}'  style=\"\"><p><span style=\"color: #000000\"><strong>12:38 a 13:00<\/strong><\/span><\/p>\n<p>El Poder de la M\u00fasica, trae para ti los \u00e9xitos que mueven almas, de todos los g\u00e9neros y \u00e9pocas; la fuerza sonora que conecta coraz\u00f3n, ritmo y pasi\u00f3n en cada nota<\/p>\n<\/div><\/div><div class=\"icon_list_connector\"  style=\"border: none !important;\"><\/div><\/li><li class=\"icon_list_item\" style=\" font-size:120px;\"><div class=\"icon_list_icon\" data-animation=\"pulse\" data-animation-delay=\"03\" style=\"font-size:40px;border-width:1px;border-style:none;background:#ffffff;color:#333333;border-color:#333333;\"><img decoding=\"async\" class=\"list-img-icon\" alt=\"null\" src=\"https:\/\/www.imer.mx\/lapoderosa\/wp-content\/uploads\/sites\/30\/BINGO-min-1.jpg\"\/><\/div><div class=\"icon_description\" id=\"Info-list-wrap-6605\" style=\"font-size:40px;\"><h3 class=\"ult-responsive info-list-heading\"  data-ultimate-target='#Info-list-wrap-6605 h3'  data-responsive-json-new='{\"font-size\":\"desktop:16px;\",\"line-height\":\"desktop:24px;\"}'  style=\"\">Bingo<\/h3><div class=\"icon_description_text ult-responsive\"  data-ultimate-target='#Info-list-wrap-6605 .icon_description_text'  data-responsive-json-new='{\"font-size\":\"desktop:13px;\",\"line-height\":\"desktop:18px;\"}'  style=\"\"><p><span style=\"color: #000000\"><strong>13:00 a 13:05<\/strong><\/span><\/p>\n<p>El Bingo se gana uniendo 5 n\u00fameros de manera vertical, horizontal o diagonal en una plantilla, pero en IMER se gana el Bingo escuchando los 5 episodios de un tema en una semana<\/p>\n<\/div><\/div><div class=\"icon_list_connector\"  style=\"border: none !important;\"><\/div><a class=\"ulimate-info-list-link\" href=\"https:\/\/www.imer.mx\/programas\/programas-imer\/bingo\/\" target=\"_blank\" rel=\"noopener\" ><\/a><\/li><li class=\"icon_list_item\" style=\" font-size:120px;\"><div class=\"icon_list_icon\" data-animation=\"pulse\" data-animation-delay=\"03\" style=\"font-size:40px;border-width:1px;border-style:none;background:#ffffff;color:#333333;border-color:#333333;\"><img decoding=\"async\" class=\"list-img-icon\" alt=\"null\" src=\"https:\/\/www.imer.mx\/lapoderosa\/wp-content\/uploads\/sites\/30\/Texto-10-1.png\"\/><\/div><div class=\"icon_description\" id=\"Info-list-wrap-6060\" style=\"font-size:40px;\"><h3 class=\"ult-responsive info-list-heading\"  data-ultimate-target='#Info-list-wrap-6060 h3'  data-responsive-json-new='{\"font-size\":\"desktop:16px;\",\"line-height\":\"desktop:24px;\"}'  style=\"\">El Poder de la M\u00fasica<\/h3><div class=\"icon_description_text ult-responsive\"  data-ultimate-target='#Info-list-wrap-6060 .icon_description_text'  data-responsive-json-new='{\"font-size\":\"desktop:13px;\",\"line-height\":\"desktop:18px;\"}'  style=\"\"><p><span style=\"color: #000000\"><strong>13<\/strong><\/span><span style=\"color: #000000\"><strong>:05 a 14:00<\/strong><\/span><\/p>\n<p>El Poder de la M\u00fasica, trae para ti los \u00e9xitos que mueven almas, de todos los g\u00e9neros y \u00e9pocas; la fuerza sonora que conecta coraz\u00f3n, ritmo y pasi\u00f3n en cada nota<\/p>\n<\/div><\/div><div class=\"icon_list_connector\"  style=\"border: none !important;\"><\/div><\/li><li class=\"icon_list_item\" style=\" font-size:120px;\"><div class=\"icon_list_icon\" data-animation=\"pulse\" data-animation-delay=\"03\" style=\"font-size:40px;border-width:1px;border-style:none;background:#ffffff;color:#333333;border-color:#333333;\"><img decoding=\"async\" class=\"list-img-icon\" alt=\"null\" src=\"https:\/\/www.imer.mx\/lapoderosa\/wp-content\/uploads\/sites\/30\/Imer-noticias-2.png\"\/><\/div><div class=\"icon_description\" id=\"Info-list-wrap-1467\" style=\"font-size:40px;\"><h3 class=\"ult-responsive info-list-heading\"  data-ultimate-target='#Info-list-wrap-1467 h3'  data-responsive-json-new='{\"font-size\":\"desktop:16px;\",\"line-height\":\"desktop:24px;\"}'  style=\"\">IMER noticias, segunda edici\u00f3n<\/h3><div class=\"icon_description_text ult-responsive\"  data-ultimate-target='#Info-list-wrap-1467 .icon_description_text'  data-responsive-json-new='{\"font-size\":\"desktop:13px;\",\"line-height\":\"desktop:18px;\"}'  style=\"\"><p><span style=\"color: #000000\"><strong>14:00 a 16:00<\/strong><\/span><\/p>\n<p><span style=\"color: #000000\">Espacio informativo de IMER noticias con Berenice Rodr\u00edguez<\/span><\/p>\n<\/div><\/div><div class=\"icon_list_connector\"  style=\"border: none !important;\"><\/div><a class=\"ulimate-info-list-link\" href=\"http:\/\/noticias.imer.mx\/\" target=\"_blank\" rel=\"noopener\" ><\/a><\/li><li class=\"icon_list_item\" style=\" font-size:120px;\"><div class=\"icon_list_icon\" data-animation=\"pulse\" data-animation-delay=\"03\" style=\"font-size:40px;border-width:1px;border-style:none;background:#ffffff;color:#333333;border-color:#333333;\"><img decoding=\"async\" class=\"list-img-icon\" alt=\"null\" src=\"https:\/\/www.imer.mx\/lapoderosa\/wp-content\/uploads\/sites\/30\/EL_BA\u00daL.png\"\/><\/div><div class=\"icon_description\" id=\"Info-list-wrap-3642\" style=\"font-size:40px;\"><h3 class=\"ult-responsive info-list-heading\"  data-ultimate-target='#Info-list-wrap-3642 h3'  data-responsive-json-new='{\"font-size\":\"desktop:16px;\",\"line-height\":\"desktop:24px;\"}'  style=\"\">El Ba\u00fal De Los Recuerdos<\/h3><div class=\"icon_description_text ult-responsive\"  data-ultimate-target='#Info-list-wrap-3642 .icon_description_text'  data-responsive-json-new='{\"font-size\":\"desktop:13px;\",\"line-height\":\"desktop:18px;\"}'  style=\"\"><p><span style=\"color: #000000\"><strong>16:00 a 16:30<\/strong><\/span><\/p>\n<p>Cuando abras el ba\u00fal encontrar\u00e1s todo tipo de recuerdos musicales que te remiten a los sentimientos encontrados de las personas<\/p>\n<\/div><\/div><div class=\"icon_list_connector\"  style=\"border: none !important;\"><\/div><\/li><li class=\"icon_list_item\" style=\" font-size:120px;\"><div class=\"icon_list_icon\" data-animation=\"pulse\" data-animation-delay=\"03\" style=\"font-size:40px;border-width:1px;border-style:none;background:#ffffff;color:#333333;border-color:#333333;\"><img decoding=\"async\" class=\"list-img-icon\" alt=\"null\" src=\"https:\/\/www.imer.mx\/lapoderosa\/wp-content\/uploads\/sites\/30\/EIXsuawd_400x400-1.jpg\"\/><\/div><div class=\"icon_description\" id=\"Info-list-wrap-6610\" style=\"font-size:40px;\"><h3 class=\"ult-responsive info-list-heading\"  data-ultimate-target='#Info-list-wrap-6610 h3'  data-responsive-json-new='{\"font-size\":\"desktop:16px;\",\"line-height\":\"desktop:24px;\"}'  style=\"\">RTC<\/h3><div class=\"icon_description_text ult-responsive\"  data-ultimate-target='#Info-list-wrap-6610 .icon_description_text'  data-responsive-json-new='{\"font-size\":\"desktop:13px;\",\"line-height\":\"desktop:18px;\"}'  style=\"\"><p><span style=\"color: #000000\"><strong>16:30 a 16:35<\/strong><\/span><\/p>\n<p>Espacio de la Direcci\u00f3n General de Radio, Televisi\u00f3n y Cinematograf\u00eda<\/p>\n<\/div><\/div><div class=\"icon_list_connector\"  style=\"border: none !important;\"><\/div><\/li><li class=\"icon_list_item\" style=\" font-size:120px;\"><div class=\"icon_list_icon\" data-animation=\"pulse\" data-animation-delay=\"03\" style=\"font-size:40px;border-width:1px;border-style:none;background:#ffffff;color:#333333;border-color:#333333;\"><img decoding=\"async\" class=\"list-img-icon\" alt=\"null\" src=\"https:\/\/www.imer.mx\/lapoderosa\/wp-content\/uploads\/sites\/30\/EL_BA\u00daL.png\"\/><\/div><div class=\"icon_description\" id=\"Info-list-wrap-5012\" style=\"font-size:40px;\"><h3 class=\"ult-responsive info-list-heading\"  data-ultimate-target='#Info-list-wrap-5012 h3'  data-responsive-json-new='{\"font-size\":\"desktop:16px;\",\"line-height\":\"desktop:24px;\"}'  style=\"\">El Ba\u00fal De Los Recuerdos<\/h3><div class=\"icon_description_text ult-responsive\"  data-ultimate-target='#Info-list-wrap-5012 .icon_description_text'  data-responsive-json-new='{\"font-size\":\"desktop:13px;\",\"line-height\":\"desktop:18px;\"}'  style=\"\"><p><span style=\"color: #000000\"><strong>16:35 a 17:00<\/strong><\/span><\/p>\n<p>Cuando abras el ba\u00fal encontrar\u00e1s todo tipo de recuerdos musicales que te remiten a los sentimientos encontrados de las personas<\/p>\n<\/div><\/div><div class=\"icon_list_connector\"  style=\"border: none !important;\"><\/div><\/li><li class=\"icon_list_item\" style=\" font-size:120px;\"><div class=\"icon_list_icon\" data-animation=\"pulse\" data-animation-delay=\"03\" style=\"font-size:40px;border-width:1px;border-style:none;background:#ffffff;color:#333333;border-color:#333333;\"><img decoding=\"async\" class=\"list-img-icon\" alt=\"null\" src=\"https:\/\/www.imer.mx\/lapoderosa\/wp-content\/uploads\/sites\/30\/Texto-10.png\"\/><\/div><div class=\"icon_description\" id=\"Info-list-wrap-1634\" style=\"font-size:40px;\"><h3 class=\"ult-responsive info-list-heading\"  data-ultimate-target='#Info-list-wrap-1634 h3'  data-responsive-json-new='{\"font-size\":\"desktop:16px;\",\"line-height\":\"desktop:24px;\"}'  style=\"\">Desempolvadas Norte\u00f1as<\/h3><div class=\"icon_description_text ult-responsive\"  data-ultimate-target='#Info-list-wrap-1634 .icon_description_text'  data-responsive-json-new='{\"font-size\":\"desktop:13px;\",\"line-height\":\"desktop:18px;\"}'  style=\"\"><p><span style=\"color: #000000\"><strong>17:00 a 18:00<\/strong><\/span><\/p>\n<p>Un programa que revive los grandes \u00e9xitos del norte\u00f1o mexicano, recordando a los m\u00e1ximos exponentes del g\u00e9nero y preservando el legado musical de nuestra tierra<\/p>\n<\/div><\/div><div class=\"icon_list_connector\"  style=\"border: none !important;\"><\/div><\/li><li class=\"icon_list_item\" style=\" font-size:120px;\"><div class=\"icon_list_icon\" data-animation=\"pulse\" data-animation-delay=\"03\" style=\"font-size:40px;border-width:1px;border-style:none;background:#ffffff;color:#333333;border-color:#333333;\"><img decoding=\"async\" class=\"list-img-icon\" alt=\"null\" src=\"https:\/\/www.imer.mx\/lapoderosa\/wp-content\/uploads\/sites\/30\/Texto-10-1.png\"\/><\/div><div class=\"icon_description\" id=\"Info-list-wrap-2304\" style=\"font-size:40px;\"><h3 class=\"ult-responsive info-list-heading\"  data-ultimate-target='#Info-list-wrap-2304 h3'  data-responsive-json-new='{\"font-size\":\"desktop:16px;\",\"line-height\":\"desktop:24px;\"}'  style=\"\">El Poder de la M\u00fasica<\/h3><div class=\"icon_description_text ult-responsive\"  data-ultimate-target='#Info-list-wrap-2304 .icon_description_text'  data-responsive-json-new='{\"font-size\":\"desktop:13px;\",\"line-height\":\"desktop:18px;\"}'  style=\"\"><p><span style=\"color: #000000\"><strong>18:00 a 19:00<\/strong><\/span><\/p>\n<p>El Poder de la M\u00fasica, trae para ti los \u00e9xitos que mueven almas, de todos los g\u00e9neros y \u00e9pocas; la fuerza sonora que conecta coraz\u00f3n, ritmo y pasi\u00f3n en cada nota<\/p>\n<\/div><\/div><div class=\"icon_list_connector\"  style=\"border: none !important;\"><\/div><\/li><li class=\"icon_list_item\" style=\" font-size:120px;\"><div class=\"icon_list_icon\" data-animation=\"pulse\" data-animation-delay=\"03\" style=\"font-size:40px;border-width:1px;border-style:none;background:#ffffff;color:#333333;border-color:#333333;\"><img decoding=\"async\" class=\"list-img-icon\" alt=\"null\" src=\"https:\/\/www.imer.mx\/lapoderosa\/wp-content\/uploads\/sites\/30\/en-contraste-1024x1024.jpg\"\/><\/div><div class=\"icon_description\" id=\"Info-list-wrap-9189\" style=\"font-size:40px;\"><h3 class=\"ult-responsive info-list-heading\"  data-ultimate-target='#Info-list-wrap-9189 h3'  data-responsive-json-new='{\"font-size\":\"desktop:16px;\",\"line-height\":\"desktop:24px;\"}'  style=\"\">En contraste con Gustavo Ram\u00edrez<\/h3><div class=\"icon_description_text ult-responsive\"  data-ultimate-target='#Info-list-wrap-9189 .icon_description_text'  data-responsive-json-new='{\"font-size\":\"desktop:13px;\",\"line-height\":\"desktop:18px;\"}'  style=\"\"><p><span style=\"color: #000000\"><strong>19:00 a 20:00<\/strong><\/span><\/p>\n<p>Espacio informativo de IMER Noticias con Gustavo Ram\u00edrez<\/p>\n<\/div><\/div><div class=\"icon_list_connector\"  style=\"border: none !important;\"><\/div><\/li><li class=\"icon_list_item\" style=\" font-size:120px;\"><div class=\"icon_list_icon\" data-animation=\"pulse\" data-animation-delay=\"03\" style=\"font-size:40px;border-width:1px;border-style:none;background:#ffffff;color:#333333;border-color:#333333;\"><img decoding=\"async\" class=\"list-img-icon\" alt=\"null\" src=\"https:\/\/www.imer.mx\/lapoderosa\/wp-content\/uploads\/sites\/30\/Bienestar-emocional-.png\"\/><\/div><div class=\"icon_description\" id=\"Info-list-wrap-9416\" style=\"font-size:40px;\"><h3 class=\"ult-responsive info-list-heading\"  data-ultimate-target='#Info-list-wrap-9416 h3'  data-responsive-json-new='{\"font-size\":\"desktop:16px;\",\"line-height\":\"desktop:24px;\"}'  style=\"\">Bienestar Emocional<\/h3><div class=\"icon_description_text ult-responsive\"  data-ultimate-target='#Info-list-wrap-9416 .icon_description_text'  data-responsive-json-new='{\"font-size\":\"desktop:13px;\",\"line-height\":\"desktop:18px;\"}'  style=\"\"><p><span style=\"color: #000000\"><strong>20:00 a 21:00<\/strong><\/span><\/p>\n<p>Bienestar Emocional, un espacio d\u00f3nde aprendemos a cuidar nuestra mente y coraz\u00f3n con consejos que nos ayudan a vivir en equilibrio y armon\u00eda<\/p>\n<\/div><\/div><div class=\"icon_list_connector\"  style=\"border: none !important;\"><\/div><\/li><li class=\"icon_list_item\" style=\" font-size:120px;\"><div class=\"icon_list_icon\" data-animation=\"pulse\" data-animation-delay=\"03\" style=\"font-size:40px;border-width:1px;border-style:none;background:#ffffff;color:#333333;border-color:#333333;\"><img decoding=\"async\" class=\"list-img-icon\" alt=\"null\" src=\"https:\/\/www.imer.mx\/lapoderosa\/wp-content\/uploads\/sites\/30\/Texto-10-1.png\"\/><\/div><div class=\"icon_description\" id=\"Info-list-wrap-1885\" style=\"font-size:40px;\"><h3 class=\"ult-responsive info-list-heading\"  data-ultimate-target='#Info-list-wrap-1885 h3'  data-responsive-json-new='{\"font-size\":\"desktop:16px;\",\"line-height\":\"desktop:24px;\"}'  style=\"\">El Poder de la M\u00fasica<\/h3><div class=\"icon_description_text ult-responsive\"  data-ultimate-target='#Info-list-wrap-1885 .icon_description_text'  data-responsive-json-new='{\"font-size\":\"desktop:13px;\",\"line-height\":\"desktop:18px;\"}'  style=\"\"><p><span style=\"color: #000000\"><strong>21:00 a 21:30<\/strong><\/span><\/p>\n<p>El Poder de la M\u00fasica, trae para ti los \u00e9xitos que mueven almas, de todos los g\u00e9neros y \u00e9pocas; la fuerza sonora que conecta coraz\u00f3n, ritmo y pasi\u00f3n en cada nota<\/p>\n<\/div><\/div><div class=\"icon_list_connector\"  style=\"border: none !important;\"><\/div><\/li><li class=\"icon_list_item\" style=\" font-size:120px;\"><div class=\"icon_list_icon\" data-animation=\"pulse\" data-animation-delay=\"03\" style=\"font-size:40px;border-width:1px;border-style:none;background:#ffffff;color:#333333;border-color:#333333;\"><img decoding=\"async\" class=\"list-img-icon\" alt=\"null\" src=\"https:\/\/www.imer.mx\/lapoderosa\/wp-content\/uploads\/sites\/30\/Wordmark-Logo-with-Stylized-Sun-Rays.png\"\/><\/div><div class=\"icon_description\" id=\"Info-list-wrap-7771\" style=\"font-size:40px;\"><h3 class=\"ult-responsive info-list-heading\"  data-ultimate-target='#Info-list-wrap-7771 h3'  data-responsive-json-new='{\"font-size\":\"desktop:16px;\",\"line-height\":\"desktop:24px;\"}'  style=\"\">Pasos con Esperanza<\/h3><div class=\"icon_description_text ult-responsive\"  data-ultimate-target='#Info-list-wrap-7771 .icon_description_text'  data-responsive-json-new='{\"font-size\":\"desktop:13px;\",\"line-height\":\"desktop:18px;\"}'  style=\"\"><p><span style=\"color: #000000\"><strong>21<\/strong><\/span><span style=\"color: #000000\"><strong>:30 a 21:33<\/strong><\/span><\/p>\n<p>C\u00e1psulas breves que inspiran a reflexionar y motivan a la audiencia con mensajes positivos, historias de vida y consejos pr\u00e1cticos para seguir adelante con optimismo<\/p>\n<\/div><\/div><div class=\"icon_list_connector\"  style=\"border: none !important;\"><\/div><\/li><li class=\"icon_list_item\" style=\" font-size:120px;\"><div class=\"icon_list_icon\" data-animation=\"pulse\" data-animation-delay=\"03\" style=\"font-size:40px;border-width:1px;border-style:none;background:#ffffff;color:#333333;border-color:#333333;\"><img decoding=\"async\" class=\"list-img-icon\" alt=\"null\" src=\"https:\/\/www.imer.mx\/lapoderosa\/wp-content\/uploads\/sites\/30\/Texto-10-1.png\"\/><\/div><div class=\"icon_description\" id=\"Info-list-wrap-1093\" style=\"font-size:40px;\"><h3 class=\"ult-responsive info-list-heading\"  data-ultimate-target='#Info-list-wrap-1093 h3'  data-responsive-json-new='{\"font-size\":\"desktop:16px;\",\"line-height\":\"desktop:24px;\"}'  style=\"\">El Poder de la M\u00fasica<\/h3><div class=\"icon_description_text ult-responsive\"  data-ultimate-target='#Info-list-wrap-1093 .icon_description_text'  data-responsive-json-new='{\"font-size\":\"desktop:13px;\",\"line-height\":\"desktop:18px;\"}'  style=\"\"><p><span style=\"color: #000000\"><strong>21:33 a 23:00<\/strong><\/span><\/p>\n<p>El Poder de la M\u00fasica, trae para ti los \u00e9xitos que mueven almas, de todos los g\u00e9neros y \u00e9pocas; la fuerza sonora que conecta coraz\u00f3n, ritmo y pasi\u00f3n en cada nota<\/p>\n<\/div><\/div><div class=\"icon_list_connector\"  style=\"border: none !important;\"><\/div><\/li><li class=\"icon_list_item\" style=\" font-size:120px;\"><div class=\"icon_list_icon\" data-animation=\"pulse\" data-animation-delay=\"03\" style=\"font-size:40px;border-width:1px;border-style:none;background:#ffffff;color:#333333;border-color:#333333;\"><img decoding=\"async\" class=\"list-img-icon\" alt=\"null\" src=\"https:\/\/www.imer.mx\/lapoderosa\/wp-content\/uploads\/sites\/30\/SOLO_PARA_ENAMORADOS.png\"\/><\/div><div class=\"icon_description\" id=\"Info-list-wrap-4076\" style=\"font-size:40px;\"><h3 class=\"ult-responsive info-list-heading\"  data-ultimate-target='#Info-list-wrap-4076 h3'  data-responsive-json-new='{\"font-size\":\"desktop:16px;\",\"line-height\":\"desktop:24px;\"}'  style=\"\">S\u00f3lo para enamorados<\/h3><div class=\"icon_description_text ult-responsive\"  data-ultimate-target='#Info-list-wrap-4076 .icon_description_text'  data-responsive-json-new='{\"font-size\":\"desktop:13px;\",\"line-height\":\"desktop:18px;\"}'  style=\"\"><p><span style=\"color: #000000\"><strong>23:00 a 24:00<\/strong><\/span><\/p>\n<p>En la noche y a obscuras es cuando los enamorados disfrutan de \u00e9ste programa, en el que la m\u00fasica rom\u00e1ntica y la poes\u00eda\u00a0 son los protagonistas<\/p>\n<\/div><\/div><div class=\"icon_list_connector\"  style=\"border: none !important;\"><\/div><\/li><\/ul><\/div>[\/vc_column_inner][\/vc_row_inner][\/vc_tta_section][vc_tta_section title=&#8221;S\u00e1bados&#8221; tab_id=&#8221;sabados&#8221;][vc_row_inner][vc_column_inner]<div class=\"smile_icon_list_wrap ult_info_list_container ult-adjust-bottom-margin  \"><ul class=\"smile_icon_list left square with_bg\"><li class=\"icon_list_item\" style=\" font-size:120px;\"><div class=\"icon_list_icon\" data-animation=\"pulse\" data-animation-delay=\"03\" style=\"font-size:40px;border-width:1px;border-style:none;background:#ffffff;color:#333333;border-color:#333333;\"><img decoding=\"async\" class=\"list-img-icon\" alt=\"null\" src=\"https:\/\/www.imer.mx\/lapoderosa\/wp-content\/uploads\/sites\/30\/587603962_1390574749557062_4599814480446585837_n.jpg\"\/><\/div><div class=\"icon_description\" id=\"Info-list-wrap-5137\" style=\"font-size:40px;\"><h3 class=\"ult-responsive info-list-heading\"  data-ultimate-target='#Info-list-wrap-5137 h3'  data-responsive-json-new='{\"font-size\":\"desktop:16px;\",\"line-height\":\"desktop:24px;\"}'  style=\"\">Himno Nacional y Coahuilense<\/h3><div class=\"icon_description_text ult-responsive\"  data-ultimate-target='#Info-list-wrap-5137 .icon_description_text'  data-responsive-json-new='{\"font-size\":\"desktop:13px;\",\"line-height\":\"desktop:18px;\"}'  style=\"\"><p><span style=\"color: #000000\"><strong>00:00 a 00:05<\/strong><\/span><\/p>\n<p>Con orgullo y fervor, entonamos el Himno Nacional Coahuilense, un canto que celebra la grandeza, historia y valent\u00eda de nuestra tierra, honrando a su gente y sus tradiciones<\/p>\n<\/div><\/div><div class=\"icon_list_connector\"  style=\"border: none !important;\"><\/div><\/li><li class=\"icon_list_item\" style=\" font-size:120px;\"><div class=\"icon_list_icon\" data-animation=\"pulse\" data-animation-delay=\"03\" style=\"font-size:40px;border-width:1px;border-style:none;background:#ffffff;color:#333333;border-color:#333333;\"><img decoding=\"async\" class=\"list-img-icon\" alt=\"null\" src=\"https:\/\/www.imer.mx\/lapoderosa\/wp-content\/uploads\/sites\/30\/LA_HORA.png\"\/><\/div><div class=\"icon_description\" id=\"Info-list-wrap-7673\" style=\"font-size:40px;\"><h3 class=\"ult-responsive info-list-heading\"  data-ultimate-target='#Info-list-wrap-7673 h3'  data-responsive-json-new='{\"font-size\":\"desktop:16px;\",\"line-height\":\"desktop:24px;\"}'  style=\"\">La Hora De Las Complacencias<\/h3><div class=\"icon_description_text ult-responsive\"  data-ultimate-target='#Info-list-wrap-7673 .icon_description_text'  data-responsive-json-new='{\"font-size\":\"desktop:13px;\",\"line-height\":\"desktop:18px;\"}'  style=\"\"><p><span style=\"color: #000000\"><strong>00:05 a 01:00<\/strong><\/span><\/p>\n<p>En La Hora de las Complacencias, t\u00fa eliges la m\u00fasica. Pide tus temas favoritos y disfruta de una hora llena de recuerdos, emociones y dedicatorias especiales<\/p>\n<\/div><\/div><div class=\"icon_list_connector\"  style=\"border: none !important;\"><\/div><\/li><li class=\"icon_list_item\" style=\" font-size:120px;\"><div class=\"icon_list_icon\" data-animation=\"pulse\" data-animation-delay=\"03\" style=\"font-size:40px;border-width:1px;border-style:none;background:#ffffff;color:#333333;border-color:#333333;\"><img decoding=\"async\" class=\"list-img-icon\" alt=\"null\" src=\"https:\/\/www.imer.mx\/lapoderosa\/wp-content\/uploads\/sites\/30\/EL_BA\u00daL.png\"\/><\/div><div class=\"icon_description\" id=\"Info-list-wrap-3825\" style=\"font-size:40px;\"><h3 class=\"ult-responsive info-list-heading\"  data-ultimate-target='#Info-list-wrap-3825 h3'  data-responsive-json-new='{\"font-size\":\"desktop:16px;\",\"line-height\":\"desktop:24px;\"}'  style=\"\">El Ba\u00fal De Los Recuerdos<\/h3><div class=\"icon_description_text ult-responsive\"  data-ultimate-target='#Info-list-wrap-3825 .icon_description_text'  data-responsive-json-new='{\"font-size\":\"desktop:13px;\",\"line-height\":\"desktop:18px;\"}'  style=\"\"><p><span style=\"color: #000000\"><strong>01:00 a 02:00<\/strong><\/span><\/p>\n<p>Cuando abras el ba\u00fal encontrar\u00e1s todo tipo de recuerdos musicales que te remiten a los sentimientos encontrados de las personas<\/p>\n<\/div><\/div><div class=\"icon_list_connector\"  style=\"border: none !important;\"><\/div><\/li><li class=\"icon_list_item\" style=\" font-size:120px;\"><div class=\"icon_list_icon\" data-animation=\"pulse\" data-animation-delay=\"03\" style=\"font-size:40px;border-width:1px;border-style:none;background:#ffffff;color:#333333;border-color:#333333;\"><img decoding=\"async\" class=\"list-img-icon\" alt=\"null\" src=\"https:\/\/www.imer.mx\/lapoderosa\/wp-content\/uploads\/sites\/30\/Texto-10-2.png\"\/><\/div><div class=\"icon_description\" id=\"Info-list-wrap-6982\" style=\"font-size:40px;\"><h3 class=\"ult-responsive info-list-heading\"  data-ultimate-target='#Info-list-wrap-6982 h3'  data-responsive-json-new='{\"font-size\":\"desktop:16px;\",\"line-height\":\"desktop:24px;\"}'  style=\"\">El Poder de la M\u00fasica<\/h3><div class=\"icon_description_text ult-responsive\"  data-ultimate-target='#Info-list-wrap-6982 .icon_description_text'  data-responsive-json-new='{\"font-size\":\"desktop:13px;\",\"line-height\":\"desktop:18px;\"}'  style=\"\"><p><span style=\"color: #000000\"><strong>02:00 a 03:00<\/strong><\/span><\/p>\n<p>El Poder de la M\u00fasica, trae para ti los \u00e9xitos que mueven almas, de todos los g\u00e9neros y \u00e9pocas; la fuerza sonora que conecta coraz\u00f3n, ritmo y pasi\u00f3n en cada nota<\/p>\n<\/div><\/div><div class=\"icon_list_connector\"  style=\"border: none !important;\"><\/div><\/li><li class=\"icon_list_item\" style=\" font-size:120px;\"><div class=\"icon_list_icon\" data-animation=\"pulse\" data-animation-delay=\"03\" style=\"font-size:40px;border-width:1px;border-style:none;background:#ffffff;color:#333333;border-color:#333333;\"><img decoding=\"async\" class=\"list-img-icon\" alt=\"null\" src=\"https:\/\/www.imer.mx\/lapoderosa\/wp-content\/uploads\/sites\/30\/L\u00cdNEA_ABIERTA.png\"\/><\/div><div class=\"icon_description\" id=\"Info-list-wrap-3010\" style=\"font-size:40px;\"><h3 class=\"ult-responsive info-list-heading\"  data-ultimate-target='#Info-list-wrap-3010 h3'  data-responsive-json-new='{\"font-size\":\"desktop:16px;\",\"line-height\":\"desktop:24px;\"}'  style=\"\">L\u00ednea abierta<\/h3><div class=\"icon_description_text ult-responsive\"  data-ultimate-target='#Info-list-wrap-3010 .icon_description_text'  data-responsive-json-new='{\"font-size\":\"desktop:13px;\",\"line-height\":\"desktop:18px;\"}'  style=\"\"><p><span style=\"color: #000000\"><strong>03:00<\/strong><\/span><span style=\"color: #00000\"><strong> a 04:00<\/strong><\/span><\/p>\n<p>PPrograma hablado en el que se abordan temas de inter\u00e9s migratorio, noticias di\u00e1logo y comentario producido por Radio Biling\u00fce desde Fresno California<\/p>\n<\/div><\/div><div class=\"icon_list_connector\"  style=\"border: none !important;\"><\/div><\/li><li class=\"icon_list_item\" style=\" font-size:120px;\"><div class=\"icon_list_icon\" data-animation=\"pulse\" data-animation-delay=\"03\" style=\"font-size:40px;border-width:1px;border-style:none;background:#ffffff;color:#333333;border-color:#333333;\"><img decoding=\"async\" class=\"list-img-icon\" alt=\"null\" src=\"https:\/\/www.imer.mx\/lapoderosa\/wp-content\/uploads\/sites\/30\/Texto-10.png\"\/><\/div><div class=\"icon_description\" id=\"Info-list-wrap-7353\" style=\"font-size:40px;\"><h3 class=\"ult-responsive info-list-heading\"  data-ultimate-target='#Info-list-wrap-7353 h3'  data-responsive-json-new='{\"font-size\":\"desktop:16px;\",\"line-height\":\"desktop:24px;\"}'  style=\"\">Desempolvadas Norte\u00f1as<\/h3><div class=\"icon_description_text ult-responsive\"  data-ultimate-target='#Info-list-wrap-7353 .icon_description_text'  data-responsive-json-new='{\"font-size\":\"desktop:13px;\",\"line-height\":\"desktop:18px;\"}'  style=\"\"><p><span style=\"color: #000000\"><strong>04:00 a 05:00<\/strong><\/span><\/p>\n<p>Un programa que revive los grandes \u00e9xitos del norte\u00f1o mexicano, recordando a los m\u00e1ximos exponentes del g\u00e9nero y preservando el legado musical de nuestra tierra<\/p>\n<\/div><\/div><div class=\"icon_list_connector\"  style=\"border: none !important;\"><\/div><\/li><li class=\"icon_list_item\" style=\" font-size:120px;\"><div class=\"icon_list_icon\" data-animation=\"pulse\" data-animation-delay=\"03\" style=\"font-size:40px;border-width:1px;border-style:none;background:#ffffff;color:#333333;border-color:#333333;\"><img decoding=\"async\" class=\"list-img-icon\" alt=\"null\" src=\"https:\/\/www.imer.mx\/lapoderosa\/wp-content\/uploads\/sites\/30\/Texto-11-1.png\"\/><\/div><div class=\"icon_description\" id=\"Info-list-wrap-2854\" style=\"font-size:40px;\"><h3 class=\"ult-responsive info-list-heading\"  data-ultimate-target='#Info-list-wrap-2854 h3'  data-responsive-json-new='{\"font-size\":\"desktop:16px;\",\"line-height\":\"desktop:24px;\"}'  style=\"\">El Canto De M\u00e9xico<\/h3><div class=\"icon_description_text ult-responsive\"  data-ultimate-target='#Info-list-wrap-2854 .icon_description_text'  data-responsive-json-new='{\"font-size\":\"desktop:13px;\",\"line-height\":\"desktop:18px;\"}'  style=\"\"><p><span style=\"color: #000000\"><strong>05:00 a 06:00<\/strong><\/span><\/p>\n<p>Identif\u00edcate\u00a0con un programa lleno de m\u00fasica mexicana con interpretes reconocidos de talla internacional<\/p>\n<\/div><\/div><div class=\"icon_list_connector\"  style=\"border: none !important;\"><\/div><\/li><li class=\"icon_list_item\" style=\" font-size:120px;\"><div class=\"icon_list_icon\" data-animation=\"pulse\" data-animation-delay=\"03\" style=\"font-size:40px;border-width:1px;border-style:none;background:#ffffff;color:#333333;border-color:#333333;\"><img decoding=\"async\" class=\"list-img-icon\" alt=\"null\" src=\"https:\/\/www.imer.mx\/lapoderosa\/wp-content\/uploads\/sites\/30\/587603962_1390574749557062_4599814480446585837_n.jpg\"\/><\/div><div class=\"icon_description\" id=\"Info-list-wrap-8309\" style=\"font-size:40px;\"><h3 class=\"ult-responsive info-list-heading\"  data-ultimate-target='#Info-list-wrap-8309 h3'  data-responsive-json-new='{\"font-size\":\"desktop:16px;\",\"line-height\":\"desktop:24px;\"}'  style=\"\">Himno Nacional y Coahuilense<\/h3><div class=\"icon_description_text ult-responsive\"  data-ultimate-target='#Info-list-wrap-8309 .icon_description_text'  data-responsive-json-new='{\"font-size\":\"desktop:13px;\",\"line-height\":\"desktop:18px;\"}'  style=\"\"><p><span style=\"color: #000000\"><strong>06:00 a 06:05<\/strong><\/span><\/p>\n<p>Con orgullo y fervor, entonamos el Himno Nacional Coahuilense, un canto que celebra la grandeza, historia y valent\u00eda de nuestra tierra, honrando a su gente y sus tradiciones<\/p>\n<\/div><\/div><div class=\"icon_list_connector\"  style=\"border: none !important;\"><\/div><\/li><li class=\"icon_list_item\" style=\" font-size:120px;\"><div class=\"icon_list_icon\" data-animation=\"pulse\" data-animation-delay=\"03\" style=\"font-size:40px;border-width:1px;border-style:none;background:#ffffff;color:#333333;border-color:#333333;\"><img decoding=\"async\" class=\"list-img-icon\" alt=\"null\" src=\"https:\/\/www.imer.mx\/lapoderosa\/wp-content\/uploads\/sites\/30\/Texto-10-2.png\"\/><\/div><div class=\"icon_description\" id=\"Info-list-wrap-2430\" style=\"font-size:40px;\"><h3 class=\"ult-responsive info-list-heading\"  data-ultimate-target='#Info-list-wrap-2430 h3'  data-responsive-json-new='{\"font-size\":\"desktop:16px;\",\"line-height\":\"desktop:24px;\"}'  style=\"\">El Poder de la M\u00fasica<\/h3><div class=\"icon_description_text ult-responsive\"  data-ultimate-target='#Info-list-wrap-2430 .icon_description_text'  data-responsive-json-new='{\"font-size\":\"desktop:13px;\",\"line-height\":\"desktop:18px;\"}'  style=\"\"><p><span style=\"color: #000000\"><strong>06:05 a 08:00<\/strong><\/span><\/p>\n<p>El Poder de la M\u00fasica, trae para ti los \u00e9xitos que mueven almas, de todos los g\u00e9neros y \u00e9pocas; la fuerza sonora que conecta coraz\u00f3n, ritmo y pasi\u00f3n en cada nota<\/p>\n<\/div><\/div><div class=\"icon_list_connector\"  style=\"border: none !important;\"><\/div><\/li><li class=\"icon_list_item\" style=\" font-size:120px;\"><div class=\"icon_list_icon\" data-animation=\"pulse\" data-animation-delay=\"03\" style=\"font-size:40px;border-width:1px;border-style:none;background:#ffffff;color:#333333;border-color:#333333;\"><img decoding=\"async\" class=\"list-img-icon\" alt=\"null\" src=\"https:\/\/www.imer.mx\/lapoderosa\/wp-content\/uploads\/sites\/30\/158049272_2104258743038577_9003656463725394223_n.jpg\"\/><\/div><div class=\"icon_description\" id=\"Info-list-wrap-2090\" style=\"font-size:40px;\"><h3 class=\"ult-responsive info-list-heading\"  data-ultimate-target='#Info-list-wrap-2090 h3'  data-responsive-json-new='{\"font-size\":\"desktop:16px;\",\"line-height\":\"desktop:24px;\"}'  style=\"\">Cuida tu mente\u2026 transforma tu vida (retransmisi\u00f3n)<\/h3><div class=\"icon_description_text ult-responsive\"  data-ultimate-target='#Info-list-wrap-2090 .icon_description_text'  data-responsive-json-new='{\"font-size\":\"desktop:13px;\",\"line-height\":\"desktop:18px;\"}'  style=\"\"><p><span style=\"color: #000000\"><strong>08:00 a 08:30<\/strong><\/span><\/p>\n<p>Un espacio para aprender a escucharte, respirar y transformar tu historia. Cuida tu mente, y ver\u00e1s c\u00f3mo cambia tu vida<\/p>\n<\/div><\/div><div class=\"icon_list_connector\"  style=\"border: none !important;\"><\/div><\/li><li class=\"icon_list_item\" style=\" font-size:120px;\"><div class=\"icon_list_icon\" data-animation=\"pulse\" data-animation-delay=\"03\" style=\"font-size:40px;border-width:1px;border-style:none;background:#ffffff;color:#333333;border-color:#333333;\"><img decoding=\"async\" class=\"list-img-icon\" alt=\"null\" src=\"https:\/\/www.imer.mx\/lapoderosa\/wp-content\/uploads\/sites\/30\/Texto-10-2.png\"\/><\/div><div class=\"icon_description\" id=\"Info-list-wrap-3216\" style=\"font-size:40px;\"><h3 class=\"ult-responsive info-list-heading\"  data-ultimate-target='#Info-list-wrap-3216 h3'  data-responsive-json-new='{\"font-size\":\"desktop:16px;\",\"line-height\":\"desktop:24px;\"}'  style=\"\">El Poder de la M\u00fasica<\/h3><div class=\"icon_description_text ult-responsive\"  data-ultimate-target='#Info-list-wrap-3216 .icon_description_text'  data-responsive-json-new='{\"font-size\":\"desktop:13px;\",\"line-height\":\"desktop:18px;\"}'  style=\"\"><p><span style=\"color: #000000\"><strong>08:30 a 10:00<\/strong><\/span><\/p>\n<p>El Poder de la M\u00fasica, trae para ti los \u00e9xitos que mueven almas, de todos los g\u00e9neros y \u00e9pocas; la fuerza sonora que conecta coraz\u00f3n, ritmo y pasi\u00f3n en cada nota<\/p>\n<\/div><\/div><div class=\"icon_list_connector\"  style=\"border: none !important;\"><\/div><\/li><li class=\"icon_list_item\" style=\" font-size:120px;\"><div class=\"icon_list_icon\" data-animation=\"pulse\" data-animation-delay=\"03\" style=\"font-size:40px;border-width:1px;border-style:none;background:#ffffff;color:#333333;border-color:#333333;\"><img decoding=\"async\" class=\"list-img-icon\" alt=\"null\" src=\"https:\/\/www.imer.mx\/lapoderosa\/wp-content\/uploads\/sites\/30\/158049272_2104258743038577_9003656463725394223_n-1.jpg\"\/><\/div><div class=\"icon_description\" id=\"Info-list-wrap-6911\" style=\"font-size:40px;\"><h3 class=\"ult-responsive info-list-heading\"  data-ultimate-target='#Info-list-wrap-6911 h3'  data-responsive-json-new='{\"font-size\":\"desktop:16px;\",\"line-height\":\"desktop:24px;\"}'  style=\"\">Desarmando la historia<\/h3><div class=\"icon_description_text ult-responsive\"  data-ultimate-target='#Info-list-wrap-6911 .icon_description_text'  data-responsive-json-new='{\"font-size\":\"desktop:13px;\",\"line-height\":\"desktop:18px;\"}'  style=\"\"><p><span style=\"color: #000000\"><strong>10:00 a 10:30<\/strong><\/span><\/p>\n<p><span style=\"color: #000000\">Serie del Instituto Nacional de Estudios Hist\u00f3ricos de las Revoluciones de M\u00e9xico (INEHRM) que revisa hechos hist\u00f3ricos de M\u00e9xico y cuestiona versiones tradicionales para comprender c\u00f3mo se construye la memoria colectiva.<\/span><\/p>\n<\/div><\/div><div class=\"icon_list_connector\"  style=\"border: none !important;\"><\/div><a class=\"ulimate-info-list-link\" href=\"https:\/\/www.imer.mx\/programas\/programas-imer\/historiaparatodos\/\" target=\"_blank\" rel=\"noopener\" ><\/a><\/li><li class=\"icon_list_item\" style=\" font-size:120px;\"><div class=\"icon_list_icon\" data-animation=\"pulse\" data-animation-delay=\"03\" style=\"font-size:40px;border-width:1px;border-style:none;background:#ffffff;color:#333333;border-color:#333333;\"><img decoding=\"async\" class=\"list-img-icon\" alt=\"null\" src=\"https:\/\/www.imer.mx\/lapoderosa\/wp-content\/uploads\/sites\/30\/Texto-10-2.png\"\/><\/div><div class=\"icon_description\" id=\"Info-list-wrap-4193\" style=\"font-size:40px;\"><h3 class=\"ult-responsive info-list-heading\"  data-ultimate-target='#Info-list-wrap-4193 h3'  data-responsive-json-new='{\"font-size\":\"desktop:16px;\",\"line-height\":\"desktop:24px;\"}'  style=\"\">El Poder de la M\u00fasica<\/h3><div class=\"icon_description_text ult-responsive\"  data-ultimate-target='#Info-list-wrap-4193 .icon_description_text'  data-responsive-json-new='{\"font-size\":\"desktop:13px;\",\"line-height\":\"desktop:18px;\"}'  style=\"\"><p><span style=\"color: #000000\"><strong>10:30 a 11:00<\/strong><\/span><\/p>\n<p>El Poder de la M\u00fasica, trae para ti los \u00e9xitos que mueven almas, de todos los g\u00e9neros y \u00e9pocas; la fuerza sonora que conecta coraz\u00f3n, ritmo y pasi\u00f3n en cada nota<\/p>\n<\/div><\/div><div class=\"icon_list_connector\"  style=\"border: none !important;\"><\/div><\/li><li class=\"icon_list_item\" style=\" font-size:120px;\"><div class=\"icon_list_icon\" data-animation=\"pulse\" data-animation-delay=\"03\" style=\"font-size:40px;border-width:1px;border-style:none;background:#ffffff;color:#333333;border-color:#333333;\"><img decoding=\"async\" class=\"list-img-icon\" alt=\"null\" src=\"https:\/\/www.imer.mx\/lapoderosa\/wp-content\/uploads\/sites\/30\/La-Pandilla-1024x1024-1.jpg\"\/><\/div><div class=\"icon_description\" id=\"Info-list-wrap-6486\" style=\"font-size:40px;\"><h3 class=\"ult-responsive info-list-heading\"  data-ultimate-target='#Info-list-wrap-6486 h3'  data-responsive-json-new='{\"font-size\":\"desktop:16px;\",\"line-height\":\"desktop:24px;\"}'  style=\"\">La pandilla<\/h3><div class=\"icon_description_text ult-responsive\"  data-ultimate-target='#Info-list-wrap-6486 .icon_description_text'  data-responsive-json-new='{\"font-size\":\"desktop:13px;\",\"line-height\":\"desktop:18px;\"}'  style=\"\"><p><span style=\"color: #000000\"><strong>11:00 a 11:30<\/strong><\/span><\/p>\n<p>La Pandilla es un programa de radio en donde ni\u00f1as y ni\u00f1os de todo el pa\u00eds ejercen su derecho a opinar, proponer, as\u00ed como compartir su creatividad, imaginaci\u00f3n \u00a0e inteligencia<\/p>\n<\/div><\/div><div class=\"icon_list_connector\"  style=\"border: none !important;\"><\/div><a class=\"ulimate-info-list-link\" href=\"https:\/\/www.imer.mx\/programas\/lapandilla\/\" ><\/a><\/li><li class=\"icon_list_item\" style=\" font-size:120px;\"><div class=\"icon_list_icon\" data-animation=\"pulse\" data-animation-delay=\"03\" style=\"font-size:40px;border-width:1px;border-style:none;background:#ffffff;color:#333333;border-color:#333333;\"><img decoding=\"async\" class=\"list-img-icon\" alt=\"null\" src=\"https:\/\/www.imer.mx\/lapoderosa\/wp-content\/uploads\/sites\/30\/Texto-10-2.png\"\/><\/div><div class=\"icon_description\" id=\"Info-list-wrap-6056\" style=\"font-size:40px;\"><h3 class=\"ult-responsive info-list-heading\"  data-ultimate-target='#Info-list-wrap-6056 h3'  data-responsive-json-new='{\"font-size\":\"desktop:16px;\",\"line-height\":\"desktop:24px;\"}'  style=\"\">El Poder de la M\u00fasica<\/h3><div class=\"icon_description_text ult-responsive\"  data-ultimate-target='#Info-list-wrap-6056 .icon_description_text'  data-responsive-json-new='{\"font-size\":\"desktop:13px;\",\"line-height\":\"desktop:18px;\"}'  style=\"\"><p><span style=\"color: #000000\"><strong>11:30 a 12<\/strong><\/span><span style=\"color: #000000\"><strong>:3<\/strong><\/span><span style=\"color: #000000\"><strong>0<\/strong><\/span><\/p>\n<p>El Poder de la M\u00fasica, trae para ti los \u00e9xitos que mueven almas, de todos los g\u00e9neros y \u00e9pocas; la fuerza sonora que conecta coraz\u00f3n, ritmo y pasi\u00f3n en cada nota<\/p>\n<\/div><\/div><div class=\"icon_list_connector\"  style=\"border: none !important;\"><\/div><\/li><li class=\"icon_list_item\" style=\" font-size:120px;\"><div class=\"icon_list_icon\" data-animation=\"pulse\" data-animation-delay=\"03\" style=\"font-size:40px;border-width:1px;border-style:none;background:#ffffff;color:#333333;border-color:#333333;\"><img decoding=\"async\" class=\"list-img-icon\" alt=\"null\" src=\"https:\/\/www.imer.mx\/lapoderosa\/wp-content\/uploads\/sites\/30\/RTC_400x400.jpg\"\/><\/div><div class=\"icon_description\" id=\"Info-list-wrap-8975\" style=\"font-size:40px;\"><h3 class=\"ult-responsive info-list-heading\"  data-ultimate-target='#Info-list-wrap-8975 h3'  data-responsive-json-new='{\"font-size\":\"desktop:16px;\",\"line-height\":\"desktop:24px;\"}'  style=\"\">RTC<\/h3><div class=\"icon_description_text ult-responsive\"  data-ultimate-target='#Info-list-wrap-8975 .icon_description_text'  data-responsive-json-new='{\"font-size\":\"desktop:13px;\",\"line-height\":\"desktop:18px;\"}'  style=\"\"><p><span style=\"color: #000000\"><strong>12:30 a 12:35<\/strong><\/span><\/p>\n<p>Espacio de la Direcci\u00f3n General de Radio, Televisi\u00f3n y Cinematograf\u00eda<\/p>\n<\/div><\/div><div class=\"icon_list_connector\"  style=\"border: none !important;\"><\/div><\/li><li class=\"icon_list_item\" style=\" font-size:120px;\"><div class=\"icon_list_icon\" data-animation=\"pulse\" data-animation-delay=\"03\" style=\"font-size:40px;border-width:1px;border-style:none;background:#ffffff;color:#333333;border-color:#333333;\"><img decoding=\"async\" class=\"list-img-icon\" alt=\"null\" src=\"https:\/\/www.imer.mx\/lapoderosa\/wp-content\/uploads\/sites\/30\/158049272_2104258743038577_9003656463725394223_n.jpg\"\/><\/div><div class=\"icon_description\" id=\"Info-list-wrap-8447\" style=\"font-size:40px;\"><h3 class=\"ult-responsive info-list-heading\"  data-ultimate-target='#Info-list-wrap-8447 h3'  data-responsive-json-new='{\"font-size\":\"desktop:16px;\",\"line-height\":\"desktop:24px;\"}'  style=\"\">Uro tips (retransmisi\u00f3n)<\/h3><div class=\"icon_description_text ult-responsive\"  data-ultimate-target='#Info-list-wrap-8447 .icon_description_text'  data-responsive-json-new='{\"font-size\":\"desktop:13px;\",\"line-height\":\"desktop:18px;\"}'  style=\"\"><p><span style=\"color: #000000\"><strong>12:35 a 12:38<\/strong><\/span><\/p>\n<p>El programa que te ense\u00f1a a cuidar tu salud urinaria y bienestar \u00edntimo con informaci\u00f3n clara, confiable y al alcance de todos<\/p>\n<\/div><\/div><div class=\"icon_list_connector\"  style=\"border: none !important;\"><\/div><\/li><li class=\"icon_list_item\" style=\" font-size:120px;\"><div class=\"icon_list_icon\" data-animation=\"pulse\" data-animation-delay=\"03\" style=\"font-size:40px;border-width:1px;border-style:none;background:#ffffff;color:#333333;border-color:#333333;\"><img decoding=\"async\" class=\"list-img-icon\" alt=\"null\" src=\"https:\/\/www.imer.mx\/lapoderosa\/wp-content\/uploads\/sites\/30\/Texto-10-2.png\"\/><\/div><div class=\"icon_description\" id=\"Info-list-wrap-6493\" style=\"font-size:40px;\"><h3 class=\"ult-responsive info-list-heading\"  data-ultimate-target='#Info-list-wrap-6493 h3'  data-responsive-json-new='{\"font-size\":\"desktop:16px;\",\"line-height\":\"desktop:24px;\"}'  style=\"\">El Poder de la M\u00fasica<\/h3><div class=\"icon_description_text ult-responsive\"  data-ultimate-target='#Info-list-wrap-6493 .icon_description_text'  data-responsive-json-new='{\"font-size\":\"desktop:13px;\",\"line-height\":\"desktop:18px;\"}'  style=\"\"><p><span style=\"color: #000000\"><strong>12:38 a 13:00<\/strong><\/span><\/p>\n<p>El Poder de la M\u00fasica, trae para ti los \u00e9xitos que mueven almas, de todos los g\u00e9neros y \u00e9pocas; la fuerza sonora que conecta coraz\u00f3n, ritmo y pasi\u00f3n en cada nota<\/p>\n<\/div><\/div><div class=\"icon_list_connector\"  style=\"border: none !important;\"><\/div><\/li><li class=\"icon_list_item\" style=\" font-size:120px;\"><div class=\"icon_list_icon\" data-animation=\"pulse\" data-animation-delay=\"03\" style=\"font-size:40px;border-width:1px;border-style:none;background:#ffffff;color:#333333;border-color:#333333;\"><img decoding=\"async\" class=\"list-img-icon\" alt=\"null\" src=\"https:\/\/www.imer.mx\/lapoderosa\/wp-content\/uploads\/sites\/30\/La-Poderosas-WEB.fw_.png\"\/><\/div><div class=\"icon_description\" id=\"Info-list-wrap-4630\" style=\"font-size:40px;\"><h3 class=\"ult-responsive info-list-heading\"  data-ultimate-target='#Info-list-wrap-4630 h3'  data-responsive-json-new='{\"font-size\":\"desktop:16px;\",\"line-height\":\"desktop:24px;\"}'  style=\"\">Especiales de la Poderosa<\/h3><div class=\"icon_description_text ult-responsive\"  data-ultimate-target='#Info-list-wrap-4630 .icon_description_text'  data-responsive-json-new='{\"font-size\":\"desktop:13px;\",\"line-height\":\"desktop:18px;\"}'  style=\"\"><p><span style=\"color: #000000\"><strong>13:00 a 14:00<\/strong><\/span><\/p>\n<p>Las joyas invaluables de la m\u00fasica, colecciones que marcaron \u00e9pocas, ahora remasterizadas y presentadas como nunca antes. El sonido que mereces escuchar<\/p>\n<\/div><\/div><div class=\"icon_list_connector\"  style=\"border: none !important;\"><\/div><a class=\"ulimate-info-list-link\" href=\"http:\/\/noticias.imer.mx\/\" target=\"_blank\" rel=\"noopener\" ><\/a><\/li><li class=\"icon_list_item\" style=\" font-size:120px;\"><div class=\"icon_list_icon\" data-animation=\"pulse\" data-animation-delay=\"03\" style=\"font-size:40px;border-width:1px;border-style:none;background:#ffffff;color:#333333;border-color:#333333;\"><img decoding=\"async\" class=\"list-img-icon\" alt=\"null\" src=\"https:\/\/www.imer.mx\/lapoderosa\/wp-content\/uploads\/sites\/30\/Texto-10-2.png\"\/><\/div><div class=\"icon_description\" id=\"Info-list-wrap-6852\" style=\"font-size:40px;\"><h3 class=\"ult-responsive info-list-heading\"  data-ultimate-target='#Info-list-wrap-6852 h3'  data-responsive-json-new='{\"font-size\":\"desktop:16px;\",\"line-height\":\"desktop:24px;\"}'  style=\"\">El Poder de la M\u00fasica<\/h3><div class=\"icon_description_text ult-responsive\"  data-ultimate-target='#Info-list-wrap-6852 .icon_description_text'  data-responsive-json-new='{\"font-size\":\"desktop:13px;\",\"line-height\":\"desktop:18px;\"}'  style=\"\"><p><span style=\"color: #000000\"><strong>14:00 a 16:00<\/strong><\/span><\/p>\n<p>El Poder de la M\u00fasica, trae para ti los \u00e9xitos que mueven almas, de todos los g\u00e9neros y \u00e9pocas; la fuerza sonora que conecta coraz\u00f3n, ritmo y pasi\u00f3n en cada nota<\/p>\n<\/div><\/div><div class=\"icon_list_connector\"  style=\"border: none !important;\"><\/div><\/li><li class=\"icon_list_item\" style=\" font-size:120px;\"><div class=\"icon_list_icon\" data-animation=\"pulse\" data-animation-delay=\"03\" style=\"font-size:40px;border-width:1px;border-style:none;background:#ffffff;color:#333333;border-color:#333333;\"><img decoding=\"async\" class=\"list-img-icon\" alt=\"null\" src=\"https:\/\/www.imer.mx\/lapoderosa\/wp-content\/uploads\/sites\/30\/EL_BA\u00daL.png\"\/><\/div><div class=\"icon_description\" id=\"Info-list-wrap-1934\" style=\"font-size:40px;\"><h3 class=\"ult-responsive info-list-heading\"  data-ultimate-target='#Info-list-wrap-1934 h3'  data-responsive-json-new='{\"font-size\":\"desktop:16px;\",\"line-height\":\"desktop:24px;\"}'  style=\"\">El Ba\u00fal De Los Recuerdos<\/h3><div class=\"icon_description_text ult-responsive\"  data-ultimate-target='#Info-list-wrap-1934 .icon_description_text'  data-responsive-json-new='{\"font-size\":\"desktop:13px;\",\"line-height\":\"desktop:18px;\"}'  style=\"\"><p><span style=\"color: #000000\"><strong>16:00 a 16:30<\/strong><\/span><\/p>\n<p>Cuando abras el ba\u00fal encontrar\u00e1s todo tipo de recuerdos musicales que te remiten a los sentimientos encontrados de las personas<\/p>\n<\/div><\/div><div class=\"icon_list_connector\"  style=\"border: none !important;\"><\/div><\/li><li class=\"icon_list_item\" style=\" font-size:120px;\"><div class=\"icon_list_icon\" data-animation=\"pulse\" data-animation-delay=\"03\" style=\"font-size:40px;border-width:1px;border-style:none;background:#ffffff;color:#333333;border-color:#333333;\"><img decoding=\"async\" class=\"list-img-icon\" alt=\"null\" src=\"https:\/\/www.imer.mx\/lapoderosa\/wp-content\/uploads\/sites\/30\/RTC_400x400.jpg\"\/><\/div><div class=\"icon_description\" id=\"Info-list-wrap-1359\" style=\"font-size:40px;\"><h3 class=\"ult-responsive info-list-heading\"  data-ultimate-target='#Info-list-wrap-1359 h3'  data-responsive-json-new='{\"font-size\":\"desktop:16px;\",\"line-height\":\"desktop:24px;\"}'  style=\"\">RTC<\/h3><div class=\"icon_description_text ult-responsive\"  data-ultimate-target='#Info-list-wrap-1359 .icon_description_text'  data-responsive-json-new='{\"font-size\":\"desktop:13px;\",\"line-height\":\"desktop:18px;\"}'  style=\"\"><p><span style=\"color: #000000\"><strong>16:30 a 16:35<\/strong><\/span><\/p>\n<p>Espacio de la Direcci\u00f3n General de Radio, Televisi\u00f3n y Cinematograf\u00eda<\/p>\n<\/div><\/div><div class=\"icon_list_connector\"  style=\"border: none !important;\"><\/div><\/li><li class=\"icon_list_item\" style=\" font-size:120px;\"><div class=\"icon_list_icon\" data-animation=\"pulse\" data-animation-delay=\"03\" style=\"font-size:40px;border-width:1px;border-style:none;background:#ffffff;color:#333333;border-color:#333333;\"><img decoding=\"async\" class=\"list-img-icon\" alt=\"null\" src=\"https:\/\/www.imer.mx\/lapoderosa\/wp-content\/uploads\/sites\/30\/EL_BA\u00daL.png\"\/><\/div><div class=\"icon_description\" id=\"Info-list-wrap-1664\" style=\"font-size:40px;\"><h3 class=\"ult-responsive info-list-heading\"  data-ultimate-target='#Info-list-wrap-1664 h3'  data-responsive-json-new='{\"font-size\":\"desktop:16px;\",\"line-height\":\"desktop:24px;\"}'  style=\"\">El Ba\u00fal De Los Recuerdos<\/h3><div class=\"icon_description_text ult-responsive\"  data-ultimate-target='#Info-list-wrap-1664 .icon_description_text'  data-responsive-json-new='{\"font-size\":\"desktop:13px;\",\"line-height\":\"desktop:18px;\"}'  style=\"\"><p><span style=\"color: #000000\"><strong>16:35 a 17:00<\/strong><\/span><\/p>\n<p>Cuando abras el ba\u00fal encontrar\u00e1s todo tipo de recuerdos musicales que te remiten a los sentimientos encontrados de las personas<\/p>\n<\/div><\/div><div class=\"icon_list_connector\"  style=\"border: none !important;\"><\/div><\/li><li class=\"icon_list_item\" style=\" font-size:120px;\"><div class=\"icon_list_icon\" data-animation=\"pulse\" data-animation-delay=\"03\" style=\"font-size:40px;border-width:1px;border-style:none;background:#ffffff;color:#333333;border-color:#333333;\"><img decoding=\"async\" class=\"list-img-icon\" alt=\"null\" src=\"https:\/\/www.imer.mx\/lapoderosa\/wp-content\/uploads\/sites\/30\/Texto-10.png\"\/><\/div><div class=\"icon_description\" id=\"Info-list-wrap-8051\" style=\"font-size:40px;\"><h3 class=\"ult-responsive info-list-heading\"  data-ultimate-target='#Info-list-wrap-8051 h3'  data-responsive-json-new='{\"font-size\":\"desktop:16px;\",\"line-height\":\"desktop:24px;\"}'  style=\"\">Desempolvadas Norte\u00f1as<\/h3><div class=\"icon_description_text ult-responsive\"  data-ultimate-target='#Info-list-wrap-8051 .icon_description_text'  data-responsive-json-new='{\"font-size\":\"desktop:13px;\",\"line-height\":\"desktop:18px;\"}'  style=\"\"><p><span style=\"color: #000000\"><strong>17:00 a 17:30<\/strong><\/span><\/p>\n<p>Un programa que revive los grandes \u00e9xitos del norte\u00f1o mexicano, recordando a los m\u00e1ximos exponentes del g\u00e9nero y preservando el legado musical de nuestra tierra<\/p>\n<\/div><\/div><div class=\"icon_list_connector\"  style=\"border: none !important;\"><\/div><\/li><li class=\"icon_list_item\" style=\" font-size:120px;\"><div class=\"icon_list_icon\" data-animation=\"pulse\" data-animation-delay=\"03\" style=\"font-size:40px;border-width:1px;border-style:none;background:#ffffff;color:#333333;border-color:#333333;\"><img decoding=\"async\" class=\"list-img-icon\" alt=\"null\" src=\"https:\/\/www.imer.mx\/lapoderosa\/wp-content\/uploads\/sites\/30\/Texto-10-3.png\"\/><\/div><div class=\"icon_description\" id=\"Info-list-wrap-8184\" style=\"font-size:40px;\"><h3 class=\"ult-responsive info-list-heading\"  data-ultimate-target='#Info-list-wrap-8184 h3'  data-responsive-json-new='{\"font-size\":\"desktop:16px;\",\"line-height\":\"desktop:24px;\"}'  style=\"\">Voces en tr\u00e1nsito (retransmisi\u00f3n)<\/h3><div class=\"icon_description_text ult-responsive\"  data-ultimate-target='#Info-list-wrap-8184 .icon_description_text'  data-responsive-json-new='{\"font-size\":\"desktop:13px;\",\"line-height\":\"desktop:18px;\"}'  style=\"\"><p><span style=\"color: #000000\"><strong>17:30 a 18:00<\/strong><\/span><\/p>\n<p>Escucha Voces en Tr\u00e1nsito, el programa que escucha, comparte y da voz a la migraci\u00f3n y a las infancias en M\u00e9xico<\/p>\n<\/div><\/div><div class=\"icon_list_connector\"  style=\"border: none !important;\"><\/div><\/li><li class=\"icon_list_item\" style=\" font-size:120px;\"><div class=\"icon_list_icon\" data-animation=\"pulse\" data-animation-delay=\"03\" style=\"font-size:40px;border-width:1px;border-style:none;background:#ffffff;color:#333333;border-color:#333333;\"><img decoding=\"async\" class=\"list-img-icon\" alt=\"null\" src=\"https:\/\/www.imer.mx\/lapoderosa\/wp-content\/uploads\/sites\/30\/Texto-10-2.png\"\/><\/div><div class=\"icon_description\" id=\"Info-list-wrap-8430\" style=\"font-size:40px;\"><h3 class=\"ult-responsive info-list-heading\"  data-ultimate-target='#Info-list-wrap-8430 h3'  data-responsive-json-new='{\"font-size\":\"desktop:16px;\",\"line-height\":\"desktop:24px;\"}'  style=\"\">El Poder de la M\u00fasica<\/h3><div class=\"icon_description_text ult-responsive\"  data-ultimate-target='#Info-list-wrap-8430 .icon_description_text'  data-responsive-json-new='{\"font-size\":\"desktop:13px;\",\"line-height\":\"desktop:18px;\"}'  style=\"\"><p><span style=\"color: #000000\"><strong>18:00 a 21:30<\/strong><\/span><\/p>\n<p>El Poder de la M\u00fasica, trae para ti los \u00e9xitos que mueven almas, de todos los g\u00e9neros y \u00e9pocas; la fuerza sonora que conecta coraz\u00f3n, ritmo y pasi\u00f3n en cada nota<\/p>\n<\/div><\/div><div class=\"icon_list_connector\"  style=\"border: none !important;\"><\/div><\/li><li class=\"icon_list_item\" style=\" font-size:120px;\"><div class=\"icon_list_icon\" data-animation=\"pulse\" data-animation-delay=\"03\" style=\"font-size:40px;border-width:1px;border-style:none;background:#ffffff;color:#333333;border-color:#333333;\"><img decoding=\"async\" class=\"list-img-icon\" alt=\"null\" src=\"https:\/\/www.imer.mx\/lapoderosa\/wp-content\/uploads\/sites\/30\/158049272_2104258743038577_9003656463725394223_n.jpg\"\/><\/div><div class=\"icon_description\" id=\"Info-list-wrap-9270\" style=\"font-size:40px;\"><h3 class=\"ult-responsive info-list-heading\"  data-ultimate-target='#Info-list-wrap-9270 h3'  data-responsive-json-new='{\"font-size\":\"desktop:16px;\",\"line-height\":\"desktop:24px;\"}'  style=\"\">Uro tips (retransmisi\u00f3n)<\/h3><div class=\"icon_description_text ult-responsive\"  data-ultimate-target='#Info-list-wrap-9270 .icon_description_text'  data-responsive-json-new='{\"font-size\":\"desktop:13px;\",\"line-height\":\"desktop:18px;\"}'  style=\"\"><p><span style=\"color: #000000\"><strong>21:30 a 21:33<\/strong><\/span><\/p>\n<p>El programa que te ense\u00f1a a cuidar tu salud urinaria y bienestar \u00edntimo con informaci\u00f3n clara, confiable y al alcance de todos<\/p>\n<\/div><\/div><div class=\"icon_list_connector\"  style=\"border: none !important;\"><\/div><\/li><li class=\"icon_list_item\" style=\" font-size:120px;\"><div class=\"icon_list_icon\" data-animation=\"pulse\" data-animation-delay=\"03\" style=\"font-size:40px;border-width:1px;border-style:none;background:#ffffff;color:#333333;border-color:#333333;\"><img decoding=\"async\" class=\"list-img-icon\" alt=\"null\" src=\"https:\/\/www.imer.mx\/lapoderosa\/wp-content\/uploads\/sites\/30\/Texto-10-2.png\"\/><\/div><div class=\"icon_description\" id=\"Info-list-wrap-8329\" style=\"font-size:40px;\"><h3 class=\"ult-responsive info-list-heading\"  data-ultimate-target='#Info-list-wrap-8329 h3'  data-responsive-json-new='{\"font-size\":\"desktop:16px;\",\"line-height\":\"desktop:24px;\"}'  style=\"\">El Poder de la M\u00fasica<\/h3><div class=\"icon_description_text ult-responsive\"  data-ultimate-target='#Info-list-wrap-8329 .icon_description_text'  data-responsive-json-new='{\"font-size\":\"desktop:13px;\",\"line-height\":\"desktop:18px;\"}'  style=\"\"><p><span style=\"color: #000000\"><strong>21:33 a 23:00<\/strong><\/span><\/p>\n<p>El Poder de la M\u00fasica, trae para ti los \u00e9xitos que mueven almas, de todos los g\u00e9neros y \u00e9pocas; la fuerza sonora que conecta coraz\u00f3n, ritmo y pasi\u00f3n en cada nota<\/p>\n<\/div><\/div><div class=\"icon_list_connector\"  style=\"border: none !important;\"><\/div><\/li><li class=\"icon_list_item\" style=\" font-size:120px;\"><div class=\"icon_list_icon\" data-animation=\"pulse\" data-animation-delay=\"03\" style=\"font-size:40px;border-width:1px;border-style:none;background:#ffffff;color:#333333;border-color:#333333;\"><img decoding=\"async\" class=\"list-img-icon\" alt=\"null\" src=\"https:\/\/www.imer.mx\/lapoderosa\/wp-content\/uploads\/sites\/30\/SOLO_PARA_ENAMORADOS.png\"\/><\/div><div class=\"icon_description\" id=\"Info-list-wrap-2481\" style=\"font-size:40px;\"><h3 class=\"ult-responsive info-list-heading\"  data-ultimate-target='#Info-list-wrap-2481 h3'  data-responsive-json-new='{\"font-size\":\"desktop:16px;\",\"line-height\":\"desktop:24px;\"}'  style=\"\">S\u00f3lo para enamorados<\/h3><div class=\"icon_description_text ult-responsive\"  data-ultimate-target='#Info-list-wrap-2481 .icon_description_text'  data-responsive-json-new='{\"font-size\":\"desktop:13px;\",\"line-height\":\"desktop:18px;\"}'  style=\"\"><p><span style=\"color: #000000\"><strong>23:00 a 24:00<\/strong><\/span><\/p>\n<p>En la noche y a obscuras es cuando los enamorados disfrutan de \u00e9ste programa, en el que la m\u00fasica rom\u00e1ntica y la poes\u00eda\u00a0 son los protagonistas<\/p>\n<\/div><\/div><div class=\"icon_list_connector\"  style=\"border: none !important;\"><\/div><\/li><\/ul><\/div>[\/vc_column_inner][\/vc_row_inner][\/vc_tta_section][vc_tta_section title=&#8221;Domingos&#8221; tab_id=&#8221;1720121931653-619a75b5-01fc&#8221;][vc_row_inner][vc_column_inner]<div class=\"smile_icon_list_wrap ult_info_list_container ult-adjust-bottom-margin  \"><ul class=\"smile_icon_list left square with_bg\"><li class=\"icon_list_item\" style=\" font-size:120px;\"><div class=\"icon_list_icon\" data-animation=\"pulse\" data-animation-delay=\"03\" style=\"font-size:40px;border-width:1px;border-style:none;background:#ffffff;color:#333333;border-color:#333333;\"><img decoding=\"async\" class=\"list-img-icon\" alt=\"null\" src=\"https:\/\/www.imer.mx\/lapoderosa\/wp-content\/uploads\/sites\/30\/587603962_1390574749557062_4599814480446585837_n.jpg\"\/><\/div><div class=\"icon_description\" id=\"Info-list-wrap-5935\" style=\"font-size:40px;\"><h3 class=\"ult-responsive info-list-heading\"  data-ultimate-target='#Info-list-wrap-5935 h3'  data-responsive-json-new='{\"font-size\":\"desktop:16px;\",\"line-height\":\"desktop:24px;\"}'  style=\"\">Himno Nacional y Coahuilense<\/h3><div class=\"icon_description_text ult-responsive\"  data-ultimate-target='#Info-list-wrap-5935 .icon_description_text'  data-responsive-json-new='{\"font-size\":\"desktop:13px;\",\"line-height\":\"desktop:18px;\"}'  style=\"\"><p><span style=\"color: #000000\"><strong>00:00 a 00:05<\/strong><\/span><\/p>\n<p>Con orgullo y fervor, entonamos el Himno Nacional Coahuilense, un canto que celebra la grandeza, historia y valent\u00eda de nuestra tierra, honrando a su gente y sus tradiciones<\/p>\n<\/div><\/div><div class=\"icon_list_connector\"  style=\"border: none !important;\"><\/div><\/li><li class=\"icon_list_item\" style=\" font-size:120px;\"><div class=\"icon_list_icon\" data-animation=\"pulse\" data-animation-delay=\"03\" style=\"font-size:40px;border-width:1px;border-style:none;background:#ffffff;color:#333333;border-color:#333333;\"><img decoding=\"async\" class=\"list-img-icon\" alt=\"null\" src=\"https:\/\/www.imer.mx\/lapoderosa\/wp-content\/uploads\/sites\/30\/LA_HORA.png\"\/><\/div><div class=\"icon_description\" id=\"Info-list-wrap-3634\" style=\"font-size:40px;\"><h3 class=\"ult-responsive info-list-heading\"  data-ultimate-target='#Info-list-wrap-3634 h3'  data-responsive-json-new='{\"font-size\":\"desktop:16px;\",\"line-height\":\"desktop:24px;\"}'  style=\"\">La Hora De Las Complacencias<\/h3><div class=\"icon_description_text ult-responsive\"  data-ultimate-target='#Info-list-wrap-3634 .icon_description_text'  data-responsive-json-new='{\"font-size\":\"desktop:13px;\",\"line-height\":\"desktop:18px;\"}'  style=\"\"><p><span style=\"color: #000000\"><strong>00:05 a 01:00<\/strong><\/span><\/p>\n<p>En La Hora de las Complacencias, t\u00fa eliges la m\u00fasica. Pide tus temas favoritos y disfruta de una hora llena de recuerdos, emociones y dedicatorias especiales<\/p>\n<\/div><\/div><div class=\"icon_list_connector\"  style=\"border: none !important;\"><\/div><\/li><li class=\"icon_list_item\" style=\" font-size:120px;\"><div class=\"icon_list_icon\" data-animation=\"pulse\" data-animation-delay=\"03\" style=\"font-size:40px;border-width:1px;border-style:none;background:#ffffff;color:#333333;border-color:#333333;\"><img decoding=\"async\" class=\"list-img-icon\" alt=\"null\" src=\"https:\/\/www.imer.mx\/lapoderosa\/wp-content\/uploads\/sites\/30\/EL_BA\u00daL.png\"\/><\/div><div class=\"icon_description\" id=\"Info-list-wrap-6529\" style=\"font-size:40px;\"><h3 class=\"ult-responsive info-list-heading\"  data-ultimate-target='#Info-list-wrap-6529 h3'  data-responsive-json-new='{\"font-size\":\"desktop:16px;\",\"line-height\":\"desktop:24px;\"}'  style=\"\">El Ba\u00fal De Los Recuerdos<\/h3><div class=\"icon_description_text ult-responsive\"  data-ultimate-target='#Info-list-wrap-6529 .icon_description_text'  data-responsive-json-new='{\"font-size\":\"desktop:13px;\",\"line-height\":\"desktop:18px;\"}'  style=\"\"><p><span style=\"color: #000000\"><strong>01:00 a 02:00<\/strong><\/span><\/p>\n<p>Cuando abras el ba\u00fal encontrar\u00e1s todo tipo de recuerdos musicales que te remiten a los sentimientos encontrados de las personas<\/p>\n<\/div><\/div><div class=\"icon_list_connector\"  style=\"border: none !important;\"><\/div><\/li><li class=\"icon_list_item\" style=\" font-size:120px;\"><div class=\"icon_list_icon\" data-animation=\"pulse\" data-animation-delay=\"03\" style=\"font-size:40px;border-width:1px;border-style:none;background:#ffffff;color:#333333;border-color:#333333;\"><img decoding=\"async\" class=\"list-img-icon\" alt=\"null\" src=\"https:\/\/www.imer.mx\/lapoderosa\/wp-content\/uploads\/sites\/30\/Texto-10-2.png\"\/><\/div><div class=\"icon_description\" id=\"Info-list-wrap-1831\" style=\"font-size:40px;\"><h3 class=\"ult-responsive info-list-heading\"  data-ultimate-target='#Info-list-wrap-1831 h3'  data-responsive-json-new='{\"font-size\":\"desktop:16px;\",\"line-height\":\"desktop:24px;\"}'  style=\"\">El Poder de la M\u00fasica<\/h3><div class=\"icon_description_text ult-responsive\"  data-ultimate-target='#Info-list-wrap-1831 .icon_description_text'  data-responsive-json-new='{\"font-size\":\"desktop:13px;\",\"line-height\":\"desktop:18px;\"}'  style=\"\"><p><span style=\"color: #000000\"><strong>02:00 a 03:00<\/strong><\/span><\/p>\n<p>El Poder de la M\u00fasica, trae para ti los \u00e9xitos que mueven almas, de todos los g\u00e9neros y \u00e9pocas; la fuerza sonora que conecta coraz\u00f3n, ritmo y pasi\u00f3n en cada nota<\/p>\n<\/div><\/div><div class=\"icon_list_connector\"  style=\"border: none !important;\"><\/div><\/li><li class=\"icon_list_item\" style=\" font-size:120px;\"><div class=\"icon_list_icon\" data-animation=\"pulse\" data-animation-delay=\"03\" style=\"font-size:40px;border-width:1px;border-style:none;background:#ffffff;color:#333333;border-color:#333333;\"><img decoding=\"async\" class=\"list-img-icon\" alt=\"null\" src=\"https:\/\/www.imer.mx\/lapoderosa\/wp-content\/uploads\/sites\/30\/carrete-abierto-1.jpg\"\/><\/div><div class=\"icon_description\" id=\"Info-list-wrap-1816\" style=\"font-size:40px;\"><h3 class=\"ult-responsive info-list-heading\"  data-ultimate-target='#Info-list-wrap-1816 h3'  data-responsive-json-new='{\"font-size\":\"desktop:16px;\",\"line-height\":\"desktop:24px;\"}'  style=\"\">Carrete abierto<\/h3><div class=\"icon_description_text ult-responsive\"  data-ultimate-target='#Info-list-wrap-1816 .icon_description_text'  data-responsive-json-new='{\"font-size\":\"desktop:13px;\",\"line-height\":\"desktop:18px;\"}'  style=\"\"><p><span style=\"color: #000000\"><strong>03:00<\/strong><\/span><span style=\"color: #000000\"><strong> a 04:00<\/strong><\/span><\/p>\n<p>Carrete abierto es un programa para los artistas independientes que ya han grabado alguna canci\u00f3n de forma independiente y sin disquera<\/p>\n<\/div><\/div><div class=\"icon_list_connector\"  style=\"border: none !important;\"><\/div><\/li><li class=\"icon_list_item\" style=\" font-size:120px;\"><div class=\"icon_list_icon\" data-animation=\"pulse\" data-animation-delay=\"03\" style=\"font-size:40px;border-width:1px;border-style:none;background:#ffffff;color:#333333;border-color:#333333;\"><img decoding=\"async\" class=\"list-img-icon\" alt=\"null\" src=\"https:\/\/www.imer.mx\/lapoderosa\/wp-content\/uploads\/sites\/30\/Texto-10.png\"\/><\/div><div class=\"icon_description\" id=\"Info-list-wrap-4315\" style=\"font-size:40px;\"><h3 class=\"ult-responsive info-list-heading\"  data-ultimate-target='#Info-list-wrap-4315 h3'  data-responsive-json-new='{\"font-size\":\"desktop:16px;\",\"line-height\":\"desktop:24px;\"}'  style=\"\">Desempolvadas Norte\u00f1as<\/h3><div class=\"icon_description_text ult-responsive\"  data-ultimate-target='#Info-list-wrap-4315 .icon_description_text'  data-responsive-json-new='{\"font-size\":\"desktop:13px;\",\"line-height\":\"desktop:18px;\"}'  style=\"\"><p><span style=\"color: #000000\"><strong>04:00 a 05:00<\/strong><\/span><\/p>\n<p>Un programa que revive los grandes \u00e9xitos del norte\u00f1o mexicano, recordando a los m\u00e1ximos exponentes del g\u00e9nero y preservando el legado musical de nuestra tierra<\/p>\n<\/div><\/div><div class=\"icon_list_connector\"  style=\"border: none !important;\"><\/div><\/li><li class=\"icon_list_item\" style=\" font-size:120px;\"><div class=\"icon_list_icon\" data-animation=\"pulse\" data-animation-delay=\"03\" style=\"font-size:40px;border-width:1px;border-style:none;background:#ffffff;color:#333333;border-color:#333333;\"><img decoding=\"async\" class=\"list-img-icon\" alt=\"null\" src=\"https:\/\/www.imer.mx\/lapoderosa\/wp-content\/uploads\/sites\/30\/Texto-11-1.png\"\/><\/div><div class=\"icon_description\" id=\"Info-list-wrap-7943\" style=\"font-size:40px;\"><h3 class=\"ult-responsive info-list-heading\"  data-ultimate-target='#Info-list-wrap-7943 h3'  data-responsive-json-new='{\"font-size\":\"desktop:16px;\",\"line-height\":\"desktop:24px;\"}'  style=\"\">El Canto De M\u00e9xico<\/h3><div class=\"icon_description_text ult-responsive\"  data-ultimate-target='#Info-list-wrap-7943 .icon_description_text'  data-responsive-json-new='{\"font-size\":\"desktop:13px;\",\"line-height\":\"desktop:18px;\"}'  style=\"\"><p><span style=\"color: #000000\"><strong>05:00 a 06:00<\/strong><\/span><\/p>\n<p>Identif\u00edcate con un programa lleno de m\u00fasica mexicana con interpretes reconocidos de talla internacional<\/p>\n<\/div><\/div><div class=\"icon_list_connector\"  style=\"border: none !important;\"><\/div><\/li><li class=\"icon_list_item\" style=\" font-size:120px;\"><div class=\"icon_list_icon\" data-animation=\"pulse\" data-animation-delay=\"03\" style=\"font-size:40px;border-width:1px;border-style:none;background:#ffffff;color:#333333;border-color:#333333;\"><img decoding=\"async\" class=\"list-img-icon\" alt=\"null\" src=\"https:\/\/www.imer.mx\/lapoderosa\/wp-content\/uploads\/sites\/30\/587603962_1390574749557062_4599814480446585837_n.jpg\"\/><\/div><div class=\"icon_description\" id=\"Info-list-wrap-4184\" style=\"font-size:40px;\"><h3 class=\"ult-responsive info-list-heading\"  data-ultimate-target='#Info-list-wrap-4184 h3'  data-responsive-json-new='{\"font-size\":\"desktop:16px;\",\"line-height\":\"desktop:24px;\"}'  style=\"\">Himno Nacional y Coahuilense<\/h3><div class=\"icon_description_text ult-responsive\"  data-ultimate-target='#Info-list-wrap-4184 .icon_description_text'  data-responsive-json-new='{\"font-size\":\"desktop:13px;\",\"line-height\":\"desktop:18px;\"}'  style=\"\"><p><span style=\"color: #000000\"><strong>06:00 a 06:05<\/strong><\/span><\/p>\n<p>Con orgullo y fervor, entonamos el Himno Nacional Coahuilense, un canto que celebra la grandeza, historia y valent\u00eda de nuestra tierra, honrando a su gente y sus tradiciones<\/p>\n<\/div><\/div><div class=\"icon_list_connector\"  style=\"border: none !important;\"><\/div><\/li><li class=\"icon_list_item\" style=\" font-size:120px;\"><div class=\"icon_list_icon\" data-animation=\"pulse\" data-animation-delay=\"03\" style=\"font-size:40px;border-width:1px;border-style:none;background:#ffffff;color:#333333;border-color:#333333;\"><img decoding=\"async\" class=\"list-img-icon\" alt=\"null\" src=\"https:\/\/www.imer.mx\/lapoderosa\/wp-content\/uploads\/sites\/30\/Texto-10-2.png\"\/><\/div><div class=\"icon_description\" id=\"Info-list-wrap-4341\" style=\"font-size:40px;\"><h3 class=\"ult-responsive info-list-heading\"  data-ultimate-target='#Info-list-wrap-4341 h3'  data-responsive-json-new='{\"font-size\":\"desktop:16px;\",\"line-height\":\"desktop:24px;\"}'  style=\"\">El Poder de la M\u00fasica<\/h3><div class=\"icon_description_text ult-responsive\"  data-ultimate-target='#Info-list-wrap-4341 .icon_description_text'  data-responsive-json-new='{\"font-size\":\"desktop:13px;\",\"line-height\":\"desktop:18px;\"}'  style=\"\"><p><span style=\"color: #000000\"><strong>06:05 a 08:00<\/strong><\/span><\/p>\n<p>El Poder de la M\u00fasica, trae para ti los \u00e9xitos que mueven almas, de todos los g\u00e9neros y \u00e9pocas; la fuerza sonora que conecta coraz\u00f3n, ritmo y pasi\u00f3n en cada nota<\/p>\n<\/div><\/div><div class=\"icon_list_connector\"  style=\"border: none !important;\"><\/div><\/li><li class=\"icon_list_item\" style=\" font-size:120px;\"><div class=\"icon_list_icon\" data-animation=\"pulse\" data-animation-delay=\"03\" style=\"font-size:40px;border-width:1px;border-style:none;background:#ffffff;color:#333333;border-color:#333333;\"><img decoding=\"async\" class=\"list-img-icon\" alt=\"null\" src=\"https:\/\/www.imer.mx\/lapoderosa\/wp-content\/uploads\/sites\/30\/Texto-19.png\"\/><\/div><div class=\"icon_description\" id=\"Info-list-wrap-3764\" style=\"font-size:40px;\"><h3 class=\"ult-responsive info-list-heading\"  data-ultimate-target='#Info-list-wrap-3764 h3'  data-responsive-json-new='{\"font-size\":\"desktop:16px;\",\"line-height\":\"desktop:24px;\"}'  style=\"\">Conexi\u00f3n mujer (retransmisi\u00f3n)<\/h3><div class=\"icon_description_text ult-responsive\"  data-ultimate-target='#Info-list-wrap-3764 .icon_description_text'  data-responsive-json-new='{\"font-size\":\"desktop:13px;\",\"line-height\":\"desktop:18px;\"}'  style=\"\"><p><span style=\"color: #000000\"><strong>08:00 a 08:30<\/strong><\/span><\/p>\n<p>Un espacio donde las voces femeninas se encuentran para compartir, inspirar y acompa\u00f1ar. Aqu\u00ed, cada historia construye una red que nos une y nos fortalece<\/p>\n<\/div><\/div><div class=\"icon_list_connector\"  style=\"border: none !important;\"><\/div><\/li><li class=\"icon_list_item\" style=\" font-size:120px;\"><div class=\"icon_list_icon\" data-animation=\"pulse\" data-animation-delay=\"03\" style=\"font-size:40px;border-width:1px;border-style:none;background:#ffffff;color:#333333;border-color:#333333;\"><img decoding=\"async\" class=\"list-img-icon\" alt=\"null\" src=\"https:\/\/www.imer.mx\/lapoderosa\/wp-content\/uploads\/sites\/30\/Texto-10-2.png\"\/><\/div><div class=\"icon_description\" id=\"Info-list-wrap-7160\" style=\"font-size:40px;\"><h3 class=\"ult-responsive info-list-heading\"  data-ultimate-target='#Info-list-wrap-7160 h3'  data-responsive-json-new='{\"font-size\":\"desktop:16px;\",\"line-height\":\"desktop:24px;\"}'  style=\"\">El Poder de la M\u00fasica<\/h3><div class=\"icon_description_text ult-responsive\"  data-ultimate-target='#Info-list-wrap-7160 .icon_description_text'  data-responsive-json-new='{\"font-size\":\"desktop:13px;\",\"line-height\":\"desktop:18px;\"}'  style=\"\"><p><span style=\"color: #000000\"><strong>08:30 a 10:00<\/strong><\/span><\/p>\n<p>El Poder de la M\u00fasica, trae para ti los \u00e9xitos que mueven almas, de todos los g\u00e9neros y \u00e9pocas; la fuerza sonora que conecta coraz\u00f3n, ritmo y pasi\u00f3n en cada nota<\/p>\n<\/div><\/div><div class=\"icon_list_connector\"  style=\"border: none !important;\"><\/div><\/li><li class=\"icon_list_item\" style=\" font-size:120px;\"><div class=\"icon_list_icon\" data-animation=\"pulse\" data-animation-delay=\"03\" style=\"font-size:40px;border-width:1px;border-style:none;background:#ffffff;color:#333333;border-color:#333333;\"><img decoding=\"async\" class=\"list-img-icon\" alt=\"null\" src=\"https:\/\/www.imer.mx\/lapoderosa\/wp-content\/uploads\/sites\/30\/images.jpg\"\/><\/div><div class=\"icon_description\" id=\"Info-list-wrap-9086\" style=\"font-size:40px;\"><h3 class=\"ult-responsive info-list-heading\"  data-ultimate-target='#Info-list-wrap-9086 h3'  data-responsive-json-new='{\"font-size\":\"desktop:16px;\",\"line-height\":\"desktop:24px;\"}'  style=\"\">Historia del pueblo Mexicano<\/h3><div class=\"icon_description_text ult-responsive\"  data-ultimate-target='#Info-list-wrap-9086 .icon_description_text'  data-responsive-json-new='{\"font-size\":\"desktop:13px;\",\"line-height\":\"desktop:18px;\"}'  style=\"\"><p><span style=\"color: #000000\"><strong>10:00 a 11:00<\/strong><\/span><\/p>\n<p>Historia del Pueblo Mexicano\u201d une pasado y presente para revelar las ra\u00edces de nuestra sociedad y comprender el M\u00e9xico de hoy<\/p>\n<\/div><\/div><div class=\"icon_list_connector\"  style=\"border: none !important;\"><\/div><\/li><li class=\"icon_list_item\" style=\" font-size:120px;\"><div class=\"icon_list_icon\" data-animation=\"pulse\" data-animation-delay=\"03\" style=\"font-size:40px;border-width:1px;border-style:none;background:#ffffff;color:#333333;border-color:#333333;\"><img decoding=\"async\" class=\"list-img-icon\" alt=\"null\" src=\"https:\/\/www.imer.mx\/lapoderosa\/wp-content\/uploads\/sites\/30\/CUENTOS_F\u00c1BULAS.png\"\/><\/div><div class=\"icon_description\" id=\"Info-list-wrap-3969\" style=\"font-size:40px;\"><h3 class=\"ult-responsive info-list-heading\"  data-ultimate-target='#Info-list-wrap-3969 h3'  data-responsive-json-new='{\"font-size\":\"desktop:16px;\",\"line-height\":\"desktop:24px;\"}'  style=\"\">El cuento que va por tu cuenta<\/h3><div class=\"icon_description_text ult-responsive\"  data-ultimate-target='#Info-list-wrap-3969 .icon_description_text'  data-responsive-json-new='{\"font-size\":\"desktop:13px;\",\"line-height\":\"desktop:18px;\"}'  style=\"\"><p><span style=\"color: #000000\"><strong>11:00 a 11:30<\/strong><\/span><\/p>\n<p>Escucha cuentos de ayer y de hoy que viajan hasta tu sinton\u00eda. Relatos para reflexionar, sonre\u00edr y dejar volar la imaginaci\u00f3n<\/p>\n<\/div><\/div><div class=\"icon_list_connector\"  style=\"border: none !important;\"><\/div><\/li><li class=\"icon_list_item\" style=\" font-size:120px;\"><div class=\"icon_list_icon\" data-animation=\"pulse\" data-animation-delay=\"03\" style=\"font-size:40px;border-width:1px;border-style:none;background:#ffffff;color:#333333;border-color:#333333;\"><img decoding=\"async\" class=\"list-img-icon\" alt=\"null\" src=\"https:\/\/www.imer.mx\/lapoderosa\/wp-content\/uploads\/sites\/30\/Texto-10-2.png\"\/><\/div><div class=\"icon_description\" id=\"Info-list-wrap-9084\" style=\"font-size:40px;\"><h3 class=\"ult-responsive info-list-heading\"  data-ultimate-target='#Info-list-wrap-9084 h3'  data-responsive-json-new='{\"font-size\":\"desktop:16px;\",\"line-height\":\"desktop:24px;\"}'  style=\"\">El Poder de la M\u00fasica<\/h3><div class=\"icon_description_text ult-responsive\"  data-ultimate-target='#Info-list-wrap-9084 .icon_description_text'  data-responsive-json-new='{\"font-size\":\"desktop:13px;\",\"line-height\":\"desktop:18px;\"}'  style=\"\"><p><span style=\"color: #000000\"><strong>11:30 a 12:30<\/strong><\/span><\/p>\n<p>El Poder de la M\u00fasica, trae para ti los \u00e9xitos que mueven almas, de todos los g\u00e9neros y \u00e9pocas; la fuerza sonora que conecta coraz\u00f3n, ritmo y pasi\u00f3n en cada nota<\/p>\n<\/div><\/div><div class=\"icon_list_connector\"  style=\"border: none !important;\"><\/div><\/li><li class=\"icon_list_item\" style=\" font-size:120px;\"><div class=\"icon_list_icon\" data-animation=\"pulse\" data-animation-delay=\"03\" style=\"font-size:40px;border-width:1px;border-style:none;background:#ffffff;color:#333333;border-color:#333333;\"><img decoding=\"async\" class=\"list-img-icon\" alt=\"null\" src=\"https:\/\/www.imer.mx\/lapoderosa\/wp-content\/uploads\/sites\/30\/RTC_400x400.jpg\"\/><\/div><div class=\"icon_description\" id=\"Info-list-wrap-2133\" style=\"font-size:40px;\"><h3 class=\"ult-responsive info-list-heading\"  data-ultimate-target='#Info-list-wrap-2133 h3'  data-responsive-json-new='{\"font-size\":\"desktop:16px;\",\"line-height\":\"desktop:24px;\"}'  style=\"\">RTC<\/h3><div class=\"icon_description_text ult-responsive\"  data-ultimate-target='#Info-list-wrap-2133 .icon_description_text'  data-responsive-json-new='{\"font-size\":\"desktop:13px;\",\"line-height\":\"desktop:18px;\"}'  style=\"\"><p><span style=\"color: #000000\"><strong>12:30 a 12:35<\/strong><\/span><\/p>\n<p>Espacio de la Direcci\u00f3n General de Radio, Televisi\u00f3n y Cinematograf\u00eda<\/p>\n<\/div><\/div><div class=\"icon_list_connector\"  style=\"border: none !important;\"><\/div><\/li><li class=\"icon_list_item\" style=\" font-size:120px;\"><div class=\"icon_list_icon\" data-animation=\"pulse\" data-animation-delay=\"03\" style=\"font-size:40px;border-width:1px;border-style:none;background:#ffffff;color:#333333;border-color:#333333;\"><img decoding=\"async\" class=\"list-img-icon\" alt=\"null\" src=\"https:\/\/www.imer.mx\/lapoderosa\/wp-content\/uploads\/sites\/30\/158049272_2104258743038577_9003656463725394223_n.jpg\"\/><\/div><div class=\"icon_description\" id=\"Info-list-wrap-5521\" style=\"font-size:40px;\"><h3 class=\"ult-responsive info-list-heading\"  data-ultimate-target='#Info-list-wrap-5521 h3'  data-responsive-json-new='{\"font-size\":\"desktop:16px;\",\"line-height\":\"desktop:24px;\"}'  style=\"\">Salud femenina (retransmisi\u00f3n)<\/h3><div class=\"icon_description_text ult-responsive\"  data-ultimate-target='#Info-list-wrap-5521 .icon_description_text'  data-responsive-json-new='{\"font-size\":\"desktop:13px;\",\"line-height\":\"desktop:18px;\"}'  style=\"\"><p><span style=\"color: #000000\"><strong>12:35 a 12:38<\/strong><\/span><\/p>\n<p>El espacio donde la informaci\u00f3n y el bienestar se encuentran. Hablamos de ti, de tu cuerpo, de tu salud integral y del equilibrio que te hace sentir bien cada d\u00eda<\/p>\n<\/div><\/div><div class=\"icon_list_connector\"  style=\"border: none !important;\"><\/div><\/li><li class=\"icon_list_item\" style=\" font-size:120px;\"><div class=\"icon_list_icon\" data-animation=\"pulse\" data-animation-delay=\"03\" style=\"font-size:40px;border-width:1px;border-style:none;background:#ffffff;color:#333333;border-color:#333333;\"><img decoding=\"async\" class=\"list-img-icon\" alt=\"null\" src=\"https:\/\/www.imer.mx\/lapoderosa\/wp-content\/uploads\/sites\/30\/Texto-10-2.png\"\/><\/div><div class=\"icon_description\" id=\"Info-list-wrap-5457\" style=\"font-size:40px;\"><h3 class=\"ult-responsive info-list-heading\"  data-ultimate-target='#Info-list-wrap-5457 h3'  data-responsive-json-new='{\"font-size\":\"desktop:16px;\",\"line-height\":\"desktop:24px;\"}'  style=\"\">El Poder de la M\u00fasica<\/h3><div class=\"icon_description_text ult-responsive\"  data-ultimate-target='#Info-list-wrap-5457 .icon_description_text'  data-responsive-json-new='{\"font-size\":\"desktop:13px;\",\"line-height\":\"desktop:18px;\"}'  style=\"\"><p><span style=\"color: #000000\"><strong>12:38 a 16:00<\/strong><\/span><\/p>\n<p>El Poder de la M\u00fasica, trae para ti los \u00e9xitos que mueven almas, de todos los g\u00e9neros y \u00e9pocas; la fuerza sonora que conecta coraz\u00f3n, ritmo y pasi\u00f3n en cada nota<\/p>\n<\/div><\/div><div class=\"icon_list_connector\"  style=\"border: none !important;\"><\/div><\/li><li class=\"icon_list_item\" style=\" font-size:120px;\"><div class=\"icon_list_icon\" data-animation=\"pulse\" data-animation-delay=\"03\" style=\"font-size:40px;border-width:1px;border-style:none;background:#ffffff;color:#333333;border-color:#333333;\"><img decoding=\"async\" class=\"list-img-icon\" alt=\"null\" src=\"https:\/\/www.imer.mx\/lapoderosa\/wp-content\/uploads\/sites\/30\/EL_BA\u00daL.png\"\/><\/div><div class=\"icon_description\" id=\"Info-list-wrap-3846\" style=\"font-size:40px;\"><h3 class=\"ult-responsive info-list-heading\"  data-ultimate-target='#Info-list-wrap-3846 h3'  data-responsive-json-new='{\"font-size\":\"desktop:16px;\",\"line-height\":\"desktop:24px;\"}'  style=\"\">El Ba\u00fal De Los Recuerdos<\/h3><div class=\"icon_description_text ult-responsive\"  data-ultimate-target='#Info-list-wrap-3846 .icon_description_text'  data-responsive-json-new='{\"font-size\":\"desktop:13px;\",\"line-height\":\"desktop:18px;\"}'  style=\"\"><p><span style=\"color: #000000\"><strong>16:00 a 16:30<\/strong><\/span><\/p>\n<p>Cuando abras el ba\u00fal encontrar\u00e1s todo tipo de recuerdos musicales que te remiten a los sentimientos encontrados de las personas<\/p>\n<\/div><\/div><div class=\"icon_list_connector\"  style=\"border: none !important;\"><\/div><\/li><li class=\"icon_list_item\" style=\" font-size:120px;\"><div class=\"icon_list_icon\" data-animation=\"pulse\" data-animation-delay=\"03\" style=\"font-size:40px;border-width:1px;border-style:none;background:#ffffff;color:#333333;border-color:#333333;\"><img decoding=\"async\" class=\"list-img-icon\" alt=\"null\" src=\"https:\/\/www.imer.mx\/lapoderosa\/wp-content\/uploads\/sites\/30\/RTC_400x400.jpg\"\/><\/div><div class=\"icon_description\" id=\"Info-list-wrap-3421\" style=\"font-size:40px;\"><h3 class=\"ult-responsive info-list-heading\"  data-ultimate-target='#Info-list-wrap-3421 h3'  data-responsive-json-new='{\"font-size\":\"desktop:16px;\",\"line-height\":\"desktop:24px;\"}'  style=\"\">RTC<\/h3><div class=\"icon_description_text ult-responsive\"  data-ultimate-target='#Info-list-wrap-3421 .icon_description_text'  data-responsive-json-new='{\"font-size\":\"desktop:13px;\",\"line-height\":\"desktop:18px;\"}'  style=\"\"><p><span style=\"color: #000000\"><strong>16:30 a 16:35<\/strong><\/span><\/p>\n<p>Espacio de la Direcci\u00f3n General de Radio, Televisi\u00f3n y Cinematograf\u00eda<\/p>\n<\/div><\/div><div class=\"icon_list_connector\"  style=\"border: none !important;\"><\/div><\/li><li class=\"icon_list_item\" style=\" font-size:120px;\"><div class=\"icon_list_icon\" data-animation=\"pulse\" data-animation-delay=\"03\" style=\"font-size:40px;border-width:1px;border-style:none;background:#ffffff;color:#333333;border-color:#333333;\"><img decoding=\"async\" class=\"list-img-icon\" alt=\"null\" src=\"https:\/\/www.imer.mx\/lapoderosa\/wp-content\/uploads\/sites\/30\/EL_BA\u00daL.png\"\/><\/div><div class=\"icon_description\" id=\"Info-list-wrap-4961\" style=\"font-size:40px;\"><h3 class=\"ult-responsive info-list-heading\"  data-ultimate-target='#Info-list-wrap-4961 h3'  data-responsive-json-new='{\"font-size\":\"desktop:16px;\",\"line-height\":\"desktop:24px;\"}'  style=\"\">El Ba\u00fal De Los Recuerdos<\/h3><div class=\"icon_description_text ult-responsive\"  data-ultimate-target='#Info-list-wrap-4961 .icon_description_text'  data-responsive-json-new='{\"font-size\":\"desktop:13px;\",\"line-height\":\"desktop:18px;\"}'  style=\"\"><p><span style=\"color: #000000\"><strong>16:35 a 17:00<\/strong><\/span><\/p>\n<p>Cuando abras el ba\u00fal encontrar\u00e1s todo tipo de recuerdos musicales que te remiten a los sentimientos encontrados de las personas<\/p>\n<\/div><\/div><div class=\"icon_list_connector\"  style=\"border: none !important;\"><\/div><\/li><li class=\"icon_list_item\" style=\" font-size:120px;\"><div class=\"icon_list_icon\" data-animation=\"pulse\" data-animation-delay=\"03\" style=\"font-size:40px;border-width:1px;border-style:none;background:#ffffff;color:#333333;border-color:#333333;\"><img decoding=\"async\" class=\"list-img-icon\" alt=\"null\" src=\"https:\/\/www.imer.mx\/lapoderosa\/wp-content\/uploads\/sites\/30\/Texto-10.png\"\/><\/div><div class=\"icon_description\" id=\"Info-list-wrap-4665\" style=\"font-size:40px;\"><h3 class=\"ult-responsive info-list-heading\"  data-ultimate-target='#Info-list-wrap-4665 h3'  data-responsive-json-new='{\"font-size\":\"desktop:16px;\",\"line-height\":\"desktop:24px;\"}'  style=\"\">Desempolvadas Norte\u00f1as<\/h3><div class=\"icon_description_text ult-responsive\"  data-ultimate-target='#Info-list-wrap-4665 .icon_description_text'  data-responsive-json-new='{\"font-size\":\"desktop:13px;\",\"line-height\":\"desktop:18px;\"}'  style=\"\"><p><span style=\"color: #000000\"><strong>17:00 a 18:00<\/strong><\/span><\/p>\n<p>Un programa que revive los grandes \u00e9xitos del norte\u00f1o mexicano, recordando a los m\u00e1ximos exponentes del g\u00e9nero y preservando el legado musical de nuestra tierra<\/p>\n<\/div><\/div><div class=\"icon_list_connector\"  style=\"border: none !important;\"><\/div><\/li><li class=\"icon_list_item\" style=\" font-size:120px;\"><div class=\"icon_list_icon\" data-animation=\"pulse\" data-animation-delay=\"03\" style=\"font-size:40px;border-width:1px;border-style:none;background:#ffffff;color:#333333;border-color:#333333;\"><img decoding=\"async\" class=\"list-img-icon\" alt=\"null\" src=\"https:\/\/www.imer.mx\/lapoderosa\/wp-content\/uploads\/sites\/30\/La-Poderosas-WEB.fw_.png\"\/><\/div><div class=\"icon_description\" id=\"Info-list-wrap-9123\" style=\"font-size:40px;\"><h3 class=\"ult-responsive info-list-heading\"  data-ultimate-target='#Info-list-wrap-9123 h3'  data-responsive-json-new='{\"font-size\":\"desktop:16px;\",\"line-height\":\"desktop:24px;\"}'  style=\"\">Especiales de la Poderosa (retransmisi\u00f3n)<\/h3><div class=\"icon_description_text ult-responsive\"  data-ultimate-target='#Info-list-wrap-9123 .icon_description_text'  data-responsive-json-new='{\"font-size\":\"desktop:13px;\",\"line-height\":\"desktop:18px;\"}'  style=\"\"><p><span style=\"color: #000000\"><strong>18:00 a 19:00<\/strong><\/span><\/p>\n<p>Las joyas invaluables de la m\u00fasica, colecciones que marcaron \u00e9pocas, ahora remasterizadas y presentadas como nunca antes. El sonido que mereces escuchar<\/p>\n<div class=\"icon_list_connector\"><\/div>\n<div id=\"Info-list-wrap-2514\" class=\"icon_description\">\n<div class=\"icon_description_text ult-responsive\" data-ultimate-target=\"#Info-list-wrap-2514 .icon_description_text\" data-responsive-json-new=\"{&quot;font-size&quot;:&quot;desktop:13px;&quot;,&quot;line-height&quot;:&quot;desktop:18px;&quot;}\">\n<p>&nbsp;<\/p>\n<\/div>\n<\/div>\n<div class=\"icon_list_connector\"><\/div>\n<\/div><\/div><div class=\"icon_list_connector\"  style=\"border: none !important;\"><\/div><\/li><li class=\"icon_list_item\" style=\" font-size:120px;\"><div class=\"icon_list_icon\" data-animation=\"pulse\" data-animation-delay=\"03\" style=\"font-size:40px;border-width:1px;border-style:none;background:#ffffff;color:#333333;border-color:#333333;\"><img decoding=\"async\" class=\"list-img-icon\" alt=\"null\" src=\"https:\/\/www.imer.mx\/lapoderosa\/wp-content\/uploads\/sites\/30\/Texto-10-2.png\"\/><\/div><div class=\"icon_description\" id=\"Info-list-wrap-2875\" style=\"font-size:40px;\"><h3 class=\"ult-responsive info-list-heading\"  data-ultimate-target='#Info-list-wrap-2875 h3'  data-responsive-json-new='{\"font-size\":\"desktop:16px;\",\"line-height\":\"desktop:24px;\"}'  style=\"\">El Poder de la M\u00fasica<\/h3><div class=\"icon_description_text ult-responsive\"  data-ultimate-target='#Info-list-wrap-2875 .icon_description_text'  data-responsive-json-new='{\"font-size\":\"desktop:13px;\",\"line-height\":\"desktop:18px;\"}'  style=\"\"><p><span style=\"color: #000000\"><strong>19:00 a 21:30<\/strong><\/span><\/p>\n<p>El Poder de la M\u00fasica, trae para ti los \u00e9xitos que mueven almas, de todos los g\u00e9neros y \u00e9pocas; la fuerza sonora que conecta coraz\u00f3n, ritmo y pasi\u00f3n en cada nota<\/p>\n<\/div><\/div><div class=\"icon_list_connector\"  style=\"border: none !important;\"><\/div><\/li><li class=\"icon_list_item\" style=\" font-size:120px;\"><div class=\"icon_list_icon\" data-animation=\"pulse\" data-animation-delay=\"03\" style=\"font-size:40px;border-width:1px;border-style:none;background:#ffffff;color:#333333;border-color:#333333;\"><img decoding=\"async\" class=\"list-img-icon\" alt=\"null\" src=\"https:\/\/www.imer.mx\/lapoderosa\/wp-content\/uploads\/sites\/30\/158049272_2104258743038577_9003656463725394223_n.jpg\"\/><\/div><div class=\"icon_description\" id=\"Info-list-wrap-1135\" style=\"font-size:40px;\"><h3 class=\"ult-responsive info-list-heading\"  data-ultimate-target='#Info-list-wrap-1135 h3'  data-responsive-json-new='{\"font-size\":\"desktop:16px;\",\"line-height\":\"desktop:24px;\"}'  style=\"\">Salud femenina (retransmisi\u00f3n)<\/h3><div class=\"icon_description_text ult-responsive\"  data-ultimate-target='#Info-list-wrap-1135 .icon_description_text'  data-responsive-json-new='{\"font-size\":\"desktop:13px;\",\"line-height\":\"desktop:18px;\"}'  style=\"\"><p><span style=\"color: #000000\"><strong>21:30 a 21:33<\/strong><\/span><\/p>\n<p>El espacio donde la informaci\u00f3n y el bienestar se encuentran. Hablamos de ti, de tu cuerpo, de tu salud integral y del equilibrio que te hace sentir bien cada d\u00eda<\/p>\n<\/div><\/div><div class=\"icon_list_connector\"  style=\"border: none !important;\"><\/div><\/li><li class=\"icon_list_item\" style=\" font-size:120px;\"><div class=\"icon_list_icon\" data-animation=\"pulse\" data-animation-delay=\"03\" style=\"font-size:40px;border-width:1px;border-style:none;background:#ffffff;color:#333333;border-color:#333333;\"><img decoding=\"async\" class=\"list-img-icon\" alt=\"null\" src=\"https:\/\/www.imer.mx\/lapoderosa\/wp-content\/uploads\/sites\/30\/Texto-10-2.png\"\/><\/div><div class=\"icon_description\" id=\"Info-list-wrap-4949\" style=\"font-size:40px;\"><h3 class=\"ult-responsive info-list-heading\"  data-ultimate-target='#Info-list-wrap-4949 h3'  data-responsive-json-new='{\"font-size\":\"desktop:16px;\",\"line-height\":\"desktop:24px;\"}'  style=\"\">El Poder de la M\u00fasica<\/h3><div class=\"icon_description_text ult-responsive\"  data-ultimate-target='#Info-list-wrap-4949 .icon_description_text'  data-responsive-json-new='{\"font-size\":\"desktop:13px;\",\"line-height\":\"desktop:18px;\"}'  style=\"\"><p><span style=\"color: #000000\"><strong>21:33 a 23:00<\/strong><\/span><\/p>\n<p>El Poder de la M\u00fasica, trae para ti los \u00e9xitos que mueven almas, de todos los g\u00e9neros y \u00e9pocas; la fuerza sonora que conecta coraz\u00f3n, ritmo y pasi\u00f3n en cada nota<\/p>\n<\/div><\/div><div class=\"icon_list_connector\"  style=\"border: none !important;\"><\/div><\/li><li class=\"icon_list_item\" style=\" font-size:120px;\"><div class=\"icon_list_icon\" data-animation=\"pulse\" data-animation-delay=\"03\" style=\"font-size:40px;border-width:1px;border-style:none;background:#ffffff;color:#333333;border-color:#333333;\"><img decoding=\"async\" class=\"list-img-icon\" alt=\"null\" src=\"https:\/\/www.imer.mx\/lapoderosa\/wp-content\/uploads\/sites\/30\/la-hora-nacional.png\"\/><\/div><div class=\"icon_description\" id=\"Info-list-wrap-4691\" style=\"font-size:40px;\"><h3 class=\"ult-responsive info-list-heading\"  data-ultimate-target='#Info-list-wrap-4691 h3'  data-responsive-json-new='{\"font-size\":\"desktop:16px;\",\"line-height\":\"desktop:24px;\"}'  style=\"\">La Hora Nacional Federal<\/h3><div class=\"icon_description_text ult-responsive\"  data-ultimate-target='#Info-list-wrap-4691 .icon_description_text'  data-responsive-json-new='{\"font-size\":\"desktop:13px;\",\"line-height\":\"desktop:18px;\"}'  style=\"\"><p><span style=\"color: #000000\"><strong>23:00 a 24:00<\/strong><\/span><\/p>\n<p>La Hora Federal es un programa de radio producido por la Direcci\u00f3n General de Radio, Televisi\u00f3n y Cine de la Secretar\u00eda del Interior de M\u00e9xico<\/p>\n<\/div><\/div><div class=\"icon_list_connector\"  style=\"border: none !important;\"><\/div><\/li><\/ul><\/div>[\/vc_column_inner][\/vc_row_inner][\/vc_tta_section][vc_tta_section title=&#8221;Carta Program\u00e1tica&#8221; tab_id=&#8221;1781730765639-998ff31e-55d1&#8243;][vc_single_image image=&#8221;3827&#8243; img_size=&#8221;large&#8221; alignment=&#8221;center&#8221; css=&#8221;&#8221;][\/vc_tta_section][\/vc_tta_tabs][\/vc_column][\/vc_row]<\/p>\n<\/div>","protected":false},"excerpt":{"rendered":"<p>[vc_row type=&#8221;vc_default&#8221; full_width=&#8221;stretch_row&#8221; parallax=&#8221;content-moving-fade&#8221; parallax_image=&#8221;1587&#8243; parallax_speed_bg=&#8221;2.5&#8243; css=&#8221;.vc_custom_1572543522477{margin-top: -50px !important;border-top-width: -50px !important;padding-top: -50px !important;}&#8221;][vc_column][vc_empty_space height=&#8221;125px&#8221;][vc_custom_heading text=&#8221;Programaci\u00f3n&#8221; font_container=&#8221;tag:h1|font_size:55|text_align:center|color:%230090af&#8221; google_fonts=&#8221;font_family:Anton%3Aregular|font_style:400%20regular%3A400%3Anormal&#8221;][vc_empty_space height=&#8221;20px&#8221;][vc_empty_space height=&#8221;80px&#8221;][\/vc_column][\/vc_row][vc_row type=&#8221;vc_default&#8221; full_width=&#8221;stretch_row&#8221; content_placement=&#8221;middle&#8221; bg_type=&#8221;bg_color&#8221; bg_color_value=&#8221;#ffffff&#8221;][vc_column][vc_tta_tabs style=&#8221;modern&#8221; shape=&#8221;square&#8221; color=&#8221;green&#8221; active_section=&#8221;1&#8243;][vc_tta_section title=&#8221;Lunes&#8221; tab_id=&#8221;lunes&#8221;][vc_row_inner][vc_column_inner][\/vc_column_inner][\/vc_row_inner][\/vc_tta_section][vc_tta_section title=&#8221;Martes&#8221; tab_id=&#8221;1720112621439-320da426-201d&#8221;][vc_row_inner][vc_column_inner][\/vc_column_inner][\/vc_row_inner][\/vc_tta_section][vc_tta_section title=&#8221;Mi\u00e9rcoles&#8221; tab_id=&#8221;1720113664070-ce824307-7552&#8243;][vc_row_inner][vc_column_inner][\/vc_column_inner][\/vc_row_inner][\/vc_tta_section][vc_tta_section title=&#8221;Jueves&#8221; tab_id=&#8221;1720114615966-b033b881-7c5b&#8221;][vc_row_inner][vc_column_inner][\/vc_column_inner][\/vc_row_inner][\/vc_tta_section][vc_tta_section title=&#8221;Viernes&#8221; tab_id=&#8221;1720114957562-f582652a-2e1d&#8221;][vc_row_inner][vc_column_inner][\/vc_column_inner][\/vc_row_inner][\/vc_tta_section][vc_tta_section title=&#8221;S\u00e1bados&#8221; tab_id=&#8221;sabados&#8221;][vc_row_inner][vc_column_inner][\/vc_column_inner][\/vc_row_inner][\/vc_tta_section][vc_tta_section title=&#8221;Domingos&#8221; tab_id=&#8221;1720121931653-619a75b5-01fc&#8221;][vc_row_inner][vc_column_inner][\/vc_column_inner][\/vc_row_inner][\/vc_tta_section][vc_tta_section title=&#8221;Carta Program\u00e1tica&#8221; tab_id=&#8221;1781730765639-998ff31e-55d1&#8243;][vc_single_image image=&#8221;3827&#8243; img_size=&#8221;large&#8221; alignment=&#8221;center&#8221; css=&#8221;&#8221;][\/vc_tta_section][\/vc_tta_tabs][\/vc_column][\/vc_row]<\/p>\n","protected":false},"author":1,"featured_media":0,"parent":0,"menu_order":0,"comment_status":"closed","ping_status":"closed","template":"","meta":{"wp_popup_display_lightbox":0,"wp_popup_suppress":"","wp_popup_trigger":"","wp_popup_trigger_amount":0,"wp_popup_disable_on_mobile":false,"footnotes":""},"class_list":["post-423","page","type-page","status-publish","hentry","description-off"],"_links":{"self":[{"href":"https:\/\/www.imer.mx\/lapoderosa\/wp-json\/wp\/v2\/pages\/423","targetHints":{"allow":["GET"]}}],"collection":[{"href":"https:\/\/www.imer.mx\/lapoderosa\/wp-json\/wp\/v2\/pages"}],"about":[{"href":"https:\/\/www.imer.mx\/lapoderosa\/wp-json\/wp\/v2\/types\/page"}],"author":[{"embeddable":true,"href":"https:\/\/www.imer.mx\/lapoderosa\/wp-json\/wp\/v2\/users\/1"}],"replies":[{"embeddable":true,"href":"https:\/\/www.imer.mx\/lapoderosa\/wp-json\/wp\/v2\/comments?post=423"}],"version-history":[{"count":3,"href":"https:\/\/www.imer.mx\/lapoderosa\/wp-json\/wp\/v2\/pages\/423\/revisions"}],"predecessor-version":[{"id":3828,"href":"https:\/\/www.imer.mx\/lapoderosa\/wp-json\/wp\/v2\/pages\/423\/revisions\/3828"}],"wp:attachment":[{"href":"https:\/\/www.imer.mx\/lapoderosa\/wp-json\/wp\/v2\/media?parent=423"}],"curies":[{"name":"wp","href":"https:\/\/api.w.org\/{rel}","templated":true}]}}