{"id":690,"date":"2016-04-01T12:08:30","date_gmt":"2016-04-01T18:08:30","guid":{"rendered":"http:\/\/www.imer.mx\/lafq\/?page_id=690"},"modified":"2016-10-11T02:59:54","modified_gmt":"2016-10-11T07:59:54","slug":"galerias","status":"publish","type":"page","link":"https:\/\/www.imer.mx\/lafq\/galerias\/","title":{"rendered":"Galer\u00edas"},"content":{"rendered":"<h3>Visite las galer\u00edas de im\u00e1genes de &#8220;La FQ&#8221;<\/h3>\n\n<!-- Page-list plugin v.5.9 wordpress.org\/plugins\/page-list\/ -->\n<div class=\"page-list page-list-ext \">\n<div class=\"page-list-ext-item\"><div class=\"page-list-ext-image\"><a href=\"https:\/\/www.imer.mx\/lafq\/galerias\/78-aniversario\/\" title=\"78 Aniversario\"><img decoding=\"async\" src=\"https:\/\/www.imer.mx\/lafq\/wp-content\/uploads\/sites\/26\/fq_gal_78aniv_01.jpg\" width=\"220\" alt=\"78 Aniversario\" \/><\/a><\/div> <h3 class=\"page-list-ext-title\"><a href=\"https:\/\/www.imer.mx\/lafq\/galerias\/78-aniversario\/\" title=\"78 Aniversario\">78 Aniversario<\/a><\/h3><div class=\"page-list-ext-item-content\"><\/div><\/div>\n<div class=\"page-list-ext-item\"><div class=\"page-list-ext-image\"><a href=\"https:\/\/www.imer.mx\/lafq\/galerias\/fotos-de-la-fq\/\" title=\"Fotos de la FQ\"><img decoding=\"async\" src=\"https:\/\/www.imer.mx\/lafq\/wp-content\/uploads\/sites\/26\/fq_gal_emisora_16.jpg\" width=\"220\" alt=\"Fotos de la FQ\" \/><\/a><\/div> <h3 class=\"page-list-ext-title\"><a href=\"https:\/\/www.imer.mx\/lafq\/galerias\/fotos-de-la-fq\/\" title=\"Fotos de la FQ\">Fotos de la FQ<\/a><\/h3><div class=\"page-list-ext-item-content\"><\/div><\/div>\n<div class=\"page-list-ext-item\"><div class=\"page-list-ext-image\"><a href=\"https:\/\/www.imer.mx\/lafq\/galerias\/museo-de-la-lucha-obrera\/\" title=\"Museo de la Lucha Obrera\"><img decoding=\"async\" src=\"https:\/\/www.imer.mx\/lafq\/wp-content\/uploads\/sites\/26\/fq_gal_museo_lucha_obrera_01.jpg\" width=\"220\" alt=\"Museo de la Lucha Obrera\" \/><\/a><\/div> <h3 class=\"page-list-ext-title\"><a href=\"https:\/\/www.imer.mx\/lafq\/galerias\/museo-de-la-lucha-obrera\/\" title=\"Museo de la Lucha Obrera\">Museo de la Lucha Obrera<\/a><\/h3><div class=\"page-list-ext-item-content\"><\/div><\/div>\n<div class=\"page-list-ext-item\"><div class=\"page-list-ext-image\"><a href=\"https:\/\/www.imer.mx\/lafq\/galerias\/cananea\/\" title=\"Cananea\"><img decoding=\"async\" src=\"https:\/\/www.imer.mx\/lafq\/wp-content\/uploads\/sites\/26\/fq_gal_cananea_01.jpg\" width=\"220\" alt=\"Cananea\" \/><\/a><\/div> <h3 class=\"page-list-ext-title\"><a href=\"https:\/\/www.imer.mx\/lafq\/galerias\/cananea\/\" title=\"Cananea\">Cananea<\/a><\/h3><div class=\"page-list-ext-item-content\"><\/div><\/div>\n\n<\/div>\n<p>&nbsp;<\/p>\n<hr \/>\n<h2 style=\"text-align: center\">Galer\u00eda de Facebook<\/h2>\n<h5 style=\"text-align: center\"><a href=\"https:\/\/www.facebook.com\/LaXEFQ\/photos\">VER GALERIA<\/a><\/h5>\n<p><a href=\"https:\/\/www.facebook.com\/LaXEFQ\/photos\/\"><img loading=\"lazy\" decoding=\"async\" class=\"aligncenter size-full wp-image-863\" src=\"https:\/\/www.imer.mx\/lafq\/wp-content\/uploads\/sites\/26\/FACEBOOK-PHOTOS.jpg\" alt=\"facebook-photos\" width=\"904\" height=\"678\" srcset=\"https:\/\/www.imer.mx\/lafq\/wp-content\/uploads\/sites\/26\/FACEBOOK-PHOTOS.jpg 904w, https:\/\/www.imer.mx\/lafq\/wp-content\/uploads\/sites\/26\/FACEBOOK-PHOTOS-300x225.jpg 300w, https:\/\/www.imer.mx\/lafq\/wp-content\/uploads\/sites\/26\/FACEBOOK-PHOTOS-768x576.jpg 768w\" sizes=\"auto, (max-width: 904px) 100vw, 904px\" \/><\/a><\/p>\n<p style=\"text-align: center\">\n","protected":false},"excerpt":{"rendered":"<p>Visite las galer\u00edas de im\u00e1genes de &#8220;La FQ&#8221; &nbsp; Galer\u00eda de Facebook VER GALERIA<\/p>\n","protected":false},"author":1,"featured_media":0,"parent":0,"menu_order":0,"comment_status":"closed","ping_status":"closed","template":"","meta":{"wp_popup_display_lightbox":0,"wp_popup_suppress":"","wp_popup_trigger":"","wp_popup_trigger_amount":0,"wp_popup_disable_on_mobile":false,"footnotes":""},"class_list":["post-690","page","type-page","status-publish","hentry","description-off"],"_links":{"self":[{"href":"https:\/\/www.imer.mx\/lafq\/wp-json\/wp\/v2\/pages\/690","targetHints":{"allow":["GET"]}}],"collection":[{"href":"https:\/\/www.imer.mx\/lafq\/wp-json\/wp\/v2\/pages"}],"about":[{"href":"https:\/\/www.imer.mx\/lafq\/wp-json\/wp\/v2\/types\/page"}],"author":[{"embeddable":true,"href":"https:\/\/www.imer.mx\/lafq\/wp-json\/wp\/v2\/users\/1"}],"replies":[{"embeddable":true,"href":"https:\/\/www.imer.mx\/lafq\/wp-json\/wp\/v2\/comments?post=690"}],"version-history":[{"count":0,"href":"https:\/\/www.imer.mx\/lafq\/wp-json\/wp\/v2\/pages\/690\/revisions"}],"wp:attachment":[{"href":"https:\/\/www.imer.mx\/lafq\/wp-json\/wp\/v2\/media?parent=690"}],"curies":[{"name":"wp","href":"https:\/\/api.w.org\/{rel}","templated":true}]}}