{"id":25026,"date":"2026-08-10T16:28:13","date_gmt":"2026-08-10T22:28:13","guid":{"rendered":"https:\/\/www.imer.mx\/flir\/?page_id=25026"},"modified":"2026-08-17T11:25:07","modified_gmt":"2026-08-17T17:25:07","slug":"lobby","status":"publish","type":"page","link":"https:\/\/www.imer.mx\/flir\/lobby\/","title":{"rendered":"Lobby"},"content":{"rendered":"<div class=\"wpb-content-wrapper\" id=\"wpb-content-root\"><p>[vc_row type=&#8221;vc_default&#8221; css=&#8221;.vc_custom_1786481016787{margin-top: -70px !important;}&#8221;][vc_column][vc_single_image image=&#8221;25089&#8243; img_size=&#8221;full&#8221; alignment=&#8221;center&#8221; css=&#8221;&#8221;][\/vc_column][\/vc_row][vc_row type=&#8221;vc_default&#8221;][vc_column][vc_custom_heading source=&#8221;post_title&#8221; google_fonts=&#8221;font_family:Archivo%20Narrow%3Aregular%2Citalic%2C700%2C700italic|font_style:700%20bold%20regular%3A700%3Anormal&#8221; css=&#8221;&#8221;][vc_separator style=&#8221;dotted&#8221; border_width=&#8221;4&#8243; css=&#8221;&#8221;][vc_empty_space height=&#8221;16px&#8221;][\/vc_column][\/vc_row][vc_row][vc_column][vc_tour interval=&#8221;0&#8243; title_size=&#8221;h4&#8243; style=&#8221;tab-style-two&#8221;][vc_tab title=&#8221;Jueves 20&#8243; tab_id=&#8221;bad15058-4bc8-8&#8243;]<div class=\"standard-arrow list-divider bullet-top\"><ul>\n<li><span style=\"color: #000000;\"><strong>#SomosCulturaParaLlevar UNAM<\/strong><\/span><br \/>\n<span style=\"color: #7a7a7a;\"><strong>11:30 hrs.<br \/>\n<\/strong><\/span>Sesi\u00f3n de escucha con producciones destacadas de Descarga Cultura UNAM, descubre contenido en audio y video para disfrutar de forma gratuita y desde cualquier lugar.<\/li>\n<li><span style=\"color: #000000;\"><strong>Loter\u00eda Jarocha<\/strong><\/span><br \/>\n<span style=\"color: #7a7a7a;\"><strong>12:30 hrs.<br \/>\n<\/strong><\/span>Espect\u00e1culo familiar interactivo dise\u00f1ado para reencontrarse con el Son Jarocho a trav\u00e9s de la m\u00fasica, el canto, la gr\u00e1fica de la loter\u00eda y los juegos tradicionales.<\/li>\n<li><span style=\"color: #000000;\"><strong>Presentaci\u00f3n del libro: Solo de Jazz<\/strong><\/span><br \/>\n<span style=\"color: #7a7a7a;\"><strong>13:30 hrs.<br \/>\n<\/strong><\/span>Marcela Campos presenta su poemario, ilustrado por Jazzamoart, sobre la historia y presencia del jazz en M\u00e9xico, acompa\u00f1ado por intervenciones musicales de Alain Derbez y Manuel Viterbo.<\/li>\n<li><span style=\"color: #000000;\"><strong>Presentaci\u00f3n del libro: Feminist Metal Music<\/strong><\/span><br \/>\n<span style=\"color: #7a7a7a;\"><strong>14:00 hrs.<\/strong><\/span><br \/>\n<strong>Susana Gonz\u00e1lez Mart\u00ednez<\/strong> analiza las pr\u00e1cticas feministas en el metal underground y su dimensi\u00f3n art\u00edstica, social, pedag\u00f3gica y comunitaria. Comentarios de <strong>Maby Mu\u00f1oz<\/strong> y <strong>Erika Salas<\/strong>.<\/li>\n<li><span style=\"color: #000000;\"><strong>Presentaci\u00f3n del libro: El jazz te muerde una oreja y te la arranca para siempre<\/strong><\/span><br \/>\n<span style=\"color: #7a7a7a;\"><strong>15:00 Hrs.<\/strong><\/span><br \/>\n<strong>Estefan\u00eda Romero<\/strong> presenta una obra de cr\u00edtica musical que re\u00fane entrevistas, an\u00e1lisis y memorias period\u00edsticas sobre destacadas figuras del jazz. <strong>Participan:<\/strong> Salvador Bonilla, Eduardo Huch\u00edn Sosa y la autora, Estefan\u00eda Romero.<\/li>\n<li><span style=\"color: #000000;\"><strong>Presentaci\u00f3n del libro: Yo soy la cumbia<\/strong><\/span><br \/>\n<span style=\"color: #7a7a7a;\"><strong>16:00 Hrs.<\/strong><\/span><br \/>\nRecorrido por la evoluci\u00f3n hist\u00f3rica y social de la cumbia, a trav\u00e9s de las voces y experiencias de artistas que han enriquecido el g\u00e9nero con diversas influencias musicales. <strong>Participan:<\/strong> Mayerli Beltr\u00e1n, la Musa Mayor (Marisol Mendoza) y Mam\u00e1 Duende (Elfega G\u00f3mez).<\/li>\n<li><span style=\"color: #000000;\"><strong>Presentaci\u00f3n del libro: Sobrevivir para la m\u00fasica<\/strong><\/span><br \/>\n<span style=\"color: #7a7a7a;\"><strong>17:00 Hrs.<\/strong><\/span><br \/>\n<strong>Vivir Quintana<\/strong> comparte su historia de vida y proceso creativo a trav\u00e9s de diarios, canciones, fotograf\u00edas y recuerdos reunidos en esta autobiograf\u00eda. Con <strong>Gabriela Roch\u00edn<\/strong> y <strong>Olivia Zer\u00f3n<\/strong>.<\/li>\n<li><span style=\"color: #000000;\"><strong>Concierto: Coro La Coraza<\/strong><\/span><br \/>\n<span style=\"color: #7a7a7a;\"><strong>18:00 Hrs.<\/strong><\/span><br \/>\nMuestra polif\u00f3nica vocal a cargo del Coro La Coraza interpretando adaptaciones del repertorio tradicional y popular. <strong>Direcci\u00f3n:<\/strong> Mar\u00eda Emilia Mart\u00ednez.<\/li>\n<\/ul>\n<\/div>[vc_column_text]<em>Programaci\u00f3n sujeta a cambios.<\/em>[\/vc_column_text][\/vc_tab][vc_tab title=&#8221;Viernes 21&#8243; tab_id=&#8221;668839c6-4a1d-6&#8243;]<div class=\"standard-arrow list-divider bullet-top\"><ul>\n<li><span style=\"color: #000000;\"><strong>Cr\u00f3nicas amorosas y otras ficciones<\/strong><\/span><br \/>\n<span style=\"color: #7a7a7a;\"><strong>10:00 hrs.<br \/>\n<\/strong><\/span>Relatos de Luz Mar\u00eda Marv\u00e1n y Salvador Zamora le\u00eddos por 19 voces de personas mayores promotoras de lectura. <strong>Participan:<\/strong> Gloria Canedo Castro, Catalina Guti\u00e9rrez L\u00f3pez, Rafa\u00e9l Avinadab L\u00f3pez L\u00f3pez, Susana Marv\u00e1n, Elizabeth \u00c1lvarez Jos\u00e9.<span style=\"color: #7a7a7a;\"><strong><br \/>\n<\/strong><\/span><\/li>\n<li><span style=\"color: #000000;\"><strong>Cuentacuentos: Medardo Maza<\/strong><\/span><br \/>\n<span style=\"color: #7a7a7a;\"><strong>11:00 hrs.<br \/>\n<\/strong><\/span>Narraci\u00f3n oral de La Epopeya de Gilgamesh, antiguo poema sumerio que relata las aventuras del legendario rey de Uruk y su b\u00fasqueda de la inmortalidad.<span style=\"color: #7a7a7a;\"><strong><br \/>\n<\/strong><\/span><\/li>\n<li><span style=\"color: #000000;\"><strong>Radioteatro: Canasta de cuentos mexicanos<\/strong><\/span><br \/>\n<span style=\"color: #7a7a7a;\"><strong><span style=\"color: #7a7a7a;\">11:30 hrs.<\/span><br \/>\n<\/strong><\/span>Lectura dramatizada de los cuentos &#8220;Canastitas en serie&#8221; y &#8220;Soluci\u00f3n inesperada&#8221; del autor <strong>Bruno Traven<\/strong>, acompa\u00f1ada de foley y efectos sonoros en vivo, que recrea una mirada cr\u00edtica a la vida en el M\u00e9xico del siglo XX.<span style=\"color: #7a7a7a;\"><strong><br \/>\n<\/strong><\/span><\/li>\n<li><span style=\"color: #000000;\"><strong>Sesi\u00f3n de Escucha: La literatura en la Salsa<\/strong><\/span><br \/>\n<span style=\"color: #7a7a7a;\"><strong>12:30 hrs.<\/strong><\/span><br \/>\nSesi\u00f3n impartida por el soci\u00f3logo <strong>Sergio Verdugo Narv\u00e1ez<\/strong> para analizar 4 piezas de salsa vinculadas a la literatura, invitando a los asistentes a redactar an\u00e9cdotas basadas en la audici\u00f3n.<\/li>\n<li><span style=\"color: #000000;\"><strong>Presentaci\u00f3n del libro: Nuestras resistencias<\/strong><\/span><br \/>\n<span style=\"color: #7a7a7a;\"><strong>13:30 Hrs.<\/strong><\/span><br \/>\nAntolog\u00eda de autoras contempor\u00e1neas que celebra la diversidad de voces y la escritura como herramienta de resistencia, a trav\u00e9s de relatos, ensayos y experiencias personales.<\/li>\n<li><span style=\"color: #000000;\"><strong>Conversatorio: La sonoridad de las lenguas originarias en la poes\u00eda<\/strong><\/span><br \/>\n<span style=\"color: #7a7a7a;\"><strong>14:30 Hrs.<\/strong><\/span><br \/>\n<span style=\"font-weight: 400;\">Di\u00e1logo y lectura po\u00e9tica dedicados a explorar la fon\u00e9tica, m\u00e9trica y preservaci\u00f3n de obras escritas en lenguas originarias (mixteco, mazahua, zapoteco). <strong>Participan:<\/strong> H\u00e9ctor Mart\u00ednez, Susana Bautista.<\/span><\/li>\n<li><span style=\"color: #000000;\"><strong>Recital po\u00e9tico: Ensamble La Fiera Borrasca<\/strong><\/span><br \/>\n<span style=\"color: #7a7a7a;\"><strong>16:00 Hrs.<\/strong><\/span><br \/>\nLa cantautora Leticia Serv\u00edn interpreta versos y sonetos de Sor Juana In\u00e9s de la Cruz musicalizados con g\u00e9neros del folclor mexicano, acompa\u00f1ada de contrabajo, jarana, ocarinas y voces. <strong>Participan:<\/strong> Leticia Serv\u00edn, Elo Vit, Pilar S\u00e1nchez, Alejandro Mart\u00ednez.<\/li>\n<li><span style=\"color: #000000;\"><strong>Presentaci\u00f3n del libro <em>Casa de las mun\u0303ecas<\/em><\/strong><\/span><br \/>\n<strong><span style=\"color: #7a7a7a;\">17:00 Hrs.<\/span><\/strong><br \/>\nKenia Cuevas presenta su autobiograf\u00eda, un testimonio de resistencia y lucha por los derechos humanos frente a la violencia, discriminaci\u00f3n y exclusi\u00f3n, as\u00ed como de la construcci\u00f3n de espacios seguros.<\/li>\n<li><span style=\"color: #000000;\"><strong>Concierto de Cierre: Ensamble Cascabel<\/strong><\/span><br \/>\n<span style=\"color: #7a7a7a;\"><strong>18:00 Hrs.<\/strong><\/span><br \/>\nFandango veracruzano para celebrar el cierre de la feria, con m\u00fasica, zapateado en tarima, arpa, jaranas y leona, en una celebraci\u00f3n de las ra\u00edces del son jarocho.<\/li>\n<\/ul>\n<\/div>[vc_column_text]<em>Programaci\u00f3n sujeta a cambios.<\/em>[\/vc_column_text][\/vc_tab][\/vc_tour][\/vc_column][\/vc_row]<\/p>\n<\/div>","protected":false},"excerpt":{"rendered":"<p>[vc_row type=&#8221;vc_default&#8221; css=&#8221;.vc_custom_1786481016787{margin-top: -70px !important;}&#8221;][vc_column][vc_single_image image=&#8221;25089&#8243; img_size=&#8221;full&#8221; alignment=&#8221;center&#8221; css=&#8221;&#8221;][\/vc_column][\/vc_row][vc_row type=&#8221;vc_default&#8221;][vc_column][vc_custom_heading source=&#8221;post_title&#8221; google_fonts=&#8221;font_family:Archivo%20Narrow%3Aregular%2Citalic%2C700%2C700italic|font_style:700%20bold%20regular%3A700%3Anormal&#8221; css=&#8221;&#8221;][vc_separator style=&#8221;dotted&#8221; border_width=&#8221;4&#8243; css=&#8221;&#8221;][vc_empty_space height=&#8221;16px&#8221;][\/vc_column][\/vc_row][vc_row][vc_column][vc_tour interval=&#8221;0&#8243; title_size=&#8221;h4&#8243; style=&#8221;tab-style-two&#8221;][vc_tab title=&#8221;Jueves 20&#8243; tab_id=&#8221;bad15058-4bc8-8&#8243;][vc_column_text]Programaci\u00f3n sujeta a cambios.[\/vc_column_text][\/vc_tab][vc_tab title=&#8221;Viernes 21&#8243; tab_id=&#8221;668839c6-4a1d-6&#8243;][vc_column_text]Programaci\u00f3n sujeta a cambios.[\/vc_column_text][\/vc_tab][\/vc_tour][\/vc_column][\/vc_row]<\/p>\n","protected":false},"author":1,"featured_media":0,"parent":0,"menu_order":0,"comment_status":"closed","ping_status":"closed","template":"","meta":{"wp_popup_display_lightbox":0,"wp_popup_suppress":"","wp_popup_trigger":"","wp_popup_trigger_amount":0,"wp_popup_disable_on_mobile":false,"footnotes":""},"class_list":["post-25026","page","type-page","status-publish","hentry","description-off"],"_links":{"self":[{"href":"https:\/\/www.imer.mx\/flir\/wp-json\/wp\/v2\/pages\/25026","targetHints":{"allow":["GET"]}}],"collection":[{"href":"https:\/\/www.imer.mx\/flir\/wp-json\/wp\/v2\/pages"}],"about":[{"href":"https:\/\/www.imer.mx\/flir\/wp-json\/wp\/v2\/types\/page"}],"author":[{"embeddable":true,"href":"https:\/\/www.imer.mx\/flir\/wp-json\/wp\/v2\/users\/1"}],"replies":[{"embeddable":true,"href":"https:\/\/www.imer.mx\/flir\/wp-json\/wp\/v2\/comments?post=25026"}],"version-history":[{"count":2,"href":"https:\/\/www.imer.mx\/flir\/wp-json\/wp\/v2\/pages\/25026\/revisions"}],"predecessor-version":[{"id":25137,"href":"https:\/\/www.imer.mx\/flir\/wp-json\/wp\/v2\/pages\/25026\/revisions\/25137"}],"wp:attachment":[{"href":"https:\/\/www.imer.mx\/flir\/wp-json\/wp\/v2\/media?parent=25026"}],"curies":[{"name":"wp","href":"https:\/\/api.w.org\/{rel}","templated":true}]}}